{"id":8846,"date":"2022-05-04T11:14:41","date_gmt":"2022-05-04T16:14:41","guid":{"rendered":"https:\/\/www.dallassymphony.org\/?page_id=8846"},"modified":"2026-03-26T11:35:43","modified_gmt":"2026-03-26T16:35:43","slug":"childrenschorus","status":"publish","type":"page","link":"https:\/\/www.dallassymphony.org\/es\/community-education\/dso-music-programs\/childrenschorus\/","title":{"rendered":"Coro Infantil de la Sinf\u00f3nica de Dallas"},"content":{"rendered":"<div\n\tclass=\"subpage__hero bg-black\">\n\n\t<div class=\"img__wrapper d-none d-lg-block\" style=\"background: url(https:\/\/www.dallassymphony.org\/wp-content\/uploads\/2026\/03\/dso-12.2.2023-110-scaled.jpg) top right\/cover no-repeat\"><\/div>\n\n\n\t<div class=\"content__wrapper\">\n\n\t\t<ul class=\"breadcrumbs text-white\">\n\t\t\t<ul class=\"breadcrumbs\">\n    \t<li class=\"breadcrumb__link\">\n\t\t<a class=\"a-hover\" href=\"https:\/\/www.dallassymphony.org\/es\/\">Inicio<\/a>\n\t<\/li>\n    \t<li class=\"breadcrumb__link a-styles\">\n\t\t<a class=\"a-hover\" href=\"https:\/\/www.dallassymphony.org\/es\/community-education\/\">Educaci\u00f3n y Comunidad<\/a>\n\t<\/li>\n    \t<li class=\"breadcrumb__link a-styles\">\n\t\t<a class=\"a-hover\" href=\"https:\/\/www.dallassymphony.org\/es\/community-education\/dso-music-programs\/\">Formaci\u00f3n de m\u00fasicos<\/a>\n\t<\/li>\n    <\/ul>\n\t\t<\/ul>\n\n\t\t<h1 class=\"text-white\">Coro Infantil de la Sinf\u00f3nica de Dallas<\/h1>\n\n\t\t<img loading=\"lazy\" decoding=\"async\" width=\"2560\" height=\"1707\" src=\"https:\/\/www.dallassymphony.org\/wp-content\/uploads\/2026\/03\/dso-12.2.2023-110-scaled.jpg\" class=\"d-block d-lg-none w-100\" alt=\"\" srcset=\"https:\/\/www.dallassymphony.org\/wp-content\/uploads\/2026\/03\/dso-12.2.2023-110-scaled.jpg 2560w, https:\/\/www.dallassymphony.org\/wp-content\/uploads\/2026\/03\/dso-12.2.2023-110-300x200.jpg 300w, https:\/\/www.dallassymphony.org\/wp-content\/uploads\/2026\/03\/dso-12.2.2023-110-1024x683.jpg 1024w, https:\/\/www.dallassymphony.org\/wp-content\/uploads\/2026\/03\/dso-12.2.2023-110-768x512.jpg 768w, https:\/\/www.dallassymphony.org\/wp-content\/uploads\/2026\/03\/dso-12.2.2023-110-1536x1024.jpg 1536w, https:\/\/www.dallassymphony.org\/wp-content\/uploads\/2026\/03\/dso-12.2.2023-110-2048x1365.jpg 2048w, https:\/\/www.dallassymphony.org\/wp-content\/uploads\/2026\/03\/dso-12.2.2023-110-18x12.jpg 18w, https:\/\/www.dallassymphony.org\/wp-content\/uploads\/2026\/03\/dso-12.2.2023-110-309x206.jpg 309w, https:\/\/www.dallassymphony.org\/wp-content\/uploads\/2026\/03\/dso-12.2.2023-110-350x234.jpg 350w, https:\/\/www.dallassymphony.org\/wp-content\/uploads\/2026\/03\/dso-12.2.2023-110-540x360.jpg 540w\" sizes=\"auto, (max-width: 2560px) 100vw, 2560px\" \/>\n\t\t<div class=\"text-blue-3 sans__reg-18\"><p>El Dallas Symphony Children's Chorus se basa en la rica historia y pr\u00e1ctica del canto coral establecida en la regi\u00f3n del Gran Dallas, incluyendo el Dallas Symphony Chorus a trav\u00e9s de sus m\u00e1s de cuarenta a\u00f1os de servicio. El DSCC ofrece un plan de estudios coral de varios niveles para ni\u00f1os y j\u00f3venes de 4 a 12 a\u00f1os, con un \u00e9nfasis continuo en la excelencia art\u00edstica y la representaci\u00f3n de las diversas comunidades de Dallas.<\/p>\n<\/div>\n\n                <a href=\"\" class=\"a-hover text-white\"><\/a>\n        \t<\/div>\n<\/div>\n\n<div class=\"richtext m-spacer\">\n\t<div class=\"container\">\n\t\t<div class=\"row\">\n\t\t\t<div class=\"col-10\">\n\t\t\t\t\n\n<p>\u00a1Bienvenidos al Coro Infantil de la Sinf\u00f3nica de Dallas!<\/p>\n\n\n\n<p>Si te gusta cantar y sue\u00f1as con colaborar con una orquesta de talla mundial, \u00a1este es tu sitio! En el DSCC, nuestro objetivo es inculcar el amor por la m\u00fasica, crear confianza, fomentar el trabajo en equipo a trav\u00e9s de la experiencia pr\u00e1ctica y mejorar las habilidades de lectura musical y la t\u00e9cnica de canto. Con la visi\u00f3n de crear armon\u00eda con otros cantantes apasionados y talentosos a una edad temprana, los cantantes de la DSCC encontrar\u00e1n alegr\u00eda para toda la vida al alcanzar la excelencia y convertirse en personas compasivas y emp\u00e1ticas, \u00a1todo ello mientras se divierten!<\/p>\n\n\n\n<p>~ Ellie Lin<br>Director art\u00edstico<\/p>\n\n\n\n<div class=\"wp-block-columns is-layout-flex wp-container-core-columns-is-layout-9d6595d7 wp-block-columns-is-layout-flex\">\n<div class=\"wp-block-column is-vertically-aligned-center is-layout-flow wp-block-column-is-layout-flow\" style=\"flex-basis:30%\">\n<figure class=\"wp-block-image size-medium\"><img decoding=\"async\" src=\"https:\/\/www.dallassymphony.org\/wp-content\/uploads\/2022\/06\/DSO-Childrens-Chorus-Logo-300x232.jpg\" alt=\"\" class=\"wp-image-9163\"\/><\/figure>\n<\/div>\n\n\n\n<div class=\"wp-block-column is-vertically-aligned-center is-layout-flow wp-block-column-is-layout-flow\" style=\"flex-basis:80%\"><\/div>\n<\/div>\n\n\n<div class=\"dso__accordion m-spacer\">\n    <div class=\"container\">\n        <div class=\"row\">\n            <div class=\"col-lg-12\">\n                <div class=\"accordion__intro-wrapper\">\n                    <h1>Programa por niveles<\/h1>\n                    <p><\/p>\n                <\/div>\n            <\/div>\n        <\/div>\n\t\t<div class=\"row\">\n\t\t\t<div class=\"col-md-10 offset-md-1\">\n\t\t\t\t<div class=\"accordion\" id=\"accordion-d41d8cd98f00b204e9800998ecf8427e\">\n\t\t\t\t\t<div class=\"card\">\n\t<button id=\"heading29c3b98329b081e8d257420643b07427\" class=\"dso__accordion-toggle\" type=\"button\" data-toggle=\"collapse\" data-target=\"#collapse29c3b98329b081e8d257420643b07427\" aria-expanded=\"false\" aria-controls=\"collapse29c3b98329b081e8d257420643b07427\">\n\t\tCoro de entrenamiento\t\t<span class=\"plus-sign\">\n            <svg xmlns=\"http:\/\/www.w3.org\/2000\/svg\" width=\"25\" height=\"25\" viewbox=\"0 0 25 25\">\n                <g transform=\"translate(211.054 -145.186) rotate(135)\"><rect width=\"25\" height=\"3\" transform=\"translate(242.001 36.678) rotate(-45)\"\/><rect width=\"25\" height=\"3\" transform=\"translate(244.12 19) rotate(45)\"\/><\/g>\n            <\/svg>\n        <\/span>\n\t<\/button>\n\n\t<div id=\"collapse29c3b98329b081e8d257420643b07427\" class=\"collapse\" aria-labelledby=\"heading29c3b98329b081e8d257420643b07427\" data-parent=\"#accordion-d41d8cd98f00b204e9800998ecf8427e\">\n\t\t<div class=\"card-body\">\n\t\t\t<p>El coro de formaci\u00f3n ense\u00f1a a los alumnos los fundamentos del canto y el aprendizaje de la m\u00fasica, y est\u00e1 dirigido por la directora Brittany Haywood y la directora art\u00edstica Ellie Lin. El coro de formaci\u00f3n se re\u00fane los lunes por la tarde, de 6:00 a 7:00.<\/p>\n\t\t<\/div>\n\t<\/div>\n<\/div><div class=\"card\">\n\t<button id=\"headinge1b974626bb97aae8c9ffe5dfe1185ea\" class=\"dso__accordion-toggle\" type=\"button\" data-toggle=\"collapse\" data-target=\"#collapsee1b974626bb97aae8c9ffe5dfe1185ea\" aria-expanded=\"false\" aria-controls=\"collapsee1b974626bb97aae8c9ffe5dfe1185ea\">\n\t\tVoces sinf\u00f3nicas\t\t<span class=\"plus-sign\">\n            <svg xmlns=\"http:\/\/www.w3.org\/2000\/svg\" width=\"25\" height=\"25\" viewbox=\"0 0 25 25\">\n                <g transform=\"translate(211.054 -145.186) rotate(135)\"><rect width=\"25\" height=\"3\" transform=\"translate(242.001 36.678) rotate(-45)\"\/><rect width=\"25\" height=\"3\" transform=\"translate(244.12 19) rotate(45)\"\/><\/g>\n            <\/svg>\n        <\/span>\n\t<\/button>\n\n\t<div id=\"collapsee1b974626bb97aae8c9ffe5dfe1185ea\" class=\"collapse\" aria-labelledby=\"headinge1b974626bb97aae8c9ffe5dfe1185ea\" data-parent=\"#accordion-d41d8cd98f00b204e9800998ecf8427e\">\n\t\t<div class=\"card-body\">\n\t\t\t<p>Symphonic Voices es el coro infantil m\u00e1s importante del DSCC, que act\u00faa regularmente con la Orquesta Sinf\u00f3nica de Dallas. Symphonic Voices se re\u00fane los lunes por la noche, de 7:00 a 8:45 p. m., y est\u00e1 dirigido por la directora art\u00edstica Ellie Lin y el director asistente Hans Grim.<\/p>\n\t\t<\/div>\n\t<\/div>\n<\/div><div class=\"card\">\n\t<button id=\"heading9071da86bbbe8071599cd8c958bd3ca4\" class=\"dso__accordion-toggle\" type=\"button\" data-toggle=\"collapse\" data-target=\"#collapse9071da86bbbe8071599cd8c958bd3ca4\" aria-expanded=\"false\" aria-controls=\"collapse9071da86bbbe8071599cd8c958bd3ca4\">\n\t\tConjunto mixto\t\t<span class=\"plus-sign\">\n            <svg xmlns=\"http:\/\/www.w3.org\/2000\/svg\" width=\"25\" height=\"25\" viewbox=\"0 0 25 25\">\n                <g transform=\"translate(211.054 -145.186) rotate(135)\"><rect width=\"25\" height=\"3\" transform=\"translate(242.001 36.678) rotate(-45)\"\/><rect width=\"25\" height=\"3\" transform=\"translate(244.12 19) rotate(45)\"\/><\/g>\n            <\/svg>\n        <\/span>\n\t<\/button>\n\n\t<div id=\"collapse9071da86bbbe8071599cd8c958bd3ca4\" class=\"collapse\" aria-labelledby=\"heading9071da86bbbe8071599cd8c958bd3ca4\" data-parent=\"#accordion-d41d8cd98f00b204e9800998ecf8427e\">\n\t\t<div class=\"card-body\">\n\t\t\t<p>El Conjunto Mixto es un conjunto SATB (soprano, alto, tenor y bajo) de secundaria dirigido por el director V\u00edctor Johnson y el subdirector Cory Curvin. El Conjunto Mixto se re\u00fane los lunes por la noche de 7:00 a 9:00 p. m.<\/p>\n\t\t<\/div>\n\t<\/div>\n<\/div>\t\t\t\t<\/div>\n\t\t\t<\/div>\n\t\t<\/div>\n\t<\/div>\n<\/div>\n\n\n\n<h1 class=\"wp-block-heading\" id=\"auditions\">Audiciones<\/h1>\n\n\n\n<div class=\"wp-block-columns is-layout-flex wp-container-core-columns-is-layout-9d6595d7 wp-block-columns-is-layout-flex\">\n<div class=\"wp-block-column is-layout-flow wp-block-column-is-layout-flow\">\n<figure class=\"wp-block-image size-full is-resized\"><img loading=\"lazy\" decoding=\"async\" width=\"1920\" height=\"2560\" src=\"https:\/\/www.dallassymphony.org\/wp-content\/uploads\/2026\/03\/2026-DSCC-Audition-Flyer-scaled.jpg\" alt=\"\u00danete al Coro Infantil de la Sinf\u00f3nica de Dallas para las audiciones de la temporada 2026-27\" class=\"wp-image-30985\" style=\"aspect-ratio:0.7500054153579552;width:382px;height:auto\" srcset=\"https:\/\/www.dallassymphony.org\/wp-content\/uploads\/2026\/03\/2026-DSCC-Audition-Flyer-scaled.jpg 1920w, https:\/\/www.dallassymphony.org\/wp-content\/uploads\/2026\/03\/2026-DSCC-Audition-Flyer-225x300.jpg 225w, https:\/\/www.dallassymphony.org\/wp-content\/uploads\/2026\/03\/2026-DSCC-Audition-Flyer-768x1024.jpg 768w, https:\/\/www.dallassymphony.org\/wp-content\/uploads\/2026\/03\/2026-DSCC-Audition-Flyer-1152x1536.jpg 1152w, https:\/\/www.dallassymphony.org\/wp-content\/uploads\/2026\/03\/2026-DSCC-Audition-Flyer-1536x2048.jpg 1536w, https:\/\/www.dallassymphony.org\/wp-content\/uploads\/2026\/03\/2026-DSCC-Audition-Flyer-9x12.jpg 9w\" sizes=\"auto, (max-width: 1920px) 100vw, 1920px\" \/><\/figure>\n<\/div>\n\n\n\n<div class=\"wp-block-column is-layout-flow wp-block-column-is-layout-flow\">\n<p><strong>Requisitos para la audici\u00f3n<\/strong><\/p>\n\n\n\n<p><strong>4<sup>th<\/sup>-8<sup>th<\/sup> Grado:<\/strong>&nbsp;&nbsp;Los alumnos de 4\u00ba a 8\u00ba curso no necesitan preparar una canci\u00f3n. Se les pedir\u00e1 que hagan algunas vocalizaciones sencillas y cantos de eco para ayudar a determinar el rango vocal y la capacidad de igualar el tono.<\/p>\n\n\n\n<p><strong>9<sup>th<\/sup>-12<sup>th<\/sup> Grado:<\/strong> Los estudiantes de los grados 9-12 tendr\u00e1n que preparar una canci\u00f3n, preferiblemente una seleccionada de la Lista de M\u00fasica Prescrita de UIL, Clase 1 o 2.<\/p>\n\n\n\n<div class=\"wp-block-buttons is-layout-flex wp-block-buttons-is-layout-flex\">\n<div class=\"wp-block-button\"><a class=\"wp-block-button__link has-background wp-element-button\" href=\"https:\/\/docs.google.com\/forms\/d\/e\/1FAIpQLSfedPyp99nyWLvW7oIsY6y3_jMSK49BrmaHjkxOz-JW6CzPjw\/viewform?usp=sharing&amp;ouid=110072378452883382611\" style=\"border-radius:5px;background-color:#00205b\" target=\"_blank\" rel=\"noopener\"><strong>HAGA CLIC PARA PROGRAMAR UNA AUDICI\u00d3N<\/strong><\/a><\/div>\n<\/div>\n<\/div>\n<\/div>\n\n\n\n<div style=\"height:27px\" aria-hidden=\"true\" class=\"wp-block-spacer\"><\/div>\n\n\n\t\t\t<\/div>\n\t\t<\/div>\n\t<\/div>\n\n<\/div>\n\n\n<div class=\"edp-musician-grid m-spacer grad-to-right\">\n\t<div class=\"container\">\n\t\t<div class=\"row\">\n\t\t\t<div class=\"col-12\">\n\t\t\t\t<h1>Liderazgo<\/h1>\n\t\t\t\t<h2><\/h2>\n\t\t\t<\/div>\n\t\t<\/div>\n\t\t<div class=\"row\">\n\t\t\t<div class=\"col-lg-6\">\n\t<div class=\"edp__musician-card\">\n\t\t<img loading=\"lazy\" decoding=\"async\" width=\"262\" height=\"262\" src=\"https:\/\/www.dallassymphony.org\/wp-content\/uploads\/2023\/03\/Ellie-Lin-262x262.png\" class=\"attachment-262x262 size-262x262 wp-post-image\" alt=\"\" srcset=\"https:\/\/www.dallassymphony.org\/wp-content\/uploads\/2023\/03\/Ellie-Lin-262x262.png 262w, https:\/\/www.dallassymphony.org\/wp-content\/uploads\/2023\/03\/Ellie-Lin-300x300.png 300w, https:\/\/www.dallassymphony.org\/wp-content\/uploads\/2023\/03\/Ellie-Lin-150x150.png 150w, https:\/\/www.dallassymphony.org\/wp-content\/uploads\/2023\/03\/Ellie-Lin-768x768.png 768w, https:\/\/www.dallassymphony.org\/wp-content\/uploads\/2023\/03\/Ellie-Lin-12x12.png 12w, https:\/\/www.dallassymphony.org\/wp-content\/uploads\/2023\/03\/Ellie-Lin-350x350.png 350w, https:\/\/www.dallassymphony.org\/wp-content\/uploads\/2023\/03\/Ellie-Lin-445x445.png 445w, https:\/\/www.dallassymphony.org\/wp-content\/uploads\/2023\/03\/Ellie-Lin.png 1024w\" sizes=\"auto, (max-width: 262px) 100vw, 262px\" \/>\t\t<div class=\"content__wrapper\">\n\t\t\t<h4>Ellie Lin<\/h4>\n\n\t\t\t<p>Director art\u00edstico del Coro Infantil de la Sinf\u00f3nica de Dallas<\/p>\n\n                            <a class=\"a-hover\" href=\"https:\/\/www.dallassymphony.org\/es\/people\/ellie-lin\/\">Leer m\u00e1s<\/a>\n            \t\t<\/div>\n\t<\/div>\n<\/div><div class=\"col-lg-6\">\n\t<div class=\"edp__musician-card\">\n\t\t<img loading=\"lazy\" decoding=\"async\" width=\"262\" height=\"262\" src=\"https:\/\/www.dallassymphony.org\/wp-content\/uploads\/2022\/06\/Paula-Olsen-262x262.jpg\" class=\"attachment-262x262 size-262x262 wp-post-image\" alt=\"Paula Olsen\" srcset=\"https:\/\/www.dallassymphony.org\/wp-content\/uploads\/2022\/06\/Paula-Olsen-262x262.jpg 262w, https:\/\/www.dallassymphony.org\/wp-content\/uploads\/2022\/06\/Paula-Olsen-300x300.jpg 300w, https:\/\/www.dallassymphony.org\/wp-content\/uploads\/2022\/06\/Paula-Olsen-1024x1024.jpg 1024w, https:\/\/www.dallassymphony.org\/wp-content\/uploads\/2022\/06\/Paula-Olsen-150x150.jpg 150w, https:\/\/www.dallassymphony.org\/wp-content\/uploads\/2022\/06\/Paula-Olsen-768x768.jpg 768w, https:\/\/www.dallassymphony.org\/wp-content\/uploads\/2022\/06\/Paula-Olsen-12x12.jpg 12w, https:\/\/www.dallassymphony.org\/wp-content\/uploads\/2022\/06\/Paula-Olsen-350x350.jpg 350w, https:\/\/www.dallassymphony.org\/wp-content\/uploads\/2022\/06\/Paula-Olsen-445x445.jpg 445w, https:\/\/www.dallassymphony.org\/wp-content\/uploads\/2022\/06\/Paula-Olsen.jpg 1200w\" sizes=\"auto, (max-width: 262px) 100vw, 262px\" \/>\t\t<div class=\"content__wrapper\">\n\t\t\t<h4>Paula Olsen<\/h4>\n\n\t\t\t<p>DSCC: Director art\u00edstico<\/p>\n\n                            <a class=\"a-hover\" href=\"https:\/\/www.dallassymphony.org\/es\/people\/paula-olsen\/\">Leer m\u00e1s<\/a>\n            \t\t<\/div>\n\t<\/div>\n<\/div><div class=\"col-lg-6\">\n\t<div class=\"edp__musician-card\">\n\t\t<img loading=\"lazy\" decoding=\"async\" width=\"262\" height=\"262\" src=\"https:\/\/www.dallassymphony.org\/wp-content\/uploads\/2023\/03\/Emma-Jensen-262x262.png\" class=\"attachment-262x262 size-262x262 wp-post-image\" alt=\"\" srcset=\"https:\/\/www.dallassymphony.org\/wp-content\/uploads\/2023\/03\/Emma-Jensen-262x262.png 262w, https:\/\/www.dallassymphony.org\/wp-content\/uploads\/2023\/03\/Emma-Jensen-300x300.png 300w, https:\/\/www.dallassymphony.org\/wp-content\/uploads\/2023\/03\/Emma-Jensen-150x150.png 150w, https:\/\/www.dallassymphony.org\/wp-content\/uploads\/2023\/03\/Emma-Jensen-768x768.png 768w, https:\/\/www.dallassymphony.org\/wp-content\/uploads\/2023\/03\/Emma-Jensen-12x12.png 12w, https:\/\/www.dallassymphony.org\/wp-content\/uploads\/2023\/03\/Emma-Jensen-350x350.png 350w, https:\/\/www.dallassymphony.org\/wp-content\/uploads\/2023\/03\/Emma-Jensen-445x445.png 445w, https:\/\/www.dallassymphony.org\/wp-content\/uploads\/2023\/03\/Emma-Jensen.png 1024w\" sizes=\"auto, (max-width: 262px) 100vw, 262px\" \/>\t\t<div class=\"content__wrapper\">\n\t\t\t<h4>Emma Jensen<\/h4>\n\n\t\t\t<p>DSCC: Director de Operaciones<\/p>\n\n                            <a class=\"a-hover\" href=\"https:\/\/www.dallassymphony.org\/es\/people\/emma-jensen\/\">Leer m\u00e1s<\/a>\n            \t\t<\/div>\n\t<\/div>\n<\/div><div class=\"col-lg-6\">\n\t<div class=\"edp__musician-card\">\n\t\t<img loading=\"lazy\" decoding=\"async\" width=\"262\" height=\"262\" src=\"https:\/\/www.dallassymphony.org\/wp-content\/uploads\/2022\/08\/2024-People-1200x1200-29-262x262.png\" class=\"attachment-262x262 size-262x262 wp-post-image\" alt=\"\" srcset=\"https:\/\/www.dallassymphony.org\/wp-content\/uploads\/2022\/08\/2024-People-1200x1200-29-262x262.png 262w, https:\/\/www.dallassymphony.org\/wp-content\/uploads\/2022\/08\/2024-People-1200x1200-29-300x300.png 300w, https:\/\/www.dallassymphony.org\/wp-content\/uploads\/2022\/08\/2024-People-1200x1200-29-1024x1024.png 1024w, https:\/\/www.dallassymphony.org\/wp-content\/uploads\/2022\/08\/2024-People-1200x1200-29-150x150.png 150w, https:\/\/www.dallassymphony.org\/wp-content\/uploads\/2022\/08\/2024-People-1200x1200-29-768x768.png 768w, https:\/\/www.dallassymphony.org\/wp-content\/uploads\/2022\/08\/2024-People-1200x1200-29-12x12.png 12w, https:\/\/www.dallassymphony.org\/wp-content\/uploads\/2022\/08\/2024-People-1200x1200-29-350x350.png 350w, https:\/\/www.dallassymphony.org\/wp-content\/uploads\/2022\/08\/2024-People-1200x1200-29-445x445.png 445w, https:\/\/www.dallassymphony.org\/wp-content\/uploads\/2022\/08\/2024-People-1200x1200-29.png 1200w\" sizes=\"auto, (max-width: 262px) 100vw, 262px\" \/>\t\t<div class=\"content__wrapper\">\n\t\t\t<h4>Victor Johnson<\/h4>\n\n\t\t\t<p>DSCC: Director del Conjunto Mixto<\/p>\n\n                            <a class=\"a-hover\" href=\"https:\/\/www.dallassymphony.org\/es\/people\/victor-johnson\/\">Leer m\u00e1s<\/a>\n            \t\t<\/div>\n\t<\/div>\n<\/div><div class=\"col-lg-6\">\n\t<div class=\"edp__musician-card\">\n\t\t<img loading=\"lazy\" decoding=\"async\" width=\"262\" height=\"262\" src=\"https:\/\/www.dallassymphony.org\/wp-content\/uploads\/2024\/06\/image0-262x262.png\" class=\"attachment-262x262 size-262x262 wp-post-image\" alt=\"\" srcset=\"https:\/\/www.dallassymphony.org\/wp-content\/uploads\/2024\/06\/image0-262x262.png 262w, https:\/\/www.dallassymphony.org\/wp-content\/uploads\/2024\/06\/image0-300x300.png 300w, https:\/\/www.dallassymphony.org\/wp-content\/uploads\/2024\/06\/image0-150x150.png 150w, https:\/\/www.dallassymphony.org\/wp-content\/uploads\/2024\/06\/image0-12x12.png 12w, https:\/\/www.dallassymphony.org\/wp-content\/uploads\/2024\/06\/image0.png 320w\" sizes=\"auto, (max-width: 262px) 100vw, 262px\" \/>\t\t<div class=\"content__wrapper\">\n\t\t\t<h4>Brittany Haywood<\/h4>\n\n\t\t\t<p>DSCC: Director del Coro de Formaci\u00f3n<\/p>\n\n                            <a class=\"a-hover\" href=\"https:\/\/www.dallassymphony.org\/es\/people\/brittany-haywood\/\">Leer m\u00e1s<\/a>\n            \t\t<\/div>\n\t<\/div>\n<\/div><div class=\"col-lg-6\">\n\t<div class=\"edp__musician-card\">\n\t\t<img loading=\"lazy\" decoding=\"async\" width=\"262\" height=\"262\" src=\"https:\/\/www.dallassymphony.org\/wp-content\/uploads\/2022\/08\/Cory-Curvin-Photo-262x262.jpg\" class=\"attachment-262x262 size-262x262 wp-post-image\" alt=\"Cory Curvin\" srcset=\"https:\/\/www.dallassymphony.org\/wp-content\/uploads\/2022\/08\/Cory-Curvin-Photo-262x262.jpg 262w, https:\/\/www.dallassymphony.org\/wp-content\/uploads\/2022\/08\/Cory-Curvin-Photo-300x300.jpg 300w, https:\/\/www.dallassymphony.org\/wp-content\/uploads\/2022\/08\/Cory-Curvin-Photo-150x150.jpg 150w, https:\/\/www.dallassymphony.org\/wp-content\/uploads\/2022\/08\/Cory-Curvin-Photo-768x768.jpg 768w, https:\/\/www.dallassymphony.org\/wp-content\/uploads\/2022\/08\/Cory-Curvin-Photo-12x12.jpg 12w, https:\/\/www.dallassymphony.org\/wp-content\/uploads\/2022\/08\/Cory-Curvin-Photo-350x350.jpg 350w, https:\/\/www.dallassymphony.org\/wp-content\/uploads\/2022\/08\/Cory-Curvin-Photo-445x445.jpg 445w, https:\/\/www.dallassymphony.org\/wp-content\/uploads\/2022\/08\/Cory-Curvin-Photo.jpg 1000w\" sizes=\"auto, (max-width: 262px) 100vw, 262px\" \/>\t\t<div class=\"content__wrapper\">\n\t\t\t<h4>Cory Curvin<\/h4>\n\n\t\t\t<p>DSCC: Asistente de Direcci\u00f3n del Conjunto Mixto<\/p>\n\n                            <a class=\"a-hover\" href=\"https:\/\/www.dallassymphony.org\/es\/people\/cory-curvin\/\">Leer m\u00e1s<\/a>\n            \t\t<\/div>\n\t<\/div>\n<\/div><div class=\"col-lg-6\">\n\t<div class=\"edp__musician-card\">\n\t\t<img loading=\"lazy\" decoding=\"async\" width=\"262\" height=\"262\" src=\"https:\/\/www.dallassymphony.org\/wp-content\/uploads\/2022\/08\/Hans-Grim-Headshot-1.28.25-scaled-e1738165592214-262x262.jpg\" class=\"attachment-262x262 size-262x262 wp-post-image\" alt=\"\" srcset=\"https:\/\/www.dallassymphony.org\/wp-content\/uploads\/2022\/08\/Hans-Grim-Headshot-1.28.25-scaled-e1738165592214-262x262.jpg 262w, https:\/\/www.dallassymphony.org\/wp-content\/uploads\/2022\/08\/Hans-Grim-Headshot-1.28.25-scaled-e1738165592214-300x300.jpg 300w, https:\/\/www.dallassymphony.org\/wp-content\/uploads\/2022\/08\/Hans-Grim-Headshot-1.28.25-scaled-e1738165592214-1024x1024.jpg 1024w, https:\/\/www.dallassymphony.org\/wp-content\/uploads\/2022\/08\/Hans-Grim-Headshot-1.28.25-scaled-e1738165592214-150x150.jpg 150w, https:\/\/www.dallassymphony.org\/wp-content\/uploads\/2022\/08\/Hans-Grim-Headshot-1.28.25-scaled-e1738165592214-768x768.jpg 768w, https:\/\/www.dallassymphony.org\/wp-content\/uploads\/2022\/08\/Hans-Grim-Headshot-1.28.25-scaled-e1738165592214-1536x1536.jpg 1536w, https:\/\/www.dallassymphony.org\/wp-content\/uploads\/2022\/08\/Hans-Grim-Headshot-1.28.25-scaled-e1738165592214-12x12.jpg 12w, https:\/\/www.dallassymphony.org\/wp-content\/uploads\/2022\/08\/Hans-Grim-Headshot-1.28.25-scaled-e1738165592214-350x350.jpg 350w, https:\/\/www.dallassymphony.org\/wp-content\/uploads\/2022\/08\/Hans-Grim-Headshot-1.28.25-scaled-e1738165592214-445x445.jpg 445w, https:\/\/www.dallassymphony.org\/wp-content\/uploads\/2022\/08\/Hans-Grim-Headshot-1.28.25-scaled-e1738165592214-400x400.jpg 400w, https:\/\/www.dallassymphony.org\/wp-content\/uploads\/2022\/08\/Hans-Grim-Headshot-1.28.25-scaled-e1738165592214-600x600.jpg 600w, https:\/\/www.dallassymphony.org\/wp-content\/uploads\/2022\/08\/Hans-Grim-Headshot-1.28.25-scaled-e1738165592214.jpg 1706w\" sizes=\"auto, (max-width: 262px) 100vw, 262px\" \/>\t\t<div class=\"content__wrapper\">\n\t\t\t<h4>Hans Grim<\/h4>\n\n\t\t\t<p>DSCC: Director Asistente de Voces Sinf\u00f3nicas<\/p>\n\n                            <a class=\"a-hover\" href=\"https:\/\/www.dallassymphony.org\/es\/people\/hans-grim\/\">Leer m\u00e1s<\/a>\n            \t\t<\/div>\n\t<\/div>\n<\/div>\t\t<\/div>\n\t<\/div>\n<\/div>\n\n\n<div class=\"richtext m-spacer\">\n\t<div class=\"container\">\n\t\t<div class=\"row\">\n\t\t\t<div class=\"col-10\">\n\t\t\t\t\n<div class=\"dso__accordion m-spacer\">\n    <div class=\"container\">\n        <div class=\"row\">\n            <div class=\"col-lg-12\">\n                <div class=\"accordion__intro-wrapper\">\n                    <h1>2025\/2026 Temporada DSCC<\/h1>\n                    <p><\/p>\n                <\/div>\n            <\/div>\n        <\/div>\n\t\t<div class=\"row\">\n\t\t\t<div class=\"col-md-10 offset-md-1\">\n\t\t\t\t<div class=\"accordion\" id=\"accordion-d41d8cd98f00b204e9800998ecf8427e\">\n\t\t\t\t\t<div class=\"card\">\n\t<button id=\"heading64a637d6a1daf8314bfac5c11da35ad1\" class=\"dso__accordion-toggle\" type=\"button\" data-toggle=\"collapse\" data-target=\"#collapse64a637d6a1daf8314bfac5c11da35ad1\" aria-expanded=\"false\" aria-controls=\"collapse64a637d6a1daf8314bfac5c11da35ad1\">\n\t\tConcierto de Primavera del DSCC | 19 de abril | 19:30h\t\t<span class=\"plus-sign\">\n            <svg xmlns=\"http:\/\/www.w3.org\/2000\/svg\" width=\"25\" height=\"25\" viewbox=\"0 0 25 25\">\n                <g transform=\"translate(211.054 -145.186) rotate(135)\"><rect width=\"25\" height=\"3\" transform=\"translate(242.001 36.678) rotate(-45)\"\/><rect width=\"25\" height=\"3\" transform=\"translate(244.12 19) rotate(45)\"\/><\/g>\n            <\/svg>\n        <\/span>\n\t<\/button>\n\n\t<div id=\"collapse64a637d6a1daf8314bfac5c11da35ad1\" class=\"collapse\" aria-labelledby=\"heading64a637d6a1daf8314bfac5c11da35ad1\" data-parent=\"#accordion-d41d8cd98f00b204e9800998ecf8427e\">\n\t\t<div class=\"card-body\">\n\t\t\t<p><img loading=\"lazy\" decoding=\"async\" class=\"aligncenter wp-image-30984 size-full\" src=\"https:\/\/www.dallassymphony.org\/wp-content\/uploads\/2026\/03\/DSCC-Spring-Concert-Digital-Flyer-2026-scaled.jpg\" alt=\"\" width=\"1920\" height=\"2560\" srcset=\"https:\/\/www.dallassymphony.org\/wp-content\/uploads\/2026\/03\/DSCC-Spring-Concert-Digital-Flyer-2026-scaled.jpg 1920w, https:\/\/www.dallassymphony.org\/wp-content\/uploads\/2026\/03\/DSCC-Spring-Concert-Digital-Flyer-2026-225x300.jpg 225w, https:\/\/www.dallassymphony.org\/wp-content\/uploads\/2026\/03\/DSCC-Spring-Concert-Digital-Flyer-2026-768x1024.jpg 768w, https:\/\/www.dallassymphony.org\/wp-content\/uploads\/2026\/03\/DSCC-Spring-Concert-Digital-Flyer-2026-1152x1536.jpg 1152w, https:\/\/www.dallassymphony.org\/wp-content\/uploads\/2026\/03\/DSCC-Spring-Concert-Digital-Flyer-2026-1536x2048.jpg 1536w, https:\/\/www.dallassymphony.org\/wp-content\/uploads\/2026\/03\/DSCC-Spring-Concert-Digital-Flyer-2026-9x12.jpg 9w\" sizes=\"auto, (max-width: 1920px) 100vw, 1920px\" \/><\/p>\n<p>(Todos los coros)<\/p>\n<p>El DSCC se une a la DSO por cuarto a\u00f1o consecutivo. Este concierto de primavera contar\u00e1 con el coro formado por cantantes de 4\u00ba a 12\u00ba curso de toda el \u00e1rea metropolitana de Dallas.<\/p>\n<p><a title=\"Compra de entradas\" href=\"https:\/\/www.dallassymphony.org\/es\/productions\/dallas-symphony-childrens-chorus-spring-recital-2\/\">Reservar entradas<\/a><\/p>\n\t\t<\/div>\n\t<\/div>\n<\/div><div class=\"card\">\n\t<button id=\"heading5da90e2a9c65523426719f90c76f7b1c\" class=\"dso__accordion-toggle\" type=\"button\" data-toggle=\"collapse\" data-target=\"#collapse5da90e2a9c65523426719f90c76f7b1c\" aria-expanded=\"false\" aria-controls=\"collapse5da90e2a9c65523426719f90c76f7b1c\">\n\t\tSinfon\u00eda n.\u00ba 8 de Mahler | 15 y 16 de mayo (19:30 h) | 17 de mayo (14:00 h)\t\t<span class=\"plus-sign\">\n            <svg xmlns=\"http:\/\/www.w3.org\/2000\/svg\" width=\"25\" height=\"25\" viewbox=\"0 0 25 25\">\n                <g transform=\"translate(211.054 -145.186) rotate(135)\"><rect width=\"25\" height=\"3\" transform=\"translate(242.001 36.678) rotate(-45)\"\/><rect width=\"25\" height=\"3\" transform=\"translate(244.12 19) rotate(45)\"\/><\/g>\n            <\/svg>\n        <\/span>\n\t<\/button>\n\n\t<div id=\"collapse5da90e2a9c65523426719f90c76f7b1c\" class=\"collapse\" aria-labelledby=\"heading5da90e2a9c65523426719f90c76f7b1c\" data-parent=\"#accordion-d41d8cd98f00b204e9800998ecf8427e\">\n\t\t<div class=\"card-body\">\n\t\t\t<p>(S\u00f3lo voces sinf\u00f3nicas)<\/p>\n<p>Gustav Mahler, uno de los grandes compositores orquestales, es conocido por sus obras dram\u00e1ticas y arrolladoras. Estren\u00f3 su 8<sup>th<\/sup> sinfon\u00eda tambi\u00e9n conocida como \"Sinfon\u00eda de los Mil\", justo antes de su muerte. La Sinfon\u00eda n\u00ba 8 en mi bemol mayor requiere un notable n\u00famero de m\u00fasicos corales y orquestales para su interpretaci\u00f3n, incluido el coro de ni\u00f1os. El DSCC est\u00e1 encantado de formar parte de una interpretaci\u00f3n tan magn\u00edfica, \u00a1y estamos impacientes por compartirla con ustedes!<\/p>\n<p><a href=\"https:\/\/www.dallassymphony.org\/es\/productions\/mahlers-symphony-of-a-thousand\/\">Reservar entradas<\/a><\/p>\n\t\t<\/div>\n\t<\/div>\n<\/div>\t\t\t\t<\/div>\n\t\t\t<\/div>\n\t\t<\/div>\n\t<\/div>\n<\/div>\n\n\n<div class=\"dso__accordion m-spacer\">\n    <div class=\"container\">\n        <div class=\"row\">\n            <div class=\"col-lg-12\">\n                <div class=\"accordion__intro-wrapper\">\n                    <h1>Preguntas frecuentes<\/h1>\n                    <p><\/p>\n                <\/div>\n            <\/div>\n        <\/div>\n\t\t<div class=\"row\">\n\t\t\t<div class=\"col-md-10 offset-md-1\">\n\t\t\t\t<div class=\"accordion\" id=\"accordion-d41d8cd98f00b204e9800998ecf8427e\">\n\t\t\t\t\t<div class=\"card\">\n\t<button id=\"heading8a9acbdc5740ab44ec7d79cc69d8257c\" class=\"dso__accordion-toggle\" type=\"button\" data-toggle=\"collapse\" data-target=\"#collapse8a9acbdc5740ab44ec7d79cc69d8257c\" aria-expanded=\"false\" aria-controls=\"collapse8a9acbdc5740ab44ec7d79cc69d8257c\">\n\t\t\u00bfC\u00f3mo me inscribo para una audici\u00f3n?\t\t<span class=\"plus-sign\">\n            <svg xmlns=\"http:\/\/www.w3.org\/2000\/svg\" width=\"25\" height=\"25\" viewbox=\"0 0 25 25\">\n                <g transform=\"translate(211.054 -145.186) rotate(135)\"><rect width=\"25\" height=\"3\" transform=\"translate(242.001 36.678) rotate(-45)\"\/><rect width=\"25\" height=\"3\" transform=\"translate(244.12 19) rotate(45)\"\/><\/g>\n            <\/svg>\n        <\/span>\n\t<\/button>\n\n\t<div id=\"collapse8a9acbdc5740ab44ec7d79cc69d8257c\" class=\"collapse\" aria-labelledby=\"heading8a9acbdc5740ab44ec7d79cc69d8257c\" data-parent=\"#accordion-d41d8cd98f00b204e9800998ecf8427e\">\n\t\t<div class=\"card-body\">\n\t\t\t<p>Haga clic en el bot\u00f3n \u201cHaga clic aqu\u00ed para inscribirse en una audici\u00f3n del DSCC\u201d que aparece arriba y env\u00ede su informaci\u00f3n. Uno de nosotros se pondr\u00e1 en contacto con usted para comunicarle la fecha y la hora de la audici\u00f3n. Si tiene alguna pregunta, llame a Emma Jensen (214-393-2898).<\/p>\n\t\t<\/div>\n\t<\/div>\n<\/div><div class=\"card\">\n\t<button id=\"headingf380b61a41d132df17544ea6416cd9d5\" class=\"dso__accordion-toggle\" type=\"button\" data-toggle=\"collapse\" data-target=\"#collapsef380b61a41d132df17544ea6416cd9d5\" aria-expanded=\"false\" aria-controls=\"collapsef380b61a41d132df17544ea6416cd9d5\">\n\t\t\u00bfCu\u00e1nto cuesta la matr\u00edcula?\t\t<span class=\"plus-sign\">\n            <svg xmlns=\"http:\/\/www.w3.org\/2000\/svg\" width=\"25\" height=\"25\" viewbox=\"0 0 25 25\">\n                <g transform=\"translate(211.054 -145.186) rotate(135)\"><rect width=\"25\" height=\"3\" transform=\"translate(242.001 36.678) rotate(-45)\"\/><rect width=\"25\" height=\"3\" transform=\"translate(244.12 19) rotate(45)\"\/><\/g>\n            <\/svg>\n        <\/span>\n\t<\/button>\n\n\t<div id=\"collapsef380b61a41d132df17544ea6416cd9d5\" class=\"collapse\" aria-labelledby=\"headingf380b61a41d132df17544ea6416cd9d5\" data-parent=\"#accordion-d41d8cd98f00b204e9800998ecf8427e\">\n\t\t<div class=\"card-body\">\n\t\t\t<p>Coro de formaci\u00f3n y voces sinf\u00f3nicas: $425 | Conjunto mixto: $575<\/p>\n\t\t<\/div>\n\t<\/div>\n<\/div><div class=\"card\">\n\t<button id=\"headingfe8d775ae2e58c782cbec1d5d5ddbda0\" class=\"dso__accordion-toggle\" type=\"button\" data-toggle=\"collapse\" data-target=\"#collapsefe8d775ae2e58c782cbec1d5d5ddbda0\" aria-expanded=\"false\" aria-controls=\"collapsefe8d775ae2e58c782cbec1d5d5ddbda0\">\n\t\t\u00bfC\u00f3mo solicito la ayuda para el pago de la matr\u00edcula basada en la necesidad econ\u00f3mica?\t\t<span class=\"plus-sign\">\n            <svg xmlns=\"http:\/\/www.w3.org\/2000\/svg\" width=\"25\" height=\"25\" viewbox=\"0 0 25 25\">\n                <g transform=\"translate(211.054 -145.186) rotate(135)\"><rect width=\"25\" height=\"3\" transform=\"translate(242.001 36.678) rotate(-45)\"\/><rect width=\"25\" height=\"3\" transform=\"translate(244.12 19) rotate(45)\"\/><\/g>\n            <\/svg>\n        <\/span>\n\t<\/button>\n\n\t<div id=\"collapsefe8d775ae2e58c782cbec1d5d5ddbda0\" class=\"collapse\" aria-labelledby=\"headingfe8d775ae2e58c782cbec1d5d5ddbda0\" data-parent=\"#accordion-d41d8cd98f00b204e9800998ecf8427e\">\n\t\t<div class=\"card-body\">\n\t\t\t<p>La solicitud de ayuda para el pago de la matr\u00edcula se env\u00eda como parte del paquete de bienvenida del DSCC al inicio de cada temporada.<\/p>\n\t\t<\/div>\n\t<\/div>\n<\/div><div class=\"card\">\n\t<button id=\"heading9186474b065612a51c807d1fc0223c52\" class=\"dso__accordion-toggle\" type=\"button\" data-toggle=\"collapse\" data-target=\"#collapse9186474b065612a51c807d1fc0223c52\" aria-expanded=\"false\" aria-controls=\"collapse9186474b065612a51c807d1fc0223c52\">\n\t\t\u00bfC\u00f3mo se paga la matr\u00edcula?\t\t<span class=\"plus-sign\">\n            <svg xmlns=\"http:\/\/www.w3.org\/2000\/svg\" width=\"25\" height=\"25\" viewbox=\"0 0 25 25\">\n                <g transform=\"translate(211.054 -145.186) rotate(135)\"><rect width=\"25\" height=\"3\" transform=\"translate(242.001 36.678) rotate(-45)\"\/><rect width=\"25\" height=\"3\" transform=\"translate(244.12 19) rotate(45)\"\/><\/g>\n            <\/svg>\n        <\/span>\n\t<\/button>\n\n\t<div id=\"collapse9186474b065612a51c807d1fc0223c52\" class=\"collapse\" aria-labelledby=\"heading9186474b065612a51c807d1fc0223c52\" data-parent=\"#accordion-d41d8cd98f00b204e9800998ecf8427e\">\n\t\t<div class=\"card-body\">\n\t\t\t<p>La matr\u00edcula se paga con cheque. Por favor, escriba el nombre de su estudiante en la l\u00ednea de memo y haga el cheque a nombre de: Dallas Symphony Association.<\/p>\n<p>Env\u00edelo por correo a:<br \/>\nLa Orquesta Sinf\u00f3nica de Dallas<br \/>\nA la atenci\u00f3n de: Julie Ribeca<br \/>\nEl Centro Sinf\u00f3nico Morton H. Meyerson<br \/>\nCalle Flora 2301<br \/>\nDallas, TX 75201<\/p>\n\t\t<\/div>\n\t<\/div>\n<\/div><div class=\"card\">\n\t<button id=\"headingd06e7a1ffc5a66fc18add2d113062f2f\" class=\"dso__accordion-toggle\" type=\"button\" data-toggle=\"collapse\" data-target=\"#collapsed06e7a1ffc5a66fc18add2d113062f2f\" aria-expanded=\"false\" aria-controls=\"collapsed06e7a1ffc5a66fc18add2d113062f2f\">\n\t\t\u00bfD\u00f3nde ensayar\u00e1 mi estudiante?\t\t<span class=\"plus-sign\">\n            <svg xmlns=\"http:\/\/www.w3.org\/2000\/svg\" width=\"25\" height=\"25\" viewbox=\"0 0 25 25\">\n                <g transform=\"translate(211.054 -145.186) rotate(135)\"><rect width=\"25\" height=\"3\" transform=\"translate(242.001 36.678) rotate(-45)\"\/><rect width=\"25\" height=\"3\" transform=\"translate(244.12 19) rotate(45)\"\/><\/g>\n            <\/svg>\n        <\/span>\n\t<\/button>\n\n\t<div id=\"collapsed06e7a1ffc5a66fc18add2d113062f2f\" class=\"collapse\" aria-labelledby=\"headingd06e7a1ffc5a66fc18add2d113062f2f\" data-parent=\"#accordion-d41d8cd98f00b204e9800998ecf8427e\">\n\t\t<div class=\"card-body\">\n\t\t\t<p>Los ensayos regulares se llevan a cabo en la Iglesia Metodista Unida Lovers Lane los lunes por la noche.<\/p>\n\t\t<\/div>\n\t<\/div>\n<\/div><div class=\"card\">\n\t<button id=\"headingf9ecd4266f13ff04bd9d6b5d83014774\" class=\"dso__accordion-toggle\" type=\"button\" data-toggle=\"collapse\" data-target=\"#collapsef9ecd4266f13ff04bd9d6b5d83014774\" aria-expanded=\"false\" aria-controls=\"collapsef9ecd4266f13ff04bd9d6b5d83014774\">\n\t\t\u00bfD\u00f3nde actuar\u00e1 mi alumno?\t\t<span class=\"plus-sign\">\n            <svg xmlns=\"http:\/\/www.w3.org\/2000\/svg\" width=\"25\" height=\"25\" viewbox=\"0 0 25 25\">\n                <g transform=\"translate(211.054 -145.186) rotate(135)\"><rect width=\"25\" height=\"3\" transform=\"translate(242.001 36.678) rotate(-45)\"\/><rect width=\"25\" height=\"3\" transform=\"translate(244.12 19) rotate(45)\"\/><\/g>\n            <\/svg>\n        <\/span>\n\t<\/button>\n\n\t<div id=\"collapsef9ecd4266f13ff04bd9d6b5d83014774\" class=\"collapse\" aria-labelledby=\"headingf9ecd4266f13ff04bd9d6b5d83014774\" data-parent=\"#accordion-d41d8cd98f00b204e9800998ecf8427e\">\n\t\t<div class=\"card-body\">\n\t\t\t<p>El DSCC actuar\u00e1 en el Meyerson Symphony Center, entre otros lugares, a lo largo de la temporada.<\/p>\n\t\t<\/div>\n\t<\/div>\n<\/div>\t\t\t\t<\/div>\n\t\t\t<\/div>\n\t\t<\/div>\n\t<\/div>\n<\/div>\n\n\n\n<p class=\"has-background\" style=\"background-color:#ebebeb\"><strong>Si tiene alguna pregunta sobre el Coro Infantil de la Sinf\u00f3nica de Dallas, p\u00f3ngase en contacto con la directora de operaciones, Emma Jensen, en <a href=\"mailto:e.jensen@dalsym.com\">e.jensen@dalsym.com<\/a>.<\/strong><\/p>\n\n\n<div class=\"video\">\n\t<div class=\"container\">\n\t\t<div class=\"row\">\n\t\t\t<div class=\"col-lg-12\">\n\t\t\t\t<div class=\"video__text-wrapper\">\n\t\t\t\t\t<h1>Basevi, Prokofiev y Walton | Serie de conciertos digitales Next Stage<\/h1>\n\t\t\t\t\t\t\t\t\t<\/div>\n\t\t\t<\/div>\n\t\t<\/div>\n\t<\/div>\n\n\t<div class=\"iframe-container\">\n\t\t<div class=\"video-overlay\">\n\t\t\t<button class=\"play-video\" data-trigger=\"video-224bf20c23090360135d52358b25c63a\">\n\t\t\t\t<svg xmlns=\"http:\/\/www.w3.org\/2000\/svg\" viewbox=\"0 0 23.967 23.967\">\n\t\t\t\t\t<defs>\n\t\t\t\t\t\t<style>\n\t\t\t\t\t\t\t.a {\n\t\t\t\t\t\t\t\tfill: none;\n\t\t\t\t\t\t\t}\n\t\t\t\t\t\t\t.b {\n\t\t\t\t\t\t\t\tfill: #10bff1;\n\t\t\t\t\t\t\t}\n\t\t\t\t\t\t<\/style>\n\t\t\t\t\t<\/defs>\n\t\t\t\t\t<path class=\"a\" d=\"M0,0H23.967V23.967H0Z\"\/>\n\t\t\t\t\t<path class=\"b\" d=\"M9.987,16.476l5.99-4.493L9.987,7.491ZM11.983,2a9.983,9.983,0,1,0,9.983,9.983A9.987,9.987,0,0,0,11.983,2Zm0,17.97a7.987,7.987,0,1,1,7.987-7.987A8,8,0,0,1,11.983,19.97Z\"\/>\n\n\t\t\t\t\t<g class=\"test-me\">\n\t\t\t\t\t\t<path class=\"a\" d=\"M0,0H23.967V23.967H0Z\"\/>\n\t\t\t\t\t\t<path class=\"b\" d=\"M9.987,16.476l5.99-4.493L9.987,7.491ZM11.983,2a9.983,9.983,0,1,0,9.983,9.983A9.987,9.987,0,0,0,11.983,2Zm0,17.97a7.987,7.987,0,1,1,7.987-7.987A8,8,0,0,1,11.983,19.97Z\"\/>\n\t\t\t\t\t<\/g>\n\t\t\t\t<\/svg>\n\t\t\t<\/button>\n\t\t<\/div>\n\n\t\t<iframe mozallowfullscreen webkitallowfullscreen allowfullscreen class=\"responsive-iframe\" data-target=\"video-224bf20c23090360135d52358b25c63a\" src=\"https:\/\/www.youtube.com\/embed\/\/cGWJtaK7A7s?mute=1&#038;loop=1\"><\/iframe>\n\t<\/div>\n\n    <div class=\"container\">\n        <div class=\"row\">\n            <div class=\"col-lg-12 d-flex flex-column justify-content-end\">\n                <div class=\"d-flex justify-content-end video-optional-link\">\n                    <a class=\"ml-auto\" href=\"https:\/\/www.dallassymphony.org\/es\/discover-connect\/\">\n                        <span class=\"a-styles a-hover\">NAVEGAR TODOS LOS VIDEOS<\/span>\n                    <\/a>\n                <\/div>\n                            <\/div>\n        <\/div>\n    <\/div>\n\n\t<div class=\"left-grad\"><\/div>\n\t<div class=\"right-grad\"><\/div>\n<\/div>\n\n\n\t\t\t<\/div>\n\t\t<\/div>\n\t<\/div>\n\n<\/div>","protected":false},"excerpt":{"rendered":"","protected":false},"author":16,"featured_media":12506,"parent":5219,"menu_order":0,"comment_status":"closed","ping_status":"closed","template":"","meta":{"_acf_changed":false,"footnotes":""},"class_list":["post-8846","page","type-page","status-publish","has-post-thumbnail","hentry"],"acf":[],"_links":{"self":[{"href":"https:\/\/www.dallassymphony.org\/es\/wp-json\/wp\/v2\/pages\/8846","targetHints":{"allow":["GET"]}}],"collection":[{"href":"https:\/\/www.dallassymphony.org\/es\/wp-json\/wp\/v2\/pages"}],"about":[{"href":"https:\/\/www.dallassymphony.org\/es\/wp-json\/wp\/v2\/types\/page"}],"author":[{"embeddable":true,"href":"https:\/\/www.dallassymphony.org\/es\/wp-json\/wp\/v2\/users\/16"}],"replies":[{"embeddable":true,"href":"https:\/\/www.dallassymphony.org\/es\/wp-json\/wp\/v2\/comments?post=8846"}],"version-history":[{"count":3,"href":"https:\/\/www.dallassymphony.org\/es\/wp-json\/wp\/v2\/pages\/8846\/revisions"}],"predecessor-version":[{"id":31060,"href":"https:\/\/www.dallassymphony.org\/es\/wp-json\/wp\/v2\/pages\/8846\/revisions\/31060"}],"up":[{"embeddable":true,"href":"https:\/\/www.dallassymphony.org\/es\/wp-json\/wp\/v2\/pages\/5219"}],"wp:featuredmedia":[{"embeddable":true,"href":"https:\/\/www.dallassymphony.org\/es\/wp-json\/wp\/v2\/media\/12506"}],"wp:attachment":[{"href":"https:\/\/www.dallassymphony.org\/es\/wp-json\/wp\/v2\/media?parent=8846"}],"curies":[{"name":"wp","href":"https:\/\/api.w.org\/{rel}","templated":true}]}}