{"id":286,"date":"2020-11-03T09:07:41","date_gmt":"2020-11-03T14:07:41","guid":{"rendered":"https:\/\/www.dallassymphony.org\/?page_id=286"},"modified":"2026-08-06T11:10:04","modified_gmt":"2026-08-06T16:10:04","slug":"musicians","status":"publish","type":"page","link":"https:\/\/www.dallassymphony.org\/es\/about-the-dso\/people\/musicians\/","title":{"rendered":"M\u00fasicos"},"content":{"rendered":"<div class=\"hero__no-img bg-blue-8\">\n\t<div class=\"container\">\n\t\t<div class=\"row\">\n\t\t\t<div class=\"col-md-10\">\n\n\t\t\t\t<ul class=\"breadcrumbs\">\n    \t<li class=\"breadcrumb__link\">\n\t\t<a class=\"a-hover\" href=\"https:\/\/www.dallassymphony.org\/es\/\">Inicio<\/a>\n\t<\/li>\n    \t<li class=\"breadcrumb__link a-styles\">\n\t\t<a class=\"a-hover\" href=\"https:\/\/www.dallassymphony.org\/es\/about-the-dso\/\">Sobre el DSO<\/a>\n\t<\/li>\n    \t<li class=\"breadcrumb__link a-styles\">\n\t\t<a class=\"a-hover\" href=\"https:\/\/www.dallassymphony.org\/es\/about-the-dso\/people\/\">Gente<\/a>\n\t<\/li>\n    <\/ul>\n\n                \t\t\t\t<h1>\n                    <span >M\u00fasicos<\/span>\n                <\/h1>\n                \t\t\t<\/div>\n\t\t<\/div>\n\t<\/div>\n<\/div>\n\n\n<div class=\"richtext m-spacer\">\n\t<div class=\"container\">\n\t\t<div class=\"row\">\n\t\t\t<div class=\"col-10\">\n\t\t\t\t\n\n<p class=\"wp-block-paragraph\">Reflejando el paisaje cosmopolita de Dallas, los m\u00fasicos de la Orquesta Sinf\u00f3nica de Dallas han venido de todo el mundo para hacer m\u00fasica excepcional aqu\u00ed. Conozca a los artistas que ayudan a la DSO a alcanzar su fama internacional.<\/p>\n\n\n\t\t\t<\/div>\n\t\t<\/div>\n\t<\/div>\n\n<\/div>\n\n\n<div class=\"bio__block m-spacer\">\n\t<div class=\"container\">\n\t\t<div class=\"row\">\n\t\t\t<div class=\"col-md-5 position-relative\">\n\t\t\t\t\t\t\t\t<img loading=\"lazy\" decoding=\"async\" width=\"445\" height=\"445\" src=\"https:\/\/www.dallassymphony.org\/wp-content\/uploads\/2020\/12\/Fabio-Luisi-1600-x-1600-1-445x445.jpg\" class=\"d-md-block img-fluid w-100 wp-post-image\" alt=\"FABIO LUISI DIRECTOR MUSICAL LOUISE W. &amp; EDMUND J. KAHN DIRECTOR MUSICAL\" srcset=\"https:\/\/www.dallassymphony.org\/wp-content\/uploads\/2020\/12\/Fabio-Luisi-1600-x-1600-1-445x445.jpg 445w, https:\/\/www.dallassymphony.org\/wp-content\/uploads\/2020\/12\/Fabio-Luisi-1600-x-1600-1-300x300.jpg 300w, https:\/\/www.dallassymphony.org\/wp-content\/uploads\/2020\/12\/Fabio-Luisi-1600-x-1600-1-1024x1024.jpg 1024w, https:\/\/www.dallassymphony.org\/wp-content\/uploads\/2020\/12\/Fabio-Luisi-1600-x-1600-1-150x150.jpg 150w, https:\/\/www.dallassymphony.org\/wp-content\/uploads\/2020\/12\/Fabio-Luisi-1600-x-1600-1-768x768.jpg 768w, https:\/\/www.dallassymphony.org\/wp-content\/uploads\/2020\/12\/Fabio-Luisi-1600-x-1600-1-1536x1536.jpg 1536w, https:\/\/www.dallassymphony.org\/wp-content\/uploads\/2020\/12\/Fabio-Luisi-1600-x-1600-1-12x12.jpg 12w, https:\/\/www.dallassymphony.org\/wp-content\/uploads\/2020\/12\/Fabio-Luisi-1600-x-1600-1-262x262.jpg 262w, https:\/\/www.dallassymphony.org\/wp-content\/uploads\/2020\/12\/Fabio-Luisi-1600-x-1600-1-350x350.jpg 350w, https:\/\/www.dallassymphony.org\/wp-content\/uploads\/2020\/12\/Fabio-Luisi-1600-x-1600-1.jpg 1600w\" sizes=\"auto, (max-width: 445px) 100vw, 445px\" \/>\t\t\t<\/div>\n\t\t\t<div class=\"col-md-7\">\n\t\t\t\t<div class=\"bio__content-wrapper\">\n\t\t\t\t\t<h1>Fabio Luisi<\/h1>\n\n                    <div class=\"bio__meta\">\n\t\t\t\t\t<p>Director musical<\/p>\n<p>Louise W. &amp; Edmund J. Kahn Direcci\u00f3n de M\u00fasica<\/p>\n                    <\/div>\n\n\t\t\t\t\t<p>El director de orquesta italiano Fabio Luisi, ganador de un premio Grammy, est\u00e1 a punto de iniciar su s\u00e9ptima temporada como director musical Louise W. &amp; Edmund J. Kahn de la Orquesta Sinf\u00f3nica de Dallas, su d\u00e9cima como director principal de la Orquesta Sinf\u00f3nica Nacional de Dinamarca y su quinta como director principal de la Orquesta NHK de Tokio. Luisi, quien tambi\u00e9n se desempe\u00f1a como director musical del Festival della Valle d\u2019Itria de Puglia y como director em\u00e9rito de la Orquesta Sinf\u00f3nica Nacional de la RAI de Tur\u00edn, es un maestro de gran prestigio internacional que anteriormente ha ocupado puestos clave en orquestas y teatros de \u00f3pera como la Staatskapelle de Dresde, la Sinf\u00f3nica de Viena, la \u00d3pera de Z\u00farich y la \u00d3pera Metropolitana de Nueva York. Elogiado por su \u201cdirecci\u00f3n v\u00edvida e idiom\u00e1tica\u201d (<em>The Wall Street Journal<\/em>) y un liderazgo \"distinguido y con autoridadative\" (<em>El New York Times<\/em>), es \"un artista de verdadera distinci\u00f3n, un int\u00e9rprete en posesi\u00f3n de una voz audaz, \u00fanica y claramente discernible\" (<em>Cleveland Plain Dealer<\/em>).<\/p>\n                    \t\t\t\t\t<a href=\"https:\/\/www.dallassymphony.org\/es\/people\/fabio-luisi\/\" class=\"a-hover\">Leer m\u00e1s<\/a>\n                                        <div class=\"share d-flex align-items-center\">\n                        \n                                            <\/div>\n\t\t\t\t<\/div>\n\t\t\t<\/div>\n\t\t<\/div>\n\t<\/div>\n<\/div>\n\n\n\n<div class=\"bio__block m-spacer\">\n\t<div class=\"container\">\n\t\t<div class=\"row\">\n\t\t\t<div class=\"col-md-5 position-relative\">\n\t\t\t\t\t\t\t\t<img loading=\"lazy\" decoding=\"async\" width=\"445\" height=\"445\" src=\"https:\/\/www.dallassymphony.org\/wp-content\/uploads\/2024\/07\/dso-2.19.2025-123-scaled-e1740611132809-445x445.jpg\" class=\"d-md-block img-fluid w-100 wp-post-image\" alt=\"\" srcset=\"https:\/\/www.dallassymphony.org\/wp-content\/uploads\/2024\/07\/dso-2.19.2025-123-scaled-e1740611132809-445x445.jpg 445w, https:\/\/www.dallassymphony.org\/wp-content\/uploads\/2024\/07\/dso-2.19.2025-123-scaled-e1740611132809-300x300.jpg 300w, https:\/\/www.dallassymphony.org\/wp-content\/uploads\/2024\/07\/dso-2.19.2025-123-scaled-e1740611132809-1024x1024.jpg 1024w, https:\/\/www.dallassymphony.org\/wp-content\/uploads\/2024\/07\/dso-2.19.2025-123-scaled-e1740611132809-150x150.jpg 150w, https:\/\/www.dallassymphony.org\/wp-content\/uploads\/2024\/07\/dso-2.19.2025-123-scaled-e1740611132809-768x768.jpg 768w, https:\/\/www.dallassymphony.org\/wp-content\/uploads\/2024\/07\/dso-2.19.2025-123-scaled-e1740611132809-1536x1536.jpg 1536w, https:\/\/www.dallassymphony.org\/wp-content\/uploads\/2024\/07\/dso-2.19.2025-123-scaled-e1740611132809-12x12.jpg 12w, https:\/\/www.dallassymphony.org\/wp-content\/uploads\/2024\/07\/dso-2.19.2025-123-scaled-e1740611132809-262x262.jpg 262w, https:\/\/www.dallassymphony.org\/wp-content\/uploads\/2024\/07\/dso-2.19.2025-123-scaled-e1740611132809-350x350.jpg 350w, https:\/\/www.dallassymphony.org\/wp-content\/uploads\/2024\/07\/dso-2.19.2025-123-scaled-e1740611132809-400x400.jpg 400w, https:\/\/www.dallassymphony.org\/wp-content\/uploads\/2024\/07\/dso-2.19.2025-123-scaled-e1740611132809-600x600.jpg 600w, https:\/\/www.dallassymphony.org\/wp-content\/uploads\/2024\/07\/dso-2.19.2025-123-scaled-e1740611132809.jpg 1706w\" sizes=\"auto, (max-width: 445px) 100vw, 445px\" \/>\t\t\t<\/div>\n\t\t\t<div class=\"col-md-7\">\n\t\t\t\t<div class=\"bio__content-wrapper\">\n\t\t\t\t\t<h1>Shira Samuels-Shragg<\/h1>\n\n                    <div class=\"bio__meta\">\n\t\t\t\t\t<p>Conductor asistente<\/p>\n<p>Marena y Roger Gault Silla<\/p>\n                    <\/div>\n\n\t\t\t\t\t<p>La directora de orquesta estadounidense Shira Samuels-Shragg se dedica a crear experiencias orquestales vibrantes y acogedoras tanto para los m\u00fasicos como para el p\u00fablico. Es directora asociada de la Orquesta Filarm\u00f3nica de Londres y directora asistente de la Orquesta Sinf\u00f3nica de Dallas. Su debut en la temporada de abonos en Dallas fue elogiado por aportar \u201cforma, prop\u00f3sito y un minucioso cuidado de los contrastes din\u00e1micos y los matices\u201d al podio (Dallas Morning News).<\/p>\n                    \t\t\t\t\t<a href=\"https:\/\/www.dallassymphony.org\/es\/people\/shira-samuels-shragg\/\" class=\"a-hover\">Leer m\u00e1s<\/a>\n                                        <div class=\"share d-flex align-items-center\">\n                        \n                                            <\/div>\n\t\t\t\t<\/div>\n\t\t\t<\/div>\n\t\t<\/div>\n\t<\/div>\n<\/div>\n\n\n\n<div class=\"bio__block m-spacer\">\n\t<div class=\"container\">\n\t\t<div class=\"row\">\n\t\t\t<div class=\"col-md-5 position-relative\">\n\t\t\t\t\t\t\t\t<img loading=\"lazy\" decoding=\"async\" width=\"445\" height=\"445\" src=\"https:\/\/www.dallassymphony.org\/wp-content\/uploads\/2020\/12\/Jeff-Tyzik-1600-x-1600-445x445.jpg\" class=\"d-md-block img-fluid w-100 wp-post-image\" alt=\"JEFF TYZIK DIRECTOR POPS DIRECTOR DOT &amp; PAUL MASON PODIO\" srcset=\"https:\/\/www.dallassymphony.org\/wp-content\/uploads\/2020\/12\/Jeff-Tyzik-1600-x-1600-445x445.jpg 445w, https:\/\/www.dallassymphony.org\/wp-content\/uploads\/2020\/12\/Jeff-Tyzik-1600-x-1600-300x300.jpg 300w, https:\/\/www.dallassymphony.org\/wp-content\/uploads\/2020\/12\/Jeff-Tyzik-1600-x-1600-1024x1024.jpg 1024w, https:\/\/www.dallassymphony.org\/wp-content\/uploads\/2020\/12\/Jeff-Tyzik-1600-x-1600-150x150.jpg 150w, https:\/\/www.dallassymphony.org\/wp-content\/uploads\/2020\/12\/Jeff-Tyzik-1600-x-1600-768x768.jpg 768w, https:\/\/www.dallassymphony.org\/wp-content\/uploads\/2020\/12\/Jeff-Tyzik-1600-x-1600-1536x1536.jpg 1536w, https:\/\/www.dallassymphony.org\/wp-content\/uploads\/2020\/12\/Jeff-Tyzik-1600-x-1600-12x12.jpg 12w, https:\/\/www.dallassymphony.org\/wp-content\/uploads\/2020\/12\/Jeff-Tyzik-1600-x-1600-262x262.jpg 262w, https:\/\/www.dallassymphony.org\/wp-content\/uploads\/2020\/12\/Jeff-Tyzik-1600-x-1600-350x350.jpg 350w, https:\/\/www.dallassymphony.org\/wp-content\/uploads\/2020\/12\/Jeff-Tyzik-1600-x-1600.jpg 1600w\" sizes=\"auto, (max-width: 445px) 100vw, 445px\" \/>\t\t\t<\/div>\n\t\t\t<div class=\"col-md-7\">\n\t\t\t\t<div class=\"bio__content-wrapper\">\n\t\t\t\t\t<h1>Jeff Tyzik<\/h1>\n\n                    <div class=\"bio__meta\">\n\t\t\t\t\t<p>Director principal em\u00e9rito de la orquesta Pops<\/p>\n                    <\/div>\n\n\t\t\t\t\t<p>Jeff Tyzik, ganador de un premio GRAMMY\u00ae, es uno de los directores de m\u00fasica pop m\u00e1s innovadores y solicitados de Estados Unidos. Tyzik es reconocido por sus brillantes arreglos, su programaci\u00f3n original y su conexi\u00f3n cautivadora con el p\u00fablico de todas las edades. Esta es la decimotercera temporada en la que Tyzik ocupa el puesto de director principal de m\u00fasica pop \u00abThe Dot and Paul Mason\u00bb en la Orquesta Sinf\u00f3nica de Dallas. Tambi\u00e9n se desempe\u00f1a como director principal de m\u00fasica pop tanto de la Orquesta Sinf\u00f3nica de Detroit como de la Orquesta Sinf\u00f3nica de Oreg\u00f3n. La temporada 2023\/24 marcar\u00e1 la trig\u00e9sima temporada de Tyzik como director principal de m\u00fasica pop de la Orquesta Filarm\u00f3nica de Rochester. Tyzik debut\u00f3 con la Orquesta de Cleveland en julio de 2022 en el Festival Blossom y dirigir\u00e1 a la Filarm\u00f3nica de Nueva York y a la Orquesta de Filadelfia en la temporada 23\/24.<\/p>\n                    \t\t\t\t\t<a href=\"https:\/\/www.dallassymphony.org\/es\/people\/jeff-tyzik\/\" class=\"a-hover\">Leer m\u00e1s<\/a>\n                                        <div class=\"share d-flex align-items-center\">\n                        \n                                            <\/div>\n\t\t\t\t<\/div>\n\t\t\t<\/div>\n\t\t<\/div>\n\t<\/div>\n<\/div>\n\n\n\n<div class=\"bio__block m-spacer\">\n\t<div class=\"container\">\n\t\t<div class=\"row\">\n\t\t\t<div class=\"col-md-5 position-relative\">\n\t\t\t\t\t\t\t\t<img loading=\"lazy\" decoding=\"async\" width=\"445\" height=\"445\" src=\"https:\/\/www.dallassymphony.org\/wp-content\/uploads\/2021\/04\/Enrico-Lopez-Yanez-Crop-Canva-edited-445x445.png\" class=\"d-md-block img-fluid w-100 wp-post-image\" alt=\"\" srcset=\"https:\/\/www.dallassymphony.org\/wp-content\/uploads\/2021\/04\/Enrico-Lopez-Yanez-Crop-Canva-edited-445x445.png 445w, https:\/\/www.dallassymphony.org\/wp-content\/uploads\/2021\/04\/Enrico-Lopez-Yanez-Crop-Canva-edited-300x300.png 300w, https:\/\/www.dallassymphony.org\/wp-content\/uploads\/2021\/04\/Enrico-Lopez-Yanez-Crop-Canva-edited-1024x1024.png 1024w, https:\/\/www.dallassymphony.org\/wp-content\/uploads\/2021\/04\/Enrico-Lopez-Yanez-Crop-Canva-edited-150x150.png 150w, https:\/\/www.dallassymphony.org\/wp-content\/uploads\/2021\/04\/Enrico-Lopez-Yanez-Crop-Canva-edited-768x768.png 768w, https:\/\/www.dallassymphony.org\/wp-content\/uploads\/2021\/04\/Enrico-Lopez-Yanez-Crop-Canva-edited-12x12.png 12w, https:\/\/www.dallassymphony.org\/wp-content\/uploads\/2021\/04\/Enrico-Lopez-Yanez-Crop-Canva-edited-262x262.png 262w, https:\/\/www.dallassymphony.org\/wp-content\/uploads\/2021\/04\/Enrico-Lopez-Yanez-Crop-Canva-edited-350x350.png 350w, https:\/\/www.dallassymphony.org\/wp-content\/uploads\/2021\/04\/Enrico-Lopez-Yanez-Crop-Canva-edited.png 1080w\" sizes=\"auto, (max-width: 445px) 100vw, 445px\" \/>\t\t\t<\/div>\n\t\t\t<div class=\"col-md-7\">\n\t\t\t\t<div class=\"bio__content-wrapper\">\n\t\t\t\t\t<h1>Enrico L\u00f3pez-Y\u00e1\u00f1ez<\/h1>\n\n                    <div class=\"bio__meta\">\n\t\t\t\t\t<p>Creative Director &amp; Principal Conductor of Pops and Specials<\/p>\n<p>Nancy A. Nasher &amp; David J. Haemisegger Chair | Dot &amp; Paul Mason Podium<\/p>\n                    <\/div>\n\n\t\t\t\t\t<p>Enrico Lopez-Ya\u00f1ez\u202fis redefining what it means to be a conductor in the 21st Century. Celebrated for his charismatic stage presence, genre-defining collaborations and passion for making orchestral music accessible to all, Lopez-Ya\u00f1ez is one of the most innovative and in-demand conductors in North America. He currently serves as Creative Director and Principal Conductor of Pops and Specials at the Dallas Symphony, Principal Pops Conductor for the Detroit and Pacific Symphonies, as well as Principal Guest Conductor of Pops at the Indianapolis Symphony Orchestra. He previously spent eight seasons conducting the Nashville Symphony, where he also served as their Principal Pops Conductor.\u202fAs a trailblazer in the symphonic world, Lopez-Ya\u00f1ez has premiered dozens of groundbreaking symphonic collaborations with artists including Dolly Parton, Kelsea Ballerini, Portugal. The Man, The Mavericks, Tituss Burgess, Trisha Yearwood, The Lone Bellow and The War and Treaty. His wide-ranging collaborations span genres and generations, featuring artists such as Nas, Common, Itzhak Perlman, Jos\u00e9 Carreras, Kenny Loggins, Stewart Copeland, Toby Keith, Leslie Odom Jr., Patti LaBelle, Gladys Knight, Samara Joy, Ben Rector, Ben Folds, The Beach Boys, Tower of Power and Kenny G.<\/p>\n                    \t\t\t\t\t<a href=\"https:\/\/www.dallassymphony.org\/es\/people\/enrico-lopez-yanez\/\" class=\"a-hover\">Leer m\u00e1s<\/a>\n                                        <div class=\"share d-flex align-items-center\">\n                        \n                                            <\/div>\n\t\t\t\t<\/div>\n\t\t\t<\/div>\n\t\t<\/div>\n\t<\/div>\n<\/div>\n\n\n\n<div class=\"bio__block m-spacer\">\n\t<div class=\"container\">\n\t\t<div class=\"row\">\n\t\t\t<div class=\"col-md-5 position-relative\">\n\t\t\t\t\t\t\t\t<img loading=\"lazy\" decoding=\"async\" width=\"445\" height=\"445\" src=\"https:\/\/www.dallassymphony.org\/wp-content\/uploads\/2020\/11\/Anthony-Blake-Clark-445x445.png\" class=\"d-md-block img-fluid w-100 wp-post-image\" alt=\"\" srcset=\"https:\/\/www.dallassymphony.org\/wp-content\/uploads\/2020\/11\/Anthony-Blake-Clark-445x445.png 445w, https:\/\/www.dallassymphony.org\/wp-content\/uploads\/2020\/11\/Anthony-Blake-Clark-300x300.png 300w, https:\/\/www.dallassymphony.org\/wp-content\/uploads\/2020\/11\/Anthony-Blake-Clark-1024x1024.png 1024w, https:\/\/www.dallassymphony.org\/wp-content\/uploads\/2020\/11\/Anthony-Blake-Clark-150x150.png 150w, https:\/\/www.dallassymphony.org\/wp-content\/uploads\/2020\/11\/Anthony-Blake-Clark-768x768.png 768w, https:\/\/www.dallassymphony.org\/wp-content\/uploads\/2020\/11\/Anthony-Blake-Clark-12x12.png 12w, https:\/\/www.dallassymphony.org\/wp-content\/uploads\/2020\/11\/Anthony-Blake-Clark-262x262.png 262w, https:\/\/www.dallassymphony.org\/wp-content\/uploads\/2020\/11\/Anthony-Blake-Clark-350x350.png 350w, https:\/\/www.dallassymphony.org\/wp-content\/uploads\/2020\/11\/Anthony-Blake-Clark-400x400.png 400w, https:\/\/www.dallassymphony.org\/wp-content\/uploads\/2020\/11\/Anthony-Blake-Clark-600x600.png 600w, https:\/\/www.dallassymphony.org\/wp-content\/uploads\/2020\/11\/Anthony-Blake-Clark.png 1200w\" sizes=\"auto, (max-width: 445px) 100vw, 445px\" \/>\t\t\t<\/div>\n\t\t\t<div class=\"col-md-7\">\n\t\t\t\t<div class=\"bio__content-wrapper\">\n\t\t\t\t\t<h1>Anthony Blake Clark<\/h1>\n\n                    <div class=\"bio__meta\">\n\t\t\t\t\t<p>Director del coro<\/p>\n<p>Jean D. Wilson Chair<\/p>\n                    <\/div>\n\n\t\t\t\t\t<p>Anthony Blake Clark es una figura destacada entre los directores corales de su generaci\u00f3n, muy solicitado tanto por conjuntos amateurs como profesionales por su \u201cmusicalidad evidente\u201d (<em>Baltimore Sun<\/em>) y su convicci\u00f3n de que la m\u00fasica cl\u00e1sica puede transformar vidas tanto en el escenario como entre el p\u00fablico.<\/p>\n                    \t\t\t\t\t<a href=\"https:\/\/www.dallassymphony.org\/es\/people\/anthony-blake-clark\/\" class=\"a-hover\">Leer m\u00e1s<\/a>\n                                        <div class=\"share d-flex align-items-center\">\n                        \n                                            <\/div>\n\t\t\t\t<\/div>\n\t\t\t<\/div>\n\t\t<\/div>\n\t<\/div>\n<\/div>\n\n\n\n<div class=\"bio__block m-spacer\">\n\t<div class=\"container\">\n\t\t<div class=\"row\">\n\t\t\t<div class=\"col-md-5 position-relative\">\n\t\t\t\t\t\t\t\t<img loading=\"lazy\" decoding=\"async\" width=\"445\" height=\"445\" src=\"https:\/\/www.dallassymphony.org\/wp-content\/uploads\/2025\/05\/People-768x768-1-445x445.png\" class=\"d-md-block img-fluid w-100 wp-post-image\" alt=\"\" srcset=\"https:\/\/www.dallassymphony.org\/wp-content\/uploads\/2025\/05\/People-768x768-1-445x445.png 445w, https:\/\/www.dallassymphony.org\/wp-content\/uploads\/2025\/05\/People-768x768-1-300x300.png 300w, https:\/\/www.dallassymphony.org\/wp-content\/uploads\/2025\/05\/People-768x768-1-150x150.png 150w, https:\/\/www.dallassymphony.org\/wp-content\/uploads\/2025\/05\/People-768x768-1-12x12.png 12w, https:\/\/www.dallassymphony.org\/wp-content\/uploads\/2025\/05\/People-768x768-1-262x262.png 262w, https:\/\/www.dallassymphony.org\/wp-content\/uploads\/2025\/05\/People-768x768-1-350x350.png 350w, https:\/\/www.dallassymphony.org\/wp-content\/uploads\/2025\/05\/People-768x768-1-400x400.png 400w, https:\/\/www.dallassymphony.org\/wp-content\/uploads\/2025\/05\/People-768x768-1-600x600.png 600w, https:\/\/www.dallassymphony.org\/wp-content\/uploads\/2025\/05\/People-768x768-1.png 768w\" sizes=\"auto, (max-width: 445px) 100vw, 445px\" \/>\t\t\t<\/div>\n\t\t\t<div class=\"col-md-7\">\n\t\t\t\t<div class=\"bio__content-wrapper\">\n\t\t\t\t\t<h1>Vacante<\/h1>\n\n                    <div class=\"bio__meta\">\n\t\t\t\t\t<p>Compositor residente<\/p>\n<p>C\u00e1tedra Lisa &amp; Robert Segert<\/p>\n                    <\/div>\n\n\t\t\t\t\t<p>Aunque actualmente est\u00e1 vacante, el cargo de compositora residente lo han ocupado recientemente Sophia Jani (2023-2026) y Ang\u00e9lica Negr\u00f3n (2021-2023).<\/p>\n                    \t\t\t\t\t<a href=\"https:\/\/www.dallassymphony.org\/es\/people\/vacant-3\/\" class=\"a-hover\">Leer m\u00e1s<\/a>\n                                        <div class=\"share d-flex align-items-center\">\n                        \n                                            <\/div>\n\t\t\t\t<\/div>\n\t\t\t<\/div>\n\t\t<\/div>\n\t<\/div>\n<\/div>\n\n\n\n<div class=\"bio__block m-spacer\">\n\t<div class=\"container\">\n\t\t<div class=\"row\">\n\t\t\t<div class=\"col-md-5 position-relative\">\n\t\t\t\t\t\t\t\t<img loading=\"lazy\" decoding=\"async\" width=\"445\" height=\"445\" src=\"https:\/\/www.dallassymphony.org\/wp-content\/uploads\/2025\/05\/People-768x768-1-445x445.png\" class=\"d-md-block img-fluid w-100 wp-post-image\" alt=\"\" srcset=\"https:\/\/www.dallassymphony.org\/wp-content\/uploads\/2025\/05\/People-768x768-1-445x445.png 445w, https:\/\/www.dallassymphony.org\/wp-content\/uploads\/2025\/05\/People-768x768-1-300x300.png 300w, https:\/\/www.dallassymphony.org\/wp-content\/uploads\/2025\/05\/People-768x768-1-150x150.png 150w, https:\/\/www.dallassymphony.org\/wp-content\/uploads\/2025\/05\/People-768x768-1-12x12.png 12w, https:\/\/www.dallassymphony.org\/wp-content\/uploads\/2025\/05\/People-768x768-1-262x262.png 262w, https:\/\/www.dallassymphony.org\/wp-content\/uploads\/2025\/05\/People-768x768-1-350x350.png 350w, https:\/\/www.dallassymphony.org\/wp-content\/uploads\/2025\/05\/People-768x768-1-400x400.png 400w, https:\/\/www.dallassymphony.org\/wp-content\/uploads\/2025\/05\/People-768x768-1-600x600.png 600w, https:\/\/www.dallassymphony.org\/wp-content\/uploads\/2025\/05\/People-768x768-1.png 768w\" sizes=\"auto, (max-width: 445px) 100vw, 445px\" \/>\t\t\t<\/div>\n\t\t\t<div class=\"col-md-7\">\n\t\t\t\t<div class=\"bio__content-wrapper\">\n\t\t\t\t\t<h1>Vacante<\/h1>\n\n                    <div class=\"bio__meta\">\n\t\t\t\t\t<p>Principal director invitado<\/p>\n<p>Dolores G. &amp; Lawrence S. Barzune, M.D. Presidente<\/p>\n                    <\/div>\n\n\t\t\t\t\t<p>Aunque actualmente est\u00e1 vacante, el Principal Director Invitado ha sido ocupado recientemente por Gemma New (2019-2023) y Claus Peter Flor (1999-2008).<\/p>\n                    \t\t\t\t\t<a href=\"https:\/\/www.dallassymphony.org\/es\/people\/vacant-2\/\" class=\"a-hover\">Leer m\u00e1s<\/a>\n                                        <div class=\"share d-flex align-items-center\">\n                        \n                                            <\/div>\n\t\t\t\t<\/div>\n\t\t\t<\/div>\n\t\t<\/div>\n\t<\/div>\n<\/div>\n\n\n\n<div class=\"people-grid m-spacer\">\n\t<div class=\"container\">\n\t\t<div class=\"row\">\n\t\t\t<div class=\"col-12\">\n\t\t\t\t<h1>Cuerdas<\/h1>\n                <h2>Viol\u00edn I<\/h2>\n\t\t\t<\/div>\n\t\t<\/div>\n\t\t<div class=\"row\">\n\t\t\t<div class=\"col-md-4 col-6\">\n\t<div class=\"people__card grad-to-left\">\n\t\t<a href=\"https:\/\/www.dallassymphony.org\/es\/people\/alexander-kerr\/\">\n\t\t\t<img loading=\"lazy\" decoding=\"async\" width=\"350\" height=\"350\" src=\"https:\/\/www.dallassymphony.org\/wp-content\/uploads\/2020\/11\/Alexander-Kerr-350x350.jpg\" class=\"img-fluid w-100 wp-post-image\" alt=\"Alexander Kerr, director de ceremonias, Violin, Michael L. Rosenberg, presidente de la Sinf\u00f3nica de Dallas.\" srcset=\"https:\/\/www.dallassymphony.org\/wp-content\/uploads\/2020\/11\/Alexander-Kerr-350x350.jpg 350w, https:\/\/www.dallassymphony.org\/wp-content\/uploads\/2020\/11\/Alexander-Kerr-300x300.jpg 300w, https:\/\/www.dallassymphony.org\/wp-content\/uploads\/2020\/11\/Alexander-Kerr-1024x1024.jpg 1024w, https:\/\/www.dallassymphony.org\/wp-content\/uploads\/2020\/11\/Alexander-Kerr-150x150.jpg 150w, https:\/\/www.dallassymphony.org\/wp-content\/uploads\/2020\/11\/Alexander-Kerr-768x768.jpg 768w, https:\/\/www.dallassymphony.org\/wp-content\/uploads\/2020\/11\/Alexander-Kerr-12x12.jpg 12w, https:\/\/www.dallassymphony.org\/wp-content\/uploads\/2020\/11\/Alexander-Kerr-262x262.jpg 262w, https:\/\/www.dallassymphony.org\/wp-content\/uploads\/2020\/11\/Alexander-Kerr-445x445.jpg 445w, https:\/\/www.dallassymphony.org\/wp-content\/uploads\/2020\/11\/Alexander-Kerr.jpg 1200w\" sizes=\"auto, (max-width: 350px) 100vw, 350px\" \/>\t\t\t<div class=\"card__content-wrapper\">\n\t\t\t\t<h4>Alexander Kerr<\/h4>\n\t\t\t\t<p><p>Concertmaster<\/p>\n<p>Michael L. Rosenberg Presidente<\/p>\n<\/p>\n\n                \t\t\t\t<span class=\"a-hover\">Leer m\u00e1s<\/span>\n                \t\t\t<\/div>\n\t\t<\/a>\n\t<\/div>\n<\/div><div class=\"col-md-4 col-6\">\n\t<div class=\"people__card grad-to-left\">\n\t\t<a href=\"https:\/\/www.dallassymphony.org\/es\/people\/nathan-olson\/\">\n\t\t\t<img loading=\"lazy\" decoding=\"async\" width=\"350\" height=\"350\" src=\"https:\/\/www.dallassymphony.org\/wp-content\/uploads\/2020\/11\/Nathan-Olson-1-350x350.jpg\" class=\"img-fluid w-100 wp-post-image\" alt=\"Nathan Olson, director de conciertos, Violin I, Fanchon y Howard Hallam, presidente de la Sinf\u00f3nica de Dallas.\" srcset=\"https:\/\/www.dallassymphony.org\/wp-content\/uploads\/2020\/11\/Nathan-Olson-1-350x350.jpg 350w, https:\/\/www.dallassymphony.org\/wp-content\/uploads\/2020\/11\/Nathan-Olson-1-300x300.jpg 300w, https:\/\/www.dallassymphony.org\/wp-content\/uploads\/2020\/11\/Nathan-Olson-1-1024x1024.jpg 1024w, https:\/\/www.dallassymphony.org\/wp-content\/uploads\/2020\/11\/Nathan-Olson-1-150x150.jpg 150w, https:\/\/www.dallassymphony.org\/wp-content\/uploads\/2020\/11\/Nathan-Olson-1-768x768.jpg 768w, https:\/\/www.dallassymphony.org\/wp-content\/uploads\/2020\/11\/Nathan-Olson-1-12x12.jpg 12w, https:\/\/www.dallassymphony.org\/wp-content\/uploads\/2020\/11\/Nathan-Olson-1-262x262.jpg 262w, https:\/\/www.dallassymphony.org\/wp-content\/uploads\/2020\/11\/Nathan-Olson-1-445x445.jpg 445w, https:\/\/www.dallassymphony.org\/wp-content\/uploads\/2020\/11\/Nathan-Olson-1.jpg 1200w\" sizes=\"auto, (max-width: 350px) 100vw, 350px\" \/>\t\t\t<div class=\"card__content-wrapper\">\n\t\t\t\t<h4>Nathan Olson<\/h4>\n\t\t\t\t<p><p>Co-director del concierto<\/p>\n<p>Fanchon &amp; Howard Hallam Chair<\/p>\n<\/p>\n\n                \t\t\t\t<span class=\"a-hover\">Leer m\u00e1s<\/span>\n                \t\t\t<\/div>\n\t\t<\/a>\n\t<\/div>\n<\/div><div class=\"col-md-4 col-6\">\n\t<div class=\"people__card grad-to-left\">\n\t\t<a href=\"https:\/\/www.dallassymphony.org\/es\/people\/emmanuelle-boisvert\/\">\n\t\t\t<img loading=\"lazy\" decoding=\"async\" width=\"350\" height=\"350\" src=\"https:\/\/www.dallassymphony.org\/wp-content\/uploads\/2020\/11\/Emmanuelle-Boisvert-1-350x350.jpg\" class=\"img-fluid w-100 wp-post-image\" alt=\"\" srcset=\"https:\/\/www.dallassymphony.org\/wp-content\/uploads\/2020\/11\/Emmanuelle-Boisvert-1-350x350.jpg 350w, https:\/\/www.dallassymphony.org\/wp-content\/uploads\/2020\/11\/Emmanuelle-Boisvert-1-300x300.jpg 300w, https:\/\/www.dallassymphony.org\/wp-content\/uploads\/2020\/11\/Emmanuelle-Boisvert-1-1024x1024.jpg 1024w, https:\/\/www.dallassymphony.org\/wp-content\/uploads\/2020\/11\/Emmanuelle-Boisvert-1-150x150.jpg 150w, https:\/\/www.dallassymphony.org\/wp-content\/uploads\/2020\/11\/Emmanuelle-Boisvert-1-768x768.jpg 768w, https:\/\/www.dallassymphony.org\/wp-content\/uploads\/2020\/11\/Emmanuelle-Boisvert-1-12x12.jpg 12w, https:\/\/www.dallassymphony.org\/wp-content\/uploads\/2020\/11\/Emmanuelle-Boisvert-1-262x262.jpg 262w, https:\/\/www.dallassymphony.org\/wp-content\/uploads\/2020\/11\/Emmanuelle-Boisvert-1-445x445.jpg 445w, https:\/\/www.dallassymphony.org\/wp-content\/uploads\/2020\/11\/Emmanuelle-Boisvert-1.jpg 1200w\" sizes=\"auto, (max-width: 350px) 100vw, 350px\" \/>\t\t\t<div class=\"card__content-wrapper\">\n\t\t\t\t<h4>Emmanuelle Boisvert<\/h4>\n\t\t\t\t<p><p>Concertino asociado<\/p>\n<p>Robert E. &amp; Jean Ann Titus Family Chair<\/p>\n<\/p>\n\n                \t\t\t\t<span class=\"a-hover\">Leer m\u00e1s<\/span>\n                \t\t\t<\/div>\n\t\t<\/a>\n\t<\/div>\n<\/div><div class=\"col-md-4 col-6\">\n\t<div class=\"people__card grad-to-left\">\n\t\t<a href=\"https:\/\/www.dallassymphony.org\/es\/people\/eunice-keem\/\">\n\t\t\t<img loading=\"lazy\" decoding=\"async\" width=\"350\" height=\"350\" src=\"https:\/\/www.dallassymphony.org\/wp-content\/uploads\/2020\/11\/Eunice-Keem-1-350x350.jpg\" class=\"img-fluid w-100 wp-post-image\" alt=\"Eunice Keem, Concertista Asociada, Violin, Marcella Poppen, Presidenta de la Sinfon\u00eda de Dallas.\" srcset=\"https:\/\/www.dallassymphony.org\/wp-content\/uploads\/2020\/11\/Eunice-Keem-1-350x350.jpg 350w, https:\/\/www.dallassymphony.org\/wp-content\/uploads\/2020\/11\/Eunice-Keem-1-300x300.jpg 300w, https:\/\/www.dallassymphony.org\/wp-content\/uploads\/2020\/11\/Eunice-Keem-1-1024x1024.jpg 1024w, https:\/\/www.dallassymphony.org\/wp-content\/uploads\/2020\/11\/Eunice-Keem-1-150x150.jpg 150w, https:\/\/www.dallassymphony.org\/wp-content\/uploads\/2020\/11\/Eunice-Keem-1-768x768.jpg 768w, https:\/\/www.dallassymphony.org\/wp-content\/uploads\/2020\/11\/Eunice-Keem-1-12x12.jpg 12w, https:\/\/www.dallassymphony.org\/wp-content\/uploads\/2020\/11\/Eunice-Keem-1-262x262.jpg 262w, https:\/\/www.dallassymphony.org\/wp-content\/uploads\/2020\/11\/Eunice-Keem-1-445x445.jpg 445w, https:\/\/www.dallassymphony.org\/wp-content\/uploads\/2020\/11\/Eunice-Keem-1.jpg 1200w\" sizes=\"auto, (max-width: 350px) 100vw, 350px\" \/>\t\t\t<div class=\"card__content-wrapper\">\n\t\t\t\t<h4>Eunice Keem<\/h4>\n\t\t\t\t<p><p>Concertino asociado<\/p>\n<p>Marcella Poppen Silla<\/p>\n<\/p>\n\n                \t\t\t\t<span class=\"a-hover\">Leer m\u00e1s<\/span>\n                \t\t\t<\/div>\n\t\t<\/a>\n\t<\/div>\n<\/div><div class=\"col-md-4 col-6\">\n\t<div class=\"people__card grad-to-left\">\n\t\t<a href=\"https:\/\/www.dallassymphony.org\/es\/people\/filip-fenrych\/\">\n\t\t\t<img loading=\"lazy\" decoding=\"async\" width=\"350\" height=\"350\" src=\"https:\/\/www.dallassymphony.org\/wp-content\/uploads\/2020\/11\/Filip-Fenrych-350x350.jpg\" class=\"img-fluid w-100 wp-post-image\" alt=\"Filip Fenrych_Viol\u00edn I_Sinfon\u00eda de Dallas\" srcset=\"https:\/\/www.dallassymphony.org\/wp-content\/uploads\/2020\/11\/Filip-Fenrych-350x350.jpg 350w, https:\/\/www.dallassymphony.org\/wp-content\/uploads\/2020\/11\/Filip-Fenrych-300x300.jpg 300w, https:\/\/www.dallassymphony.org\/wp-content\/uploads\/2020\/11\/Filip-Fenrych-1024x1024.jpg 1024w, https:\/\/www.dallassymphony.org\/wp-content\/uploads\/2020\/11\/Filip-Fenrych-150x150.jpg 150w, https:\/\/www.dallassymphony.org\/wp-content\/uploads\/2020\/11\/Filip-Fenrych-768x768.jpg 768w, https:\/\/www.dallassymphony.org\/wp-content\/uploads\/2020\/11\/Filip-Fenrych-12x12.jpg 12w, https:\/\/www.dallassymphony.org\/wp-content\/uploads\/2020\/11\/Filip-Fenrych-262x262.jpg 262w, https:\/\/www.dallassymphony.org\/wp-content\/uploads\/2020\/11\/Filip-Fenrych-445x445.jpg 445w, https:\/\/www.dallassymphony.org\/wp-content\/uploads\/2020\/11\/Filip-Fenrych.jpg 1200w\" sizes=\"auto, (max-width: 350px) 100vw, 350px\" \/>\t\t\t<div class=\"card__content-wrapper\">\n\t\t\t\t<h4>Filip Fenrych<\/h4>\n\t\t\t\t<p><p>Viol\u00edn<\/p>\n<p>W. Paul Radman, DDS &amp; Jane Vandecar Presidente<\/p>\n<\/p>\n\n                \t\t\t\t<span class=\"a-hover\">Leer m\u00e1s<\/span>\n                \t\t\t<\/div>\n\t\t<\/a>\n\t<\/div>\n<\/div><div class=\"col-md-4 col-6\">\n\t<div class=\"people__card grad-to-left\">\n\t\t<a href=\"https:\/\/www.dallassymphony.org\/es\/people\/maria-schleuning\/\">\n\t\t\t<img loading=\"lazy\" decoding=\"async\" width=\"350\" height=\"350\" src=\"https:\/\/www.dallassymphony.org\/wp-content\/uploads\/2020\/11\/Maria-Schleuning-siced-350x350.jpg\" class=\"img-fluid w-100 wp-post-image\" alt=\"Maria Schleuning\" srcset=\"https:\/\/www.dallassymphony.org\/wp-content\/uploads\/2020\/11\/Maria-Schleuning-siced-350x350.jpg 350w, https:\/\/www.dallassymphony.org\/wp-content\/uploads\/2020\/11\/Maria-Schleuning-siced-150x150.jpg 150w, https:\/\/www.dallassymphony.org\/wp-content\/uploads\/2020\/11\/Maria-Schleuning-siced-262x262.jpg 262w, https:\/\/www.dallassymphony.org\/wp-content\/uploads\/2020\/11\/Maria-Schleuning-siced-445x445.jpg 445w\" sizes=\"auto, (max-width: 350px) 100vw, 350px\" \/>\t\t\t<div class=\"card__content-wrapper\">\n\t\t\t\t<h4>Maria Schleuning<\/h4>\n\t\t\t\t<p><p>Viol\u00edn<\/p>\n<p>Silla de Norma y Don Stone<\/p>\n<\/p>\n\n                \t\t\t\t<span class=\"a-hover\">Leer m\u00e1s<\/span>\n                \t\t\t<\/div>\n\t\t<\/a>\n\t<\/div>\n<\/div><div class=\"col-md-4 col-6\">\n\t<div class=\"people__card grad-to-left\">\n\t\t<a href=\"https:\/\/www.dallassymphony.org\/es\/people\/lucas-aleman\/\">\n\t\t\t<img loading=\"lazy\" decoding=\"async\" width=\"350\" height=\"350\" src=\"https:\/\/www.dallassymphony.org\/wp-content\/uploads\/2020\/11\/Lucas-Aleman-1-350x350.jpg\" class=\"img-fluid w-100 wp-post-image\" alt=\"Lucas Alem\u00e1n, la Sinfon\u00eda de Viena I de Dallas\" srcset=\"https:\/\/www.dallassymphony.org\/wp-content\/uploads\/2020\/11\/Lucas-Aleman-1-350x350.jpg 350w, https:\/\/www.dallassymphony.org\/wp-content\/uploads\/2020\/11\/Lucas-Aleman-1-300x300.jpg 300w, https:\/\/www.dallassymphony.org\/wp-content\/uploads\/2020\/11\/Lucas-Aleman-1-1024x1024.jpg 1024w, https:\/\/www.dallassymphony.org\/wp-content\/uploads\/2020\/11\/Lucas-Aleman-1-150x150.jpg 150w, https:\/\/www.dallassymphony.org\/wp-content\/uploads\/2020\/11\/Lucas-Aleman-1-768x768.jpg 768w, https:\/\/www.dallassymphony.org\/wp-content\/uploads\/2020\/11\/Lucas-Aleman-1-12x12.jpg 12w, https:\/\/www.dallassymphony.org\/wp-content\/uploads\/2020\/11\/Lucas-Aleman-1-262x262.jpg 262w, https:\/\/www.dallassymphony.org\/wp-content\/uploads\/2020\/11\/Lucas-Aleman-1-445x445.jpg 445w, https:\/\/www.dallassymphony.org\/wp-content\/uploads\/2020\/11\/Lucas-Aleman-1.jpg 1200w\" sizes=\"auto, (max-width: 350px) 100vw, 350px\" \/>\t\t\t<div class=\"card__content-wrapper\">\n\t\t\t\t<h4>Lucas Alem\u00e1n<\/h4>\n\t\t\t\t<p><p>Viol\u00edn<\/p>\n<p>Presidente de la Liga de la Orquesta Sinf\u00f3nica de Dallas<\/p>\n<\/p>\n\n                \t\t\t\t<span class=\"a-hover\">Leer m\u00e1s<\/span>\n                \t\t\t<\/div>\n\t\t<\/a>\n\t<\/div>\n<\/div><div class=\"col-md-4 col-6\">\n\t<div class=\"people__card grad-to-left\">\n\t\t<a href=\"https:\/\/www.dallassymphony.org\/es\/people\/jenna-barghouti\/\">\n\t\t\t<img loading=\"lazy\" decoding=\"async\" width=\"350\" height=\"350\" src=\"https:\/\/www.dallassymphony.org\/wp-content\/uploads\/2020\/11\/Jenna-Barghouti-Update-1200x1200-1-350x350.jpg\" class=\"img-fluid w-100 wp-post-image\" alt=\"\" srcset=\"https:\/\/www.dallassymphony.org\/wp-content\/uploads\/2020\/11\/Jenna-Barghouti-Update-1200x1200-1-350x350.jpg 350w, https:\/\/www.dallassymphony.org\/wp-content\/uploads\/2020\/11\/Jenna-Barghouti-Update-1200x1200-1-300x300.jpg 300w, https:\/\/www.dallassymphony.org\/wp-content\/uploads\/2020\/11\/Jenna-Barghouti-Update-1200x1200-1-1024x1024.jpg 1024w, https:\/\/www.dallassymphony.org\/wp-content\/uploads\/2020\/11\/Jenna-Barghouti-Update-1200x1200-1-150x150.jpg 150w, https:\/\/www.dallassymphony.org\/wp-content\/uploads\/2020\/11\/Jenna-Barghouti-Update-1200x1200-1-768x768.jpg 768w, https:\/\/www.dallassymphony.org\/wp-content\/uploads\/2020\/11\/Jenna-Barghouti-Update-1200x1200-1-12x12.jpg 12w, https:\/\/www.dallassymphony.org\/wp-content\/uploads\/2020\/11\/Jenna-Barghouti-Update-1200x1200-1-262x262.jpg 262w, https:\/\/www.dallassymphony.org\/wp-content\/uploads\/2020\/11\/Jenna-Barghouti-Update-1200x1200-1-445x445.jpg 445w, https:\/\/www.dallassymphony.org\/wp-content\/uploads\/2020\/11\/Jenna-Barghouti-Update-1200x1200-1.jpg 1200w\" sizes=\"auto, (max-width: 350px) 100vw, 350px\" \/>\t\t\t<div class=\"card__content-wrapper\">\n\t\t\t\t<h4>Jenna Barghouti<\/h4>\n\t\t\t\t<p><p>Viol\u00edn<\/p>\n<p>C\u00e1tedra Marie A. Moore<\/p>\n<\/p>\n\n                \t\t\t\t<span class=\"a-hover\">Leer m\u00e1s<\/span>\n                \t\t\t<\/div>\n\t\t<\/a>\n\t<\/div>\n<\/div><div class=\"col-md-4 col-6\">\n\t<div class=\"people__card grad-to-left\">\n\t\t<a href=\"https:\/\/www.dallassymphony.org\/es\/people\/gary-levinson\/\">\n\t\t\t<img loading=\"lazy\" decoding=\"async\" width=\"350\" height=\"350\" src=\"https:\/\/www.dallassymphony.org\/wp-content\/uploads\/2020\/11\/Gary-Levinson-1-350x350.jpg\" class=\"img-fluid w-100 wp-post-image\" alt=\"Gary Levinson, Concertino principal principal de la Sinfon\u00eda de Viol\u00edn I de Dallas.\" srcset=\"https:\/\/www.dallassymphony.org\/wp-content\/uploads\/2020\/11\/Gary-Levinson-1-350x350.jpg 350w, https:\/\/www.dallassymphony.org\/wp-content\/uploads\/2020\/11\/Gary-Levinson-1-300x300.jpg 300w, https:\/\/www.dallassymphony.org\/wp-content\/uploads\/2020\/11\/Gary-Levinson-1-1024x1024.jpg 1024w, https:\/\/www.dallassymphony.org\/wp-content\/uploads\/2020\/11\/Gary-Levinson-1-150x150.jpg 150w, https:\/\/www.dallassymphony.org\/wp-content\/uploads\/2020\/11\/Gary-Levinson-1-768x768.jpg 768w, https:\/\/www.dallassymphony.org\/wp-content\/uploads\/2020\/11\/Gary-Levinson-1-12x12.jpg 12w, https:\/\/www.dallassymphony.org\/wp-content\/uploads\/2020\/11\/Gary-Levinson-1-262x262.jpg 262w, https:\/\/www.dallassymphony.org\/wp-content\/uploads\/2020\/11\/Gary-Levinson-1-445x445.jpg 445w, https:\/\/www.dallassymphony.org\/wp-content\/uploads\/2020\/11\/Gary-Levinson-1.jpg 1200w\" sizes=\"auto, (max-width: 350px) 100vw, 350px\" \/>\t\t\t<div class=\"card__content-wrapper\">\n\t\t\t\t<h4>Gary Levinson<\/h4>\n\t\t\t\t<p><p>Concertino principal asociado em\u00e9rito<\/p>\n<p>Enika Schulze Presidente<\/p>\n<\/p>\n\n                \t\t\t\t<span class=\"a-hover\">Leer m\u00e1s<\/span>\n                \t\t\t<\/div>\n\t\t<\/a>\n\t<\/div>\n<\/div><div class=\"col-md-4 col-6\">\n\t<div class=\"people__card grad-to-left\">\n\t\t<a href=\"https:\/\/www.dallassymphony.org\/es\/people\/andrew-schast\/\">\n\t\t\t<img loading=\"lazy\" decoding=\"async\" width=\"350\" height=\"350\" src=\"https:\/\/www.dallassymphony.org\/wp-content\/uploads\/2020\/11\/Andrew-Schast-350x350.jpg\" class=\"img-fluid w-100 wp-post-image\" alt=\"Andrew Schast_Violin I_Sinfon\u00eda de Dallas\" srcset=\"https:\/\/www.dallassymphony.org\/wp-content\/uploads\/2020\/11\/Andrew-Schast-350x350.jpg 350w, https:\/\/www.dallassymphony.org\/wp-content\/uploads\/2020\/11\/Andrew-Schast-300x300.jpg 300w, https:\/\/www.dallassymphony.org\/wp-content\/uploads\/2020\/11\/Andrew-Schast-1024x1024.jpg 1024w, https:\/\/www.dallassymphony.org\/wp-content\/uploads\/2020\/11\/Andrew-Schast-150x150.jpg 150w, https:\/\/www.dallassymphony.org\/wp-content\/uploads\/2020\/11\/Andrew-Schast-768x768.jpg 768w, https:\/\/www.dallassymphony.org\/wp-content\/uploads\/2020\/11\/Andrew-Schast-12x12.jpg 12w, https:\/\/www.dallassymphony.org\/wp-content\/uploads\/2020\/11\/Andrew-Schast-262x262.jpg 262w, https:\/\/www.dallassymphony.org\/wp-content\/uploads\/2020\/11\/Andrew-Schast-445x445.jpg 445w, https:\/\/www.dallassymphony.org\/wp-content\/uploads\/2020\/11\/Andrew-Schast.jpg 1200w\" sizes=\"auto, (max-width: 350px) 100vw, 350px\" \/>\t\t\t<div class=\"card__content-wrapper\">\n\t\t\t\t<h4>Andrew Schast<\/h4>\n\t\t\t\t<p><p>Viol\u00edn<\/p>\n<p>Silla Nelly Crooks Bigham<\/p>\n<\/p>\n\n                \t\t\t\t<span class=\"a-hover\">Leer m\u00e1s<\/span>\n                \t\t\t<\/div>\n\t\t<\/a>\n\t<\/div>\n<\/div><div class=\"col-md-4 col-6\">\n\t<div class=\"people__card grad-to-left\">\n\t\t<a href=\"https:\/\/www.dallassymphony.org\/es\/people\/motoi-takeda\/\">\n\t\t\t<img loading=\"lazy\" decoding=\"async\" width=\"350\" height=\"350\" src=\"https:\/\/www.dallassymphony.org\/wp-content\/uploads\/2020\/11\/Motoi-Takeda-350x350.jpg\" class=\"img-fluid w-100 wp-post-image\" alt=\"Motoi Takeda_Concertista Asociado Em\u00e9rito_Viol\u00edn I_Sinfon\u00eda de Dallas\" srcset=\"https:\/\/www.dallassymphony.org\/wp-content\/uploads\/2020\/11\/Motoi-Takeda-350x350.jpg 350w, https:\/\/www.dallassymphony.org\/wp-content\/uploads\/2020\/11\/Motoi-Takeda-300x300.jpg 300w, https:\/\/www.dallassymphony.org\/wp-content\/uploads\/2020\/11\/Motoi-Takeda-1024x1024.jpg 1024w, https:\/\/www.dallassymphony.org\/wp-content\/uploads\/2020\/11\/Motoi-Takeda-150x150.jpg 150w, https:\/\/www.dallassymphony.org\/wp-content\/uploads\/2020\/11\/Motoi-Takeda-768x768.jpg 768w, https:\/\/www.dallassymphony.org\/wp-content\/uploads\/2020\/11\/Motoi-Takeda-12x12.jpg 12w, https:\/\/www.dallassymphony.org\/wp-content\/uploads\/2020\/11\/Motoi-Takeda-262x262.jpg 262w, https:\/\/www.dallassymphony.org\/wp-content\/uploads\/2020\/11\/Motoi-Takeda-445x445.jpg 445w, https:\/\/www.dallassymphony.org\/wp-content\/uploads\/2020\/11\/Motoi-Takeda.jpg 1200w\" sizes=\"auto, (max-width: 350px) 100vw, 350px\" \/>\t\t\t<div class=\"card__content-wrapper\">\n\t\t\t\t<h4>Motoi Takeda<\/h4>\n\t\t\t\t<p><p>Concertino asociado em\u00e9rito<\/p>\n<\/p>\n\n                \t\t\t\t<span class=\"a-hover\">Leer m\u00e1s<\/span>\n                \t\t\t<\/div>\n\t\t<\/a>\n\t<\/div>\n<\/div><div class=\"col-md-4 col-6\">\n\t<div class=\"people__card grad-to-left\">\n\t\t<a href=\"https:\/\/www.dallassymphony.org\/es\/people\/daphne-volle\/\">\n\t\t\t<img loading=\"lazy\" decoding=\"async\" width=\"350\" height=\"350\" src=\"https:\/\/www.dallassymphony.org\/wp-content\/uploads\/2020\/11\/Daphne-Volle-1-350x350.jpg\" class=\"img-fluid w-100 wp-post-image\" alt=\"daphne volle\" srcset=\"https:\/\/www.dallassymphony.org\/wp-content\/uploads\/2020\/11\/Daphne-Volle-1-350x350.jpg 350w, https:\/\/www.dallassymphony.org\/wp-content\/uploads\/2020\/11\/Daphne-Volle-1-300x300.jpg 300w, https:\/\/www.dallassymphony.org\/wp-content\/uploads\/2020\/11\/Daphne-Volle-1-1024x1024.jpg 1024w, https:\/\/www.dallassymphony.org\/wp-content\/uploads\/2020\/11\/Daphne-Volle-1-150x150.jpg 150w, https:\/\/www.dallassymphony.org\/wp-content\/uploads\/2020\/11\/Daphne-Volle-1-768x768.jpg 768w, https:\/\/www.dallassymphony.org\/wp-content\/uploads\/2020\/11\/Daphne-Volle-1-12x12.jpg 12w, https:\/\/www.dallassymphony.org\/wp-content\/uploads\/2020\/11\/Daphne-Volle-1-262x262.jpg 262w, https:\/\/www.dallassymphony.org\/wp-content\/uploads\/2020\/11\/Daphne-Volle-1-445x445.jpg 445w, https:\/\/www.dallassymphony.org\/wp-content\/uploads\/2020\/11\/Daphne-Volle-1.jpg 1200w\" sizes=\"auto, (max-width: 350px) 100vw, 350px\" \/>\t\t\t<div class=\"card__content-wrapper\">\n\t\t\t\t<h4>Daphne Volle<\/h4>\n\t\t\t\t<p><p>Viol\u00edn<\/p>\n<\/p>\n\n                \t\t\t\t<span class=\"a-hover\">Leer m\u00e1s<\/span>\n                \t\t\t<\/div>\n\t\t<\/a>\n\t<\/div>\n<\/div><div class=\"col-md-4 col-6\">\n\t<div class=\"people__card grad-to-left\">\n\t\t<a href=\"https:\/\/www.dallassymphony.org\/es\/people\/bruce-wittrig\/\">\n\t\t\t<img loading=\"lazy\" decoding=\"async\" width=\"350\" height=\"350\" src=\"https:\/\/www.dallassymphony.org\/wp-content\/uploads\/2020\/11\/Bruce-Wittrig-350x350.jpg\" class=\"img-fluid w-100 wp-post-image\" alt=\"Bruce Wittrig_Violin I_Dallas Symphony\" srcset=\"https:\/\/www.dallassymphony.org\/wp-content\/uploads\/2020\/11\/Bruce-Wittrig-350x350.jpg 350w, https:\/\/www.dallassymphony.org\/wp-content\/uploads\/2020\/11\/Bruce-Wittrig-300x300.jpg 300w, https:\/\/www.dallassymphony.org\/wp-content\/uploads\/2020\/11\/Bruce-Wittrig-1024x1024.jpg 1024w, https:\/\/www.dallassymphony.org\/wp-content\/uploads\/2020\/11\/Bruce-Wittrig-150x150.jpg 150w, https:\/\/www.dallassymphony.org\/wp-content\/uploads\/2020\/11\/Bruce-Wittrig-768x768.jpg 768w, https:\/\/www.dallassymphony.org\/wp-content\/uploads\/2020\/11\/Bruce-Wittrig-12x12.jpg 12w, https:\/\/www.dallassymphony.org\/wp-content\/uploads\/2020\/11\/Bruce-Wittrig-262x262.jpg 262w, https:\/\/www.dallassymphony.org\/wp-content\/uploads\/2020\/11\/Bruce-Wittrig-445x445.jpg 445w, https:\/\/www.dallassymphony.org\/wp-content\/uploads\/2020\/11\/Bruce-Wittrig.jpg 1200w\" sizes=\"auto, (max-width: 350px) 100vw, 350px\" \/>\t\t\t<div class=\"card__content-wrapper\">\n\t\t\t\t<h4>Bruce Wittrig<\/h4>\n\t\t\t\t<p><p>Viol\u00edn<\/p>\n<p>Silla Susan &amp; Woodrow Gandy<\/p>\n<\/p>\n\n                \t\t\t\t<span class=\"a-hover\">Leer m\u00e1s<\/span>\n                \t\t\t<\/div>\n\t\t<\/a>\n\t<\/div>\n<\/div><div class=\"col-md-4 col-6\">\n\t<div class=\"people__card grad-to-left\">\n\t\t<a href=\"https:\/\/www.dallassymphony.org\/es\/people\/giyeon-yoon\/\">\n\t\t\t<img loading=\"lazy\" decoding=\"async\" width=\"350\" height=\"350\" src=\"https:\/\/www.dallassymphony.org\/wp-content\/uploads\/2020\/11\/G.-Yoon-1000-x-1000-1-350x350.jpg\" class=\"img-fluid w-100 wp-post-image\" alt=\"Giyeon Yoon\" srcset=\"https:\/\/www.dallassymphony.org\/wp-content\/uploads\/2020\/11\/G.-Yoon-1000-x-1000-1-350x350.jpg 350w, https:\/\/www.dallassymphony.org\/wp-content\/uploads\/2020\/11\/G.-Yoon-1000-x-1000-1-300x300.jpg 300w, https:\/\/www.dallassymphony.org\/wp-content\/uploads\/2020\/11\/G.-Yoon-1000-x-1000-1-150x150.jpg 150w, https:\/\/www.dallassymphony.org\/wp-content\/uploads\/2020\/11\/G.-Yoon-1000-x-1000-1-768x768.jpg 768w, https:\/\/www.dallassymphony.org\/wp-content\/uploads\/2020\/11\/G.-Yoon-1000-x-1000-1-12x12.jpg 12w, https:\/\/www.dallassymphony.org\/wp-content\/uploads\/2020\/11\/G.-Yoon-1000-x-1000-1-262x262.jpg 262w, https:\/\/www.dallassymphony.org\/wp-content\/uploads\/2020\/11\/G.-Yoon-1000-x-1000-1-445x445.jpg 445w, https:\/\/www.dallassymphony.org\/wp-content\/uploads\/2020\/11\/G.-Yoon-1000-x-1000-1.jpg 1000w\" sizes=\"auto, (max-width: 350px) 100vw, 350px\" \/>\t\t\t<div class=\"card__content-wrapper\">\n\t\t\t\t<h4>Giyeon Yoon<\/h4>\n\t\t\t\t<p><p>Viol\u00edn<\/p>\n<p>Denise y Steve Do Chair<\/p>\n<\/p>\n\n                \t\t\t\t<span class=\"a-hover\">Leer m\u00e1s<\/span>\n                \t\t\t<\/div>\n\t\t<\/a>\n\t<\/div>\n<\/div><div class=\"col-md-4 col-6\">\n\t<div class=\"people__card grad-to-left\">\n\t\t<a href=\"https:\/\/www.dallassymphony.org\/es\/people\/kaori-yoshida\/\">\n\t\t\t<img loading=\"lazy\" decoding=\"async\" width=\"350\" height=\"350\" src=\"https:\/\/www.dallassymphony.org\/wp-content\/uploads\/2020\/11\/Kaori-Yoshida-350x350.jpg\" class=\"img-fluid w-100 wp-post-image\" alt=\"\" srcset=\"https:\/\/www.dallassymphony.org\/wp-content\/uploads\/2020\/11\/Kaori-Yoshida-350x350.jpg 350w, https:\/\/www.dallassymphony.org\/wp-content\/uploads\/2020\/11\/Kaori-Yoshida-300x300.jpg 300w, https:\/\/www.dallassymphony.org\/wp-content\/uploads\/2020\/11\/Kaori-Yoshida-1024x1024.jpg 1024w, https:\/\/www.dallassymphony.org\/wp-content\/uploads\/2020\/11\/Kaori-Yoshida-150x150.jpg 150w, https:\/\/www.dallassymphony.org\/wp-content\/uploads\/2020\/11\/Kaori-Yoshida-768x768.jpg 768w, https:\/\/www.dallassymphony.org\/wp-content\/uploads\/2020\/11\/Kaori-Yoshida-12x12.jpg 12w, https:\/\/www.dallassymphony.org\/wp-content\/uploads\/2020\/11\/Kaori-Yoshida-262x262.jpg 262w, https:\/\/www.dallassymphony.org\/wp-content\/uploads\/2020\/11\/Kaori-Yoshida-445x445.jpg 445w, https:\/\/www.dallassymphony.org\/wp-content\/uploads\/2020\/11\/Kaori-Yoshida.jpg 1200w\" sizes=\"auto, (max-width: 350px) 100vw, 350px\" \/>\t\t\t<div class=\"card__content-wrapper\">\n\t\t\t\t<h4>Kaori Yoshida<\/h4>\n\t\t\t\t<p><p>Viol\u00edn I y II<\/p>\n<\/p>\n\n                \t\t\t\t<span class=\"a-hover\">Leer m\u00e1s<\/span>\n                \t\t\t<\/div>\n\t\t<\/a>\n\t<\/div>\n<\/div>\t\t<\/div>\n\t<\/div>\n<\/div>\n\n\n<div class=\"people-grid m-spacer\">\n\t<div class=\"container\">\n\t\t<div class=\"row\">\n\t\t\t<div class=\"col-12\">\n\t\t\t\t<h1><\/h1>\n                <h2>Viol\u00edn II<\/h2>\n\t\t\t<\/div>\n\t\t<\/div>\n\t\t<div class=\"row\">\n\t\t\t<div class=\"col-md-4 col-6\">\n\t<div class=\"people__card grad-to-left\">\n\t\t<a href=\"https:\/\/www.dallassymphony.org\/es\/people\/angela-fuller-heyde\/\">\n\t\t\t<img loading=\"lazy\" decoding=\"async\" width=\"350\" height=\"350\" src=\"https:\/\/www.dallassymphony.org\/wp-content\/uploads\/2020\/11\/Angela-Fuller-Heyde-1-350x350.jpg\" class=\"img-fluid w-100 wp-post-image\" alt=\"Angela Fuller Heyde_Viol\u00edn principal II_Barbara K &amp; Seymour R Thum Chair_Silla sinf\u00f3nica de Dallas\" srcset=\"https:\/\/www.dallassymphony.org\/wp-content\/uploads\/2020\/11\/Angela-Fuller-Heyde-1-350x350.jpg 350w, https:\/\/www.dallassymphony.org\/wp-content\/uploads\/2020\/11\/Angela-Fuller-Heyde-1-300x300.jpg 300w, https:\/\/www.dallassymphony.org\/wp-content\/uploads\/2020\/11\/Angela-Fuller-Heyde-1-1024x1024.jpg 1024w, https:\/\/www.dallassymphony.org\/wp-content\/uploads\/2020\/11\/Angela-Fuller-Heyde-1-150x150.jpg 150w, https:\/\/www.dallassymphony.org\/wp-content\/uploads\/2020\/11\/Angela-Fuller-Heyde-1-768x768.jpg 768w, https:\/\/www.dallassymphony.org\/wp-content\/uploads\/2020\/11\/Angela-Fuller-Heyde-1-12x12.jpg 12w, https:\/\/www.dallassymphony.org\/wp-content\/uploads\/2020\/11\/Angela-Fuller-Heyde-1-262x262.jpg 262w, https:\/\/www.dallassymphony.org\/wp-content\/uploads\/2020\/11\/Angela-Fuller-Heyde-1-445x445.jpg 445w, https:\/\/www.dallassymphony.org\/wp-content\/uploads\/2020\/11\/Angela-Fuller-Heyde-1.jpg 1200w\" sizes=\"auto, (max-width: 350px) 100vw, 350px\" \/>\t\t\t<div class=\"card__content-wrapper\">\n\t\t\t\t<h4>Angela Fuller Heyde<\/h4>\n\t\t\t\t<p><p>Segundo viol\u00edn principal<\/p>\n<p>Barbara K. &amp; Seymour R. Thum Presidente<\/p>\n<\/p>\n\n                \t\t\t\t<span class=\"a-hover\">Leer m\u00e1s<\/span>\n                \t\t\t<\/div>\n\t\t<\/a>\n\t<\/div>\n<\/div><div class=\"col-md-4 col-6\">\n\t<div class=\"people__card grad-to-left\">\n\t\t<a href=\"https:\/\/www.dallassymphony.org\/es\/people\/alexandra-adkins\/\">\n\t\t\t<img loading=\"lazy\" decoding=\"async\" width=\"350\" height=\"350\" src=\"https:\/\/www.dallassymphony.org\/wp-content\/uploads\/2020\/11\/Alexandra-Adkins-1-350x350.jpg\" class=\"img-fluid w-100 wp-post-image\" alt=\"\" srcset=\"https:\/\/www.dallassymphony.org\/wp-content\/uploads\/2020\/11\/Alexandra-Adkins-1-350x350.jpg 350w, https:\/\/www.dallassymphony.org\/wp-content\/uploads\/2020\/11\/Alexandra-Adkins-1-300x300.jpg 300w, https:\/\/www.dallassymphony.org\/wp-content\/uploads\/2020\/11\/Alexandra-Adkins-1-1024x1024.jpg 1024w, https:\/\/www.dallassymphony.org\/wp-content\/uploads\/2020\/11\/Alexandra-Adkins-1-150x150.jpg 150w, https:\/\/www.dallassymphony.org\/wp-content\/uploads\/2020\/11\/Alexandra-Adkins-1-768x768.jpg 768w, https:\/\/www.dallassymphony.org\/wp-content\/uploads\/2020\/11\/Alexandra-Adkins-1-12x12.jpg 12w, https:\/\/www.dallassymphony.org\/wp-content\/uploads\/2020\/11\/Alexandra-Adkins-1-262x262.jpg 262w, https:\/\/www.dallassymphony.org\/wp-content\/uploads\/2020\/11\/Alexandra-Adkins-1-445x445.jpg 445w, https:\/\/www.dallassymphony.org\/wp-content\/uploads\/2020\/11\/Alexandra-Adkins-1.jpg 1200w\" sizes=\"auto, (max-width: 350px) 100vw, 350px\" \/>\t\t\t<div class=\"card__content-wrapper\">\n\t\t\t\t<h4>Alexandra Adkins<\/h4>\n\t\t\t\t<p><p>Director Adjunto Segundo Viol\u00edn<\/p>\n<p>C\u00e1tedra Yehuda Zukerman<\/p>\n<\/p>\n\n                \t\t\t\t<span class=\"a-hover\">Leer m\u00e1s<\/span>\n                \t\t\t<\/div>\n\t\t<\/a>\n\t<\/div>\n<\/div><div class=\"col-md-4 col-6\">\n\t<div class=\"people__card grad-to-left\">\n\t\t<a href=\"https:\/\/www.dallassymphony.org\/es\/people\/bing-wang\/\">\n\t\t\t<img loading=\"lazy\" decoding=\"async\" width=\"350\" height=\"350\" src=\"https:\/\/www.dallassymphony.org\/wp-content\/uploads\/2020\/11\/Bing-Wang-1-350x350.jpg\" class=\"img-fluid w-100 wp-post-image\" alt=\"Bing Wang_Viol\u00edn II_Sinfon\u00eda de Dallas\" srcset=\"https:\/\/www.dallassymphony.org\/wp-content\/uploads\/2020\/11\/Bing-Wang-1-350x350.jpg 350w, https:\/\/www.dallassymphony.org\/wp-content\/uploads\/2020\/11\/Bing-Wang-1-300x300.jpg 300w, https:\/\/www.dallassymphony.org\/wp-content\/uploads\/2020\/11\/Bing-Wang-1-1024x1024.jpg 1024w, https:\/\/www.dallassymphony.org\/wp-content\/uploads\/2020\/11\/Bing-Wang-1-150x150.jpg 150w, https:\/\/www.dallassymphony.org\/wp-content\/uploads\/2020\/11\/Bing-Wang-1-768x768.jpg 768w, https:\/\/www.dallassymphony.org\/wp-content\/uploads\/2020\/11\/Bing-Wang-1-12x12.jpg 12w, https:\/\/www.dallassymphony.org\/wp-content\/uploads\/2020\/11\/Bing-Wang-1-262x262.jpg 262w, https:\/\/www.dallassymphony.org\/wp-content\/uploads\/2020\/11\/Bing-Wang-1-445x445.jpg 445w, https:\/\/www.dallassymphony.org\/wp-content\/uploads\/2020\/11\/Bing-Wang-1.jpg 1200w\" sizes=\"auto, (max-width: 350px) 100vw, 350px\" \/>\t\t\t<div class=\"card__content-wrapper\">\n\t\t\t\t<h4>Bing Wang<\/h4>\n\t\t\t\t<p><p>Subdirector interino de la secci\u00f3n de segundos violines<\/p>\n<\/p>\n\n                \t\t\t\t<span class=\"a-hover\">Leer m\u00e1s<\/span>\n                \t\t\t<\/div>\n\t\t<\/a>\n\t<\/div>\n<\/div><div class=\"col-md-4 col-6\">\n\t<div class=\"people__card grad-to-left\">\n\t\t<a href=\"https:\/\/www.dallassymphony.org\/es\/people\/bruce-patti\/\">\n\t\t\t<img loading=\"lazy\" decoding=\"async\" width=\"350\" height=\"350\" src=\"https:\/\/www.dallassymphony.org\/wp-content\/uploads\/2020\/11\/Bruce-Patti-350x350.jpg\" class=\"img-fluid w-100 wp-post-image\" alt=\"Bruce Patti, viol\u00edn I y viol\u00edn II, Rita Sue y Alan Gold Chair, sinfon\u00eda de Dallas.\" srcset=\"https:\/\/www.dallassymphony.org\/wp-content\/uploads\/2020\/11\/Bruce-Patti-350x350.jpg 350w, https:\/\/www.dallassymphony.org\/wp-content\/uploads\/2020\/11\/Bruce-Patti-300x300.jpg 300w, https:\/\/www.dallassymphony.org\/wp-content\/uploads\/2020\/11\/Bruce-Patti-1024x1024.jpg 1024w, https:\/\/www.dallassymphony.org\/wp-content\/uploads\/2020\/11\/Bruce-Patti-150x150.jpg 150w, https:\/\/www.dallassymphony.org\/wp-content\/uploads\/2020\/11\/Bruce-Patti-768x768.jpg 768w, https:\/\/www.dallassymphony.org\/wp-content\/uploads\/2020\/11\/Bruce-Patti-12x12.jpg 12w, https:\/\/www.dallassymphony.org\/wp-content\/uploads\/2020\/11\/Bruce-Patti-262x262.jpg 262w, https:\/\/www.dallassymphony.org\/wp-content\/uploads\/2020\/11\/Bruce-Patti-445x445.jpg 445w, https:\/\/www.dallassymphony.org\/wp-content\/uploads\/2020\/11\/Bruce-Patti.jpg 1200w\" sizes=\"auto, (max-width: 350px) 100vw, 350px\" \/>\t\t\t<div class=\"card__content-wrapper\">\n\t\t\t\t<h4>Bruce Patti<\/h4>\n\t\t\t\t<p><p>Viol\u00edn I y II<\/p>\n<p>Rita Sue y Alan Gold Chair<\/p>\n<\/p>\n\n                \t\t\t\t<span class=\"a-hover\">Leer m\u00e1s<\/span>\n                \t\t\t<\/div>\n\t\t<\/a>\n\t<\/div>\n<\/div><div class=\"col-md-4 col-6\">\n\t<div class=\"people__card grad-to-left\">\n\t\t<a href=\"https:\/\/www.dallassymphony.org\/es\/people\/mariana-cottier-bucco\/\">\n\t\t\t<img loading=\"lazy\" decoding=\"async\" width=\"350\" height=\"350\" src=\"https:\/\/www.dallassymphony.org\/wp-content\/uploads\/2020\/11\/Mariana-Cottier-Bucco-350x350.jpg\" class=\"img-fluid w-100 wp-post-image\" alt=\"Mariana Cottier Bucco_Viol\u00edn II_Sinfon\u00eda de Dallas\" srcset=\"https:\/\/www.dallassymphony.org\/wp-content\/uploads\/2020\/11\/Mariana-Cottier-Bucco-350x350.jpg 350w, https:\/\/www.dallassymphony.org\/wp-content\/uploads\/2020\/11\/Mariana-Cottier-Bucco-300x300.jpg 300w, https:\/\/www.dallassymphony.org\/wp-content\/uploads\/2020\/11\/Mariana-Cottier-Bucco-1024x1024.jpg 1024w, https:\/\/www.dallassymphony.org\/wp-content\/uploads\/2020\/11\/Mariana-Cottier-Bucco-150x150.jpg 150w, https:\/\/www.dallassymphony.org\/wp-content\/uploads\/2020\/11\/Mariana-Cottier-Bucco-768x768.jpg 768w, https:\/\/www.dallassymphony.org\/wp-content\/uploads\/2020\/11\/Mariana-Cottier-Bucco-12x12.jpg 12w, https:\/\/www.dallassymphony.org\/wp-content\/uploads\/2020\/11\/Mariana-Cottier-Bucco-262x262.jpg 262w, https:\/\/www.dallassymphony.org\/wp-content\/uploads\/2020\/11\/Mariana-Cottier-Bucco-445x445.jpg 445w, https:\/\/www.dallassymphony.org\/wp-content\/uploads\/2020\/11\/Mariana-Cottier-Bucco.jpg 1200w\" sizes=\"auto, (max-width: 350px) 100vw, 350px\" \/>\t\t\t<div class=\"card__content-wrapper\">\n\t\t\t\t<h4>Mariana Cottier-Bucco<\/h4>\n\t\t\t\t<p><p>Viol\u00edn<\/p>\n<p>Debra y Steve Leven Presidente<\/p>\n<\/p>\n\n                \t\t\t\t<span class=\"a-hover\">Leer m\u00e1s<\/span>\n                \t\t\t<\/div>\n\t\t<\/a>\n\t<\/div>\n<\/div><div class=\"col-md-4 col-6\">\n\t<div class=\"people__card grad-to-left\">\n\t\t<a href=\"https:\/\/www.dallassymphony.org\/es\/people\/lilit-danielyan\/\">\n\t\t\t<img loading=\"lazy\" decoding=\"async\" width=\"350\" height=\"350\" src=\"https:\/\/www.dallassymphony.org\/wp-content\/uploads\/2020\/11\/Lilit-Danielyan-1200x1200-1-350x350.jpg\" class=\"img-fluid w-100 wp-post-image\" alt=\"Lilit Danielyan_Viol\u00edn I y Viol\u00edn II_Sinfon\u00eda de Dallas\" srcset=\"https:\/\/www.dallassymphony.org\/wp-content\/uploads\/2020\/11\/Lilit-Danielyan-1200x1200-1-350x350.jpg 350w, https:\/\/www.dallassymphony.org\/wp-content\/uploads\/2020\/11\/Lilit-Danielyan-1200x1200-1-300x300.jpg 300w, https:\/\/www.dallassymphony.org\/wp-content\/uploads\/2020\/11\/Lilit-Danielyan-1200x1200-1-1024x1024.jpg 1024w, https:\/\/www.dallassymphony.org\/wp-content\/uploads\/2020\/11\/Lilit-Danielyan-1200x1200-1-150x150.jpg 150w, https:\/\/www.dallassymphony.org\/wp-content\/uploads\/2020\/11\/Lilit-Danielyan-1200x1200-1-768x768.jpg 768w, https:\/\/www.dallassymphony.org\/wp-content\/uploads\/2020\/11\/Lilit-Danielyan-1200x1200-1-12x12.jpg 12w, https:\/\/www.dallassymphony.org\/wp-content\/uploads\/2020\/11\/Lilit-Danielyan-1200x1200-1-262x262.jpg 262w, https:\/\/www.dallassymphony.org\/wp-content\/uploads\/2020\/11\/Lilit-Danielyan-1200x1200-1-445x445.jpg 445w, https:\/\/www.dallassymphony.org\/wp-content\/uploads\/2020\/11\/Lilit-Danielyan-1200x1200-1.jpg 1200w\" sizes=\"auto, (max-width: 350px) 100vw, 350px\" \/>\t\t\t<div class=\"card__content-wrapper\">\n\t\t\t\t<h4>Lilit Danielyan<\/h4>\n\t\t\t\t<p><p>Viol\u00edn I y II<\/p>\n<\/p>\n\n                \t\t\t\t<span class=\"a-hover\">Leer m\u00e1s<\/span>\n                \t\t\t<\/div>\n\t\t<\/a>\n\t<\/div>\n<\/div><div class=\"col-md-4 col-6\">\n\t<div class=\"people__card grad-to-left\">\n\t\t<a href=\"https:\/\/www.dallassymphony.org\/es\/people\/hyorim-han\/\">\n\t\t\t<img loading=\"lazy\" decoding=\"async\" width=\"350\" height=\"350\" src=\"https:\/\/www.dallassymphony.org\/wp-content\/uploads\/2020\/11\/Hyorim-Han-350x350.png\" class=\"img-fluid w-100 wp-post-image\" alt=\"\" srcset=\"https:\/\/www.dallassymphony.org\/wp-content\/uploads\/2020\/11\/Hyorim-Han-350x350.png 350w, https:\/\/www.dallassymphony.org\/wp-content\/uploads\/2020\/11\/Hyorim-Han-300x300.png 300w, https:\/\/www.dallassymphony.org\/wp-content\/uploads\/2020\/11\/Hyorim-Han-1024x1024.png 1024w, https:\/\/www.dallassymphony.org\/wp-content\/uploads\/2020\/11\/Hyorim-Han-150x150.png 150w, https:\/\/www.dallassymphony.org\/wp-content\/uploads\/2020\/11\/Hyorim-Han-768x768.png 768w, https:\/\/www.dallassymphony.org\/wp-content\/uploads\/2020\/11\/Hyorim-Han-12x12.png 12w, https:\/\/www.dallassymphony.org\/wp-content\/uploads\/2020\/11\/Hyorim-Han-262x262.png 262w, https:\/\/www.dallassymphony.org\/wp-content\/uploads\/2020\/11\/Hyorim-Han-445x445.png 445w, https:\/\/www.dallassymphony.org\/wp-content\/uploads\/2020\/11\/Hyorim-Han-400x400.png 400w, https:\/\/www.dallassymphony.org\/wp-content\/uploads\/2020\/11\/Hyorim-Han-600x600.png 600w, https:\/\/www.dallassymphony.org\/wp-content\/uploads\/2020\/11\/Hyorim-Han.png 1200w\" sizes=\"auto, (max-width: 350px) 100vw, 350px\" \/>\t\t\t<div class=\"card__content-wrapper\">\n\t\t\t\t<h4>Hyorim Han<\/h4>\n\t\t\t\t<p><p>Viol\u00edn<\/p>\n<\/p>\n\n                \t\t\t\t<span class=\"a-hover\">Leer m\u00e1s<\/span>\n                \t\t\t<\/div>\n\t\t<\/a>\n\t<\/div>\n<\/div><div class=\"col-md-4 col-6\">\n\t<div class=\"people__card grad-to-left\">\n\t\t<a href=\"https:\/\/www.dallassymphony.org\/es\/people\/shu-lee\/\">\n\t\t\t<img loading=\"lazy\" decoding=\"async\" width=\"350\" height=\"350\" src=\"https:\/\/www.dallassymphony.org\/wp-content\/uploads\/2020\/11\/Shu-Lee-350x350.jpg\" class=\"img-fluid w-100 wp-post-image\" alt=\"Sinfon\u00eda Shu Lee-Viol\u00edn II-Dallas\" srcset=\"https:\/\/www.dallassymphony.org\/wp-content\/uploads\/2020\/11\/Shu-Lee-350x350.jpg 350w, https:\/\/www.dallassymphony.org\/wp-content\/uploads\/2020\/11\/Shu-Lee-300x300.jpg 300w, https:\/\/www.dallassymphony.org\/wp-content\/uploads\/2020\/11\/Shu-Lee-1024x1024.jpg 1024w, https:\/\/www.dallassymphony.org\/wp-content\/uploads\/2020\/11\/Shu-Lee-150x150.jpg 150w, https:\/\/www.dallassymphony.org\/wp-content\/uploads\/2020\/11\/Shu-Lee-768x768.jpg 768w, https:\/\/www.dallassymphony.org\/wp-content\/uploads\/2020\/11\/Shu-Lee-12x12.jpg 12w, https:\/\/www.dallassymphony.org\/wp-content\/uploads\/2020\/11\/Shu-Lee-262x262.jpg 262w, https:\/\/www.dallassymphony.org\/wp-content\/uploads\/2020\/11\/Shu-Lee-445x445.jpg 445w, https:\/\/www.dallassymphony.org\/wp-content\/uploads\/2020\/11\/Shu-Lee.jpg 1200w\" sizes=\"auto, (max-width: 350px) 100vw, 350px\" \/>\t\t\t<div class=\"card__content-wrapper\">\n\t\t\t\t<h4>Shu Lee<\/h4>\n\t\t\t\t<p><p>Viol\u00edn<\/p>\n<\/p>\n\n                \t\t\t\t<span class=\"a-hover\">Leer m\u00e1s<\/span>\n                \t\t\t<\/div>\n\t\t<\/a>\n\t<\/div>\n<\/div><div class=\"col-md-4 col-6\">\n\t<div class=\"people__card grad-to-left\">\n\t\t<a href=\"https:\/\/www.dallassymphony.org\/es\/people\/jimin-lim\/\">\n\t\t\t<img loading=\"lazy\" decoding=\"async\" width=\"350\" height=\"350\" src=\"https:\/\/www.dallassymphony.org\/wp-content\/uploads\/2023\/08\/Jimin-Lim-Canva-edited-350x350.png\" class=\"img-fluid w-100 wp-post-image\" alt=\"\" srcset=\"https:\/\/www.dallassymphony.org\/wp-content\/uploads\/2023\/08\/Jimin-Lim-Canva-edited-350x350.png 350w, https:\/\/www.dallassymphony.org\/wp-content\/uploads\/2023\/08\/Jimin-Lim-Canva-edited-300x300.png 300w, https:\/\/www.dallassymphony.org\/wp-content\/uploads\/2023\/08\/Jimin-Lim-Canva-edited-1024x1024.png 1024w, https:\/\/www.dallassymphony.org\/wp-content\/uploads\/2023\/08\/Jimin-Lim-Canva-edited-150x150.png 150w, https:\/\/www.dallassymphony.org\/wp-content\/uploads\/2023\/08\/Jimin-Lim-Canva-edited-768x768.png 768w, https:\/\/www.dallassymphony.org\/wp-content\/uploads\/2023\/08\/Jimin-Lim-Canva-edited-12x12.png 12w, https:\/\/www.dallassymphony.org\/wp-content\/uploads\/2023\/08\/Jimin-Lim-Canva-edited-262x262.png 262w, https:\/\/www.dallassymphony.org\/wp-content\/uploads\/2023\/08\/Jimin-Lim-Canva-edited-445x445.png 445w, https:\/\/www.dallassymphony.org\/wp-content\/uploads\/2023\/08\/Jimin-Lim-Canva-edited.png 1080w\" sizes=\"auto, (max-width: 350px) 100vw, 350px\" \/>\t\t\t<div class=\"card__content-wrapper\">\n\t\t\t\t<h4>Jimin Lim<\/h4>\n\t\t\t\t<p><p>Segundo viol\u00edn<\/p>\n<\/p>\n\n                \t\t\t\t<span class=\"a-hover\">Leer m\u00e1s<\/span>\n                \t\t\t<\/div>\n\t\t<\/a>\n\t<\/div>\n<\/div><div class=\"col-md-4 col-6\">\n\t<div class=\"people__card grad-to-left\">\n\t\t<a href=\"https:\/\/www.dallassymphony.org\/es\/people\/nora-scheller\/\">\n\t\t\t<img loading=\"lazy\" decoding=\"async\" width=\"350\" height=\"350\" src=\"https:\/\/www.dallassymphony.org\/wp-content\/uploads\/2020\/11\/Nora-Scheller-350x350.jpg\" class=\"img-fluid w-100 wp-post-image\" alt=\"Nora Scheller, viol\u00edn I y viol\u00edn II, sinfon\u00eda de Dallas.\" srcset=\"https:\/\/www.dallassymphony.org\/wp-content\/uploads\/2020\/11\/Nora-Scheller-350x350.jpg 350w, https:\/\/www.dallassymphony.org\/wp-content\/uploads\/2020\/11\/Nora-Scheller-300x300.jpg 300w, https:\/\/www.dallassymphony.org\/wp-content\/uploads\/2020\/11\/Nora-Scheller-1024x1024.jpg 1024w, https:\/\/www.dallassymphony.org\/wp-content\/uploads\/2020\/11\/Nora-Scheller-150x150.jpg 150w, https:\/\/www.dallassymphony.org\/wp-content\/uploads\/2020\/11\/Nora-Scheller-768x768.jpg 768w, https:\/\/www.dallassymphony.org\/wp-content\/uploads\/2020\/11\/Nora-Scheller-12x12.jpg 12w, https:\/\/www.dallassymphony.org\/wp-content\/uploads\/2020\/11\/Nora-Scheller-262x262.jpg 262w, https:\/\/www.dallassymphony.org\/wp-content\/uploads\/2020\/11\/Nora-Scheller-445x445.jpg 445w, https:\/\/www.dallassymphony.org\/wp-content\/uploads\/2020\/11\/Nora-Scheller.jpg 1200w\" sizes=\"auto, (max-width: 350px) 100vw, 350px\" \/>\t\t\t<div class=\"card__content-wrapper\">\n\t\t\t\t<h4>Nora Scheller<\/h4>\n\t\t\t\t<p><p>Viol\u00edn I y II<\/p>\n<\/p>\n\n                \t\t\t\t<span class=\"a-hover\">Leer m\u00e1s<\/span>\n                \t\t\t<\/div>\n\t\t<\/a>\n\t<\/div>\n<\/div><div class=\"col-md-4 col-6\">\n\t<div class=\"people__card grad-to-left\">\n\t\t<a href=\"https:\/\/www.dallassymphony.org\/es\/people\/aleksandr-snytkin\/\">\n\t\t\t<img loading=\"lazy\" decoding=\"async\" width=\"350\" height=\"350\" src=\"https:\/\/www.dallassymphony.org\/wp-content\/uploads\/2020\/11\/Aleksandr-Snytkin-350x350.jpg\" class=\"img-fluid w-100 wp-post-image\" alt=\"Aleksandr Snytkin, viol\u00edn I y viol\u00edn II, sinfon\u00eda de Dallas.\" srcset=\"https:\/\/www.dallassymphony.org\/wp-content\/uploads\/2020\/11\/Aleksandr-Snytkin-350x350.jpg 350w, https:\/\/www.dallassymphony.org\/wp-content\/uploads\/2020\/11\/Aleksandr-Snytkin-300x300.jpg 300w, https:\/\/www.dallassymphony.org\/wp-content\/uploads\/2020\/11\/Aleksandr-Snytkin-1024x1024.jpg 1024w, https:\/\/www.dallassymphony.org\/wp-content\/uploads\/2020\/11\/Aleksandr-Snytkin-150x150.jpg 150w, https:\/\/www.dallassymphony.org\/wp-content\/uploads\/2020\/11\/Aleksandr-Snytkin-768x768.jpg 768w, https:\/\/www.dallassymphony.org\/wp-content\/uploads\/2020\/11\/Aleksandr-Snytkin-12x12.jpg 12w, https:\/\/www.dallassymphony.org\/wp-content\/uploads\/2020\/11\/Aleksandr-Snytkin-262x262.jpg 262w, https:\/\/www.dallassymphony.org\/wp-content\/uploads\/2020\/11\/Aleksandr-Snytkin-445x445.jpg 445w, https:\/\/www.dallassymphony.org\/wp-content\/uploads\/2020\/11\/Aleksandr-Snytkin.jpg 1200w\" sizes=\"auto, (max-width: 350px) 100vw, 350px\" \/>\t\t\t<div class=\"card__content-wrapper\">\n\t\t\t\t<h4>Aleksandr Snytkin<\/h4>\n\t\t\t\t<p><p>Viol\u00edn I y II<\/p>\n<\/p>\n\n                \t\t\t\t<span class=\"a-hover\">Leer m\u00e1s<\/span>\n                \t\t\t<\/div>\n\t\t<\/a>\n\t<\/div>\n<\/div><div class=\"col-md-4 col-6\">\n\t<div class=\"people__card grad-to-left\">\n\t\t<a href=\"https:\/\/www.dallassymphony.org\/es\/people\/lydia-umlauf\/\">\n\t\t\t<img loading=\"lazy\" decoding=\"async\" width=\"350\" height=\"350\" src=\"https:\/\/www.dallassymphony.org\/wp-content\/uploads\/2020\/11\/Lydia-Umlauf-1-350x350.jpg\" class=\"img-fluid w-100 wp-post-image\" alt=\"Lydia Umlauf_Viol\u00edn II_Sinfon\u00eda de Dallas\" srcset=\"https:\/\/www.dallassymphony.org\/wp-content\/uploads\/2020\/11\/Lydia-Umlauf-1-350x350.jpg 350w, https:\/\/www.dallassymphony.org\/wp-content\/uploads\/2020\/11\/Lydia-Umlauf-1-300x300.jpg 300w, https:\/\/www.dallassymphony.org\/wp-content\/uploads\/2020\/11\/Lydia-Umlauf-1-1024x1024.jpg 1024w, https:\/\/www.dallassymphony.org\/wp-content\/uploads\/2020\/11\/Lydia-Umlauf-1-150x150.jpg 150w, https:\/\/www.dallassymphony.org\/wp-content\/uploads\/2020\/11\/Lydia-Umlauf-1-768x768.jpg 768w, https:\/\/www.dallassymphony.org\/wp-content\/uploads\/2020\/11\/Lydia-Umlauf-1-12x12.jpg 12w, https:\/\/www.dallassymphony.org\/wp-content\/uploads\/2020\/11\/Lydia-Umlauf-1-262x262.jpg 262w, https:\/\/www.dallassymphony.org\/wp-content\/uploads\/2020\/11\/Lydia-Umlauf-1-445x445.jpg 445w, https:\/\/www.dallassymphony.org\/wp-content\/uploads\/2020\/11\/Lydia-Umlauf-1.jpg 1200w\" sizes=\"auto, (max-width: 350px) 100vw, 350px\" \/>\t\t\t<div class=\"card__content-wrapper\">\n\t\t\t\t<h4>Lydia Umlauf<\/h4>\n\t\t\t\t<p><p>Viol\u00edn<\/p>\n<\/p>\n\n                \t\t\t\t<span class=\"a-hover\">Leer m\u00e1s<\/span>\n                \t\t\t<\/div>\n\t\t<\/a>\n\t<\/div>\n<\/div><div class=\"col-md-4 col-6\">\n\t<div class=\"people__card grad-to-left\">\n\t\t<a href=\"https:\/\/www.dallassymphony.org\/es\/people\/samantha-bennett\/\">\n\t\t\t<img loading=\"lazy\" decoding=\"async\" width=\"350\" height=\"350\" src=\"https:\/\/www.dallassymphony.org\/wp-content\/uploads\/2025\/08\/Samantha-Bennett-1-350x350.png\" class=\"img-fluid w-100 wp-post-image\" alt=\"\" srcset=\"https:\/\/www.dallassymphony.org\/wp-content\/uploads\/2025\/08\/Samantha-Bennett-1-350x350.png 350w, https:\/\/www.dallassymphony.org\/wp-content\/uploads\/2025\/08\/Samantha-Bennett-1-300x300.png 300w, https:\/\/www.dallassymphony.org\/wp-content\/uploads\/2025\/08\/Samantha-Bennett-1-1024x1024.png 1024w, https:\/\/www.dallassymphony.org\/wp-content\/uploads\/2025\/08\/Samantha-Bennett-1-150x150.png 150w, https:\/\/www.dallassymphony.org\/wp-content\/uploads\/2025\/08\/Samantha-Bennett-1-768x768.png 768w, https:\/\/www.dallassymphony.org\/wp-content\/uploads\/2025\/08\/Samantha-Bennett-1-12x12.png 12w, https:\/\/www.dallassymphony.org\/wp-content\/uploads\/2025\/08\/Samantha-Bennett-1-262x262.png 262w, https:\/\/www.dallassymphony.org\/wp-content\/uploads\/2025\/08\/Samantha-Bennett-1-445x445.png 445w, https:\/\/www.dallassymphony.org\/wp-content\/uploads\/2025\/08\/Samantha-Bennett-1.png 1200w\" sizes=\"auto, (max-width: 350px) 100vw, 350px\" \/>\t\t\t<div class=\"card__content-wrapper\">\n\t\t\t\t<h4>Samantha Bennett<\/h4>\n\t\t\t\t<p><p>Segundo viol\u00edn (interino)<\/p>\n<\/p>\n\n                \t\t\t\t<span class=\"a-hover\">Leer m\u00e1s<\/span>\n                \t\t\t<\/div>\n\t\t<\/a>\n\t<\/div>\n<\/div>\t\t<\/div>\n\t<\/div>\n<\/div>\n\n\n<div class=\"people-grid m-spacer\">\n\t<div class=\"container\">\n\t\t<div class=\"row\">\n\t\t\t<div class=\"col-12\">\n\t\t\t\t<h1><\/h1>\n                <h2>Viola<\/h2>\n\t\t\t<\/div>\n\t\t<\/div>\n\t\t<div class=\"row\">\n\t\t\t<div class=\"col-md-4 col-6\">\n\t<div class=\"people__card grad-to-left\">\n\t\t<a href=\"https:\/\/www.dallassymphony.org\/es\/people\/meredith-kufchak\/\">\n\t\t\t<img loading=\"lazy\" decoding=\"async\" width=\"350\" height=\"350\" src=\"https:\/\/www.dallassymphony.org\/wp-content\/uploads\/2020\/11\/Meredith-Kufchak-350x350.jpg\" class=\"img-fluid w-100 wp-post-image\" alt=\"Meredith Kufchak, Directora de Viola, Hortense y Lawrence S. Pollock, Presidente de la Sinf\u00f3nica de Dallas.\" srcset=\"https:\/\/www.dallassymphony.org\/wp-content\/uploads\/2020\/11\/Meredith-Kufchak-350x350.jpg 350w, https:\/\/www.dallassymphony.org\/wp-content\/uploads\/2020\/11\/Meredith-Kufchak-300x300.jpg 300w, https:\/\/www.dallassymphony.org\/wp-content\/uploads\/2020\/11\/Meredith-Kufchak-1024x1024.jpg 1024w, https:\/\/www.dallassymphony.org\/wp-content\/uploads\/2020\/11\/Meredith-Kufchak-150x150.jpg 150w, https:\/\/www.dallassymphony.org\/wp-content\/uploads\/2020\/11\/Meredith-Kufchak-768x768.jpg 768w, https:\/\/www.dallassymphony.org\/wp-content\/uploads\/2020\/11\/Meredith-Kufchak-12x12.jpg 12w, https:\/\/www.dallassymphony.org\/wp-content\/uploads\/2020\/11\/Meredith-Kufchak-262x262.jpg 262w, https:\/\/www.dallassymphony.org\/wp-content\/uploads\/2020\/11\/Meredith-Kufchak-445x445.jpg 445w, https:\/\/www.dallassymphony.org\/wp-content\/uploads\/2020\/11\/Meredith-Kufchak.jpg 1200w\" sizes=\"auto, (max-width: 350px) 100vw, 350px\" \/>\t\t\t<div class=\"card__content-wrapper\">\n\t\t\t\t<h4>Meredith Kufchak<\/h4>\n\t\t\t\t<p><p>Directora Viola<\/p>\n<p>Hortense &amp; Lawrence S. Pollock Chair<\/p>\n<\/p>\n\n                \t\t\t\t<span class=\"a-hover\">Leer m\u00e1s<\/span>\n                \t\t\t<\/div>\n\t\t<\/a>\n\t<\/div>\n<\/div><div class=\"col-md-4 col-6\">\n\t<div class=\"people__card grad-to-left\">\n\t\t<a href=\"https:\/\/www.dallassymphony.org\/es\/people\/matthew-sinno\/\">\n\t\t\t<img loading=\"lazy\" decoding=\"async\" width=\"350\" height=\"350\" src=\"https:\/\/www.dallassymphony.org\/wp-content\/uploads\/2020\/11\/Matthew-Sinno-350x350.png\" class=\"img-fluid w-100 wp-post-image\" alt=\"\" srcset=\"https:\/\/www.dallassymphony.org\/wp-content\/uploads\/2020\/11\/Matthew-Sinno-350x350.png 350w, https:\/\/www.dallassymphony.org\/wp-content\/uploads\/2020\/11\/Matthew-Sinno-300x300.png 300w, https:\/\/www.dallassymphony.org\/wp-content\/uploads\/2020\/11\/Matthew-Sinno-1024x1024.png 1024w, https:\/\/www.dallassymphony.org\/wp-content\/uploads\/2020\/11\/Matthew-Sinno-150x150.png 150w, https:\/\/www.dallassymphony.org\/wp-content\/uploads\/2020\/11\/Matthew-Sinno-768x768.png 768w, https:\/\/www.dallassymphony.org\/wp-content\/uploads\/2020\/11\/Matthew-Sinno-12x12.png 12w, https:\/\/www.dallassymphony.org\/wp-content\/uploads\/2020\/11\/Matthew-Sinno-262x262.png 262w, https:\/\/www.dallassymphony.org\/wp-content\/uploads\/2020\/11\/Matthew-Sinno-445x445.png 445w, https:\/\/www.dallassymphony.org\/wp-content\/uploads\/2020\/11\/Matthew-Sinno-400x400.png 400w, https:\/\/www.dallassymphony.org\/wp-content\/uploads\/2020\/11\/Matthew-Sinno-600x600.png 600w, https:\/\/www.dallassymphony.org\/wp-content\/uploads\/2020\/11\/Matthew-Sinno.png 1200w\" sizes=\"auto, (max-width: 350px) 100vw, 350px\" \/>\t\t\t<div class=\"card__content-wrapper\">\n\t\t\t\t<h4>Matthew Sinno<\/h4>\n\t\t\t\t<p><p>La directora asociada Viola<\/p>\n<p>C\u00e1tedra Jean y Marc Gineris<\/p>\n<\/p>\n\n                \t\t\t\t<span class=\"a-hover\">Leer m\u00e1s<\/span>\n                \t\t\t<\/div>\n\t\t<\/a>\n\t<\/div>\n<\/div><div class=\"col-md-4 col-6\">\n\t<div class=\"people__card grad-to-left\">\n\t\t<a href=\"https:\/\/www.dallassymphony.org\/es\/people\/sarah-sung\/\">\n\t\t\t<img loading=\"lazy\" decoding=\"async\" width=\"350\" height=\"350\" src=\"https:\/\/www.dallassymphony.org\/wp-content\/uploads\/2023\/08\/Sarah-Sung-Canva-edited-350x350.png\" class=\"img-fluid w-100 wp-post-image\" alt=\"\" srcset=\"https:\/\/www.dallassymphony.org\/wp-content\/uploads\/2023\/08\/Sarah-Sung-Canva-edited-350x350.png 350w, https:\/\/www.dallassymphony.org\/wp-content\/uploads\/2023\/08\/Sarah-Sung-Canva-edited-300x300.png 300w, https:\/\/www.dallassymphony.org\/wp-content\/uploads\/2023\/08\/Sarah-Sung-Canva-edited-1024x1024.png 1024w, https:\/\/www.dallassymphony.org\/wp-content\/uploads\/2023\/08\/Sarah-Sung-Canva-edited-150x150.png 150w, https:\/\/www.dallassymphony.org\/wp-content\/uploads\/2023\/08\/Sarah-Sung-Canva-edited-768x768.png 768w, https:\/\/www.dallassymphony.org\/wp-content\/uploads\/2023\/08\/Sarah-Sung-Canva-edited-12x12.png 12w, https:\/\/www.dallassymphony.org\/wp-content\/uploads\/2023\/08\/Sarah-Sung-Canva-edited-262x262.png 262w, https:\/\/www.dallassymphony.org\/wp-content\/uploads\/2023\/08\/Sarah-Sung-Canva-edited-445x445.png 445w, https:\/\/www.dallassymphony.org\/wp-content\/uploads\/2023\/08\/Sarah-Sung-Canva-edited.png 1080w\" sizes=\"auto, (max-width: 350px) 100vw, 350px\" \/>\t\t\t<div class=\"card__content-wrapper\">\n\t\t\t\t<h4>Sarah Sung<\/h4>\n\t\t\t\t<p><p>La directora asociada Viola<\/p>\n<\/p>\n\n                \t\t\t\t<span class=\"a-hover\">Leer m\u00e1s<\/span>\n                \t\t\t<\/div>\n\t\t<\/a>\n\t<\/div>\n<\/div><div class=\"col-md-4 col-6\">\n\t<div class=\"people__card grad-to-left\">\n\t\t<a href=\"https:\/\/www.dallassymphony.org\/es\/people\/christine-hwang\/\">\n\t\t\t<img loading=\"lazy\" decoding=\"async\" width=\"350\" height=\"350\" src=\"https:\/\/www.dallassymphony.org\/wp-content\/uploads\/2020\/11\/Christine-Hwang-350x350.jpg\" class=\"img-fluid w-100 wp-post-image\" alt=\"Sinfon\u00eda Christine Hwang-Viola-Dallas\" srcset=\"https:\/\/www.dallassymphony.org\/wp-content\/uploads\/2020\/11\/Christine-Hwang-350x350.jpg 350w, https:\/\/www.dallassymphony.org\/wp-content\/uploads\/2020\/11\/Christine-Hwang-300x300.jpg 300w, https:\/\/www.dallassymphony.org\/wp-content\/uploads\/2020\/11\/Christine-Hwang-1024x1024.jpg 1024w, https:\/\/www.dallassymphony.org\/wp-content\/uploads\/2020\/11\/Christine-Hwang-150x150.jpg 150w, https:\/\/www.dallassymphony.org\/wp-content\/uploads\/2020\/11\/Christine-Hwang-768x768.jpg 768w, https:\/\/www.dallassymphony.org\/wp-content\/uploads\/2020\/11\/Christine-Hwang-12x12.jpg 12w, https:\/\/www.dallassymphony.org\/wp-content\/uploads\/2020\/11\/Christine-Hwang-262x262.jpg 262w, https:\/\/www.dallassymphony.org\/wp-content\/uploads\/2020\/11\/Christine-Hwang-445x445.jpg 445w, https:\/\/www.dallassymphony.org\/wp-content\/uploads\/2020\/11\/Christine-Hwang.jpg 1200w\" sizes=\"auto, (max-width: 350px) 100vw, 350px\" \/>\t\t\t<div class=\"card__content-wrapper\">\n\t\t\t\t<h4>Christine Hwang<\/h4>\n\t\t\t\t<p><p>Viola<\/p>\n<p>Keith Verges Presidente<\/p>\n<\/p>\n\n                \t\t\t\t<span class=\"a-hover\">Leer m\u00e1s<\/span>\n                \t\t\t<\/div>\n\t\t<\/a>\n\t<\/div>\n<\/div><div class=\"col-md-4 col-6\">\n\t<div class=\"people__card grad-to-left\">\n\t\t<a href=\"https:\/\/www.dallassymphony.org\/es\/people\/yong-ha-jung\/\">\n\t\t\t<img loading=\"lazy\" decoding=\"async\" width=\"350\" height=\"350\" src=\"https:\/\/www.dallassymphony.org\/wp-content\/uploads\/2026\/07\/Yong-Ha-Jung-Headshot-1-scaled-e1785428138441-350x350.jpeg\" class=\"img-fluid w-100 wp-post-image\" alt=\"\" srcset=\"https:\/\/www.dallassymphony.org\/wp-content\/uploads\/2026\/07\/Yong-Ha-Jung-Headshot-1-scaled-e1785428138441-350x350.jpeg 350w, https:\/\/www.dallassymphony.org\/wp-content\/uploads\/2026\/07\/Yong-Ha-Jung-Headshot-1-scaled-e1785428138441-300x300.jpeg 300w, https:\/\/www.dallassymphony.org\/wp-content\/uploads\/2026\/07\/Yong-Ha-Jung-Headshot-1-scaled-e1785428138441-1024x1024.jpeg 1024w, https:\/\/www.dallassymphony.org\/wp-content\/uploads\/2026\/07\/Yong-Ha-Jung-Headshot-1-scaled-e1785428138441-150x150.jpeg 150w, https:\/\/www.dallassymphony.org\/wp-content\/uploads\/2026\/07\/Yong-Ha-Jung-Headshot-1-scaled-e1785428138441-768x768.jpeg 768w, https:\/\/www.dallassymphony.org\/wp-content\/uploads\/2026\/07\/Yong-Ha-Jung-Headshot-1-scaled-e1785428138441-1536x1536.jpeg 1536w, https:\/\/www.dallassymphony.org\/wp-content\/uploads\/2026\/07\/Yong-Ha-Jung-Headshot-1-scaled-e1785428138441-12x12.jpeg 12w, https:\/\/www.dallassymphony.org\/wp-content\/uploads\/2026\/07\/Yong-Ha-Jung-Headshot-1-scaled-e1785428138441-262x262.jpeg 262w, https:\/\/www.dallassymphony.org\/wp-content\/uploads\/2026\/07\/Yong-Ha-Jung-Headshot-1-scaled-e1785428138441-445x445.jpeg 445w, https:\/\/www.dallassymphony.org\/wp-content\/uploads\/2026\/07\/Yong-Ha-Jung-Headshot-1-scaled-e1785428138441-400x400.jpeg 400w, https:\/\/www.dallassymphony.org\/wp-content\/uploads\/2026\/07\/Yong-Ha-Jung-Headshot-1-scaled-e1785428138441-600x600.jpeg 600w, https:\/\/www.dallassymphony.org\/wp-content\/uploads\/2026\/07\/Yong-Ha-Jung-Headshot-1-scaled-e1785428138441.jpeg 1706w\" sizes=\"auto, (max-width: 350px) 100vw, 350px\" \/>\t\t\t<div class=\"card__content-wrapper\">\n\t\t\t\t<h4>Yong Ha Jung<\/h4>\n\t\t\t\t<p><p>Viola<\/p>\n<\/p>\n\n                \t\t\t\t<span class=\"a-hover\">Leer m\u00e1s<\/span>\n                \t\t\t<\/div>\n\t\t<\/a>\n\t<\/div>\n<\/div><div class=\"col-md-4 col-6\">\n\t<div class=\"people__card grad-to-left\">\n\t\t<a href=\"https:\/\/www.dallassymphony.org\/es\/people\/sarah-kienle\/\">\n\t\t\t<img loading=\"lazy\" decoding=\"async\" width=\"350\" height=\"350\" src=\"https:\/\/www.dallassymphony.org\/wp-content\/uploads\/2020\/11\/Sarah-Kienle-350x350.jpg\" class=\"img-fluid w-100 wp-post-image\" alt=\"Sarah Kienle, Directora Asociada de la Sinf\u00f3nica de Viola de Dallas.\" srcset=\"https:\/\/www.dallassymphony.org\/wp-content\/uploads\/2020\/11\/Sarah-Kienle-350x350.jpg 350w, https:\/\/www.dallassymphony.org\/wp-content\/uploads\/2020\/11\/Sarah-Kienle-300x300.jpg 300w, https:\/\/www.dallassymphony.org\/wp-content\/uploads\/2020\/11\/Sarah-Kienle-1024x1024.jpg 1024w, https:\/\/www.dallassymphony.org\/wp-content\/uploads\/2020\/11\/Sarah-Kienle-150x150.jpg 150w, https:\/\/www.dallassymphony.org\/wp-content\/uploads\/2020\/11\/Sarah-Kienle-768x768.jpg 768w, https:\/\/www.dallassymphony.org\/wp-content\/uploads\/2020\/11\/Sarah-Kienle-12x12.jpg 12w, https:\/\/www.dallassymphony.org\/wp-content\/uploads\/2020\/11\/Sarah-Kienle-262x262.jpg 262w, https:\/\/www.dallassymphony.org\/wp-content\/uploads\/2020\/11\/Sarah-Kienle-445x445.jpg 445w, https:\/\/www.dallassymphony.org\/wp-content\/uploads\/2020\/11\/Sarah-Kienle.jpg 1200w\" sizes=\"auto, (max-width: 350px) 100vw, 350px\" \/>\t\t\t<div class=\"card__content-wrapper\">\n\t\t\t\t<h4>Sarah Kienle<\/h4>\n\t\t\t\t<p><p>Viola<\/p>\n<\/p>\n\n                \t\t\t\t<span class=\"a-hover\">Leer m\u00e1s<\/span>\n                \t\t\t<\/div>\n\t\t<\/a>\n\t<\/div>\n<\/div><div class=\"col-md-4 col-6\">\n\t<div class=\"people__card grad-to-left\">\n\t\t<a href=\"https:\/\/www.dallassymphony.org\/es\/people\/pedro-mendez\/\">\n\t\t\t<img loading=\"lazy\" decoding=\"async\" width=\"350\" height=\"350\" src=\"https:\/\/www.dallassymphony.org\/wp-content\/uploads\/2023\/08\/Pedro-Mendez-Canva-edited-350x350.png\" class=\"img-fluid w-100 wp-post-image\" alt=\"\" srcset=\"https:\/\/www.dallassymphony.org\/wp-content\/uploads\/2023\/08\/Pedro-Mendez-Canva-edited-350x350.png 350w, https:\/\/www.dallassymphony.org\/wp-content\/uploads\/2023\/08\/Pedro-Mendez-Canva-edited-300x300.png 300w, https:\/\/www.dallassymphony.org\/wp-content\/uploads\/2023\/08\/Pedro-Mendez-Canva-edited-1024x1024.png 1024w, https:\/\/www.dallassymphony.org\/wp-content\/uploads\/2023\/08\/Pedro-Mendez-Canva-edited-150x150.png 150w, https:\/\/www.dallassymphony.org\/wp-content\/uploads\/2023\/08\/Pedro-Mendez-Canva-edited-768x768.png 768w, https:\/\/www.dallassymphony.org\/wp-content\/uploads\/2023\/08\/Pedro-Mendez-Canva-edited-12x12.png 12w, https:\/\/www.dallassymphony.org\/wp-content\/uploads\/2023\/08\/Pedro-Mendez-Canva-edited-262x262.png 262w, https:\/\/www.dallassymphony.org\/wp-content\/uploads\/2023\/08\/Pedro-Mendez-Canva-edited-445x445.png 445w, https:\/\/www.dallassymphony.org\/wp-content\/uploads\/2023\/08\/Pedro-Mendez-Canva-edited.png 1080w\" sizes=\"auto, (max-width: 350px) 100vw, 350px\" \/>\t\t\t<div class=\"card__content-wrapper\">\n\t\t\t\t<h4>Pedro M\u00e9ndez<\/h4>\n\t\t\t\t<p><p>Viola<\/p>\n<\/p>\n\n                \t\t\t\t<span class=\"a-hover\">Leer m\u00e1s<\/span>\n                \t\t\t<\/div>\n\t\t<\/a>\n\t<\/div>\n<\/div><div class=\"col-md-4 col-6\">\n\t<div class=\"people__card grad-to-left\">\n\t\t<a href=\"https:\/\/www.dallassymphony.org\/es\/people\/xiaohan-sun\/\">\n\t\t\t<img loading=\"lazy\" decoding=\"async\" width=\"350\" height=\"350\" src=\"https:\/\/www.dallassymphony.org\/wp-content\/uploads\/2020\/11\/2b47cb19-7747-4650-816f-9836615481f5-scaled-e1745519249987-350x350.jpg\" class=\"img-fluid w-100 wp-post-image\" alt=\"\" srcset=\"https:\/\/www.dallassymphony.org\/wp-content\/uploads\/2020\/11\/2b47cb19-7747-4650-816f-9836615481f5-scaled-e1745519249987-350x350.jpg 350w, https:\/\/www.dallassymphony.org\/wp-content\/uploads\/2020\/11\/2b47cb19-7747-4650-816f-9836615481f5-scaled-e1745519249987-300x300.jpg 300w, https:\/\/www.dallassymphony.org\/wp-content\/uploads\/2020\/11\/2b47cb19-7747-4650-816f-9836615481f5-scaled-e1745519249987-1024x1024.jpg 1024w, https:\/\/www.dallassymphony.org\/wp-content\/uploads\/2020\/11\/2b47cb19-7747-4650-816f-9836615481f5-scaled-e1745519249987-150x150.jpg 150w, https:\/\/www.dallassymphony.org\/wp-content\/uploads\/2020\/11\/2b47cb19-7747-4650-816f-9836615481f5-scaled-e1745519249987-768x768.jpg 768w, https:\/\/www.dallassymphony.org\/wp-content\/uploads\/2020\/11\/2b47cb19-7747-4650-816f-9836615481f5-scaled-e1745519249987-1536x1536.jpg 1536w, https:\/\/www.dallassymphony.org\/wp-content\/uploads\/2020\/11\/2b47cb19-7747-4650-816f-9836615481f5-scaled-e1745519249987-12x12.jpg 12w, https:\/\/www.dallassymphony.org\/wp-content\/uploads\/2020\/11\/2b47cb19-7747-4650-816f-9836615481f5-scaled-e1745519249987-262x262.jpg 262w, https:\/\/www.dallassymphony.org\/wp-content\/uploads\/2020\/11\/2b47cb19-7747-4650-816f-9836615481f5-scaled-e1745519249987-445x445.jpg 445w, https:\/\/www.dallassymphony.org\/wp-content\/uploads\/2020\/11\/2b47cb19-7747-4650-816f-9836615481f5-scaled-e1745519249987-400x400.jpg 400w, https:\/\/www.dallassymphony.org\/wp-content\/uploads\/2020\/11\/2b47cb19-7747-4650-816f-9836615481f5-scaled-e1745519249987-600x600.jpg 600w, https:\/\/www.dallassymphony.org\/wp-content\/uploads\/2020\/11\/2b47cb19-7747-4650-816f-9836615481f5-scaled-e1745519249987.jpg 1706w\" sizes=\"auto, (max-width: 350px) 100vw, 350px\" \/>\t\t\t<div class=\"card__content-wrapper\">\n\t\t\t\t<h4>Xiaohan Sun<\/h4>\n\t\t\t\t<p><p>Viola<\/p>\n<p>Silla Maisie Heiken<\/p>\n<\/p>\n\n                \t\t\t\t<span class=\"a-hover\">Leer m\u00e1s<\/span>\n                \t\t\t<\/div>\n\t\t<\/a>\n\t<\/div>\n<\/div><div class=\"col-md-4 col-6\">\n\t<div class=\"people__card grad-to-left\">\n\t\t<a href=\"https:\/\/www.dallassymphony.org\/es\/people\/david-sywak\/\">\n\t\t\t<img loading=\"lazy\" decoding=\"async\" width=\"350\" height=\"350\" src=\"https:\/\/www.dallassymphony.org\/wp-content\/uploads\/2020\/11\/David-Sywak-350x350.jpg\" class=\"img-fluid w-100 wp-post-image\" alt=\"David Sywak_Viola_Sinfon\u00eda de Dallas\" srcset=\"https:\/\/www.dallassymphony.org\/wp-content\/uploads\/2020\/11\/David-Sywak-350x350.jpg 350w, https:\/\/www.dallassymphony.org\/wp-content\/uploads\/2020\/11\/David-Sywak-300x300.jpg 300w, https:\/\/www.dallassymphony.org\/wp-content\/uploads\/2020\/11\/David-Sywak-1024x1024.jpg 1024w, https:\/\/www.dallassymphony.org\/wp-content\/uploads\/2020\/11\/David-Sywak-150x150.jpg 150w, https:\/\/www.dallassymphony.org\/wp-content\/uploads\/2020\/11\/David-Sywak-768x768.jpg 768w, https:\/\/www.dallassymphony.org\/wp-content\/uploads\/2020\/11\/David-Sywak-12x12.jpg 12w, https:\/\/www.dallassymphony.org\/wp-content\/uploads\/2020\/11\/David-Sywak-262x262.jpg 262w, https:\/\/www.dallassymphony.org\/wp-content\/uploads\/2020\/11\/David-Sywak-445x445.jpg 445w, https:\/\/www.dallassymphony.org\/wp-content\/uploads\/2020\/11\/David-Sywak.jpg 1200w\" sizes=\"auto, (max-width: 350px) 100vw, 350px\" \/>\t\t\t<div class=\"card__content-wrapper\">\n\t\t\t\t<h4>David Sywak<\/h4>\n\t\t\t\t<p><p>Viola<\/p>\n<p>C\u00e1tedra Arthur Noltemy<\/p>\n<\/p>\n\n                \t\t\t\t<span class=\"a-hover\">Leer m\u00e1s<\/span>\n                \t\t\t<\/div>\n\t\t<\/a>\n\t<\/div>\n<\/div><div class=\"col-md-4 col-6\">\n\t<div class=\"people__card grad-to-left\">\n\t\t<a href=\"https:\/\/www.dallassymphony.org\/es\/people\/kelly-avila\/\">\n\t\t\t<img loading=\"lazy\" decoding=\"async\" width=\"350\" height=\"350\" src=\"https:\/\/www.dallassymphony.org\/wp-content\/uploads\/2026\/07\/Kelly-Avila-Headshot-350x350.jpg\" class=\"img-fluid w-100 wp-post-image\" alt=\"\" srcset=\"https:\/\/www.dallassymphony.org\/wp-content\/uploads\/2026\/07\/Kelly-Avila-Headshot-350x350.jpg 350w, https:\/\/www.dallassymphony.org\/wp-content\/uploads\/2026\/07\/Kelly-Avila-Headshot-150x150.jpg 150w, https:\/\/www.dallassymphony.org\/wp-content\/uploads\/2026\/07\/Kelly-Avila-Headshot-262x262.jpg 262w, https:\/\/www.dallassymphony.org\/wp-content\/uploads\/2026\/07\/Kelly-Avila-Headshot-445x445.jpg 445w\" sizes=\"auto, (max-width: 350px) 100vw, 350px\" \/>\t\t\t<div class=\"card__content-wrapper\">\n\t\t\t\t<h4>Kelly \u00c1vila<\/h4>\n\t\t\t\t<p><p>Secci\u00f3n interina de violas<\/p>\n<\/p>\n\n                \t\t\t\t<span class=\"a-hover\">Leer m\u00e1s<\/span>\n                \t\t\t<\/div>\n\t\t<\/a>\n\t<\/div>\n<\/div>\t\t<\/div>\n\t<\/div>\n<\/div>\n\n\n<div class=\"people-grid m-spacer\">\n\t<div class=\"container\">\n\t\t<div class=\"row\">\n\t\t\t<div class=\"col-12\">\n\t\t\t\t<h1><\/h1>\n                <h2>Violonchelo<\/h2>\n\t\t\t<\/div>\n\t\t<\/div>\n\t\t<div class=\"row\">\n\t\t\t<div class=\"col-md-4 col-6\">\n\t<div class=\"people__card grad-to-left\">\n\t\t<a href=\"https:\/\/www.dallassymphony.org\/es\/people\/christopher-adkins\/\">\n\t\t\t<img loading=\"lazy\" decoding=\"async\" width=\"350\" height=\"350\" src=\"https:\/\/www.dallassymphony.org\/wp-content\/uploads\/2020\/11\/Christopher-Adkins-350x350.jpg\" class=\"img-fluid w-100 wp-post-image\" alt=\"Christopher Adkins, director de violonchelo, Fannie y Stephen S Kahn, presidente de la Sinf\u00f3nica de Dallas.\" srcset=\"https:\/\/www.dallassymphony.org\/wp-content\/uploads\/2020\/11\/Christopher-Adkins-350x350.jpg 350w, https:\/\/www.dallassymphony.org\/wp-content\/uploads\/2020\/11\/Christopher-Adkins-300x300.jpg 300w, https:\/\/www.dallassymphony.org\/wp-content\/uploads\/2020\/11\/Christopher-Adkins-1024x1024.jpg 1024w, https:\/\/www.dallassymphony.org\/wp-content\/uploads\/2020\/11\/Christopher-Adkins-150x150.jpg 150w, https:\/\/www.dallassymphony.org\/wp-content\/uploads\/2020\/11\/Christopher-Adkins-768x768.jpg 768w, https:\/\/www.dallassymphony.org\/wp-content\/uploads\/2020\/11\/Christopher-Adkins-12x12.jpg 12w, https:\/\/www.dallassymphony.org\/wp-content\/uploads\/2020\/11\/Christopher-Adkins-262x262.jpg 262w, https:\/\/www.dallassymphony.org\/wp-content\/uploads\/2020\/11\/Christopher-Adkins-445x445.jpg 445w, https:\/\/www.dallassymphony.org\/wp-content\/uploads\/2020\/11\/Christopher-Adkins.jpg 1200w\" sizes=\"auto, (max-width: 350px) 100vw, 350px\" \/>\t\t\t<div class=\"card__content-wrapper\">\n\t\t\t\t<h4>Christopher Adkins<\/h4>\n\t\t\t\t<p><p>El violonchelo principal<\/p>\n<p>Fannie &amp; Stephen S. Kahn Presidente<\/p>\n<\/p>\n\n                \t\t\t\t<span class=\"a-hover\">Leer m\u00e1s<\/span>\n                \t\t\t<\/div>\n\t\t<\/a>\n\t<\/div>\n<\/div><div class=\"col-md-4 col-6\">\n\t<div class=\"people__card grad-to-left\">\n\t\t<a href=\"https:\/\/www.dallassymphony.org\/es\/people\/theodore-harvey\/\">\n\t\t\t<img loading=\"lazy\" decoding=\"async\" width=\"350\" height=\"350\" src=\"https:\/\/www.dallassymphony.org\/wp-content\/uploads\/2020\/11\/Theodore-Harvey-350x350.jpg\" class=\"img-fluid w-100 wp-post-image\" alt=\"Theodore Harvey, director asociado del violonchelo, Holly y Tom Mayer, presidente de la sinfon\u00eda de Dallas.\" srcset=\"https:\/\/www.dallassymphony.org\/wp-content\/uploads\/2020\/11\/Theodore-Harvey-350x350.jpg 350w, https:\/\/www.dallassymphony.org\/wp-content\/uploads\/2020\/11\/Theodore-Harvey-300x300.jpg 300w, https:\/\/www.dallassymphony.org\/wp-content\/uploads\/2020\/11\/Theodore-Harvey-1024x1024.jpg 1024w, https:\/\/www.dallassymphony.org\/wp-content\/uploads\/2020\/11\/Theodore-Harvey-150x150.jpg 150w, https:\/\/www.dallassymphony.org\/wp-content\/uploads\/2020\/11\/Theodore-Harvey-768x768.jpg 768w, https:\/\/www.dallassymphony.org\/wp-content\/uploads\/2020\/11\/Theodore-Harvey-12x12.jpg 12w, https:\/\/www.dallassymphony.org\/wp-content\/uploads\/2020\/11\/Theodore-Harvey-262x262.jpg 262w, https:\/\/www.dallassymphony.org\/wp-content\/uploads\/2020\/11\/Theodore-Harvey-445x445.jpg 445w, https:\/\/www.dallassymphony.org\/wp-content\/uploads\/2020\/11\/Theodore-Harvey.jpg 1200w\" sizes=\"auto, (max-width: 350px) 100vw, 350px\" \/>\t\t\t<div class=\"card__content-wrapper\">\n\t\t\t\t<h4>Theodore Harvey<\/h4>\n\t\t\t\t<p><p>Violonchelo principal asociado<\/p>\n<p>Holly &amp; Tom Mayer Chair<\/p>\n<\/p>\n\n                \t\t\t\t<span class=\"a-hover\">Leer m\u00e1s<\/span>\n                \t\t\t<\/div>\n\t\t<\/a>\n\t<\/div>\n<\/div><div class=\"col-md-4 col-6\">\n\t<div class=\"people__card grad-to-left\">\n\t\t<a href=\"https:\/\/www.dallassymphony.org\/es\/people\/jolyon-pegis\/\">\n\t\t\t<img loading=\"lazy\" decoding=\"async\" width=\"350\" height=\"350\" src=\"https:\/\/www.dallassymphony.org\/wp-content\/uploads\/2020\/11\/Jolyon-Pegis-1-350x350.jpg\" class=\"img-fluid w-100 wp-post-image\" alt=\"Jolyon Pegis, director asociado del violonchelo, Joe Hubach, presidente de la Sinf\u00f3nica de Dallas.\" srcset=\"https:\/\/www.dallassymphony.org\/wp-content\/uploads\/2020\/11\/Jolyon-Pegis-1-350x350.jpg 350w, https:\/\/www.dallassymphony.org\/wp-content\/uploads\/2020\/11\/Jolyon-Pegis-1-300x300.jpg 300w, https:\/\/www.dallassymphony.org\/wp-content\/uploads\/2020\/11\/Jolyon-Pegis-1-1024x1024.jpg 1024w, https:\/\/www.dallassymphony.org\/wp-content\/uploads\/2020\/11\/Jolyon-Pegis-1-150x150.jpg 150w, https:\/\/www.dallassymphony.org\/wp-content\/uploads\/2020\/11\/Jolyon-Pegis-1-768x768.jpg 768w, https:\/\/www.dallassymphony.org\/wp-content\/uploads\/2020\/11\/Jolyon-Pegis-1-12x12.jpg 12w, https:\/\/www.dallassymphony.org\/wp-content\/uploads\/2020\/11\/Jolyon-Pegis-1-262x262.jpg 262w, https:\/\/www.dallassymphony.org\/wp-content\/uploads\/2020\/11\/Jolyon-Pegis-1-445x445.jpg 445w, https:\/\/www.dallassymphony.org\/wp-content\/uploads\/2020\/11\/Jolyon-Pegis-1.jpg 1200w\" sizes=\"auto, (max-width: 350px) 100vw, 350px\" \/>\t\t\t<div class=\"card__content-wrapper\">\n\t\t\t\t<h4>Jolyon Pegis<\/h4>\n\t\t\t\t<p><p>Violonchelo principal asociado<\/p>\n<p>Joe Hubach Presidente<\/p>\n<\/p>\n\n                \t\t\t\t<span class=\"a-hover\">Leer m\u00e1s<\/span>\n                \t\t\t<\/div>\n\t\t<\/a>\n\t<\/div>\n<\/div><div class=\"col-md-4 col-6\">\n\t<div class=\"people__card grad-to-left\">\n\t\t<a href=\"https:\/\/www.dallassymphony.org\/es\/people\/jeffrey-hood\/\">\n\t\t\t<img loading=\"lazy\" decoding=\"async\" width=\"350\" height=\"350\" src=\"https:\/\/www.dallassymphony.org\/wp-content\/uploads\/2020\/11\/Jeff-Hood-350x350.jpg\" class=\"img-fluid w-100 wp-post-image\" alt=\"Sinfon\u00eda de Jeffrey Hood para violonchelo de Dallas\" srcset=\"https:\/\/www.dallassymphony.org\/wp-content\/uploads\/2020\/11\/Jeff-Hood-350x350.jpg 350w, https:\/\/www.dallassymphony.org\/wp-content\/uploads\/2020\/11\/Jeff-Hood-300x300.jpg 300w, https:\/\/www.dallassymphony.org\/wp-content\/uploads\/2020\/11\/Jeff-Hood-1024x1024.jpg 1024w, https:\/\/www.dallassymphony.org\/wp-content\/uploads\/2020\/11\/Jeff-Hood-150x150.jpg 150w, https:\/\/www.dallassymphony.org\/wp-content\/uploads\/2020\/11\/Jeff-Hood-768x768.jpg 768w, https:\/\/www.dallassymphony.org\/wp-content\/uploads\/2020\/11\/Jeff-Hood-12x12.jpg 12w, https:\/\/www.dallassymphony.org\/wp-content\/uploads\/2020\/11\/Jeff-Hood-262x262.jpg 262w, https:\/\/www.dallassymphony.org\/wp-content\/uploads\/2020\/11\/Jeff-Hood-445x445.jpg 445w, https:\/\/www.dallassymphony.org\/wp-content\/uploads\/2020\/11\/Jeff-Hood.jpg 1200w\" sizes=\"auto, (max-width: 350px) 100vw, 350px\" \/>\t\t\t<div class=\"card__content-wrapper\">\n\t\t\t\t<h4>Jeffrey Hood<\/h4>\n\t\t\t\t<p><p>Violonchelo<\/p>\n<p>C\u00e1tedra Greg &amp; Kim Hext<\/p>\n<\/p>\n\n                \t\t\t\t<span class=\"a-hover\">Leer m\u00e1s<\/span>\n                \t\t\t<\/div>\n\t\t<\/a>\n\t<\/div>\n<\/div><div class=\"col-md-4 col-6\">\n\t<div class=\"people__card grad-to-left\">\n\t\t<a href=\"https:\/\/www.dallassymphony.org\/es\/people\/jennifer-choi\/\">\n\t\t\t<img loading=\"lazy\" decoding=\"async\" width=\"350\" height=\"350\" src=\"https:\/\/www.dallassymphony.org\/wp-content\/uploads\/2020\/11\/Jennifer-Choi-350x350.jpg\" class=\"img-fluid w-100 wp-post-image\" alt=\"Jennifer Yunyoung Choi_Cello_Sinfon\u00eda de Dallas\" srcset=\"https:\/\/www.dallassymphony.org\/wp-content\/uploads\/2020\/11\/Jennifer-Choi-350x350.jpg 350w, https:\/\/www.dallassymphony.org\/wp-content\/uploads\/2020\/11\/Jennifer-Choi-300x300.jpg 300w, https:\/\/www.dallassymphony.org\/wp-content\/uploads\/2020\/11\/Jennifer-Choi-1024x1024.jpg 1024w, https:\/\/www.dallassymphony.org\/wp-content\/uploads\/2020\/11\/Jennifer-Choi-150x150.jpg 150w, https:\/\/www.dallassymphony.org\/wp-content\/uploads\/2020\/11\/Jennifer-Choi-768x768.jpg 768w, https:\/\/www.dallassymphony.org\/wp-content\/uploads\/2020\/11\/Jennifer-Choi-12x12.jpg 12w, https:\/\/www.dallassymphony.org\/wp-content\/uploads\/2020\/11\/Jennifer-Choi-262x262.jpg 262w, https:\/\/www.dallassymphony.org\/wp-content\/uploads\/2020\/11\/Jennifer-Choi-445x445.jpg 445w, https:\/\/www.dallassymphony.org\/wp-content\/uploads\/2020\/11\/Jennifer-Choi.jpg 1200w\" sizes=\"auto, (max-width: 350px) 100vw, 350px\" \/>\t\t\t<div class=\"card__content-wrapper\">\n\t\t\t\t<h4>Jennifer Yunyoung Choi<\/h4>\n\t\t\t\t<p><p>Violonchelo<\/p>\n<p>Silla Wolfe Gruber<\/p>\n<\/p>\n\n                \t\t\t\t<span class=\"a-hover\">Leer m\u00e1s<\/span>\n                \t\t\t<\/div>\n\t\t<\/a>\n\t<\/div>\n<\/div><div class=\"col-md-4 col-6\">\n\t<div class=\"people__card grad-to-left\">\n\t\t<a href=\"https:\/\/www.dallassymphony.org\/es\/people\/kari-kettering\/\">\n\t\t\t<img loading=\"lazy\" decoding=\"async\" width=\"350\" height=\"350\" src=\"https:\/\/www.dallassymphony.org\/wp-content\/uploads\/2020\/11\/Kari-Kettering-350x350.jpg\" class=\"img-fluid w-100 wp-post-image\" alt=\"Kari Kettering_Cello Sinfon\u00eda de Dallas\" srcset=\"https:\/\/www.dallassymphony.org\/wp-content\/uploads\/2020\/11\/Kari-Kettering-350x350.jpg 350w, https:\/\/www.dallassymphony.org\/wp-content\/uploads\/2020\/11\/Kari-Kettering-300x300.jpg 300w, https:\/\/www.dallassymphony.org\/wp-content\/uploads\/2020\/11\/Kari-Kettering-1024x1024.jpg 1024w, https:\/\/www.dallassymphony.org\/wp-content\/uploads\/2020\/11\/Kari-Kettering-150x150.jpg 150w, https:\/\/www.dallassymphony.org\/wp-content\/uploads\/2020\/11\/Kari-Kettering-768x768.jpg 768w, https:\/\/www.dallassymphony.org\/wp-content\/uploads\/2020\/11\/Kari-Kettering-12x12.jpg 12w, https:\/\/www.dallassymphony.org\/wp-content\/uploads\/2020\/11\/Kari-Kettering-262x262.jpg 262w, https:\/\/www.dallassymphony.org\/wp-content\/uploads\/2020\/11\/Kari-Kettering-445x445.jpg 445w, https:\/\/www.dallassymphony.org\/wp-content\/uploads\/2020\/11\/Kari-Kettering.jpg 1200w\" sizes=\"auto, (max-width: 350px) 100vw, 350px\" \/>\t\t\t<div class=\"card__content-wrapper\">\n\t\t\t\t<h4>Kari Kettering<\/h4>\n\t\t\t\t<p><p>Violonchelo<\/p>\n<p>C\u00e1tedra Donna y Herbert Weitzman, en honor a Juanita y Henry S. Miller Jr.<\/p>\n<\/p>\n\n                \t\t\t\t<span class=\"a-hover\">Leer m\u00e1s<\/span>\n                \t\t\t<\/div>\n\t\t<\/a>\n\t<\/div>\n<\/div><div class=\"col-md-4 col-6\">\n\t<div class=\"people__card grad-to-left\">\n\t\t<a href=\"https:\/\/www.dallassymphony.org\/es\/people\/minji-kim\/\">\n\t\t\t<img loading=\"lazy\" decoding=\"async\" width=\"350\" height=\"350\" src=\"https:\/\/www.dallassymphony.org\/wp-content\/uploads\/2020\/11\/Minji-Kim-350x350.png\" class=\"img-fluid w-100 wp-post-image\" alt=\"\" srcset=\"https:\/\/www.dallassymphony.org\/wp-content\/uploads\/2020\/11\/Minji-Kim-350x350.png 350w, https:\/\/www.dallassymphony.org\/wp-content\/uploads\/2020\/11\/Minji-Kim-300x300.png 300w, https:\/\/www.dallassymphony.org\/wp-content\/uploads\/2020\/11\/Minji-Kim-1024x1024.png 1024w, https:\/\/www.dallassymphony.org\/wp-content\/uploads\/2020\/11\/Minji-Kim-150x150.png 150w, https:\/\/www.dallassymphony.org\/wp-content\/uploads\/2020\/11\/Minji-Kim-768x768.png 768w, https:\/\/www.dallassymphony.org\/wp-content\/uploads\/2020\/11\/Minji-Kim-12x12.png 12w, https:\/\/www.dallassymphony.org\/wp-content\/uploads\/2020\/11\/Minji-Kim-262x262.png 262w, https:\/\/www.dallassymphony.org\/wp-content\/uploads\/2020\/11\/Minji-Kim-445x445.png 445w, https:\/\/www.dallassymphony.org\/wp-content\/uploads\/2020\/11\/Minji-Kim-400x400.png 400w, https:\/\/www.dallassymphony.org\/wp-content\/uploads\/2020\/11\/Minji-Kim-600x600.png 600w, https:\/\/www.dallassymphony.org\/wp-content\/uploads\/2020\/11\/Minji-Kim.png 1200w\" sizes=\"auto, (max-width: 350px) 100vw, 350px\" \/>\t\t\t<div class=\"card__content-wrapper\">\n\t\t\t\t<h4>Minji Kim<\/h4>\n\t\t\t\t<p><p>Violonchelo<\/p>\n<\/p>\n\n                \t\t\t\t<span class=\"a-hover\">Leer m\u00e1s<\/span>\n                \t\t\t<\/div>\n\t\t<\/a>\n\t<\/div>\n<\/div><div class=\"col-md-4 col-6\">\n\t<div class=\"people__card grad-to-left\">\n\t\t<a href=\"https:\/\/www.dallassymphony.org\/es\/people\/zexun-jason-shen\/\">\n\t\t\t<img loading=\"lazy\" decoding=\"async\" width=\"350\" height=\"350\" src=\"https:\/\/www.dallassymphony.org\/wp-content\/uploads\/2025\/08\/Zexun-Jason-Shen-350x350.png\" class=\"img-fluid w-100 wp-post-image\" alt=\"\" srcset=\"https:\/\/www.dallassymphony.org\/wp-content\/uploads\/2025\/08\/Zexun-Jason-Shen-350x350.png 350w, https:\/\/www.dallassymphony.org\/wp-content\/uploads\/2025\/08\/Zexun-Jason-Shen-300x300.png 300w, https:\/\/www.dallassymphony.org\/wp-content\/uploads\/2025\/08\/Zexun-Jason-Shen-1024x1024.png 1024w, https:\/\/www.dallassymphony.org\/wp-content\/uploads\/2025\/08\/Zexun-Jason-Shen-150x150.png 150w, https:\/\/www.dallassymphony.org\/wp-content\/uploads\/2025\/08\/Zexun-Jason-Shen-768x768.png 768w, https:\/\/www.dallassymphony.org\/wp-content\/uploads\/2025\/08\/Zexun-Jason-Shen-12x12.png 12w, https:\/\/www.dallassymphony.org\/wp-content\/uploads\/2025\/08\/Zexun-Jason-Shen-262x262.png 262w, https:\/\/www.dallassymphony.org\/wp-content\/uploads\/2025\/08\/Zexun-Jason-Shen-445x445.png 445w, https:\/\/www.dallassymphony.org\/wp-content\/uploads\/2025\/08\/Zexun-Jason-Shen.png 1200w\" sizes=\"auto, (max-width: 350px) 100vw, 350px\" \/>\t\t\t<div class=\"card__content-wrapper\">\n\t\t\t\t<h4>Zexun (Jason) Shen<\/h4>\n\t\t\t\t<p><p>Violonchelo<\/p>\n<p>C\u00e1tedra Lev Aronson, donada por Betty Taylor Cox<\/p>\n<\/p>\n\n                \t\t\t\t<span class=\"a-hover\">Leer m\u00e1s<\/span>\n                \t\t\t<\/div>\n\t\t<\/a>\n\t<\/div>\n<\/div><div class=\"col-md-4 col-6\">\n\t<div class=\"people__card grad-to-left\">\n\t\t<a href=\"https:\/\/www.dallassymphony.org\/es\/people\/nan-zhang\/\">\n\t\t\t<img loading=\"lazy\" decoding=\"async\" width=\"350\" height=\"350\" src=\"https:\/\/www.dallassymphony.org\/wp-content\/uploads\/2020\/11\/Nan-Zhang-350x350.jpg\" class=\"img-fluid w-100 wp-post-image\" alt=\"nan zhang\" srcset=\"https:\/\/www.dallassymphony.org\/wp-content\/uploads\/2020\/11\/Nan-Zhang-350x350.jpg 350w, https:\/\/www.dallassymphony.org\/wp-content\/uploads\/2020\/11\/Nan-Zhang-300x300.jpg 300w, https:\/\/www.dallassymphony.org\/wp-content\/uploads\/2020\/11\/Nan-Zhang-1024x1024.jpg 1024w, https:\/\/www.dallassymphony.org\/wp-content\/uploads\/2020\/11\/Nan-Zhang-150x150.jpg 150w, https:\/\/www.dallassymphony.org\/wp-content\/uploads\/2020\/11\/Nan-Zhang-768x768.jpg 768w, https:\/\/www.dallassymphony.org\/wp-content\/uploads\/2020\/11\/Nan-Zhang-12x12.jpg 12w, https:\/\/www.dallassymphony.org\/wp-content\/uploads\/2020\/11\/Nan-Zhang-262x262.jpg 262w, https:\/\/www.dallassymphony.org\/wp-content\/uploads\/2020\/11\/Nan-Zhang-445x445.jpg 445w, https:\/\/www.dallassymphony.org\/wp-content\/uploads\/2020\/11\/Nan-Zhang.jpg 1200w\" sizes=\"auto, (max-width: 350px) 100vw, 350px\" \/>\t\t\t<div class=\"card__content-wrapper\">\n\t\t\t\t<h4>Nan Zhang<\/h4>\n\t\t\t\t<p><p>Violonchelo<\/p>\n<\/p>\n\n                \t\t\t\t<span class=\"a-hover\">Leer m\u00e1s<\/span>\n                \t\t\t<\/div>\n\t\t<\/a>\n\t<\/div>\n<\/div><div class=\"col-md-4 col-6\">\n\t<div class=\"people__card grad-to-left\">\n\t\t<a href=\"https:\/\/www.dallassymphony.org\/es\/people\/saisai-ding\/\">\n\t\t\t<img loading=\"lazy\" decoding=\"async\" width=\"350\" height=\"350\" src=\"https:\/\/www.dallassymphony.org\/wp-content\/uploads\/2025\/08\/SaiSai-Ding-1-350x350.png\" class=\"img-fluid w-100 wp-post-image\" alt=\"\" srcset=\"https:\/\/www.dallassymphony.org\/wp-content\/uploads\/2025\/08\/SaiSai-Ding-1-350x350.png 350w, https:\/\/www.dallassymphony.org\/wp-content\/uploads\/2025\/08\/SaiSai-Ding-1-300x300.png 300w, https:\/\/www.dallassymphony.org\/wp-content\/uploads\/2025\/08\/SaiSai-Ding-1-1024x1024.png 1024w, https:\/\/www.dallassymphony.org\/wp-content\/uploads\/2025\/08\/SaiSai-Ding-1-150x150.png 150w, https:\/\/www.dallassymphony.org\/wp-content\/uploads\/2025\/08\/SaiSai-Ding-1-768x768.png 768w, https:\/\/www.dallassymphony.org\/wp-content\/uploads\/2025\/08\/SaiSai-Ding-1-12x12.png 12w, https:\/\/www.dallassymphony.org\/wp-content\/uploads\/2025\/08\/SaiSai-Ding-1-262x262.png 262w, https:\/\/www.dallassymphony.org\/wp-content\/uploads\/2025\/08\/SaiSai-Ding-1-445x445.png 445w, https:\/\/www.dallassymphony.org\/wp-content\/uploads\/2025\/08\/SaiSai-Ding-1.png 1200w\" sizes=\"auto, (max-width: 350px) 100vw, 350px\" \/>\t\t\t<div class=\"card__content-wrapper\">\n\t\t\t\t<h4>SaiSai Ding<\/h4>\n\t\t\t\t<p><p>Violonchelo<\/p>\n<\/p>\n\n                \t\t\t\t<span class=\"a-hover\">Leer m\u00e1s<\/span>\n                \t\t\t<\/div>\n\t\t<\/a>\n\t<\/div>\n<\/div>\t\t<\/div>\n\t<\/div>\n<\/div>\n\n\n<div class=\"people-grid m-spacer\">\n\t<div class=\"container\">\n\t\t<div class=\"row\">\n\t\t\t<div class=\"col-12\">\n\t\t\t\t<h1><\/h1>\n                <h2>Bass<\/h2>\n\t\t\t<\/div>\n\t\t<\/div>\n\t\t<div class=\"row\">\n\t\t\t<div class=\"col-md-4 col-6\">\n\t<div class=\"people__card grad-to-left\">\n\t\t<a href=\"https:\/\/www.dallassymphony.org\/es\/people\/nicolas-tsolainos\/\">\n\t\t\t<img loading=\"lazy\" decoding=\"async\" width=\"350\" height=\"350\" src=\"https:\/\/www.dallassymphony.org\/wp-content\/uploads\/2020\/11\/Nicolas-Tsolainos-1-350x350.jpg\" class=\"img-fluid w-100 wp-post-image\" alt=\"Nicolas Tsolainos_Bajo principal an\u00f3nimo de la Sinfon\u00eda de Dallas\" srcset=\"https:\/\/www.dallassymphony.org\/wp-content\/uploads\/2020\/11\/Nicolas-Tsolainos-1-350x350.jpg 350w, https:\/\/www.dallassymphony.org\/wp-content\/uploads\/2020\/11\/Nicolas-Tsolainos-1-300x300.jpg 300w, https:\/\/www.dallassymphony.org\/wp-content\/uploads\/2020\/11\/Nicolas-Tsolainos-1-1024x1024.jpg 1024w, https:\/\/www.dallassymphony.org\/wp-content\/uploads\/2020\/11\/Nicolas-Tsolainos-1-150x150.jpg 150w, https:\/\/www.dallassymphony.org\/wp-content\/uploads\/2020\/11\/Nicolas-Tsolainos-1-768x768.jpg 768w, https:\/\/www.dallassymphony.org\/wp-content\/uploads\/2020\/11\/Nicolas-Tsolainos-1-12x12.jpg 12w, https:\/\/www.dallassymphony.org\/wp-content\/uploads\/2020\/11\/Nicolas-Tsolainos-1-262x262.jpg 262w, https:\/\/www.dallassymphony.org\/wp-content\/uploads\/2020\/11\/Nicolas-Tsolainos-1-445x445.jpg 445w, https:\/\/www.dallassymphony.org\/wp-content\/uploads\/2020\/11\/Nicolas-Tsolainos-1.jpg 1200w\" sizes=\"auto, (max-width: 350px) 100vw, 350px\" \/>\t\t\t<div class=\"card__content-wrapper\">\n\t\t\t\t<h4>Nicolas Tsolainos<\/h4>\n\t\t\t\t<p><p>El director Bass<\/p>\n<p>C\u00e1tedra de donaci\u00f3n an\u00f3nima<\/p>\n<\/p>\n\n                \t\t\t\t<span class=\"a-hover\">Leer m\u00e1s<\/span>\n                \t\t\t<\/div>\n\t\t<\/a>\n\t<\/div>\n<\/div><div class=\"col-md-4 col-6\">\n\t<div class=\"people__card grad-to-left\">\n\t\t<a href=\"https:\/\/www.dallassymphony.org\/es\/people\/christian-luevano\/\">\n\t\t\t<img loading=\"lazy\" decoding=\"async\" width=\"350\" height=\"350\" src=\"https:\/\/www.dallassymphony.org\/wp-content\/uploads\/2025\/08\/Christian-Luevano-350x350.png\" class=\"img-fluid w-100 wp-post-image\" alt=\"\" srcset=\"https:\/\/www.dallassymphony.org\/wp-content\/uploads\/2025\/08\/Christian-Luevano-350x350.png 350w, https:\/\/www.dallassymphony.org\/wp-content\/uploads\/2025\/08\/Christian-Luevano-300x300.png 300w, https:\/\/www.dallassymphony.org\/wp-content\/uploads\/2025\/08\/Christian-Luevano-1024x1024.png 1024w, https:\/\/www.dallassymphony.org\/wp-content\/uploads\/2025\/08\/Christian-Luevano-150x150.png 150w, https:\/\/www.dallassymphony.org\/wp-content\/uploads\/2025\/08\/Christian-Luevano-768x768.png 768w, https:\/\/www.dallassymphony.org\/wp-content\/uploads\/2025\/08\/Christian-Luevano-12x12.png 12w, https:\/\/www.dallassymphony.org\/wp-content\/uploads\/2025\/08\/Christian-Luevano-262x262.png 262w, https:\/\/www.dallassymphony.org\/wp-content\/uploads\/2025\/08\/Christian-Luevano-445x445.png 445w, https:\/\/www.dallassymphony.org\/wp-content\/uploads\/2025\/08\/Christian-Luevano-400x400.png 400w, https:\/\/www.dallassymphony.org\/wp-content\/uploads\/2025\/08\/Christian-Luevano-600x600.png 600w, https:\/\/www.dallassymphony.org\/wp-content\/uploads\/2025\/08\/Christian-Luevano.png 1080w\" sizes=\"auto, (max-width: 350px) 100vw, 350px\" \/>\t\t\t<div class=\"card__content-wrapper\">\n\t\t\t\t<h4>Christian Luevano<\/h4>\n\t\t\t\t<p><p>El director adjunto Bass<\/p>\n<\/p>\n\n                \t\t\t\t<span class=\"a-hover\">Leer m\u00e1s<\/span>\n                \t\t\t<\/div>\n\t\t<\/a>\n\t<\/div>\n<\/div><div class=\"col-md-4 col-6\">\n\t<div class=\"people__card grad-to-left\">\n\t\t<a href=\"https:\/\/www.dallassymphony.org\/es\/people\/alexander-heather\/\">\n\t\t\t<img loading=\"lazy\" decoding=\"async\" width=\"350\" height=\"350\" src=\"https:\/\/www.dallassymphony.org\/wp-content\/uploads\/2025\/08\/Alexander-Heather-1-350x350.png\" class=\"img-fluid w-100 wp-post-image\" alt=\"\" srcset=\"https:\/\/www.dallassymphony.org\/wp-content\/uploads\/2025\/08\/Alexander-Heather-1-350x350.png 350w, https:\/\/www.dallassymphony.org\/wp-content\/uploads\/2025\/08\/Alexander-Heather-1-300x300.png 300w, https:\/\/www.dallassymphony.org\/wp-content\/uploads\/2025\/08\/Alexander-Heather-1-1024x1024.png 1024w, https:\/\/www.dallassymphony.org\/wp-content\/uploads\/2025\/08\/Alexander-Heather-1-150x150.png 150w, https:\/\/www.dallassymphony.org\/wp-content\/uploads\/2025\/08\/Alexander-Heather-1-768x768.png 768w, https:\/\/www.dallassymphony.org\/wp-content\/uploads\/2025\/08\/Alexander-Heather-1-12x12.png 12w, https:\/\/www.dallassymphony.org\/wp-content\/uploads\/2025\/08\/Alexander-Heather-1-262x262.png 262w, https:\/\/www.dallassymphony.org\/wp-content\/uploads\/2025\/08\/Alexander-Heather-1-445x445.png 445w, https:\/\/www.dallassymphony.org\/wp-content\/uploads\/2025\/08\/Alexander-Heather-1.png 1200w\" sizes=\"auto, (max-width: 350px) 100vw, 350px\" \/>\t\t\t<div class=\"card__content-wrapper\">\n\t\t\t\t<h4>Alexander Heather<\/h4>\n\t\t\t\t<p><p>El director adjunto Bass<\/p>\n<\/p>\n\n                \t\t\t\t<span class=\"a-hover\">Leer m\u00e1s<\/span>\n                \t\t\t<\/div>\n\t\t<\/a>\n\t<\/div>\n<\/div><div class=\"col-md-4 col-6\">\n\t<div class=\"people__card grad-to-left\">\n\t\t<a href=\"https:\/\/www.dallassymphony.org\/es\/people\/paula-holmes-fleming\/\">\n\t\t\t<img loading=\"lazy\" decoding=\"async\" width=\"350\" height=\"350\" src=\"https:\/\/www.dallassymphony.org\/wp-content\/uploads\/2020\/11\/Paula-Fleming-350x350.jpg\" class=\"img-fluid w-100 wp-post-image\" alt=\"Paula Holmes Fleming_Bass Sinfon\u00eda de Dallas\" srcset=\"https:\/\/www.dallassymphony.org\/wp-content\/uploads\/2020\/11\/Paula-Fleming-350x350.jpg 350w, https:\/\/www.dallassymphony.org\/wp-content\/uploads\/2020\/11\/Paula-Fleming-300x300.jpg 300w, https:\/\/www.dallassymphony.org\/wp-content\/uploads\/2020\/11\/Paula-Fleming-1024x1024.jpg 1024w, https:\/\/www.dallassymphony.org\/wp-content\/uploads\/2020\/11\/Paula-Fleming-150x150.jpg 150w, https:\/\/www.dallassymphony.org\/wp-content\/uploads\/2020\/11\/Paula-Fleming-768x768.jpg 768w, https:\/\/www.dallassymphony.org\/wp-content\/uploads\/2020\/11\/Paula-Fleming-12x12.jpg 12w, https:\/\/www.dallassymphony.org\/wp-content\/uploads\/2020\/11\/Paula-Fleming-262x262.jpg 262w, https:\/\/www.dallassymphony.org\/wp-content\/uploads\/2020\/11\/Paula-Fleming-445x445.jpg 445w, https:\/\/www.dallassymphony.org\/wp-content\/uploads\/2020\/11\/Paula-Fleming.jpg 1200w\" sizes=\"auto, (max-width: 350px) 100vw, 350px\" \/>\t\t\t<div class=\"card__content-wrapper\">\n\t\t\t\t<h4>Paula Holmes Fleming<\/h4>\n\t\t\t\t<p><p>Bass<\/p>\n<\/p>\n\n                \t\t\t\t<span class=\"a-hover\">Leer m\u00e1s<\/span>\n                \t\t\t<\/div>\n\t\t<\/a>\n\t<\/div>\n<\/div><div class=\"col-md-4 col-6\">\n\t<div class=\"people__card grad-to-left\">\n\t\t<a href=\"https:\/\/www.dallassymphony.org\/es\/people\/brian-perry\/\">\n\t\t\t<img loading=\"lazy\" decoding=\"async\" width=\"350\" height=\"350\" src=\"https:\/\/www.dallassymphony.org\/wp-content\/uploads\/2020\/11\/Brian-Perry-350x350.jpg\" class=\"img-fluid w-100 wp-post-image\" alt=\"Brian Perry_Bajo Sinfon\u00eda de Dallas\" srcset=\"https:\/\/www.dallassymphony.org\/wp-content\/uploads\/2020\/11\/Brian-Perry-350x350.jpg 350w, https:\/\/www.dallassymphony.org\/wp-content\/uploads\/2020\/11\/Brian-Perry-300x300.jpg 300w, https:\/\/www.dallassymphony.org\/wp-content\/uploads\/2020\/11\/Brian-Perry-1024x1024.jpg 1024w, https:\/\/www.dallassymphony.org\/wp-content\/uploads\/2020\/11\/Brian-Perry-150x150.jpg 150w, https:\/\/www.dallassymphony.org\/wp-content\/uploads\/2020\/11\/Brian-Perry-768x768.jpg 768w, https:\/\/www.dallassymphony.org\/wp-content\/uploads\/2020\/11\/Brian-Perry-12x12.jpg 12w, https:\/\/www.dallassymphony.org\/wp-content\/uploads\/2020\/11\/Brian-Perry-262x262.jpg 262w, https:\/\/www.dallassymphony.org\/wp-content\/uploads\/2020\/11\/Brian-Perry-445x445.jpg 445w, https:\/\/www.dallassymphony.org\/wp-content\/uploads\/2020\/11\/Brian-Perry.jpg 1200w\" sizes=\"auto, (max-width: 350px) 100vw, 350px\" \/>\t\t\t<div class=\"card__content-wrapper\">\n\t\t\t\t<h4>Brian Perry<\/h4>\n\t\t\t\t<p><p>Bass<\/p>\n<p>Silla Clifford Spohr<\/p>\n<\/p>\n\n                \t\t\t\t<span class=\"a-hover\">Leer m\u00e1s<\/span>\n                \t\t\t<\/div>\n\t\t<\/a>\n\t<\/div>\n<\/div><div class=\"col-md-4 col-6\">\n\t<div class=\"people__card grad-to-left\">\n\t\t<a href=\"https:\/\/www.dallassymphony.org\/es\/people\/tyler-sheperd\/\">\n\t\t\t<img loading=\"lazy\" decoding=\"async\" width=\"350\" height=\"350\" src=\"https:\/\/www.dallassymphony.org\/wp-content\/uploads\/2024\/09\/dso-headshots.16-scaled-e1740185715100-350x350.jpg\" class=\"img-fluid w-100 wp-post-image\" alt=\"\" srcset=\"https:\/\/www.dallassymphony.org\/wp-content\/uploads\/2024\/09\/dso-headshots.16-scaled-e1740185715100-350x350.jpg 350w, https:\/\/www.dallassymphony.org\/wp-content\/uploads\/2024\/09\/dso-headshots.16-scaled-e1740185715100-300x300.jpg 300w, https:\/\/www.dallassymphony.org\/wp-content\/uploads\/2024\/09\/dso-headshots.16-scaled-e1740185715100-1024x1024.jpg 1024w, https:\/\/www.dallassymphony.org\/wp-content\/uploads\/2024\/09\/dso-headshots.16-scaled-e1740185715100-150x150.jpg 150w, https:\/\/www.dallassymphony.org\/wp-content\/uploads\/2024\/09\/dso-headshots.16-scaled-e1740185715100-768x768.jpg 768w, https:\/\/www.dallassymphony.org\/wp-content\/uploads\/2024\/09\/dso-headshots.16-scaled-e1740185715100-1536x1536.jpg 1536w, https:\/\/www.dallassymphony.org\/wp-content\/uploads\/2024\/09\/dso-headshots.16-scaled-e1740185715100-12x12.jpg 12w, https:\/\/www.dallassymphony.org\/wp-content\/uploads\/2024\/09\/dso-headshots.16-scaled-e1740185715100-262x262.jpg 262w, https:\/\/www.dallassymphony.org\/wp-content\/uploads\/2024\/09\/dso-headshots.16-scaled-e1740185715100-445x445.jpg 445w, https:\/\/www.dallassymphony.org\/wp-content\/uploads\/2024\/09\/dso-headshots.16-scaled-e1740185715100-400x400.jpg 400w, https:\/\/www.dallassymphony.org\/wp-content\/uploads\/2024\/09\/dso-headshots.16-scaled-e1740185715100-600x600.jpg 600w, https:\/\/www.dallassymphony.org\/wp-content\/uploads\/2024\/09\/dso-headshots.16-scaled-e1740185715100.jpg 1706w\" sizes=\"auto, (max-width: 350px) 100vw, 350px\" \/>\t\t\t<div class=\"card__content-wrapper\">\n\t\t\t\t<h4>Tyler Shepherd<\/h4>\n\t\t\t\t<p><p>Bass<\/p>\n<\/p>\n\n                \t\t\t\t<span class=\"a-hover\">Leer m\u00e1s<\/span>\n                \t\t\t<\/div>\n\t\t<\/a>\n\t<\/div>\n<\/div>\t\t<\/div>\n\t<\/div>\n<\/div>\n\n\n<div class=\"people-grid m-spacer\">\n\t<div class=\"container\">\n\t\t<div class=\"row\">\n\t\t\t<div class=\"col-12\">\n\t\t\t\t<h1>Woodwind<\/h1>\n                <h2>Flauta<\/h2>\n\t\t\t<\/div>\n\t\t<\/div>\n\t\t<div class=\"row\">\n\t\t\t<div class=\"col-md-4 col-6\">\n\t<div class=\"people__card grad-to-left\">\n\t\t<a href=\"https:\/\/www.dallassymphony.org\/es\/people\/david-buck\/\">\n\t\t\t<img loading=\"lazy\" decoding=\"async\" width=\"350\" height=\"350\" src=\"https:\/\/www.dallassymphony.org\/wp-content\/uploads\/2020\/11\/David-Buck-1-350x350.jpg\" class=\"img-fluid w-100 wp-post-image\" alt=\"David Buck, director de flauta, Joy y Ronald Mankoff, presidente de la sinfon\u00eda de Dallas.\" srcset=\"https:\/\/www.dallassymphony.org\/wp-content\/uploads\/2020\/11\/David-Buck-1-350x350.jpg 350w, https:\/\/www.dallassymphony.org\/wp-content\/uploads\/2020\/11\/David-Buck-1-300x300.jpg 300w, https:\/\/www.dallassymphony.org\/wp-content\/uploads\/2020\/11\/David-Buck-1-1024x1024.jpg 1024w, https:\/\/www.dallassymphony.org\/wp-content\/uploads\/2020\/11\/David-Buck-1-150x150.jpg 150w, https:\/\/www.dallassymphony.org\/wp-content\/uploads\/2020\/11\/David-Buck-1-768x768.jpg 768w, https:\/\/www.dallassymphony.org\/wp-content\/uploads\/2020\/11\/David-Buck-1-12x12.jpg 12w, https:\/\/www.dallassymphony.org\/wp-content\/uploads\/2020\/11\/David-Buck-1-262x262.jpg 262w, https:\/\/www.dallassymphony.org\/wp-content\/uploads\/2020\/11\/David-Buck-1-445x445.jpg 445w, https:\/\/www.dallassymphony.org\/wp-content\/uploads\/2020\/11\/David-Buck-1.jpg 1200w\" sizes=\"auto, (max-width: 350px) 100vw, 350px\" \/>\t\t\t<div class=\"card__content-wrapper\">\n\t\t\t\t<h4>David Buck<\/h4>\n\t\t\t\t<p><p>Flauta principal<\/p>\n<p>Joy &amp; Ronald Mankoff Chair<\/p>\n<\/p>\n\n                \t\t\t\t<span class=\"a-hover\">Leer m\u00e1s<\/span>\n                \t\t\t<\/div>\n\t\t<\/a>\n\t<\/div>\n<\/div><div class=\"col-md-4 col-6\">\n\t<div class=\"people__card grad-to-left\">\n\t\t<a href=\"https:\/\/www.dallassymphony.org\/es\/people\/kara-kirkendoll-welch\/\">\n\t\t\t<img loading=\"lazy\" decoding=\"async\" width=\"350\" height=\"350\" src=\"https:\/\/www.dallassymphony.org\/wp-content\/uploads\/2020\/11\/Kara-Kirkendoll-Welch-1-350x350.jpg\" class=\"img-fluid w-100 wp-post-image\" alt=\"Kara Kirkendoll Welch_Flute_Caroline Rose Hunt Chair_Dallas Symphony\" srcset=\"https:\/\/www.dallassymphony.org\/wp-content\/uploads\/2020\/11\/Kara-Kirkendoll-Welch-1-350x350.jpg 350w, https:\/\/www.dallassymphony.org\/wp-content\/uploads\/2020\/11\/Kara-Kirkendoll-Welch-1-300x300.jpg 300w, https:\/\/www.dallassymphony.org\/wp-content\/uploads\/2020\/11\/Kara-Kirkendoll-Welch-1-1024x1024.jpg 1024w, https:\/\/www.dallassymphony.org\/wp-content\/uploads\/2020\/11\/Kara-Kirkendoll-Welch-1-150x150.jpg 150w, https:\/\/www.dallassymphony.org\/wp-content\/uploads\/2020\/11\/Kara-Kirkendoll-Welch-1-768x768.jpg 768w, https:\/\/www.dallassymphony.org\/wp-content\/uploads\/2020\/11\/Kara-Kirkendoll-Welch-1-12x12.jpg 12w, https:\/\/www.dallassymphony.org\/wp-content\/uploads\/2020\/11\/Kara-Kirkendoll-Welch-1-262x262.jpg 262w, https:\/\/www.dallassymphony.org\/wp-content\/uploads\/2020\/11\/Kara-Kirkendoll-Welch-1-445x445.jpg 445w, https:\/\/www.dallassymphony.org\/wp-content\/uploads\/2020\/11\/Kara-Kirkendoll-Welch-1.jpg 1200w\" sizes=\"auto, (max-width: 350px) 100vw, 350px\" \/>\t\t\t<div class=\"card__content-wrapper\">\n\t\t\t\t<h4>Kara Kirkendoll Welch<\/h4>\n\t\t\t\t<p><p>Flauta<\/p>\n<p>Caroline Rose Hunt Chair<\/p>\n<\/p>\n\n                \t\t\t\t<span class=\"a-hover\">Leer m\u00e1s<\/span>\n                \t\t\t<\/div>\n\t\t<\/a>\n\t<\/div>\n<\/div><div class=\"col-md-4 col-6\">\n\t<div class=\"people__card grad-to-left\">\n\t\t<a href=\"https:\/\/www.dallassymphony.org\/es\/people\/james-romeo\/\">\n\t\t\t<img loading=\"lazy\" decoding=\"async\" width=\"350\" height=\"350\" src=\"https:\/\/www.dallassymphony.org\/wp-content\/uploads\/2022\/09\/James-Romeo-resized-350x350.png\" class=\"img-fluid w-100 wp-post-image\" alt=\"\" srcset=\"https:\/\/www.dallassymphony.org\/wp-content\/uploads\/2022\/09\/James-Romeo-resized-350x350.png 350w, https:\/\/www.dallassymphony.org\/wp-content\/uploads\/2022\/09\/James-Romeo-resized-300x300.png 300w, https:\/\/www.dallassymphony.org\/wp-content\/uploads\/2022\/09\/James-Romeo-resized-1024x1024.png 1024w, https:\/\/www.dallassymphony.org\/wp-content\/uploads\/2022\/09\/James-Romeo-resized-150x150.png 150w, https:\/\/www.dallassymphony.org\/wp-content\/uploads\/2022\/09\/James-Romeo-resized-768x768.png 768w, https:\/\/www.dallassymphony.org\/wp-content\/uploads\/2022\/09\/James-Romeo-resized-12x12.png 12w, https:\/\/www.dallassymphony.org\/wp-content\/uploads\/2022\/09\/James-Romeo-resized-262x262.png 262w, https:\/\/www.dallassymphony.org\/wp-content\/uploads\/2022\/09\/James-Romeo-resized-445x445.png 445w, https:\/\/www.dallassymphony.org\/wp-content\/uploads\/2022\/09\/James-Romeo-resized.png 1080w\" sizes=\"auto, (max-width: 350px) 100vw, 350px\" \/>\t\t\t<div class=\"card__content-wrapper\">\n\t\t\t\t<h4>James Romeo<\/h4>\n\t\t\t\t<p><p>Piccolo<\/p>\n<p>C\u00e1tedra Lisa &amp; Robert Segert<\/p>\n<\/p>\n\n                \t\t\t\t<span class=\"a-hover\">Leer m\u00e1s<\/span>\n                \t\t\t<\/div>\n\t\t<\/a>\n\t<\/div>\n<\/div>\t\t<\/div>\n\t<\/div>\n<\/div>\n\n\n<div class=\"people-grid m-spacer\">\n\t<div class=\"container\">\n\t\t<div class=\"row\">\n\t\t\t<div class=\"col-12\">\n\t\t\t\t<h1><\/h1>\n                <h2>Oboe<\/h2>\n\t\t\t<\/div>\n\t\t<\/div>\n\t\t<div class=\"row\">\n\t\t\t<div class=\"col-md-4 col-6\">\n\t<div class=\"people__card grad-to-left\">\n\t\t<a href=\"https:\/\/www.dallassymphony.org\/es\/people\/vacant-4\/\">\n\t\t\t<img loading=\"lazy\" decoding=\"async\" width=\"350\" height=\"350\" src=\"https:\/\/www.dallassymphony.org\/wp-content\/uploads\/2025\/05\/People-768x768-1-350x350.png\" class=\"img-fluid w-100 wp-post-image\" alt=\"\" srcset=\"https:\/\/www.dallassymphony.org\/wp-content\/uploads\/2025\/05\/People-768x768-1-350x350.png 350w, https:\/\/www.dallassymphony.org\/wp-content\/uploads\/2025\/05\/People-768x768-1-300x300.png 300w, https:\/\/www.dallassymphony.org\/wp-content\/uploads\/2025\/05\/People-768x768-1-150x150.png 150w, https:\/\/www.dallassymphony.org\/wp-content\/uploads\/2025\/05\/People-768x768-1-12x12.png 12w, https:\/\/www.dallassymphony.org\/wp-content\/uploads\/2025\/05\/People-768x768-1-262x262.png 262w, https:\/\/www.dallassymphony.org\/wp-content\/uploads\/2025\/05\/People-768x768-1-445x445.png 445w, https:\/\/www.dallassymphony.org\/wp-content\/uploads\/2025\/05\/People-768x768-1-400x400.png 400w, https:\/\/www.dallassymphony.org\/wp-content\/uploads\/2025\/05\/People-768x768-1-600x600.png 600w, https:\/\/www.dallassymphony.org\/wp-content\/uploads\/2025\/05\/People-768x768-1.png 768w\" sizes=\"auto, (max-width: 350px) 100vw, 350px\" \/>\t\t\t<div class=\"card__content-wrapper\">\n\t\t\t\t<h4>Vacante<\/h4>\n\t\t\t\t<p><p>Director Oboe<\/p>\n<p>Nancy P. &amp; John G. Penson Chair<\/p>\n<\/p>\n\n                \t\t\t\t<span class=\"a-hover\">Leer m\u00e1s<\/span>\n                \t\t\t<\/div>\n\t\t<\/a>\n\t<\/div>\n<\/div><div class=\"col-md-4 col-6\">\n\t<div class=\"people__card grad-to-left\">\n\t\t<a href=\"https:\/\/www.dallassymphony.org\/es\/people\/willa-henigman\/\">\n\t\t\t<img loading=\"lazy\" decoding=\"async\" width=\"350\" height=\"350\" src=\"https:\/\/www.dallassymphony.org\/wp-content\/uploads\/2020\/11\/Willa-Henigman-1-350x350.jpg\" class=\"img-fluid w-100 wp-post-image\" alt=\"Willa Henigman, directora asociada de la Sinfon\u00eda de Oboe de Dallas.\" srcset=\"https:\/\/www.dallassymphony.org\/wp-content\/uploads\/2020\/11\/Willa-Henigman-1-350x350.jpg 350w, https:\/\/www.dallassymphony.org\/wp-content\/uploads\/2020\/11\/Willa-Henigman-1-300x300.jpg 300w, https:\/\/www.dallassymphony.org\/wp-content\/uploads\/2020\/11\/Willa-Henigman-1-1024x1024.jpg 1024w, https:\/\/www.dallassymphony.org\/wp-content\/uploads\/2020\/11\/Willa-Henigman-1-150x150.jpg 150w, https:\/\/www.dallassymphony.org\/wp-content\/uploads\/2020\/11\/Willa-Henigman-1-768x768.jpg 768w, https:\/\/www.dallassymphony.org\/wp-content\/uploads\/2020\/11\/Willa-Henigman-1-12x12.jpg 12w, https:\/\/www.dallassymphony.org\/wp-content\/uploads\/2020\/11\/Willa-Henigman-1-262x262.jpg 262w, https:\/\/www.dallassymphony.org\/wp-content\/uploads\/2020\/11\/Willa-Henigman-1-445x445.jpg 445w, https:\/\/www.dallassymphony.org\/wp-content\/uploads\/2020\/11\/Willa-Henigman-1.jpg 1200w\" sizes=\"auto, (max-width: 350px) 100vw, 350px\" \/>\t\t\t<div class=\"card__content-wrapper\">\n\t\t\t\t<h4>Willa Henigman<\/h4>\n\t\t\t\t<p><p>Director interino\/Obo\u00edsta principal adjunto<\/p>\n<\/p>\n\n                \t\t\t\t<span class=\"a-hover\">Leer m\u00e1s<\/span>\n                \t\t\t<\/div>\n\t\t<\/a>\n\t<\/div>\n<\/div><div class=\"col-md-4 col-6\">\n\t<div class=\"people__card grad-to-left\">\n\t\t<a href=\"https:\/\/www.dallassymphony.org\/es\/people\/brent-ross\/\">\n\t\t\t<img loading=\"lazy\" decoding=\"async\" width=\"350\" height=\"350\" src=\"https:\/\/www.dallassymphony.org\/wp-content\/uploads\/2020\/11\/Brent-Ross-1-350x350.jpg\" class=\"img-fluid w-100 wp-post-image\" alt=\"Brent Ross_Oboe_Sinfon\u00eda de Dallas\" srcset=\"https:\/\/www.dallassymphony.org\/wp-content\/uploads\/2020\/11\/Brent-Ross-1-350x350.jpg 350w, https:\/\/www.dallassymphony.org\/wp-content\/uploads\/2020\/11\/Brent-Ross-1-300x300.jpg 300w, https:\/\/www.dallassymphony.org\/wp-content\/uploads\/2020\/11\/Brent-Ross-1-1024x1024.jpg 1024w, https:\/\/www.dallassymphony.org\/wp-content\/uploads\/2020\/11\/Brent-Ross-1-150x150.jpg 150w, https:\/\/www.dallassymphony.org\/wp-content\/uploads\/2020\/11\/Brent-Ross-1-768x768.jpg 768w, https:\/\/www.dallassymphony.org\/wp-content\/uploads\/2020\/11\/Brent-Ross-1-12x12.jpg 12w, https:\/\/www.dallassymphony.org\/wp-content\/uploads\/2020\/11\/Brent-Ross-1-262x262.jpg 262w, https:\/\/www.dallassymphony.org\/wp-content\/uploads\/2020\/11\/Brent-Ross-1-445x445.jpg 445w, https:\/\/www.dallassymphony.org\/wp-content\/uploads\/2020\/11\/Brent-Ross-1.jpg 1200w\" sizes=\"auto, (max-width: 350px) 100vw, 350px\" \/>\t\t\t<div class=\"card__content-wrapper\">\n\t\t\t\t<h4>Brent Ross<\/h4>\n\t\t\t\t<p><p>Oboe<\/p>\n<\/p>\n\n                \t\t\t\t<span class=\"a-hover\">Leer m\u00e1s<\/span>\n                \t\t\t<\/div>\n\t\t<\/a>\n\t<\/div>\n<\/div><div class=\"col-md-4 col-6\">\n\t<div class=\"people__card grad-to-left\">\n\t\t<a href=\"https:\/\/www.dallassymphony.org\/es\/people\/david-matthews\/\">\n\t\t\t<img loading=\"lazy\" decoding=\"async\" width=\"350\" height=\"350\" src=\"https:\/\/www.dallassymphony.org\/wp-content\/uploads\/2020\/11\/David-Matthews-1-350x350.jpg\" class=\"img-fluid w-100 wp-post-image\" alt=\"David Matthews_Oboe + Horn_Karen &amp; Jim Wiley Chair_Dallas Symphony\" srcset=\"https:\/\/www.dallassymphony.org\/wp-content\/uploads\/2020\/11\/David-Matthews-1-350x350.jpg 350w, https:\/\/www.dallassymphony.org\/wp-content\/uploads\/2020\/11\/David-Matthews-1-300x300.jpg 300w, https:\/\/www.dallassymphony.org\/wp-content\/uploads\/2020\/11\/David-Matthews-1-1024x1024.jpg 1024w, https:\/\/www.dallassymphony.org\/wp-content\/uploads\/2020\/11\/David-Matthews-1-150x150.jpg 150w, https:\/\/www.dallassymphony.org\/wp-content\/uploads\/2020\/11\/David-Matthews-1-768x768.jpg 768w, https:\/\/www.dallassymphony.org\/wp-content\/uploads\/2020\/11\/David-Matthews-1-12x12.jpg 12w, https:\/\/www.dallassymphony.org\/wp-content\/uploads\/2020\/11\/David-Matthews-1-262x262.jpg 262w, https:\/\/www.dallassymphony.org\/wp-content\/uploads\/2020\/11\/David-Matthews-1-445x445.jpg 445w, https:\/\/www.dallassymphony.org\/wp-content\/uploads\/2020\/11\/David-Matthews-1.jpg 1200w\" sizes=\"auto, (max-width: 350px) 100vw, 350px\" \/>\t\t\t<div class=\"card__content-wrapper\">\n\t\t\t\t<h4>David Matthews<\/h4>\n\t\t\t\t<p><p>Oboe + Corno Ingl\u00e9s<\/p>\n<p>C\u00e1tedra Karen y Jim Wiley<\/p>\n<\/p>\n\n                \t\t\t\t<span class=\"a-hover\">Leer m\u00e1s<\/span>\n                \t\t\t<\/div>\n\t\t<\/a>\n\t<\/div>\n<\/div>\t\t<\/div>\n\t<\/div>\n<\/div>\n\n\n<div class=\"people-grid m-spacer\">\n\t<div class=\"container\">\n\t\t<div class=\"row\">\n\t\t\t<div class=\"col-12\">\n\t\t\t\t<h1><\/h1>\n                <h2>Clarinete<\/h2>\n\t\t\t<\/div>\n\t\t<\/div>\n\t\t<div class=\"row\">\n\t\t\t<div class=\"col-md-4 col-6\">\n\t<div class=\"people__card grad-to-left\">\n\t\t<a href=\"https:\/\/www.dallassymphony.org\/es\/people\/gregory-raden\/\">\n\t\t\t<img loading=\"lazy\" decoding=\"async\" width=\"350\" height=\"350\" src=\"https:\/\/www.dallassymphony.org\/wp-content\/uploads\/2020\/11\/Greg-Raden-350x350.jpg\" class=\"img-fluid w-100 wp-post-image\" alt=\"Greg Raden, Clarinete Principal, Sr. y Sra. C. Thomas May Jr., Presidente de la Sinfon\u00eda de Dallas.\" srcset=\"https:\/\/www.dallassymphony.org\/wp-content\/uploads\/2020\/11\/Greg-Raden-350x350.jpg 350w, https:\/\/www.dallassymphony.org\/wp-content\/uploads\/2020\/11\/Greg-Raden-300x300.jpg 300w, https:\/\/www.dallassymphony.org\/wp-content\/uploads\/2020\/11\/Greg-Raden-1024x1024.jpg 1024w, https:\/\/www.dallassymphony.org\/wp-content\/uploads\/2020\/11\/Greg-Raden-150x150.jpg 150w, https:\/\/www.dallassymphony.org\/wp-content\/uploads\/2020\/11\/Greg-Raden-768x768.jpg 768w, https:\/\/www.dallassymphony.org\/wp-content\/uploads\/2020\/11\/Greg-Raden-12x12.jpg 12w, https:\/\/www.dallassymphony.org\/wp-content\/uploads\/2020\/11\/Greg-Raden-262x262.jpg 262w, https:\/\/www.dallassymphony.org\/wp-content\/uploads\/2020\/11\/Greg-Raden-445x445.jpg 445w, https:\/\/www.dallassymphony.org\/wp-content\/uploads\/2020\/11\/Greg-Raden.jpg 1200w\" sizes=\"auto, (max-width: 350px) 100vw, 350px\" \/>\t\t\t<div class=\"card__content-wrapper\">\n\t\t\t\t<h4>Gregory Raden<\/h4>\n\t\t\t\t<p><p>Clarinete principal<\/p>\n<p>El Sr. y la Sra. C. Thomas May, Jr. Presidente<\/p>\n<\/p>\n\n                \t\t\t\t<span class=\"a-hover\">Leer m\u00e1s<\/span>\n                \t\t\t<\/div>\n\t\t<\/a>\n\t<\/div>\n<\/div><div class=\"col-md-4 col-6\">\n\t<div class=\"people__card grad-to-left\">\n\t\t<a href=\"https:\/\/www.dallassymphony.org\/es\/people\/paul-hafley\/\">\n\t\t\t<img loading=\"lazy\" decoding=\"async\" width=\"350\" height=\"350\" src=\"https:\/\/www.dallassymphony.org\/wp-content\/uploads\/2025\/08\/Paul-Hafley-1-350x350.png\" class=\"img-fluid w-100 wp-post-image\" alt=\"\" srcset=\"https:\/\/www.dallassymphony.org\/wp-content\/uploads\/2025\/08\/Paul-Hafley-1-350x350.png 350w, https:\/\/www.dallassymphony.org\/wp-content\/uploads\/2025\/08\/Paul-Hafley-1-300x300.png 300w, https:\/\/www.dallassymphony.org\/wp-content\/uploads\/2025\/08\/Paul-Hafley-1-1024x1024.png 1024w, https:\/\/www.dallassymphony.org\/wp-content\/uploads\/2025\/08\/Paul-Hafley-1-150x150.png 150w, https:\/\/www.dallassymphony.org\/wp-content\/uploads\/2025\/08\/Paul-Hafley-1-768x768.png 768w, https:\/\/www.dallassymphony.org\/wp-content\/uploads\/2025\/08\/Paul-Hafley-1-12x12.png 12w, https:\/\/www.dallassymphony.org\/wp-content\/uploads\/2025\/08\/Paul-Hafley-1-262x262.png 262w, https:\/\/www.dallassymphony.org\/wp-content\/uploads\/2025\/08\/Paul-Hafley-1-445x445.png 445w, https:\/\/www.dallassymphony.org\/wp-content\/uploads\/2025\/08\/Paul-Hafley-1.png 1200w\" sizes=\"auto, (max-width: 350px) 100vw, 350px\" \/>\t\t\t<div class=\"card__content-wrapper\">\n\t\t\t\t<h4>Paul Hafley<\/h4>\n\t\t\t\t<p><p>Director asociado y clarinete mi bemol<\/p>\n<p>Robert E. &amp; Ruth Glaze Chair<\/p>\n<\/p>\n\n                \t\t\t\t<span class=\"a-hover\">Leer m\u00e1s<\/span>\n                \t\t\t<\/div>\n\t\t<\/a>\n\t<\/div>\n<\/div><div class=\"col-md-4 col-6\">\n\t<div class=\"people__card grad-to-left\">\n\t\t<a href=\"https:\/\/www.dallassymphony.org\/es\/people\/stephen-ahearn\/\">\n\t\t\t<img loading=\"lazy\" decoding=\"async\" width=\"350\" height=\"350\" src=\"https:\/\/www.dallassymphony.org\/wp-content\/uploads\/2020\/11\/Steve-Ahearn-1-350x350.jpg\" class=\"img-fluid w-100 wp-post-image\" alt=\"Stephen Ahearn_Clarinet_Sinfon\u00eda de Dallas\" srcset=\"https:\/\/www.dallassymphony.org\/wp-content\/uploads\/2020\/11\/Steve-Ahearn-1-350x350.jpg 350w, https:\/\/www.dallassymphony.org\/wp-content\/uploads\/2020\/11\/Steve-Ahearn-1-300x300.jpg 300w, https:\/\/www.dallassymphony.org\/wp-content\/uploads\/2020\/11\/Steve-Ahearn-1-1024x1024.jpg 1024w, https:\/\/www.dallassymphony.org\/wp-content\/uploads\/2020\/11\/Steve-Ahearn-1-150x150.jpg 150w, https:\/\/www.dallassymphony.org\/wp-content\/uploads\/2020\/11\/Steve-Ahearn-1-768x768.jpg 768w, https:\/\/www.dallassymphony.org\/wp-content\/uploads\/2020\/11\/Steve-Ahearn-1-12x12.jpg 12w, https:\/\/www.dallassymphony.org\/wp-content\/uploads\/2020\/11\/Steve-Ahearn-1-262x262.jpg 262w, https:\/\/www.dallassymphony.org\/wp-content\/uploads\/2020\/11\/Steve-Ahearn-1-445x445.jpg 445w, https:\/\/www.dallassymphony.org\/wp-content\/uploads\/2020\/11\/Steve-Ahearn-1.jpg 1200w\" sizes=\"auto, (max-width: 350px) 100vw, 350px\" \/>\t\t\t<div class=\"card__content-wrapper\">\n\t\t\t\t<h4>Stephen Ahearn<\/h4>\n\t\t\t\t<p><p>Segundo Clarinete<\/p>\n<p>C\u00e1tedra Courtney &amp; Andrew Nall<\/p>\n<\/p>\n\n                \t\t\t\t<span class=\"a-hover\">Leer m\u00e1s<\/span>\n                \t\t\t<\/div>\n\t\t<\/a>\n\t<\/div>\n<\/div><div class=\"col-md-4 col-6\">\n\t<div class=\"people__card grad-to-left\">\n\t\t<a href=\"https:\/\/www.dallassymphony.org\/es\/people\/marci-gurnow\/\">\n\t\t\t<img loading=\"lazy\" decoding=\"async\" width=\"350\" height=\"350\" src=\"https:\/\/www.dallassymphony.org\/wp-content\/uploads\/2024\/07\/Marci-Gurnow-scaled-e1727363261519-350x350.jpg\" class=\"img-fluid w-100 wp-post-image\" alt=\"\" srcset=\"https:\/\/www.dallassymphony.org\/wp-content\/uploads\/2024\/07\/Marci-Gurnow-scaled-e1727363261519-350x350.jpg 350w, https:\/\/www.dallassymphony.org\/wp-content\/uploads\/2024\/07\/Marci-Gurnow-scaled-e1727363261519-300x300.jpg 300w, https:\/\/www.dallassymphony.org\/wp-content\/uploads\/2024\/07\/Marci-Gurnow-scaled-e1727363261519-1024x1024.jpg 1024w, https:\/\/www.dallassymphony.org\/wp-content\/uploads\/2024\/07\/Marci-Gurnow-scaled-e1727363261519-150x150.jpg 150w, https:\/\/www.dallassymphony.org\/wp-content\/uploads\/2024\/07\/Marci-Gurnow-scaled-e1727363261519-768x768.jpg 768w, https:\/\/www.dallassymphony.org\/wp-content\/uploads\/2024\/07\/Marci-Gurnow-scaled-e1727363261519-1536x1536.jpg 1536w, https:\/\/www.dallassymphony.org\/wp-content\/uploads\/2024\/07\/Marci-Gurnow-scaled-e1727363261519-12x12.jpg 12w, https:\/\/www.dallassymphony.org\/wp-content\/uploads\/2024\/07\/Marci-Gurnow-scaled-e1727363261519-262x262.jpg 262w, https:\/\/www.dallassymphony.org\/wp-content\/uploads\/2024\/07\/Marci-Gurnow-scaled-e1727363261519-445x445.jpg 445w, https:\/\/www.dallassymphony.org\/wp-content\/uploads\/2024\/07\/Marci-Gurnow-scaled-e1727363261519.jpg 1744w\" sizes=\"auto, (max-width: 350px) 100vw, 350px\" \/>\t\t\t<div class=\"card__content-wrapper\">\n\t\t\t\t<h4>Marci Gurnow<\/h4>\n\t\t\t\t<p><p>Clarinete Bajo + Utilidad<\/p>\n<p>C\u00e1tedra Edward W. Blessing<\/p>\n<\/p>\n\n                \t\t\t\t<span class=\"a-hover\">Leer m\u00e1s<\/span>\n                \t\t\t<\/div>\n\t\t<\/a>\n\t<\/div>\n<\/div>\t\t<\/div>\n\t<\/div>\n<\/div>\n\n\n<div class=\"people-grid m-spacer\">\n\t<div class=\"container\">\n\t\t<div class=\"row\">\n\t\t\t<div class=\"col-12\">\n\t\t\t\t<h1><\/h1>\n                <h2>Fagot<\/h2>\n\t\t\t<\/div>\n\t\t<\/div>\n\t\t<div class=\"row\">\n\t\t\t<div class=\"col-md-4 col-6\">\n\t<div class=\"people__card grad-to-left\">\n\t\t<a href=\"https:\/\/www.dallassymphony.org\/es\/people\/ted-soluri\/\">\n\t\t\t<img loading=\"lazy\" decoding=\"async\" width=\"350\" height=\"350\" src=\"https:\/\/www.dallassymphony.org\/wp-content\/uploads\/2020\/11\/Ted-Soluri-2-350x350.jpg\" class=\"img-fluid w-100 wp-post-image\" alt=\"Ted Soluri_Fagot Principal_Irena H Wadel &amp; Robert I Atha Jr Chair_Dallas Symphony\" srcset=\"https:\/\/www.dallassymphony.org\/wp-content\/uploads\/2020\/11\/Ted-Soluri-2-350x350.jpg 350w, https:\/\/www.dallassymphony.org\/wp-content\/uploads\/2020\/11\/Ted-Soluri-2-300x300.jpg 300w, https:\/\/www.dallassymphony.org\/wp-content\/uploads\/2020\/11\/Ted-Soluri-2-1024x1024.jpg 1024w, https:\/\/www.dallassymphony.org\/wp-content\/uploads\/2020\/11\/Ted-Soluri-2-150x150.jpg 150w, https:\/\/www.dallassymphony.org\/wp-content\/uploads\/2020\/11\/Ted-Soluri-2-768x768.jpg 768w, https:\/\/www.dallassymphony.org\/wp-content\/uploads\/2020\/11\/Ted-Soluri-2-12x12.jpg 12w, https:\/\/www.dallassymphony.org\/wp-content\/uploads\/2020\/11\/Ted-Soluri-2-262x262.jpg 262w, https:\/\/www.dallassymphony.org\/wp-content\/uploads\/2020\/11\/Ted-Soluri-2-445x445.jpg 445w, https:\/\/www.dallassymphony.org\/wp-content\/uploads\/2020\/11\/Ted-Soluri-2.jpg 1200w\" sizes=\"auto, (max-width: 350px) 100vw, 350px\" \/>\t\t\t<div class=\"card__content-wrapper\">\n\t\t\t\t<h4>Ted Soluri<\/h4>\n\t\t\t\t<p><p>Fagot Principal<\/p>\n<p>Irene H. Wadel y Robert I. Atha, Jr. Presidente<\/p>\n<\/p>\n\n                \t\t\t\t<span class=\"a-hover\">Leer m\u00e1s<\/span>\n                \t\t\t<\/div>\n\t\t<\/a>\n\t<\/div>\n<\/div><div class=\"col-md-4 col-6\">\n\t<div class=\"people__card grad-to-left\">\n\t\t<a href=\"https:\/\/www.dallassymphony.org\/es\/people\/scott-walzel\/\">\n\t\t\t<img loading=\"lazy\" decoding=\"async\" width=\"350\" height=\"350\" src=\"https:\/\/www.dallassymphony.org\/wp-content\/uploads\/2020\/11\/Scott-Walzel-350x350.jpg\" class=\"img-fluid w-100 wp-post-image\" alt=\"Scott Walzel, Director Asociado de Fagot, Barbara y Robert P. Sypult, Presidente de la Sinfon\u00eda de Dallas.\" srcset=\"https:\/\/www.dallassymphony.org\/wp-content\/uploads\/2020\/11\/Scott-Walzel-350x350.jpg 350w, https:\/\/www.dallassymphony.org\/wp-content\/uploads\/2020\/11\/Scott-Walzel-300x300.jpg 300w, https:\/\/www.dallassymphony.org\/wp-content\/uploads\/2020\/11\/Scott-Walzel-1024x1024.jpg 1024w, https:\/\/www.dallassymphony.org\/wp-content\/uploads\/2020\/11\/Scott-Walzel-150x150.jpg 150w, https:\/\/www.dallassymphony.org\/wp-content\/uploads\/2020\/11\/Scott-Walzel-768x768.jpg 768w, https:\/\/www.dallassymphony.org\/wp-content\/uploads\/2020\/11\/Scott-Walzel-12x12.jpg 12w, https:\/\/www.dallassymphony.org\/wp-content\/uploads\/2020\/11\/Scott-Walzel-262x262.jpg 262w, https:\/\/www.dallassymphony.org\/wp-content\/uploads\/2020\/11\/Scott-Walzel-445x445.jpg 445w, https:\/\/www.dallassymphony.org\/wp-content\/uploads\/2020\/11\/Scott-Walzel.jpg 1200w\" sizes=\"auto, (max-width: 350px) 100vw, 350px\" \/>\t\t\t<div class=\"card__content-wrapper\">\n\t\t\t\t<h4>Scott Walzel<\/h4>\n\t\t\t\t<p><p>Fagot principal asociado<\/p>\n<p>Barbara &amp; Robert P. Sypult Presidente<\/p>\n<\/p>\n\n                \t\t\t\t<span class=\"a-hover\">Leer m\u00e1s<\/span>\n                \t\t\t<\/div>\n\t\t<\/a>\n\t<\/div>\n<\/div><div class=\"col-md-4 col-6\">\n\t<div class=\"people__card grad-to-left\">\n\t\t<a href=\"https:\/\/www.dallassymphony.org\/es\/people\/tom-fleming\/\">\n\t\t\t<img loading=\"lazy\" decoding=\"async\" width=\"350\" height=\"350\" src=\"https:\/\/www.dallassymphony.org\/wp-content\/uploads\/2020\/11\/Tom-Fleming-1-350x350.jpg\" class=\"img-fluid w-100 wp-post-image\" alt=\"Tom Fleming, fagot, sinfon\u00eda de Dallas\" srcset=\"https:\/\/www.dallassymphony.org\/wp-content\/uploads\/2020\/11\/Tom-Fleming-1-350x350.jpg 350w, https:\/\/www.dallassymphony.org\/wp-content\/uploads\/2020\/11\/Tom-Fleming-1-300x300.jpg 300w, https:\/\/www.dallassymphony.org\/wp-content\/uploads\/2020\/11\/Tom-Fleming-1-1024x1024.jpg 1024w, https:\/\/www.dallassymphony.org\/wp-content\/uploads\/2020\/11\/Tom-Fleming-1-150x150.jpg 150w, https:\/\/www.dallassymphony.org\/wp-content\/uploads\/2020\/11\/Tom-Fleming-1-768x768.jpg 768w, https:\/\/www.dallassymphony.org\/wp-content\/uploads\/2020\/11\/Tom-Fleming-1-12x12.jpg 12w, https:\/\/www.dallassymphony.org\/wp-content\/uploads\/2020\/11\/Tom-Fleming-1-262x262.jpg 262w, https:\/\/www.dallassymphony.org\/wp-content\/uploads\/2020\/11\/Tom-Fleming-1-445x445.jpg 445w, https:\/\/www.dallassymphony.org\/wp-content\/uploads\/2020\/11\/Tom-Fleming-1.jpg 1200w\" sizes=\"auto, (max-width: 350px) 100vw, 350px\" \/>\t\t\t<div class=\"card__content-wrapper\">\n\t\t\t\t<h4>Tom Fleming<\/h4>\n\t\t\t\t<p><p>Segundo fagot<\/p>\n<\/p>\n\n                \t\t\t\t<span class=\"a-hover\">Leer m\u00e1s<\/span>\n                \t\t\t<\/div>\n\t\t<\/a>\n\t<\/div>\n<\/div><div class=\"col-md-4 col-6\">\n\t<div class=\"people__card grad-to-left\">\n\t\t<a href=\"https:\/\/www.dallassymphony.org\/es\/people\/peter-grenier\/\">\n\t\t\t<img loading=\"lazy\" decoding=\"async\" width=\"350\" height=\"350\" src=\"https:\/\/www.dallassymphony.org\/wp-content\/uploads\/2020\/11\/Peter-Grenier-1-350x350.jpg\" class=\"img-fluid w-100 wp-post-image\" alt=\"Peter Grenier_Fagot + Contrafagot_Sinfon\u00eda de Dallas\" srcset=\"https:\/\/www.dallassymphony.org\/wp-content\/uploads\/2020\/11\/Peter-Grenier-1-350x350.jpg 350w, https:\/\/www.dallassymphony.org\/wp-content\/uploads\/2020\/11\/Peter-Grenier-1-300x300.jpg 300w, https:\/\/www.dallassymphony.org\/wp-content\/uploads\/2020\/11\/Peter-Grenier-1-1024x1024.jpg 1024w, https:\/\/www.dallassymphony.org\/wp-content\/uploads\/2020\/11\/Peter-Grenier-1-150x150.jpg 150w, https:\/\/www.dallassymphony.org\/wp-content\/uploads\/2020\/11\/Peter-Grenier-1-768x768.jpg 768w, https:\/\/www.dallassymphony.org\/wp-content\/uploads\/2020\/11\/Peter-Grenier-1-12x12.jpg 12w, https:\/\/www.dallassymphony.org\/wp-content\/uploads\/2020\/11\/Peter-Grenier-1-262x262.jpg 262w, https:\/\/www.dallassymphony.org\/wp-content\/uploads\/2020\/11\/Peter-Grenier-1-445x445.jpg 445w, https:\/\/www.dallassymphony.org\/wp-content\/uploads\/2020\/11\/Peter-Grenier-1.jpg 1200w\" sizes=\"auto, (max-width: 350px) 100vw, 350px\" \/>\t\t\t<div class=\"card__content-wrapper\">\n\t\t\t\t<h4>Peter Grenier<\/h4>\n\t\t\t\t<p><p>Contrafagot<\/p>\n<p>C\u00e1tedra Barbara y Peter Grenier<\/p>\n<\/p>\n\n                \t\t\t\t<span class=\"a-hover\">Leer m\u00e1s<\/span>\n                \t\t\t<\/div>\n\t\t<\/a>\n\t<\/div>\n<\/div>\t\t<\/div>\n\t<\/div>\n<\/div>\n\n\n<div class=\"people-grid m-spacer\">\n\t<div class=\"container\">\n\t\t<div class=\"row\">\n\t\t\t<div class=\"col-12\">\n\t\t\t\t<h1>Brass<\/h1>\n                <h2>Bocina<\/h2>\n\t\t\t<\/div>\n\t\t<\/div>\n\t\t<div class=\"row\">\n\t\t\t<div class=\"col-md-4 col-6\">\n\t<div class=\"people__card grad-to-left\">\n\t\t<a href=\"https:\/\/www.dallassymphony.org\/es\/people\/daniel-hawkins\/\">\n\t\t\t<img loading=\"lazy\" decoding=\"async\" width=\"350\" height=\"350\" src=\"https:\/\/www.dallassymphony.org\/wp-content\/uploads\/2023\/08\/Daniel-Hawkins-Canva-edited-350x350.png\" class=\"img-fluid w-100 wp-post-image\" alt=\"\" srcset=\"https:\/\/www.dallassymphony.org\/wp-content\/uploads\/2023\/08\/Daniel-Hawkins-Canva-edited-350x350.png 350w, https:\/\/www.dallassymphony.org\/wp-content\/uploads\/2023\/08\/Daniel-Hawkins-Canva-edited-300x300.png 300w, https:\/\/www.dallassymphony.org\/wp-content\/uploads\/2023\/08\/Daniel-Hawkins-Canva-edited-1024x1024.png 1024w, https:\/\/www.dallassymphony.org\/wp-content\/uploads\/2023\/08\/Daniel-Hawkins-Canva-edited-150x150.png 150w, https:\/\/www.dallassymphony.org\/wp-content\/uploads\/2023\/08\/Daniel-Hawkins-Canva-edited-768x768.png 768w, https:\/\/www.dallassymphony.org\/wp-content\/uploads\/2023\/08\/Daniel-Hawkins-Canva-edited-12x12.png 12w, https:\/\/www.dallassymphony.org\/wp-content\/uploads\/2023\/08\/Daniel-Hawkins-Canva-edited-262x262.png 262w, https:\/\/www.dallassymphony.org\/wp-content\/uploads\/2023\/08\/Daniel-Hawkins-Canva-edited-445x445.png 445w, https:\/\/www.dallassymphony.org\/wp-content\/uploads\/2023\/08\/Daniel-Hawkins-Canva-edited.png 1080w\" sizes=\"auto, (max-width: 350px) 100vw, 350px\" \/>\t\t\t<div class=\"card__content-wrapper\">\n\t\t\t\t<h4>Daniel Hawkins<\/h4>\n\t\t\t\t<p><p>Trompa principal<\/p>\n<p>Howard E. Rachofsky Presidente<\/p>\n<\/p>\n\n                \t\t\t\t<span class=\"a-hover\">Leer m\u00e1s<\/span>\n                \t\t\t<\/div>\n\t\t<\/a>\n\t<\/div>\n<\/div><div class=\"col-md-4 col-6\">\n\t<div class=\"people__card grad-to-left\">\n\t\t<a href=\"https:\/\/www.dallassymphony.org\/es\/people\/david-heyde\/\">\n\t\t\t<img loading=\"lazy\" decoding=\"async\" width=\"350\" height=\"350\" src=\"https:\/\/www.dallassymphony.org\/wp-content\/uploads\/2020\/11\/David-Heyde-1-350x350.jpg\" class=\"img-fluid w-100 wp-post-image\" alt=\"Director Asociado + Director Interino Horn_Linda VanSickle Chair_Dallas Symphony\" srcset=\"https:\/\/www.dallassymphony.org\/wp-content\/uploads\/2020\/11\/David-Heyde-1-350x350.jpg 350w, https:\/\/www.dallassymphony.org\/wp-content\/uploads\/2020\/11\/David-Heyde-1-300x300.jpg 300w, https:\/\/www.dallassymphony.org\/wp-content\/uploads\/2020\/11\/David-Heyde-1-1024x1024.jpg 1024w, https:\/\/www.dallassymphony.org\/wp-content\/uploads\/2020\/11\/David-Heyde-1-150x150.jpg 150w, https:\/\/www.dallassymphony.org\/wp-content\/uploads\/2020\/11\/David-Heyde-1-768x768.jpg 768w, https:\/\/www.dallassymphony.org\/wp-content\/uploads\/2020\/11\/David-Heyde-1-12x12.jpg 12w, https:\/\/www.dallassymphony.org\/wp-content\/uploads\/2020\/11\/David-Heyde-1-262x262.jpg 262w, https:\/\/www.dallassymphony.org\/wp-content\/uploads\/2020\/11\/David-Heyde-1-445x445.jpg 445w, https:\/\/www.dallassymphony.org\/wp-content\/uploads\/2020\/11\/David-Heyde-1.jpg 1200w\" sizes=\"auto, (max-width: 350px) 100vw, 350px\" \/>\t\t\t<div class=\"card__content-wrapper\">\n\t\t\t\t<h4>David Heyde<\/h4>\n\t\t\t\t<p><p>Trompa principal asociada<\/p>\n<p>Linda VanSickle Presidente<\/p>\n<\/p>\n\n                \t\t\t\t<span class=\"a-hover\">Leer m\u00e1s<\/span>\n                \t\t\t<\/div>\n\t\t<\/a>\n\t<\/div>\n<\/div><div class=\"col-md-4 col-6\">\n\t<div class=\"people__card grad-to-left\">\n\t\t<a href=\"https:\/\/www.dallassymphony.org\/es\/people\/reese-farnell\/\">\n\t\t\t<img loading=\"lazy\" decoding=\"async\" width=\"350\" height=\"350\" src=\"https:\/\/www.dallassymphony.org\/wp-content\/uploads\/2024\/09\/Reese-Farnell-scaled-e1726167130492-350x350.jpg\" class=\"img-fluid w-100 wp-post-image\" alt=\"\" srcset=\"https:\/\/www.dallassymphony.org\/wp-content\/uploads\/2024\/09\/Reese-Farnell-scaled-e1726167130492-350x350.jpg 350w, https:\/\/www.dallassymphony.org\/wp-content\/uploads\/2024\/09\/Reese-Farnell-scaled-e1726167130492-300x300.jpg 300w, https:\/\/www.dallassymphony.org\/wp-content\/uploads\/2024\/09\/Reese-Farnell-scaled-e1726167130492-1024x1024.jpg 1024w, https:\/\/www.dallassymphony.org\/wp-content\/uploads\/2024\/09\/Reese-Farnell-scaled-e1726167130492-150x150.jpg 150w, https:\/\/www.dallassymphony.org\/wp-content\/uploads\/2024\/09\/Reese-Farnell-scaled-e1726167130492-768x768.jpg 768w, https:\/\/www.dallassymphony.org\/wp-content\/uploads\/2024\/09\/Reese-Farnell-scaled-e1726167130492-1536x1536.jpg 1536w, https:\/\/www.dallassymphony.org\/wp-content\/uploads\/2024\/09\/Reese-Farnell-scaled-e1726167130492-12x12.jpg 12w, https:\/\/www.dallassymphony.org\/wp-content\/uploads\/2024\/09\/Reese-Farnell-scaled-e1726167130492-262x262.jpg 262w, https:\/\/www.dallassymphony.org\/wp-content\/uploads\/2024\/09\/Reese-Farnell-scaled-e1726167130492-445x445.jpg 445w, https:\/\/www.dallassymphony.org\/wp-content\/uploads\/2024\/09\/Reese-Farnell-scaled-e1726167130492.jpg 1689w\" sizes=\"auto, (max-width: 350px) 100vw, 350px\" \/>\t\t\t<div class=\"card__content-wrapper\">\n\t\t\t\t<h4>Reese Farnell<\/h4>\n\t\t\t\t<p><p>Subdirector\/Trompa utilitaria<\/p>\n<\/p>\n\n                \t\t\t\t<span class=\"a-hover\">Leer m\u00e1s<\/span>\n                \t\t\t<\/div>\n\t\t<\/a>\n\t<\/div>\n<\/div><div class=\"col-md-4 col-6\">\n\t<div class=\"people__card grad-to-left\">\n\t\t<a href=\"https:\/\/www.dallassymphony.org\/es\/people\/haley-hoops\/\">\n\t\t\t<img loading=\"lazy\" decoding=\"async\" width=\"350\" height=\"350\" src=\"https:\/\/www.dallassymphony.org\/wp-content\/uploads\/2020\/11\/Haley-Hoops-1-350x350.jpg\" class=\"img-fluid w-100 wp-post-image\" alt=\"Haley Hoop\" srcset=\"https:\/\/www.dallassymphony.org\/wp-content\/uploads\/2020\/11\/Haley-Hoops-1-350x350.jpg 350w, https:\/\/www.dallassymphony.org\/wp-content\/uploads\/2020\/11\/Haley-Hoops-1-300x300.jpg 300w, https:\/\/www.dallassymphony.org\/wp-content\/uploads\/2020\/11\/Haley-Hoops-1-1024x1024.jpg 1024w, https:\/\/www.dallassymphony.org\/wp-content\/uploads\/2020\/11\/Haley-Hoops-1-150x150.jpg 150w, https:\/\/www.dallassymphony.org\/wp-content\/uploads\/2020\/11\/Haley-Hoops-1-768x768.jpg 768w, https:\/\/www.dallassymphony.org\/wp-content\/uploads\/2020\/11\/Haley-Hoops-1-12x12.jpg 12w, https:\/\/www.dallassymphony.org\/wp-content\/uploads\/2020\/11\/Haley-Hoops-1-262x262.jpg 262w, https:\/\/www.dallassymphony.org\/wp-content\/uploads\/2020\/11\/Haley-Hoops-1-445x445.jpg 445w, https:\/\/www.dallassymphony.org\/wp-content\/uploads\/2020\/11\/Haley-Hoops-1.jpg 1200w\" sizes=\"auto, (max-width: 350px) 100vw, 350px\" \/>\t\t\t<div class=\"card__content-wrapper\">\n\t\t\t\t<h4>Haley Hoops<\/h4>\n\t\t\t\t<p><p>Segundo cuerno<\/p>\n<p>Becky &amp; Brad Todd Presidente<\/p>\n<\/p>\n\n                \t\t\t\t<span class=\"a-hover\">Leer m\u00e1s<\/span>\n                \t\t\t<\/div>\n\t\t<\/a>\n\t<\/div>\n<\/div><div class=\"col-md-4 col-6\">\n\t<div class=\"people__card grad-to-left\">\n\t\t<a href=\"https:\/\/www.dallassymphony.org\/es\/people\/alexander-kienle\/\">\n\t\t\t<img loading=\"lazy\" decoding=\"async\" width=\"350\" height=\"350\" src=\"https:\/\/www.dallassymphony.org\/wp-content\/uploads\/2020\/11\/Alex-Kienle-350x350.jpg\" class=\"img-fluid w-100 wp-post-image\" alt=\"Alexander Kienle, asistente del director de la sinfon\u00eda de Dallas.\" srcset=\"https:\/\/www.dallassymphony.org\/wp-content\/uploads\/2020\/11\/Alex-Kienle-350x350.jpg 350w, https:\/\/www.dallassymphony.org\/wp-content\/uploads\/2020\/11\/Alex-Kienle-300x300.jpg 300w, https:\/\/www.dallassymphony.org\/wp-content\/uploads\/2020\/11\/Alex-Kienle-1024x1024.jpg 1024w, https:\/\/www.dallassymphony.org\/wp-content\/uploads\/2020\/11\/Alex-Kienle-150x150.jpg 150w, https:\/\/www.dallassymphony.org\/wp-content\/uploads\/2020\/11\/Alex-Kienle-768x768.jpg 768w, https:\/\/www.dallassymphony.org\/wp-content\/uploads\/2020\/11\/Alex-Kienle-12x12.jpg 12w, https:\/\/www.dallassymphony.org\/wp-content\/uploads\/2020\/11\/Alex-Kienle-262x262.jpg 262w, https:\/\/www.dallassymphony.org\/wp-content\/uploads\/2020\/11\/Alex-Kienle-445x445.jpg 445w, https:\/\/www.dallassymphony.org\/wp-content\/uploads\/2020\/11\/Alex-Kienle.jpg 1200w\" sizes=\"auto, (max-width: 350px) 100vw, 350px\" \/>\t\t\t<div class=\"card__content-wrapper\">\n\t\t\t\t<h4>Alexander Kienle<\/h4>\n\t\t\t\t<p><p>Tercer cuerno<\/p>\n<\/p>\n\n                \t\t\t\t<span class=\"a-hover\">Leer m\u00e1s<\/span>\n                \t\t\t<\/div>\n\t\t<\/a>\n\t<\/div>\n<\/div><div class=\"col-md-4 col-6\">\n\t<div class=\"people__card grad-to-left\">\n\t\t<a href=\"https:\/\/www.dallassymphony.org\/es\/people\/kevin-haseltine\/\">\n\t\t\t<img loading=\"lazy\" decoding=\"async\" width=\"350\" height=\"350\" src=\"https:\/\/www.dallassymphony.org\/wp-content\/uploads\/2020\/11\/Kevin-Haseltine-1-350x350.jpg\" class=\"img-fluid w-100 wp-post-image\" alt=\"Kevin Haseltine_Horn_Dallas Symphony\" srcset=\"https:\/\/www.dallassymphony.org\/wp-content\/uploads\/2020\/11\/Kevin-Haseltine-1-350x350.jpg 350w, https:\/\/www.dallassymphony.org\/wp-content\/uploads\/2020\/11\/Kevin-Haseltine-1-300x300.jpg 300w, https:\/\/www.dallassymphony.org\/wp-content\/uploads\/2020\/11\/Kevin-Haseltine-1-1024x1024.jpg 1024w, https:\/\/www.dallassymphony.org\/wp-content\/uploads\/2020\/11\/Kevin-Haseltine-1-150x150.jpg 150w, https:\/\/www.dallassymphony.org\/wp-content\/uploads\/2020\/11\/Kevin-Haseltine-1-768x768.jpg 768w, https:\/\/www.dallassymphony.org\/wp-content\/uploads\/2020\/11\/Kevin-Haseltine-1-12x12.jpg 12w, https:\/\/www.dallassymphony.org\/wp-content\/uploads\/2020\/11\/Kevin-Haseltine-1-262x262.jpg 262w, https:\/\/www.dallassymphony.org\/wp-content\/uploads\/2020\/11\/Kevin-Haseltine-1-445x445.jpg 445w, https:\/\/www.dallassymphony.org\/wp-content\/uploads\/2020\/11\/Kevin-Haseltine-1.jpg 1200w\" sizes=\"auto, (max-width: 350px) 100vw, 350px\" \/>\t\t\t<div class=\"card__content-wrapper\">\n\t\t\t\t<h4>Kevin Haseltine<\/h4>\n\t\t\t\t<p><p>Cuarto cuerno<\/p>\n<\/p>\n\n                \t\t\t\t<span class=\"a-hover\">Leer m\u00e1s<\/span>\n                \t\t\t<\/div>\n\t\t<\/a>\n\t<\/div>\n<\/div>\t\t<\/div>\n\t<\/div>\n<\/div>\n\n\n<div class=\"people-grid m-spacer\">\n\t<div class=\"container\">\n\t\t<div class=\"row\">\n\t\t\t<div class=\"col-12\">\n\t\t\t\t<h1><\/h1>\n                <h2>Trompeta<\/h2>\n\t\t\t<\/div>\n\t\t<\/div>\n\t\t<div class=\"row\">\n\t\t\t<div class=\"col-md-4 col-6\">\n\t<div class=\"people__card grad-to-left\">\n\t\t<a href=\"https:\/\/www.dallassymphony.org\/es\/people\/stuart-stephenson\/\">\n\t\t\t<img loading=\"lazy\" decoding=\"async\" width=\"350\" height=\"350\" src=\"https:\/\/www.dallassymphony.org\/wp-content\/uploads\/2022\/09\/Stuart-Stephenson-1200x1200-1-350x350.jpg\" class=\"img-fluid w-100 wp-post-image\" alt=\"\" srcset=\"https:\/\/www.dallassymphony.org\/wp-content\/uploads\/2022\/09\/Stuart-Stephenson-1200x1200-1-350x350.jpg 350w, https:\/\/www.dallassymphony.org\/wp-content\/uploads\/2022\/09\/Stuart-Stephenson-1200x1200-1-300x300.jpg 300w, https:\/\/www.dallassymphony.org\/wp-content\/uploads\/2022\/09\/Stuart-Stephenson-1200x1200-1-1024x1024.jpg 1024w, https:\/\/www.dallassymphony.org\/wp-content\/uploads\/2022\/09\/Stuart-Stephenson-1200x1200-1-150x150.jpg 150w, https:\/\/www.dallassymphony.org\/wp-content\/uploads\/2022\/09\/Stuart-Stephenson-1200x1200-1-768x768.jpg 768w, https:\/\/www.dallassymphony.org\/wp-content\/uploads\/2022\/09\/Stuart-Stephenson-1200x1200-1-12x12.jpg 12w, https:\/\/www.dallassymphony.org\/wp-content\/uploads\/2022\/09\/Stuart-Stephenson-1200x1200-1-262x262.jpg 262w, https:\/\/www.dallassymphony.org\/wp-content\/uploads\/2022\/09\/Stuart-Stephenson-1200x1200-1-445x445.jpg 445w, https:\/\/www.dallassymphony.org\/wp-content\/uploads\/2022\/09\/Stuart-Stephenson-1200x1200-1.jpg 1200w\" sizes=\"auto, (max-width: 350px) 100vw, 350px\" \/>\t\t\t<div class=\"card__content-wrapper\">\n\t\t\t\t<h4>Stuart Stephenson<\/h4>\n\t\t\t\t<p><p>Trompeta principal<\/p>\n<p>Diane &amp; Hal Brierley Chair<\/p>\n<\/p>\n\n                \t\t\t\t<span class=\"a-hover\">Leer m\u00e1s<\/span>\n                \t\t\t<\/div>\n\t\t<\/a>\n\t<\/div>\n<\/div><div class=\"col-md-4 col-6\">\n\t<div class=\"people__card grad-to-left\">\n\t\t<a href=\"https:\/\/www.dallassymphony.org\/es\/people\/l-russell-campbell\/\">\n\t\t\t<img loading=\"lazy\" decoding=\"async\" width=\"350\" height=\"350\" src=\"https:\/\/www.dallassymphony.org\/wp-content\/uploads\/2020\/11\/Russell-Campbell-350x350.jpg\" class=\"img-fluid w-100 wp-post-image\" alt=\"L. Russell Campbell_Director Asociado + Director Interino_Yon Y Jorden Presidente de la Sinfon\u00eda de Dallas\" srcset=\"https:\/\/www.dallassymphony.org\/wp-content\/uploads\/2020\/11\/Russell-Campbell-350x350.jpg 350w, https:\/\/www.dallassymphony.org\/wp-content\/uploads\/2020\/11\/Russell-Campbell-300x300.jpg 300w, https:\/\/www.dallassymphony.org\/wp-content\/uploads\/2020\/11\/Russell-Campbell-1024x1024.jpg 1024w, https:\/\/www.dallassymphony.org\/wp-content\/uploads\/2020\/11\/Russell-Campbell-150x150.jpg 150w, https:\/\/www.dallassymphony.org\/wp-content\/uploads\/2020\/11\/Russell-Campbell-768x768.jpg 768w, https:\/\/www.dallassymphony.org\/wp-content\/uploads\/2020\/11\/Russell-Campbell-12x12.jpg 12w, https:\/\/www.dallassymphony.org\/wp-content\/uploads\/2020\/11\/Russell-Campbell-262x262.jpg 262w, https:\/\/www.dallassymphony.org\/wp-content\/uploads\/2020\/11\/Russell-Campbell-445x445.jpg 445w, https:\/\/www.dallassymphony.org\/wp-content\/uploads\/2020\/11\/Russell-Campbell.jpg 1200w\" sizes=\"auto, (max-width: 350px) 100vw, 350px\" \/>\t\t\t<div class=\"card__content-wrapper\">\n\t\t\t\t<h4>L. Russell Campbell<\/h4>\n\t\t\t\t<p><p>Trompeta principal asociada<\/p>\n<p>Yon Y. Jorden Chair<\/p>\n<\/p>\n\n                \t\t\t\t<span class=\"a-hover\">Leer m\u00e1s<\/span>\n                \t\t\t<\/div>\n\t\t<\/a>\n\t<\/div>\n<\/div><div class=\"col-md-4 col-6\">\n\t<div class=\"people__card grad-to-left\">\n\t\t<a href=\"https:\/\/www.dallassymphony.org\/es\/people\/kevin-finamore\/\">\n\t\t\t<img loading=\"lazy\" decoding=\"async\" width=\"350\" height=\"350\" src=\"https:\/\/www.dallassymphony.org\/wp-content\/uploads\/2020\/11\/Kevin-Finamore-1-350x350.jpg\" class=\"img-fluid w-100 wp-post-image\" alt=\"Kevin Finamore_Trompeta_Sinfon\u00eda de Dallas\" srcset=\"https:\/\/www.dallassymphony.org\/wp-content\/uploads\/2020\/11\/Kevin-Finamore-1-350x350.jpg 350w, https:\/\/www.dallassymphony.org\/wp-content\/uploads\/2020\/11\/Kevin-Finamore-1-300x300.jpg 300w, https:\/\/www.dallassymphony.org\/wp-content\/uploads\/2020\/11\/Kevin-Finamore-1-1024x1024.jpg 1024w, https:\/\/www.dallassymphony.org\/wp-content\/uploads\/2020\/11\/Kevin-Finamore-1-150x150.jpg 150w, https:\/\/www.dallassymphony.org\/wp-content\/uploads\/2020\/11\/Kevin-Finamore-1-768x768.jpg 768w, https:\/\/www.dallassymphony.org\/wp-content\/uploads\/2020\/11\/Kevin-Finamore-1-12x12.jpg 12w, https:\/\/www.dallassymphony.org\/wp-content\/uploads\/2020\/11\/Kevin-Finamore-1-262x262.jpg 262w, https:\/\/www.dallassymphony.org\/wp-content\/uploads\/2020\/11\/Kevin-Finamore-1-445x445.jpg 445w, https:\/\/www.dallassymphony.org\/wp-content\/uploads\/2020\/11\/Kevin-Finamore-1.jpg 1200w\" sizes=\"auto, (max-width: 350px) 100vw, 350px\" \/>\t\t\t<div class=\"card__content-wrapper\">\n\t\t\t\t<h4>Kevin Finamore<\/h4>\n\t\t\t\t<p><p>Asistente de Trompeta Principal<\/p>\n<p>Silla Ryan Anthony<\/p>\n<\/p>\n\n                \t\t\t\t<span class=\"a-hover\">Leer m\u00e1s<\/span>\n                \t\t\t<\/div>\n\t\t<\/a>\n\t<\/div>\n<\/div><div class=\"col-md-4 col-6\">\n\t<div class=\"people__card grad-to-left\">\n\t\t<a href=\"https:\/\/www.dallassymphony.org\/es\/people\/elmer-churampi\/\">\n\t\t\t<img loading=\"lazy\" decoding=\"async\" width=\"350\" height=\"350\" src=\"https:\/\/www.dallassymphony.org\/wp-content\/uploads\/2021\/01\/Elmer-Churampi-1200x1200-1-350x350.jpg\" class=\"img-fluid w-100 wp-post-image\" alt=\"Elmer Churampi\" srcset=\"https:\/\/www.dallassymphony.org\/wp-content\/uploads\/2021\/01\/Elmer-Churampi-1200x1200-1-350x350.jpg 350w, https:\/\/www.dallassymphony.org\/wp-content\/uploads\/2021\/01\/Elmer-Churampi-1200x1200-1-300x300.jpg 300w, https:\/\/www.dallassymphony.org\/wp-content\/uploads\/2021\/01\/Elmer-Churampi-1200x1200-1-1024x1024.jpg 1024w, https:\/\/www.dallassymphony.org\/wp-content\/uploads\/2021\/01\/Elmer-Churampi-1200x1200-1-150x150.jpg 150w, https:\/\/www.dallassymphony.org\/wp-content\/uploads\/2021\/01\/Elmer-Churampi-1200x1200-1-768x768.jpg 768w, https:\/\/www.dallassymphony.org\/wp-content\/uploads\/2021\/01\/Elmer-Churampi-1200x1200-1-12x12.jpg 12w, https:\/\/www.dallassymphony.org\/wp-content\/uploads\/2021\/01\/Elmer-Churampi-1200x1200-1-262x262.jpg 262w, https:\/\/www.dallassymphony.org\/wp-content\/uploads\/2021\/01\/Elmer-Churampi-1200x1200-1-445x445.jpg 445w, https:\/\/www.dallassymphony.org\/wp-content\/uploads\/2021\/01\/Elmer-Churampi-1200x1200-1.jpg 1200w\" sizes=\"auto, (max-width: 350px) 100vw, 350px\" \/>\t\t\t<div class=\"card__content-wrapper\">\n\t\t\t\t<h4>Elmer Churampi<\/h4>\n\t\t\t\t<p><p>Cuarta + Trompeta Utilitaria<\/p>\n<p>C\u00e1tedra Graham &amp; Brenda Gardner<\/p>\n<p>|ON LEAVE|<\/p>\n<\/p>\n\n                \t\t\t\t<span class=\"a-hover\">Leer m\u00e1s<\/span>\n                \t\t\t<\/div>\n\t\t<\/a>\n\t<\/div>\n<\/div><div class=\"col-md-4 col-6\">\n\t<div class=\"people__card grad-to-left\">\n\t\t<a href=\"https:\/\/www.dallassymphony.org\/es\/people\/forrest-albano\/\">\n\t\t\t<img loading=\"lazy\" decoding=\"async\" width=\"350\" height=\"350\" src=\"https:\/\/www.dallassymphony.org\/wp-content\/uploads\/2026\/07\/Forrest-Headshot-1-e1785428674795-350x350.jpg\" class=\"img-fluid w-100 wp-post-image\" alt=\"\" srcset=\"https:\/\/www.dallassymphony.org\/wp-content\/uploads\/2026\/07\/Forrest-Headshot-1-e1785428674795-350x350.jpg 350w, https:\/\/www.dallassymphony.org\/wp-content\/uploads\/2026\/07\/Forrest-Headshot-1-e1785428674795-300x300.jpg 300w, https:\/\/www.dallassymphony.org\/wp-content\/uploads\/2026\/07\/Forrest-Headshot-1-e1785428674795-1024x1024.jpg 1024w, https:\/\/www.dallassymphony.org\/wp-content\/uploads\/2026\/07\/Forrest-Headshot-1-e1785428674795-150x150.jpg 150w, https:\/\/www.dallassymphony.org\/wp-content\/uploads\/2026\/07\/Forrest-Headshot-1-e1785428674795-768x768.jpg 768w, https:\/\/www.dallassymphony.org\/wp-content\/uploads\/2026\/07\/Forrest-Headshot-1-e1785428674795-1536x1536.jpg 1536w, https:\/\/www.dallassymphony.org\/wp-content\/uploads\/2026\/07\/Forrest-Headshot-1-e1785428674795-2048x2048.jpg 2048w, https:\/\/www.dallassymphony.org\/wp-content\/uploads\/2026\/07\/Forrest-Headshot-1-e1785428674795-12x12.jpg 12w, https:\/\/www.dallassymphony.org\/wp-content\/uploads\/2026\/07\/Forrest-Headshot-1-e1785428674795-262x262.jpg 262w, https:\/\/www.dallassymphony.org\/wp-content\/uploads\/2026\/07\/Forrest-Headshot-1-e1785428674795-445x445.jpg 445w, https:\/\/www.dallassymphony.org\/wp-content\/uploads\/2026\/07\/Forrest-Headshot-1-e1785428674795-400x400.jpg 400w, https:\/\/www.dallassymphony.org\/wp-content\/uploads\/2026\/07\/Forrest-Headshot-1-e1785428674795-600x600.jpg 600w\" sizes=\"auto, (max-width: 350px) 100vw, 350px\" \/>\t\t\t<div class=\"card__content-wrapper\">\n\t\t\t\t<h4>Forrest Albano<\/h4>\n\t\t\t\t<p><p>Trompeta polivalente<\/p>\n<\/p>\n\n                \t\t\t\t<span class=\"a-hover\">Leer m\u00e1s<\/span>\n                \t\t\t<\/div>\n\t\t<\/a>\n\t<\/div>\n<\/div>\t\t<\/div>\n\t<\/div>\n<\/div>\n\n\n<div class=\"people-grid m-spacer\">\n\t<div class=\"container\">\n\t\t<div class=\"row\">\n\t\t\t<div class=\"col-12\">\n\t\t\t\t<h1><\/h1>\n                <h2>Tromb\u00f3n<\/h2>\n\t\t\t<\/div>\n\t\t<\/div>\n\t\t<div class=\"row\">\n\t\t\t<div class=\"col-md-4 col-6\">\n\t<div class=\"people__card grad-to-left\">\n\t\t<a href=\"https:\/\/www.dallassymphony.org\/es\/people\/barry-hearn\/\">\n\t\t\t<img loading=\"lazy\" decoding=\"async\" width=\"350\" height=\"350\" src=\"https:\/\/www.dallassymphony.org\/wp-content\/uploads\/2020\/11\/Barry-Hearn-350x350.jpg\" class=\"img-fluid w-100 wp-post-image\" alt=\"Barry Hearn, director del tromb\u00f3n, presidente de la sinfon\u00eda de Dallas.\" srcset=\"https:\/\/www.dallassymphony.org\/wp-content\/uploads\/2020\/11\/Barry-Hearn-350x350.jpg 350w, https:\/\/www.dallassymphony.org\/wp-content\/uploads\/2020\/11\/Barry-Hearn-300x300.jpg 300w, https:\/\/www.dallassymphony.org\/wp-content\/uploads\/2020\/11\/Barry-Hearn-1024x1024.jpg 1024w, https:\/\/www.dallassymphony.org\/wp-content\/uploads\/2020\/11\/Barry-Hearn-150x150.jpg 150w, https:\/\/www.dallassymphony.org\/wp-content\/uploads\/2020\/11\/Barry-Hearn-768x768.jpg 768w, https:\/\/www.dallassymphony.org\/wp-content\/uploads\/2020\/11\/Barry-Hearn-12x12.jpg 12w, https:\/\/www.dallassymphony.org\/wp-content\/uploads\/2020\/11\/Barry-Hearn-262x262.jpg 262w, https:\/\/www.dallassymphony.org\/wp-content\/uploads\/2020\/11\/Barry-Hearn-445x445.jpg 445w, https:\/\/www.dallassymphony.org\/wp-content\/uploads\/2020\/11\/Barry-Hearn.jpg 1200w\" sizes=\"auto, (max-width: 350px) 100vw, 350px\" \/>\t\t\t<div class=\"card__content-wrapper\">\n\t\t\t\t<h4>Barry Hearn<\/h4>\n\t\t\t\t<p><p>Tromb\u00f3n principal<\/p>\n<p>La silla de encaje de Cece y Ford<\/p>\n<\/p>\n\n                \t\t\t\t<span class=\"a-hover\">Leer m\u00e1s<\/span>\n                \t\t\t<\/div>\n\t\t<\/a>\n\t<\/div>\n<\/div><div class=\"col-md-4 col-6\">\n\t<div class=\"people__card grad-to-left\">\n\t\t<a href=\"https:\/\/www.dallassymphony.org\/es\/people\/christopher-oliver\/\">\n\t\t\t<img loading=\"lazy\" decoding=\"async\" width=\"350\" height=\"350\" src=\"https:\/\/www.dallassymphony.org\/wp-content\/uploads\/2020\/11\/Chris-Oliver-350x350.jpg\" class=\"img-fluid w-100 wp-post-image\" alt=\"Chris Oliver, director asociado de la Sinfon\u00eda de Tromb\u00f3n de Dallas.\" srcset=\"https:\/\/www.dallassymphony.org\/wp-content\/uploads\/2020\/11\/Chris-Oliver-350x350.jpg 350w, https:\/\/www.dallassymphony.org\/wp-content\/uploads\/2020\/11\/Chris-Oliver-300x300.jpg 300w, https:\/\/www.dallassymphony.org\/wp-content\/uploads\/2020\/11\/Chris-Oliver-1024x1024.jpg 1024w, https:\/\/www.dallassymphony.org\/wp-content\/uploads\/2020\/11\/Chris-Oliver-150x150.jpg 150w, https:\/\/www.dallassymphony.org\/wp-content\/uploads\/2020\/11\/Chris-Oliver-768x768.jpg 768w, https:\/\/www.dallassymphony.org\/wp-content\/uploads\/2020\/11\/Chris-Oliver-12x12.jpg 12w, https:\/\/www.dallassymphony.org\/wp-content\/uploads\/2020\/11\/Chris-Oliver-262x262.jpg 262w, https:\/\/www.dallassymphony.org\/wp-content\/uploads\/2020\/11\/Chris-Oliver-445x445.jpg 445w, https:\/\/www.dallassymphony.org\/wp-content\/uploads\/2020\/11\/Chris-Oliver.jpg 1200w\" sizes=\"auto, (max-width: 350px) 100vw, 350px\" \/>\t\t\t<div class=\"card__content-wrapper\">\n\t\t\t\t<h4>Christopher Oliver<\/h4>\n\t\t\t\t<p><p>Tromb\u00f3n Principal Asociado<\/p>\n<\/p>\n\n                \t\t\t\t<span class=\"a-hover\">Leer m\u00e1s<\/span>\n                \t\t\t<\/div>\n\t\t<\/a>\n\t<\/div>\n<\/div><div class=\"col-md-4 col-6\">\n\t<div class=\"people__card grad-to-left\">\n\t\t<a href=\"https:\/\/www.dallassymphony.org\/es\/people\/brian-hecht\/\">\n\t\t\t<img loading=\"lazy\" decoding=\"async\" width=\"350\" height=\"350\" src=\"https:\/\/www.dallassymphony.org\/wp-content\/uploads\/2021\/09\/Brian-Hecht-1200x1200-2-350x350.jpg\" class=\"img-fluid w-100 wp-post-image\" alt=\"Brian Hecht\" srcset=\"https:\/\/www.dallassymphony.org\/wp-content\/uploads\/2021\/09\/Brian-Hecht-1200x1200-2-350x350.jpg 350w, https:\/\/www.dallassymphony.org\/wp-content\/uploads\/2021\/09\/Brian-Hecht-1200x1200-2-300x300.jpg 300w, https:\/\/www.dallassymphony.org\/wp-content\/uploads\/2021\/09\/Brian-Hecht-1200x1200-2-1024x1024.jpg 1024w, https:\/\/www.dallassymphony.org\/wp-content\/uploads\/2021\/09\/Brian-Hecht-1200x1200-2-150x150.jpg 150w, https:\/\/www.dallassymphony.org\/wp-content\/uploads\/2021\/09\/Brian-Hecht-1200x1200-2-768x768.jpg 768w, https:\/\/www.dallassymphony.org\/wp-content\/uploads\/2021\/09\/Brian-Hecht-1200x1200-2-12x12.jpg 12w, https:\/\/www.dallassymphony.org\/wp-content\/uploads\/2021\/09\/Brian-Hecht-1200x1200-2-262x262.jpg 262w, https:\/\/www.dallassymphony.org\/wp-content\/uploads\/2021\/09\/Brian-Hecht-1200x1200-2-445x445.jpg 445w, https:\/\/www.dallassymphony.org\/wp-content\/uploads\/2021\/09\/Brian-Hecht-1200x1200-2.jpg 1200w\" sizes=\"auto, (max-width: 350px) 100vw, 350px\" \/>\t\t\t<div class=\"card__content-wrapper\">\n\t\t\t\t<h4>Brian Hecht<\/h4>\n\t\t\t\t<p><p>Tromb\u00f3n utilitario<\/p>\n<\/p>\n\n                \t\t\t\t<span class=\"a-hover\">Leer m\u00e1s<\/span>\n                \t\t\t<\/div>\n\t\t<\/a>\n\t<\/div>\n<\/div><div class=\"col-md-4 col-6\">\n\t<div class=\"people__card grad-to-left\">\n\t\t<a href=\"https:\/\/www.dallassymphony.org\/es\/people\/darren-mchenry\/\">\n\t\t\t<img loading=\"lazy\" decoding=\"async\" width=\"350\" height=\"350\" src=\"https:\/\/www.dallassymphony.org\/wp-content\/uploads\/2020\/11\/Darren-McHenry-1-350x350.jpg\" class=\"img-fluid w-100 wp-post-image\" alt=\"Darren McHenry Tromb\u00f3n Bajo Sinfon\u00eda de Dallas\" srcset=\"https:\/\/www.dallassymphony.org\/wp-content\/uploads\/2020\/11\/Darren-McHenry-1-350x350.jpg 350w, https:\/\/www.dallassymphony.org\/wp-content\/uploads\/2020\/11\/Darren-McHenry-1-300x300.jpg 300w, https:\/\/www.dallassymphony.org\/wp-content\/uploads\/2020\/11\/Darren-McHenry-1-1024x1024.jpg 1024w, https:\/\/www.dallassymphony.org\/wp-content\/uploads\/2020\/11\/Darren-McHenry-1-150x150.jpg 150w, https:\/\/www.dallassymphony.org\/wp-content\/uploads\/2020\/11\/Darren-McHenry-1-768x768.jpg 768w, https:\/\/www.dallassymphony.org\/wp-content\/uploads\/2020\/11\/Darren-McHenry-1-12x12.jpg 12w, https:\/\/www.dallassymphony.org\/wp-content\/uploads\/2020\/11\/Darren-McHenry-1-262x262.jpg 262w, https:\/\/www.dallassymphony.org\/wp-content\/uploads\/2020\/11\/Darren-McHenry-1-445x445.jpg 445w, https:\/\/www.dallassymphony.org\/wp-content\/uploads\/2020\/11\/Darren-McHenry-1.jpg 1200w\" sizes=\"auto, (max-width: 350px) 100vw, 350px\" \/>\t\t\t<div class=\"card__content-wrapper\">\n\t\t\t\t<h4>Darren Mchenry<\/h4>\n\t\t\t\t<p><p>Tromb\u00f3n bajo<\/p>\n<\/p>\n\n                \t\t\t\t<span class=\"a-hover\">Leer m\u00e1s<\/span>\n                \t\t\t<\/div>\n\t\t<\/a>\n\t<\/div>\n<\/div>\t\t<\/div>\n\t<\/div>\n<\/div>\n\n\n<div class=\"people-grid m-spacer\">\n\t<div class=\"container\">\n\t\t<div class=\"row\">\n\t\t\t<div class=\"col-12\">\n\t\t\t\t<h1><\/h1>\n                <h2>Tuba<\/h2>\n\t\t\t<\/div>\n\t\t<\/div>\n\t\t<div class=\"row\">\n\t\t\t<div class=\"col-md-4 col-6\">\n\t<div class=\"people__card grad-to-left\">\n\t\t<a href=\"https:\/\/www.dallassymphony.org\/es\/people\/matthew-good\/\">\n\t\t\t<img loading=\"lazy\" decoding=\"async\" width=\"350\" height=\"350\" src=\"https:\/\/www.dallassymphony.org\/wp-content\/uploads\/2020\/11\/Matt-Good-350x350.jpg\" class=\"img-fluid w-100 wp-post-image\" alt=\"Matthew Good, Director de la Sinfon\u00eda de Dallas de Tuba y Paul Mason.\" srcset=\"https:\/\/www.dallassymphony.org\/wp-content\/uploads\/2020\/11\/Matt-Good-350x350.jpg 350w, https:\/\/www.dallassymphony.org\/wp-content\/uploads\/2020\/11\/Matt-Good-300x300.jpg 300w, https:\/\/www.dallassymphony.org\/wp-content\/uploads\/2020\/11\/Matt-Good-1024x1024.jpg 1024w, https:\/\/www.dallassymphony.org\/wp-content\/uploads\/2020\/11\/Matt-Good-150x150.jpg 150w, https:\/\/www.dallassymphony.org\/wp-content\/uploads\/2020\/11\/Matt-Good-768x768.jpg 768w, https:\/\/www.dallassymphony.org\/wp-content\/uploads\/2020\/11\/Matt-Good-12x12.jpg 12w, https:\/\/www.dallassymphony.org\/wp-content\/uploads\/2020\/11\/Matt-Good-262x262.jpg 262w, https:\/\/www.dallassymphony.org\/wp-content\/uploads\/2020\/11\/Matt-Good-445x445.jpg 445w, https:\/\/www.dallassymphony.org\/wp-content\/uploads\/2020\/11\/Matt-Good.jpg 1200w\" sizes=\"auto, (max-width: 350px) 100vw, 350px\" \/>\t\t\t<div class=\"card__content-wrapper\">\n\t\t\t\t<h4>Matthew Good<\/h4>\n\t\t\t\t<p><p>Tuba principal...<\/p>\n<p>Dot &amp; Paul Mason Chair<\/p>\n<\/p>\n\n                \t\t\t\t<span class=\"a-hover\">Leer m\u00e1s<\/span>\n                \t\t\t<\/div>\n\t\t<\/a>\n\t<\/div>\n<\/div>\t\t<\/div>\n\t<\/div>\n<\/div>\n\n\n<div class=\"people-grid m-spacer\">\n\t<div class=\"container\">\n\t\t<div class=\"row\">\n\t\t\t<div class=\"col-12\">\n\t\t\t\t<h1>Percusi\u00f3n\/Arpa\/Teclados<\/h1>\n                <h2>Timpani<\/h2>\n\t\t\t<\/div>\n\t\t<\/div>\n\t\t<div class=\"row\">\n\t\t\t<div class=\"col-md-4 col-6\">\n\t<div class=\"people__card grad-to-left\">\n\t\t<a href=\"https:\/\/www.dallassymphony.org\/es\/people\/brian-jones\/\">\n\t\t\t<img loading=\"lazy\" decoding=\"async\" width=\"350\" height=\"350\" src=\"https:\/\/www.dallassymphony.org\/wp-content\/uploads\/2020\/11\/Brian-Jones-350x350.jpg\" class=\"img-fluid w-100 wp-post-image\" alt=\"Brian Jones, director de timbre, Dr. Eugene y Charlotte Bonelli, presidente de la Sinf\u00f3nica de Dallas.\" srcset=\"https:\/\/www.dallassymphony.org\/wp-content\/uploads\/2020\/11\/Brian-Jones-350x350.jpg 350w, https:\/\/www.dallassymphony.org\/wp-content\/uploads\/2020\/11\/Brian-Jones-300x300.jpg 300w, https:\/\/www.dallassymphony.org\/wp-content\/uploads\/2020\/11\/Brian-Jones-1024x1024.jpg 1024w, https:\/\/www.dallassymphony.org\/wp-content\/uploads\/2020\/11\/Brian-Jones-150x150.jpg 150w, https:\/\/www.dallassymphony.org\/wp-content\/uploads\/2020\/11\/Brian-Jones-768x768.jpg 768w, https:\/\/www.dallassymphony.org\/wp-content\/uploads\/2020\/11\/Brian-Jones-12x12.jpg 12w, https:\/\/www.dallassymphony.org\/wp-content\/uploads\/2020\/11\/Brian-Jones-262x262.jpg 262w, https:\/\/www.dallassymphony.org\/wp-content\/uploads\/2020\/11\/Brian-Jones-445x445.jpg 445w, https:\/\/www.dallassymphony.org\/wp-content\/uploads\/2020\/11\/Brian-Jones.jpg 1200w\" sizes=\"auto, (max-width: 350px) 100vw, 350px\" \/>\t\t\t<div class=\"card__content-wrapper\">\n\t\t\t\t<h4>Brian Jones<\/h4>\n\t\t\t\t<p><p>Director Timpani<\/p>\n<p>Dr. Eugene &amp; Charlotte Bonelli Chair<\/p>\n<\/p>\n\n                \t\t\t\t<span class=\"a-hover\">Leer m\u00e1s<\/span>\n                \t\t\t<\/div>\n\t\t<\/a>\n\t<\/div>\n<\/div>\t\t<\/div>\n\t<\/div>\n<\/div>\n\n\n<div class=\"people-grid m-spacer\">\n\t<div class=\"container\">\n\t\t<div class=\"row\">\n\t\t\t<div class=\"col-12\">\n\t\t\t\t<h1><\/h1>\n                <h2>Percusi\u00f3n<\/h2>\n\t\t\t<\/div>\n\t\t<\/div>\n\t\t<div class=\"row\">\n\t\t\t<div class=\"col-md-4 col-6\">\n\t<div class=\"people__card grad-to-left\">\n\t\t<a href=\"https:\/\/www.dallassymphony.org\/es\/people\/george-nickson\/\">\n\t\t\t<img loading=\"lazy\" decoding=\"async\" width=\"350\" height=\"350\" src=\"https:\/\/www.dallassymphony.org\/wp-content\/uploads\/2020\/11\/George-Nickson-350x350.jpg\" class=\"img-fluid w-100 wp-post-image\" alt=\"George Nickson_Percusi\u00f3n principal_Margie &amp; William H Seay Presidente_Sinfon\u00eda de Dallas\" srcset=\"https:\/\/www.dallassymphony.org\/wp-content\/uploads\/2020\/11\/George-Nickson-350x350.jpg 350w, https:\/\/www.dallassymphony.org\/wp-content\/uploads\/2020\/11\/George-Nickson-300x300.jpg 300w, https:\/\/www.dallassymphony.org\/wp-content\/uploads\/2020\/11\/George-Nickson-1024x1024.jpg 1024w, https:\/\/www.dallassymphony.org\/wp-content\/uploads\/2020\/11\/George-Nickson-150x150.jpg 150w, https:\/\/www.dallassymphony.org\/wp-content\/uploads\/2020\/11\/George-Nickson-768x768.jpg 768w, https:\/\/www.dallassymphony.org\/wp-content\/uploads\/2020\/11\/George-Nickson-12x12.jpg 12w, https:\/\/www.dallassymphony.org\/wp-content\/uploads\/2020\/11\/George-Nickson-262x262.jpg 262w, https:\/\/www.dallassymphony.org\/wp-content\/uploads\/2020\/11\/George-Nickson-445x445.jpg 445w, https:\/\/www.dallassymphony.org\/wp-content\/uploads\/2020\/11\/George-Nickson.jpg 1200w\" sizes=\"auto, (max-width: 350px) 100vw, 350px\" \/>\t\t\t<div class=\"card__content-wrapper\">\n\t\t\t\t<h4>George Nickson<\/h4>\n\t\t\t\t<p><p>Percusi\u00f3n principal<\/p>\n<p>Margie &amp; William H. Seay Silla<\/p>\n<\/p>\n\n                \t\t\t\t<span class=\"a-hover\">Leer m\u00e1s<\/span>\n                \t\t\t<\/div>\n\t\t<\/a>\n\t<\/div>\n<\/div><div class=\"col-md-4 col-6\">\n\t<div class=\"people__card grad-to-left\">\n\t\t<a href=\"https:\/\/www.dallassymphony.org\/es\/people\/daniel-florio\/\">\n\t\t\t<img loading=\"lazy\" decoding=\"async\" width=\"350\" height=\"350\" src=\"https:\/\/www.dallassymphony.org\/wp-content\/uploads\/2020\/11\/Dan-Floria-350x350.jpg\" class=\"img-fluid w-100 wp-post-image\" alt=\"Dan Florio, director asociado de percusi\u00f3n de la Sinfon\u00eda de Dallas.\" srcset=\"https:\/\/www.dallassymphony.org\/wp-content\/uploads\/2020\/11\/Dan-Floria-350x350.jpg 350w, https:\/\/www.dallassymphony.org\/wp-content\/uploads\/2020\/11\/Dan-Floria-300x300.jpg 300w, https:\/\/www.dallassymphony.org\/wp-content\/uploads\/2020\/11\/Dan-Floria-1024x1024.jpg 1024w, https:\/\/www.dallassymphony.org\/wp-content\/uploads\/2020\/11\/Dan-Floria-150x150.jpg 150w, https:\/\/www.dallassymphony.org\/wp-content\/uploads\/2020\/11\/Dan-Floria-768x768.jpg 768w, https:\/\/www.dallassymphony.org\/wp-content\/uploads\/2020\/11\/Dan-Floria-12x12.jpg 12w, https:\/\/www.dallassymphony.org\/wp-content\/uploads\/2020\/11\/Dan-Floria-262x262.jpg 262w, https:\/\/www.dallassymphony.org\/wp-content\/uploads\/2020\/11\/Dan-Floria-445x445.jpg 445w, https:\/\/www.dallassymphony.org\/wp-content\/uploads\/2020\/11\/Dan-Floria.jpg 1200w\" sizes=\"auto, (max-width: 350px) 100vw, 350px\" \/>\t\t\t<div class=\"card__content-wrapper\">\n\t\t\t\t<h4>Daniel Florio<\/h4>\n\t\t\t\t<p><p>Percusi\u00f3n Principal Asociada<\/p>\n<\/p>\n\n                \t\t\t\t<span class=\"a-hover\">Leer m\u00e1s<\/span>\n                \t\t\t<\/div>\n\t\t<\/a>\n\t<\/div>\n<\/div><div class=\"col-md-4 col-6\">\n\t<div class=\"people__card grad-to-left\">\n\t\t<a href=\"https:\/\/www.dallassymphony.org\/es\/people\/robert-obrien\/\">\n\t\t\t<img loading=\"lazy\" decoding=\"async\" width=\"350\" height=\"350\" src=\"https:\/\/www.dallassymphony.org\/wp-content\/uploads\/2023\/08\/Robert-OBrien-Canva-edited-350x350.png\" class=\"img-fluid w-100 wp-post-image\" alt=\"\" srcset=\"https:\/\/www.dallassymphony.org\/wp-content\/uploads\/2023\/08\/Robert-OBrien-Canva-edited-350x350.png 350w, https:\/\/www.dallassymphony.org\/wp-content\/uploads\/2023\/08\/Robert-OBrien-Canva-edited-300x300.png 300w, https:\/\/www.dallassymphony.org\/wp-content\/uploads\/2023\/08\/Robert-OBrien-Canva-edited-1024x1024.png 1024w, https:\/\/www.dallassymphony.org\/wp-content\/uploads\/2023\/08\/Robert-OBrien-Canva-edited-150x150.png 150w, https:\/\/www.dallassymphony.org\/wp-content\/uploads\/2023\/08\/Robert-OBrien-Canva-edited-768x768.png 768w, https:\/\/www.dallassymphony.org\/wp-content\/uploads\/2023\/08\/Robert-OBrien-Canva-edited-12x12.png 12w, https:\/\/www.dallassymphony.org\/wp-content\/uploads\/2023\/08\/Robert-OBrien-Canva-edited-262x262.png 262w, https:\/\/www.dallassymphony.org\/wp-content\/uploads\/2023\/08\/Robert-OBrien-Canva-edited-445x445.png 445w, https:\/\/www.dallassymphony.org\/wp-content\/uploads\/2023\/08\/Robert-OBrien-Canva-edited.png 1080w\" sizes=\"auto, (max-width: 350px) 100vw, 350px\" \/>\t\t\t<div class=\"card__content-wrapper\">\n\t\t\t\t<h4>Robert O'Brien<\/h4>\n\t\t\t\t<p><p>Subdirector de timbales\/Secci\u00f3n de percusi\u00f3n<\/p>\n<\/p>\n\n                \t\t\t\t<span class=\"a-hover\">Leer m\u00e1s<\/span>\n                \t\t\t<\/div>\n\t\t<\/a>\n\t<\/div>\n<\/div>\t\t<\/div>\n\t<\/div>\n<\/div>\n\n\n<div class=\"people-grid m-spacer\">\n\t<div class=\"container\">\n\t\t<div class=\"row\">\n\t\t\t<div class=\"col-12\">\n\t\t\t\t<h1><\/h1>\n                <h2>Arpa<\/h2>\n\t\t\t<\/div>\n\t\t<\/div>\n\t\t<div class=\"row\">\n\t\t\t<div class=\"col-md-4 col-6\">\n\t<div class=\"people__card grad-to-left\">\n\t\t<a href=\"https:\/\/www.dallassymphony.org\/es\/people\/emily-levin\/\">\n\t\t\t<img loading=\"lazy\" decoding=\"async\" width=\"350\" height=\"350\" src=\"https:\/\/www.dallassymphony.org\/wp-content\/uploads\/2020\/11\/Emily-Levin-1-350x350.jpg\" class=\"img-fluid w-100 wp-post-image\" alt=\"Emily Levin, directora de arpa, Elsa von Seggern, presidenta de la Sinfon\u00eda de Dallas.\" srcset=\"https:\/\/www.dallassymphony.org\/wp-content\/uploads\/2020\/11\/Emily-Levin-1-350x350.jpg 350w, https:\/\/www.dallassymphony.org\/wp-content\/uploads\/2020\/11\/Emily-Levin-1-300x300.jpg 300w, https:\/\/www.dallassymphony.org\/wp-content\/uploads\/2020\/11\/Emily-Levin-1-1024x1024.jpg 1024w, https:\/\/www.dallassymphony.org\/wp-content\/uploads\/2020\/11\/Emily-Levin-1-150x150.jpg 150w, https:\/\/www.dallassymphony.org\/wp-content\/uploads\/2020\/11\/Emily-Levin-1-768x768.jpg 768w, https:\/\/www.dallassymphony.org\/wp-content\/uploads\/2020\/11\/Emily-Levin-1-12x12.jpg 12w, https:\/\/www.dallassymphony.org\/wp-content\/uploads\/2020\/11\/Emily-Levin-1-262x262.jpg 262w, https:\/\/www.dallassymphony.org\/wp-content\/uploads\/2020\/11\/Emily-Levin-1-445x445.jpg 445w, https:\/\/www.dallassymphony.org\/wp-content\/uploads\/2020\/11\/Emily-Levin-1.jpg 1200w\" sizes=\"auto, (max-width: 350px) 100vw, 350px\" \/>\t\t\t<div class=\"card__content-wrapper\">\n\t\t\t\t<h4>Emily Levin<\/h4>\n\t\t\t\t<p><p>Director Harp<\/p>\n<p>Silla Elsa von Seggern<\/p>\n<\/p>\n\n                \t\t\t\t<span class=\"a-hover\">Leer m\u00e1s<\/span>\n                \t\t\t<\/div>\n\t\t<\/a>\n\t<\/div>\n<\/div>\t\t<\/div>\n\t<\/div>\n<\/div>\n\n\n<div class=\"people-grid m-spacer\">\n\t<div class=\"container\">\n\t\t<div class=\"row\">\n\t\t\t<div class=\"col-12\">\n\t\t\t\t<h1><\/h1>\n                <h2>\u00d3rgano<\/h2>\n\t\t\t<\/div>\n\t\t<\/div>\n\t\t<div class=\"row\">\n\t\t\t<div class=\"col-md-4 col-6\">\n\t<div class=\"people__card grad-to-left\">\n\t\t<a href=\"https:\/\/www.dallassymphony.org\/es\/people\/bradley-hunter-welch\/\">\n\t\t\t<img loading=\"lazy\" decoding=\"async\" width=\"350\" height=\"350\" src=\"https:\/\/www.dallassymphony.org\/wp-content\/uploads\/2020\/11\/Bradley-Hunter-Welch-350x350.jpg\" class=\"img-fluid w-100 wp-post-image\" alt=\"Bradley Hunter Welch, organista residente, presidente de la familia Lay, sinfon\u00eda de Dallas.\" srcset=\"https:\/\/www.dallassymphony.org\/wp-content\/uploads\/2020\/11\/Bradley-Hunter-Welch-350x350.jpg 350w, https:\/\/www.dallassymphony.org\/wp-content\/uploads\/2020\/11\/Bradley-Hunter-Welch-300x300.jpg 300w, https:\/\/www.dallassymphony.org\/wp-content\/uploads\/2020\/11\/Bradley-Hunter-Welch-1024x1024.jpg 1024w, https:\/\/www.dallassymphony.org\/wp-content\/uploads\/2020\/11\/Bradley-Hunter-Welch-150x150.jpg 150w, https:\/\/www.dallassymphony.org\/wp-content\/uploads\/2020\/11\/Bradley-Hunter-Welch-768x768.jpg 768w, https:\/\/www.dallassymphony.org\/wp-content\/uploads\/2020\/11\/Bradley-Hunter-Welch-12x12.jpg 12w, https:\/\/www.dallassymphony.org\/wp-content\/uploads\/2020\/11\/Bradley-Hunter-Welch-262x262.jpg 262w, https:\/\/www.dallassymphony.org\/wp-content\/uploads\/2020\/11\/Bradley-Hunter-Welch-445x445.jpg 445w, https:\/\/www.dallassymphony.org\/wp-content\/uploads\/2020\/11\/Bradley-Hunter-Welch.jpg 1200w\" sizes=\"auto, (max-width: 350px) 100vw, 350px\" \/>\t\t\t<div class=\"card__content-wrapper\">\n\t\t\t\t<h4>Bradley Hunter Welch<\/h4>\n\t\t\t\t<p><p>Organista residente<\/p>\n<p>Silla familiar laica<\/p>\n<\/p>\n\n                \t\t\t\t<span class=\"a-hover\">Leer m\u00e1s<\/span>\n                \t\t\t<\/div>\n\t\t<\/a>\n\t<\/div>\n<\/div>\t\t<\/div>\n\t<\/div>\n<\/div>\n\n\n<div class=\"people-grid m-spacer\">\n\t<div class=\"container\">\n\t\t<div class=\"row\">\n\t\t\t<div class=\"col-12\">\n\t\t\t\t<h1><\/h1>\n                <h2>Teclado del personal<\/h2>\n\t\t\t<\/div>\n\t\t<\/div>\n\t\t<div class=\"row\">\n\t\t\t<div class=\"col-md-4 col-6\">\n\t<div class=\"people__card grad-to-left\">\n\t\t<a href=\"https:\/\/www.dallassymphony.org\/es\/people\/gabriel-sanchez\/\">\n\t\t\t<img loading=\"lazy\" decoding=\"async\" width=\"350\" height=\"350\" src=\"https:\/\/www.dallassymphony.org\/wp-content\/uploads\/2020\/11\/Gabriel-Sanchez-350x350.jpg\" class=\"img-fluid w-100 wp-post-image\" alt=\"Gabriel S\u00e1nchez, Teclado Cl\u00e1sico, Sinfon\u00eda de Dallas\" srcset=\"https:\/\/www.dallassymphony.org\/wp-content\/uploads\/2020\/11\/Gabriel-Sanchez-350x350.jpg 350w, https:\/\/www.dallassymphony.org\/wp-content\/uploads\/2020\/11\/Gabriel-Sanchez-300x300.jpg 300w, https:\/\/www.dallassymphony.org\/wp-content\/uploads\/2020\/11\/Gabriel-Sanchez-1024x1024.jpg 1024w, https:\/\/www.dallassymphony.org\/wp-content\/uploads\/2020\/11\/Gabriel-Sanchez-150x150.jpg 150w, https:\/\/www.dallassymphony.org\/wp-content\/uploads\/2020\/11\/Gabriel-Sanchez-768x768.jpg 768w, https:\/\/www.dallassymphony.org\/wp-content\/uploads\/2020\/11\/Gabriel-Sanchez-12x12.jpg 12w, https:\/\/www.dallassymphony.org\/wp-content\/uploads\/2020\/11\/Gabriel-Sanchez-262x262.jpg 262w, https:\/\/www.dallassymphony.org\/wp-content\/uploads\/2020\/11\/Gabriel-Sanchez-445x445.jpg 445w, https:\/\/www.dallassymphony.org\/wp-content\/uploads\/2020\/11\/Gabriel-Sanchez.jpg 1200w\" sizes=\"auto, (max-width: 350px) 100vw, 350px\" \/>\t\t\t<div class=\"card__content-wrapper\">\n\t\t\t\t<h4>Gabriel S\u00e1nchez<\/h4>\n\t\t\t\t<p><p>Teclado (Cl\u00e1sico)<\/p>\n<p>Jeanne R. Johnson Chair<\/p>\n<\/p>\n\n                \t\t\t\t<span class=\"a-hover\">Leer m\u00e1s<\/span>\n                \t\t\t<\/div>\n\t\t<\/a>\n\t<\/div>\n<\/div><div class=\"col-md-4 col-6\">\n\t<div class=\"people__card grad-to-left\">\n\t\t<a href=\"https:\/\/www.dallassymphony.org\/es\/people\/anastasia-markina\/\">\n\t\t\t<img loading=\"lazy\" decoding=\"async\" width=\"350\" height=\"350\" src=\"https:\/\/www.dallassymphony.org\/wp-content\/uploads\/2020\/11\/Anastasia-Markina-350x350.jpg\" class=\"img-fluid w-100 wp-post-image\" alt=\"Anastasia Markina_Teclado cl\u00e1sico_Sinfon\u00eda de Dallas\" srcset=\"https:\/\/www.dallassymphony.org\/wp-content\/uploads\/2020\/11\/Anastasia-Markina-350x350.jpg 350w, https:\/\/www.dallassymphony.org\/wp-content\/uploads\/2020\/11\/Anastasia-Markina-300x300.jpg 300w, https:\/\/www.dallassymphony.org\/wp-content\/uploads\/2020\/11\/Anastasia-Markina-1024x1024.jpg 1024w, https:\/\/www.dallassymphony.org\/wp-content\/uploads\/2020\/11\/Anastasia-Markina-150x150.jpg 150w, https:\/\/www.dallassymphony.org\/wp-content\/uploads\/2020\/11\/Anastasia-Markina-768x768.jpg 768w, https:\/\/www.dallassymphony.org\/wp-content\/uploads\/2020\/11\/Anastasia-Markina-12x12.jpg 12w, https:\/\/www.dallassymphony.org\/wp-content\/uploads\/2020\/11\/Anastasia-Markina-262x262.jpg 262w, https:\/\/www.dallassymphony.org\/wp-content\/uploads\/2020\/11\/Anastasia-Markina-445x445.jpg 445w, https:\/\/www.dallassymphony.org\/wp-content\/uploads\/2020\/11\/Anastasia-Markina.jpg 1200w\" sizes=\"auto, (max-width: 350px) 100vw, 350px\" \/>\t\t\t<div class=\"card__content-wrapper\">\n\t\t\t\t<h4>Anastasia Markina<\/h4>\n\t\t\t\t<p><p>Teclado (Cl\u00e1sico)<\/p>\n<p>C\u00e1tedra Toby &amp; Will Jordan<\/p>\n<\/p>\n\n                \t\t\t\t<span class=\"a-hover\">Leer m\u00e1s<\/span>\n                \t\t\t<\/div>\n\t\t<\/a>\n\t<\/div>\n<\/div><div class=\"col-md-4 col-6\">\n\t<div class=\"people__card grad-to-left\">\n\t\t<a href=\"https:\/\/www.dallassymphony.org\/es\/people\/brian-piper\/\">\n\t\t\t<img loading=\"lazy\" decoding=\"async\" width=\"350\" height=\"350\" src=\"https:\/\/www.dallassymphony.org\/wp-content\/uploads\/2023\/09\/Brian-Piper-Canva-edited-350x350.png\" class=\"img-fluid w-100 wp-post-image\" alt=\"\" srcset=\"https:\/\/www.dallassymphony.org\/wp-content\/uploads\/2023\/09\/Brian-Piper-Canva-edited-350x350.png 350w, https:\/\/www.dallassymphony.org\/wp-content\/uploads\/2023\/09\/Brian-Piper-Canva-edited-300x300.png 300w, https:\/\/www.dallassymphony.org\/wp-content\/uploads\/2023\/09\/Brian-Piper-Canva-edited-1024x1024.png 1024w, https:\/\/www.dallassymphony.org\/wp-content\/uploads\/2023\/09\/Brian-Piper-Canva-edited-150x150.png 150w, https:\/\/www.dallassymphony.org\/wp-content\/uploads\/2023\/09\/Brian-Piper-Canva-edited-768x768.png 768w, https:\/\/www.dallassymphony.org\/wp-content\/uploads\/2023\/09\/Brian-Piper-Canva-edited-12x12.png 12w, https:\/\/www.dallassymphony.org\/wp-content\/uploads\/2023\/09\/Brian-Piper-Canva-edited-262x262.png 262w, https:\/\/www.dallassymphony.org\/wp-content\/uploads\/2023\/09\/Brian-Piper-Canva-edited-445x445.png 445w, https:\/\/www.dallassymphony.org\/wp-content\/uploads\/2023\/09\/Brian-Piper-Canva-edited.png 1080w\" sizes=\"auto, (max-width: 350px) 100vw, 350px\" \/>\t\t\t<div class=\"card__content-wrapper\">\n\t\t\t\t<h4>Brian Piper<\/h4>\n\t\t\t\t<p><p>Teclado Pops<\/p>\n<\/p>\n\n                \t\t\t\t<span class=\"a-hover\">Leer m\u00e1s<\/span>\n                \t\t\t<\/div>\n\t\t<\/a>\n\t<\/div>\n<\/div>\t\t<\/div>\n\t<\/div>\n<\/div>\n\n\n<div class=\"people-grid m-spacer\">\n\t<div class=\"container\">\n\t\t<div class=\"row\">\n\t\t\t<div class=\"col-12\">\n\t\t\t\t<h1>Bibliotecarios<\/h1>\n                <h2>Orquesta<\/h2>\n\t\t\t<\/div>\n\t\t<\/div>\n\t\t<div class=\"row\">\n\t\t\t<div class=\"col-md-4 col-6\">\n\t<div class=\"people__card grad-to-left\">\n\t\t<a href=\"https:\/\/www.dallassymphony.org\/es\/people\/melissa-robason\/\">\n\t\t\t<img loading=\"lazy\" decoding=\"async\" width=\"350\" height=\"350\" src=\"https:\/\/www.dallassymphony.org\/wp-content\/uploads\/2024\/09\/dso-headshots.5-scaled-e1740185602996-350x350.jpg\" class=\"img-fluid w-100 wp-post-image\" alt=\"\" srcset=\"https:\/\/www.dallassymphony.org\/wp-content\/uploads\/2024\/09\/dso-headshots.5-scaled-e1740185602996-350x350.jpg 350w, https:\/\/www.dallassymphony.org\/wp-content\/uploads\/2024\/09\/dso-headshots.5-scaled-e1740185602996-300x300.jpg 300w, https:\/\/www.dallassymphony.org\/wp-content\/uploads\/2024\/09\/dso-headshots.5-scaled-e1740185602996-1024x1024.jpg 1024w, https:\/\/www.dallassymphony.org\/wp-content\/uploads\/2024\/09\/dso-headshots.5-scaled-e1740185602996-150x150.jpg 150w, https:\/\/www.dallassymphony.org\/wp-content\/uploads\/2024\/09\/dso-headshots.5-scaled-e1740185602996-768x768.jpg 768w, https:\/\/www.dallassymphony.org\/wp-content\/uploads\/2024\/09\/dso-headshots.5-scaled-e1740185602996-1536x1536.jpg 1536w, https:\/\/www.dallassymphony.org\/wp-content\/uploads\/2024\/09\/dso-headshots.5-scaled-e1740185602996-12x12.jpg 12w, https:\/\/www.dallassymphony.org\/wp-content\/uploads\/2024\/09\/dso-headshots.5-scaled-e1740185602996-262x262.jpg 262w, https:\/\/www.dallassymphony.org\/wp-content\/uploads\/2024\/09\/dso-headshots.5-scaled-e1740185602996-445x445.jpg 445w, https:\/\/www.dallassymphony.org\/wp-content\/uploads\/2024\/09\/dso-headshots.5-scaled-e1740185602996-400x400.jpg 400w, https:\/\/www.dallassymphony.org\/wp-content\/uploads\/2024\/09\/dso-headshots.5-scaled-e1740185602996-600x600.jpg 600w, https:\/\/www.dallassymphony.org\/wp-content\/uploads\/2024\/09\/dso-headshots.5-scaled-e1740185602996.jpg 1813w\" sizes=\"auto, (max-width: 350px) 100vw, 350px\" \/>\t\t\t<div class=\"card__content-wrapper\">\n\t\t\t\t<h4>Melissa Robason<\/h4>\n\t\t\t\t<p><p>Bibliotecario principal<\/p>\n<p>C\u00e1tedra Jessie D. y E. B. Godsey<\/p>\n<\/p>\n\n                \t\t\t\t<span class=\"a-hover\">Leer m\u00e1s<\/span>\n                \t\t\t<\/div>\n\t\t<\/a>\n\t<\/div>\n<\/div><div class=\"col-md-4 col-6\">\n\t<div class=\"people__card grad-to-left\">\n\t\t<a href=\"https:\/\/www.dallassymphony.org\/es\/people\/robert-greer\/\">\n\t\t\t<img loading=\"lazy\" decoding=\"async\" width=\"350\" height=\"350\" src=\"https:\/\/www.dallassymphony.org\/wp-content\/uploads\/2020\/11\/Bob-Greer-350x350.jpg\" class=\"img-fluid w-100 wp-post-image\" alt=\"Robert Greer_Biblioteca auxiliar_Sinfon\u00eda de Dallas\" srcset=\"https:\/\/www.dallassymphony.org\/wp-content\/uploads\/2020\/11\/Bob-Greer-350x350.jpg 350w, https:\/\/www.dallassymphony.org\/wp-content\/uploads\/2020\/11\/Bob-Greer-300x300.jpg 300w, https:\/\/www.dallassymphony.org\/wp-content\/uploads\/2020\/11\/Bob-Greer-1024x1024.jpg 1024w, https:\/\/www.dallassymphony.org\/wp-content\/uploads\/2020\/11\/Bob-Greer-150x150.jpg 150w, https:\/\/www.dallassymphony.org\/wp-content\/uploads\/2020\/11\/Bob-Greer-768x768.jpg 768w, https:\/\/www.dallassymphony.org\/wp-content\/uploads\/2020\/11\/Bob-Greer-12x12.jpg 12w, https:\/\/www.dallassymphony.org\/wp-content\/uploads\/2020\/11\/Bob-Greer-262x262.jpg 262w, https:\/\/www.dallassymphony.org\/wp-content\/uploads\/2020\/11\/Bob-Greer-445x445.jpg 445w, https:\/\/www.dallassymphony.org\/wp-content\/uploads\/2020\/11\/Bob-Greer.jpg 1200w\" sizes=\"auto, (max-width: 350px) 100vw, 350px\" \/>\t\t\t<div class=\"card__content-wrapper\">\n\t\t\t\t<h4>Robert Greer<\/h4>\n\t\t\t\t<p><p>Bibliotecario Principal Asociado<\/p>\n<\/p>\n\n                \t\t\t\t<span class=\"a-hover\">Leer m\u00e1s<\/span>\n                \t\t\t<\/div>\n\t\t<\/a>\n\t<\/div>\n<\/div><div class=\"col-md-4 col-6\">\n\t<div class=\"people__card grad-to-left\">\n\t\t<a href=\"https:\/\/www.dallassymphony.org\/es\/people\/melanie-gilmore\/\">\n\t\t\t<img loading=\"lazy\" decoding=\"async\" width=\"350\" height=\"350\" src=\"https:\/\/www.dallassymphony.org\/wp-content\/uploads\/2020\/11\/Melanie-Gilmore-350x350.jpg\" class=\"img-fluid w-100 wp-post-image\" alt=\"Melanie Gilmore_Biblioteca Coral_Sinfon\u00eda de Dallas\" srcset=\"https:\/\/www.dallassymphony.org\/wp-content\/uploads\/2020\/11\/Melanie-Gilmore-350x350.jpg 350w, https:\/\/www.dallassymphony.org\/wp-content\/uploads\/2020\/11\/Melanie-Gilmore-300x300.jpg 300w, https:\/\/www.dallassymphony.org\/wp-content\/uploads\/2020\/11\/Melanie-Gilmore-1024x1024.jpg 1024w, https:\/\/www.dallassymphony.org\/wp-content\/uploads\/2020\/11\/Melanie-Gilmore-150x150.jpg 150w, https:\/\/www.dallassymphony.org\/wp-content\/uploads\/2020\/11\/Melanie-Gilmore-768x768.jpg 768w, https:\/\/www.dallassymphony.org\/wp-content\/uploads\/2020\/11\/Melanie-Gilmore-12x12.jpg 12w, https:\/\/www.dallassymphony.org\/wp-content\/uploads\/2020\/11\/Melanie-Gilmore-262x262.jpg 262w, https:\/\/www.dallassymphony.org\/wp-content\/uploads\/2020\/11\/Melanie-Gilmore-445x445.jpg 445w, https:\/\/www.dallassymphony.org\/wp-content\/uploads\/2020\/11\/Melanie-Gilmore.jpg 1200w\" sizes=\"auto, (max-width: 350px) 100vw, 350px\" \/>\t\t\t<div class=\"card__content-wrapper\">\n\t\t\t\t<h4>Melanie Gilmore<\/h4>\n\t\t\t\t<p><p>Bibliotecario Coral<\/p>\n<\/p>\n\n                \t\t\t\t<span class=\"a-hover\">Leer m\u00e1s<\/span>\n                \t\t\t<\/div>\n\t\t<\/a>\n\t<\/div>\n<\/div>\t\t<\/div>\n\t<\/div>\n<\/div>\n\n\n<div class=\"people-grid m-spacer\">\n\t<div class=\"container\">\n\t\t<div class=\"row\">\n\t\t\t<div class=\"col-12\">\n\t\t\t\t<h1>En memoria de<\/h1>\n                <h2>Orquesta<\/h2>\n\t\t\t<\/div>\n\t\t<\/div>\n\t\t<div class=\"row\">\n\t\t\t<div class=\"col-md-4 col-6\">\n\t<div class=\"people__card grad-to-left\">\n\t\t<a href=\"https:\/\/www.dallassymphony.org\/es\/people\/ryan-anthony\/\">\n\t\t\t<img loading=\"lazy\" decoding=\"async\" width=\"350\" height=\"350\" src=\"https:\/\/www.dallassymphony.org\/wp-content\/uploads\/2020\/11\/Ryan-Anthony-350x350.jpg\" class=\"img-fluid w-100 wp-post-image\" alt=\"Ryan Anthony (1969-2020)_Principal Em\u00e9rito_Diane &amp; Hal Brierley Chair_Sinfon\u00eda de Dallas\" srcset=\"https:\/\/www.dallassymphony.org\/wp-content\/uploads\/2020\/11\/Ryan-Anthony-350x350.jpg 350w, https:\/\/www.dallassymphony.org\/wp-content\/uploads\/2020\/11\/Ryan-Anthony-300x300.jpg 300w, https:\/\/www.dallassymphony.org\/wp-content\/uploads\/2020\/11\/Ryan-Anthony-1024x1024.jpg 1024w, https:\/\/www.dallassymphony.org\/wp-content\/uploads\/2020\/11\/Ryan-Anthony-150x150.jpg 150w, https:\/\/www.dallassymphony.org\/wp-content\/uploads\/2020\/11\/Ryan-Anthony-768x768.jpg 768w, https:\/\/www.dallassymphony.org\/wp-content\/uploads\/2020\/11\/Ryan-Anthony-12x12.jpg 12w, https:\/\/www.dallassymphony.org\/wp-content\/uploads\/2020\/11\/Ryan-Anthony-262x262.jpg 262w, https:\/\/www.dallassymphony.org\/wp-content\/uploads\/2020\/11\/Ryan-Anthony-445x445.jpg 445w, https:\/\/www.dallassymphony.org\/wp-content\/uploads\/2020\/11\/Ryan-Anthony.jpg 1200w\" sizes=\"auto, (max-width: 350px) 100vw, 350px\" \/>\t\t\t<div class=\"card__content-wrapper\">\n\t\t\t\t<h4>Ryan Anthony<\/h4>\n\t\t\t\t<p><p>Trompeta principal em\u00e9rito<\/p>\n<p>(1969-2020)<\/p>\n<\/p>\n\n                \t\t\t\t<span class=\"a-hover\">Leer m\u00e1s<\/span>\n                \t\t\t<\/div>\n\t\t<\/a>\n\t<\/div>\n<\/div><div class=\"col-md-4 col-6\">\n\t<div class=\"people__card grad-to-left\">\n\t\t<a href=\"https:\/\/www.dallassymphony.org\/es\/people\/dwight-shambley\/\">\n\t\t\t<img loading=\"lazy\" decoding=\"async\" width=\"350\" height=\"350\" src=\"https:\/\/www.dallassymphony.org\/wp-content\/uploads\/2020\/11\/Dwight-Shamblay-350x350.jpg\" class=\"img-fluid w-100 wp-post-image\" alt=\"Dwight Shamblay (1949-2000), fundador de Young Strings, director art\u00edstico de la Sinf\u00f3nica de Dallas.\" srcset=\"https:\/\/www.dallassymphony.org\/wp-content\/uploads\/2020\/11\/Dwight-Shamblay-350x350.jpg 350w, https:\/\/www.dallassymphony.org\/wp-content\/uploads\/2020\/11\/Dwight-Shamblay-300x300.jpg 300w, https:\/\/www.dallassymphony.org\/wp-content\/uploads\/2020\/11\/Dwight-Shamblay-1024x1024.jpg 1024w, https:\/\/www.dallassymphony.org\/wp-content\/uploads\/2020\/11\/Dwight-Shamblay-150x150.jpg 150w, https:\/\/www.dallassymphony.org\/wp-content\/uploads\/2020\/11\/Dwight-Shamblay-768x768.jpg 768w, https:\/\/www.dallassymphony.org\/wp-content\/uploads\/2020\/11\/Dwight-Shamblay-12x12.jpg 12w, https:\/\/www.dallassymphony.org\/wp-content\/uploads\/2020\/11\/Dwight-Shamblay-262x262.jpg 262w, https:\/\/www.dallassymphony.org\/wp-content\/uploads\/2020\/11\/Dwight-Shamblay-445x445.jpg 445w, https:\/\/www.dallassymphony.org\/wp-content\/uploads\/2020\/11\/Dwight-Shamblay.jpg 1200w\" sizes=\"auto, (max-width: 350px) 100vw, 350px\" \/>\t\t\t<div class=\"card__content-wrapper\">\n\t\t\t\t<h4>Dwight Shambley<\/h4>\n\t\t\t\t<p><p>Bass<\/p>\n<p>(1949-2020)<\/p>\n<\/p>\n\n                \t\t\t\t<span class=\"a-hover\">Leer m\u00e1s<\/span>\n                \t\t\t<\/div>\n\t\t<\/a>\n\t<\/div>\n<\/div><div class=\"col-md-4 col-6\">\n\t<div class=\"people__card grad-to-left\">\n\t\t<a href=\"https:\/\/www.dallassymphony.org\/es\/people\/ronald-snider\/\">\n\t\t\t<img loading=\"lazy\" decoding=\"async\" width=\"350\" height=\"350\" src=\"https:\/\/www.dallassymphony.org\/wp-content\/uploads\/2020\/11\/Ron-Snider-1-350x350.jpg\" class=\"img-fluid w-100 wp-post-image\" alt=\"Ronald Snider, Asistente de Percusi\u00f3n Principal, Sinfon\u00eda de Dallas.\" srcset=\"https:\/\/www.dallassymphony.org\/wp-content\/uploads\/2020\/11\/Ron-Snider-1-350x350.jpg 350w, https:\/\/www.dallassymphony.org\/wp-content\/uploads\/2020\/11\/Ron-Snider-1-300x300.jpg 300w, https:\/\/www.dallassymphony.org\/wp-content\/uploads\/2020\/11\/Ron-Snider-1-1024x1024.jpg 1024w, https:\/\/www.dallassymphony.org\/wp-content\/uploads\/2020\/11\/Ron-Snider-1-150x150.jpg 150w, https:\/\/www.dallassymphony.org\/wp-content\/uploads\/2020\/11\/Ron-Snider-1-768x768.jpg 768w, https:\/\/www.dallassymphony.org\/wp-content\/uploads\/2020\/11\/Ron-Snider-1-12x12.jpg 12w, https:\/\/www.dallassymphony.org\/wp-content\/uploads\/2020\/11\/Ron-Snider-1-262x262.jpg 262w, https:\/\/www.dallassymphony.org\/wp-content\/uploads\/2020\/11\/Ron-Snider-1-445x445.jpg 445w, https:\/\/www.dallassymphony.org\/wp-content\/uploads\/2020\/11\/Ron-Snider-1.jpg 1200w\" sizes=\"auto, (max-width: 350px) 100vw, 350px\" \/>\t\t\t<div class=\"card__content-wrapper\">\n\t\t\t\t<h4>Ronald Snider<\/h4>\n\t\t\t\t<p><p>Asistente del director de percusi\u00f3n<\/p>\n<p>(1947-2020)<\/p>\n<\/p>\n\n                \t\t\t\t<span class=\"a-hover\">Leer m\u00e1s<\/span>\n                \t\t\t<\/div>\n\t\t<\/a>\n\t<\/div>\n<\/div>\t\t<\/div>\n\t<\/div>\n<\/div>","protected":false},"excerpt":{"rendered":"<p>Reflejando el paisaje cosmopolita de Dallas, los m\u00fasicos de la Orquesta Sinf\u00f3nica de Dallas han venido de todo el mundo para hacer m\u00fasica excepcional aqu\u00ed. Conozca a los artistas que ayudan a la DSO a alcanzar su fama internacional.<\/p>","protected":false},"author":3,"featured_media":515,"parent":285,"menu_order":0,"comment_status":"closed","ping_status":"closed","template":"","meta":{"_acf_changed":false,"footnotes":""},"class_list":["post-286","page","type-page","status-publish","has-post-thumbnail","hentry"],"acf":[],"_links":{"self":[{"href":"https:\/\/www.dallassymphony.org\/es\/wp-json\/wp\/v2\/pages\/286","targetHints":{"allow":["GET"]}}],"collection":[{"href":"https:\/\/www.dallassymphony.org\/es\/wp-json\/wp\/v2\/pages"}],"about":[{"href":"https:\/\/www.dallassymphony.org\/es\/wp-json\/wp\/v2\/types\/page"}],"author":[{"embeddable":true,"href":"https:\/\/www.dallassymphony.org\/es\/wp-json\/wp\/v2\/users\/3"}],"replies":[{"embeddable":true,"href":"https:\/\/www.dallassymphony.org\/es\/wp-json\/wp\/v2\/comments?post=286"}],"version-history":[{"count":2,"href":"https:\/\/www.dallassymphony.org\/es\/wp-json\/wp\/v2\/pages\/286\/revisions"}],"predecessor-version":[{"id":32202,"href":"https:\/\/www.dallassymphony.org\/es\/wp-json\/wp\/v2\/pages\/286\/revisions\/32202"}],"up":[{"embeddable":true,"href":"https:\/\/www.dallassymphony.org\/es\/wp-json\/wp\/v2\/pages\/285"}],"wp:featuredmedia":[{"embeddable":true,"href":"https:\/\/www.dallassymphony.org\/es\/wp-json\/wp\/v2\/media\/515"}],"wp:attachment":[{"href":"https:\/\/www.dallassymphony.org\/es\/wp-json\/wp\/v2\/media?parent=286"}],"curies":[{"name":"wp","href":"https:\/\/api.w.org\/{rel}","templated":true}]}}