{"id":16748,"date":"2024-02-21T14:56:48","date_gmt":"2024-02-21T20:56:48","guid":{"rendered":"https:\/\/www.dallassymphony.org\/?page_id=16748"},"modified":"2026-04-21T16:12:46","modified_gmt":"2026-04-21T21:12:46","slug":"returning-subscriber","status":"publish","type":"page","link":"https:\/\/www.dallassymphony.org\/es\/returning-subscriber\/","title":{"rendered":"Abonado recurrente"},"content":{"rendered":"<div class=\"wp-block-columns is-layout-flex wp-container-core-columns-is-layout-9d6595d7 wp-block-columns-is-layout-flex\">\n<div class=\"wp-block-column is-layout-flow wp-block-column-is-layout-flow\"><div class=\"wp-block-image\">\n<figure class=\"aligncenter size-full is-resized\"><img loading=\"lazy\" decoding=\"async\" width=\"2560\" height=\"737\" src=\"https:\/\/www.dallassymphony.org\/wp-content\/uploads\/2026\/02\/Subs-26-27_Website-Landing-Page-scaled.jpg\" alt=\"Escucha con valent\u00eda | Temporada 2026-27\" class=\"wp-image-30542\" style=\"width:1140px\" srcset=\"https:\/\/www.dallassymphony.org\/wp-content\/uploads\/2026\/02\/Subs-26-27_Website-Landing-Page-scaled.jpg 2560w, https:\/\/www.dallassymphony.org\/wp-content\/uploads\/2026\/02\/Subs-26-27_Website-Landing-Page-300x86.jpg 300w, https:\/\/www.dallassymphony.org\/wp-content\/uploads\/2026\/02\/Subs-26-27_Website-Landing-Page-1024x295.jpg 1024w, https:\/\/www.dallassymphony.org\/wp-content\/uploads\/2026\/02\/Subs-26-27_Website-Landing-Page-768x221.jpg 768w, https:\/\/www.dallassymphony.org\/wp-content\/uploads\/2026\/02\/Subs-26-27_Website-Landing-Page-1536x442.jpg 1536w, https:\/\/www.dallassymphony.org\/wp-content\/uploads\/2026\/02\/Subs-26-27_Website-Landing-Page-2048x589.jpg 2048w, https:\/\/www.dallassymphony.org\/wp-content\/uploads\/2026\/02\/Subs-26-27_Website-Landing-Page-18x5.jpg 18w\" sizes=\"auto, (max-width: 2560px) 100vw, 2560px\" \/><\/figure>\n<\/div><\/div>\n<\/div>\n\n\n<div class=\"richtext m-spacer\">\n\t<div class=\"container\">\n\t\t<div class=\"row\">\n\t\t\t<div class=\"col-10\">\n\t\t\t\t\n\n<h1 class=\"wp-block-heading\">Estamos encantados de pasar la temporada con ustedes.<\/h1>\n\n\n\n<p>\u00bfListo para renovar tu suscripci\u00f3n para la temporada 2026\/27? Haz clic en el enlace de abajo para acceder a las ventajas para suscriptores durante todo el a\u00f1o, incluyendo los precios m\u00e1s bajos en asientos, cambios de boletos sencillos y acceso a la preventa de conciertos adicionales.<\/p>\n\n\n\n<div style=\"height:20px\" aria-hidden=\"true\" class=\"wp-block-spacer\"><\/div>\n\n\n\n<div class=\"wp-block-columns is-layout-flex wp-container-core-columns-is-layout-9d6595d7 wp-block-columns-is-layout-flex\">\n<div class=\"wp-block-column is-layout-flow wp-block-column-is-layout-flow\">\n<div class=\"wp-block-buttons is-horizontal is-content-justification-left is-layout-flex wp-container-core-buttons-is-layout-7e5fce0a wp-block-buttons-is-layout-flex\">\n<div class=\"wp-block-button has-custom-width wp-block-button__width-50\"><a class=\"wp-block-button__link has-white-color has-text-color has-background has-text-align-center wp-element-button\" href=\"https:\/\/secure.dallassymphony.org\/packages\/renewals\" style=\"border-radius:0px;background-color:#0b2135\">RENOVAR AHORA<\/a><\/div>\n<\/div>\n<\/div>\n<\/div>\n\n\n<div class=\"dso__accordion m-spacer\">\n    <div class=\"container\">\n        <div class=\"row\">\n            <div class=\"col-lg-12\">\n                <div class=\"accordion__intro-wrapper\">\n                    <h1><\/h1>\n                    <p><\/p>\n                <\/div>\n            <\/div>\n        <\/div>\n\t\t<div class=\"row\">\n\t\t\t<div class=\"col-md-10 offset-md-1\">\n\t\t\t\t<div class=\"accordion\" id=\"accordion-d41d8cd98f00b204e9800998ecf8427e\">\n\t\t\t\t\t<div class=\"card\">\n\t<button id=\"heading89ca0da9456d6793cec9c8d2294e7937\" class=\"dso__accordion-toggle\" type=\"button\" data-toggle=\"collapse\" data-target=\"#collapse89ca0da9456d6793cec9c8d2294e7937\" aria-expanded=\"false\" aria-controls=\"collapse89ca0da9456d6793cec9c8d2294e7937\">\n\t\tBeneficios para los abonados\t\t<span class=\"plus-sign\">\n            <svg xmlns=\"http:\/\/www.w3.org\/2000\/svg\" width=\"25\" height=\"25\" viewbox=\"0 0 25 25\">\n                <g transform=\"translate(211.054 -145.186) rotate(135)\"><rect width=\"25\" height=\"3\" transform=\"translate(242.001 36.678) rotate(-45)\"\/><rect width=\"25\" height=\"3\" transform=\"translate(244.12 19) rotate(45)\"\/><\/g>\n            <\/svg>\n        <\/span>\n\t<\/button>\n\n\t<div id=\"collapse89ca0da9456d6793cec9c8d2294e7937\" class=\"collapse\" aria-labelledby=\"heading89ca0da9456d6793cec9c8d2294e7937\" data-parent=\"#accordion-d41d8cd98f00b204e9800998ecf8427e\">\n\t\t<div class=\"card-body\">\n\t\t\t<p>Como abonado, recibir\u00e1 las siguientes ventajas:<\/p>\n<ul>\n<li>Ahorro de hasta 20% y exenci\u00f3n de gastos de tramitaci\u00f3n<\/li>\n<li>Asientos preferentes para cada concierto<\/li>\n<li>Cambio flexible de entradas<\/li>\n<li>Acceso anticipado a los conciertos a\u00f1adidos<\/li>\n<li>20% de descuento en conciertos adicionales<\/li>\n<\/ul>\n\t\t<\/div>\n\t<\/div>\n<\/div><div class=\"card\">\n\t<button id=\"heading4d07fd9c5e152d4a3b41a229a541ce98\" class=\"dso__accordion-toggle\" type=\"button\" data-toggle=\"collapse\" data-target=\"#collapse4d07fd9c5e152d4a3b41a229a541ce98\" aria-expanded=\"false\" aria-controls=\"collapse4d07fd9c5e152d4a3b41a229a541ce98\">\n\t\tFolleto de la temporada 2026\/27\t\t<span class=\"plus-sign\">\n            <svg xmlns=\"http:\/\/www.w3.org\/2000\/svg\" width=\"25\" height=\"25\" viewbox=\"0 0 25 25\">\n                <g transform=\"translate(211.054 -145.186) rotate(135)\"><rect width=\"25\" height=\"3\" transform=\"translate(242.001 36.678) rotate(-45)\"\/><rect width=\"25\" height=\"3\" transform=\"translate(244.12 19) rotate(45)\"\/><\/g>\n            <\/svg>\n        <\/span>\n\t<\/button>\n\n\t<div id=\"collapse4d07fd9c5e152d4a3b41a229a541ce98\" class=\"collapse\" aria-labelledby=\"heading4d07fd9c5e152d4a3b41a229a541ce98\" data-parent=\"#accordion-d41d8cd98f00b204e9800998ecf8427e\">\n\t\t<div class=\"card-body\">\n\t\t\t<p><a href=\"https:\/\/www.dallassymphony.org\/wp-content\/uploads\/2026\/04\/DSO-26-27-Brochure-03-25-26_SinglePages.pdf\" target=\"_blank\" rel=\"noopener\">Ver el folleto de la temporada 2026\/27<\/a><\/p>\n\t\t<\/div>\n\t<\/div>\n<\/div><div class=\"card\">\n\t<button id=\"heading41586c75eb6a81d328079a0d93cc2924\" class=\"dso__accordion-toggle\" type=\"button\" data-toggle=\"collapse\" data-target=\"#collapse41586c75eb6a81d328079a0d93cc2924\" aria-expanded=\"false\" aria-controls=\"collapse41586c75eb6a81d328079a0d93cc2924\">\n\t\tC\u00f3mo renovar\t\t<span class=\"plus-sign\">\n            <svg xmlns=\"http:\/\/www.w3.org\/2000\/svg\" width=\"25\" height=\"25\" viewbox=\"0 0 25 25\">\n                <g transform=\"translate(211.054 -145.186) rotate(135)\"><rect width=\"25\" height=\"3\" transform=\"translate(242.001 36.678) rotate(-45)\"\/><rect width=\"25\" height=\"3\" transform=\"translate(244.12 19) rotate(45)\"\/><\/g>\n            <\/svg>\n        <\/span>\n\t<\/button>\n\n\t<div id=\"collapse41586c75eb6a81d328079a0d93cc2924\" class=\"collapse\" aria-labelledby=\"heading41586c75eb6a81d328079a0d93cc2924\" data-parent=\"#accordion-d41d8cd98f00b204e9800998ecf8427e\">\n\t\t<div class=\"card-body\">\n\t\t\t<p>Si ya es abonado, renueve su suscripci\u00f3n <a href=\"https:\/\/secure.dallassymphony.org\/packages\/renewals\">aqu\u00ed<\/a>. Si tiene preguntas, env\u00edenos un correo electr\u00f3nico a <a href=\"mailto:customerservice@dalsym.com\">customerservice@dalsym.com<\/a> o ll\u00e1menos al 214.849.4376.<\/p>\n<p>\u00bfNo est\u00e1 abonado, pero quiere saber m\u00e1s? Visite nuestra p\u00e1gina \"nuevo abonado <a href=\"https:\/\/www.dallassymphony.org\/es\/new-subscriber\/\">aqu\u00ed<\/a>.<\/p>\n\t\t<\/div>\n\t<\/div>\n<\/div>\t\t\t\t<\/div>\n\t\t\t<\/div>\n\t\t<\/div>\n\t<\/div>\n<\/div>\n\n\n\t\t\t<\/div>\n\t\t<\/div>\n\t<\/div>\n\n<\/div>\n\n\n\n<div style=\"height:0px\" aria-hidden=\"true\" id=\"classical\" class=\"wp-block-spacer\"><\/div>\n\n\n<div class=\"richtext m-spacer\">\n\t<div class=\"container\">\n\t\t<div class=\"row\">\n\t\t\t<div class=\"col-10\">\n\t\t\t\t\n\n<h1 class=\"wp-block-heading\">Paquetes de suscripci\u00f3n<\/h1>\n\n\n\t\t\t<\/div>\n\t\t<\/div>\n\t<\/div>\n\n<\/div>\n\n\n<div class=\"text-img text-img--right\">\n\t<div class=\"container\">\n\t\t<div class=\"row\">\n\t\t\t<div class=\"col-lg-12\">\n\t\t\t\t<div class=\"text-img__wrapper\">\n\t\t\t\t\t<h1>Serie cl\u00e1sica<\/h1>\n\n                    <img loading=\"lazy\" decoding=\"async\" width=\"666\" height=\"375\" src=\"https:\/\/www.dallassymphony.org\/wp-content\/uploads\/2026\/02\/CLASSICAL-666x375.jpg\" class=\"d-xl-none d-block\" alt=\"\" srcset=\"https:\/\/www.dallassymphony.org\/wp-content\/uploads\/2026\/02\/CLASSICAL-666x375.jpg 666w, https:\/\/www.dallassymphony.org\/wp-content\/uploads\/2026\/02\/CLASSICAL-300x169.jpg 300w, https:\/\/www.dallassymphony.org\/wp-content\/uploads\/2026\/02\/CLASSICAL-1024x576.jpg 1024w, https:\/\/www.dallassymphony.org\/wp-content\/uploads\/2026\/02\/CLASSICAL-768x432.jpg 768w, https:\/\/www.dallassymphony.org\/wp-content\/uploads\/2026\/02\/CLASSICAL-1536x864.jpg 1536w, https:\/\/www.dallassymphony.org\/wp-content\/uploads\/2026\/02\/CLASSICAL-18x10.jpg 18w, https:\/\/www.dallassymphony.org\/wp-content\/uploads\/2026\/02\/CLASSICAL-388x218.jpg 388w, https:\/\/www.dallassymphony.org\/wp-content\/uploads\/2026\/02\/CLASSICAL-540x303.jpg 540w, https:\/\/www.dallassymphony.org\/wp-content\/uploads\/2026\/02\/CLASSICAL-735x413.jpg 735w, https:\/\/www.dallassymphony.org\/wp-content\/uploads\/2026\/02\/CLASSICAL.jpg 1600w\" sizes=\"auto, (max-width: 666px) 100vw, 666px\" \/>\n\t\t\t\t\t<p>La serie Classical de Texas Instruments incluye cl\u00e1sicos atemporales, nuevas perspectivas y obras maestras de la innovative.<\/p>\n\n                    \t\t\t\t\t<a class=\"a-hover\" href=\"https:\/\/secure.dallassymphony.org\/packages\/renewals\" >Renovar ahora<\/a>\n                    \n                <\/div>\n                <img loading=\"lazy\" decoding=\"async\" width=\"1600\" height=\"900\" src=\"https:\/\/www.dallassymphony.org\/wp-content\/uploads\/2026\/02\/CLASSICAL.jpg\" class=\"d-none d-xl-block ml-auto\" alt=\"\" srcset=\"https:\/\/www.dallassymphony.org\/wp-content\/uploads\/2026\/02\/CLASSICAL.jpg 1600w, https:\/\/www.dallassymphony.org\/wp-content\/uploads\/2026\/02\/CLASSICAL-300x169.jpg 300w, https:\/\/www.dallassymphony.org\/wp-content\/uploads\/2026\/02\/CLASSICAL-1024x576.jpg 1024w, https:\/\/www.dallassymphony.org\/wp-content\/uploads\/2026\/02\/CLASSICAL-768x432.jpg 768w, https:\/\/www.dallassymphony.org\/wp-content\/uploads\/2026\/02\/CLASSICAL-1536x864.jpg 1536w, https:\/\/www.dallassymphony.org\/wp-content\/uploads\/2026\/02\/CLASSICAL-18x10.jpg 18w, https:\/\/www.dallassymphony.org\/wp-content\/uploads\/2026\/02\/CLASSICAL-388x218.jpg 388w, https:\/\/www.dallassymphony.org\/wp-content\/uploads\/2026\/02\/CLASSICAL-540x303.jpg 540w, https:\/\/www.dallassymphony.org\/wp-content\/uploads\/2026\/02\/CLASSICAL-666x375.jpg 666w, https:\/\/www.dallassymphony.org\/wp-content\/uploads\/2026\/02\/CLASSICAL-735x413.jpg 735w\" sizes=\"auto, (max-width: 1600px) 100vw, 1600px\" \/>\t\t\t<\/div>\n\t\t<\/div>\n\t<\/div>\n<\/div>\n\n\n<div class=\"dso__accordion m-spacer\">\n    <div class=\"container\">\n        <div class=\"row\">\n            <div class=\"col-lg-12\">\n                <div class=\"accordion__intro-wrapper\">\n                    <h1>Suscripci\u00f3n<\/h1>\n                    <p>Para renovar su abono, seleccione el men\u00fa desplegable con el d\u00eda que prefiera y siga las instrucciones para asegurarse sus plazas.\r\n\r\n<\/p>\n                <\/div>\n            <\/div>\n        <\/div>\n\t\t<div class=\"row\">\n\t\t\t<div class=\"col-md-10 offset-md-1\">\n\t\t\t\t<div class=\"accordion\" id=\"accordion-d41d8cd98f00b204e9800998ecf8427e\">\n\t\t\t\t\t<div class=\"card\">\n\t<button id=\"heading3e02016a46c568deeb7ed304b418e032\" class=\"dso__accordion-toggle\" type=\"button\" data-toggle=\"collapse\" data-target=\"#collapse3e02016a46c568deeb7ed304b418e032\" aria-expanded=\"false\" aria-controls=\"collapse3e02016a46c568deeb7ed304b418e032\">\n\t\tMapas de asientos y precios\t\t<span class=\"plus-sign\">\n            <svg xmlns=\"http:\/\/www.w3.org\/2000\/svg\" width=\"25\" height=\"25\" viewbox=\"0 0 25 25\">\n                <g transform=\"translate(211.054 -145.186) rotate(135)\"><rect width=\"25\" height=\"3\" transform=\"translate(242.001 36.678) rotate(-45)\"\/><rect width=\"25\" height=\"3\" transform=\"translate(244.12 19) rotate(45)\"\/><\/g>\n            <\/svg>\n        <\/span>\n\t<\/button>\n\n\t<div id=\"collapse3e02016a46c568deeb7ed304b418e032\" class=\"collapse\" aria-labelledby=\"heading3e02016a46c568deeb7ed304b418e032\" data-parent=\"#accordion-d41d8cd98f00b204e9800998ecf8427e\">\n\t\t<div class=\"card-body\">\n\t\t\t<p style=\"text-align: center\"><img loading=\"lazy\" decoding=\"async\" class=\"aligncenter size-full wp-image-30508\" src=\"https:\/\/www.dallassymphony.org\/wp-content\/uploads\/2026\/02\/26-27_Web-Seat-Charts_CLA-Map.png\" alt=\"\" width=\"1500\" height=\"1500\" srcset=\"https:\/\/www.dallassymphony.org\/wp-content\/uploads\/2026\/02\/26-27_Web-Seat-Charts_CLA-Map.png 1500w, https:\/\/www.dallassymphony.org\/wp-content\/uploads\/2026\/02\/26-27_Web-Seat-Charts_CLA-Map-300x300.png 300w, https:\/\/www.dallassymphony.org\/wp-content\/uploads\/2026\/02\/26-27_Web-Seat-Charts_CLA-Map-1024x1024.png 1024w, https:\/\/www.dallassymphony.org\/wp-content\/uploads\/2026\/02\/26-27_Web-Seat-Charts_CLA-Map-150x150.png 150w, https:\/\/www.dallassymphony.org\/wp-content\/uploads\/2026\/02\/26-27_Web-Seat-Charts_CLA-Map-768x768.png 768w, https:\/\/www.dallassymphony.org\/wp-content\/uploads\/2026\/02\/26-27_Web-Seat-Charts_CLA-Map-12x12.png 12w, https:\/\/www.dallassymphony.org\/wp-content\/uploads\/2026\/02\/26-27_Web-Seat-Charts_CLA-Map-262x262.png 262w, https:\/\/www.dallassymphony.org\/wp-content\/uploads\/2026\/02\/26-27_Web-Seat-Charts_CLA-Map-350x350.png 350w, https:\/\/www.dallassymphony.org\/wp-content\/uploads\/2026\/02\/26-27_Web-Seat-Charts_CLA-Map-445x445.png 445w\" sizes=\"auto, (max-width: 1500px) 100vw, 1500px\" \/><\/p>\n<p><img loading=\"lazy\" decoding=\"async\" class=\"aligncenter size-full wp-image-30509\" src=\"https:\/\/www.dallassymphony.org\/wp-content\/uploads\/2026\/02\/26-27_Web-Seat-Charts_CLA-Pricing.jpg\" alt=\"\" width=\"1500\" height=\"915\" srcset=\"https:\/\/www.dallassymphony.org\/wp-content\/uploads\/2026\/02\/26-27_Web-Seat-Charts_CLA-Pricing.jpg 1500w, https:\/\/www.dallassymphony.org\/wp-content\/uploads\/2026\/02\/26-27_Web-Seat-Charts_CLA-Pricing-300x183.jpg 300w, https:\/\/www.dallassymphony.org\/wp-content\/uploads\/2026\/02\/26-27_Web-Seat-Charts_CLA-Pricing-1024x625.jpg 1024w, https:\/\/www.dallassymphony.org\/wp-content\/uploads\/2026\/02\/26-27_Web-Seat-Charts_CLA-Pricing-768x468.jpg 768w, https:\/\/www.dallassymphony.org\/wp-content\/uploads\/2026\/02\/26-27_Web-Seat-Charts_CLA-Pricing-18x12.jpg 18w, https:\/\/www.dallassymphony.org\/wp-content\/uploads\/2026\/02\/26-27_Web-Seat-Charts_CLA-Pricing-160x98.jpg 160w\" sizes=\"auto, (max-width: 1500px) 100vw, 1500px\" \/><\/p>\n<p>&nbsp;<\/p>\n\t\t<\/div>\n\t<\/div>\n<\/div><div class=\"card\">\n\t<button id=\"heading5c296237fbd1d55155c579256968263b\" class=\"dso__accordion-toggle\" type=\"button\" data-toggle=\"collapse\" data-target=\"#collapse5c296237fbd1d55155c579256968263b\" aria-expanded=\"false\" aria-controls=\"collapse5c296237fbd1d55155c579256968263b\">\n\t\tSerie de los jueves\t\t<span class=\"plus-sign\">\n            <svg xmlns=\"http:\/\/www.w3.org\/2000\/svg\" width=\"25\" height=\"25\" viewbox=\"0 0 25 25\">\n                <g transform=\"translate(211.054 -145.186) rotate(135)\"><rect width=\"25\" height=\"3\" transform=\"translate(242.001 36.678) rotate(-45)\"\/><rect width=\"25\" height=\"3\" transform=\"translate(244.12 19) rotate(45)\"\/><\/g>\n            <\/svg>\n        <\/span>\n\t<\/button>\n\n\t<div id=\"collapse5c296237fbd1d55155c579256968263b\" class=\"collapse\" aria-labelledby=\"heading5c296237fbd1d55155c579256968263b\" data-parent=\"#accordion-d41d8cd98f00b204e9800998ecf8427e\">\n\t\t<div class=\"card-body\">\n\t\t\t<h4>SERIE A<\/h4>\n<ul>\n<li><span data-contrast=\"auto\"><strong>Scheherazade y Pablo S\u00e1inz-Villegas<\/strong> | 24 de septiembre<\/span><\/li>\n<li><span data-contrast=\"auto\"><strong>Rachmaninoff y Schubert<\/strong> | 22 de octubre<\/span><\/li>\n<li><span data-contrast=\"auto\"><strong>Ravel y Gershwin<\/strong> | 12 de noviembre<\/span><\/li>\n<li><span data-contrast=\"auto\"><strong>Brahms y Mozart con David Buck y Emily Levin<\/strong> | 14 de enero<\/span><\/li>\n<li><span data-contrast=\"auto\"><strong>Strauss y Liszt con Jean-Yves Thibaudet<\/strong>\u00a0| 4 de febrero<\/span><\/li>\n<li><strong>Bernstein y\u00a0<\/strong><span data-contrast=\"auto\"><strong>Dvo\u0159\u00e1k<\/strong> | 11 de marzo<\/span><\/li>\n<li><span data-contrast=\"auto\"><strong>Mendelssohn y Beethoven con Alexander Kerr<\/strong> | 22 de abril<\/span><\/li>\n<li><strong>Grieg y\u00a0<\/strong><span data-contrast=\"auto\"><strong>Saint-Sa\u00ebns<\/strong> | 27 de mayo<\/span><\/li>\n<\/ul>\n<hr \/>\n<h4>SERIE B1<\/h4>\n<ul>\n<li><strong>Scheherazade y Pablo S\u00e1inz-Villegas<\/strong> | 24 de septiembre<\/li>\n<li><strong>Ravel y Gershwin<\/strong> | 12 de noviembre<\/li>\n<li><strong>Strauss y Liszt con Jean-Yves Thibaudet<\/strong> | 4 de febrero<\/li>\n<li><strong>Mendelssohn y Beethoven con Alexander Kerr<\/strong> | 22 de abril<\/li>\n<\/ul>\n<hr \/>\n<h4>SERIE B2<\/h4>\n<ul>\n<li><span data-contrast=\"auto\"><strong>Rachmaninoff y Schubert<\/strong> | 22 de octubre<\/span><\/li>\n<li><span data-contrast=\"auto\"><strong>Brahms y Mozart con David Buck y Emily Levin<\/strong> | 14 de enero<\/span><\/li>\n<li><strong>Bernstein y\u00a0<\/strong><span data-contrast=\"auto\"><strong>Dvo\u0159\u00e1k<\/strong> | 11 de marzo<\/span><\/li>\n<li><strong>Grieg y\u00a0<\/strong><span data-contrast=\"auto\"><strong>Saint-Sa\u00ebns<\/strong> | 27 de mayo<\/span><\/li>\n<\/ul>\n\t\t<\/div>\n\t<\/div>\n<\/div><div class=\"card\">\n\t<button id=\"heading519ee3a7f6cca6fc3bcbab21bf0a4962\" class=\"dso__accordion-toggle\" type=\"button\" data-toggle=\"collapse\" data-target=\"#collapse519ee3a7f6cca6fc3bcbab21bf0a4962\" aria-expanded=\"false\" aria-controls=\"collapse519ee3a7f6cca6fc3bcbab21bf0a4962\">\n\t\tSerie de los viernes\t\t<span class=\"plus-sign\">\n            <svg xmlns=\"http:\/\/www.w3.org\/2000\/svg\" width=\"25\" height=\"25\" viewbox=\"0 0 25 25\">\n                <g transform=\"translate(211.054 -145.186) rotate(135)\"><rect width=\"25\" height=\"3\" transform=\"translate(242.001 36.678) rotate(-45)\"\/><rect width=\"25\" height=\"3\" transform=\"translate(244.12 19) rotate(45)\"\/><\/g>\n            <\/svg>\n        <\/span>\n\t<\/button>\n\n\t<div id=\"collapse519ee3a7f6cca6fc3bcbab21bf0a4962\" class=\"collapse\" aria-labelledby=\"heading519ee3a7f6cca6fc3bcbab21bf0a4962\" data-parent=\"#accordion-d41d8cd98f00b204e9800998ecf8427e\">\n\t\t<div class=\"card-body\">\n\t\t\t<h4>SERIE A<\/h4>\n<ul>\n<li><span data-contrast=\"auto\"><strong>Rachmaninoff y Time for Three<\/strong> | 2 de octubre<\/span><\/li>\n<li><span data-contrast=\"auto\"><strong>Beethoven y Strauss con Daniel Hawkins<\/strong> | 16 de octubre<\/span><\/li>\n<li><span data-contrast=\"auto\"><strong>Rachmaninoff y Schubert<\/strong> | 23 de octubre<\/span><\/li>\n<li><span data-contrast=\"auto\"><strong>Ravel y Gershwin<\/strong> | 13 de noviembre<\/span><\/li>\n<li><strong>Concierto para piano n.\u00ba 1 de Tchaikovsky y\u00a0<i>El lago de los cisnes<\/i><\/strong><span data-contrast=\"auto\">\u00a0| 27 de noviembre<\/span><\/li>\n<li><span data-contrast=\"auto\"><strong>Brahms y Mozart con David Buck y Emily Levin<\/strong> | 15 de enero<\/span><\/li>\n<li><span data-contrast=\"auto\"><strong>Schumann y Brahms con Randall Goosby<\/strong> | 22 de enero<\/span><\/li>\n<li><strong>Bach's\u00a0<i>Pasi\u00f3n de San Juan<\/i><\/strong><span data-contrast=\"auto\"><strong>\u00a0<\/strong>| 12 de febrero<\/span><\/li>\n<li><span data-contrast=\"auto\"><strong>Sibelius, Brahms y Vaughn Williams<\/strong> | 5 de marzo<\/span><\/li>\n<li><strong>Mozart's\u00a0<i>Don Giovanni\u00a0<\/i><\/strong><span data-contrast=\"auto\">| 26 de marzo<\/span><\/li>\n<li><span data-contrast=\"auto\"><strong>Sinfon\u00eda n.\u00ba 1 de Mahler y Anne-Sophie Mutter<\/strong> | 2 de abril<\/span><\/li>\n<li><span data-contrast=\"auto\"><strong>Elim Chan dirige Prokofiev<\/strong> | 9 de abril<\/span><\/li>\n<li><span data-contrast=\"auto\"><strong>Mendelssohn y Beethoven con Alexander Kerr<\/strong> | 23 de abril<\/span><\/li>\n<li><strong>Susanna M<\/strong><span data-contrast=\"auto\"><strong>\u00e4lkki dirige obras de Sibelius y Beethoven<\/strong> | 30 de abril<\/span><\/li>\n<li><span data-contrast=\"auto\"><strong>Strauss y Scriabin con Daniil Trifonov<\/strong> | 14 de mayo<\/span><\/li>\n<li><strong>Grieg y Saint-Sa\u00ebns<\/strong><span data-contrast=\"auto\"><strong>\u00ebns<\/strong> | 28 de mayo<\/span><\/li>\n<\/ul>\n<hr \/>\n<h4>SERIE B1<\/h4>\n<ul>\n<li><span data-contrast=\"auto\"><strong>Rachmaninoff y Time for Three<\/strong> | 2 de octubre<\/span><\/li>\n<li><span data-contrast=\"auto\"><strong>Rachmaninoff y Schubert<\/strong> | 23 de octubre<\/span><\/li>\n<li><strong>Concierto para piano n.\u00ba 1 de Tchaikovsky y\u00a0<i>El lago de los cisnes<\/i><\/strong><span data-contrast=\"auto\">\u00a0| 27 de noviembre<\/span><\/li>\n<li><span data-contrast=\"auto\"><strong>Schumann y Brahms con Randall Goosby<\/strong> | 22 de enero<\/span><\/li>\n<li><span data-contrast=\"auto\"><strong>Sibelius, Brahms y Vaughn Williams<\/strong> | 5 de marzo<\/span><\/li>\n<li><span data-contrast=\"auto\"><strong>Sinfon\u00eda n.\u00ba 1 de Mahler y Anne-Sophie Mutter<\/strong> | 2 de abril<\/span>\u00a0<span data-contrast=\"auto\">9<\/span><\/li>\n<li><span data-contrast=\"auto\"><strong>Mendelssohn y Beethoven con Alexander Kerr<\/strong> | 23 de abril<\/span><\/li>\n<li><span data-contrast=\"auto\"><strong>Strauss y Scriabin con Daniil Trifonov<\/strong> | 14 de mayo<\/span><\/li>\n<\/ul>\n<hr \/>\n<h4>SERIE B2<\/h4>\n<ul>\n<li><span data-contrast=\"auto\"><strong>Beethoven y Strauss con Daniel Hawkins<\/strong> | 16 de octubre<\/span><\/li>\n<li><span data-contrast=\"auto\"><strong>Ravel y Gershwin<\/strong> | 13 de noviembre<\/span><\/li>\n<li><span data-contrast=\"auto\"><strong>Brahms y Mozart con David Buck y Emily Levin<\/strong> | 15 de enero<\/span><\/li>\n<li><strong>Bach's\u00a0<i>Pasi\u00f3n de San Juan<\/i><\/strong><span data-contrast=\"auto\"><strong>\u00a0<\/strong>| 12 de febrero<\/span><\/li>\n<li><strong>Mozart's\u00a0<i>Don Giovanni\u00a0<\/i><\/strong><span data-contrast=\"auto\">| 26 de marzo<\/span><\/li>\n<li><span data-contrast=\"auto\"><strong>Elim Chan dirige Prokofiev<\/strong> | 9 de abril<\/span><\/li>\n<li><strong>Susanna M<\/strong><span data-contrast=\"auto\"><strong>\u00e4lkki dirige obras de Sibelius y Beethoven<\/strong> | 30 de abril<\/span><\/li>\n<li><strong>Grieg y Saint-Sa\u00ebns<\/strong><span data-contrast=\"auto\"><strong>\u00ebns<\/strong> | 28 de mayo<\/span><\/li>\n<\/ul>\n\t\t<\/div>\n\t<\/div>\n<\/div><div class=\"card\">\n\t<button id=\"headingcc8ded7f9ee7b46b483c32e005b1fc91\" class=\"dso__accordion-toggle\" type=\"button\" data-toggle=\"collapse\" data-target=\"#collapsecc8ded7f9ee7b46b483c32e005b1fc91\" aria-expanded=\"false\" aria-controls=\"collapsecc8ded7f9ee7b46b483c32e005b1fc91\">\n\t\tSerie de los s\u00e1bados\t\t<span class=\"plus-sign\">\n            <svg xmlns=\"http:\/\/www.w3.org\/2000\/svg\" width=\"25\" height=\"25\" viewbox=\"0 0 25 25\">\n                <g transform=\"translate(211.054 -145.186) rotate(135)\"><rect width=\"25\" height=\"3\" transform=\"translate(242.001 36.678) rotate(-45)\"\/><rect width=\"25\" height=\"3\" transform=\"translate(244.12 19) rotate(45)\"\/><\/g>\n            <\/svg>\n        <\/span>\n\t<\/button>\n\n\t<div id=\"collapsecc8ded7f9ee7b46b483c32e005b1fc91\" class=\"collapse\" aria-labelledby=\"headingcc8ded7f9ee7b46b483c32e005b1fc91\" data-parent=\"#accordion-d41d8cd98f00b204e9800998ecf8427e\">\n\t\t<div class=\"card-body\">\n\t\t\t<h4>SERIE A<\/h4>\n<ul>\n<li><span data-contrast=\"auto\"><strong>Rachmaninoff y Time for Three<\/strong> | 3 de octubre<\/span><\/li>\n<li><span data-contrast=\"auto\"><strong>Beethoven y Strauss con Daniel Hawkins<\/strong> | 17 de octubre<\/span><\/li>\n<li><span data-contrast=\"auto\"><strong>Rachmaninoff y Schubert<\/strong> | 24 de octubre<\/span><\/li>\n<li><strong>Debussy\u00a0<i>El mar\u00a0<\/i><\/strong><span data-contrast=\"auto\"><strong>&amp; Karen Gomyo<\/strong>\u00a0| 21 de noviembre<\/span><\/li>\n<li><strong>Concierto para piano n.\u00ba 1 de Tchaikovsky y\u00a0<i>El lago de los cisnes<\/i><\/strong><span data-contrast=\"auto\"><strong>\u00a0<\/strong>| 28 de noviembre<\/span><\/li>\n<li><span data-contrast=\"auto\"><strong>Schumann y Brahms con Randall Goosby<\/strong> | 23 de enero<\/span><\/li>\n<li><span data-contrast=\"auto\"><strong>Strauss y Liszt con Jean-Yves Thibaudet<\/strong>\u00a0| 6 de febrero<\/span><\/li>\n<li><strong>Bach's\u00a0<i>Pasi\u00f3n de San Juan<\/i><\/strong><span data-contrast=\"auto\">\u00a0| 13 de febrero<\/span><\/li>\n<li><span data-contrast=\"auto\"><strong>Sibelius, Brahms y Vaughn Williams<\/strong> | 6 de marzo<\/span><\/li>\n<li><strong>Bernstein y\u00a0<\/strong><span data-contrast=\"auto\"><strong>Dvo\u0159\u00e1k<\/strong> | 13 de marzo<\/span><\/li>\n<li><span data-contrast=\"auto\"><strong>Sinfon\u00eda n.\u00ba 1 de Mahler y Anne-Sophie Mutter<\/strong> | 3 de abril<\/span><\/li>\n<li><span data-contrast=\"auto\"><strong>Elim Chan dirige Prokofiev<\/strong> | 10 de abril<\/span><\/li>\n<li><span data-contrast=\"auto\"><strong>Mendelssohn y Beethoven con Alexander Kerr<\/strong> | 24 de abril<\/span><\/li>\n<li><strong>Susanna M<\/strong><span data-contrast=\"auto\"><strong>\u00e4lkki dirige obras de Sibelius y Beethoven<\/strong> | 1 de mayo<\/span><\/li>\n<li><span data-contrast=\"auto\"><strong>Strauss y Scriabin con Daniil Trifonov<\/strong> | 15 de mayo<\/span><\/li>\n<li><strong>Grieg y Saint-Sa\u00ebns<\/strong><span data-contrast=\"auto\"><strong>\u00ebns<\/strong> | 29 de mayo<\/span><\/li>\n<\/ul>\n<hr \/>\n<h4>SERIE B1<\/h4>\n<ul>\n<li><span data-contrast=\"auto\"><strong>Rachmaninoff y Time for Three<\/strong> | 3 de octubre<\/span><\/li>\n<li><span data-contrast=\"auto\"><strong>Rachmaninoff y Schubert<\/strong> | 24 de octubre<\/span><\/li>\n<li><strong>Concierto para piano n.\u00ba 1 de Tchaikovsky y\u00a0<i>El lago de los cisnes<\/i><\/strong><span data-contrast=\"auto\"><strong>\u00a0<\/strong>| 28 de noviembre<\/span><\/li>\n<li><span data-contrast=\"auto\"><strong>Strauss y Liszt con Jean-Yves Thibaudet<\/strong>\u00a0| 6 de febrero<\/span><\/li>\n<li><span data-contrast=\"auto\"><strong>Sibelius, Brahms y Vaughn Williams<\/strong> | 6 de marzo<\/span><\/li>\n<li><span data-contrast=\"auto\"><strong>Sinfon\u00eda n.\u00ba 1 de Mahler y Anne-Sophie Mutter<\/strong> | 3 de abril<\/span><\/li>\n<li><span data-contrast=\"auto\"><strong>Mendelssohn y Beethoven con Alexander Kerr<\/strong> | 24 de abril<\/span><\/li>\n<li><span data-contrast=\"auto\"><strong>Strauss y Scriabin con Daniil Trifonov<\/strong> | 15 de mayo<\/span><\/li>\n<\/ul>\n<hr \/>\n<h4>SERIE B2<\/h4>\n<ul>\n<li><span data-contrast=\"auto\"><strong>Beethoven y Strauss con Daniel Hawkins<\/strong> | 17 de octubre<\/span><\/li>\n<li><strong>Debussy\u00a0<i>El mar\u00a0<\/i><\/strong><span data-contrast=\"auto\"><strong>&amp; Karen Gomyo<\/strong>\u00a0| 21 de noviembre<\/span><\/li>\n<li><span data-contrast=\"auto\"><strong>Schumann y Brahms con Randall Goosby<\/strong> | 23 de enero<\/span><\/li>\n<li><strong>Bach's\u00a0<i>Pasi\u00f3n de San Juan<\/i><\/strong><span data-contrast=\"auto\">\u00a0| 13 de febrero<\/span><\/li>\n<li><strong>Bernstein y\u00a0<\/strong><span data-contrast=\"auto\"><strong>Dvo\u0159\u00e1k<\/strong> | 13 de marzo<\/span><\/li>\n<li><span data-contrast=\"auto\"><strong>Elim Chan dirige Prokofiev<\/strong> | 10 de abril<\/span><\/li>\n<li><strong>Susanna M<\/strong><span data-contrast=\"auto\"><strong>\u00e4lkki dirige obras de Sibelius y Beethoven<\/strong> | 1 de mayo<\/span><\/li>\n<li><strong>Grieg y Saint-Sa\u00ebns<\/strong><span data-contrast=\"auto\"><strong>\u00ebns<\/strong> | 29 de mayo<\/span><\/li>\n<\/ul>\n\t\t<\/div>\n\t<\/div>\n<\/div><div class=\"card\">\n\t<button id=\"heading8a8f53b82af80b68e602839a7d55d41f\" class=\"dso__accordion-toggle\" type=\"button\" data-toggle=\"collapse\" data-target=\"#collapse8a8f53b82af80b68e602839a7d55d41f\" aria-expanded=\"false\" aria-controls=\"collapse8a8f53b82af80b68e602839a7d55d41f\">\n\t\tSerie dominical\t\t<span class=\"plus-sign\">\n            <svg xmlns=\"http:\/\/www.w3.org\/2000\/svg\" width=\"25\" height=\"25\" viewbox=\"0 0 25 25\">\n                <g transform=\"translate(211.054 -145.186) rotate(135)\"><rect width=\"25\" height=\"3\" transform=\"translate(242.001 36.678) rotate(-45)\"\/><rect width=\"25\" height=\"3\" transform=\"translate(244.12 19) rotate(45)\"\/><\/g>\n            <\/svg>\n        <\/span>\n\t<\/button>\n\n\t<div id=\"collapse8a8f53b82af80b68e602839a7d55d41f\" class=\"collapse\" aria-labelledby=\"heading8a8f53b82af80b68e602839a7d55d41f\" data-parent=\"#accordion-d41d8cd98f00b204e9800998ecf8427e\">\n\t\t<div class=\"card-body\">\n\t\t\t<h4>SERIE A<\/h4>\n<ul>\n<li><span data-contrast=\"auto\"><strong>Scheherazade y Pablo S\u00e1inz-Villegas<\/strong> | 27 de septiembre<\/span><\/li>\n<li><span data-contrast=\"auto\"><strong>Rachmaninoff y Time for Three<\/strong> | 4 de octubre<\/span><\/li>\n<li><span data-contrast=\"auto\"><strong>Beethoven y Strauss con Daniel Hawkins<\/strong> | 18 de octubre<\/span><\/li>\n<li><strong>Debussy\u00a0<i>El mar\u00a0<\/i><\/strong><span data-contrast=\"auto\"><strong>&amp; Karen Gomyo<\/strong>\u00a0| 22 de noviembre<\/span><\/li>\n<li><strong>Concierto para piano n.\u00ba 1 de Tchaikovsky y\u00a0<i>El lago de los cisnes<\/i><\/strong><span data-contrast=\"auto\"><strong>\u00a0<\/strong>| 29 de noviembre<\/span><\/li>\n<li><span data-contrast=\"auto\"><strong>Schumann y Brahms con Randall Goosby<\/strong> | 24 de enero<\/span><\/li>\n<li><span data-contrast=\"auto\"><strong>Strauss y Liszt con Jean-Yves Thibaudet<\/strong>\u00a0| 7 de febrero<\/span><\/li>\n<li><span data-contrast=\"auto\"><strong>Sibelius, Brahms y Vaughn Williams<\/strong> | 7 de marzo<\/span><\/li>\n<li><strong>Bernstein y\u00a0<\/strong><span data-contrast=\"auto\"><strong>Dvo\u0159\u00e1k<\/strong> | 14 de marzo<\/span><\/li>\n<li><strong>Mozart's\u00a0<\/strong><i><span data-contrast=\"auto\"><strong>Don Giovanni<\/strong>\u00a0<\/span><\/i><span data-contrast=\"auto\">| 28 de marzo<\/span><\/li>\n<li><span data-contrast=\"auto\"><strong>Sinfon\u00eda n.\u00ba 1 de Mahler<\/strong> | 4 de abril<\/span><\/li>\n<li><span data-contrast=\"auto\"><strong>Elim Chan dirige Prokofiev<\/strong> | 11 de abril<\/span><\/li>\n<li><strong>Susanna M<\/strong><span data-contrast=\"auto\"><strong>\u00e4lkki dirige obras de Sibelius y Beethoven<\/strong> | 2 de mayo<\/span><\/li>\n<li><span data-contrast=\"auto\"><strong>Strauss y Scriabin con Daniil Trifonov<\/strong> | 16 de mayo<\/span><\/li>\n<\/ul>\n<hr \/>\n<h4>SERIE B1<\/h4>\n<ul>\n<li><span data-contrast=\"auto\"><strong>Scheherazade y Pablo S\u00e1inz-Villegas<\/strong> | 27 de septiembre<\/span><\/li>\n<li><span data-contrast=\"auto\"><strong>Beethoven y Strauss con Daniel Hawkins<\/strong> | 18 de octubre<\/span><\/li>\n<li><strong>Concierto para piano n.\u00ba 1 de Tchaikovsky y\u00a0<i>El lago de los cisnes<\/i><\/strong><span data-contrast=\"auto\"><strong>\u00a0<\/strong>| 29 de noviembre<\/span><\/li>\n<li><span data-contrast=\"auto\"><strong>Strauss y Liszt con Jean-Yves Thibaudet<\/strong>\u00a0| 7 de febrero<\/span><\/li>\n<li><strong>Bernstein y\u00a0<\/strong><span data-contrast=\"auto\"><strong>Dvo\u0159\u00e1k<\/strong> | 14 de marzo<\/span><\/li>\n<li><span data-contrast=\"auto\"><strong>Sinfon\u00eda n.\u00ba 1 de Mahler<\/strong> | 4 de abril<\/span><\/li>\n<li><strong>Susanna M<\/strong><span data-contrast=\"auto\"><strong>\u00e4lkki dirige obras de Sibelius y Beethoven<\/strong> | 2 de mayo<\/span><\/li>\n<\/ul>\n<hr \/>\n<h4>SERIE B2<\/h4>\n<ul>\n<li><span data-contrast=\"auto\"><strong>Rachmaninoff y Time for Three<\/strong> | 4 de octubre<\/span><\/li>\n<li><strong>Debussy\u00a0<i>El mar\u00a0<\/i><\/strong><span data-contrast=\"auto\"><strong>&amp; Karen Gomyo<\/strong>\u00a0| 22 de noviembre<\/span><\/li>\n<li><span data-contrast=\"auto\"><strong>Schumann y Brahms con Randall Goosby<\/strong> | 24 de enero<\/span><\/li>\n<li><span data-contrast=\"auto\"><strong>Sibelius, Brahms y Vaughn Williams<\/strong> | 7 de marzo<\/span><\/li>\n<li><strong>Mozart's\u00a0<\/strong><i><span data-contrast=\"auto\"><strong>Don Giovanni<\/strong>\u00a0<\/span><\/i><span data-contrast=\"auto\">| 28 de marzo<\/span><\/li>\n<li><span data-contrast=\"auto\"><strong>Elim Chan dirige Prokofiev<\/strong> | 11 de abril<\/span><\/li>\n<li><span data-contrast=\"auto\"><strong>Strauss y Scriabin con Daniil Trifonov<\/strong> | 16 de mayo<\/span><\/li>\n<\/ul>\n\t\t<\/div>\n\t<\/div>\n<\/div>\t\t\t\t<\/div>\n\t\t\t<\/div>\n\t\t<\/div>\n\t<\/div>\n<\/div>\n\n\n\n<hr class=\"wp-block-separator has-alpha-channel-opacity is-style-dots\" id=\"pops\"\/>\n\n\n<div class=\"text-img text-img--right\">\n\t<div class=\"container\">\n\t\t<div class=\"row\">\n\t\t\t<div class=\"col-lg-12\">\n\t\t\t\t<div class=\"text-img__wrapper\">\n\t\t\t\t\t<h1>DSO Pops Series<\/h1>\n\n                    <img loading=\"lazy\" decoding=\"async\" width=\"666\" height=\"375\" src=\"https:\/\/www.dallassymphony.org\/wp-content\/uploads\/2026\/02\/POPS-666x375.jpg\" class=\"d-xl-none d-block\" alt=\"\" srcset=\"https:\/\/www.dallassymphony.org\/wp-content\/uploads\/2026\/02\/POPS-666x375.jpg 666w, https:\/\/www.dallassymphony.org\/wp-content\/uploads\/2026\/02\/POPS-300x169.jpg 300w, https:\/\/www.dallassymphony.org\/wp-content\/uploads\/2026\/02\/POPS-1024x576.jpg 1024w, https:\/\/www.dallassymphony.org\/wp-content\/uploads\/2026\/02\/POPS-768x432.jpg 768w, https:\/\/www.dallassymphony.org\/wp-content\/uploads\/2026\/02\/POPS-1536x864.jpg 1536w, https:\/\/www.dallassymphony.org\/wp-content\/uploads\/2026\/02\/POPS-18x10.jpg 18w, https:\/\/www.dallassymphony.org\/wp-content\/uploads\/2026\/02\/POPS-388x218.jpg 388w, https:\/\/www.dallassymphony.org\/wp-content\/uploads\/2026\/02\/POPS-540x303.jpg 540w, https:\/\/www.dallassymphony.org\/wp-content\/uploads\/2026\/02\/POPS-735x413.jpg 735w, https:\/\/www.dallassymphony.org\/wp-content\/uploads\/2026\/02\/POPS.jpg 1600w\" sizes=\"auto, (max-width: 666px) 100vw, 666px\" \/>\n\t\t\t\t\t<p>Disfrute de una amplia gama de g\u00e9neros musicales interpretados por la Orquesta Sinf\u00f3nica de Dallas, con estrellas invitadas ganadoras de premios Tony, int\u00e9rpretes de Broadway y pel\u00edculas presentadas por Capital One.<\/p>\n\n                    \t\t\t\t\t<a class=\"a-hover\" href=\"https:\/\/secure.dallassymphony.org\/packages\/renewals\" >Renovar ahora<\/a>\n                    \n                <\/div>\n                <img loading=\"lazy\" decoding=\"async\" width=\"1600\" height=\"900\" src=\"https:\/\/www.dallassymphony.org\/wp-content\/uploads\/2026\/02\/POPS.jpg\" class=\"d-none d-xl-block ml-auto\" alt=\"\" srcset=\"https:\/\/www.dallassymphony.org\/wp-content\/uploads\/2026\/02\/POPS.jpg 1600w, https:\/\/www.dallassymphony.org\/wp-content\/uploads\/2026\/02\/POPS-300x169.jpg 300w, https:\/\/www.dallassymphony.org\/wp-content\/uploads\/2026\/02\/POPS-1024x576.jpg 1024w, https:\/\/www.dallassymphony.org\/wp-content\/uploads\/2026\/02\/POPS-768x432.jpg 768w, https:\/\/www.dallassymphony.org\/wp-content\/uploads\/2026\/02\/POPS-1536x864.jpg 1536w, https:\/\/www.dallassymphony.org\/wp-content\/uploads\/2026\/02\/POPS-18x10.jpg 18w, https:\/\/www.dallassymphony.org\/wp-content\/uploads\/2026\/02\/POPS-388x218.jpg 388w, https:\/\/www.dallassymphony.org\/wp-content\/uploads\/2026\/02\/POPS-540x303.jpg 540w, https:\/\/www.dallassymphony.org\/wp-content\/uploads\/2026\/02\/POPS-666x375.jpg 666w, https:\/\/www.dallassymphony.org\/wp-content\/uploads\/2026\/02\/POPS-735x413.jpg 735w\" sizes=\"auto, (max-width: 1600px) 100vw, 1600px\" \/>\t\t\t<\/div>\n\t\t<\/div>\n\t<\/div>\n<\/div>\n\n\n<div class=\"dso__accordion m-spacer\">\n    <div class=\"container\">\n        <div class=\"row\">\n            <div class=\"col-lg-12\">\n                <div class=\"accordion__intro-wrapper\">\n                    <h1>Suscripci\u00f3n<\/h1>\n                    <p>Para renovar su abono, seleccione el men\u00fa desplegable con el d\u00eda que prefiera y siga las instrucciones para asegurarse sus plazas.<\/p>\n                <\/div>\n            <\/div>\n        <\/div>\n\t\t<div class=\"row\">\n\t\t\t<div class=\"col-md-10 offset-md-1\">\n\t\t\t\t<div class=\"accordion\" id=\"accordion-d41d8cd98f00b204e9800998ecf8427e\">\n\t\t\t\t\t<div class=\"card\">\n\t<button id=\"heading0c177f7e80dc5773e2a68e910b1eb91c\" class=\"dso__accordion-toggle\" type=\"button\" data-toggle=\"collapse\" data-target=\"#collapse0c177f7e80dc5773e2a68e910b1eb91c\" aria-expanded=\"false\" aria-controls=\"collapse0c177f7e80dc5773e2a68e910b1eb91c\">\n\t\tMapas de asientos y precios\t\t<span class=\"plus-sign\">\n            <svg xmlns=\"http:\/\/www.w3.org\/2000\/svg\" width=\"25\" height=\"25\" viewbox=\"0 0 25 25\">\n                <g transform=\"translate(211.054 -145.186) rotate(135)\"><rect width=\"25\" height=\"3\" transform=\"translate(242.001 36.678) rotate(-45)\"\/><rect width=\"25\" height=\"3\" transform=\"translate(244.12 19) rotate(45)\"\/><\/g>\n            <\/svg>\n        <\/span>\n\t<\/button>\n\n\t<div id=\"collapse0c177f7e80dc5773e2a68e910b1eb91c\" class=\"collapse\" aria-labelledby=\"heading0c177f7e80dc5773e2a68e910b1eb91c\" data-parent=\"#accordion-d41d8cd98f00b204e9800998ecf8427e\">\n\t\t<div class=\"card-body\">\n\t\t\t<p style=\"text-align: center\"><img loading=\"lazy\" decoding=\"async\" class=\"aligncenter size-full wp-image-30540\" src=\"https:\/\/www.dallassymphony.org\/wp-content\/uploads\/2026\/02\/26-27_Web-Seat-Charts_POPs-Map.png\" alt=\"\" width=\"1500\" height=\"1500\" srcset=\"https:\/\/www.dallassymphony.org\/wp-content\/uploads\/2026\/02\/26-27_Web-Seat-Charts_POPs-Map.png 1500w, https:\/\/www.dallassymphony.org\/wp-content\/uploads\/2026\/02\/26-27_Web-Seat-Charts_POPs-Map-300x300.png 300w, https:\/\/www.dallassymphony.org\/wp-content\/uploads\/2026\/02\/26-27_Web-Seat-Charts_POPs-Map-1024x1024.png 1024w, https:\/\/www.dallassymphony.org\/wp-content\/uploads\/2026\/02\/26-27_Web-Seat-Charts_POPs-Map-150x150.png 150w, https:\/\/www.dallassymphony.org\/wp-content\/uploads\/2026\/02\/26-27_Web-Seat-Charts_POPs-Map-768x768.png 768w, https:\/\/www.dallassymphony.org\/wp-content\/uploads\/2026\/02\/26-27_Web-Seat-Charts_POPs-Map-12x12.png 12w, https:\/\/www.dallassymphony.org\/wp-content\/uploads\/2026\/02\/26-27_Web-Seat-Charts_POPs-Map-262x262.png 262w, https:\/\/www.dallassymphony.org\/wp-content\/uploads\/2026\/02\/26-27_Web-Seat-Charts_POPs-Map-350x350.png 350w, https:\/\/www.dallassymphony.org\/wp-content\/uploads\/2026\/02\/26-27_Web-Seat-Charts_POPs-Map-445x445.png 445w\" sizes=\"auto, (max-width: 1500px) 100vw, 1500px\" \/><\/p>\n<p><img loading=\"lazy\" decoding=\"async\" class=\"aligncenter size-full wp-image-30541\" src=\"https:\/\/www.dallassymphony.org\/wp-content\/uploads\/2026\/02\/26-27_Web-Seat-Charts_POPs-Pricing.jpg\" alt=\"\" width=\"1500\" height=\"750\" srcset=\"https:\/\/www.dallassymphony.org\/wp-content\/uploads\/2026\/02\/26-27_Web-Seat-Charts_POPs-Pricing.jpg 1500w, https:\/\/www.dallassymphony.org\/wp-content\/uploads\/2026\/02\/26-27_Web-Seat-Charts_POPs-Pricing-300x150.jpg 300w, https:\/\/www.dallassymphony.org\/wp-content\/uploads\/2026\/02\/26-27_Web-Seat-Charts_POPs-Pricing-1024x512.jpg 1024w, https:\/\/www.dallassymphony.org\/wp-content\/uploads\/2026\/02\/26-27_Web-Seat-Charts_POPs-Pricing-768x384.jpg 768w, https:\/\/www.dallassymphony.org\/wp-content\/uploads\/2026\/02\/26-27_Web-Seat-Charts_POPs-Pricing-18x9.jpg 18w\" sizes=\"auto, (max-width: 1500px) 100vw, 1500px\" \/><\/p>\n<p>&nbsp;<\/p>\n\t\t<\/div>\n\t<\/div>\n<\/div><div class=\"card\">\n\t<button id=\"heading47f8197037c20e1d5e0a8fcb2f0d848d\" class=\"dso__accordion-toggle\" type=\"button\" data-toggle=\"collapse\" data-target=\"#collapse47f8197037c20e1d5e0a8fcb2f0d848d\" aria-expanded=\"false\" aria-controls=\"collapse47f8197037c20e1d5e0a8fcb2f0d848d\">\n\t\tSerie de los viernes\t\t<span class=\"plus-sign\">\n            <svg xmlns=\"http:\/\/www.w3.org\/2000\/svg\" width=\"25\" height=\"25\" viewbox=\"0 0 25 25\">\n                <g transform=\"translate(211.054 -145.186) rotate(135)\"><rect width=\"25\" height=\"3\" transform=\"translate(242.001 36.678) rotate(-45)\"\/><rect width=\"25\" height=\"3\" transform=\"translate(244.12 19) rotate(45)\"\/><\/g>\n            <\/svg>\n        <\/span>\n\t<\/button>\n\n\t<div id=\"collapse47f8197037c20e1d5e0a8fcb2f0d848d\" class=\"collapse\" aria-labelledby=\"heading47f8197037c20e1d5e0a8fcb2f0d848d\" data-parent=\"#accordion-d41d8cd98f00b204e9800998ecf8427e\">\n\t\t<div class=\"card-body\">\n\t\t\t<h4>SERIE POPS<\/h4>\n<ul class=\"tn-package-detail__perf-list tn-package-detail__perf-list--fixed-package\">\n<li><span data-contrast=\"auto\"><strong>La m\u00fasica de Elvis con Frankie Moreno<\/strong> | 11 de septiembre<\/span><\/li>\n<li><strong><i>Hocus Pocus de Disney en concierto en vivo y en directo<\/i><\/strong><span data-contrast=\"auto\"><strong>\u00a0<\/strong>| 9 de octubre<\/span><\/li>\n<li><span data-contrast=\"auto\"><strong>Ellington, Strayhorn y Gershwin<\/strong> | 6 de noviembre<\/span><\/li>\n<li><span data-contrast=\"auto\"><strong>Vacaciones con la DSO<\/strong> | 11 de diciembre<\/span><\/li>\n<li><span data-contrast=\"auto\"><strong>\u00a1Vaya... lo volv\u00ed a cantar! Las reinas del pop de los a\u00f1os 90 y 2000<\/strong> | 8 de enero<\/span><\/li>\n<li><span data-contrast=\"auto\"><strong>Leyendas del rock de los a\u00f1os 60 y 70: Sonidos de Laurel Canyon<\/strong> | 29 de enero<\/span><\/li>\n<li><span data-contrast=\"auto\"><strong>Todo lo que s\u00e9: Mandy Gonz\u00e1lez canta a Lin-Manuel Miranda<\/strong> | 19 de marzo<\/span><\/li>\n<li><span data-contrast=\"auto\"><strong>Brisa de verano: Cl\u00e1sicos del yacht rock<\/strong> | 16 de abril<\/span><\/li>\n<li><span data-contrast=\"auto\"><strong>La m\u00fasica de Billy Joel<\/strong> | 21 de mayo<\/span><\/li>\n<\/ul>\n<hr \/>\n<h4>SERIE SUPERPOPS<\/h4>\n<ul>\n<li><span data-contrast=\"auto\"><strong>La m\u00fasica de Elvis con Frankie Moreno<\/strong> | 11 de septiembre<\/span><\/li>\n<li><strong><i>Hocus Pocus de Disney en concierto en vivo y en directo<\/i><\/strong><span data-contrast=\"auto\"><strong>\u00a0<\/strong>| 9 de octubre<\/span><\/li>\n<li><span data-contrast=\"auto\"><strong>Rachmaninoff y Schubert<\/strong> | 23 de octubre<\/span><\/li>\n<li><span data-contrast=\"auto\"><strong>Ellington, Strayhorn y Gershwin<\/strong> | 6 de noviembre<\/span><\/li>\n<li><strong>Concierto para piano n.\u00ba 1 de Tchaikovsky y\u00a0<i>El lago de los cisnes<\/i><\/strong><span data-contrast=\"auto\">\u00a0| 27 de noviembre<\/span><\/li>\n<li><span data-contrast=\"auto\"><strong>Vacaciones con la DSO<\/strong> | 11 de diciembre<\/span><\/li>\n<li><span data-contrast=\"auto\"><strong>\u00a1Vaya... lo volv\u00ed a cantar! Las reinas del pop de los a\u00f1os 90 y 2000<\/strong> | 8 de enero<\/span><\/li>\n<li><span data-contrast=\"auto\"><strong>Leyendas del rock de los a\u00f1os 60 y 70: Sonidos de Laurel Canyon<\/strong> | 29 de enero<\/span><\/li>\n<li><strong>Bach's\u00a0<i>Pasi\u00f3n de San Juan<\/i><\/strong><span data-contrast=\"auto\">\u00a0| 12 de febrero<\/span><\/li>\n<li><span data-contrast=\"auto\"><strong>Sibelius, Brahms y Vaughn Williams<\/strong> | 5 de marzo<\/span><\/li>\n<li><span data-contrast=\"auto\"><strong>Todo lo que s\u00e9: Mandy Gonz\u00e1lez canta a Lin-Manuel Miranda<\/strong> | 19 de marzo<\/span><\/li>\n<li><span data-contrast=\"auto\"><strong>Brisa de verano: Cl\u00e1sicos del yacht rock<\/strong> | 16 de abril<\/span><\/li>\n<li><strong>Susanna M<\/strong><span data-contrast=\"auto\"><strong>\u00e4lkki dirige obras de Sibelius y Beethoven<\/strong> | 30 de abril<\/span><\/li>\n<li><span data-contrast=\"auto\"><strong>La m\u00fasica de Billy Joel<\/strong> | 21 de mayo<\/span><\/li>\n<\/ul>\n\t\t<\/div>\n\t<\/div>\n<\/div><div class=\"card\">\n\t<button id=\"heading713ba42b4b21bcd2c6a7b47343da115f\" class=\"dso__accordion-toggle\" type=\"button\" data-toggle=\"collapse\" data-target=\"#collapse713ba42b4b21bcd2c6a7b47343da115f\" aria-expanded=\"false\" aria-controls=\"collapse713ba42b4b21bcd2c6a7b47343da115f\">\n\t\tSerie de los s\u00e1bados\t\t<span class=\"plus-sign\">\n            <svg xmlns=\"http:\/\/www.w3.org\/2000\/svg\" width=\"25\" height=\"25\" viewbox=\"0 0 25 25\">\n                <g transform=\"translate(211.054 -145.186) rotate(135)\"><rect width=\"25\" height=\"3\" transform=\"translate(242.001 36.678) rotate(-45)\"\/><rect width=\"25\" height=\"3\" transform=\"translate(244.12 19) rotate(45)\"\/><\/g>\n            <\/svg>\n        <\/span>\n\t<\/button>\n\n\t<div id=\"collapse713ba42b4b21bcd2c6a7b47343da115f\" class=\"collapse\" aria-labelledby=\"heading713ba42b4b21bcd2c6a7b47343da115f\" data-parent=\"#accordion-d41d8cd98f00b204e9800998ecf8427e\">\n\t\t<div class=\"card-body\">\n\t\t\t<h4>SERIE POPS<\/h4>\n<ul>\n<li><span data-contrast=\"auto\"><strong>La m\u00fasica de Elvis con Frankie Moreno<\/strong> | 12 de septiembre<\/span><\/li>\n<li><strong><i>Hocus Pocus de Disney en concierto en vivo y en directo<\/i><\/strong><span data-contrast=\"auto\">\u00a0| 10 de octubre<\/span><\/li>\n<li><span data-contrast=\"auto\"><strong>Ellington, Strayhorn y Gershwin<\/strong> | 7 de noviembre<\/span><\/li>\n<li><span data-contrast=\"auto\"><strong>Vacaciones con la DSO<\/strong> | 12 de diciembre<\/span><\/li>\n<li><span data-contrast=\"auto\"><strong>\u00a1Vaya... lo volv\u00ed a cantar! Las reinas del pop de los a\u00f1os 90 y 2000<\/strong> | 9 de enero<\/span><\/li>\n<li><span data-contrast=\"auto\"><strong>Leyendas del rock de los a\u00f1os 60 y 70: Sonidos de Laurel Canyon<\/strong> | 30 de enero<\/span><\/li>\n<li><span data-contrast=\"auto\"><strong>Todo lo que s\u00e9: Mandy Gonz\u00e1lez canta a Lin-Manuel Miranda<\/strong> | 20 de marzo<\/span><\/li>\n<li><span data-contrast=\"auto\"><strong>Brisa de verano: Cl\u00e1sicos del yacht rock<\/strong> | 17 de abril<\/span><\/li>\n<li><span data-contrast=\"auto\"><strong>La m\u00fasica de Billy Joel<\/strong> | 22 de mayo<\/span><\/li>\n<\/ul>\n<hr \/>\n<h4>SERIE SUPERPOPS<\/h4>\n<ul>\n<li><span data-contrast=\"auto\"><strong>La m\u00fasica de Elvis con Frankie Moreno<\/strong> | 12 de septiembre<\/span><\/li>\n<li><strong><i>Hocus Pocus de Disney en concierto en vivo y en directo<\/i><\/strong><span data-contrast=\"auto\">\u00a0| 10 de octubre<\/span><\/li>\n<li><span data-contrast=\"auto\"><strong>Rachmaninoff y Schubert<\/strong> | 24 de octubre<\/span><\/li>\n<li><span data-contrast=\"auto\"><strong>Ellington, Strayhorn y Gershwin<\/strong> | 7 de noviembre<\/span><\/li>\n<li><strong>Concierto para piano n.\u00ba 1 de Tchaikovsky y\u00a0<i>El lago de los cisnes<\/i><\/strong><span data-contrast=\"auto\">\u00a0| 28 de noviembre<\/span><\/li>\n<li><span data-contrast=\"auto\"><strong>Vacaciones con la DSO<\/strong> | 12 de diciembre<\/span><\/li>\n<li><span data-contrast=\"auto\"><strong>\u00a1Vaya... lo volv\u00ed a cantar! Las reinas del pop de los a\u00f1os 90 y 2000<\/strong> | 9 de enero<\/span><\/li>\n<li><span data-contrast=\"auto\"><strong>Leyendas del rock de los a\u00f1os 60 y 70: Sonidos de Laurel Canyon<\/strong> | 30 de enero<\/span><\/li>\n<li><strong>Bach's\u00a0<i>Pasi\u00f3n de San Juan<\/i><\/strong><span data-contrast=\"auto\">\u00a0| 13 de febrero<\/span><\/li>\n<li><span data-contrast=\"auto\"><strong>Sibelius, Brahms y Vaughn Williams<\/strong> | 6 de marzo<\/span><\/li>\n<li><span data-contrast=\"auto\"><strong>Todo lo que s\u00e9: Mandy Gonz\u00e1lez canta a Lin-Manuel Miranda<\/strong> | 20 de marzo<\/span><\/li>\n<li><span data-contrast=\"auto\"><strong>Brisa de verano: Cl\u00e1sicos del yacht rock<\/strong> | 17 de abril<\/span><\/li>\n<li><strong>Susanna M<\/strong><span data-contrast=\"auto\"><strong>\u00e4lkki dirige obras de Sibelius y Beethoven<\/strong> | 1 de mayo<\/span><\/li>\n<li><span data-contrast=\"auto\"><strong>La m\u00fasica de Billy Joel<\/strong> | 22 de mayo<\/span><\/li>\n<\/ul>\n\t\t<\/div>\n\t<\/div>\n<\/div><div class=\"card\">\n\t<button id=\"headingadfb8cfcb8fcdf9472567f2ec1ee37f9\" class=\"dso__accordion-toggle\" type=\"button\" data-toggle=\"collapse\" data-target=\"#collapseadfb8cfcb8fcdf9472567f2ec1ee37f9\" aria-expanded=\"false\" aria-controls=\"collapseadfb8cfcb8fcdf9472567f2ec1ee37f9\">\n\t\tSerie dominical\t\t<span class=\"plus-sign\">\n            <svg xmlns=\"http:\/\/www.w3.org\/2000\/svg\" width=\"25\" height=\"25\" viewbox=\"0 0 25 25\">\n                <g transform=\"translate(211.054 -145.186) rotate(135)\"><rect width=\"25\" height=\"3\" transform=\"translate(242.001 36.678) rotate(-45)\"\/><rect width=\"25\" height=\"3\" transform=\"translate(244.12 19) rotate(45)\"\/><\/g>\n            <\/svg>\n        <\/span>\n\t<\/button>\n\n\t<div id=\"collapseadfb8cfcb8fcdf9472567f2ec1ee37f9\" class=\"collapse\" aria-labelledby=\"headingadfb8cfcb8fcdf9472567f2ec1ee37f9\" data-parent=\"#accordion-d41d8cd98f00b204e9800998ecf8427e\">\n\t\t<div class=\"card-body\">\n\t\t\t<h4>SERIE POPS<\/h4>\n<ul>\n<li><span data-contrast=\"auto\"><strong>La m\u00fasica de Elvis con Frankie Moreno<\/strong> | 13 de septiembre<\/span><\/li>\n<li><strong><i>Hocus Pocus de Disney en concierto en vivo y en directo<\/i><\/strong><span data-contrast=\"auto\">\u00a0| 11 de octubre<\/span><\/li>\n<li><span data-contrast=\"auto\"><strong>Ellington, Strayhorn y Gershwin<\/strong> | 8 de noviembre<\/span><\/li>\n<li><span data-contrast=\"auto\"><strong>Vacaciones con la DSO<\/strong> | 13 de diciembre<\/span><\/li>\n<li><span data-contrast=\"auto\"><strong>Todo lo que s\u00e9: Mandy Gonz\u00e1lez canta a Lin-Manuel Miranda<\/strong> | 21 de marzo<\/span><\/li>\n<li><span data-contrast=\"auto\"><strong>La m\u00fasica de Billy Joel<\/strong> | 23 de mayo<\/span><\/li>\n<\/ul>\n<hr \/>\n<h4>SERIE SUPERPOPS<\/h4>\n<ul>\n<li><span data-contrast=\"auto\"><strong>La m\u00fasica de Elvis con Frankie Moreno<\/strong> | 13 de septiembre<\/span><\/li>\n<li><span data-contrast=\"auto\"><strong>Scheherazade y Pablo S\u00e1inz-Villegas<\/strong> | 27 de septiembre<\/span><\/li>\n<li><strong><i>Hocus Pocus de Disney en concierto en vivo y en directo<\/i><\/strong><span data-contrast=\"auto\">\u00a0| 11 de octubre<\/span><\/li>\n<li><span data-contrast=\"auto\"><strong>Ellington, Strayhorn y Gershwin<\/strong> | 8 de noviembre<\/span><\/li>\n<li><strong>Concierto para piano n.\u00ba 1 de Tchaikovsky y\u00a0<i>El lago de los cisnes<\/i><\/strong><span data-contrast=\"auto\">\u00a0| 29 de noviembre<\/span><\/li>\n<li><span data-contrast=\"auto\"><strong>Vacaciones con la DSO<\/strong> | 13 de diciembre<\/span><\/li>\n<li><span data-contrast=\"auto\"><strong>Sibelius, Brahms y Vaughn Williams<\/strong> | 7 de marzo<\/span><\/li>\n<li><span data-contrast=\"auto\"><strong>Todo lo que s\u00e9: Mandy Gonz\u00e1lez canta a Lin-Manuel Miranda<\/strong> | 21 de marzo<\/span><\/li>\n<li><span data-contrast=\"auto\"><strong>Sinfon\u00eda n.\u00ba 1 de Mahler<\/strong> | 4 de abril<\/span><\/li>\n<li><strong>Susanna M<\/strong><span data-contrast=\"auto\"><strong>\u00e4lkki dirige obras de Sibelius y Beethoven<\/strong> | 16 de mayo<\/span><\/li>\n<li><span data-contrast=\"auto\"><strong>La m\u00fasica de Billy Joel<\/strong> | 23 de mayo<\/span><\/li>\n<\/ul>\n\t\t<\/div>\n\t<\/div>\n<\/div>\t\t\t\t<\/div>\n\t\t\t<\/div>\n\t\t<\/div>\n\t<\/div>\n<\/div>\n\n\n\n<hr class=\"wp-block-separator has-alpha-channel-opacity is-style-dots\" id=\"pops\"\/>\n\n\n<div class=\"text-img text-img--right\">\n\t<div class=\"container\">\n\t\t<div class=\"row\">\n\t\t\t<div class=\"col-lg-12\">\n\t\t\t\t<div class=\"text-img__wrapper\">\n\t\t\t\t\t<h1>Cree el suyo propio<\/h1>\n\n                    <img loading=\"lazy\" decoding=\"async\" width=\"666\" height=\"375\" src=\"https:\/\/www.dallassymphony.org\/wp-content\/uploads\/2026\/02\/CYO-666x375.jpg\" class=\"d-xl-none d-block\" alt=\"\" srcset=\"https:\/\/www.dallassymphony.org\/wp-content\/uploads\/2026\/02\/CYO-666x375.jpg 666w, https:\/\/www.dallassymphony.org\/wp-content\/uploads\/2026\/02\/CYO-300x169.jpg 300w, https:\/\/www.dallassymphony.org\/wp-content\/uploads\/2026\/02\/CYO-1024x576.jpg 1024w, https:\/\/www.dallassymphony.org\/wp-content\/uploads\/2026\/02\/CYO-768x432.jpg 768w, https:\/\/www.dallassymphony.org\/wp-content\/uploads\/2026\/02\/CYO-1536x864.jpg 1536w, https:\/\/www.dallassymphony.org\/wp-content\/uploads\/2026\/02\/CYO-18x10.jpg 18w, https:\/\/www.dallassymphony.org\/wp-content\/uploads\/2026\/02\/CYO-388x218.jpg 388w, https:\/\/www.dallassymphony.org\/wp-content\/uploads\/2026\/02\/CYO-540x303.jpg 540w, https:\/\/www.dallassymphony.org\/wp-content\/uploads\/2026\/02\/CYO-735x413.jpg 735w, https:\/\/www.dallassymphony.org\/wp-content\/uploads\/2026\/02\/CYO.jpg 1600w\" sizes=\"auto, (max-width: 666px) 100vw, 666px\" \/>\n\t\t\t\t\t<p>Para disfrutar de la m\u00e1xima flexibilidad, elija tres o m\u00e1s conciertos y cree una programaci\u00f3n que se adapte a su estilo, horario y presupuesto. Ahorre hasta 20% en las entradas y disfrute de las ventajas exclusivas de Create Your Own Subscriber.<\/p>\n\n                    \t\t\t\t\t<a class=\"a-hover\" href=\"https:\/\/secure.dallassymphony.org\/packages\/flex\/1852\" >Renovar ahora<\/a>\n                    \n                <\/div>\n                <img loading=\"lazy\" decoding=\"async\" width=\"1600\" height=\"900\" src=\"https:\/\/www.dallassymphony.org\/wp-content\/uploads\/2026\/02\/CYO.jpg\" class=\"d-none d-xl-block ml-auto\" alt=\"\" srcset=\"https:\/\/www.dallassymphony.org\/wp-content\/uploads\/2026\/02\/CYO.jpg 1600w, https:\/\/www.dallassymphony.org\/wp-content\/uploads\/2026\/02\/CYO-300x169.jpg 300w, https:\/\/www.dallassymphony.org\/wp-content\/uploads\/2026\/02\/CYO-1024x576.jpg 1024w, https:\/\/www.dallassymphony.org\/wp-content\/uploads\/2026\/02\/CYO-768x432.jpg 768w, https:\/\/www.dallassymphony.org\/wp-content\/uploads\/2026\/02\/CYO-1536x864.jpg 1536w, https:\/\/www.dallassymphony.org\/wp-content\/uploads\/2026\/02\/CYO-18x10.jpg 18w, https:\/\/www.dallassymphony.org\/wp-content\/uploads\/2026\/02\/CYO-388x218.jpg 388w, https:\/\/www.dallassymphony.org\/wp-content\/uploads\/2026\/02\/CYO-540x303.jpg 540w, https:\/\/www.dallassymphony.org\/wp-content\/uploads\/2026\/02\/CYO-666x375.jpg 666w, https:\/\/www.dallassymphony.org\/wp-content\/uploads\/2026\/02\/CYO-735x413.jpg 735w\" sizes=\"auto, (max-width: 1600px) 100vw, 1600px\" \/>\t\t\t<\/div>\n\t\t<\/div>\n\t<\/div>\n<\/div>","protected":false},"excerpt":{"rendered":"<p>\u00bfListo para renovar tu suscripci\u00f3n para la temporada 2026\/27? Haz clic en el enlace de abajo para acceder a las ventajas para suscriptores durante todo el a\u00f1o, incluyendo el precio m\u00e1s bajo en asientos, cambios de boletos sencillos y acceso a la preventa de conciertos adicionales.<\/p>","protected":false},"author":16,"featured_media":30539,"parent":0,"menu_order":0,"comment_status":"closed","ping_status":"closed","template":"","meta":{"_acf_changed":false,"footnotes":""},"class_list":["post-16748","page","type-page","status-publish","has-post-thumbnail","hentry"],"acf":[],"_links":{"self":[{"href":"https:\/\/www.dallassymphony.org\/es\/wp-json\/wp\/v2\/pages\/16748","targetHints":{"allow":["GET"]}}],"collection":[{"href":"https:\/\/www.dallassymphony.org\/es\/wp-json\/wp\/v2\/pages"}],"about":[{"href":"https:\/\/www.dallassymphony.org\/es\/wp-json\/wp\/v2\/types\/page"}],"author":[{"embeddable":true,"href":"https:\/\/www.dallassymphony.org\/es\/wp-json\/wp\/v2\/users\/16"}],"replies":[{"embeddable":true,"href":"https:\/\/www.dallassymphony.org\/es\/wp-json\/wp\/v2\/comments?post=16748"}],"version-history":[{"count":2,"href":"https:\/\/www.dallassymphony.org\/es\/wp-json\/wp\/v2\/pages\/16748\/revisions"}],"predecessor-version":[{"id":31351,"href":"https:\/\/www.dallassymphony.org\/es\/wp-json\/wp\/v2\/pages\/16748\/revisions\/31351"}],"wp:featuredmedia":[{"embeddable":true,"href":"https:\/\/www.dallassymphony.org\/es\/wp-json\/wp\/v2\/media\/30539"}],"wp:attachment":[{"href":"https:\/\/www.dallassymphony.org\/es\/wp-json\/wp\/v2\/media?parent=16748"}],"curies":[{"name":"wp","href":"https:\/\/api.w.org\/{rel}","templated":true}]}}