{"id":1084,"date":"2020-11-17T11:14:03","date_gmt":"2020-11-17T16:14:03","guid":{"rendered":"https:\/\/www.dallassymphony.org\/?page_id=1084"},"modified":"2022-05-18T13:35:56","modified_gmt":"2022-05-18T18:35:56","slug":"jean-langlais","status":"publish","type":"page","link":"https:\/\/www.dallassymphony.org\/es\/community-education\/dso-kids\/listen-watch\/composers\/jean-langlais\/","title":{"rendered":"Jean Langlais"},"content":{"rendered":"<div class=\"hero__no-img bg-blue-8\">\n\t<div class=\"container\">\n\t\t<div class=\"row\">\n\t\t\t<div class=\"col-md-10\">\n\n\t\t\t\t<ul class=\"breadcrumbs\">\n    \t<li class=\"breadcrumb__link\">\n\t\t<a class=\"a-hover\" href=\"https:\/\/www.dallassymphony.org\/es\/\">Inicio<\/a>\n\t<\/li>\n    \t<li class=\"breadcrumb__link a-styles\">\n\t\t<a class=\"a-hover\" href=\"https:\/\/www.dallassymphony.org\/es\/community-education\/\">Educaci\u00f3n y Comunidad<\/a>\n\t<\/li>\n    \t<li class=\"breadcrumb__link a-styles\">\n\t\t<a class=\"a-hover\" href=\"https:\/\/www.dallassymphony.org\/es\/community-education\/dso-kids\/\">Para escuelas y profesores<\/a>\n\t<\/li>\n    \t<li class=\"breadcrumb__link a-styles\">\n\t\t<a class=\"a-hover\" href=\"https:\/\/www.dallassymphony.org\/es\/community-education\/dso-kids\/listen-watch\/\">Escuchar y ver<\/a>\n\t<\/li>\n    \t<li class=\"breadcrumb__link a-styles\">\n\t\t<a class=\"a-hover\" href=\"https:\/\/www.dallassymphony.org\/es\/community-education\/dso-kids\/listen-watch\/composers\/\">Compositores<\/a>\n\t<\/li>\n    <\/ul>\n\n                \t\t\t\t<h1>\n                    <span >Jean Langlais<\/span>\n                <\/h1>\n                \t\t\t<\/div>\n\t\t<\/div>\n\t<\/div>\n<\/div>\n\n\n<div class=\"text-img text-img--left\">\n\t<div class=\"container\">\n\t\t<div class=\"row\">\n\t\t\t<div class=\"col-lg-12\">\n\t\t\t\t<div class=\"text-img__wrapper\">\n\t\t\t\t\t<h1><\/h1>\n\n                    <img loading=\"lazy\" decoding=\"async\" width=\"666\" height=\"375\" src=\"https:\/\/www.dallassymphony.org\/wp-content\/uploads\/2022\/05\/Jean-Langlais-666x375.jpg\" class=\"d-xl-none d-block\" alt=\"Jean Langlais\" srcset=\"https:\/\/www.dallassymphony.org\/wp-content\/uploads\/2022\/05\/Jean-Langlais-666x375.jpg 666w, https:\/\/www.dallassymphony.org\/wp-content\/uploads\/2022\/05\/Jean-Langlais-300x169.jpg 300w, https:\/\/www.dallassymphony.org\/wp-content\/uploads\/2022\/05\/Jean-Langlais-1024x576.jpg 1024w, https:\/\/www.dallassymphony.org\/wp-content\/uploads\/2022\/05\/Jean-Langlais-768x432.jpg 768w, https:\/\/www.dallassymphony.org\/wp-content\/uploads\/2022\/05\/Jean-Langlais-1536x864.jpg 1536w, https:\/\/www.dallassymphony.org\/wp-content\/uploads\/2022\/05\/Jean-Langlais-18x10.jpg 18w, https:\/\/www.dallassymphony.org\/wp-content\/uploads\/2022\/05\/Jean-Langlais-388x218.jpg 388w, https:\/\/www.dallassymphony.org\/wp-content\/uploads\/2022\/05\/Jean-Langlais-540x303.jpg 540w, https:\/\/www.dallassymphony.org\/wp-content\/uploads\/2022\/05\/Jean-Langlais-735x413.jpg 735w, https:\/\/www.dallassymphony.org\/wp-content\/uploads\/2022\/05\/Jean-Langlais.jpg 1600w\" sizes=\"auto, (max-width: 666px) 100vw, 666px\" \/>\n\t\t\t\t\t<h5><!-- wp:heading {\"level\":5} --><\/h5>\n<h5 id=\"h-dates\">FECHAS<\/h5>\n<p>Nacido el 15 de febrero de 1907 en La Fontelle, Francia<br \/>\nFalleci\u00f3 el 8 de mayo de 1991 en Par\u00eds, Francia<\/p>\n<h5 id=\"h-nationality\">NACIONALIDAD<\/h5>\n<p>Franc\u00e9s<\/p>\n<h5 id=\"h-style-period\">ESTILO\/PERIODO<\/h5>\n<p>Moderno 1920-Presente<\/p>\n<h5 id=\"h-famous-works\">OBRAS FAMOSAS<\/h5>\n<p>Messe Solenelle, Mouvement perp\u00e9tuel para piano y Hommage a Frescobaldi<\/p>\n<p><!-- \/wp:heading --><\/p>\n\n                    \n                <\/div>\n                <img loading=\"lazy\" decoding=\"async\" width=\"1600\" height=\"900\" src=\"https:\/\/www.dallassymphony.org\/wp-content\/uploads\/2022\/05\/Jean-Langlais-1600x900.jpg\" class=\"d-none d-xl-block\" alt=\"Jean Langlais\" srcset=\"https:\/\/www.dallassymphony.org\/wp-content\/uploads\/2022\/05\/Jean-Langlais.jpg 1600w, https:\/\/www.dallassymphony.org\/wp-content\/uploads\/2022\/05\/Jean-Langlais-300x169.jpg 300w, https:\/\/www.dallassymphony.org\/wp-content\/uploads\/2022\/05\/Jean-Langlais-1024x576.jpg 1024w, https:\/\/www.dallassymphony.org\/wp-content\/uploads\/2022\/05\/Jean-Langlais-768x432.jpg 768w, https:\/\/www.dallassymphony.org\/wp-content\/uploads\/2022\/05\/Jean-Langlais-1536x864.jpg 1536w, https:\/\/www.dallassymphony.org\/wp-content\/uploads\/2022\/05\/Jean-Langlais-18x10.jpg 18w, https:\/\/www.dallassymphony.org\/wp-content\/uploads\/2022\/05\/Jean-Langlais-388x218.jpg 388w, https:\/\/www.dallassymphony.org\/wp-content\/uploads\/2022\/05\/Jean-Langlais-540x303.jpg 540w, https:\/\/www.dallassymphony.org\/wp-content\/uploads\/2022\/05\/Jean-Langlais-666x375.jpg 666w, https:\/\/www.dallassymphony.org\/wp-content\/uploads\/2022\/05\/Jean-Langlais-735x413.jpg 735w\" sizes=\"auto, (max-width: 1600px) 100vw, 1600px\" \/>\t\t\t<\/div>\n\t\t<\/div>\n\t<\/div>\n<\/div>\n\n\n<div class=\"richtext m-spacer\">\n\t<div class=\"container\">\n\t\t<div class=\"row\">\n\t\t\t<div class=\"col-10\">\n\t\t\t\t\n\n<iframe loading=\"lazy\" width=\"50%\" height=\"20\" scrolling=\"no\" frameborder=\"no\" allow=\"autoplay\" src=\"https:\/\/w.soundcloud.com\/player\/?url=https%3A\/\/api.soundcloud.com\/tracks\/296390478&amp;color=%23ff5500&amp;inverse=false&amp;auto_play=false&amp;show_user=true\"><\/iframe>\n\n\n\n<div style=\"height:50px\" aria-hidden=\"true\" class=\"wp-block-spacer\"><\/div>\n\n\n\t\t\t<\/div>\n\t\t<\/div>\n\t<\/div>\n\n<\/div>\n\n\n<div class=\"richtext m-spacer\">\n\t<div class=\"container\">\n\t\t<div class=\"row\">\n\t\t\t<div class=\"col-10\">\n\t\t\t\t\n\n<hr class=\"wp-block-separator\"\/>\n\n\n\n<h3 class=\"wp-block-heading\" id=\"h-biography\">BIOGRAF\u00cdA<\/h3>\n\n\n\n<hr class=\"wp-block-separator\"\/>\n\n\n\n<p>El compositor franc\u00e9s y&nbsp;<strong><a href=\"https:\/\/www.dallassymphony.org\/es\/community-education\/dso-kids\/listen-watch\/instruments\/organ\/\">organista<\/a><\/strong>Jean Langlais, naci\u00f3 en una sencilla familia de campo que hizo su hogar en La Fontelle, Francia. A la temprana edad de 2 a\u00f1os, Jean perdi\u00f3 la vista y fue enviado a estudiar al Instituto Nacional para J\u00f3venes Ciegos.<\/p>\n\n\n\n<p>Fue all\u00ed donde Jean comenz\u00f3 a estudiar el&nbsp;<strong><a href=\"https:\/\/www.dallassymphony.org\/es\/community-education\/dso-kids\/listen-watch\/instruments\/organ\/\">\u00f3rgano<\/a><\/strong>&nbsp;y sus talentos musicales fueron descubiertos y reconocidos! Animado por sus profesores a estudiar m\u00fasica, Jean fue al Conservatorio de Par\u00eds y gan\u00f3 muchos premios por su&nbsp;<strong><a href=\"https:\/\/www.dallassymphony.org\/es\/community-education\/dso-kids\/listen-watch\/instruments\/organ\/\">\u00f3rgano<\/a><\/strong>&nbsp;actuaciones e improvisaciones.<\/p>\n\n\n\n<p>Despu\u00e9s de graduarse, Jean volvi\u00f3 al Instituto Nacional para J\u00f3venes Ciegos para ense\u00f1ar m\u00fasica a estudiantes franceses y extranjeros durante 40 a\u00f1os. Despu\u00e9s de ense\u00f1ar durante 40 a\u00f1os, Jean hizo una gira por Europa y Estados Unidos, dando m\u00e1s de 300 conciertos, recitales y clases magistrales. En 1945, Jean acept\u00f3 el&nbsp;<strong><a href=\"https:\/\/www.dallassymphony.org\/es\/community-education\/dso-kids\/listen-watch\/instruments\/organ\/\">organista<\/a><\/strong>&nbsp;posici\u00f3n en la Bas\u00edlica de Santa Clotilde en Par\u00eds. Jean permaneci\u00f3 en este puesto hasta 1987, retir\u00e1ndose de la Bas\u00edlica a la edad de 80 a\u00f1os.<\/p>\n\n\n\n<p>Jean compuso m\u00e1s de 254 obras. Es m\u00e1s conocido por sus obras para&nbsp;<strong><a href=\"https:\/\/www.dallassymphony.org\/es\/community-education\/dso-kids\/listen-watch\/instruments\/organ\/\">\u00f3rgano<\/a><\/strong>&nbsp;y la m\u00fasica coral sagrada. Tambi\u00e9n escribi\u00f3 piezas para otros instrumentos y peque\u00f1os conjuntos de c\u00e1mara.<\/p>\n\n\n\n<p>Jean Langlais muri\u00f3 en Par\u00eds, Francia, a la edad de 84 a\u00f1os el 8 de mayo de 1991. \u00a1Habr\u00eda celebrado su centenario en 2007!<\/p>\n\n\n\t\t\t<\/div>\n\t\t<\/div>\n\t<\/div>\n\n<\/div>\n\n\n<div class=\"richtext m-spacer\">\n\t<div class=\"container\">\n\t\t<div class=\"row\">\n\t\t\t<div class=\"col-10\">\n\t\t\t\t\n\n<div class=\"wp-block-columns is-layout-flex wp-container-core-columns-is-layout-9d6595d7 wp-block-columns-is-layout-flex\">\n<div class=\"wp-block-column is-layout-flow wp-block-column-is-layout-flow\">\n<iframe loading=\"lazy\" width=\"100%\" height=\"166\" scrolling=\"no\" frameborder=\"no\" allow=\"autoplay\" src=\"https:\/\/w.soundcloud.com\/player\/?url=https%3A\/\/api.soundcloud.com\/tracks\/304637286&amp;color=%23ff5500&amp;auto_play=false&amp;hide_related=true&amp;show_comments=false&amp;show_user=true&amp;show_reposts=false&amp;show_teaser=false\"><\/iframe>\n<\/div>\n<\/div>\n\n\n\t\t\t<\/div>\n\t\t<\/div>\n\t<\/div>\n\n<\/div>\n\n\n<div class=\"richtext m-spacer\">\n\t<div class=\"container\">\n\t\t<div class=\"row\">\n\t\t\t<div class=\"col-10\">\n\t\t\t\t\n<div class=\"richtext m-spacer\">\n\t<div class=\"container\">\n\t\t<div class=\"row\">\n\t\t\t<div class=\"col-10\">\n\t\t\t\t\n\t\t\t<\/div>\n\t\t<\/div>\n\t<\/div>\n\n<\/div>\n\n\n\t\t\t<\/div>\n\t\t<\/div>\n\t<\/div>\n\n<\/div>","protected":false},"excerpt":{"rendered":"<p>El compositor y organista franc\u00e9s, Jean Langlais, naci\u00f3 en el seno de una sencilla familia campesina que estableci\u00f3 su hogar en La Fontelle, Francia. A la temprana edad de 2 a\u00f1os, Jean perdi\u00f3 la vista y fue enviado a estudiar al Instituto Nacional para J\u00f3venes Ciegos.<\/p>","protected":false},"author":3,"featured_media":9054,"parent":592,"menu_order":0,"comment_status":"closed","ping_status":"closed","template":"","meta":{"_acf_changed":false,"footnotes":""},"class_list":["post-1084","page","type-page","status-publish","has-post-thumbnail","hentry"],"acf":[],"_links":{"self":[{"href":"https:\/\/www.dallassymphony.org\/es\/wp-json\/wp\/v2\/pages\/1084","targetHints":{"allow":["GET"]}}],"collection":[{"href":"https:\/\/www.dallassymphony.org\/es\/wp-json\/wp\/v2\/pages"}],"about":[{"href":"https:\/\/www.dallassymphony.org\/es\/wp-json\/wp\/v2\/types\/page"}],"author":[{"embeddable":true,"href":"https:\/\/www.dallassymphony.org\/es\/wp-json\/wp\/v2\/users\/3"}],"replies":[{"embeddable":true,"href":"https:\/\/www.dallassymphony.org\/es\/wp-json\/wp\/v2\/comments?post=1084"}],"version-history":[{"count":0,"href":"https:\/\/www.dallassymphony.org\/es\/wp-json\/wp\/v2\/pages\/1084\/revisions"}],"up":[{"embeddable":true,"href":"https:\/\/www.dallassymphony.org\/es\/wp-json\/wp\/v2\/pages\/592"}],"wp:featuredmedia":[{"embeddable":true,"href":"https:\/\/www.dallassymphony.org\/es\/wp-json\/wp\/v2\/media\/9054"}],"wp:attachment":[{"href":"https:\/\/www.dallassymphony.org\/es\/wp-json\/wp\/v2\/media?parent=1084"}],"curies":[{"name":"wp","href":"https:\/\/api.w.org\/{rel}","templated":true}]}}