{"id":1044,"date":"2020-11-17T11:05:45","date_gmt":"2020-11-17T16:05:45","guid":{"rendered":"https:\/\/www.dallassymphony.org\/?page_id=1044"},"modified":"2022-05-05T16:25:24","modified_gmt":"2022-05-05T21:25:24","slug":"camille-saint-saens","status":"publish","type":"page","link":"https:\/\/www.dallassymphony.org\/es\/community-education\/dso-kids\/listen-watch\/composers\/camille-saint-saens\/","title":{"rendered":"Camille Saint-Sa\u00ebns"},"content":{"rendered":"<div class=\"hero__no-img bg-blue-8\">\n\t<div class=\"container\">\n\t\t<div class=\"row\">\n\t\t\t<div class=\"col-md-10\">\n\n\t\t\t\t<ul class=\"breadcrumbs\">\n    \t<li class=\"breadcrumb__link\">\n\t\t<a class=\"a-hover\" href=\"https:\/\/www.dallassymphony.org\/es\/\">Inicio<\/a>\n\t<\/li>\n    \t<li class=\"breadcrumb__link a-styles\">\n\t\t<a class=\"a-hover\" href=\"https:\/\/www.dallassymphony.org\/es\/community-education\/\">Educaci\u00f3n y Comunidad<\/a>\n\t<\/li>\n    \t<li class=\"breadcrumb__link a-styles\">\n\t\t<a class=\"a-hover\" href=\"https:\/\/www.dallassymphony.org\/es\/community-education\/dso-kids\/\">Para escuelas y profesores<\/a>\n\t<\/li>\n    \t<li class=\"breadcrumb__link a-styles\">\n\t\t<a class=\"a-hover\" href=\"https:\/\/www.dallassymphony.org\/es\/community-education\/dso-kids\/listen-watch\/\">Escuchar y ver<\/a>\n\t<\/li>\n    \t<li class=\"breadcrumb__link a-styles\">\n\t\t<a class=\"a-hover\" href=\"https:\/\/www.dallassymphony.org\/es\/community-education\/dso-kids\/listen-watch\/composers\/\">Compositores<\/a>\n\t<\/li>\n    <\/ul>\n\n                \t\t\t\t<h1>\n                    <span >Camille Saint-Sa\u00ebns<\/span>\n                <\/h1>\n                \t\t\t<\/div>\n\t\t<\/div>\n\t<\/div>\n<\/div>\n\n\n<div class=\"text-img text-img--left\">\n\t<div class=\"container\">\n\t\t<div class=\"row\">\n\t\t\t<div class=\"col-lg-12\">\n\t\t\t\t<div class=\"text-img__wrapper\">\n\t\t\t\t\t<h1><\/h1>\n\n                    <img loading=\"lazy\" decoding=\"async\" width=\"666\" height=\"375\" src=\"https:\/\/www.dallassymphony.org\/wp-content\/uploads\/2022\/05\/Camille-Saint-Saens-666x375.jpg\" class=\"d-xl-none d-block\" alt=\"Camille Saint-Sa\u00ebns\" srcset=\"https:\/\/www.dallassymphony.org\/wp-content\/uploads\/2022\/05\/Camille-Saint-Saens-666x375.jpg 666w, https:\/\/www.dallassymphony.org\/wp-content\/uploads\/2022\/05\/Camille-Saint-Saens-300x169.jpg 300w, https:\/\/www.dallassymphony.org\/wp-content\/uploads\/2022\/05\/Camille-Saint-Saens-1024x576.jpg 1024w, https:\/\/www.dallassymphony.org\/wp-content\/uploads\/2022\/05\/Camille-Saint-Saens-768x432.jpg 768w, https:\/\/www.dallassymphony.org\/wp-content\/uploads\/2022\/05\/Camille-Saint-Saens-1536x864.jpg 1536w, https:\/\/www.dallassymphony.org\/wp-content\/uploads\/2022\/05\/Camille-Saint-Saens-18x10.jpg 18w, https:\/\/www.dallassymphony.org\/wp-content\/uploads\/2022\/05\/Camille-Saint-Saens-388x218.jpg 388w, https:\/\/www.dallassymphony.org\/wp-content\/uploads\/2022\/05\/Camille-Saint-Saens-540x303.jpg 540w, https:\/\/www.dallassymphony.org\/wp-content\/uploads\/2022\/05\/Camille-Saint-Saens-735x413.jpg 735w, https:\/\/www.dallassymphony.org\/wp-content\/uploads\/2022\/05\/Camille-Saint-Saens.jpg 1600w\" sizes=\"auto, (max-width: 666px) 100vw, 666px\" \/>\n\t\t\t\t\t<h5 id=\"h-dates\">FECHAS<\/h5>\n<p>Nacido el 9 de octubre de 1835 en Par\u00eds, Francia<br \/>\nFalleci\u00f3 el 16 de diciembre de 1921 en Argel (Argelia)<\/p>\n<h5 id=\"h-nationality\">NACIONALIDAD<\/h5>\n<p>Franc\u00e9s<\/p>\n<h5 id=\"h-style-period\">ESTILO\/PERIODO<\/h5>\n<p>Rom\u00e1ntico 1820-1910<\/p>\n<h5 id=\"h-famous-works\">OBRAS FAMOSAS<\/h5>\n<p>Carnaval de los Animales, varias obras orquestales, de c\u00e1mara, corales y oper\u00edsticas.<\/p>\n\n                    \n                <\/div>\n                <img loading=\"lazy\" decoding=\"async\" width=\"1600\" height=\"900\" src=\"https:\/\/www.dallassymphony.org\/wp-content\/uploads\/2022\/05\/Camille-Saint-Saens-1600x900.jpg\" class=\"d-none d-xl-block\" alt=\"Camille Saint-Sa\u00ebns\" srcset=\"https:\/\/www.dallassymphony.org\/wp-content\/uploads\/2022\/05\/Camille-Saint-Saens.jpg 1600w, https:\/\/www.dallassymphony.org\/wp-content\/uploads\/2022\/05\/Camille-Saint-Saens-300x169.jpg 300w, https:\/\/www.dallassymphony.org\/wp-content\/uploads\/2022\/05\/Camille-Saint-Saens-1024x576.jpg 1024w, https:\/\/www.dallassymphony.org\/wp-content\/uploads\/2022\/05\/Camille-Saint-Saens-768x432.jpg 768w, https:\/\/www.dallassymphony.org\/wp-content\/uploads\/2022\/05\/Camille-Saint-Saens-1536x864.jpg 1536w, https:\/\/www.dallassymphony.org\/wp-content\/uploads\/2022\/05\/Camille-Saint-Saens-18x10.jpg 18w, https:\/\/www.dallassymphony.org\/wp-content\/uploads\/2022\/05\/Camille-Saint-Saens-388x218.jpg 388w, https:\/\/www.dallassymphony.org\/wp-content\/uploads\/2022\/05\/Camille-Saint-Saens-540x303.jpg 540w, https:\/\/www.dallassymphony.org\/wp-content\/uploads\/2022\/05\/Camille-Saint-Saens-666x375.jpg 666w, https:\/\/www.dallassymphony.org\/wp-content\/uploads\/2022\/05\/Camille-Saint-Saens-735x413.jpg 735w\" sizes=\"auto, (max-width: 1600px) 100vw, 1600px\" \/>\t\t\t<\/div>\n\t\t<\/div>\n\t<\/div>\n<\/div>\n\n\n<div class=\"richtext m-spacer\">\n\t<div class=\"container\">\n\t\t<div class=\"row\">\n\t\t\t<div class=\"col-10\">\n\t\t\t\t\n\n<iframe loading=\"lazy\" width=\"50%\" height=\"20\" scrolling=\"no\" frameborder=\"no\" allow=\"autoplay\" src=\"https:\/\/w.soundcloud.com\/player\/?url=https%3A\/\/api.soundcloud.com\/tracks\/296731920&amp;color=%23ff5500&amp;inverse=false&amp;auto_play=false&amp;show_user=true\"><\/iframe>\n\n\n\n<div style=\"height:50px\" aria-hidden=\"true\" class=\"wp-block-spacer\"><\/div>\n\n\n\t\t\t<\/div>\n\t\t<\/div>\n\t<\/div>\n\n<\/div>\n\n\n<div class=\"richtext m-spacer\">\n\t<div class=\"container\">\n\t\t<div class=\"row\">\n\t\t\t<div class=\"col-10\">\n\t\t\t\t\n\n<hr class=\"wp-block-separator\"\/>\n\n\n\n<h3 class=\"wp-block-heading\" id=\"h-biography\">BIOGRAF\u00cdA<\/h3>\n\n\n\n<hr class=\"wp-block-separator\"\/>\n\n\n\n<p>Cuando Camille Saint-Sa\u00ebns era s\u00f3lo un ni\u00f1o, su madre y su t\u00eda abuela comenzaron a ense\u00f1arle m\u00fasica. S\u00f3lo ten\u00eda cinco a\u00f1os cuando dio su primer concierto en p\u00fablico.&nbsp;<strong><a href=\"https:\/\/www.dallassymphony.org\/es\/community-education\/dso-kids\/listen-watch\/instruments\/piano\/\">piano<\/a><\/strong>&nbsp;...de la actuaci\u00f3n. A los siete a\u00f1os, empez\u00f3 a estudiar con otros profesores, y ya hab\u00eda empezado a componer su propia m\u00fasica. Se convirti\u00f3 en uno de los m\u00e1s famosos compositores franceses.<\/p>\n\n\n\n<p>A Saint-Sa\u00ebns tambi\u00e9n le gustaba escribir poes\u00eda, art\u00edculos cient\u00edficos y ensayos sobre m\u00fasica. A veces se ganaba enemigos porque insultaba a sus compa\u00f1eros m\u00fasicos cuando escrib\u00eda sobre ellos.<\/p>\n\n\n\n<p>Una de las composiciones m\u00e1s conocidas de Saint-Sa\u00ebns,&nbsp;<em>El Carnaval de los Animales<\/em>fue escrito originalmente para burlarse de algunos de sus amigos. Ahora, es disfrutado por ni\u00f1os de todo el mundo por los dibujos que pinta de animales.<\/p>\n\n\n\t\t\t<\/div>\n\t\t<\/div>\n\t<\/div>\n\n<\/div>\n\n\n<div class=\"richtext m-spacer\">\n\t<div class=\"container\">\n\t\t<div class=\"row\">\n\t\t\t<div class=\"col-10\">\n\t\t\t\t\n\n<div class=\"wp-block-columns is-layout-flex wp-container-core-columns-is-layout-9d6595d7 wp-block-columns-is-layout-flex\">\n<div class=\"wp-block-column is-layout-flow wp-block-column-is-layout-flow\">\n<iframe loading=\"lazy\" width=\"100%\" height=\"166\" scrolling=\"no\" frameborder=\"no\" allow=\"autoplay\" src=\"https:\/\/w.soundcloud.com\/player\/?url=https%3A\/\/api.soundcloud.com\/tracks\/296732155&amp;color=%23ff5500&amp;auto_play=false&amp;hide_related=true&amp;show_comments=false&amp;show_user=true&amp;show_reposts=false&amp;show_teaser=false\"><\/iframe>\n<\/div>\n<\/div>\n\n\n\t\t\t<\/div>\n\t\t<\/div>\n\t<\/div>\n\n<\/div>\n\n\n<div class=\"richtext m-spacer\">\n\t<div class=\"container\">\n\t\t<div class=\"row\">\n\t\t\t<div class=\"col-10\">\n\t\t\t\t\n<div class=\"richtext m-spacer\">\n\t<div class=\"container\">\n\t\t<div class=\"row\">\n\t\t\t<div class=\"col-10\">\n\t\t\t\t\n\t\t\t<\/div>\n\t\t<\/div>\n\t<\/div>\n\n<\/div>\n\n\n\t\t\t<\/div>\n\t\t<\/div>\n\t<\/div>\n\n<\/div>","protected":false},"excerpt":{"rendered":"<p>Cuando Camille Saint-Sa\u00ebns era s\u00f3lo un ni\u00f1o, su madre y su t\u00eda abuela comenzaron a ense\u00f1arle m\u00fasica. Ten\u00eda s\u00f3lo cinco a\u00f1os cuando dio su primera actuaci\u00f3n p\u00fablica de piano.<\/p>","protected":false},"author":3,"featured_media":8881,"parent":592,"menu_order":0,"comment_status":"closed","ping_status":"closed","template":"","meta":{"_acf_changed":false,"footnotes":""},"class_list":["post-1044","page","type-page","status-publish","has-post-thumbnail","hentry"],"acf":[],"_links":{"self":[{"href":"https:\/\/www.dallassymphony.org\/es\/wp-json\/wp\/v2\/pages\/1044","targetHints":{"allow":["GET"]}}],"collection":[{"href":"https:\/\/www.dallassymphony.org\/es\/wp-json\/wp\/v2\/pages"}],"about":[{"href":"https:\/\/www.dallassymphony.org\/es\/wp-json\/wp\/v2\/types\/page"}],"author":[{"embeddable":true,"href":"https:\/\/www.dallassymphony.org\/es\/wp-json\/wp\/v2\/users\/3"}],"replies":[{"embeddable":true,"href":"https:\/\/www.dallassymphony.org\/es\/wp-json\/wp\/v2\/comments?post=1044"}],"version-history":[{"count":0,"href":"https:\/\/www.dallassymphony.org\/es\/wp-json\/wp\/v2\/pages\/1044\/revisions"}],"up":[{"embeddable":true,"href":"https:\/\/www.dallassymphony.org\/es\/wp-json\/wp\/v2\/pages\/592"}],"wp:featuredmedia":[{"embeddable":true,"href":"https:\/\/www.dallassymphony.org\/es\/wp-json\/wp\/v2\/media\/8881"}],"wp:attachment":[{"href":"https:\/\/www.dallassymphony.org\/es\/wp-json\/wp\/v2\/media?parent=1044"}],"curies":[{"name":"wp","href":"https:\/\/api.w.org\/{rel}","templated":true}]}}