{"id":1033,"date":"2020-11-17T11:03:56","date_gmt":"2020-11-17T16:03:56","guid":{"rendered":"https:\/\/www.dallassymphony.org\/?page_id=1033"},"modified":"2022-05-05T14:59:56","modified_gmt":"2022-05-05T19:59:56","slug":"franz-liszt","status":"publish","type":"page","link":"https:\/\/www.dallassymphony.org\/es\/community-education\/dso-kids\/listen-watch\/composers\/franz-liszt\/","title":{"rendered":"Franz Liszt"},"content":{"rendered":"<div class=\"hero__no-img bg-blue-8\">\n\t<div class=\"container\">\n\t\t<div class=\"row\">\n\t\t\t<div class=\"col-md-10\">\n\n\t\t\t\t<ul class=\"breadcrumbs\">\n    \t<li class=\"breadcrumb__link\">\n\t\t<a class=\"a-hover\" href=\"https:\/\/www.dallassymphony.org\/es\/\">Inicio<\/a>\n\t<\/li>\n    \t<li class=\"breadcrumb__link a-styles\">\n\t\t<a class=\"a-hover\" href=\"https:\/\/www.dallassymphony.org\/es\/community-education\/\">Educaci\u00f3n y Comunidad<\/a>\n\t<\/li>\n    \t<li class=\"breadcrumb__link a-styles\">\n\t\t<a class=\"a-hover\" href=\"https:\/\/www.dallassymphony.org\/es\/community-education\/dso-kids\/\">Para escuelas y profesores<\/a>\n\t<\/li>\n    \t<li class=\"breadcrumb__link a-styles\">\n\t\t<a class=\"a-hover\" href=\"https:\/\/www.dallassymphony.org\/es\/community-education\/dso-kids\/listen-watch\/\">Escuchar y ver<\/a>\n\t<\/li>\n    \t<li class=\"breadcrumb__link a-styles\">\n\t\t<a class=\"a-hover\" href=\"https:\/\/www.dallassymphony.org\/es\/community-education\/dso-kids\/listen-watch\/composers\/\">Compositores<\/a>\n\t<\/li>\n    <\/ul>\n\n                \t\t\t\t<h1>\n                    <span >Franz Liszt<\/span>\n                <\/h1>\n                \t\t\t<\/div>\n\t\t<\/div>\n\t<\/div>\n<\/div>\n\n\n<div class=\"text-img text-img--left\">\n\t<div class=\"container\">\n\t\t<div class=\"row\">\n\t\t\t<div class=\"col-lg-12\">\n\t\t\t\t<div class=\"text-img__wrapper\">\n\t\t\t\t\t<h1><\/h1>\n\n                    <img loading=\"lazy\" decoding=\"async\" width=\"666\" height=\"375\" src=\"https:\/\/www.dallassymphony.org\/wp-content\/uploads\/2022\/05\/Franz-Liszt-666x375.jpg\" class=\"d-xl-none d-block\" alt=\"Franz Liszt\" srcset=\"https:\/\/www.dallassymphony.org\/wp-content\/uploads\/2022\/05\/Franz-Liszt-666x375.jpg 666w, https:\/\/www.dallassymphony.org\/wp-content\/uploads\/2022\/05\/Franz-Liszt-300x169.jpg 300w, https:\/\/www.dallassymphony.org\/wp-content\/uploads\/2022\/05\/Franz-Liszt-1024x576.jpg 1024w, https:\/\/www.dallassymphony.org\/wp-content\/uploads\/2022\/05\/Franz-Liszt-768x432.jpg 768w, https:\/\/www.dallassymphony.org\/wp-content\/uploads\/2022\/05\/Franz-Liszt-1536x864.jpg 1536w, https:\/\/www.dallassymphony.org\/wp-content\/uploads\/2022\/05\/Franz-Liszt-18x10.jpg 18w, https:\/\/www.dallassymphony.org\/wp-content\/uploads\/2022\/05\/Franz-Liszt-388x218.jpg 388w, https:\/\/www.dallassymphony.org\/wp-content\/uploads\/2022\/05\/Franz-Liszt-540x303.jpg 540w, https:\/\/www.dallassymphony.org\/wp-content\/uploads\/2022\/05\/Franz-Liszt-735x413.jpg 735w, https:\/\/www.dallassymphony.org\/wp-content\/uploads\/2022\/05\/Franz-Liszt.jpg 1600w\" sizes=\"auto, (max-width: 666px) 100vw, 666px\" \/>\n\t\t\t\t\t<h5 id=\"h-dates\">FECHAS<\/h5>\n<p>Nacido el 22 de octubre de 1811 en Sopron, Hungr\u00eda<br \/>\nFalleci\u00f3 el 31 de julio de 1886 en Bayreuth, Alemania<\/p>\n<h5 id=\"h-nationality\">NACIONALIDAD<\/h5>\n<p>H\u00fangaro<\/p>\n<h5 id=\"h-style-period\">ESTILO\/PERIODO<\/h5>\n<p>Rom\u00e1ntico 1820-1910<\/p>\n<h5 id=\"h-famous-works\">OBRAS FAMOSAS<\/h5>\n<p>Sinfon\u00eda Fausto, Totentanz, Liebestr\u00e4ume, Rapsodias H\u00fangaras<\/p>\n\n                    \n                <\/div>\n                <img loading=\"lazy\" decoding=\"async\" width=\"1600\" height=\"900\" src=\"https:\/\/www.dallassymphony.org\/wp-content\/uploads\/2022\/05\/Franz-Liszt-1600x900.jpg\" class=\"d-none d-xl-block\" alt=\"Franz Liszt\" srcset=\"https:\/\/www.dallassymphony.org\/wp-content\/uploads\/2022\/05\/Franz-Liszt.jpg 1600w, https:\/\/www.dallassymphony.org\/wp-content\/uploads\/2022\/05\/Franz-Liszt-300x169.jpg 300w, https:\/\/www.dallassymphony.org\/wp-content\/uploads\/2022\/05\/Franz-Liszt-1024x576.jpg 1024w, https:\/\/www.dallassymphony.org\/wp-content\/uploads\/2022\/05\/Franz-Liszt-768x432.jpg 768w, https:\/\/www.dallassymphony.org\/wp-content\/uploads\/2022\/05\/Franz-Liszt-1536x864.jpg 1536w, https:\/\/www.dallassymphony.org\/wp-content\/uploads\/2022\/05\/Franz-Liszt-18x10.jpg 18w, https:\/\/www.dallassymphony.org\/wp-content\/uploads\/2022\/05\/Franz-Liszt-388x218.jpg 388w, https:\/\/www.dallassymphony.org\/wp-content\/uploads\/2022\/05\/Franz-Liszt-540x303.jpg 540w, https:\/\/www.dallassymphony.org\/wp-content\/uploads\/2022\/05\/Franz-Liszt-666x375.jpg 666w, https:\/\/www.dallassymphony.org\/wp-content\/uploads\/2022\/05\/Franz-Liszt-735x413.jpg 735w\" sizes=\"auto, (max-width: 1600px) 100vw, 1600px\" \/>\t\t\t<\/div>\n\t\t<\/div>\n\t<\/div>\n<\/div>\n\n\n<div class=\"richtext m-spacer\">\n\t<div class=\"container\">\n\t\t<div class=\"row\">\n\t\t\t<div class=\"col-10\">\n\t\t\t\t\n\n<iframe loading=\"lazy\" width=\"50%\" height=\"20\" scrolling=\"no\" frameborder=\"no\" allow=\"autoplay\" src=\"https:\/\/w.soundcloud.com\/player\/?url=https%3A\/\/api.soundcloud.com\/tracks\/296390755&amp;color=%23ff5500&amp;inverse=false&amp;auto_play=false&amp;show_user=true\"><\/iframe>\n\n\n\n<div style=\"height:50px\" aria-hidden=\"true\" class=\"wp-block-spacer\"><\/div>\n\n\n\t\t\t<\/div>\n\t\t<\/div>\n\t<\/div>\n\n<\/div>\n\n\n<div class=\"richtext m-spacer\">\n\t<div class=\"container\">\n\t\t<div class=\"row\">\n\t\t\t<div class=\"col-10\">\n\t\t\t\t\n\n<hr class=\"wp-block-separator\"\/>\n\n\n\n<h3 class=\"wp-block-heading\" id=\"h-biography\">BIOGRAF\u00cdA<\/h3>\n\n\n\n<hr class=\"wp-block-separator\"\/>\n\n\n\n<p>Franz Liszt naci\u00f3 el 22 de octubre de 1811 de Adam Liszt, un talentoso m\u00fasico aficionado y funcionario de la corte al servicio del Pr\u00edncipe de Hungr\u00eda. Adam tocaba&nbsp;<strong><a href=\"https:\/\/www.dallassymphony.org\/es\/community-education\/dso-kids\/listen-watch\/instruments\/cello\/\">cello<\/a><\/strong>&nbsp;en la orquesta de la corte, y a menudo tocaba el&nbsp;<strong><a href=\"https:\/\/www.dallassymphony.org\/es\/community-education\/dso-kids\/listen-watch\/instruments\/piano\/\">piano<\/a><\/strong>&nbsp;en casa. Cuando Franz ten\u00eda seis a\u00f1os, empez\u00f3 a escuchar atentamente a su padre&nbsp;<strong><a href=\"https:\/\/www.dallassymphony.org\/es\/community-education\/dso-kids\/listen-watch\/instruments\/piano\/\">piano<\/a><\/strong>&nbsp;jugando, y comenz\u00f3 a tomar lecciones de \u00e9l a los siete a\u00f1os. Franz empez\u00f3 a componer y a actuar en p\u00fablico cuando ten\u00eda ocho a\u00f1os.&nbsp;<\/p>\n\n\n\n<p>En 1821, la familia Liszt se traslad\u00f3 a Viena, donde Franz pudo estudiar con m\u00fasicos conocidos como Czerny y Salieri, el director de m\u00fasica de la corte vienesa. Despu\u00e9s de una actuaci\u00f3n en 1823, Liszt conoci\u00f3&nbsp;<strong><a href=\"https:\/\/www.dallassymphony.org\/es\/community-education\/dso-kids\/listen-watch\/composers\/ludwig-van-beethoven\/\">Beethoven<\/a><\/strong>que lo bes\u00f3 en la frente! Liszt record\u00f3&nbsp;<strong><a href=\"https:\/\/www.dallassymphony.org\/es\/community-education\/dso-kids\/listen-watch\/composers\/ludwig-van-beethoven\/\">Beethoven<\/a><\/strong>&nbsp;y contaron la historia de su encuentro en los a\u00f1os venideros.&nbsp;<\/p>\n\n\n\n<p>Liszt fue la primera persona en dar un&nbsp;<strong><a href=\"https:\/\/www.dallassymphony.org\/es\/community-education\/dso-kids\/listen-watch\/instruments\/piano\/\">piano<\/a><\/strong>&nbsp;recital-un concierto que cont\u00f3 con&nbsp;<strong><a href=\"https:\/\/www.dallassymphony.org\/es\/community-education\/dso-kids\/listen-watch\/instruments\/piano\/\">piano<\/a><\/strong>&nbsp;m\u00fasica exclusivamente. De hecho, Liszt pas\u00f3 la mayor parte de su vida viajando por Europa dando&nbsp;<strong><a href=\"https:\/\/www.dallassymphony.org\/es\/community-education\/dso-kids\/listen-watch\/instruments\/piano\/\">piano<\/a>&nbsp;<\/strong>recitales. A menudo se presentaba en concierto tres o cuatro veces por semana, y se estima que dio m\u00e1s de mil conciertos p\u00fablicos en ocho a\u00f1os! Liszt era un maravilloso&nbsp;<strong><a href=\"https:\/\/www.dallassymphony.org\/es\/community-education\/dso-kids\/listen-watch\/instruments\/piano\/\">pianista<\/a><\/strong>&nbsp;y un excitante artista. Cuando tocaba, trataba de hacer que el&nbsp;<strong><a href=\"https:\/\/www.dallassymphony.org\/es\/community-education\/dso-kids\/listen-watch\/instruments\/piano\/\">piano<\/a><\/strong>&nbsp;sonar como toda una orquesta. Las actuaciones de Liszt eran tan emocionantes que hac\u00edan que el p\u00fablico se pusiera hist\u00e9rico, como los Beatles o Elvis, pero muchos a\u00f1os antes.&nbsp;<\/p>\n\n\n\n<p>En 1842, Liszt se estableci\u00f3 y comenz\u00f3 a centrarse en la composici\u00f3n y la direcci\u00f3n de orquesta. Como verdadero compositor rom\u00e1ntico, Liszt dej\u00f3 de lado las formas de la m\u00fasica cl\u00e1sica y desarroll\u00f3 las suyas propias. Liszt desarroll\u00f3 el poema sinf\u00f3nico, una pieza de un solo movimiento para orquesta que se basa en algo ajeno a la m\u00fasica, como un poema, una pintura, la historia o la mitolog\u00eda. Tambi\u00e9n desarroll\u00f3 la \"transformaci\u00f3n de temas\", un m\u00e9todo en el que una idea corta se repite una y otra vez durante toda una pieza. El tema se repite con ritmos, armon\u00edas y ornamentaciones diferentes cada vez.&nbsp;<\/p>\n\n\n\n<p>Liszt muri\u00f3 de neumon\u00eda cuando ten\u00eda 74 a\u00f1os. Es recordado como el m\u00e1s grande&nbsp;<strong><a href=\"https:\/\/www.dallassymphony.org\/es\/community-education\/dso-kids\/listen-watch\/instruments\/piano\/\">piano<\/a><\/strong>&nbsp;jugador de su tiempo, y posiblemente el m\u00e1s grande&nbsp;<strong><a href=\"https:\/\/www.dallassymphony.org\/es\/community-education\/dso-kids\/listen-watch\/instruments\/piano\/\">piano<\/a><\/strong>&nbsp;jugador nunca! Liszt es tambi\u00e9n recordado como uno de los dos grandes compositores h\u00fangaros, junto con&nbsp;<strong><a href=\"https:\/\/www.dallassymphony.org\/es\/community-education\/dso-kids\/listen-watch\/composers\/bela-bartok\/\">Bel\u00e1 B\u00e1rtok<\/a><\/strong>. El p\u00fablico moderno reconoce la Rapsodia H\u00fangara n\u00ba 2 de Liszt por \"Rapsodia Conejo\", un dibujo animado en el que Bugs Bunny dirige la obra maestra de Liszt.<\/p>\n\n\n\t\t\t<\/div>\n\t\t<\/div>\n\t<\/div>\n\n<\/div>","protected":false},"excerpt":{"rendered":"<p>Franz Liszt naci\u00f3 el 22 de octubre de 1811 de Adam Liszt, un talentoso m\u00fasico aficionado y funcionario de la corte al servicio del Pr\u00edncipe de Hungr\u00eda. Adam tocaba el violonchelo en la orquesta de la corte, y a menudo tocaba el piano en casa.<\/p>","protected":false},"author":3,"featured_media":8873,"parent":592,"menu_order":0,"comment_status":"closed","ping_status":"closed","template":"","meta":{"_acf_changed":false,"footnotes":""},"class_list":["post-1033","page","type-page","status-publish","has-post-thumbnail","hentry"],"acf":[],"_links":{"self":[{"href":"https:\/\/www.dallassymphony.org\/es\/wp-json\/wp\/v2\/pages\/1033","targetHints":{"allow":["GET"]}}],"collection":[{"href":"https:\/\/www.dallassymphony.org\/es\/wp-json\/wp\/v2\/pages"}],"about":[{"href":"https:\/\/www.dallassymphony.org\/es\/wp-json\/wp\/v2\/types\/page"}],"author":[{"embeddable":true,"href":"https:\/\/www.dallassymphony.org\/es\/wp-json\/wp\/v2\/users\/3"}],"replies":[{"embeddable":true,"href":"https:\/\/www.dallassymphony.org\/es\/wp-json\/wp\/v2\/comments?post=1033"}],"version-history":[{"count":0,"href":"https:\/\/www.dallassymphony.org\/es\/wp-json\/wp\/v2\/pages\/1033\/revisions"}],"up":[{"embeddable":true,"href":"https:\/\/www.dallassymphony.org\/es\/wp-json\/wp\/v2\/pages\/592"}],"wp:featuredmedia":[{"embeddable":true,"href":"https:\/\/www.dallassymphony.org\/es\/wp-json\/wp\/v2\/media\/8873"}],"wp:attachment":[{"href":"https:\/\/www.dallassymphony.org\/es\/wp-json\/wp\/v2\/media?parent=1033"}],"curies":[{"name":"wp","href":"https:\/\/api.w.org\/{rel}","templated":true}]}}