{"id":1018,"date":"2020-11-17T11:00:17","date_gmt":"2020-11-17T16:00:17","guid":{"rendered":"https:\/\/www.dallassymphony.org\/?page_id=1018"},"modified":"2022-05-04T14:05:07","modified_gmt":"2022-05-04T19:05:07","slug":"wolfgang-amadeus-mozart","status":"publish","type":"page","link":"https:\/\/www.dallassymphony.org\/es\/community-education\/dso-kids\/listen-watch\/composers\/wolfgang-amadeus-mozart\/","title":{"rendered":"Wolfgang Amadeus Mozart"},"content":{"rendered":"<div class=\"hero__no-img bg-blue-8\">\n\t<div class=\"container\">\n\t\t<div class=\"row\">\n\t\t\t<div class=\"col-md-10\">\n\n\t\t\t\t<ul class=\"breadcrumbs\">\n    \t<li class=\"breadcrumb__link\">\n\t\t<a class=\"a-hover\" href=\"https:\/\/www.dallassymphony.org\/es\/\">Inicio<\/a>\n\t<\/li>\n    \t<li class=\"breadcrumb__link a-styles\">\n\t\t<a class=\"a-hover\" href=\"https:\/\/www.dallassymphony.org\/es\/community-education\/\">Educaci\u00f3n y Comunidad<\/a>\n\t<\/li>\n    \t<li class=\"breadcrumb__link a-styles\">\n\t\t<a class=\"a-hover\" href=\"https:\/\/www.dallassymphony.org\/es\/community-education\/dso-kids\/\">Para escuelas y profesores<\/a>\n\t<\/li>\n    \t<li class=\"breadcrumb__link a-styles\">\n\t\t<a class=\"a-hover\" href=\"https:\/\/www.dallassymphony.org\/es\/community-education\/dso-kids\/listen-watch\/\">Escuchar y ver<\/a>\n\t<\/li>\n    \t<li class=\"breadcrumb__link a-styles\">\n\t\t<a class=\"a-hover\" href=\"https:\/\/www.dallassymphony.org\/es\/community-education\/dso-kids\/listen-watch\/composers\/\">Compositores<\/a>\n\t<\/li>\n    <\/ul>\n\n                \t\t\t\t<h1>\n                    <span >Wolfgang Amadeus Mozart<\/span>\n                <\/h1>\n                \t\t\t<\/div>\n\t\t<\/div>\n\t<\/div>\n<\/div>\n\n\n<div class=\"text-img text-img--left\">\n\t<div class=\"container\">\n\t\t<div class=\"row\">\n\t\t\t<div class=\"col-lg-12\">\n\t\t\t\t<div class=\"text-img__wrapper\">\n\t\t\t\t\t<h1><\/h1>\n\n                    <img loading=\"lazy\" decoding=\"async\" width=\"666\" height=\"375\" src=\"https:\/\/www.dallassymphony.org\/wp-content\/uploads\/2022\/04\/Wolfgang-Amadeus-Mozart-666x375.jpg\" class=\"d-xl-none d-block\" alt=\"Wolfgang Amadeus Mozart\" srcset=\"https:\/\/www.dallassymphony.org\/wp-content\/uploads\/2022\/04\/Wolfgang-Amadeus-Mozart-666x375.jpg 666w, https:\/\/www.dallassymphony.org\/wp-content\/uploads\/2022\/04\/Wolfgang-Amadeus-Mozart-300x169.jpg 300w, https:\/\/www.dallassymphony.org\/wp-content\/uploads\/2022\/04\/Wolfgang-Amadeus-Mozart-1024x576.jpg 1024w, https:\/\/www.dallassymphony.org\/wp-content\/uploads\/2022\/04\/Wolfgang-Amadeus-Mozart-768x432.jpg 768w, https:\/\/www.dallassymphony.org\/wp-content\/uploads\/2022\/04\/Wolfgang-Amadeus-Mozart-1536x864.jpg 1536w, https:\/\/www.dallassymphony.org\/wp-content\/uploads\/2022\/04\/Wolfgang-Amadeus-Mozart-18x10.jpg 18w, https:\/\/www.dallassymphony.org\/wp-content\/uploads\/2022\/04\/Wolfgang-Amadeus-Mozart-388x218.jpg 388w, https:\/\/www.dallassymphony.org\/wp-content\/uploads\/2022\/04\/Wolfgang-Amadeus-Mozart-540x303.jpg 540w, https:\/\/www.dallassymphony.org\/wp-content\/uploads\/2022\/04\/Wolfgang-Amadeus-Mozart-735x413.jpg 735w, https:\/\/www.dallassymphony.org\/wp-content\/uploads\/2022\/04\/Wolfgang-Amadeus-Mozart.jpg 1600w\" sizes=\"auto, (max-width: 666px) 100vw, 666px\" \/>\n\t\t\t\t\t<p><!-- wp:heading {\"level\":5} --><\/p>\n<div class=\"wp-block-columns\">\n<div class=\"wp-block-column\">\n<h5 id=\"h-dates\">FECHAS<\/h5>\n<p>Nacido el 27 de enero de 1756 en Salzburgo, Austria<br \/>\nFalleci\u00f3 el 5 de diciembre de 1791 en Viena, Austria<\/p>\n<h5 id=\"h-nationality\">NACIONALIDAD<\/h5>\n<p>Austriaco<\/p>\n<h5 id=\"h-style-period\">ESTILO\/PERIODO<\/h5>\n<p>Cl\u00e1sico 1750-1820<\/p>\n<h5 id=\"h-famous-works\">OBRAS FAMOSAS<\/h5>\n<p>Mozart escribi\u00f3 m\u00e1s de 600 obras en vida, incluyendo 41 sinfon\u00edas, Eine Kleine Nachtmusik, y 27 conciertos para piano. Tres de sus \u00f3peras m\u00e1s famosas incluyen Las bodas de F\u00edgaro, La flauta m\u00e1gica y Don Giovanni. Tambi\u00e9n es famoso por su misa de R\u00e9quiem.<\/p>\n<\/div>\n<\/div>\n<p><!-- \/wp:heading --><\/p>\n\n                    \n                <\/div>\n                <img loading=\"lazy\" decoding=\"async\" width=\"1600\" height=\"900\" src=\"https:\/\/www.dallassymphony.org\/wp-content\/uploads\/2022\/04\/Wolfgang-Amadeus-Mozart-1600x900.jpg\" class=\"d-none d-xl-block\" alt=\"Wolfgang Amadeus Mozart\" srcset=\"https:\/\/www.dallassymphony.org\/wp-content\/uploads\/2022\/04\/Wolfgang-Amadeus-Mozart.jpg 1600w, https:\/\/www.dallassymphony.org\/wp-content\/uploads\/2022\/04\/Wolfgang-Amadeus-Mozart-300x169.jpg 300w, https:\/\/www.dallassymphony.org\/wp-content\/uploads\/2022\/04\/Wolfgang-Amadeus-Mozart-1024x576.jpg 1024w, https:\/\/www.dallassymphony.org\/wp-content\/uploads\/2022\/04\/Wolfgang-Amadeus-Mozart-768x432.jpg 768w, https:\/\/www.dallassymphony.org\/wp-content\/uploads\/2022\/04\/Wolfgang-Amadeus-Mozart-1536x864.jpg 1536w, https:\/\/www.dallassymphony.org\/wp-content\/uploads\/2022\/04\/Wolfgang-Amadeus-Mozart-18x10.jpg 18w, https:\/\/www.dallassymphony.org\/wp-content\/uploads\/2022\/04\/Wolfgang-Amadeus-Mozart-388x218.jpg 388w, https:\/\/www.dallassymphony.org\/wp-content\/uploads\/2022\/04\/Wolfgang-Amadeus-Mozart-540x303.jpg 540w, https:\/\/www.dallassymphony.org\/wp-content\/uploads\/2022\/04\/Wolfgang-Amadeus-Mozart-666x375.jpg 666w, https:\/\/www.dallassymphony.org\/wp-content\/uploads\/2022\/04\/Wolfgang-Amadeus-Mozart-735x413.jpg 735w\" sizes=\"auto, (max-width: 1600px) 100vw, 1600px\" \/>\t\t\t<\/div>\n\t\t<\/div>\n\t<\/div>\n<\/div>\n\n\n<div class=\"richtext m-spacer\">\n\t<div class=\"container\">\n\t\t<div class=\"row\">\n\t\t\t<div class=\"col-10\">\n\t\t\t\t\n\n<iframe loading=\"lazy\" width=\"50%\" height=\"20\" scrolling=\"no\" frameborder=\"no\" allow=\"autoplay\" src=\"https:\/\/w.soundcloud.com\/player\/?url=https%3A\/\/api.soundcloud.com\/tracks\/296392713&amp;color=%23ff5500&amp;inverse=false&amp;auto_play=false&amp;show_user=true\"><\/iframe>\n\n\n\n<div style=\"height:80px\" aria-hidden=\"true\" class=\"wp-block-spacer\"><\/div>\n\n\n\t\t\t<\/div>\n\t\t<\/div>\n\t<\/div>\n\n<\/div>\n\n\n<div class=\"richtext m-spacer\">\n\t<div class=\"container\">\n\t\t<div class=\"row\">\n\t\t\t<div class=\"col-10\">\n\t\t\t\t\n\n<hr class=\"wp-block-separator\"\/>\n\n\n\n<h3 class=\"wp-block-heading\" id=\"h-biography\">BIOGRAF\u00cdA<\/h3>\n\n\n\n<hr class=\"wp-block-separator\"\/>\n\n\n\n<p>Mozart fue sin duda la mayor estrella infantil que jam\u00e1s haya existido. Viajaba por toda Europa tocando m\u00fasica cuando ten\u00eda seis a\u00f1os. Debido a sus constantes viajes, Mozart eventualmente aprendi\u00f3 a hablar quince idiomas diferentes.<\/p>\n\n\n\n<p>Escribi\u00f3 su primera sonata para el&nbsp;<strong><a href=\"https:\/\/www.dallassymphony.org\/es\/piano\/\">piano<\/a><\/strong>&nbsp;cuando ten\u00eda cuatro a\u00f1os y compuso su primera \u00f3pera a los doce. Mozart pod\u00eda componer en cualquier lugar: en las comidas (le encantaban las alb\u00f3ndigas de h\u00edgado y el chucrut), mientras hablaba con los amigos, mientras jugaba al billar e incluso mientras su mujer daba a luz. Compon\u00eda muy r\u00e1pidamente y escrib\u00eda grandes cantidades de m\u00fasica. Tardaba m\u00e1s de 8 d\u00edas en tocar toda su m\u00fasica, una pieza tras otra, sin parar. Una pieza famosa que escribi\u00f3 fue&nbsp;<em>Variaciones sobre \"Twinkle, Twinkle Little Star\".<\/em><\/p>\n\n\n\n<p>Una noche, un misterioso extra\u00f1o lleg\u00f3 a su puerta vestido de gris para contratar a Mozart para escribir una misa de r\u00e9quiem (una pieza musical que los coros interpretan en los funerales). Mozart, que ten\u00eda mucho miedo a los fantasmas y era extremadamente supersticioso, estaba aterrorizado por el extra\u00f1o que le rega\u00f1aba para que terminara la pieza. Ya estaba enfermo, y en su estado mental se convenci\u00f3 de que estaba escribiendo m\u00fasica para su propio funeral.<\/p>\n\n\n\n<p>Durante su vida, Mozart era muy conocido, pero gastaba el dinero m\u00e1s r\u00e1pido de lo que pod\u00eda ganarlo. Era pobre y estaba endeudado cuando muri\u00f3 de insuficiencia renal a los 35 a\u00f1os y fue enterrado en una tumba sin nombre. Algunos consideran a Mozart el mejor compositor de la historia. Mientras que la mayor\u00eda de los compositores se especializan en ciertos tipos de piezas, Mozart cre\u00f3 obras magistrales para casi todas las categor\u00edas de m\u00fasica: m\u00fasica vocal, conciertos, m\u00fasica de c\u00e1mara, sinfon\u00edas, sonatas y \u00f3pera.<\/p>\n\n\n\t\t\t<\/div>\n\t\t<\/div>\n\t<\/div>\n\n<\/div>","protected":false},"excerpt":{"rendered":"<p>Mozart fue sin duda la mayor estrella infantil que jam\u00e1s haya existido. Viajaba por toda Europa tocando m\u00fasica cuando ten\u00eda seis a\u00f1os. Debido a sus constantes viajes, Mozart eventualmente aprendi\u00f3 a hablar quince idiomas diferentes.<\/p>","protected":false},"author":3,"featured_media":8815,"parent":592,"menu_order":0,"comment_status":"closed","ping_status":"closed","template":"","meta":{"_acf_changed":false,"footnotes":""},"class_list":["post-1018","page","type-page","status-publish","has-post-thumbnail","hentry"],"acf":[],"_links":{"self":[{"href":"https:\/\/www.dallassymphony.org\/es\/wp-json\/wp\/v2\/pages\/1018","targetHints":{"allow":["GET"]}}],"collection":[{"href":"https:\/\/www.dallassymphony.org\/es\/wp-json\/wp\/v2\/pages"}],"about":[{"href":"https:\/\/www.dallassymphony.org\/es\/wp-json\/wp\/v2\/types\/page"}],"author":[{"embeddable":true,"href":"https:\/\/www.dallassymphony.org\/es\/wp-json\/wp\/v2\/users\/3"}],"replies":[{"embeddable":true,"href":"https:\/\/www.dallassymphony.org\/es\/wp-json\/wp\/v2\/comments?post=1018"}],"version-history":[{"count":0,"href":"https:\/\/www.dallassymphony.org\/es\/wp-json\/wp\/v2\/pages\/1018\/revisions"}],"up":[{"embeddable":true,"href":"https:\/\/www.dallassymphony.org\/es\/wp-json\/wp\/v2\/pages\/592"}],"wp:featuredmedia":[{"embeddable":true,"href":"https:\/\/www.dallassymphony.org\/es\/wp-json\/wp\/v2\/media\/8815"}],"wp:attachment":[{"href":"https:\/\/www.dallassymphony.org\/es\/wp-json\/wp\/v2\/media?parent=1018"}],"curies":[{"name":"wp","href":"https:\/\/api.w.org\/{rel}","templated":true}]}}