{"id":1016,"date":"2020-11-17T10:59:47","date_gmt":"2020-11-17T15:59:47","guid":{"rendered":"https:\/\/www.dallassymphony.org\/?page_id=1016"},"modified":"2022-04-27T14:06:32","modified_gmt":"2022-04-27T19:06:32","slug":"ludwig-van-beethoven","status":"publish","type":"page","link":"https:\/\/www.dallassymphony.org\/es\/community-education\/dso-kids\/listen-watch\/composers\/ludwig-van-beethoven\/","title":{"rendered":"Ludwig van Beethoven"},"content":{"rendered":"<div class=\"hero__no-img bg-blue-8\">\n\t<div class=\"container\">\n\t\t<div class=\"row\">\n\t\t\t<div class=\"col-md-10\">\n\n\t\t\t\t<ul class=\"breadcrumbs\">\n    \t<li class=\"breadcrumb__link\">\n\t\t<a class=\"a-hover\" href=\"https:\/\/www.dallassymphony.org\/es\/\">Inicio<\/a>\n\t<\/li>\n    \t<li class=\"breadcrumb__link a-styles\">\n\t\t<a class=\"a-hover\" href=\"https:\/\/www.dallassymphony.org\/es\/community-education\/\">Educaci\u00f3n y Comunidad<\/a>\n\t<\/li>\n    \t<li class=\"breadcrumb__link a-styles\">\n\t\t<a class=\"a-hover\" href=\"https:\/\/www.dallassymphony.org\/es\/community-education\/dso-kids\/\">Para escuelas y profesores<\/a>\n\t<\/li>\n    \t<li class=\"breadcrumb__link a-styles\">\n\t\t<a class=\"a-hover\" href=\"https:\/\/www.dallassymphony.org\/es\/community-education\/dso-kids\/listen-watch\/\">Escuchar y ver<\/a>\n\t<\/li>\n    \t<li class=\"breadcrumb__link a-styles\">\n\t\t<a class=\"a-hover\" href=\"https:\/\/www.dallassymphony.org\/es\/community-education\/dso-kids\/listen-watch\/composers\/\">Compositores<\/a>\n\t<\/li>\n    <\/ul>\n\n                \t\t\t\t<h1>\n                    <span >Ludwig van Beethoven<\/span>\n                <\/h1>\n                \t\t\t<\/div>\n\t\t<\/div>\n\t<\/div>\n<\/div>\n\n\n<div class=\"text-img text-img--left\">\n\t<div class=\"container\">\n\t\t<div class=\"row\">\n\t\t\t<div class=\"col-lg-12\">\n\t\t\t\t<div class=\"text-img__wrapper\">\n\t\t\t\t\t<h1><\/h1>\n\n                    <img loading=\"lazy\" decoding=\"async\" width=\"666\" height=\"375\" src=\"https:\/\/www.dallassymphony.org\/wp-content\/uploads\/2022\/03\/Ludwig-van-Beethoven-666x375.jpg\" class=\"d-xl-none d-block\" alt=\"Ludwig van Beethoven\" srcset=\"https:\/\/www.dallassymphony.org\/wp-content\/uploads\/2022\/03\/Ludwig-van-Beethoven-666x375.jpg 666w, https:\/\/www.dallassymphony.org\/wp-content\/uploads\/2022\/03\/Ludwig-van-Beethoven-300x169.jpg 300w, https:\/\/www.dallassymphony.org\/wp-content\/uploads\/2022\/03\/Ludwig-van-Beethoven-1024x576.jpg 1024w, https:\/\/www.dallassymphony.org\/wp-content\/uploads\/2022\/03\/Ludwig-van-Beethoven-768x432.jpg 768w, https:\/\/www.dallassymphony.org\/wp-content\/uploads\/2022\/03\/Ludwig-van-Beethoven-1536x864.jpg 1536w, https:\/\/www.dallassymphony.org\/wp-content\/uploads\/2022\/03\/Ludwig-van-Beethoven-18x10.jpg 18w, https:\/\/www.dallassymphony.org\/wp-content\/uploads\/2022\/03\/Ludwig-van-Beethoven-388x218.jpg 388w, https:\/\/www.dallassymphony.org\/wp-content\/uploads\/2022\/03\/Ludwig-van-Beethoven-540x303.jpg 540w, https:\/\/www.dallassymphony.org\/wp-content\/uploads\/2022\/03\/Ludwig-van-Beethoven-735x413.jpg 735w, https:\/\/www.dallassymphony.org\/wp-content\/uploads\/2022\/03\/Ludwig-van-Beethoven.jpg 1600w\" sizes=\"auto, (max-width: 666px) 100vw, 666px\" \/>\n\t\t\t\t\t<p><!-- wp:heading {\"level\":5} --><\/p>\n<h5 id=\"h-dates\">FECHAS<\/h5>\n<p><!-- \/wp:heading --> <!-- wp:paragraph --><\/p>\n<p>Nacido el 16 de diciembre de 1770 en Bonn, Alemania<br \/>\nFalleci\u00f3 el 26 de marzo de 1827 en Viena, Austria<\/p>\n<p><!-- \/wp:paragraph --> <!-- wp:heading {\"level\":5} --><\/p>\n<h5 id=\"h-nationality\">NACIONALIDAD<\/h5>\n<p><!-- \/wp:heading --> <!-- wp:paragraph --><\/p>\n<p>Alem\u00e1n<\/p>\n<p><!-- \/wp:paragraph --> <!-- wp:heading {\"level\":5} --><\/p>\n<h5 id=\"h-style-period\">ESTILO\/PERIODO<\/h5>\n<p><!-- \/wp:heading --> <!-- wp:paragraph --><\/p>\n<p>Cl\u00e1sico 1750-1820<\/p>\n<p><!-- \/wp:paragraph --> <!-- wp:heading {\"level\":5} --><\/p>\n<h5 id=\"h-famous-works\">OBRAS FAMOSAS<\/h5>\n<p><!-- \/wp:heading --> <!-- wp:paragraph --><\/p>\n<p>Sinfon\u00edas 1 a 9, Sonata a la luz de la luna, Fur Elise, Fidelio, y Missa Solemnis<\/p>\n<p><!-- \/wp:paragraph --><\/p>\n\n                    \n                <\/div>\n                <img loading=\"lazy\" decoding=\"async\" width=\"1600\" height=\"900\" src=\"https:\/\/www.dallassymphony.org\/wp-content\/uploads\/2022\/03\/Ludwig-van-Beethoven-1600x900.jpg\" class=\"d-none d-xl-block\" alt=\"Ludwig van Beethoven\" srcset=\"https:\/\/www.dallassymphony.org\/wp-content\/uploads\/2022\/03\/Ludwig-van-Beethoven.jpg 1600w, https:\/\/www.dallassymphony.org\/wp-content\/uploads\/2022\/03\/Ludwig-van-Beethoven-300x169.jpg 300w, https:\/\/www.dallassymphony.org\/wp-content\/uploads\/2022\/03\/Ludwig-van-Beethoven-1024x576.jpg 1024w, https:\/\/www.dallassymphony.org\/wp-content\/uploads\/2022\/03\/Ludwig-van-Beethoven-768x432.jpg 768w, https:\/\/www.dallassymphony.org\/wp-content\/uploads\/2022\/03\/Ludwig-van-Beethoven-1536x864.jpg 1536w, https:\/\/www.dallassymphony.org\/wp-content\/uploads\/2022\/03\/Ludwig-van-Beethoven-18x10.jpg 18w, https:\/\/www.dallassymphony.org\/wp-content\/uploads\/2022\/03\/Ludwig-van-Beethoven-388x218.jpg 388w, https:\/\/www.dallassymphony.org\/wp-content\/uploads\/2022\/03\/Ludwig-van-Beethoven-540x303.jpg 540w, https:\/\/www.dallassymphony.org\/wp-content\/uploads\/2022\/03\/Ludwig-van-Beethoven-666x375.jpg 666w, https:\/\/www.dallassymphony.org\/wp-content\/uploads\/2022\/03\/Ludwig-van-Beethoven-735x413.jpg 735w\" sizes=\"auto, (max-width: 1600px) 100vw, 1600px\" \/>\t\t\t<\/div>\n\t\t<\/div>\n\t<\/div>\n<\/div>\n\n\n<div class=\"richtext m-spacer\">\n\t<div class=\"container\">\n\t\t<div class=\"row\">\n\t\t\t<div class=\"col-10\">\n\t\t\t\t\n\n<iframe loading=\"lazy\" scrolling=\"no\" allow=\"autoplay\" src=\"https:\/\/w.soundcloud.com\/player\/?url=https%3A\/\/api.soundcloud.com\/tracks\/296368617&amp;color=%23ff5500&amp;inverse=false&amp;auto_play=false&amp;show_user=true\" width=\"50%\" height=\"20\" frameborder=\"no\"><\/iframe>\n\n\n\n<div style=\"height:50px\" aria-hidden=\"true\" class=\"wp-block-spacer\"><\/div>\n\n\n\t\t\t<\/div>\n\t\t<\/div>\n\t<\/div>\n\n<\/div>\n\n\n<div class=\"richtext m-spacer\">\n\t<div class=\"container\">\n\t\t<div class=\"row\">\n\t\t\t<div class=\"col-10\">\n\t\t\t\t\n\n<hr class=\"wp-block-separator\"\/>\n\n\n\n<h3 class=\"wp-block-heading\" id=\"h-biography\">BIOGRAF\u00cdA<\/h3>\n\n\n\n<hr class=\"wp-block-separator\"\/>\n\n\n\n<p>Beethoven creci\u00f3 en Bonn, Alemania, en un hogar muy infeliz. Fue obligado a practicar el&nbsp;<a href=\"https:\/\/www.dallassymphony.org\/es\/community-education\/dso-kids\/listen-watch\/instruments\/piano\/\"><strong>piano<\/strong><\/a>&nbsp;por su padre, un alcoh\u00f3lico abusivo que lo castigaba sin piedad cuando comet\u00eda errores. Cuando ten\u00eda doce a\u00f1os, se ganaba la vida para su familia jugando&nbsp;<a href=\"https:\/\/www.dallassymphony.org\/es\/community-education\/dso-kids\/listen-watch\/instruments\/organ\/\"><strong>\u00f3rgano<\/strong><\/a>&nbsp;y componiendo. Eventualmente fue conocido como el m\u00e1s grande&nbsp;<strong><a href=\"https:\/\/www.dallassymphony.org\/es\/community-education\/dso-kids\/listen-watch\/instruments\/piano\/\">pianista<\/a><\/strong>&nbsp;de su \u00e9poca. Una de las comidas favoritas de Beethoven eran los macarrones con queso. Tambi\u00e9n le gustaba el caf\u00e9 fuerte: exactamente 60 granos de caf\u00e9 por taza.<\/p>\n\n\n\n<p>Beethoven nunca se cas\u00f3, a pesar de que propuso matrimonio a muchas mujeres que lo rechazaron (no era muy atractivo y ten\u00eda un car\u00e1cter bastante desagradable). Sin embargo, a pesar de su desagradable personalidad, Beethoven se define mejor por su m\u00fasica.<\/p>\n\n\n\n<p>Sus dos primeras sinfon\u00edas tienen el mismo estilo y forma que las de los compositores que le precedieron, m\u00e1s notablemente&nbsp;<strong><a href=\"https:\/\/www.dallassymphony.org\/es\/community-education\/dso-kids\/listen-watch\/composers\/joseph-haydn\/\">Franz Joseph Haydn<\/a><\/strong>su maestro. Pero la escritura de Beethoven -como se ve en su tercera sinfon\u00eda- se hab\u00eda desarrollado m\u00e1s all\u00e1 de la de su maestro. Llamado&nbsp;<em>Eroica<\/em>su Tercera Sinfon\u00eda era tan diferente de las anteriores que cambi\u00f3 la m\u00fasica para siempre. Su originalidad e innovaci\u00f3n incluso inspir\u00f3 a otros a cambiar la forma en que compon\u00edan. Fue originalmente dedicada a Napole\u00f3n Bonaparte. Pero cuando Beethoven escuch\u00f3 que Napole\u00f3n se hab\u00eda proclamado emperador, se enfureci\u00f3 y destruy\u00f3 la portada.<\/p>\n\n\n\n<p>Aunque Beethoven perdi\u00f3 gradualmente su audici\u00f3n, continu\u00f3 componiendo.  Compuso muchas de las obras musicales m\u00e1s famosas de todos los tiempos, como su Novena Sinfon\u00eda, despu\u00e9s de haberse quedado totalmente sordo.<\/p>\n\n\n\t\t\t<\/div>\n\t\t<\/div>\n\t<\/div>\n\n<\/div>\n\n\n<div class=\"richtext m-spacer\">\n\t<div class=\"container\">\n\t\t<div class=\"row\">\n\t\t\t<div class=\"col-10\">\n\t\t\t\t\n\n<div class=\"wp-block-columns is-layout-flex wp-container-core-columns-is-layout-9d6595d7 wp-block-columns-is-layout-flex\">\n<div class=\"wp-block-column is-layout-flow wp-block-column-is-layout-flow\">\n<iframe loading=\"lazy\" scrolling=\"no\" allow=\"autoplay\" src=\"https:\/\/w.soundcloud.com\/player\/?url=https%3A\/\/api.soundcloud.com\/tracks\/296368624&amp;color=%23ff5500&amp;auto_play=false&amp;hide_related=true&amp;show_comments=false&amp;show_user=true&amp;show_reposts=false&amp;show_teaser=false&amp;visual=true\" width=\"100%\" height=\"300\" frameborder=\"no\"><\/iframe>\n<\/div>\n\n\n\n<div class=\"wp-block-column is-layout-flow wp-block-column-is-layout-flow\">\n<iframe loading=\"lazy\" scrolling=\"no\" allow=\"autoplay\" src=\"https:\/\/w.soundcloud.com\/player\/?url=https%3A\/\/api.soundcloud.com\/tracks\/296368626&amp;color=%23ff5500&amp;auto_play=false&amp;hide_related=true&amp;show_comments=false&amp;show_user=true&amp;show_reposts=false&amp;show_teaser=false&amp;visual=true\" width=\"100%\" height=\"300\" frameborder=\"no\"><\/iframe>\n<\/div>\n<\/div>\n\n\n\t\t\t<\/div>\n\t\t<\/div>\n\t<\/div>\n\n<\/div>\n\n\n<div class=\"richtext m-spacer\">\n\t<div class=\"container\">\n\t\t<div class=\"row\">\n\t\t\t<div class=\"col-10\">\n\t\t\t\t\n<div class=\"richtext m-spacer\">\n\t<div class=\"container\">\n\t\t<div class=\"row\">\n\t\t\t<div class=\"col-10\">\n\t\t\t\t\n\t\t\t<\/div>\n\t\t<\/div>\n\t<\/div>\n\n<\/div>\n\n\n\t\t\t<\/div>\n\t\t<\/div>\n\t<\/div>\n\n<\/div>","protected":false},"excerpt":{"rendered":"<p>Beethoven creci\u00f3 en Bonn, Alemania, en un hogar muy infeliz. Fue obligado a practicar el piano por su padre, un alcoh\u00f3lico abusivo que lo castigaba sin piedad cuando comet\u00eda errores. A los doce a\u00f1os, se ganaba la vida para su familia tocando el \u00f3rgano y componiendo.<\/p>","protected":false},"author":3,"featured_media":8459,"parent":592,"menu_order":0,"comment_status":"closed","ping_status":"closed","template":"","meta":{"_acf_changed":false,"footnotes":""},"class_list":["post-1016","page","type-page","status-publish","has-post-thumbnail","hentry"],"acf":[],"_links":{"self":[{"href":"https:\/\/www.dallassymphony.org\/es\/wp-json\/wp\/v2\/pages\/1016","targetHints":{"allow":["GET"]}}],"collection":[{"href":"https:\/\/www.dallassymphony.org\/es\/wp-json\/wp\/v2\/pages"}],"about":[{"href":"https:\/\/www.dallassymphony.org\/es\/wp-json\/wp\/v2\/types\/page"}],"author":[{"embeddable":true,"href":"https:\/\/www.dallassymphony.org\/es\/wp-json\/wp\/v2\/users\/3"}],"replies":[{"embeddable":true,"href":"https:\/\/www.dallassymphony.org\/es\/wp-json\/wp\/v2\/comments?post=1016"}],"version-history":[{"count":0,"href":"https:\/\/www.dallassymphony.org\/es\/wp-json\/wp\/v2\/pages\/1016\/revisions"}],"up":[{"embeddable":true,"href":"https:\/\/www.dallassymphony.org\/es\/wp-json\/wp\/v2\/pages\/592"}],"wp:featuredmedia":[{"embeddable":true,"href":"https:\/\/www.dallassymphony.org\/es\/wp-json\/wp\/v2\/media\/8459"}],"wp:attachment":[{"href":"https:\/\/www.dallassymphony.org\/es\/wp-json\/wp\/v2\/media?parent=1016"}],"curies":[{"name":"wp","href":"https:\/\/api.w.org\/{rel}","templated":true}]}}