{"id":1011,"date":"2020-11-17T10:58:46","date_gmt":"2020-11-17T15:58:46","guid":{"rendered":"https:\/\/www.dallassymphony.org\/?page_id=1011"},"modified":"2022-04-27T14:18:56","modified_gmt":"2022-04-27T19:18:56","slug":"george-frideric-handel","status":"publish","type":"page","link":"https:\/\/www.dallassymphony.org\/es\/community-education\/dso-kids\/listen-watch\/composers\/george-frideric-handel\/","title":{"rendered":"George Frideric Handel"},"content":{"rendered":"<div class=\"hero__no-img bg-blue-8\">\n\t<div class=\"container\">\n\t\t<div class=\"row\">\n\t\t\t<div class=\"col-md-10\">\n\n\t\t\t\t<ul class=\"breadcrumbs\">\n    \t<li class=\"breadcrumb__link\">\n\t\t<a class=\"a-hover\" href=\"https:\/\/www.dallassymphony.org\/es\/\">Inicio<\/a>\n\t<\/li>\n    \t<li class=\"breadcrumb__link a-styles\">\n\t\t<a class=\"a-hover\" href=\"https:\/\/www.dallassymphony.org\/es\/community-education\/\">Educaci\u00f3n y Comunidad<\/a>\n\t<\/li>\n    \t<li class=\"breadcrumb__link a-styles\">\n\t\t<a class=\"a-hover\" href=\"https:\/\/www.dallassymphony.org\/es\/community-education\/dso-kids\/\">Para escuelas y profesores<\/a>\n\t<\/li>\n    \t<li class=\"breadcrumb__link a-styles\">\n\t\t<a class=\"a-hover\" href=\"https:\/\/www.dallassymphony.org\/es\/community-education\/dso-kids\/listen-watch\/\">Escuchar y ver<\/a>\n\t<\/li>\n    \t<li class=\"breadcrumb__link a-styles\">\n\t\t<a class=\"a-hover\" href=\"https:\/\/www.dallassymphony.org\/es\/community-education\/dso-kids\/listen-watch\/composers\/\">Compositores<\/a>\n\t<\/li>\n    <\/ul>\n\n                \t\t\t\t<h1>\n                    <span >George Frideric Handel<\/span>\n                <\/h1>\n                \t\t\t<\/div>\n\t\t<\/div>\n\t<\/div>\n<\/div>\n\n\n<div class=\"text-img text-img--left\">\n\t<div class=\"container\">\n\t\t<div class=\"row\">\n\t\t\t<div class=\"col-lg-12\">\n\t\t\t\t<div class=\"text-img__wrapper\">\n\t\t\t\t\t<h1><\/h1>\n\n                    <img loading=\"lazy\" decoding=\"async\" width=\"666\" height=\"375\" src=\"https:\/\/www.dallassymphony.org\/wp-content\/uploads\/2022\/04\/George-Frideric-Handel-666x375.jpg\" class=\"d-xl-none d-block\" alt=\"George Frideric Handel\" srcset=\"https:\/\/www.dallassymphony.org\/wp-content\/uploads\/2022\/04\/George-Frideric-Handel-666x375.jpg 666w, https:\/\/www.dallassymphony.org\/wp-content\/uploads\/2022\/04\/George-Frideric-Handel-300x169.jpg 300w, https:\/\/www.dallassymphony.org\/wp-content\/uploads\/2022\/04\/George-Frideric-Handel-1024x576.jpg 1024w, https:\/\/www.dallassymphony.org\/wp-content\/uploads\/2022\/04\/George-Frideric-Handel-768x432.jpg 768w, https:\/\/www.dallassymphony.org\/wp-content\/uploads\/2022\/04\/George-Frideric-Handel-1536x864.jpg 1536w, https:\/\/www.dallassymphony.org\/wp-content\/uploads\/2022\/04\/George-Frideric-Handel-18x10.jpg 18w, https:\/\/www.dallassymphony.org\/wp-content\/uploads\/2022\/04\/George-Frideric-Handel-388x218.jpg 388w, https:\/\/www.dallassymphony.org\/wp-content\/uploads\/2022\/04\/George-Frideric-Handel-540x303.jpg 540w, https:\/\/www.dallassymphony.org\/wp-content\/uploads\/2022\/04\/George-Frideric-Handel-735x413.jpg 735w, https:\/\/www.dallassymphony.org\/wp-content\/uploads\/2022\/04\/George-Frideric-Handel.jpg 1600w\" sizes=\"auto, (max-width: 666px) 100vw, 666px\" \/>\n\t\t\t\t\t<p><!-- wp:heading {\"level\":5} --><\/p>\n<h5 id=\"h-dates\">FECHAS<\/h5>\n<p><!-- \/wp:heading --> <!-- wp:paragraph --><\/p>\n<p>Nacido en Halle, Alemania, el 23 de febrero de 1685<br \/>\nFalleci\u00f3 en Londres el 14 de abril de 1759<\/p>\n<p><!-- \/wp:paragraph --> <!-- wp:heading {\"level\":5} --><\/p>\n<h5 id=\"h-nationality\">NACIONALIDAD<\/h5>\n<p><!-- \/wp:heading --> <!-- wp:paragraph --><\/p>\n<p>Compositor ingl\u00e9s nacido en Alemania<\/p>\n<p><!-- \/wp:paragraph --> <!-- wp:heading {\"level\":5} --><\/p>\n<h5 id=\"h-style-period\">ESTILO\/PERIODO<\/h5>\n<p><!-- \/wp:heading --> <!-- wp:paragraph --><\/p>\n<p>Barroco 1600-1750<\/p>\n<p><!-- \/wp:paragraph --> <!-- wp:heading {\"level\":5} --><\/p>\n<h5 id=\"h-famous-works\">OBRAS FAMOSAS<\/h5>\n<p><!-- \/wp:heading --> <!-- wp:paragraph --><\/p>\n<p>M\u00fasica acu\u00e1tica, Suite Real de Fuegos Artificiales, El Mes\u00edas, Seis Conciertos de \u00d3rgano, Zadok el Sacerdote, Rinaldo<\/p>\n<p><!-- \/wp:paragraph --><\/p>\n\n                    \n                <\/div>\n                <img loading=\"lazy\" decoding=\"async\" width=\"1600\" height=\"900\" src=\"https:\/\/www.dallassymphony.org\/wp-content\/uploads\/2022\/04\/George-Frideric-Handel-1600x900.jpg\" class=\"d-none d-xl-block\" alt=\"George Frideric Handel\" srcset=\"https:\/\/www.dallassymphony.org\/wp-content\/uploads\/2022\/04\/George-Frideric-Handel.jpg 1600w, https:\/\/www.dallassymphony.org\/wp-content\/uploads\/2022\/04\/George-Frideric-Handel-300x169.jpg 300w, https:\/\/www.dallassymphony.org\/wp-content\/uploads\/2022\/04\/George-Frideric-Handel-1024x576.jpg 1024w, https:\/\/www.dallassymphony.org\/wp-content\/uploads\/2022\/04\/George-Frideric-Handel-768x432.jpg 768w, https:\/\/www.dallassymphony.org\/wp-content\/uploads\/2022\/04\/George-Frideric-Handel-1536x864.jpg 1536w, https:\/\/www.dallassymphony.org\/wp-content\/uploads\/2022\/04\/George-Frideric-Handel-18x10.jpg 18w, https:\/\/www.dallassymphony.org\/wp-content\/uploads\/2022\/04\/George-Frideric-Handel-388x218.jpg 388w, https:\/\/www.dallassymphony.org\/wp-content\/uploads\/2022\/04\/George-Frideric-Handel-540x303.jpg 540w, https:\/\/www.dallassymphony.org\/wp-content\/uploads\/2022\/04\/George-Frideric-Handel-666x375.jpg 666w, https:\/\/www.dallassymphony.org\/wp-content\/uploads\/2022\/04\/George-Frideric-Handel-735x413.jpg 735w\" sizes=\"auto, (max-width: 1600px) 100vw, 1600px\" \/>\t\t\t<\/div>\n\t\t<\/div>\n\t<\/div>\n<\/div>\n\n\n<div class=\"richtext m-spacer\">\n\t<div class=\"container\">\n\t\t<div class=\"row\">\n\t\t\t<div class=\"col-10\">\n\t\t\t\t\n\n<iframe loading=\"lazy\" width=\"50%\" height=\"20\" scrolling=\"no\" frameborder=\"no\" allow=\"autoplay\" src=\"https:\/\/w.soundcloud.com\/player\/?url=https%3A\/\/api.soundcloud.com\/tracks\/296373093&amp;color=%23ff5500&amp;inverse=false&amp;auto_play=false&amp;show_user=true\"><\/iframe>\n\n\n\n<div style=\"height:50px\" aria-hidden=\"true\" class=\"wp-block-spacer\"><\/div>\n\n\n\t\t\t<\/div>\n\t\t<\/div>\n\t<\/div>\n\n<\/div>\n\n\n<div class=\"richtext m-spacer\">\n\t<div class=\"container\">\n\t\t<div class=\"row\">\n\t\t\t<div class=\"col-10\">\n\t\t\t\t\n\n<hr class=\"wp-block-separator\"\/>\n\n\n\n<h3 class=\"wp-block-heading\" id=\"h-biography\">BIOGRAF\u00cdA<\/h3>\n\n\n\n<hr class=\"wp-block-separator\"\/>\n\n\n\n<p>George Frideric Handel era hijo de un barbero-cirujano. El padre de George ten\u00eda planes definidos para su hijo. Quer\u00eda que George se convirtiera en abogado, pero el sonido de la m\u00fasica lo cautiv\u00f3. La t\u00eda de George le regal\u00f3 una espineta (una de las primeras&nbsp;<strong><a href=\"https:\/\/www.dallassymphony.org\/es\/community-education\/dso-kids\/listen-watch\/instruments\/harpsichord\/\">clavicordio<\/a>&nbsp;<\/strong>que ten\u00eda un solo teclado y una sola cuerda para cada nota) para su 7\u00ba cumplea\u00f1os. George y su t\u00eda colocaron la espineta en el \u00e1tico y cada vez que George ten\u00eda la oportunidad iba al \u00e1tico a jugar.<\/p>\n\n\n\n<p>El padre de Jorge fue nombrado barbero-cirujano de la corte de Saxe Weissinfels. En 1693, llev\u00f3 a Jorge con \u00e9l a visitar la corte. All\u00ed, George tuvo la oportunidad de tocar el gran&nbsp;<strong><a href=\"https:\/\/www.dallassymphony.org\/es\/community-education\/dso-kids\/listen-watch\/instruments\/organ\/\">\u00f3rgano<\/a><\/strong>.  Cuando el duque se enter\u00f3 de su talento, orden\u00f3 al padre de Haendel que se ocupara de que Jorge tuviera la mejor formaci\u00f3n musical posible. Jorge comenz\u00f3 a estudiar con el organista de St. Michel en Halle. Aprendi\u00f3 a componer y a tocar&nbsp;<strong><a href=\"https:\/\/www.dallassymphony.org\/es\/community-education\/dso-kids\/listen-watch\/instruments\/violin\/\">viol\u00edn<\/a><\/strong>&nbsp;y&nbsp;<strong><a href=\"https:\/\/www.dallassymphony.org\/es\/community-education\/dso-kids\/listen-watch\/instruments\/oboe\/\">oboe<\/a><\/strong>&nbsp;as\u00ed como&nbsp;<strong><a href=\"https:\/\/www.dallassymphony.org\/es\/community-education\/dso-kids\/listen-watch\/instruments\/organ\/\">\u00f3rgano<\/a><\/strong>&nbsp;y&nbsp;<strong><a href=\"https:\/\/www.dallassymphony.org\/es\/community-education\/dso-kids\/listen-watch\/instruments\/harpsichord\/\">clavicordio<\/a><\/strong>. Debido a que su maestro ten\u00eda una gran biblioteca musical, George pudo familiarizarse con los estilos nacionales de m\u00fasica francesa e italiana tambi\u00e9n.<\/p>\n\n\n\n<p>En 1702, cuando George ten\u00eda 17 a\u00f1os, entr\u00f3 en la Universidad de Halle como estudiante de derecho. Esto no dur\u00f3 mucho tiempo, y George tom\u00f3 su primer puesto como&nbsp;<strong><a href=\"https:\/\/www.dallassymphony.org\/es\/community-education\/dso-kids\/listen-watch\/instruments\/organ\/\">organista<\/a><\/strong>&nbsp;de la catedral de Halle. M\u00e1s tarde se traslad\u00f3 a Hamburgo donde fue empleado en la Casa de la \u00d3pera primero como&nbsp;<strong><a href=\"http:\/\/violin\">violinista<\/a><\/strong>&nbsp;y m\u00e1s tarde como&nbsp;<strong><a href=\"https:\/\/www.dallassymphony.org\/es\/community-education\/dso-kids\/listen-watch\/instruments\/harpsichord\/\">clavecinista<\/a><\/strong>. A medida que crec\u00eda, Handel se convirti\u00f3 en un destacado&nbsp;<strong><a href=\"https:\/\/www.dallassymphony.org\/es\/community-education\/dso-kids\/listen-watch\/instruments\/organ\/\">organista<\/a><\/strong>&nbsp;y a menudo viajaba por toda Europa compartiendo sus talentos musicales. Handel entr\u00f3 en la escena musical de Inglaterra y produjo su primera \u00f3pera,&nbsp;<em>Rinaldo<\/em>en el Teatro de la Reina el 24 de febrero de 1711. Fue un \u00e9xito fant\u00e1stico y asegur\u00f3 a Handel la mejor reputaci\u00f3n en Inglaterra. Haendel gozaba de tal favor en Inglaterra que la reina le concedi\u00f3 una pensi\u00f3n real que se le pagaba cada a\u00f1o. En 1717 se interpret\u00f3 una de sus piezas musicales m\u00e1s famosas, la M\u00fasica Acu\u00e1tica, en una fiesta real que tuvo lugar en una barcaza que flotaba por el r\u00edo T\u00e1mesis.<\/p>\n\n\n\n<p>George escribi\u00f3 \u00f3peras y oratorios adem\u00e1s de m\u00fasica para instrumentos y conjuntos. Estableci\u00f3 la Real Academia de M\u00fasica, una compa\u00f1\u00eda de \u00f3pera italiana, y viaj\u00f3 por todas partes buscando los cantantes que deseaba tener como parte de su compa\u00f1\u00eda. Cuando visit\u00f3 Inglaterra decidi\u00f3 quedarse. En 1727, Handel solicit\u00f3 oficialmente convertirse en s\u00fabdito brit\u00e1nico y adopt\u00f3 Inglaterra como su nuevo pa\u00eds. Cuando muri\u00f3 el rey Jorge I, Handel escribi\u00f3 los himnos para la coronaci\u00f3n del nuevo rey.&nbsp;<em>Zadok el Sacerdote<\/em>una de las composiciones de Haendel, se sigue interpretando hoy en d\u00eda en las coronaciones brit\u00e1nicas.<\/p>\n\n\n\n<p>Para 1740, tambi\u00e9n hab\u00eda completado el oratorio&nbsp;<em>Mes\u00edas<\/em>. Viaj\u00f3 a Irlanda y fue aqu\u00ed donde Handel present\u00f3 su primera actuaci\u00f3n de&nbsp;<em>Mes\u00edas<\/em>. Fue un \u00e9xito extraordinario. Se dice que cuando el rey escuch\u00f3 por primera vez la m\u00fasica de<em>&nbsp;Mes\u00edas<\/em>&nbsp;Estaba tan lleno de emoci\u00f3n que se puso de pie al escuchar el \"Coro del Aleluya\". La tradici\u00f3n contin\u00faa hasta hoy de ponerse en pie cuando se escucha el \"Coro del Aleluya\" de&nbsp;<em>Mes\u00edas<\/em>&nbsp;se realiza.<\/p>\n\n\n\n<p>Aunque George se qued\u00f3 ciego cerca del final de su vida, continu\u00f3 actuando en el&nbsp;<strong><a href=\"https:\/\/www.dallassymphony.org\/es\/community-education\/dso-kids\/listen-watch\/instruments\/organ\/\">\u00f3rgano<\/a><\/strong>. Tambi\u00e9n continu\u00f3 componiendo m\u00fasica dict\u00e1ndosela a un amigo que se la escribi\u00f3. El 6 de abril de 1759 George dirigi\u00f3 una representaci\u00f3n de&nbsp;<em>Mes\u00edas<\/em>Se enferm\u00f3 y tuvo que regresar a su casa. Muri\u00f3 el 14 de abril de 1759, recibi\u00f3 un funeral de Estado y fue enterrado en el Rinc\u00f3n del Poeta de la Abad\u00eda de Westminster, en Londres, Inglaterra. M\u00e1s de 3.000 personas asistieron a su funeral.<\/p>\n\n\n\t\t\t<\/div>\n\t\t<\/div>\n\t<\/div>\n\n<\/div>\n\n\n<div class=\"richtext m-spacer\">\n\t<div class=\"container\">\n\t\t<div class=\"row\">\n\t\t\t<div class=\"col-10\">\n\t\t\t\t\n\n<div class=\"wp-block-columns is-layout-flex wp-container-core-columns-is-layout-9d6595d7 wp-block-columns-is-layout-flex\">\n<div class=\"wp-block-column is-layout-flow wp-block-column-is-layout-flow\">\n<iframe loading=\"lazy\" width=\"100%\" height=\"166\" scrolling=\"no\" frameborder=\"no\" allow=\"autoplay\" src=\"https:\/\/w.soundcloud.com\/player\/?url=https%3A\/\/api.soundcloud.com\/tracks\/296373092&amp;color=%23ff5500&amp;auto_play=false&amp;hide_related=true&amp;show_comments=false&amp;show_user=true&amp;show_reposts=false&amp;show_teaser=false\"><\/iframe>\n<\/div>\n<\/div>\n\n\n\t\t\t<\/div>\n\t\t<\/div>\n\t<\/div>\n\n<\/div>\n\n\n<div class=\"richtext m-spacer\">\n\t<div class=\"container\">\n\t\t<div class=\"row\">\n\t\t\t<div class=\"col-10\">\n\t\t\t\t\n<div class=\"richtext m-spacer\">\n\t<div class=\"container\">\n\t\t<div class=\"row\">\n\t\t\t<div class=\"col-10\">\n\t\t\t\t\n\t\t\t<\/div>\n\t\t<\/div>\n\t<\/div>\n\n<\/div>\n\n\n\t\t\t<\/div>\n\t\t<\/div>\n\t<\/div>\n\n<\/div>","protected":false},"excerpt":{"rendered":"<p>George Frideric Handel era hijo de un barbero-cirujano. El padre de George ten\u00eda planes definidos para su hijo. Quer\u00eda que George se convirtiera en abogado, pero el sonido de la m\u00fasica lo cautiv\u00f3.<\/p>","protected":false},"author":3,"featured_media":8805,"parent":592,"menu_order":0,"comment_status":"closed","ping_status":"closed","template":"","meta":{"_acf_changed":false,"footnotes":""},"class_list":["post-1011","page","type-page","status-publish","has-post-thumbnail","hentry"],"acf":[],"_links":{"self":[{"href":"https:\/\/www.dallassymphony.org\/es\/wp-json\/wp\/v2\/pages\/1011","targetHints":{"allow":["GET"]}}],"collection":[{"href":"https:\/\/www.dallassymphony.org\/es\/wp-json\/wp\/v2\/pages"}],"about":[{"href":"https:\/\/www.dallassymphony.org\/es\/wp-json\/wp\/v2\/types\/page"}],"author":[{"embeddable":true,"href":"https:\/\/www.dallassymphony.org\/es\/wp-json\/wp\/v2\/users\/3"}],"replies":[{"embeddable":true,"href":"https:\/\/www.dallassymphony.org\/es\/wp-json\/wp\/v2\/comments?post=1011"}],"version-history":[{"count":0,"href":"https:\/\/www.dallassymphony.org\/es\/wp-json\/wp\/v2\/pages\/1011\/revisions"}],"up":[{"embeddable":true,"href":"https:\/\/www.dallassymphony.org\/es\/wp-json\/wp\/v2\/pages\/592"}],"wp:featuredmedia":[{"embeddable":true,"href":"https:\/\/www.dallassymphony.org\/es\/wp-json\/wp\/v2\/media\/8805"}],"wp:attachment":[{"href":"https:\/\/www.dallassymphony.org\/es\/wp-json\/wp\/v2\/media?parent=1011"}],"curies":[{"name":"wp","href":"https:\/\/api.w.org\/{rel}","templated":true}]}}