{"id":8205,"date":"2022-03-04T12:42:53","date_gmt":"2022-03-04T18:42:53","guid":{"rendered":"https:\/\/www.dallassymphony.org\/?post_type=dso_prod_season&#038;p=8205"},"modified":"2022-06-24T09:26:49","modified_gmt":"2022-06-24T14:26:49","slug":"aida-cuevas-the-queen-of-mariachi","status":"publish","type":"dso_prod_season","link":"https:\/\/www.dallassymphony.org\/es\/productions\/aida-cuevas-the-queen-of-mariachi\/","title":{"rendered":"Aida Cuevas \"La Reina del Mariachi\""},"content":{"rendered":"<div class=\"richtext m-spacer\">\n\t<div class=\"container\">\n\t\t<div class=\"row\">\n\t\t\t<div class=\"col-10\">\n\t\t\t\t\n\n<p><strong>ENRICO LOPEZ YA\u00d1EZ <\/strong>lleva a cabo<br><strong>AIDA CUEVAS<\/strong><\/p>\n\n\n\n<p>La leyenda ganadora del GRAMMY\u00ae sube al escenario del Meyerson para mostrar su notable huella en la historia de la m\u00fasica mexicana. Cuevas es una maestra de la canci\u00f3n art\u00edstica de mariachi, que interpreta sus rancheras con un toque country con el acompa\u00f1amiento de un mariachi. Con 42 a\u00f1os de carrera y 39 \u00e1lbumes en su haber, Aida Cuevas ha creado una de las carreras m\u00e1s importantes de la m\u00fasica tradicional mexicana.<\/p>\n\n\n\n<div style=\"height:10px\" aria-hidden=\"true\" class=\"wp-block-spacer\"><\/div>\n\n\n\n<figure class=\"wp-block-image size-full is-resized\"><img loading=\"lazy\" decoding=\"async\" src=\"https:\/\/www.dallassymphony.org\/wp-content\/uploads\/2021\/03\/CapOne_Pop.Series_Logo.Lockup_BLACK.png\" alt=\"\" class=\"wp-image-5686\" width=\"207\" height=\"150\" srcset=\"https:\/\/www.dallassymphony.org\/wp-content\/uploads\/2021\/03\/CapOne_Pop.Series_Logo.Lockup_BLACK.png 413w, https:\/\/www.dallassymphony.org\/wp-content\/uploads\/2021\/03\/CapOne_Pop.Series_Logo.Lockup_BLACK-300x218.png 300w, https:\/\/www.dallassymphony.org\/wp-content\/uploads\/2021\/03\/CapOne_Pop.Series_Logo.Lockup_BLACK-16x12.png 16w\" sizes=\"auto, (max-width: 207px) 100vw, 207px\" \/><\/figure>\n\n\n<div class=\"container\">\n    <div class=\"row\">\n        <div class=\"col-10\">\n            <div class=\"share d-flex align-items-center\">\n                <p class=\"mb-0 serif__light-16\">COMPARTIR<\/p><div data-network=\"facebook\" class=\"st-custom-button facebook\" data-title=\"&quot;Aida\" cuevas &#8220;the queen of mariachi&#8221;&quot; data-description=\"&quot;The\" grammy\u00ae award-winning legend takes the stage at meyerson to showcase her remarkable imprint on history mexican music. is a master mariachi art song, setting country-tinged rancheras uplifting accompaniment. with 42-year career and 39 album releases credit, aida has created one most important careers in traditional music.&quot; data-message =\"&quot;The\" music.\r\n\r\nhttps:>Facebook<span class=\"count\"><\/span><\/div>            <\/div>\n        <\/div>\n    <\/div>\n\n<\/div>\n\n\n\t\t\t<\/div>\n\t\t<\/div>\n\t<\/div>\n\n<\/div>\n\n\n<div class=\"edp-musician-grid m-spacer grad-to-right\">\n\t<div class=\"container\">\n\t\t<div class=\"row\">\n\t\t\t<div class=\"col-12\">\n\t\t\t\t<h1><\/h1>\n\t\t\t\t<h2><\/h2>\n\t\t\t<\/div>\n\t\t<\/div>\n\t\t<div class=\"row\">\n\t\t\t<div class=\"col-lg-6\">\n\t<div class=\"edp__musician-card\">\n\t\t<img loading=\"lazy\" decoding=\"async\" width=\"262\" height=\"262\" src=\"https:\/\/www.dallassymphony.org\/wp-content\/uploads\/2021\/04\/Enrico-Lopez-Yanez-Crop-Canva-edited-262x262.png\" class=\"attachment-262x262 size-262x262 wp-post-image\" alt=\"\" srcset=\"https:\/\/www.dallassymphony.org\/wp-content\/uploads\/2021\/04\/Enrico-Lopez-Yanez-Crop-Canva-edited-262x262.png 262w, https:\/\/www.dallassymphony.org\/wp-content\/uploads\/2021\/04\/Enrico-Lopez-Yanez-Crop-Canva-edited-300x300.png 300w, https:\/\/www.dallassymphony.org\/wp-content\/uploads\/2021\/04\/Enrico-Lopez-Yanez-Crop-Canva-edited-1024x1024.png 1024w, https:\/\/www.dallassymphony.org\/wp-content\/uploads\/2021\/04\/Enrico-Lopez-Yanez-Crop-Canva-edited-150x150.png 150w, https:\/\/www.dallassymphony.org\/wp-content\/uploads\/2021\/04\/Enrico-Lopez-Yanez-Crop-Canva-edited-768x768.png 768w, https:\/\/www.dallassymphony.org\/wp-content\/uploads\/2021\/04\/Enrico-Lopez-Yanez-Crop-Canva-edited-12x12.png 12w, https:\/\/www.dallassymphony.org\/wp-content\/uploads\/2021\/04\/Enrico-Lopez-Yanez-Crop-Canva-edited-350x350.png 350w, https:\/\/www.dallassymphony.org\/wp-content\/uploads\/2021\/04\/Enrico-Lopez-Yanez-Crop-Canva-edited-445x445.png 445w, https:\/\/www.dallassymphony.org\/wp-content\/uploads\/2021\/04\/Enrico-Lopez-Yanez-Crop-Canva-edited.png 1080w\" sizes=\"auto, (max-width: 262px) 100vw, 262px\" \/>\t\t<div class=\"content__wrapper\">\n\t\t\t<h4>Enrico L\u00f3pez-Y\u00e1\u00f1ez<\/h4>\n\n\t\t\t<p>Director principal, Dallas Symphony Presents<\/p>\n<p>C\u00e1tedra Nancy A. Nasher y David J. Haemisegger<\/p>\n\n                            <a class=\"a-hover\" href=\"https:\/\/www.dallassymphony.org\/es\/people\/enrico-lopez-yanez\/\">Leer m\u00e1s<\/a>\n            \t\t<\/div>\n\t<\/div>\n<\/div><div class=\"col-lg-6\">\n\t<div class=\"edp__musician-card\">\n\t\t<img loading=\"lazy\" decoding=\"async\" width=\"262\" height=\"262\" src=\"https:\/\/www.dallassymphony.org\/wp-content\/uploads\/2021\/06\/Aida-Cuevas-262x262.jpg\" class=\"attachment-262x262 size-262x262 wp-post-image\" alt=\"Aida Cuevas, la reina del mariachi\" srcset=\"https:\/\/www.dallassymphony.org\/wp-content\/uploads\/2021\/06\/Aida-Cuevas-262x262.jpg 262w, https:\/\/www.dallassymphony.org\/wp-content\/uploads\/2021\/06\/Aida-Cuevas-300x300.jpg 300w, https:\/\/www.dallassymphony.org\/wp-content\/uploads\/2021\/06\/Aida-Cuevas-1024x1024.jpg 1024w, https:\/\/www.dallassymphony.org\/wp-content\/uploads\/2021\/06\/Aida-Cuevas-150x150.jpg 150w, https:\/\/www.dallassymphony.org\/wp-content\/uploads\/2021\/06\/Aida-Cuevas-768x768.jpg 768w, https:\/\/www.dallassymphony.org\/wp-content\/uploads\/2021\/06\/Aida-Cuevas-12x12.jpg 12w, https:\/\/www.dallassymphony.org\/wp-content\/uploads\/2021\/06\/Aida-Cuevas-350x350.jpg 350w, https:\/\/www.dallassymphony.org\/wp-content\/uploads\/2021\/06\/Aida-Cuevas-445x445.jpg 445w, https:\/\/www.dallassymphony.org\/wp-content\/uploads\/2021\/06\/Aida-Cuevas.jpg 1200w\" sizes=\"auto, (max-width: 262px) 100vw, 262px\" \/>\t\t<div class=\"content__wrapper\">\n\t\t\t<h4>Aida Cuevas<\/h4>\n\n\t\t\t<p>Vocalista<\/p>\n\n                            <a class=\"a-hover\" href=\"https:\/\/www.dallassymphony.org\/es\/people\/aida-cuevas\/\">Leer m\u00e1s<\/a>\n            \t\t<\/div>\n\t<\/div>\n<\/div>\t\t<\/div>\n\t<\/div>\n<\/div>\n\n\n    <div class=\"featured-concerts grad-to-left m-spacer\">\n        <div class=\"container-fluid\">\n            <div class=\"row\">\n                <div class=\"col-md-7 col-7 offset-md-1\">\n                    <h1 class=\"serif__elight-58-italic\">Tambi\u00e9n puede interesarle<\/h1>\n                <\/div>\n                <div class=\"col-md-4 col-5\">\n                    <div class=\"controls__wrapper\">\n                        <div class=\"slideshow__controls d-none d-lg-block\">\n                            <button class=\"controls__prev\"  data-button-id=\"e6d951cbfb6588ea88381bcb6b93dcf4\">\n                                <svg xmlns=\"http:\/\/www.w3.org\/2000\/svg\" enable-background=\"new 0 0 24 24\" height=\"24\" viewbox=\"0 0 24 24\" width=\"24\">\n                                    <g><rect fill=\"none\" height=\"24\" width=\"24\"\/><path d=\"M12,4c4.41,0,8,3.59,8,8s-3.59,8-8,8s-8-3.59-8-8S7.59,4,12,4 M12,2C6.48,2,2,6.48,2,12c0,5.52,4.48,10,10,10 c5.52,0,10-4.48,10-10C22,6.48,17.52,2,12,2L12,2z M13,12l0-4h-2l0,4H8l4,4l4-4H13z\"\/><\/g>\n                                <\/svg>\n                            <\/button>\n                            <button class=\"controls__next\" data-button-id=\"e6d951cbfb6588ea88381bcb6b93dcf4\">\n                                <svg xmlns=\"http:\/\/www.w3.org\/2000\/svg\" enable-background=\"new 0 0 24 24\" height=\"24\" viewbox=\"0 0 24 24\" width=\"24\">\n                                    <g><rect fill=\"none\" height=\"24\" width=\"24\"\/><path d=\"M12,4c4.41,0,8,3.59,8,8s-3.59,8-8,8s-8-3.59-8-8S7.59,4,12,4 M12,2C6.48,2,2,6.48,2,12c0,5.52,4.48,10,10,10 c5.52,0,10-4.48,10-10C22,6.48,17.52,2,12,2L12,2z M13,12l0-4h-2l0,4H8l4,4l4-4H13z\"\/><\/g>\n                                <\/svg>\n                            <\/button>\n                        <\/div>\n\n\t                                        <\/div>\n                <\/div>\n            <\/div>\n            <div class=\"row\">\n                <div class=\"col-md-11 offset-md-1\">\n                    <div class=\"slideshow\">\n                        <div class=\"dso__slides\" data-button-id=\"e6d951cbfb6588ea88381bcb6b93dcf4\">\n                            <div class=\"concert__card\" style=\"margin-right: 15px\">\n    <a href=\"https:\/\/www.dallassymphony.org\/es\/?post_type=dso_prod_season&amp;p=8224\">\n        <div class=\"img__wrapper\">\n\t        <img loading=\"lazy\" decoding=\"async\" width=\"388\" height=\"218\" src=\"https:\/\/www.dallassymphony.org\/wp-content\/uploads\/2022\/02\/Web-Graphic-DSP3-388x218.jpg\" class=\"attachment-388x218 size-388x218 wp-post-image\" alt=\"D\u00eda de los Muertos\" srcset=\"https:\/\/www.dallassymphony.org\/wp-content\/uploads\/2022\/02\/Web-Graphic-DSP3-388x218.jpg 388w, https:\/\/www.dallassymphony.org\/wp-content\/uploads\/2022\/02\/Web-Graphic-DSP3-300x169.jpg 300w, https:\/\/www.dallassymphony.org\/wp-content\/uploads\/2022\/02\/Web-Graphic-DSP3-1024x576.jpg 1024w, https:\/\/www.dallassymphony.org\/wp-content\/uploads\/2022\/02\/Web-Graphic-DSP3-768x432.jpg 768w, https:\/\/www.dallassymphony.org\/wp-content\/uploads\/2022\/02\/Web-Graphic-DSP3-1536x864.jpg 1536w, https:\/\/www.dallassymphony.org\/wp-content\/uploads\/2022\/02\/Web-Graphic-DSP3-18x10.jpg 18w, https:\/\/www.dallassymphony.org\/wp-content\/uploads\/2022\/02\/Web-Graphic-DSP3-540x303.jpg 540w, https:\/\/www.dallassymphony.org\/wp-content\/uploads\/2022\/02\/Web-Graphic-DSP3-666x375.jpg 666w, https:\/\/www.dallassymphony.org\/wp-content\/uploads\/2022\/02\/Web-Graphic-DSP3-735x413.jpg 735w, https:\/\/www.dallassymphony.org\/wp-content\/uploads\/2022\/02\/Web-Graphic-DSP3.jpg 1600w\" sizes=\"auto, (max-width: 388px) 100vw, 388px\" \/>        <\/div>\n        <div class=\"content__wrapper\">\n            <h4 class=\"serif__light-22\">\n                D\u00eda de los Muertos 2022            <\/h4>\n            <p class=\"serif__light-16-italic\">1 de noviembre de 2022<\/p>\n            <p class=\"sans-cond__med-14\">M\u00e1s informaci\u00f3n y compra de entradas<\/p>\n        <\/div>\n    <\/a>\n<\/div>\n\n<div class=\"concert__card\" style=\"margin-right: 15px\">\n    <a href=\"https:\/\/www.dallassymphony.org\/es\/productions\/decades-back-to-the-80s\/\">\n        <div class=\"img__wrapper\">\n\t        <img loading=\"lazy\" decoding=\"async\" width=\"388\" height=\"218\" src=\"https:\/\/www.dallassymphony.org\/wp-content\/uploads\/2022\/03\/80s-Web-01-388x218.jpg\" class=\"attachment-388x218 size-388x218 wp-post-image\" alt=\"\" srcset=\"https:\/\/www.dallassymphony.org\/wp-content\/uploads\/2022\/03\/80s-Web-01-388x218.jpg 388w, https:\/\/www.dallassymphony.org\/wp-content\/uploads\/2022\/03\/80s-Web-01-300x169.jpg 300w, https:\/\/www.dallassymphony.org\/wp-content\/uploads\/2022\/03\/80s-Web-01-1024x576.jpg 1024w, https:\/\/www.dallassymphony.org\/wp-content\/uploads\/2022\/03\/80s-Web-01-768x432.jpg 768w, https:\/\/www.dallassymphony.org\/wp-content\/uploads\/2022\/03\/80s-Web-01-1536x864.jpg 1536w, https:\/\/www.dallassymphony.org\/wp-content\/uploads\/2022\/03\/80s-Web-01-18x10.jpg 18w, https:\/\/www.dallassymphony.org\/wp-content\/uploads\/2022\/03\/80s-Web-01-540x303.jpg 540w, https:\/\/www.dallassymphony.org\/wp-content\/uploads\/2022\/03\/80s-Web-01-666x375.jpg 666w, https:\/\/www.dallassymphony.org\/wp-content\/uploads\/2022\/03\/80s-Web-01-735x413.jpg 735w, https:\/\/www.dallassymphony.org\/wp-content\/uploads\/2022\/03\/80s-Web-01-1600x900.jpg 1600w, https:\/\/www.dallassymphony.org\/wp-content\/uploads\/2022\/03\/80s-Web-01.jpg 1920w\" sizes=\"auto, (max-width: 388px) 100vw, 388px\" \/>        <\/div>\n        <div class=\"content__wrapper\">\n            <h4 class=\"serif__light-22\">\n                D\u00e9cadas: Vuelta a los 80            <\/h4>\n            <p class=\"serif__light-16-italic\">14 - 16 de abril de 2023<\/p>\n            <p class=\"sans-cond__med-14\">M\u00e1s informaci\u00f3n y compra de entradas<\/p>\n        <\/div>\n    <\/a>\n<\/div>\n\n<div class=\"concert__card\" style=\"margin-right: 15px\">\n    <a href=\"https:\/\/www.dallassymphony.org\/es\/?post_type=dso_prod_season&amp;p=8216\">\n        <div class=\"img__wrapper\">\n\t        <img loading=\"lazy\" decoding=\"async\" width=\"388\" height=\"218\" src=\"https:\/\/www.dallassymphony.org\/wp-content\/uploads\/2022\/02\/Web-Graphic-POPS8-388x218.jpg\" class=\"attachment-388x218 size-388x218 wp-post-image\" alt=\"Troupe V\u00e9rtigo\" srcset=\"https:\/\/www.dallassymphony.org\/wp-content\/uploads\/2022\/02\/Web-Graphic-POPS8-388x218.jpg 388w, https:\/\/www.dallassymphony.org\/wp-content\/uploads\/2022\/02\/Web-Graphic-POPS8-300x169.jpg 300w, https:\/\/www.dallassymphony.org\/wp-content\/uploads\/2022\/02\/Web-Graphic-POPS8-1024x576.jpg 1024w, https:\/\/www.dallassymphony.org\/wp-content\/uploads\/2022\/02\/Web-Graphic-POPS8-768x432.jpg 768w, https:\/\/www.dallassymphony.org\/wp-content\/uploads\/2022\/02\/Web-Graphic-POPS8-1536x864.jpg 1536w, https:\/\/www.dallassymphony.org\/wp-content\/uploads\/2022\/02\/Web-Graphic-POPS8-18x10.jpg 18w, https:\/\/www.dallassymphony.org\/wp-content\/uploads\/2022\/02\/Web-Graphic-POPS8-540x303.jpg 540w, https:\/\/www.dallassymphony.org\/wp-content\/uploads\/2022\/02\/Web-Graphic-POPS8-666x375.jpg 666w, https:\/\/www.dallassymphony.org\/wp-content\/uploads\/2022\/02\/Web-Graphic-POPS8-735x413.jpg 735w, https:\/\/www.dallassymphony.org\/wp-content\/uploads\/2022\/02\/Web-Graphic-POPS8.jpg 1600w\" sizes=\"auto, (max-width: 388px) 100vw, 388px\" \/>        <\/div>\n        <div class=\"content__wrapper\">\n            <h4 class=\"serif__light-22\">\n                Troupe V\u00e9rtigo            <\/h4>\n            <p class=\"serif__light-16-italic\"><\/p>\n            <p class=\"sans-cond__med-14\">M\u00e1s informaci\u00f3n y compra de entradas<\/p>\n        <\/div>\n    <\/a>\n<\/div>\n\n                        <\/div>\n                    <\/div>\n                <\/div>\n            <\/div>\n            <div class=\"row\">\n                <div class=\"col-11 offset-1\">\n                    <div class=\"slideshow__controls d-lg-none\">\n                        <button class=\"controls__prev\" data-prev=\"#\" data-button-id=\"e6d951cbfb6588ea88381bcb6b93dcf4\">\n                            <svg xmlns=\"http:\/\/www.w3.org\/2000\/svg\" enable-background=\"new 0 0 24 24\" height=\"24\" viewbox=\"0 0 24 24\" width=\"24\">\n                                <g><rect fill=\"none\" height=\"24\" width=\"24\"\/><path d=\"M12,4c4.41,0,8,3.59,8,8s-3.59,8-8,8s-8-3.59-8-8S7.59,4,12,4 M12,2C6.48,2,2,6.48,2,12c0,5.52,4.48,10,10,10 c5.52,0,10-4.48,10-10C22,6.48,17.52,2,12,2L12,2z M13,12l0-4h-2l0,4H8l4,4l4-4H13z\"\/><\/g>\n                            <\/svg>\n                        <\/button>\n                        <button class=\"controls__next\" data-next=\"#\" data-button-id=\"e6d951cbfb6588ea88381bcb6b93dcf4\">\n                            <svg xmlns=\"http:\/\/www.w3.org\/2000\/svg\" enable-background=\"new 0 0 24 24\" height=\"24\" viewbox=\"0 0 24 24\" width=\"24\">\n                                <g><rect fill=\"none\" height=\"24\" width=\"24\"\/><path d=\"M12,4c4.41,0,8,3.59,8,8s-3.59,8-8,8s-8-3.59-8-8S7.59,4,12,4 M12,2C6.48,2,2,6.48,2,12c0,5.52,4.48,10,10,10 c5.52,0,10-4.48,10-10C22,6.48,17.52,2,12,2L12,2z M13,12l0-4h-2l0,4H8l4,4l4-4H13z\"\/><\/g>\n                            <\/svg>\n                        <\/button>\n                    <\/div>\n\n                <\/div>\n\n            <\/div>\n        <\/div>\n    <\/div>","protected":false},"excerpt":{"rendered":"<p>La leyenda ganadora del GRAMMY\u00ae sube al escenario del Meyerson para mostrar su notable huella en la historia de la m\u00fasica mexicana. Cuevas es una maestra de la canci\u00f3n art\u00edstica de mariachi, que interpreta sus rancheras con un toque country con el acompa\u00f1amiento de un mariachi. Con 42 a\u00f1os de carrera y 39 \u00e1lbumes en su haber, Aida Cuevas ha creado una de las carreras m\u00e1s importantes de la m\u00fasica tradicional mexicana.<\/p>","protected":false},"featured_media":8113,"template":"","dso_concert_series":[32],"class_list":["post-8205","dso_prod_season","type-dso_prod_season","status-publish","has-post-thumbnail","hentry","dso_concert_series-pops"],"acf":[],"_links":{"self":[{"href":"https:\/\/www.dallassymphony.org\/es\/wp-json\/wp\/v2\/dso_prod_season\/8205","targetHints":{"allow":["GET"]}}],"collection":[{"href":"https:\/\/www.dallassymphony.org\/es\/wp-json\/wp\/v2\/dso_prod_season"}],"about":[{"href":"https:\/\/www.dallassymphony.org\/es\/wp-json\/wp\/v2\/types\/dso_prod_season"}],"version-history":[{"count":0,"href":"https:\/\/www.dallassymphony.org\/es\/wp-json\/wp\/v2\/dso_prod_season\/8205\/revisions"}],"wp:featuredmedia":[{"embeddable":true,"href":"https:\/\/www.dallassymphony.org\/es\/wp-json\/wp\/v2\/media\/8113"}],"wp:attachment":[{"href":"https:\/\/www.dallassymphony.org\/es\/wp-json\/wp\/v2\/media?parent=8205"}],"wp:term":[{"taxonomy":"dso_concert_series","embeddable":true,"href":"https:\/\/www.dallassymphony.org\/es\/wp-json\/wp\/v2\/dso_concert_series?post=8205"}],"curies":[{"name":"wp","href":"https:\/\/api.w.org\/{rel}","templated":true}]}}