{"id":7785,"date":"2022-01-06T13:51:12","date_gmt":"2022-01-06T19:51:12","guid":{"rendered":"https:\/\/www.dallassymphony.org\/?post_type=dso_prod_season&#038;p=7785"},"modified":"2022-02-23T18:30:16","modified_gmt":"2022-02-24T00:30:16","slug":"brahms-symphony-no-2","status":"publish","type":"dso_prod_season","link":"https:\/\/www.dallassymphony.org\/es\/productions\/brahms-symphony-no-2\/","title":{"rendered":"Sinfon\u00eda n\u00ba 2 de Brahms"},"content":{"rendered":"<div class=\"richtext m-spacer\">\n\t<div class=\"container\">\n\t\t<div class=\"row\">\n\t\t\t<div class=\"col-10\">\n\t\t\t\t\n\t\t\t<\/div>\n\t\t<\/div>\n\t<\/div>\n\n<\/div>\n\n\n<div class=\"dso__accordion m-spacer\">\n    <div class=\"container\">\n        <div class=\"row\">\n            <div class=\"col-lg-12\">\n                <div class=\"accordion__intro-wrapper\">\n                    <h1>Detalles de las prestaciones<\/h1>\n                    <p><\/p>\n                <\/div>\n            <\/div>\n        <\/div>\n\t\t<div class=\"row\">\n\t\t\t<div class=\"col-md-10 offset-md-1\">\n\t\t\t\t<div class=\"accordion\" id=\"accordion-d41d8cd98f00b204e9800998ecf8427e\">\n\t\t\t\t\t<div class=\"card\">\n\t<button id=\"headingba40759f54117be86ada75f8d5f13592\" class=\"dso__accordion-toggle\" type=\"button\" data-toggle=\"collapse\" data-target=\"#collapseba40759f54117be86ada75f8d5f13592\" aria-expanded=\"false\" aria-controls=\"collapseba40759f54117be86ada75f8d5f13592\">\n\t\tMi\u00e9rcoles, 2\/23 | 2:00pm | Suscriptores\t\t<span class=\"plus-sign\">\n            <svg xmlns=\"http:\/\/www.w3.org\/2000\/svg\" width=\"25\" height=\"25\" viewbox=\"0 0 25 25\">\n                <g transform=\"translate(211.054 -145.186) rotate(135)\"><rect width=\"25\" height=\"3\" transform=\"translate(242.001 36.678) rotate(-45)\"\/><rect width=\"25\" height=\"3\" transform=\"translate(244.12 19) rotate(45)\"\/><\/g>\n            <\/svg>\n        <\/span>\n\t<\/button>\n\n\t<div id=\"collapseba40759f54117be86ada75f8d5f13592\" class=\"collapse\" aria-labelledby=\"headingba40759f54117be86ada75f8d5f13592\" data-parent=\"#accordion-d41d8cd98f00b204e9800998ecf8427e\">\n\t\t<div class=\"card-body\">\n\t\t\t<p>Este concierto est\u00e1 reservado a los abonados de la DSO.<\/p>\n\t\t<\/div>\n\t<\/div>\n<\/div><div class=\"card\">\n\t<button id=\"heading402804a02cb60e174b8dedf91a5da056\" class=\"dso__accordion-toggle\" type=\"button\" data-toggle=\"collapse\" data-target=\"#collapse402804a02cb60e174b8dedf91a5da056\" aria-expanded=\"false\" aria-controls=\"collapse402804a02cb60e174b8dedf91a5da056\">\n\t\tPOSPUESTO - Jueves, 2\/24 | 3:00pm | Miembros de la Junta Directiva y Donantes  \t\t<span class=\"plus-sign\">\n            <svg xmlns=\"http:\/\/www.w3.org\/2000\/svg\" width=\"25\" height=\"25\" viewbox=\"0 0 25 25\">\n                <g transform=\"translate(211.054 -145.186) rotate(135)\"><rect width=\"25\" height=\"3\" transform=\"translate(242.001 36.678) rotate(-45)\"\/><rect width=\"25\" height=\"3\" transform=\"translate(244.12 19) rotate(45)\"\/><\/g>\n            <\/svg>\n        <\/span>\n\t<\/button>\n\n\t<div id=\"collapse402804a02cb60e174b8dedf91a5da056\" class=\"collapse\" aria-labelledby=\"heading402804a02cb60e174b8dedf91a5da056\" data-parent=\"#accordion-d41d8cd98f00b204e9800998ecf8427e\">\n\t\t<div class=\"card-body\">\n\t\t\t<p class=\"xmsonormal\"><strong><span style=\"font-family: 'Calibri',sans-serif\">Debido a las inclemencias del tiempo, este concierto se ha pospuesto y tendr\u00e1 lugar el viernes 25 de febrero a las 14 horas.<\/span><\/strong><\/p>\n<p class=\"xmsonormal\"><span style=\"font-family: 'Calibri',sans-serif\">Este concierto est\u00e1 reservado a los miembros de la junta directiva de la DSO y a los donantes. El p\u00fablico estar\u00e1 limitado a menos de 500 personas, por lo que ser\u00e1 una oportunidad \u00fanica para escuchar la Sinfon\u00eda n\u00ba 2 de Brahms con un grupo de compa\u00f1eros de la junta directiva de la DSO y sus partidarios.<\/span><\/p>\n\t\t<\/div>\n\t<\/div>\n<\/div><div class=\"card\">\n\t<button id=\"heading5eead799e3a71b95d11145120d39067e\" class=\"dso__accordion-toggle\" type=\"button\" data-toggle=\"collapse\" data-target=\"#collapse5eead799e3a71b95d11145120d39067e\" aria-expanded=\"false\" aria-controls=\"collapse5eead799e3a71b95d11145120d39067e\">\n\t\tJueves, 2\/24 | 7:30pm | Celebraci\u00f3n del centenario de la WRR\t\t<span class=\"plus-sign\">\n            <svg xmlns=\"http:\/\/www.w3.org\/2000\/svg\" width=\"25\" height=\"25\" viewbox=\"0 0 25 25\">\n                <g transform=\"translate(211.054 -145.186) rotate(135)\"><rect width=\"25\" height=\"3\" transform=\"translate(242.001 36.678) rotate(-45)\"\/><rect width=\"25\" height=\"3\" transform=\"translate(244.12 19) rotate(45)\"\/><\/g>\n            <\/svg>\n        <\/span>\n\t<\/button>\n\n\t<div id=\"collapse5eead799e3a71b95d11145120d39067e\" class=\"collapse\" aria-labelledby=\"heading5eead799e3a71b95d11145120d39067e\" data-parent=\"#accordion-d41d8cd98f00b204e9800998ecf8427e\">\n\t\t<div class=\"card-body\">\n\t\t\t<p>La Orquesta Sinf\u00f3nica de Dallas celebra la WRR, Classical 101.1FM's 100<sup>th<\/sup> aniversario en esta actuaci\u00f3n. Adem\u00e1s de disfrutar del concierto, los oyentes de la emisora est\u00e1n invitados a una recepci\u00f3n posterior al concierto en el vest\u00edbulo del Meyerson.<\/p>\n<p>La WRR celebra un siglo de servicio como primera emisora de radio con licencia en Texas. Aunque los or\u00edgenes de la emisora son la seguridad p\u00fablica para los departamentos de polic\u00eda y de bomberos de la ciudad de Dallas, hoy sigue sirviendo a la comunidad proporcionando un acceso gratuito y equitativo a la m\u00fasica cl\u00e1sica y a las artes para los residentes del norte de Texas y m\u00e1s all\u00e1. La emisora adopta un enfoque hiperlocal para defender las organizaciones art\u00edsticas de la regi\u00f3n y es el hogar radiof\u00f3nico de la transmisi\u00f3n de los conciertos de la Orquesta Sinf\u00f3nica de Dallas, la Orquesta Sinf\u00f3nica de Fort Worth y Dallas Winds, entre otros. Aunque es propiedad de la ciudad de Dallas, la emisora funciona como una empresa y no se financia con el dinero de los contribuyentes. En palabras de la ex alcaldesa de Dallas, Annette Strauss, la emisora es \"uno de los mayores activos culturales de la ciudad\".<\/p>\n<p><img loading=\"lazy\" decoding=\"async\" class=\"alignnone wp-image-7786 size-thumbnail\" src=\"https:\/\/www.dallassymphony.org\/wp-content\/uploads\/2022\/01\/WRR_FirstInTexas-Texas_Logo-CMYK-Final-HR-1-150x150.jpg\" alt=\"\" width=\"150\" height=\"150\" srcset=\"https:\/\/www.dallassymphony.org\/wp-content\/uploads\/2022\/01\/WRR_FirstInTexas-Texas_Logo-CMYK-Final-HR-1-150x150.jpg 150w, https:\/\/www.dallassymphony.org\/wp-content\/uploads\/2022\/01\/WRR_FirstInTexas-Texas_Logo-CMYK-Final-HR-1-300x300.jpg 300w, https:\/\/www.dallassymphony.org\/wp-content\/uploads\/2022\/01\/WRR_FirstInTexas-Texas_Logo-CMYK-Final-HR-1-1024x1024.jpg 1024w, https:\/\/www.dallassymphony.org\/wp-content\/uploads\/2022\/01\/WRR_FirstInTexas-Texas_Logo-CMYK-Final-HR-1-768x768.jpg 768w, https:\/\/www.dallassymphony.org\/wp-content\/uploads\/2022\/01\/WRR_FirstInTexas-Texas_Logo-CMYK-Final-HR-1-1536x1536.jpg 1536w, https:\/\/www.dallassymphony.org\/wp-content\/uploads\/2022\/01\/WRR_FirstInTexas-Texas_Logo-CMYK-Final-HR-1-12x12.jpg 12w, https:\/\/www.dallassymphony.org\/wp-content\/uploads\/2022\/01\/WRR_FirstInTexas-Texas_Logo-CMYK-Final-HR-1-262x262.jpg 262w, https:\/\/www.dallassymphony.org\/wp-content\/uploads\/2022\/01\/WRR_FirstInTexas-Texas_Logo-CMYK-Final-HR-1-350x350.jpg 350w, https:\/\/www.dallassymphony.org\/wp-content\/uploads\/2022\/01\/WRR_FirstInTexas-Texas_Logo-CMYK-Final-HR-1-445x445.jpg 445w, https:\/\/www.dallassymphony.org\/wp-content\/uploads\/2022\/01\/WRR_FirstInTexas-Texas_Logo-CMYK-Final-HR-1.jpg 1763w\" sizes=\"auto, (max-width: 150px) 100vw, 150px\" \/><\/p>\n\t\t<\/div>\n\t<\/div>\n<\/div>\t\t\t\t<\/div>\n\t\t\t<\/div>\n\t\t<\/div>\n\t<\/div>\n<\/div>\n\n\n<div class=\"richtext m-spacer\">\n\t<div class=\"container\">\n\t\t<div class=\"row\">\n\t\t\t<div class=\"col-10\">\n\t\t\t\t\n\n<hr class=\"wp-block-separator\"\/>\n\n\n\n<div style=\"height:15px\" aria-hidden=\"true\" class=\"wp-block-spacer\"><\/div>\n\n\n\n<div class=\"wp-block-columns is-layout-flex wp-container-core-columns-is-layout-9d6595d7 wp-block-columns-is-layout-flex\">\n<div class=\"wp-block-column is-layout-flow wp-block-column-is-layout-flow\" style=\"flex-basis:25%\">\n<figure class=\"wp-block-image size-medium is-resized\"><a href=\"https:\/\/www.dallassymphony.org\/es\/donor-appreciation-month\/\"><img loading=\"lazy\" decoding=\"async\" src=\"https:\/\/www.dallassymphony.org\/wp-content\/uploads\/2021\/03\/DAM22-Logo-Blue-300x152.jpg\" alt=\"\" class=\"wp-image-7892\" width=\"225\" height=\"114\" srcset=\"https:\/\/www.dallassymphony.org\/wp-content\/uploads\/2021\/03\/DAM22-Logo-Blue-300x152.jpg 300w, https:\/\/www.dallassymphony.org\/wp-content\/uploads\/2021\/03\/DAM22-Logo-Blue-768x389.jpg 768w, https:\/\/www.dallassymphony.org\/wp-content\/uploads\/2021\/03\/DAM22-Logo-Blue-18x9.jpg 18w, https:\/\/www.dallassymphony.org\/wp-content\/uploads\/2021\/03\/DAM22-Logo-Blue.jpg 900w\" sizes=\"auto, (max-width: 225px) 100vw, 225px\" \/><\/a><\/figure>\n<\/div>\n\n\n\n<div class=\"wp-block-column is-layout-flow wp-block-column-is-layout-flow\" style=\"flex-basis:66.66%\">\n<p>La Sinf\u00f3nica de Dallas agradece el maravilloso apoyo de sus donantes y mecenas. Para obtener una lista completa de las oportunidades del Mes de Agradecimiento a los Donantes, por favor <a href=\"https:\/\/www.dallassymphony.org\/es\/donor-appreciation-month\/\">visite aqu\u00ed<\/a>.<\/p>\n<\/div>\n<\/div>\n\n\n\n<hr class=\"wp-block-separator\"\/>\n\n\n\n<blockquote class=\"wp-block-quote is-layout-flow wp-block-quote-is-layout-flow\"><p><strong>PROTOCOLO DE SEGURIDAD DE COVID-19<\/strong><br><em><em>Su seguridad y la de nuestros m\u00fasicos, artistas invitados y personal siguen siendo nuestras principales prioridades. Actualmente exigimos una prueba de vacunaci\u00f3n o una prueba de PCR negative en un plazo de 48 horas antes de la fecha de su actuaci\u00f3n, y <strong>Es necesario llevar m\u00e1scara en todo momento en el Morton H. Meyerson Symphony Center<\/strong>independientemente del estado de vacunaci\u00f3n. Para m\u00e1s informaci\u00f3n sobre nuestros protocolos de seguridad mejorados, por favor <a href=\"https:\/\/www.dallassymphony.org\/es\/updated-covid-19-protocols\/\">visite aqu\u00ed<\/a>.<\/em><\/em><\/p><\/blockquote>\n\n\n<div class=\"container\">\n    <div class=\"row\">\n        <div class=\"col-10\">\n            <div class=\"share d-flex align-items-center\">\n                <p class=\"mb-0 serif__light-16\">COMPARTIR<\/p><div data-network=\"facebook\" class=\"st-custom-button facebook\" data-title=\"&quot;Brahms\" symphony no. 2&quot; data-description=\"&quot;WRR\" is celebrating a century of service as the first licensed radio station in texas. while station\u2019s origins are public safety for city dallas\u2019 police and fire departments, it continues to serve community today by providing free, equitable access classical music arts residents north texas beyond.&quot; data-message =\"&quot;WRR\" beyond.\r\n\r\nhttps:>Facebook<span class=\"count\"><\/span><\/div>            <\/div>\n        <\/div>\n    <\/div>\n\n<\/div>\n\n\n\t\t\t<\/div>\n\t\t<\/div>\n\t<\/div>\n\n<\/div>\n\n\n<div class=\"edp-musician-grid m-spacer grad-to-right\">\n\t<div class=\"container\">\n\t\t<div class=\"row\">\n\t\t\t<div class=\"col-12\">\n\t\t\t\t<h1><\/h1>\n\t\t\t\t<h2><\/h2>\n\t\t\t<\/div>\n\t\t<\/div>\n\t\t<div class=\"row\">\n\t\t\t<div class=\"col-lg-6\">\n\t<div class=\"edp__musician-card\">\n\t\t<img loading=\"lazy\" decoding=\"async\" width=\"262\" height=\"262\" src=\"https:\/\/www.dallassymphony.org\/wp-content\/uploads\/2020\/12\/Fabio-Luisi-1600-x-1600-1-262x262.jpg\" class=\"attachment-262x262 size-262x262 wp-post-image\" alt=\"FABIO LUISI DIRECTOR MUSICAL LOUISE W. &amp; EDMUND J. KAHN DIRECTOR MUSICAL\" srcset=\"https:\/\/www.dallassymphony.org\/wp-content\/uploads\/2020\/12\/Fabio-Luisi-1600-x-1600-1-262x262.jpg 262w, https:\/\/www.dallassymphony.org\/wp-content\/uploads\/2020\/12\/Fabio-Luisi-1600-x-1600-1-300x300.jpg 300w, https:\/\/www.dallassymphony.org\/wp-content\/uploads\/2020\/12\/Fabio-Luisi-1600-x-1600-1-1024x1024.jpg 1024w, https:\/\/www.dallassymphony.org\/wp-content\/uploads\/2020\/12\/Fabio-Luisi-1600-x-1600-1-150x150.jpg 150w, https:\/\/www.dallassymphony.org\/wp-content\/uploads\/2020\/12\/Fabio-Luisi-1600-x-1600-1-768x768.jpg 768w, https:\/\/www.dallassymphony.org\/wp-content\/uploads\/2020\/12\/Fabio-Luisi-1600-x-1600-1-1536x1536.jpg 1536w, https:\/\/www.dallassymphony.org\/wp-content\/uploads\/2020\/12\/Fabio-Luisi-1600-x-1600-1-12x12.jpg 12w, https:\/\/www.dallassymphony.org\/wp-content\/uploads\/2020\/12\/Fabio-Luisi-1600-x-1600-1-350x350.jpg 350w, https:\/\/www.dallassymphony.org\/wp-content\/uploads\/2020\/12\/Fabio-Luisi-1600-x-1600-1-445x445.jpg 445w, https:\/\/www.dallassymphony.org\/wp-content\/uploads\/2020\/12\/Fabio-Luisi-1600-x-1600-1.jpg 1600w\" sizes=\"auto, (max-width: 262px) 100vw, 262px\" \/>\t\t<div class=\"content__wrapper\">\n\t\t\t<h4>Fabio Luisi<\/h4>\n\n\t\t\t<p>Director musical<\/p>\n<p>Louise W. &amp; Edmund J. Kahn Direcci\u00f3n de M\u00fasica<\/p>\n\n                            <a class=\"a-hover\" href=\"https:\/\/www.dallassymphony.org\/es\/people\/fabio-luisi\/\">Leer m\u00e1s<\/a>\n            \t\t<\/div>\n\t<\/div>\n<\/div>\t\t<\/div>\n\t<\/div>\n<\/div>\n\n\n    <div class=\"featured-concerts grad-to-left m-spacer\">\n        <div class=\"container-fluid\">\n            <div class=\"row\">\n                <div class=\"col-md-7 col-7 offset-md-1\">\n                    <h1 class=\"serif__elight-58-italic\">Tambi\u00e9n puede interesarle<\/h1>\n                <\/div>\n                <div class=\"col-md-4 col-5\">\n                    <div class=\"controls__wrapper\">\n                        <div class=\"slideshow__controls d-none d-lg-block\">\n                            <button class=\"controls__prev\"  data-button-id=\"e03f4918f1a66dc758fdcc6ec0c5da8e\">\n                                <svg xmlns=\"http:\/\/www.w3.org\/2000\/svg\" enable-background=\"new 0 0 24 24\" height=\"24\" viewbox=\"0 0 24 24\" width=\"24\">\n                                    <g><rect fill=\"none\" height=\"24\" width=\"24\"\/><path d=\"M12,4c4.41,0,8,3.59,8,8s-3.59,8-8,8s-8-3.59-8-8S7.59,4,12,4 M12,2C6.48,2,2,6.48,2,12c0,5.52,4.48,10,10,10 c5.52,0,10-4.48,10-10C22,6.48,17.52,2,12,2L12,2z M13,12l0-4h-2l0,4H8l4,4l4-4H13z\"\/><\/g>\n                                <\/svg>\n                            <\/button>\n                            <button class=\"controls__next\" data-button-id=\"e03f4918f1a66dc758fdcc6ec0c5da8e\">\n                                <svg xmlns=\"http:\/\/www.w3.org\/2000\/svg\" enable-background=\"new 0 0 24 24\" height=\"24\" viewbox=\"0 0 24 24\" width=\"24\">\n                                    <g><rect fill=\"none\" height=\"24\" width=\"24\"\/><path d=\"M12,4c4.41,0,8,3.59,8,8s-3.59,8-8,8s-8-3.59-8-8S7.59,4,12,4 M12,2C6.48,2,2,6.48,2,12c0,5.52,4.48,10,10,10 c5.52,0,10-4.48,10-10C22,6.48,17.52,2,12,2L12,2z M13,12l0-4h-2l0,4H8l4,4l4-4H13z\"\/><\/g>\n                                <\/svg>\n                            <\/button>\n                        <\/div>\n\n\t                                        <\/div>\n                <\/div>\n            <\/div>\n            <div class=\"row\">\n                <div class=\"col-md-11 offset-md-1\">\n                    <div class=\"slideshow\">\n                        <div class=\"dso__slides\" data-button-id=\"e03f4918f1a66dc758fdcc6ec0c5da8e\">\n                            <div class=\"concert__card\" style=\"margin-right: 15px\">\n    <a href=\"https:\/\/www.dallassymphony.org\/es\/?post_type=dso_prod_season&amp;p=5751\">\n        <div class=\"img__wrapper\">\n\t        <img loading=\"lazy\" decoding=\"async\" width=\"388\" height=\"218\" src=\"https:\/\/www.dallassymphony.org\/wp-content\/uploads\/2021\/03\/21.22_Shostakovich__R.Strauss_Web.Graphics_1600x900_06.01.21-388x218.jpg\" class=\"attachment-388x218 size-388x218 wp-post-image\" alt=\"Shostakovich y R. Strauss\" srcset=\"https:\/\/www.dallassymphony.org\/wp-content\/uploads\/2021\/03\/21.22_Shostakovich__R.Strauss_Web.Graphics_1600x900_06.01.21-388x218.jpg 388w, https:\/\/www.dallassymphony.org\/wp-content\/uploads\/2021\/03\/21.22_Shostakovich__R.Strauss_Web.Graphics_1600x900_06.01.21-300x169.jpg 300w, https:\/\/www.dallassymphony.org\/wp-content\/uploads\/2021\/03\/21.22_Shostakovich__R.Strauss_Web.Graphics_1600x900_06.01.21-1024x576.jpg 1024w, https:\/\/www.dallassymphony.org\/wp-content\/uploads\/2021\/03\/21.22_Shostakovich__R.Strauss_Web.Graphics_1600x900_06.01.21-768x432.jpg 768w, https:\/\/www.dallassymphony.org\/wp-content\/uploads\/2021\/03\/21.22_Shostakovich__R.Strauss_Web.Graphics_1600x900_06.01.21-1536x864.jpg 1536w, https:\/\/www.dallassymphony.org\/wp-content\/uploads\/2021\/03\/21.22_Shostakovich__R.Strauss_Web.Graphics_1600x900_06.01.21-16x9.jpg 16w, https:\/\/www.dallassymphony.org\/wp-content\/uploads\/2021\/03\/21.22_Shostakovich__R.Strauss_Web.Graphics_1600x900_06.01.21-540x303.jpg 540w, https:\/\/www.dallassymphony.org\/wp-content\/uploads\/2021\/03\/21.22_Shostakovich__R.Strauss_Web.Graphics_1600x900_06.01.21-666x375.jpg 666w, https:\/\/www.dallassymphony.org\/wp-content\/uploads\/2021\/03\/21.22_Shostakovich__R.Strauss_Web.Graphics_1600x900_06.01.21-735x413.jpg 735w, https:\/\/www.dallassymphony.org\/wp-content\/uploads\/2021\/03\/21.22_Shostakovich__R.Strauss_Web.Graphics_1600x900_06.01.21.jpg 1600w\" sizes=\"auto, (max-width: 388px) 100vw, 388px\" \/>        <\/div>\n        <div class=\"content__wrapper\">\n            <h4 class=\"serif__light-22\">\n                Shostakovich y R. Strauss            <\/h4>\n            <p class=\"serif__light-16-italic\">17 - 20 de marzo de 2022<\/p>\n            <p class=\"sans-cond__med-14\">M\u00e1s informaci\u00f3n y compra de entradas<\/p>\n        <\/div>\n    <\/a>\n<\/div>\n\n<div class=\"concert__card\" style=\"margin-right: 15px\">\n    <a href=\"https:\/\/www.dallassymphony.org\/es\/productions\/tchaikovskys-eugene-onegin\/\">\n        <div class=\"img__wrapper\">\n\t        <img loading=\"lazy\" decoding=\"async\" width=\"388\" height=\"218\" src=\"https:\/\/www.dallassymphony.org\/wp-content\/uploads\/2022\/03\/21.22_Tchaikovskys_Eugene.Onegin_Web.Graphics_1600x900_03.25.22-1-388x218.jpg\" class=\"attachment-388x218 size-388x218 wp-post-image\" alt=\"Eugene Onegin de Tchaikovsky\" srcset=\"https:\/\/www.dallassymphony.org\/wp-content\/uploads\/2022\/03\/21.22_Tchaikovskys_Eugene.Onegin_Web.Graphics_1600x900_03.25.22-1-388x218.jpg 388w, https:\/\/www.dallassymphony.org\/wp-content\/uploads\/2022\/03\/21.22_Tchaikovskys_Eugene.Onegin_Web.Graphics_1600x900_03.25.22-1-300x169.jpg 300w, https:\/\/www.dallassymphony.org\/wp-content\/uploads\/2022\/03\/21.22_Tchaikovskys_Eugene.Onegin_Web.Graphics_1600x900_03.25.22-1-1024x576.jpg 1024w, https:\/\/www.dallassymphony.org\/wp-content\/uploads\/2022\/03\/21.22_Tchaikovskys_Eugene.Onegin_Web.Graphics_1600x900_03.25.22-1-768x432.jpg 768w, https:\/\/www.dallassymphony.org\/wp-content\/uploads\/2022\/03\/21.22_Tchaikovskys_Eugene.Onegin_Web.Graphics_1600x900_03.25.22-1-1536x864.jpg 1536w, https:\/\/www.dallassymphony.org\/wp-content\/uploads\/2022\/03\/21.22_Tchaikovskys_Eugene.Onegin_Web.Graphics_1600x900_03.25.22-1-18x10.jpg 18w, https:\/\/www.dallassymphony.org\/wp-content\/uploads\/2022\/03\/21.22_Tchaikovskys_Eugene.Onegin_Web.Graphics_1600x900_03.25.22-1-540x303.jpg 540w, https:\/\/www.dallassymphony.org\/wp-content\/uploads\/2022\/03\/21.22_Tchaikovskys_Eugene.Onegin_Web.Graphics_1600x900_03.25.22-1-666x375.jpg 666w, https:\/\/www.dallassymphony.org\/wp-content\/uploads\/2022\/03\/21.22_Tchaikovskys_Eugene.Onegin_Web.Graphics_1600x900_03.25.22-1-735x413.jpg 735w, https:\/\/www.dallassymphony.org\/wp-content\/uploads\/2022\/03\/21.22_Tchaikovskys_Eugene.Onegin_Web.Graphics_1600x900_03.25.22-1.jpg 1600w\" sizes=\"auto, (max-width: 388px) 100vw, 388px\" \/>        <\/div>\n        <div class=\"content__wrapper\">\n            <h4 class=\"serif__light-22\">\n                Eugene Onegin de Tchaikovsky            <\/h4>\n            <p class=\"serif__light-16-italic\">del 1 al 5 de abril de 2022<\/p>\n            <p class=\"sans-cond__med-14\">M\u00e1s informaci\u00f3n y compra de entradas<\/p>\n        <\/div>\n    <\/a>\n<\/div>\n\n<div class=\"concert__card\" style=\"margin-right: 15px\">\n    <a href=\"https:\/\/www.dallassymphony.org\/es\/?post_type=dso_prod_season&amp;p=5788\">\n        <div class=\"img__wrapper\">\n\t        <img loading=\"lazy\" decoding=\"async\" width=\"388\" height=\"218\" src=\"https:\/\/www.dallassymphony.org\/wp-content\/uploads\/2021\/04\/21.22_Dvoraks_New.World_.Symphony_Web.Graphics_1600x900_06.01.21-388x218.jpg\" class=\"attachment-388x218 size-388x218 wp-post-image\" alt=\"Sinfon\u00eda del Nuevo Mundo de Dvo\u0159\u00e1k\" srcset=\"https:\/\/www.dallassymphony.org\/wp-content\/uploads\/2021\/04\/21.22_Dvoraks_New.World_.Symphony_Web.Graphics_1600x900_06.01.21-388x218.jpg 388w, https:\/\/www.dallassymphony.org\/wp-content\/uploads\/2021\/04\/21.22_Dvoraks_New.World_.Symphony_Web.Graphics_1600x900_06.01.21-300x169.jpg 300w, https:\/\/www.dallassymphony.org\/wp-content\/uploads\/2021\/04\/21.22_Dvoraks_New.World_.Symphony_Web.Graphics_1600x900_06.01.21-1024x576.jpg 1024w, https:\/\/www.dallassymphony.org\/wp-content\/uploads\/2021\/04\/21.22_Dvoraks_New.World_.Symphony_Web.Graphics_1600x900_06.01.21-768x432.jpg 768w, https:\/\/www.dallassymphony.org\/wp-content\/uploads\/2021\/04\/21.22_Dvoraks_New.World_.Symphony_Web.Graphics_1600x900_06.01.21-1536x864.jpg 1536w, https:\/\/www.dallassymphony.org\/wp-content\/uploads\/2021\/04\/21.22_Dvoraks_New.World_.Symphony_Web.Graphics_1600x900_06.01.21-16x9.jpg 16w, https:\/\/www.dallassymphony.org\/wp-content\/uploads\/2021\/04\/21.22_Dvoraks_New.World_.Symphony_Web.Graphics_1600x900_06.01.21-540x303.jpg 540w, https:\/\/www.dallassymphony.org\/wp-content\/uploads\/2021\/04\/21.22_Dvoraks_New.World_.Symphony_Web.Graphics_1600x900_06.01.21-666x375.jpg 666w, https:\/\/www.dallassymphony.org\/wp-content\/uploads\/2021\/04\/21.22_Dvoraks_New.World_.Symphony_Web.Graphics_1600x900_06.01.21-735x413.jpg 735w, https:\/\/www.dallassymphony.org\/wp-content\/uploads\/2021\/04\/21.22_Dvoraks_New.World_.Symphony_Web.Graphics_1600x900_06.01.21.jpg 1600w\" sizes=\"auto, (max-width: 388px) 100vw, 388px\" \/>        <\/div>\n        <div class=\"content__wrapper\">\n            <h4 class=\"serif__light-22\">\n                Sinfon\u00eda del Nuevo Mundo de Dvo\u0159\u00e1k            <\/h4>\n            <p class=\"serif__light-16-italic\">14 - 16 de abril de 2022<\/p>\n            <p class=\"sans-cond__med-14\">M\u00e1s informaci\u00f3n y compra de entradas<\/p>\n        <\/div>\n    <\/a>\n<\/div>\n\n                        <\/div>\n                    <\/div>\n                <\/div>\n            <\/div>\n            <div class=\"row\">\n                <div class=\"col-11 offset-1\">\n                    <div class=\"slideshow__controls d-lg-none\">\n                        <button class=\"controls__prev\" data-prev=\"#\" data-button-id=\"e03f4918f1a66dc758fdcc6ec0c5da8e\">\n                            <svg xmlns=\"http:\/\/www.w3.org\/2000\/svg\" enable-background=\"new 0 0 24 24\" height=\"24\" viewbox=\"0 0 24 24\" width=\"24\">\n                                <g><rect fill=\"none\" height=\"24\" width=\"24\"\/><path d=\"M12,4c4.41,0,8,3.59,8,8s-3.59,8-8,8s-8-3.59-8-8S7.59,4,12,4 M12,2C6.48,2,2,6.48,2,12c0,5.52,4.48,10,10,10 c5.52,0,10-4.48,10-10C22,6.48,17.52,2,12,2L12,2z M13,12l0-4h-2l0,4H8l4,4l4-4H13z\"\/><\/g>\n                            <\/svg>\n                        <\/button>\n                        <button class=\"controls__next\" data-next=\"#\" data-button-id=\"e03f4918f1a66dc758fdcc6ec0c5da8e\">\n                            <svg xmlns=\"http:\/\/www.w3.org\/2000\/svg\" enable-background=\"new 0 0 24 24\" height=\"24\" viewbox=\"0 0 24 24\" width=\"24\">\n                                <g><rect fill=\"none\" height=\"24\" width=\"24\"\/><path d=\"M12,4c4.41,0,8,3.59,8,8s-3.59,8-8,8s-8-3.59-8-8S7.59,4,12,4 M12,2C6.48,2,2,6.48,2,12c0,5.52,4.48,10,10,10 c5.52,0,10-4.48,10-10C22,6.48,17.52,2,12,2L12,2z M13,12l0-4h-2l0,4H8l4,4l4-4H13z\"\/><\/g>\n                            <\/svg>\n                        <\/button>\n                    <\/div>\n\n                <\/div>\n\n            <\/div>\n        <\/div>\n    <\/div>","protected":false},"excerpt":{"rendered":"<p>La WRR celebra un siglo de servicio como primera emisora de radio con licencia en Texas. Aunque los or\u00edgenes de la emisora son la seguridad p\u00fablica para los departamentos de polic\u00eda y de bomberos de la ciudad de Dallas, hoy sigue sirviendo a la comunidad proporcionando un acceso gratuito y equitativo a la m\u00fasica cl\u00e1sica y a las artes para los residentes del norte de Texas y m\u00e1s all\u00e1.<\/p>","protected":false},"featured_media":7810,"template":"","dso_concert_series":[31],"class_list":["post-7785","dso_prod_season","type-dso_prod_season","status-publish","has-post-thumbnail","hentry","dso_concert_series-classical"],"acf":[],"_links":{"self":[{"href":"https:\/\/www.dallassymphony.org\/es\/wp-json\/wp\/v2\/dso_prod_season\/7785","targetHints":{"allow":["GET"]}}],"collection":[{"href":"https:\/\/www.dallassymphony.org\/es\/wp-json\/wp\/v2\/dso_prod_season"}],"about":[{"href":"https:\/\/www.dallassymphony.org\/es\/wp-json\/wp\/v2\/types\/dso_prod_season"}],"version-history":[{"count":0,"href":"https:\/\/www.dallassymphony.org\/es\/wp-json\/wp\/v2\/dso_prod_season\/7785\/revisions"}],"wp:featuredmedia":[{"embeddable":true,"href":"https:\/\/www.dallassymphony.org\/es\/wp-json\/wp\/v2\/media\/7810"}],"wp:attachment":[{"href":"https:\/\/www.dallassymphony.org\/es\/wp-json\/wp\/v2\/media?parent=7785"}],"wp:term":[{"taxonomy":"dso_concert_series","embeddable":true,"href":"https:\/\/www.dallassymphony.org\/es\/wp-json\/wp\/v2\/dso_concert_series?post=7785"}],"curies":[{"name":"wp","href":"https:\/\/api.w.org\/{rel}","templated":true}]}}