{"id":5970,"date":"2021-04-07T12:45:55","date_gmt":"2021-04-07T17:45:55","guid":{"rendered":"https:\/\/www.dallassymphony.org\/?post_type=dso_prod_season&#038;p=5970"},"modified":"2022-03-03T11:42:46","modified_gmt":"2022-03-03T17:42:46","slug":"toy-story-live-in-concert","status":"publish","type":"dso_prod_season","link":"https:\/\/www.dallassymphony.org\/es\/productions\/toy-story-live-in-concert\/","title":{"rendered":"Toy Story - Concierto en vivo"},"content":{"rendered":"<div class=\"richtext m-spacer\">\n\t<div class=\"container\">\n\t\t<div class=\"row\">\n\t\t\t<div class=\"col-10\">\n\t\t\t\t\n\n<p><strong>SARAH HICKS<\/strong> lleva a cabo<\/p>\n\n\n\n<p>La Sinf\u00f3nica de Dallas acoge el nuevo concierto en directo de Disney Concert con la pel\u00edcula cl\u00e1sica atemporal, <em>Toy Story<\/em>acompa\u00f1ado de la querida partitura de Randy Newman. <\/p>\n\n\n\n<p>Traiga a sus hijos y nietos para que le sigan mientras el vaquero de cuerda, Woody, y la figura de acci\u00f3n del astronauta, Buzz Lightyear, pasan de ser enemigos que luchan por la atenci\u00f3n de su due\u00f1o, Andy, a ser camaradas que unen sus fuerzas.<\/p>\n\n\n\n<blockquote class=\"wp-block-quote is-layout-flow wp-block-quote-is-layout-flow\"><p><em><em><em><em><em>Para obtener informaci\u00f3n sobre nuestros protocolos de seguridad de COVID-19, por favor\u00a0<a href=\"https:\/\/www.dallassymphony.org\/es\/updated-covid-19-protocols\/\">visite aqu\u00ed<\/a>.<\/em><\/em><\/em><\/em><\/em><\/p><\/blockquote>\n\n\n\n<div style=\"height:15px\" aria-hidden=\"true\" class=\"wp-block-spacer\"><\/div>\n\n\n\n<figure class=\"wp-block-image size-medium is-resized\"><img loading=\"lazy\" decoding=\"async\" src=\"https:\/\/www.dallassymphony.org\/wp-content\/uploads\/2021\/04\/DisneyConcerts_logo_black-300x150.png\" alt=\"\" class=\"wp-image-6701\" width=\"225\" height=\"113\" srcset=\"https:\/\/www.dallassymphony.org\/wp-content\/uploads\/2021\/04\/DisneyConcerts_logo_black-300x150.png 300w, https:\/\/www.dallassymphony.org\/wp-content\/uploads\/2021\/04\/DisneyConcerts_logo_black-1024x513.png 1024w, https:\/\/www.dallassymphony.org\/wp-content\/uploads\/2021\/04\/DisneyConcerts_logo_black-768x385.png 768w, https:\/\/www.dallassymphony.org\/wp-content\/uploads\/2021\/04\/DisneyConcerts_logo_black-1536x770.png 1536w, https:\/\/www.dallassymphony.org\/wp-content\/uploads\/2021\/04\/DisneyConcerts_logo_black-16x8.png 16w, https:\/\/www.dallassymphony.org\/wp-content\/uploads\/2021\/04\/DisneyConcerts_logo_black.png 1792w\" sizes=\"auto, (max-width: 225px) 100vw, 225px\" \/><\/figure>\n\n\n<div class=\"container\">\n    <div class=\"row\">\n        <div class=\"col-10\">\n            <div class=\"share d-flex align-items-center\">\n                <p class=\"mb-0 serif__light-16\">COMPARTIR<\/p><div data-network=\"facebook\" class=\"st-custom-button facebook\" data-title=\"&quot;Toy\" story &#8211; live in concert&quot; data-description=\"&quot;The\" dallas symphony hosts disney concert\u2019s newest live-to-picture concert event featuring the timeless classic film, toy story, accompanied by randy newman\u2019s beloved score. &quot; data-message=\"&quot;The\" https:>Facebook<span class=\"count\"><\/span><\/div>            <\/div>\n        <\/div>\n    <\/div>\n\n<\/div>\n\n\n\t\t\t<\/div>\n\t\t<\/div>\n\t<\/div>\n\n<\/div>\n\n\n<div class=\"edp-musician-grid m-spacer grad-to-right\">\n\t<div class=\"container\">\n\t\t<div class=\"row\">\n\t\t\t<div class=\"col-12\">\n\t\t\t\t<h1><\/h1>\n\t\t\t\t<h2><\/h2>\n\t\t\t<\/div>\n\t\t<\/div>\n\t\t<div class=\"row\">\n\t\t\t<div class=\"col-lg-6\">\n\t<div class=\"edp__musician-card\">\n\t\t<img loading=\"lazy\" decoding=\"async\" width=\"262\" height=\"262\" src=\"https:\/\/www.dallassymphony.org\/wp-content\/uploads\/2021\/04\/Sarah-Hicks-1200x1200-1-262x262.jpg\" class=\"attachment-262x262 size-262x262 wp-post-image\" alt=\"\" srcset=\"https:\/\/www.dallassymphony.org\/wp-content\/uploads\/2021\/04\/Sarah-Hicks-1200x1200-1-262x262.jpg 262w, https:\/\/www.dallassymphony.org\/wp-content\/uploads\/2021\/04\/Sarah-Hicks-1200x1200-1-300x300.jpg 300w, https:\/\/www.dallassymphony.org\/wp-content\/uploads\/2021\/04\/Sarah-Hicks-1200x1200-1-1024x1024.jpg 1024w, https:\/\/www.dallassymphony.org\/wp-content\/uploads\/2021\/04\/Sarah-Hicks-1200x1200-1-150x150.jpg 150w, https:\/\/www.dallassymphony.org\/wp-content\/uploads\/2021\/04\/Sarah-Hicks-1200x1200-1-768x768.jpg 768w, https:\/\/www.dallassymphony.org\/wp-content\/uploads\/2021\/04\/Sarah-Hicks-1200x1200-1-12x12.jpg 12w, https:\/\/www.dallassymphony.org\/wp-content\/uploads\/2021\/04\/Sarah-Hicks-1200x1200-1-350x350.jpg 350w, https:\/\/www.dallassymphony.org\/wp-content\/uploads\/2021\/04\/Sarah-Hicks-1200x1200-1-445x445.jpg 445w, https:\/\/www.dallassymphony.org\/wp-content\/uploads\/2021\/04\/Sarah-Hicks-1200x1200-1.jpg 1200w\" sizes=\"auto, (max-width: 262px) 100vw, 262px\" \/>\t\t<div class=\"content__wrapper\">\n\t\t\t<h4>Sarah Hicks<\/h4>\n\n\t\t\t<p>Conductor<\/p>\n\n                            <a class=\"a-hover\" href=\"https:\/\/www.dallassymphony.org\/es\/people\/sarah-hicks\/\">Leer m\u00e1s<\/a>\n            \t\t<\/div>\n\t<\/div>\n<\/div>\t\t<\/div>\n\t<\/div>\n<\/div>\n\n\n    <div class=\"featured-concerts grad-to-left m-spacer\">\n        <div class=\"container-fluid\">\n            <div class=\"row\">\n                <div class=\"col-md-7 col-7 offset-md-1\">\n                    <h1 class=\"serif__elight-58-italic\">Tambi\u00e9n puede interesarle<\/h1>\n                <\/div>\n                <div class=\"col-md-4 col-5\">\n                    <div class=\"controls__wrapper\">\n                        <div class=\"slideshow__controls d-none d-lg-block\">\n                            <button class=\"controls__prev\"  data-button-id=\"950f138f29f53bec0f07adaac86562dc\">\n                                <svg xmlns=\"http:\/\/www.w3.org\/2000\/svg\" enable-background=\"new 0 0 24 24\" height=\"24\" viewbox=\"0 0 24 24\" width=\"24\">\n                                    <g><rect fill=\"none\" height=\"24\" width=\"24\"\/><path d=\"M12,4c4.41,0,8,3.59,8,8s-3.59,8-8,8s-8-3.59-8-8S7.59,4,12,4 M12,2C6.48,2,2,6.48,2,12c0,5.52,4.48,10,10,10 c5.52,0,10-4.48,10-10C22,6.48,17.52,2,12,2L12,2z M13,12l0-4h-2l0,4H8l4,4l4-4H13z\"\/><\/g>\n                                <\/svg>\n                            <\/button>\n                            <button class=\"controls__next\" data-button-id=\"950f138f29f53bec0f07adaac86562dc\">\n                                <svg xmlns=\"http:\/\/www.w3.org\/2000\/svg\" enable-background=\"new 0 0 24 24\" height=\"24\" viewbox=\"0 0 24 24\" width=\"24\">\n                                    <g><rect fill=\"none\" height=\"24\" width=\"24\"\/><path d=\"M12,4c4.41,0,8,3.59,8,8s-3.59,8-8,8s-8-3.59-8-8S7.59,4,12,4 M12,2C6.48,2,2,6.48,2,12c0,5.52,4.48,10,10,10 c5.52,0,10-4.48,10-10C22,6.48,17.52,2,12,2L12,2z M13,12l0-4h-2l0,4H8l4,4l4-4H13z\"\/><\/g>\n                                <\/svg>\n                            <\/button>\n                        <\/div>\n\n\t                                        <\/div>\n                <\/div>\n            <\/div>\n            <div class=\"row\">\n                <div class=\"col-md-11 offset-md-1\">\n                    <div class=\"slideshow\">\n                        <div class=\"dso__slides\" data-button-id=\"950f138f29f53bec0f07adaac86562dc\">\n                            <div class=\"concert__card\" style=\"margin-right: 15px\">\n    <a href=\"https:\/\/www.dallassymphony.org\/es\/productions\/hollywood-holidays\/\">\n        <div class=\"img__wrapper\">\n\t        <img loading=\"lazy\" decoding=\"async\" width=\"388\" height=\"218\" src=\"https:\/\/www.dallassymphony.org\/wp-content\/uploads\/2021\/11\/DALLAS-SYMPHONY-CHRISTMAS-POPS-1600-x-900-px-388x218.png\" class=\"attachment-388x218 size-388x218 wp-post-image\" alt=\"La Sinf\u00f3nica de Dallas, la Navidad de los Pops...\" srcset=\"https:\/\/www.dallassymphony.org\/wp-content\/uploads\/2021\/11\/DALLAS-SYMPHONY-CHRISTMAS-POPS-1600-x-900-px-388x218.png 388w, https:\/\/www.dallassymphony.org\/wp-content\/uploads\/2021\/11\/DALLAS-SYMPHONY-CHRISTMAS-POPS-1600-x-900-px-300x169.png 300w, https:\/\/www.dallassymphony.org\/wp-content\/uploads\/2021\/11\/DALLAS-SYMPHONY-CHRISTMAS-POPS-1600-x-900-px-1024x576.png 1024w, https:\/\/www.dallassymphony.org\/wp-content\/uploads\/2021\/11\/DALLAS-SYMPHONY-CHRISTMAS-POPS-1600-x-900-px-768x432.png 768w, https:\/\/www.dallassymphony.org\/wp-content\/uploads\/2021\/11\/DALLAS-SYMPHONY-CHRISTMAS-POPS-1600-x-900-px-1536x864.png 1536w, https:\/\/www.dallassymphony.org\/wp-content\/uploads\/2021\/11\/DALLAS-SYMPHONY-CHRISTMAS-POPS-1600-x-900-px-18x10.png 18w, https:\/\/www.dallassymphony.org\/wp-content\/uploads\/2021\/11\/DALLAS-SYMPHONY-CHRISTMAS-POPS-1600-x-900-px-540x303.png 540w, https:\/\/www.dallassymphony.org\/wp-content\/uploads\/2021\/11\/DALLAS-SYMPHONY-CHRISTMAS-POPS-1600-x-900-px-666x375.png 666w, https:\/\/www.dallassymphony.org\/wp-content\/uploads\/2021\/11\/DALLAS-SYMPHONY-CHRISTMAS-POPS-1600-x-900-px-735x413.png 735w, https:\/\/www.dallassymphony.org\/wp-content\/uploads\/2021\/11\/DALLAS-SYMPHONY-CHRISTMAS-POPS-1600-x-900-px.png 1600w\" sizes=\"auto, (max-width: 388px) 100vw, 388px\" \/>        <\/div>\n        <div class=\"content__wrapper\">\n            <h4 class=\"serif__light-22\">\n                Vacaciones en Hollywood            <\/h4>\n            <p class=\"serif__light-16-italic\">17 - 19 de diciembre de 2021<\/p>\n            <p class=\"sans-cond__med-14\">M\u00e1s informaci\u00f3n y compra de entradas<\/p>\n        <\/div>\n    <\/a>\n<\/div>\n\n<div class=\"concert__card\" style=\"margin-right: 15px\">\n    <a href=\"https:\/\/www.dallassymphony.org\/es\/?post_type=dso_prod_season&amp;p=5905\">\n        <div class=\"img__wrapper\">\n\t        <img loading=\"lazy\" decoding=\"async\" width=\"388\" height=\"218\" src=\"https:\/\/www.dallassymphony.org\/wp-content\/uploads\/2021\/03\/Star-Wars-ROTJ-1600x900-1-388x218.jpg\" class=\"attachment-388x218 size-388x218 wp-post-image\" alt=\"\" srcset=\"https:\/\/www.dallassymphony.org\/wp-content\/uploads\/2021\/03\/Star-Wars-ROTJ-1600x900-1-388x218.jpg 388w, https:\/\/www.dallassymphony.org\/wp-content\/uploads\/2021\/03\/Star-Wars-ROTJ-1600x900-1-300x169.jpg 300w, https:\/\/www.dallassymphony.org\/wp-content\/uploads\/2021\/03\/Star-Wars-ROTJ-1600x900-1-1024x576.jpg 1024w, https:\/\/www.dallassymphony.org\/wp-content\/uploads\/2021\/03\/Star-Wars-ROTJ-1600x900-1-768x432.jpg 768w, https:\/\/www.dallassymphony.org\/wp-content\/uploads\/2021\/03\/Star-Wars-ROTJ-1600x900-1-1536x864.jpg 1536w, https:\/\/www.dallassymphony.org\/wp-content\/uploads\/2021\/03\/Star-Wars-ROTJ-1600x900-1-16x9.jpg 16w, https:\/\/www.dallassymphony.org\/wp-content\/uploads\/2021\/03\/Star-Wars-ROTJ-1600x900-1-540x303.jpg 540w, https:\/\/www.dallassymphony.org\/wp-content\/uploads\/2021\/03\/Star-Wars-ROTJ-1600x900-1-666x375.jpg 666w, https:\/\/www.dallassymphony.org\/wp-content\/uploads\/2021\/03\/Star-Wars-ROTJ-1600x900-1-735x413.jpg 735w, https:\/\/www.dallassymphony.org\/wp-content\/uploads\/2021\/03\/Star-Wars-ROTJ-1600x900-1.jpg 1600w\" sizes=\"auto, (max-width: 388px) 100vw, 388px\" \/>        <\/div>\n        <div class=\"content__wrapper\">\n            <h4 class=\"serif__light-22\">\n                Star Wars: El Retorno del Jedi - Concierto en directo            <\/h4>\n            <p class=\"serif__light-16-italic\">6 - 8 de mayo de 2022<\/p>\n            <p class=\"sans-cond__med-14\">M\u00e1s informaci\u00f3n y compra de entradas<\/p>\n        <\/div>\n    <\/a>\n<\/div>\n\n<div class=\"concert__card\" style=\"margin-right: 15px\">\n    <a href=\"https:\/\/www.dallassymphony.org\/es\/productions\/presto-mambo-the-music-of-latin-america\/\">\n        <div class=\"img__wrapper\">\n\t        <img loading=\"lazy\" decoding=\"async\" width=\"388\" height=\"218\" src=\"https:\/\/www.dallassymphony.org\/wp-content\/uploads\/2021\/04\/21.22_Presto.Mambo_Web.Graphics_1600x900_06.01.21-388x218.jpg\" class=\"attachment-388x218 size-388x218 wp-post-image\" alt=\"\u00a1Presto, Mambo! La m\u00fasica de Am\u00e9rica Latina\" srcset=\"https:\/\/www.dallassymphony.org\/wp-content\/uploads\/2021\/04\/21.22_Presto.Mambo_Web.Graphics_1600x900_06.01.21-388x218.jpg 388w, https:\/\/www.dallassymphony.org\/wp-content\/uploads\/2021\/04\/21.22_Presto.Mambo_Web.Graphics_1600x900_06.01.21-300x169.jpg 300w, https:\/\/www.dallassymphony.org\/wp-content\/uploads\/2021\/04\/21.22_Presto.Mambo_Web.Graphics_1600x900_06.01.21-1024x576.jpg 1024w, https:\/\/www.dallassymphony.org\/wp-content\/uploads\/2021\/04\/21.22_Presto.Mambo_Web.Graphics_1600x900_06.01.21-768x432.jpg 768w, https:\/\/www.dallassymphony.org\/wp-content\/uploads\/2021\/04\/21.22_Presto.Mambo_Web.Graphics_1600x900_06.01.21-1536x864.jpg 1536w, https:\/\/www.dallassymphony.org\/wp-content\/uploads\/2021\/04\/21.22_Presto.Mambo_Web.Graphics_1600x900_06.01.21-16x9.jpg 16w, https:\/\/www.dallassymphony.org\/wp-content\/uploads\/2021\/04\/21.22_Presto.Mambo_Web.Graphics_1600x900_06.01.21-540x303.jpg 540w, https:\/\/www.dallassymphony.org\/wp-content\/uploads\/2021\/04\/21.22_Presto.Mambo_Web.Graphics_1600x900_06.01.21-666x375.jpg 666w, https:\/\/www.dallassymphony.org\/wp-content\/uploads\/2021\/04\/21.22_Presto.Mambo_Web.Graphics_1600x900_06.01.21-735x413.jpg 735w, https:\/\/www.dallassymphony.org\/wp-content\/uploads\/2021\/04\/21.22_Presto.Mambo_Web.Graphics_1600x900_06.01.21.jpg 1600w\" sizes=\"auto, (max-width: 388px) 100vw, 388px\" \/>        <\/div>\n        <div class=\"content__wrapper\">\n            <h4 class=\"serif__light-22\">\n                \u00a1Presto, Mambo! La m\u00fasica de Am\u00e9rica Latina | Concierto en familia            <\/h4>\n            <p class=\"serif__light-16-italic\">4 de junio de 2022<\/p>\n            <p class=\"sans-cond__med-14\">M\u00e1s informaci\u00f3n y compra de entradas<\/p>\n        <\/div>\n    <\/a>\n<\/div>\n\n                        <\/div>\n                    <\/div>\n                <\/div>\n            <\/div>\n            <div class=\"row\">\n                <div class=\"col-11 offset-1\">\n                    <div class=\"slideshow__controls d-lg-none\">\n                        <button class=\"controls__prev\" data-prev=\"#\" data-button-id=\"950f138f29f53bec0f07adaac86562dc\">\n                            <svg xmlns=\"http:\/\/www.w3.org\/2000\/svg\" enable-background=\"new 0 0 24 24\" height=\"24\" viewbox=\"0 0 24 24\" width=\"24\">\n                                <g><rect fill=\"none\" height=\"24\" width=\"24\"\/><path d=\"M12,4c4.41,0,8,3.59,8,8s-3.59,8-8,8s-8-3.59-8-8S7.59,4,12,4 M12,2C6.48,2,2,6.48,2,12c0,5.52,4.48,10,10,10 c5.52,0,10-4.48,10-10C22,6.48,17.52,2,12,2L12,2z M13,12l0-4h-2l0,4H8l4,4l4-4H13z\"\/><\/g>\n                            <\/svg>\n                        <\/button>\n                        <button class=\"controls__next\" data-next=\"#\" data-button-id=\"950f138f29f53bec0f07adaac86562dc\">\n                            <svg xmlns=\"http:\/\/www.w3.org\/2000\/svg\" enable-background=\"new 0 0 24 24\" height=\"24\" viewbox=\"0 0 24 24\" width=\"24\">\n                                <g><rect fill=\"none\" height=\"24\" width=\"24\"\/><path d=\"M12,4c4.41,0,8,3.59,8,8s-3.59,8-8,8s-8-3.59-8-8S7.59,4,12,4 M12,2C6.48,2,2,6.48,2,12c0,5.52,4.48,10,10,10 c5.52,0,10-4.48,10-10C22,6.48,17.52,2,12,2L12,2z M13,12l0-4h-2l0,4H8l4,4l4-4H13z\"\/><\/g>\n                            <\/svg>\n                        <\/button>\n                    <\/div>\n\n                <\/div>\n\n            <\/div>\n        <\/div>\n    <\/div>","protected":false},"excerpt":{"rendered":"<p>La Sinf\u00f3nica de Dallas acoge el nuevo concierto en directo de Disney Concert con la pel\u00edcula cl\u00e1sica atemporal Toy Story, acompa\u00f1ada de la querida partitura de Randy Newman. <\/p>","protected":false},"featured_media":5805,"template":"","dso_concert_series":[63],"class_list":["post-5970","dso_prod_season","type-dso_prod_season","status-publish","has-post-thumbnail","hentry","dso_concert_series-dallas-symphony-presents"],"acf":[],"_links":{"self":[{"href":"https:\/\/www.dallassymphony.org\/es\/wp-json\/wp\/v2\/dso_prod_season\/5970","targetHints":{"allow":["GET"]}}],"collection":[{"href":"https:\/\/www.dallassymphony.org\/es\/wp-json\/wp\/v2\/dso_prod_season"}],"about":[{"href":"https:\/\/www.dallassymphony.org\/es\/wp-json\/wp\/v2\/types\/dso_prod_season"}],"version-history":[{"count":0,"href":"https:\/\/www.dallassymphony.org\/es\/wp-json\/wp\/v2\/dso_prod_season\/5970\/revisions"}],"wp:featuredmedia":[{"embeddable":true,"href":"https:\/\/www.dallassymphony.org\/es\/wp-json\/wp\/v2\/media\/5805"}],"wp:attachment":[{"href":"https:\/\/www.dallassymphony.org\/es\/wp-json\/wp\/v2\/media?parent=5970"}],"wp:term":[{"taxonomy":"dso_concert_series","embeddable":true,"href":"https:\/\/www.dallassymphony.org\/es\/wp-json\/wp\/v2\/dso_concert_series?post=5970"}],"curies":[{"name":"wp","href":"https:\/\/api.w.org\/{rel}","templated":true}]}}