{"id":28546,"date":"2025-11-03T10:00:00","date_gmt":"2025-11-03T16:00:00","guid":{"rendered":"https:\/\/dallassymp2stg.wpenginepowered.com\/?post_type=dso_prod_season&#038;p=28546"},"modified":"2026-03-18T16:35:14","modified_gmt":"2026-03-18T21:35:14","slug":"ben-rector-symphonies-across-america-with-jon-mclaughlin","status":"publish","type":"dso_prod_season","link":"https:\/\/www.dallassymphony.org\/es\/productions\/ben-rector-symphonies-across-america-with-jon-mclaughlin\/","title":{"rendered":"Ben Rector: Sinfon\u00edas a trav\u00e9s de Am\u00e9rica con Jon McLaughlin"},"content":{"rendered":"<div class=\"buy-tickets\">\n    <div class=\"container\">\n        <div class=\"row\">\n            <div class=\"col-lg-12\">\n                <div class=\"slideshow__controls justify-content-start\">\n                    <button class=\"controls__prev ticket-controls__prev\">\n                        <svg xmlns=\"http:\/\/www.w3.org\/2000\/svg\" enable-background=\"new 0 0 24 24\" height=\"24\" viewbox=\"0 0 24 24\" width=\"24\">\n                            <g><rect fill=\"none\" height=\"24\" width=\"24\"\/><path d=\"M12,4c4.41,0,8,3.59,8,8s-3.59,8-8,8s-8-3.59-8-8S7.59,4,12,4 M12,2C6.48,2,2,6.48,2,12c0,5.52,4.48,10,10,10 c5.52,0,10-4.48,10-10C22,6.48,17.52,2,12,2L12,2z M13,12l0-4h-2l0,4H8l4,4l4-4H13z\"\/><\/g>\n                        <\/svg>\n                    <\/button>\n                    <button class=\"controls__next ticket-controls__next\">\n                        <svg xmlns=\"http:\/\/www.w3.org\/2000\/svg\" enable-background=\"new 0 0 24 24\" height=\"24\" viewbox=\"0 0 24 24\" width=\"24\">\n                            <g><rect fill=\"none\" height=\"24\" width=\"24\"\/><path d=\"M12,4c4.41,0,8,3.59,8,8s-3.59,8-8,8s-8-3.59-8-8S7.59,4,12,4 M12,2C6.48,2,2,6.48,2,12c0,5.52,4.48,10,10,10 c5.52,0,10-4.48,10-10C22,6.48,17.52,2,12,2L12,2z M13,12l0-4h-2l0,4H8l4,4l4-4H13z\"\/><\/g>\n                        <\/svg>\n                    <\/button>\n                <\/div>\n            <\/div>\n        <\/div>\n        <div class=\"row\">\n            <div class=\"col-lg-12\">\n                <div class=\"ticket-slideshow\">\n                    <div class=\"single-ticket\">\n    <p>jueves<br>\n        11 de junio de 2026        <br>\n        7:30pm<\/p>\n\n    <p class=\"optional-msg\">\n            <\/p>\n        <a href=\"https:\/\/secure.dallassymphony.org\/16074\/16077\">\n\t\t<span class=\"a-hover\">Compra de entradas<\/span>\n\t<\/a>\n    <p class=\"buy-tickets__starting-at\"><\/p>\n    <\/div>\n<div class=\"single-ticket\">\n    <p>viernes<br>\n        12 de junio de 2026        <br>\n        7:30pm<\/p>\n\n    <p class=\"optional-msg\">\n            <\/p>\n        <a href=\"https:\/\/secure.dallassymphony.org\/16074\/16078\">\n\t\t<span class=\"a-hover\">Compra de entradas<\/span>\n\t<\/a>\n    <p class=\"buy-tickets__starting-at\"><\/p>\n    <\/div>\n                <\/div>\n            <\/div>\n        <\/div>\n    <\/div>\n<\/div>\n\n\n\n<div class=\"richtext m-spacer\">\n\t<div class=\"container\">\n\t\t<div class=\"row\">\n\t\t\t<div class=\"col-10\">\n\t\t\t\t\n\n<p><strong>ENRICO LOPEZ-YA\u00d1EZ<\/strong> lleva a cabo<\/p>\n\n\n\n<p>Ben Rector regresa a los escenarios sinf\u00f3nicos en 2026. El cantautor ha publicado de forma independiente siete \u00e1lbumes de estudio, entre los que se incluyen Brand New y Magic, que alcanzaron los puestos #1 en la lista Folk de Estados Unidos y #2 en la lista Rock e Indie Billboard de Estados Unidos. Sus canciones han recibido las certificaciones de Oro y Platino de la RIAA, acumulando m\u00e1s de mil millones de streams, y han sido autorizadas en m\u00e1s de 100 campa\u00f1as publicitarias, programas de televisi\u00f3n y pel\u00edculas.<\/p>\n\n\n\n<p>En \u00abSymphonies Across America\u00bb, el p\u00fablico descubrir\u00e1 una nueva dimensi\u00f3n de la m\u00fasica de Ben que solo se puede experimentar en la sinfon\u00eda. Aprovechando sus m\u00e1s de 15 a\u00f1os de giras por todo el pa\u00eds como artista, Rector combina magistralmente himnos para cantar a coro, un humor ingenioso y letras profundas y significativas, todo ello con el hermoso acompa\u00f1amiento de arreglos orquestales. Acompa\u00f1ando a Ben en su gira sinf\u00f3nica por Estados Unidos est\u00e1 su buen amigo, Jon McLaughlin. El \u00e1lbum recientemente lanzado por Jon, Scenarios (octubre de 2025), marca un nuevo y audaz cap\u00edtulo, con canciones completamente nuevas que muestran tanto su talento para contar historias como su caracter\u00edstico sonido impulsado por el piano. Jon, que no es ajeno al escenario sinf\u00f3nico, con su profundidad y talento seguramente ser\u00e1 el complemento perfecto para Ben en el escenario.<\/p>\n\n\n\n<p>Con un historial de apariciones sinf\u00f3nicas con entradas agotadas en 2023-24, Ben regresa para presentar su m\u00fasica en una nueva dimensi\u00f3n que los fans s\u00f3lo pueden experimentar en la sinf\u00f3nica.<\/p>\n\n\n<section class=\"bulk-content m-spacer\">\n    <div class=\"container\">\n        <div class=\"row\">\n            <div class=\"col-lg-12\">\n                <!-- wp:columns -->\n<div class=\"wp-block-columns\"><!-- wp:column -->\n<div class=\"wp-block-column\"><!-- wp:quote -->\n<blockquote class=\"wp-block-quote\"><!-- wp:heading {\"level\":3} -->\n<h3 class=\"wp-block-heading\">Combine y ahorre<\/h3>\n<!-- \/wp:heading -->\n\n<!-- wp:paragraph -->\n<p>Combine 3 o m\u00e1s conciertos para recibir 20% de descuento en su compra y otras ventajas.<\/p>\n<!-- \/wp:paragraph --><cite><a href=\"https:\/\/www.dallassymphony.org\/es\/ticket-packages-25-26\/\">M\u00e1s informaci\u00f3n<\/a><\/cite><\/blockquote>\n<!-- \/wp:quote --><\/div>\n<!-- \/wp:column -->\n\n<!-- wp:column -->\n<div class=\"wp-block-column\"><!-- wp:quote -->\n<blockquote class=\"wp-block-quote\"><!-- wp:heading {\"level\":3} -->\n<h3 class=\"wp-block-heading\">\u00bfTienes 10 o m\u00e1s personas?<\/h3>\n<!-- \/wp:heading -->\n\n<!-- wp:paragraph -->\n<p>Re\u00fana a amigos, familiares, compa\u00f1eros de trabajo, cualquier grupo de 10 o m\u00e1s personas, y ahorre con descuentos y ventajas exclusivas.<\/p>\n<!-- \/wp:paragraph --><cite><a href=\"https:\/\/www.dallassymphony.org\/es\/concerts-and-events\/group-sales\/\">M\u00e1s informaci\u00f3n<\/a><\/cite><\/blockquote>\n<!-- \/wp:quote --><\/div>\n<!-- \/wp:column --><\/div>\n<!-- \/wp:columns -->            <\/div>\n        <\/div>\n    <\/div>\n<\/section>\n\n\n<div class=\"container\">\n    <div class=\"row\">\n        <div class=\"col-10\">\n            <div class=\"share d-flex align-items-center\">\n                <p class=\"mb-0 serif__light-16\">COMPARTIR<\/p><div data-network=\"facebook\" class=\"st-custom-button facebook\" data-title=\"&quot;Ben\" rector: symphonies across america with jon mclaughlin&quot; data-description=\"&quot;Join\" ben rector mclaughlin at the morton h. meyerson symphony center on june 11-12 for an evening of your favorite songs backed by dallas orchestra! &quot; data-message =\"&quot;Join\" https:>Facebook<span class=\"count\"><\/span><\/div>            <\/div>\n        <\/div>\n    <\/div>\n\n<\/div>\n\n\n\t\t\t<\/div>\n\t\t<\/div>\n\t<\/div>\n\n<\/div>\n\n\n<div class=\"edp-musician-grid m-spacer grad-to-right\">\n\t<div class=\"container\">\n\t\t<div class=\"row\">\n\t\t\t<div class=\"col-12\">\n\t\t\t\t<h1><\/h1>\n\t\t\t\t<h2><\/h2>\n\t\t\t<\/div>\n\t\t<\/div>\n\t\t<div class=\"row\">\n\t\t\t<div class=\"col-lg-6\">\n\t<div class=\"edp__musician-card\">\n\t\t<img loading=\"lazy\" decoding=\"async\" width=\"262\" height=\"262\" src=\"https:\/\/www.dallassymphony.org\/wp-content\/uploads\/2025\/10\/Ben-Rector-262x262.png\" class=\"attachment-262x262 size-262x262 wp-post-image\" alt=\"\" srcset=\"https:\/\/www.dallassymphony.org\/wp-content\/uploads\/2025\/10\/Ben-Rector-262x262.png 262w, https:\/\/www.dallassymphony.org\/wp-content\/uploads\/2025\/10\/Ben-Rector-300x300.png 300w, https:\/\/www.dallassymphony.org\/wp-content\/uploads\/2025\/10\/Ben-Rector-1024x1024.png 1024w, https:\/\/www.dallassymphony.org\/wp-content\/uploads\/2025\/10\/Ben-Rector-150x150.png 150w, https:\/\/www.dallassymphony.org\/wp-content\/uploads\/2025\/10\/Ben-Rector-768x768.png 768w, https:\/\/www.dallassymphony.org\/wp-content\/uploads\/2025\/10\/Ben-Rector-12x12.png 12w, https:\/\/www.dallassymphony.org\/wp-content\/uploads\/2025\/10\/Ben-Rector-350x350.png 350w, https:\/\/www.dallassymphony.org\/wp-content\/uploads\/2025\/10\/Ben-Rector-445x445.png 445w, https:\/\/www.dallassymphony.org\/wp-content\/uploads\/2025\/10\/Ben-Rector-400x400.png 400w, https:\/\/www.dallassymphony.org\/wp-content\/uploads\/2025\/10\/Ben-Rector-600x600.png 600w, https:\/\/www.dallassymphony.org\/wp-content\/uploads\/2025\/10\/Ben-Rector.png 1200w\" sizes=\"auto, (max-width: 262px) 100vw, 262px\" \/>\t\t<div class=\"content__wrapper\">\n\t\t\t<h4>Ben Rector<\/h4>\n\n\t\t\t<p>Cantautor<\/p>\n\n                            <a class=\"a-hover\" href=\"https:\/\/www.dallassymphony.org\/es\/people\/ben-rector\/\">Leer m\u00e1s<\/a>\n            \t\t<\/div>\n\t<\/div>\n<\/div>\t\t<\/div>\n\t<\/div>\n<\/div>\n\n\n    <div class=\"featured-concerts grad-to-left m-spacer\">\n        <div class=\"container-fluid\">\n            <div class=\"row\">\n                <div class=\"col-md-7 col-7 offset-md-1\">\n                    <h1 class=\"serif__elight-58-italic\">Tambi\u00e9n le puede interesar<\/h1>\n                <\/div>\n                <div class=\"col-md-4 col-5\">\n                    <div class=\"controls__wrapper\">\n                        <div class=\"slideshow__controls d-none d-lg-block\">\n                            <button class=\"controls__prev\"  data-button-id=\"7a0d3f989c709504bae6034266bb8818\">\n                                <svg xmlns=\"http:\/\/www.w3.org\/2000\/svg\" enable-background=\"new 0 0 24 24\" height=\"24\" viewbox=\"0 0 24 24\" width=\"24\">\n                                    <g><rect fill=\"none\" height=\"24\" width=\"24\"\/><path d=\"M12,4c4.41,0,8,3.59,8,8s-3.59,8-8,8s-8-3.59-8-8S7.59,4,12,4 M12,2C6.48,2,2,6.48,2,12c0,5.52,4.48,10,10,10 c5.52,0,10-4.48,10-10C22,6.48,17.52,2,12,2L12,2z M13,12l0-4h-2l0,4H8l4,4l4-4H13z\"\/><\/g>\n                                <\/svg>\n                            <\/button>\n                            <button class=\"controls__next\" data-button-id=\"7a0d3f989c709504bae6034266bb8818\">\n                                <svg xmlns=\"http:\/\/www.w3.org\/2000\/svg\" enable-background=\"new 0 0 24 24\" height=\"24\" viewbox=\"0 0 24 24\" width=\"24\">\n                                    <g><rect fill=\"none\" height=\"24\" width=\"24\"\/><path d=\"M12,4c4.41,0,8,3.59,8,8s-3.59,8-8,8s-8-3.59-8-8S7.59,4,12,4 M12,2C6.48,2,2,6.48,2,12c0,5.52,4.48,10,10,10 c5.52,0,10-4.48,10-10C22,6.48,17.52,2,12,2L12,2z M13,12l0-4h-2l0,4H8l4,4l4-4H13z\"\/><\/g>\n                                <\/svg>\n                            <\/button>\n                        <\/div>\n\n\t                                        <\/div>\n                <\/div>\n            <\/div>\n            <div class=\"row\">\n                <div class=\"col-md-11 offset-md-1\">\n                    <div class=\"slideshow\">\n                        <div class=\"dso__slides\" data-button-id=\"7a0d3f989c709504bae6034266bb8818\">\n                            <div class=\"concert__card\" style=\"margin-right: 15px\">\n    <a href=\"https:\/\/www.dallassymphony.org\/es\/productions\/america-250\/\">\n        <div class=\"img__wrapper\">\n\t        <img loading=\"lazy\" decoding=\"async\" width=\"388\" height=\"218\" src=\"https:\/\/www.dallassymphony.org\/wp-content\/uploads\/2025\/03\/25-26-Web-1600x900_POPS07_Jeff-T-388x218.jpg\" class=\"attachment-388x218 size-388x218 wp-post-image\" alt=\"\" srcset=\"https:\/\/www.dallassymphony.org\/wp-content\/uploads\/2025\/03\/25-26-Web-1600x900_POPS07_Jeff-T-388x218.jpg 388w, https:\/\/www.dallassymphony.org\/wp-content\/uploads\/2025\/03\/25-26-Web-1600x900_POPS07_Jeff-T-300x169.jpg 300w, https:\/\/www.dallassymphony.org\/wp-content\/uploads\/2025\/03\/25-26-Web-1600x900_POPS07_Jeff-T-1024x576.jpg 1024w, https:\/\/www.dallassymphony.org\/wp-content\/uploads\/2025\/03\/25-26-Web-1600x900_POPS07_Jeff-T-768x432.jpg 768w, https:\/\/www.dallassymphony.org\/wp-content\/uploads\/2025\/03\/25-26-Web-1600x900_POPS07_Jeff-T-1536x864.jpg 1536w, https:\/\/www.dallassymphony.org\/wp-content\/uploads\/2025\/03\/25-26-Web-1600x900_POPS07_Jeff-T-18x10.jpg 18w, https:\/\/www.dallassymphony.org\/wp-content\/uploads\/2025\/03\/25-26-Web-1600x900_POPS07_Jeff-T-540x303.jpg 540w, https:\/\/www.dallassymphony.org\/wp-content\/uploads\/2025\/03\/25-26-Web-1600x900_POPS07_Jeff-T-666x375.jpg 666w, https:\/\/www.dallassymphony.org\/wp-content\/uploads\/2025\/03\/25-26-Web-1600x900_POPS07_Jeff-T-735x413.jpg 735w, https:\/\/www.dallassymphony.org\/wp-content\/uploads\/2025\/03\/25-26-Web-1600x900_POPS07_Jeff-T.jpg 1600w\" sizes=\"auto, (max-width: 388px) 100vw, 388px\" \/>        <\/div>\n        <div class=\"content__wrapper\">\n            <h4 class=\"serif__light-22\">\n                Am\u00e9rica 250            <\/h4>\n            <p class=\"serif__light-16-italic\">10 - 12 abril 2026<\/p>\n            <p class=\"sans-cond__med-14\">M\u00e1s informaci\u00f3n y compra de entradas<\/p>\n        <\/div>\n    <\/a>\n<\/div>\n\n<div class=\"concert__card\" style=\"margin-right: 15px\">\n    <a href=\"https:\/\/www.dallassymphony.org\/es\/productions\/top-gun-maverick-in-concert\/\">\n        <div class=\"img__wrapper\">\n\t        <img loading=\"lazy\" decoding=\"async\" width=\"388\" height=\"218\" src=\"https:\/\/www.dallassymphony.org\/wp-content\/uploads\/2025\/03\/25-26-Web-1600x900_POPS08_Top-Gun-388x218.jpg\" class=\"attachment-388x218 size-388x218 wp-post-image\" alt=\"\" srcset=\"https:\/\/www.dallassymphony.org\/wp-content\/uploads\/2025\/03\/25-26-Web-1600x900_POPS08_Top-Gun-388x218.jpg 388w, https:\/\/www.dallassymphony.org\/wp-content\/uploads\/2025\/03\/25-26-Web-1600x900_POPS08_Top-Gun-300x169.jpg 300w, https:\/\/www.dallassymphony.org\/wp-content\/uploads\/2025\/03\/25-26-Web-1600x900_POPS08_Top-Gun-1024x576.jpg 1024w, https:\/\/www.dallassymphony.org\/wp-content\/uploads\/2025\/03\/25-26-Web-1600x900_POPS08_Top-Gun-768x432.jpg 768w, https:\/\/www.dallassymphony.org\/wp-content\/uploads\/2025\/03\/25-26-Web-1600x900_POPS08_Top-Gun-1536x864.jpg 1536w, https:\/\/www.dallassymphony.org\/wp-content\/uploads\/2025\/03\/25-26-Web-1600x900_POPS08_Top-Gun-18x10.jpg 18w, https:\/\/www.dallassymphony.org\/wp-content\/uploads\/2025\/03\/25-26-Web-1600x900_POPS08_Top-Gun-540x303.jpg 540w, https:\/\/www.dallassymphony.org\/wp-content\/uploads\/2025\/03\/25-26-Web-1600x900_POPS08_Top-Gun-666x375.jpg 666w, https:\/\/www.dallassymphony.org\/wp-content\/uploads\/2025\/03\/25-26-Web-1600x900_POPS08_Top-Gun-735x413.jpg 735w, https:\/\/www.dallassymphony.org\/wp-content\/uploads\/2025\/03\/25-26-Web-1600x900_POPS08_Top-Gun.jpg 1600w\" sizes=\"auto, (max-width: 388px) 100vw, 388px\" \/>        <\/div>\n        <div class=\"content__wrapper\">\n            <h4 class=\"serif__light-22\">\n                Top Gun: Maverick en concierto            <\/h4>\n            <p class=\"serif__light-16-italic\">22 - 24 de mayo de 2026<\/p>\n            <p class=\"sans-cond__med-14\">M\u00e1s informaci\u00f3n y compra de entradas<\/p>\n        <\/div>\n    <\/a>\n<\/div>\n\n                        <\/div>\n                    <\/div>\n                <\/div>\n            <\/div>\n            <div class=\"row\">\n                <div class=\"col-11 offset-1\">\n                    <div class=\"slideshow__controls d-lg-none\">\n                        <button class=\"controls__prev\" data-prev=\"#\" data-button-id=\"7a0d3f989c709504bae6034266bb8818\">\n                            <svg xmlns=\"http:\/\/www.w3.org\/2000\/svg\" enable-background=\"new 0 0 24 24\" height=\"24\" viewbox=\"0 0 24 24\" width=\"24\">\n                                <g><rect fill=\"none\" height=\"24\" width=\"24\"\/><path d=\"M12,4c4.41,0,8,3.59,8,8s-3.59,8-8,8s-8-3.59-8-8S7.59,4,12,4 M12,2C6.48,2,2,6.48,2,12c0,5.52,4.48,10,10,10 c5.52,0,10-4.48,10-10C22,6.48,17.52,2,12,2L12,2z M13,12l0-4h-2l0,4H8l4,4l4-4H13z\"\/><\/g>\n                            <\/svg>\n                        <\/button>\n                        <button class=\"controls__next\" data-next=\"#\" data-button-id=\"7a0d3f989c709504bae6034266bb8818\">\n                            <svg xmlns=\"http:\/\/www.w3.org\/2000\/svg\" enable-background=\"new 0 0 24 24\" height=\"24\" viewbox=\"0 0 24 24\" width=\"24\">\n                                <g><rect fill=\"none\" height=\"24\" width=\"24\"\/><path d=\"M12,4c4.41,0,8,3.59,8,8s-3.59,8-8,8s-8-3.59-8-8S7.59,4,12,4 M12,2C6.48,2,2,6.48,2,12c0,5.52,4.48,10,10,10 c5.52,0,10-4.48,10-10C22,6.48,17.52,2,12,2L12,2z M13,12l0-4h-2l0,4H8l4,4l4-4H13z\"\/><\/g>\n                            <\/svg>\n                        <\/button>\n                    <\/div>\n\n                <\/div>\n\n            <\/div>\n        <\/div>\n    <\/div>","protected":false},"excerpt":{"rendered":"<p>\u00a1Acompa\u00f1a a Ben Rector y Jon McLaughlin en el Morton H. Meyerson Symphony Center los d\u00edas 11 y 12 de junio para disfrutar de una velada con tus canciones favoritas acompa\u00f1adas por la Orquesta Sinf\u00f3nica de Dallas! <\/p>","protected":false},"featured_media":29100,"template":"","dso_concert_series":[63],"class_list":["post-28546","dso_prod_season","type-dso_prod_season","status-publish","has-post-thumbnail","hentry","dso_concert_series-dallas-symphony-presents"],"acf":[],"_links":{"self":[{"href":"https:\/\/www.dallassymphony.org\/es\/wp-json\/wp\/v2\/dso_prod_season\/28546","targetHints":{"allow":["GET"]}}],"collection":[{"href":"https:\/\/www.dallassymphony.org\/es\/wp-json\/wp\/v2\/dso_prod_season"}],"about":[{"href":"https:\/\/www.dallassymphony.org\/es\/wp-json\/wp\/v2\/types\/dso_prod_season"}],"version-history":[{"count":1,"href":"https:\/\/www.dallassymphony.org\/es\/wp-json\/wp\/v2\/dso_prod_season\/28546\/revisions"}],"predecessor-version":[{"id":30969,"href":"https:\/\/www.dallassymphony.org\/es\/wp-json\/wp\/v2\/dso_prod_season\/28546\/revisions\/30969"}],"wp:featuredmedia":[{"embeddable":true,"href":"https:\/\/www.dallassymphony.org\/es\/wp-json\/wp\/v2\/media\/29100"}],"wp:attachment":[{"href":"https:\/\/www.dallassymphony.org\/es\/wp-json\/wp\/v2\/media?parent=28546"}],"wp:term":[{"taxonomy":"dso_concert_series","embeddable":true,"href":"https:\/\/www.dallassymphony.org\/es\/wp-json\/wp\/v2\/dso_concert_series?post=28546"}],"curies":[{"name":"wp","href":"https:\/\/api.w.org\/{rel}","templated":true}]}}