{"id":27528,"date":"2025-08-21T10:06:45","date_gmt":"2025-08-21T15:06:45","guid":{"rendered":"https:\/\/www.dallassymphony.org\/?post_type=dso_prod_season&#038;p=27528"},"modified":"2025-09-18T12:11:51","modified_gmt":"2025-09-18T17:11:51","slug":"spooky-symphony","status":"publish","type":"dso_prod_season","link":"https:\/\/www.dallassymphony.org\/es\/productions\/spooky-symphony\/","title":{"rendered":"Sinfon\u00eda espeluznante"},"content":{"rendered":"<div class=\"richtext m-spacer\">\n\t<div class=\"container\">\n\t\t<div class=\"row\">\n\t\t\t<div class=\"col-10\">\n\t\t\t\t\n\n<p><strong>SHIRA SAMUELS-SHRAGG<\/strong> conductor<\/p>\n\n\n\n<div class=\"wp-block-columns is-layout-flex wp-container-core-columns-is-layout-9d6595d7 wp-block-columns-is-layout-flex\">\n<div class=\"wp-block-column is-layout-flow wp-block-column-is-layout-flow\">\n<p><strong>JOHN WILLIAMS <\/strong>La c\u00e1mara de los secretos<br><strong>MOZART <\/strong>Obertura de la Flauta M\u00e1gica<br><strong>GRIEG<\/strong> En la Sala del Rey de la Monta\u00f1a<br><strong>GABRIELA LENA FRANK <\/strong>Tres danzas latinoamericanas; III Vals mestizo<\/p>\n<\/div>\n\n\n\n<div class=\"wp-block-column is-layout-flow wp-block-column-is-layout-flow\">\n<p><strong>PROKOFIEV<\/strong> Selecciones de Cenicienta, Suite n\u00ba 1<br>     I. Introducci\u00f3n<br>     VII. Vals de Cenicienta; Medianoche<br><strong>STEPHEN SCHWARTZ arr. TED RICKETT<\/strong> Lo m\u00e1s destacado de <em>Wicked<\/em> (extracto, \u201cDesafiando a la gravedad\u201d)<\/p>\n<\/div>\n<\/div>\n\n\n\n<p>Con un interludio inquietante que s\u00f3lo el \u00f3rgano puede ofrecer, entre en la espeluznante temporada con una escalofriante aventura musical en el Meyerson Symphony Center. John Williams\u2019&nbsp;<em>La c\u00e1mara de los secretos<\/em>&nbsp;marca la pauta, seguida de la deslumbrante&nbsp;<em>Obertura de la Flauta M\u00e1gica<\/em>&nbsp;y la traviesa persecuci\u00f3n de Grieg&nbsp;<em>En la Sala del Rey de la Monta\u00f1a<\/em>. Baila al ritmo de la colorida m\u00fasica de Gabriela Lena Frank.&nbsp;<em>Vals mestizo<\/em>, y seguir a Prokofiev&nbsp;<em>Cenicienta<\/em>&nbsp;a trav\u00e9s de valses y el suspense de la medianoche. El programa concluye con fragmentos de la obra de Stephen Schwartz&nbsp;<em>Wicked<\/em>, con el \u00e9xito \u201cDefying Gravity\u201d. Es la forma perfecta de celebrar las fiestas con m\u00fasica m\u00e1gica, traviesa y un poco espeluznante.&nbsp;<\/p>\n\n\n\n<p>Precios especiales para grupos Si desea informaci\u00f3n sobre entradas de grupo, env\u00ede un correo electr\u00f3nico a&nbsp;<a href=\"mailto:groups@dalsym.com\">groups@dalsym.com<\/a>&nbsp;o llame al 214-849-4376.<\/p>\n\n\n\n<div style=\"height:20px\" aria-hidden=\"true\" class=\"wp-block-spacer\"><\/div>\n\n\n\n<figure class=\"wp-block-image size-large is-resized\"><img loading=\"lazy\" decoding=\"async\" width=\"1024\" height=\"142\" src=\"https:\/\/www.dallassymphony.org\/wp-content\/uploads\/2025\/08\/DSO-Youth-Concerts-Logo25-Web_Horz_DSOLockup-Color-1024x142.jpg\" alt=\"\" class=\"wp-image-27722\" style=\"aspect-ratio:5.278350515463917;object-fit:contain;width:420px;height:auto\" srcset=\"https:\/\/www.dallassymphony.org\/wp-content\/uploads\/2025\/08\/DSO-Youth-Concerts-Logo25-Web_Horz_DSOLockup-Color-1024x142.jpg 1024w, https:\/\/www.dallassymphony.org\/wp-content\/uploads\/2025\/08\/DSO-Youth-Concerts-Logo25-Web_Horz_DSOLockup-Color-300x41.jpg 300w, https:\/\/www.dallassymphony.org\/wp-content\/uploads\/2025\/08\/DSO-Youth-Concerts-Logo25-Web_Horz_DSOLockup-Color-768x106.jpg 768w, https:\/\/www.dallassymphony.org\/wp-content\/uploads\/2025\/08\/DSO-Youth-Concerts-Logo25-Web_Horz_DSOLockup-Color-18x2.jpg 18w, https:\/\/www.dallassymphony.org\/wp-content\/uploads\/2025\/08\/DSO-Youth-Concerts-Logo25-Web_Horz_DSOLockup-Color.jpg 1042w\" sizes=\"auto, (max-width: 1024px) 100vw, 1024px\" \/><\/figure>\n\n\n\t\t\t<\/div>\n\t\t<\/div>\n\t<\/div>\n\n<\/div>\n\n\n<div class=\"edp-musician-grid m-spacer grad-to-right\">\n\t<div class=\"container\">\n\t\t<div class=\"row\">\n\t\t\t<div class=\"col-12\">\n\t\t\t\t<h1><\/h1>\n\t\t\t\t<h2><\/h2>\n\t\t\t<\/div>\n\t\t<\/div>\n\t\t<div class=\"row\">\n\t\t\t<div class=\"col-lg-6\">\n\t<div class=\"edp__musician-card\">\n\t\t<img loading=\"lazy\" decoding=\"async\" width=\"262\" height=\"262\" src=\"https:\/\/www.dallassymphony.org\/wp-content\/uploads\/2024\/07\/dso-2.19.2025-123-scaled-e1740611132809-262x262.jpg\" class=\"attachment-262x262 size-262x262 wp-post-image\" alt=\"\" srcset=\"https:\/\/www.dallassymphony.org\/wp-content\/uploads\/2024\/07\/dso-2.19.2025-123-scaled-e1740611132809-262x262.jpg 262w, https:\/\/www.dallassymphony.org\/wp-content\/uploads\/2024\/07\/dso-2.19.2025-123-scaled-e1740611132809-300x300.jpg 300w, https:\/\/www.dallassymphony.org\/wp-content\/uploads\/2024\/07\/dso-2.19.2025-123-scaled-e1740611132809-1024x1024.jpg 1024w, https:\/\/www.dallassymphony.org\/wp-content\/uploads\/2024\/07\/dso-2.19.2025-123-scaled-e1740611132809-150x150.jpg 150w, https:\/\/www.dallassymphony.org\/wp-content\/uploads\/2024\/07\/dso-2.19.2025-123-scaled-e1740611132809-768x768.jpg 768w, https:\/\/www.dallassymphony.org\/wp-content\/uploads\/2024\/07\/dso-2.19.2025-123-scaled-e1740611132809-1536x1536.jpg 1536w, https:\/\/www.dallassymphony.org\/wp-content\/uploads\/2024\/07\/dso-2.19.2025-123-scaled-e1740611132809-12x12.jpg 12w, https:\/\/www.dallassymphony.org\/wp-content\/uploads\/2024\/07\/dso-2.19.2025-123-scaled-e1740611132809-350x350.jpg 350w, https:\/\/www.dallassymphony.org\/wp-content\/uploads\/2024\/07\/dso-2.19.2025-123-scaled-e1740611132809-445x445.jpg 445w, https:\/\/www.dallassymphony.org\/wp-content\/uploads\/2024\/07\/dso-2.19.2025-123-scaled-e1740611132809-400x400.jpg 400w, https:\/\/www.dallassymphony.org\/wp-content\/uploads\/2024\/07\/dso-2.19.2025-123-scaled-e1740611132809-600x600.jpg 600w, https:\/\/www.dallassymphony.org\/wp-content\/uploads\/2024\/07\/dso-2.19.2025-123-scaled-e1740611132809.jpg 1706w\" sizes=\"auto, (max-width: 262px) 100vw, 262px\" \/>\t\t<div class=\"content__wrapper\">\n\t\t\t<h4>Shira Samuels-Shragg<\/h4>\n\n\t\t\t<p>Conductor asistente<\/p>\n<p>Marena y Roger Gault Silla<\/p>\n\n                            <a class=\"a-hover\" href=\"https:\/\/www.dallassymphony.org\/es\/people\/shira-samuels-shragg\/\">Leer m\u00e1s<\/a>\n            \t\t<\/div>\n\t<\/div>\n<\/div><div class=\"col-lg-6\">\n\t<div class=\"edp__musician-card\">\n\t\t<img loading=\"lazy\" decoding=\"async\" width=\"262\" height=\"262\" src=\"https:\/\/www.dallassymphony.org\/wp-content\/uploads\/2020\/11\/Bradley-Hunter-Welch-262x262.jpg\" class=\"attachment-262x262 size-262x262 wp-post-image\" alt=\"Bradley Hunter Welch, organista residente, presidente de la familia Lay, sinfon\u00eda de Dallas.\" srcset=\"https:\/\/www.dallassymphony.org\/wp-content\/uploads\/2020\/11\/Bradley-Hunter-Welch-262x262.jpg 262w, https:\/\/www.dallassymphony.org\/wp-content\/uploads\/2020\/11\/Bradley-Hunter-Welch-300x300.jpg 300w, https:\/\/www.dallassymphony.org\/wp-content\/uploads\/2020\/11\/Bradley-Hunter-Welch-1024x1024.jpg 1024w, https:\/\/www.dallassymphony.org\/wp-content\/uploads\/2020\/11\/Bradley-Hunter-Welch-150x150.jpg 150w, https:\/\/www.dallassymphony.org\/wp-content\/uploads\/2020\/11\/Bradley-Hunter-Welch-768x768.jpg 768w, https:\/\/www.dallassymphony.org\/wp-content\/uploads\/2020\/11\/Bradley-Hunter-Welch-12x12.jpg 12w, https:\/\/www.dallassymphony.org\/wp-content\/uploads\/2020\/11\/Bradley-Hunter-Welch-350x350.jpg 350w, https:\/\/www.dallassymphony.org\/wp-content\/uploads\/2020\/11\/Bradley-Hunter-Welch-445x445.jpg 445w, https:\/\/www.dallassymphony.org\/wp-content\/uploads\/2020\/11\/Bradley-Hunter-Welch.jpg 1200w\" sizes=\"auto, (max-width: 262px) 100vw, 262px\" \/>\t\t<div class=\"content__wrapper\">\n\t\t\t<h4>Bradley Hunter Welch<\/h4>\n\n\t\t\t<p>Organista residente<\/p>\n<p>Silla familiar laica<\/p>\n\n                            <a class=\"a-hover\" href=\"https:\/\/www.dallassymphony.org\/es\/people\/bradley-hunter-welch\/\">Leer m\u00e1s<\/a>\n            \t\t<\/div>\n\t<\/div>\n<\/div>\t\t<\/div>\n\t<\/div>\n<\/div>\n\n\n    <div class=\"featured-concerts grad-to-left m-spacer\">\n        <div class=\"container-fluid\">\n            <div class=\"row\">\n                <div class=\"col-md-7 col-7 offset-md-1\">\n                    <h1 class=\"serif__elight-58-italic\">Tambi\u00e9n puede interesarle<\/h1>\n                <\/div>\n                <div class=\"col-md-4 col-5\">\n                    <div class=\"controls__wrapper\">\n                        <div class=\"slideshow__controls d-none d-lg-block\">\n                            <button class=\"controls__prev\"  data-button-id=\"c97bc788e17b3a001777324921da1030\">\n                                <svg xmlns=\"http:\/\/www.w3.org\/2000\/svg\" enable-background=\"new 0 0 24 24\" height=\"24\" viewbox=\"0 0 24 24\" width=\"24\">\n                                    <g><rect fill=\"none\" height=\"24\" width=\"24\"\/><path d=\"M12,4c4.41,0,8,3.59,8,8s-3.59,8-8,8s-8-3.59-8-8S7.59,4,12,4 M12,2C6.48,2,2,6.48,2,12c0,5.52,4.48,10,10,10 c5.52,0,10-4.48,10-10C22,6.48,17.52,2,12,2L12,2z M13,12l0-4h-2l0,4H8l4,4l4-4H13z\"\/><\/g>\n                                <\/svg>\n                            <\/button>\n                            <button class=\"controls__next\" data-button-id=\"c97bc788e17b3a001777324921da1030\">\n                                <svg xmlns=\"http:\/\/www.w3.org\/2000\/svg\" enable-background=\"new 0 0 24 24\" height=\"24\" viewbox=\"0 0 24 24\" width=\"24\">\n                                    <g><rect fill=\"none\" height=\"24\" width=\"24\"\/><path d=\"M12,4c4.41,0,8,3.59,8,8s-3.59,8-8,8s-8-3.59-8-8S7.59,4,12,4 M12,2C6.48,2,2,6.48,2,12c0,5.52,4.48,10,10,10 c5.52,0,10-4.48,10-10C22,6.48,17.52,2,12,2L12,2z M13,12l0-4h-2l0,4H8l4,4l4-4H13z\"\/><\/g>\n                                <\/svg>\n                            <\/button>\n                        <\/div>\n\n\t                                        <\/div>\n                <\/div>\n            <\/div>\n            <div class=\"row\">\n                <div class=\"col-md-11 offset-md-1\">\n                    <div class=\"slideshow\">\n                        <div class=\"dso__slides\" data-button-id=\"c97bc788e17b3a001777324921da1030\">\n                            <div class=\"concert__card\" style=\"margin-right: 15px\">\n    <a href=\"https:\/\/www.dallassymphony.org\/es\/productions\/symphonic-sounds-of-home-music-of-the-united-states\/\">\n        <div class=\"img__wrapper\">\n\t        <img loading=\"lazy\" decoding=\"async\" width=\"388\" height=\"218\" src=\"https:\/\/www.dallassymphony.org\/wp-content\/uploads\/2025\/08\/Youth-Concerts-388x218.png\" class=\"attachment-388x218 size-388x218 wp-post-image\" alt=\"\" srcset=\"https:\/\/www.dallassymphony.org\/wp-content\/uploads\/2025\/08\/Youth-Concerts-388x218.png 388w, https:\/\/www.dallassymphony.org\/wp-content\/uploads\/2025\/08\/Youth-Concerts-300x169.png 300w, https:\/\/www.dallassymphony.org\/wp-content\/uploads\/2025\/08\/Youth-Concerts-1024x576.png 1024w, https:\/\/www.dallassymphony.org\/wp-content\/uploads\/2025\/08\/Youth-Concerts-768x432.png 768w, https:\/\/www.dallassymphony.org\/wp-content\/uploads\/2025\/08\/Youth-Concerts-1536x864.png 1536w, https:\/\/www.dallassymphony.org\/wp-content\/uploads\/2025\/08\/Youth-Concerts-18x10.png 18w, https:\/\/www.dallassymphony.org\/wp-content\/uploads\/2025\/08\/Youth-Concerts-540x303.png 540w, https:\/\/www.dallassymphony.org\/wp-content\/uploads\/2025\/08\/Youth-Concerts-666x375.png 666w, https:\/\/www.dallassymphony.org\/wp-content\/uploads\/2025\/08\/Youth-Concerts-735x413.png 735w, https:\/\/www.dallassymphony.org\/wp-content\/uploads\/2025\/08\/Youth-Concerts.png 1600w\" sizes=\"auto, (max-width: 388px) 100vw, 388px\" \/>        <\/div>\n        <div class=\"content__wrapper\">\n            <h4 class=\"serif__light-22\">\n                Sonidos sinf\u00f3nicos del hogar: M\u00fasica de Estados Unidos            <\/h4>\n            <p class=\"serif__light-16-italic\">24 de abril de 2026<\/p>\n            <p class=\"sans-cond__med-14\">M\u00e1s informaci\u00f3n y compra de entradas<\/p>\n        <\/div>\n    <\/a>\n<\/div>\n\n<div class=\"concert__card\" style=\"margin-right: 15px\">\n    <a href=\"https:\/\/www.dallassymphony.org\/es\/productions\/how-to-train-your-dragon-in-concert\/\">\n        <div class=\"img__wrapper\">\n\t        <img loading=\"lazy\" decoding=\"async\" width=\"388\" height=\"218\" src=\"https:\/\/www.dallassymphony.org\/wp-content\/uploads\/2025\/08\/HTTYD_Website-Header_1600x900-388x218.jpg\" class=\"attachment-388x218 size-388x218 wp-post-image\" alt=\"\" srcset=\"https:\/\/www.dallassymphony.org\/wp-content\/uploads\/2025\/08\/HTTYD_Website-Header_1600x900-388x218.jpg 388w, https:\/\/www.dallassymphony.org\/wp-content\/uploads\/2025\/08\/HTTYD_Website-Header_1600x900-300x169.jpg 300w, https:\/\/www.dallassymphony.org\/wp-content\/uploads\/2025\/08\/HTTYD_Website-Header_1600x900-1024x576.jpg 1024w, https:\/\/www.dallassymphony.org\/wp-content\/uploads\/2025\/08\/HTTYD_Website-Header_1600x900-768x432.jpg 768w, https:\/\/www.dallassymphony.org\/wp-content\/uploads\/2025\/08\/HTTYD_Website-Header_1600x900-1536x864.jpg 1536w, https:\/\/www.dallassymphony.org\/wp-content\/uploads\/2025\/08\/HTTYD_Website-Header_1600x900-18x10.jpg 18w, https:\/\/www.dallassymphony.org\/wp-content\/uploads\/2025\/08\/HTTYD_Website-Header_1600x900-540x303.jpg 540w, https:\/\/www.dallassymphony.org\/wp-content\/uploads\/2025\/08\/HTTYD_Website-Header_1600x900-666x375.jpg 666w, https:\/\/www.dallassymphony.org\/wp-content\/uploads\/2025\/08\/HTTYD_Website-Header_1600x900-735x413.jpg 735w, https:\/\/www.dallassymphony.org\/wp-content\/uploads\/2025\/08\/HTTYD_Website-Header_1600x900.jpg 1600w\" sizes=\"auto, (max-width: 388px) 100vw, 388px\" \/>        <\/div>\n        <div class=\"content__wrapper\">\n            <h4 class=\"serif__light-22\">\n                C\u00f3mo entrenar a tu drag\u00f3n - En concierto            <\/h4>\n            <p class=\"serif__light-16-italic\">6 - 8 febrero 2026<\/p>\n            <p class=\"sans-cond__med-14\">M\u00e1s informaci\u00f3n y compra de entradas<\/p>\n        <\/div>\n    <\/a>\n<\/div>\n\n<div class=\"concert__card\" style=\"margin-right: 15px\">\n    <a href=\"https:\/\/www.dallassymphony.org\/es\/productions\/mydso-concert\/\">\n        <div class=\"img__wrapper\">\n\t        <img loading=\"lazy\" decoding=\"async\" width=\"388\" height=\"218\" src=\"https:\/\/www.dallassymphony.org\/wp-content\/uploads\/2025\/03\/25-26-Web-1600x900_MyDSO-388x218.jpg\" class=\"attachment-388x218 size-388x218 wp-post-image\" alt=\"\" srcset=\"https:\/\/www.dallassymphony.org\/wp-content\/uploads\/2025\/03\/25-26-Web-1600x900_MyDSO-388x218.jpg 388w, https:\/\/www.dallassymphony.org\/wp-content\/uploads\/2025\/03\/25-26-Web-1600x900_MyDSO-300x169.jpg 300w, https:\/\/www.dallassymphony.org\/wp-content\/uploads\/2025\/03\/25-26-Web-1600x900_MyDSO-1024x576.jpg 1024w, https:\/\/www.dallassymphony.org\/wp-content\/uploads\/2025\/03\/25-26-Web-1600x900_MyDSO-768x432.jpg 768w, https:\/\/www.dallassymphony.org\/wp-content\/uploads\/2025\/03\/25-26-Web-1600x900_MyDSO-1536x864.jpg 1536w, https:\/\/www.dallassymphony.org\/wp-content\/uploads\/2025\/03\/25-26-Web-1600x900_MyDSO-18x10.jpg 18w, https:\/\/www.dallassymphony.org\/wp-content\/uploads\/2025\/03\/25-26-Web-1600x900_MyDSO-540x303.jpg 540w, https:\/\/www.dallassymphony.org\/wp-content\/uploads\/2025\/03\/25-26-Web-1600x900_MyDSO-666x375.jpg 666w, https:\/\/www.dallassymphony.org\/wp-content\/uploads\/2025\/03\/25-26-Web-1600x900_MyDSO-735x413.jpg 735w, https:\/\/www.dallassymphony.org\/wp-content\/uploads\/2025\/03\/25-26-Web-1600x900_MyDSO.jpg 1600w\" sizes=\"auto, (max-width: 388px) 100vw, 388px\" \/>        <\/div>\n        <div class=\"content__wrapper\">\n            <h4 class=\"serif__light-22\">\n                Concierto \"MyDSO Sensory-Friendly            <\/h4>\n            <p class=\"serif__light-16-italic\">26 de abril de 2026<\/p>\n            <p class=\"sans-cond__med-14\">M\u00e1s informaci\u00f3n y compra de entradas<\/p>\n        <\/div>\n    <\/a>\n<\/div>\n\n                        <\/div>\n                    <\/div>\n                <\/div>\n            <\/div>\n            <div class=\"row\">\n                <div class=\"col-11 offset-1\">\n                    <div class=\"slideshow__controls d-lg-none\">\n                        <button class=\"controls__prev\" data-prev=\"#\" data-button-id=\"c97bc788e17b3a001777324921da1030\">\n                            <svg xmlns=\"http:\/\/www.w3.org\/2000\/svg\" enable-background=\"new 0 0 24 24\" height=\"24\" viewbox=\"0 0 24 24\" width=\"24\">\n                                <g><rect fill=\"none\" height=\"24\" width=\"24\"\/><path d=\"M12,4c4.41,0,8,3.59,8,8s-3.59,8-8,8s-8-3.59-8-8S7.59,4,12,4 M12,2C6.48,2,2,6.48,2,12c0,5.52,4.48,10,10,10 c5.52,0,10-4.48,10-10C22,6.48,17.52,2,12,2L12,2z M13,12l0-4h-2l0,4H8l4,4l4-4H13z\"\/><\/g>\n                            <\/svg>\n                        <\/button>\n                        <button class=\"controls__next\" data-next=\"#\" data-button-id=\"c97bc788e17b3a001777324921da1030\">\n                            <svg xmlns=\"http:\/\/www.w3.org\/2000\/svg\" enable-background=\"new 0 0 24 24\" height=\"24\" viewbox=\"0 0 24 24\" width=\"24\">\n                                <g><rect fill=\"none\" height=\"24\" width=\"24\"\/><path d=\"M12,4c4.41,0,8,3.59,8,8s-3.59,8-8,8s-8-3.59-8-8S7.59,4,12,4 M12,2C6.48,2,2,6.48,2,12c0,5.52,4.48,10,10,10 c5.52,0,10-4.48,10-10C22,6.48,17.52,2,12,2L12,2z M13,12l0-4h-2l0,4H8l4,4l4-4H13z\"\/><\/g>\n                            <\/svg>\n                        <\/button>\n                    <\/div>\n\n                <\/div>\n\n            <\/div>\n        <\/div>\n    <\/div>","protected":false},"excerpt":{"rendered":"","protected":false},"featured_media":27762,"template":"","dso_concert_series":[],"class_list":["post-27528","dso_prod_season","type-dso_prod_season","status-publish","has-post-thumbnail","hentry"],"acf":[],"_links":{"self":[{"href":"https:\/\/www.dallassymphony.org\/es\/wp-json\/wp\/v2\/dso_prod_season\/27528","targetHints":{"allow":["GET"]}}],"collection":[{"href":"https:\/\/www.dallassymphony.org\/es\/wp-json\/wp\/v2\/dso_prod_season"}],"about":[{"href":"https:\/\/www.dallassymphony.org\/es\/wp-json\/wp\/v2\/types\/dso_prod_season"}],"version-history":[{"count":0,"href":"https:\/\/www.dallassymphony.org\/es\/wp-json\/wp\/v2\/dso_prod_season\/27528\/revisions"}],"wp:featuredmedia":[{"embeddable":true,"href":"https:\/\/www.dallassymphony.org\/es\/wp-json\/wp\/v2\/media\/27762"}],"wp:attachment":[{"href":"https:\/\/www.dallassymphony.org\/es\/wp-json\/wp\/v2\/media?parent=27528"}],"wp:term":[{"taxonomy":"dso_concert_series","embeddable":true,"href":"https:\/\/www.dallassymphony.org\/es\/wp-json\/wp\/v2\/dso_concert_series?post=27528"}],"curies":[{"name":"wp","href":"https:\/\/api.w.org\/{rel}","templated":true}]}}