{"id":25505,"date":"2025-03-13T10:00:00","date_gmt":"2025-03-13T15:00:00","guid":{"rendered":"https:\/\/www.dallassymphony.org\/?post_type=dso_prod_season&#038;p=25505"},"modified":"2025-11-03T09:21:07","modified_gmt":"2025-11-03T15:21:07","slug":"jazz-at-lincoln-center-orchestra-with-wynton-marsalis","status":"publish","type":"dso_prod_season","link":"https:\/\/www.dallassymphony.org\/es\/productions\/jazz-at-lincoln-center-orchestra-with-wynton-marsalis\/","title":{"rendered":"Jazz at Lincoln Center Orchestra con Wynton Marsalis"},"content":{"rendered":"<div class=\"richtext m-spacer\">\n\t<div class=\"container\">\n\t\t<div class=\"row\">\n\t\t\t<div class=\"col-10\">\n\t\t\t\t\n\n<div class=\"wp-block-columns is-layout-flex wp-container-core-columns-is-layout-9d6595d7 wp-block-columns-is-layout-flex\">\n<div class=\"wp-block-column is-layout-flow wp-block-column-is-layout-flow\">\n<p><strong>WYNTON MARSALIS<\/strong> director musical, trompeta&nbsp;<br><strong>RYAN KISOR<em> <\/em><\/strong>trompeta<br><strong>KENNY RAMPTON<\/strong> trompeta<br><strong>MARCUS PRINTUP<\/strong> trompeta<br><strong>VINCENT GARDNER <\/strong>tromb\u00f3n<br><strong>CHRIS CRENSHAW<\/strong> tromb\u00f3n, C\u00e1tedra de la Familia Golkin<br><strong>ELLIOT MASON <\/strong>tromb\u00f3n<br><strong>SHERMAN IRBY<\/strong> saxofones alto y soprano, flauta, clarinete<br><strong>ALEXA TARANTINO<\/strong> saxofones alto y soprano, slute, slarinet, piccolo<\/p>\n<\/div>\n\n\n\n<div class=\"wp-block-column is-layout-flow wp-block-column-is-layout-flow\">\n<p><strong>VICTOR GOINES<\/strong> saxofones tenor y soprano, clarinete, clarinete bajo&nbsp;<br><strong>ABDIAS ARMENTEROS<\/strong> saxofones tenor y soprano, clarinete, C\u00e1tedra de Saxof\u00f3n de la Familia Zou<br><strong>PAUL NEDZELA<\/strong> saxofones bar\u00edtono y soprano, clarinete, clarinete bajo<br><strong>DAN NIMMER<\/strong> piano, La C\u00e1tedra Familiar Zou de Piano<br><strong>CARLOS HENRIQUEZ<\/strong> bass, C\u00e1tedra de la Familia Mandel en honor de Kathleen B. Mandel&nbsp;<br><strong>OBED CALVAIRE<\/strong> tambores&nbsp;<\/p>\n<\/div>\n<\/div>\n\n\n\n<p>Fundada en 1988, la Jazz at Lincoln Center Orchestra with Wynton Marsalis gira por todo el mundo interpretando un amplio repertorio musical, desde composiciones hist\u00f3ricas y poco comunes hasta obras de encargo. Las composiciones y arreglos del grupo incluyen piezas de Duke Ellington, Count Basie, Fletcher Henderson, Thelonious Monk, Mary Lou Williams, Dizzy Gillespie, Benny Goodman y Charles Mingus, as\u00ed como m\u00fasica nueva de la incomparable colecci\u00f3n del grupo de compositores y arreglistas de renombre mundial.&nbsp;<\/p>\n\n\n\n<div style=\"height:25px\" aria-hidden=\"true\" class=\"wp-block-spacer\"><\/div>\n\n\n<section class=\"bulk-content m-spacer\">\n    <div class=\"container\">\n        <div class=\"row\">\n            <div class=\"col-lg-12\">\n                <!-- wp:columns -->\n<div class=\"wp-block-columns\"><!-- wp:column -->\n<div class=\"wp-block-column\"><!-- wp:quote -->\n<blockquote class=\"wp-block-quote\"><!-- wp:heading {\"level\":3} -->\n<h3 class=\"wp-block-heading\">Combine y ahorre<\/h3>\n<!-- \/wp:heading -->\n\n<!-- wp:paragraph -->\n<p>Combine 3 o m\u00e1s conciertos para recibir 20% de descuento en su compra y otras ventajas.<\/p>\n<!-- \/wp:paragraph --><cite><a href=\"https:\/\/www.dallassymphony.org\/es\/ticket-packages-25-26\/\">M\u00e1s informaci\u00f3n<\/a><\/cite><\/blockquote>\n<!-- \/wp:quote --><\/div>\n<!-- \/wp:column -->\n\n<!-- wp:column -->\n<div class=\"wp-block-column\"><!-- wp:quote -->\n<blockquote class=\"wp-block-quote\"><!-- wp:heading {\"level\":3} -->\n<h3 class=\"wp-block-heading\">\u00bfTienes 10 o m\u00e1s personas?<\/h3>\n<!-- \/wp:heading -->\n\n<!-- wp:paragraph -->\n<p>Re\u00fana a amigos, familiares, compa\u00f1eros de trabajo, cualquier grupo de 10 o m\u00e1s personas, y ahorre con descuentos y ventajas exclusivas.<\/p>\n<!-- \/wp:paragraph --><cite><a href=\"https:\/\/www.dallassymphony.org\/es\/concerts-and-events\/group-sales\/\">M\u00e1s informaci\u00f3n<\/a><\/cite><\/blockquote>\n<!-- \/wp:quote --><\/div>\n<!-- \/wp:column --><\/div>\n<!-- \/wp:columns -->            <\/div>\n        <\/div>\n    <\/div>\n<\/section>\n\n\n<div class=\"container\">\n    <div class=\"row\">\n        <div class=\"col-10\">\n            <div class=\"share d-flex align-items-center\">\n                <p class=\"mb-0 serif__light-16\">COMPARTIR<\/p><div data-network=\"facebook\" class=\"st-custom-button facebook\" data-title=\"&quot;Jazz\" at lincoln center orchestra with wynton marsalis&quot; data-description=\"&quot;The\" jazz (jlco), comprising 15 of the finest soloists and ensemble players today, has been resident since 1988 spends over a third year on tour across world.&quot; data-message =\"&quot;The\" world.\r\n\r\nhttps:>Facebook<span class=\"count\"><\/span><\/div>            <\/div>\n        <\/div>\n    <\/div>\n\n<\/div>\n\n\n\t\t\t<\/div>\n\t\t<\/div>\n\t<\/div>\n\n<\/div>\n\n\n<div class=\"edp-musician-grid m-spacer grad-to-right\">\n\t<div class=\"container\">\n\t\t<div class=\"row\">\n\t\t\t<div class=\"col-12\">\n\t\t\t\t<h1><\/h1>\n\t\t\t\t<h2><\/h2>\n\t\t\t<\/div>\n\t\t<\/div>\n\t\t<div class=\"row\">\n\t\t\t<div class=\"col-lg-6\">\n\t<div class=\"edp__musician-card\">\n\t\t<img loading=\"lazy\" decoding=\"async\" width=\"262\" height=\"262\" src=\"https:\/\/www.dallassymphony.org\/wp-content\/uploads\/2025\/03\/Wynton-Marasalis_credit-Piper-Ferguson-scaled-e1741301388158-262x262.jpg\" class=\"attachment-262x262 size-262x262 wp-post-image\" alt=\"\" srcset=\"https:\/\/www.dallassymphony.org\/wp-content\/uploads\/2025\/03\/Wynton-Marasalis_credit-Piper-Ferguson-scaled-e1741301388158-262x262.jpg 262w, https:\/\/www.dallassymphony.org\/wp-content\/uploads\/2025\/03\/Wynton-Marasalis_credit-Piper-Ferguson-scaled-e1741301388158-300x300.jpg 300w, https:\/\/www.dallassymphony.org\/wp-content\/uploads\/2025\/03\/Wynton-Marasalis_credit-Piper-Ferguson-scaled-e1741301388158-1024x1024.jpg 1024w, https:\/\/www.dallassymphony.org\/wp-content\/uploads\/2025\/03\/Wynton-Marasalis_credit-Piper-Ferguson-scaled-e1741301388158-150x150.jpg 150w, https:\/\/www.dallassymphony.org\/wp-content\/uploads\/2025\/03\/Wynton-Marasalis_credit-Piper-Ferguson-scaled-e1741301388158-768x768.jpg 768w, https:\/\/www.dallassymphony.org\/wp-content\/uploads\/2025\/03\/Wynton-Marasalis_credit-Piper-Ferguson-scaled-e1741301388158-1536x1536.jpg 1536w, https:\/\/www.dallassymphony.org\/wp-content\/uploads\/2025\/03\/Wynton-Marasalis_credit-Piper-Ferguson-scaled-e1741301388158-12x12.jpg 12w, https:\/\/www.dallassymphony.org\/wp-content\/uploads\/2025\/03\/Wynton-Marasalis_credit-Piper-Ferguson-scaled-e1741301388158-350x350.jpg 350w, https:\/\/www.dallassymphony.org\/wp-content\/uploads\/2025\/03\/Wynton-Marasalis_credit-Piper-Ferguson-scaled-e1741301388158-445x445.jpg 445w, https:\/\/www.dallassymphony.org\/wp-content\/uploads\/2025\/03\/Wynton-Marasalis_credit-Piper-Ferguson-scaled-e1741301388158-400x400.jpg 400w, https:\/\/www.dallassymphony.org\/wp-content\/uploads\/2025\/03\/Wynton-Marasalis_credit-Piper-Ferguson-scaled-e1741301388158-600x600.jpg 600w, https:\/\/www.dallassymphony.org\/wp-content\/uploads\/2025\/03\/Wynton-Marasalis_credit-Piper-Ferguson-scaled-e1741301388158.jpg 1706w\" sizes=\"auto, (max-width: 262px) 100vw, 262px\" \/>\t\t<div class=\"content__wrapper\">\n\t\t\t<h4>Wynton Marsalis<\/h4>\n\n\t\t\t<p>Director musical, Trompeta<\/p>\n\n                            <a class=\"a-hover\" href=\"https:\/\/www.dallassymphony.org\/es\/people\/wynton-marsalis\/\">Leer m\u00e1s<\/a>\n            \t\t<\/div>\n\t<\/div>\n<\/div><div class=\"col-lg-6\">\n\t<div class=\"edp__musician-card\">\n\t\t<img loading=\"lazy\" decoding=\"async\" width=\"262\" height=\"262\" src=\"https:\/\/www.dallassymphony.org\/wp-content\/uploads\/2025\/03\/Ryan-Kisor_credit-Piper-Ferguson-scaled-e1741302297980-262x262.jpg\" class=\"attachment-262x262 size-262x262 wp-post-image\" alt=\"\" srcset=\"https:\/\/www.dallassymphony.org\/wp-content\/uploads\/2025\/03\/Ryan-Kisor_credit-Piper-Ferguson-scaled-e1741302297980-262x262.jpg 262w, https:\/\/www.dallassymphony.org\/wp-content\/uploads\/2025\/03\/Ryan-Kisor_credit-Piper-Ferguson-scaled-e1741302297980-300x300.jpg 300w, https:\/\/www.dallassymphony.org\/wp-content\/uploads\/2025\/03\/Ryan-Kisor_credit-Piper-Ferguson-scaled-e1741302297980-1024x1024.jpg 1024w, https:\/\/www.dallassymphony.org\/wp-content\/uploads\/2025\/03\/Ryan-Kisor_credit-Piper-Ferguson-scaled-e1741302297980-150x150.jpg 150w, https:\/\/www.dallassymphony.org\/wp-content\/uploads\/2025\/03\/Ryan-Kisor_credit-Piper-Ferguson-scaled-e1741302297980-768x768.jpg 768w, https:\/\/www.dallassymphony.org\/wp-content\/uploads\/2025\/03\/Ryan-Kisor_credit-Piper-Ferguson-scaled-e1741302297980-1536x1536.jpg 1536w, https:\/\/www.dallassymphony.org\/wp-content\/uploads\/2025\/03\/Ryan-Kisor_credit-Piper-Ferguson-scaled-e1741302297980-12x12.jpg 12w, https:\/\/www.dallassymphony.org\/wp-content\/uploads\/2025\/03\/Ryan-Kisor_credit-Piper-Ferguson-scaled-e1741302297980-350x350.jpg 350w, https:\/\/www.dallassymphony.org\/wp-content\/uploads\/2025\/03\/Ryan-Kisor_credit-Piper-Ferguson-scaled-e1741302297980-445x445.jpg 445w, https:\/\/www.dallassymphony.org\/wp-content\/uploads\/2025\/03\/Ryan-Kisor_credit-Piper-Ferguson-scaled-e1741302297980-400x400.jpg 400w, https:\/\/www.dallassymphony.org\/wp-content\/uploads\/2025\/03\/Ryan-Kisor_credit-Piper-Ferguson-scaled-e1741302297980-600x600.jpg 600w, https:\/\/www.dallassymphony.org\/wp-content\/uploads\/2025\/03\/Ryan-Kisor_credit-Piper-Ferguson-scaled-e1741302297980.jpg 1706w\" sizes=\"auto, (max-width: 262px) 100vw, 262px\" \/>\t\t<div class=\"content__wrapper\">\n\t\t\t<h4>Ryan Kisor<\/h4>\n\n\t\t\t<p>Trompeta, JLCO<\/p>\n\n                            <a class=\"a-hover\" href=\"https:\/\/www.dallassymphony.org\/es\/people\/ryan-kisor\/\">Leer m\u00e1s<\/a>\n            \t\t<\/div>\n\t<\/div>\n<\/div><div class=\"col-lg-6\">\n\t<div class=\"edp__musician-card\">\n\t\t<img loading=\"lazy\" decoding=\"async\" width=\"262\" height=\"262\" src=\"https:\/\/www.dallassymphony.org\/wp-content\/uploads\/2025\/03\/Kenny-Rampton_credit-Piper-Ferguson-scaled-e1741302940561-262x262.jpg\" class=\"attachment-262x262 size-262x262 wp-post-image\" alt=\"\" srcset=\"https:\/\/www.dallassymphony.org\/wp-content\/uploads\/2025\/03\/Kenny-Rampton_credit-Piper-Ferguson-scaled-e1741302940561-262x262.jpg 262w, https:\/\/www.dallassymphony.org\/wp-content\/uploads\/2025\/03\/Kenny-Rampton_credit-Piper-Ferguson-scaled-e1741302940561-300x300.jpg 300w, https:\/\/www.dallassymphony.org\/wp-content\/uploads\/2025\/03\/Kenny-Rampton_credit-Piper-Ferguson-scaled-e1741302940561-1024x1024.jpg 1024w, https:\/\/www.dallassymphony.org\/wp-content\/uploads\/2025\/03\/Kenny-Rampton_credit-Piper-Ferguson-scaled-e1741302940561-150x150.jpg 150w, https:\/\/www.dallassymphony.org\/wp-content\/uploads\/2025\/03\/Kenny-Rampton_credit-Piper-Ferguson-scaled-e1741302940561-768x768.jpg 768w, https:\/\/www.dallassymphony.org\/wp-content\/uploads\/2025\/03\/Kenny-Rampton_credit-Piper-Ferguson-scaled-e1741302940561-1536x1536.jpg 1536w, https:\/\/www.dallassymphony.org\/wp-content\/uploads\/2025\/03\/Kenny-Rampton_credit-Piper-Ferguson-scaled-e1741302940561-12x12.jpg 12w, https:\/\/www.dallassymphony.org\/wp-content\/uploads\/2025\/03\/Kenny-Rampton_credit-Piper-Ferguson-scaled-e1741302940561-350x350.jpg 350w, https:\/\/www.dallassymphony.org\/wp-content\/uploads\/2025\/03\/Kenny-Rampton_credit-Piper-Ferguson-scaled-e1741302940561-445x445.jpg 445w, https:\/\/www.dallassymphony.org\/wp-content\/uploads\/2025\/03\/Kenny-Rampton_credit-Piper-Ferguson-scaled-e1741302940561-400x400.jpg 400w, https:\/\/www.dallassymphony.org\/wp-content\/uploads\/2025\/03\/Kenny-Rampton_credit-Piper-Ferguson-scaled-e1741302940561-600x600.jpg 600w, https:\/\/www.dallassymphony.org\/wp-content\/uploads\/2025\/03\/Kenny-Rampton_credit-Piper-Ferguson-scaled-e1741302940561.jpg 1706w\" sizes=\"auto, (max-width: 262px) 100vw, 262px\" \/>\t\t<div class=\"content__wrapper\">\n\t\t\t<h4>Kenny Rampton<\/h4>\n\n\t\t\t<p>Trompeta, JLCO<\/p>\n\n                            <a class=\"a-hover\" href=\"https:\/\/www.dallassymphony.org\/es\/people\/kenny-rampton\/\">Leer m\u00e1s<\/a>\n            \t\t<\/div>\n\t<\/div>\n<\/div><div class=\"col-lg-6\">\n\t<div class=\"edp__musician-card\">\n\t\t<img loading=\"lazy\" decoding=\"async\" width=\"262\" height=\"262\" src=\"https:\/\/www.dallassymphony.org\/wp-content\/uploads\/2025\/03\/Marcus-Printup_credit-Piper-Ferguson-scaled-e1741302789734-262x262.jpg\" class=\"attachment-262x262 size-262x262 wp-post-image\" alt=\"\" srcset=\"https:\/\/www.dallassymphony.org\/wp-content\/uploads\/2025\/03\/Marcus-Printup_credit-Piper-Ferguson-scaled-e1741302789734-262x262.jpg 262w, https:\/\/www.dallassymphony.org\/wp-content\/uploads\/2025\/03\/Marcus-Printup_credit-Piper-Ferguson-scaled-e1741302789734-300x300.jpg 300w, https:\/\/www.dallassymphony.org\/wp-content\/uploads\/2025\/03\/Marcus-Printup_credit-Piper-Ferguson-scaled-e1741302789734-1024x1024.jpg 1024w, https:\/\/www.dallassymphony.org\/wp-content\/uploads\/2025\/03\/Marcus-Printup_credit-Piper-Ferguson-scaled-e1741302789734-150x150.jpg 150w, https:\/\/www.dallassymphony.org\/wp-content\/uploads\/2025\/03\/Marcus-Printup_credit-Piper-Ferguson-scaled-e1741302789734-768x768.jpg 768w, https:\/\/www.dallassymphony.org\/wp-content\/uploads\/2025\/03\/Marcus-Printup_credit-Piper-Ferguson-scaled-e1741302789734-1536x1536.jpg 1536w, https:\/\/www.dallassymphony.org\/wp-content\/uploads\/2025\/03\/Marcus-Printup_credit-Piper-Ferguson-scaled-e1741302789734-12x12.jpg 12w, https:\/\/www.dallassymphony.org\/wp-content\/uploads\/2025\/03\/Marcus-Printup_credit-Piper-Ferguson-scaled-e1741302789734-350x350.jpg 350w, https:\/\/www.dallassymphony.org\/wp-content\/uploads\/2025\/03\/Marcus-Printup_credit-Piper-Ferguson-scaled-e1741302789734-445x445.jpg 445w, https:\/\/www.dallassymphony.org\/wp-content\/uploads\/2025\/03\/Marcus-Printup_credit-Piper-Ferguson-scaled-e1741302789734-400x400.jpg 400w, https:\/\/www.dallassymphony.org\/wp-content\/uploads\/2025\/03\/Marcus-Printup_credit-Piper-Ferguson-scaled-e1741302789734-600x600.jpg 600w, https:\/\/www.dallassymphony.org\/wp-content\/uploads\/2025\/03\/Marcus-Printup_credit-Piper-Ferguson-scaled-e1741302789734.jpg 1706w\" sizes=\"auto, (max-width: 262px) 100vw, 262px\" \/>\t\t<div class=\"content__wrapper\">\n\t\t\t<h4>Marcus Printup<\/h4>\n\n\t\t\t<p>Trompeta, JLCO<\/p>\n\n                            <a class=\"a-hover\" href=\"https:\/\/www.dallassymphony.org\/es\/people\/marcus-printup\/\">Leer m\u00e1s<\/a>\n            \t\t<\/div>\n\t<\/div>\n<\/div><div class=\"col-lg-6\">\n\t<div class=\"edp__musician-card\">\n\t\t<img loading=\"lazy\" decoding=\"async\" width=\"262\" height=\"262\" src=\"https:\/\/www.dallassymphony.org\/wp-content\/uploads\/2025\/03\/Vincent-Gardner_credit-Piper-Ferguson-scaled-e1741303316659-262x262.jpg\" class=\"attachment-262x262 size-262x262 wp-post-image\" alt=\"\" srcset=\"https:\/\/www.dallassymphony.org\/wp-content\/uploads\/2025\/03\/Vincent-Gardner_credit-Piper-Ferguson-scaled-e1741303316659-262x262.jpg 262w, https:\/\/www.dallassymphony.org\/wp-content\/uploads\/2025\/03\/Vincent-Gardner_credit-Piper-Ferguson-scaled-e1741303316659-300x300.jpg 300w, https:\/\/www.dallassymphony.org\/wp-content\/uploads\/2025\/03\/Vincent-Gardner_credit-Piper-Ferguson-scaled-e1741303316659-1024x1024.jpg 1024w, https:\/\/www.dallassymphony.org\/wp-content\/uploads\/2025\/03\/Vincent-Gardner_credit-Piper-Ferguson-scaled-e1741303316659-150x150.jpg 150w, https:\/\/www.dallassymphony.org\/wp-content\/uploads\/2025\/03\/Vincent-Gardner_credit-Piper-Ferguson-scaled-e1741303316659-768x768.jpg 768w, https:\/\/www.dallassymphony.org\/wp-content\/uploads\/2025\/03\/Vincent-Gardner_credit-Piper-Ferguson-scaled-e1741303316659-1536x1536.jpg 1536w, https:\/\/www.dallassymphony.org\/wp-content\/uploads\/2025\/03\/Vincent-Gardner_credit-Piper-Ferguson-scaled-e1741303316659-12x12.jpg 12w, https:\/\/www.dallassymphony.org\/wp-content\/uploads\/2025\/03\/Vincent-Gardner_credit-Piper-Ferguson-scaled-e1741303316659-350x350.jpg 350w, https:\/\/www.dallassymphony.org\/wp-content\/uploads\/2025\/03\/Vincent-Gardner_credit-Piper-Ferguson-scaled-e1741303316659-445x445.jpg 445w, https:\/\/www.dallassymphony.org\/wp-content\/uploads\/2025\/03\/Vincent-Gardner_credit-Piper-Ferguson-scaled-e1741303316659-400x400.jpg 400w, https:\/\/www.dallassymphony.org\/wp-content\/uploads\/2025\/03\/Vincent-Gardner_credit-Piper-Ferguson-scaled-e1741303316659-600x600.jpg 600w, https:\/\/www.dallassymphony.org\/wp-content\/uploads\/2025\/03\/Vincent-Gardner_credit-Piper-Ferguson-scaled-e1741303316659.jpg 1706w\" sizes=\"auto, (max-width: 262px) 100vw, 262px\" \/>\t\t<div class=\"content__wrapper\">\n\t\t\t<h4>Vincent Gardner<\/h4>\n\n\t\t\t<p>Tromb\u00f3n, JLCO<\/p>\n\n                            <a class=\"a-hover\" href=\"https:\/\/www.dallassymphony.org\/es\/people\/vincent-gardner\/\">Leer m\u00e1s<\/a>\n            \t\t<\/div>\n\t<\/div>\n<\/div><div class=\"col-lg-6\">\n\t<div class=\"edp__musician-card\">\n\t\t<img loading=\"lazy\" decoding=\"async\" width=\"262\" height=\"262\" src=\"https:\/\/www.dallassymphony.org\/wp-content\/uploads\/2025\/03\/Chris-Crenshaw_credit-Piper-Ferguson-scaled-e1741301735405-262x262.jpg\" class=\"attachment-262x262 size-262x262 wp-post-image\" alt=\"\" srcset=\"https:\/\/www.dallassymphony.org\/wp-content\/uploads\/2025\/03\/Chris-Crenshaw_credit-Piper-Ferguson-scaled-e1741301735405-262x262.jpg 262w, https:\/\/www.dallassymphony.org\/wp-content\/uploads\/2025\/03\/Chris-Crenshaw_credit-Piper-Ferguson-scaled-e1741301735405-300x300.jpg 300w, https:\/\/www.dallassymphony.org\/wp-content\/uploads\/2025\/03\/Chris-Crenshaw_credit-Piper-Ferguson-scaled-e1741301735405-1024x1024.jpg 1024w, https:\/\/www.dallassymphony.org\/wp-content\/uploads\/2025\/03\/Chris-Crenshaw_credit-Piper-Ferguson-scaled-e1741301735405-150x150.jpg 150w, https:\/\/www.dallassymphony.org\/wp-content\/uploads\/2025\/03\/Chris-Crenshaw_credit-Piper-Ferguson-scaled-e1741301735405-768x768.jpg 768w, https:\/\/www.dallassymphony.org\/wp-content\/uploads\/2025\/03\/Chris-Crenshaw_credit-Piper-Ferguson-scaled-e1741301735405-1536x1536.jpg 1536w, https:\/\/www.dallassymphony.org\/wp-content\/uploads\/2025\/03\/Chris-Crenshaw_credit-Piper-Ferguson-scaled-e1741301735405-12x12.jpg 12w, https:\/\/www.dallassymphony.org\/wp-content\/uploads\/2025\/03\/Chris-Crenshaw_credit-Piper-Ferguson-scaled-e1741301735405-350x350.jpg 350w, https:\/\/www.dallassymphony.org\/wp-content\/uploads\/2025\/03\/Chris-Crenshaw_credit-Piper-Ferguson-scaled-e1741301735405-445x445.jpg 445w, https:\/\/www.dallassymphony.org\/wp-content\/uploads\/2025\/03\/Chris-Crenshaw_credit-Piper-Ferguson-scaled-e1741301735405-400x400.jpg 400w, https:\/\/www.dallassymphony.org\/wp-content\/uploads\/2025\/03\/Chris-Crenshaw_credit-Piper-Ferguson-scaled-e1741301735405-600x600.jpg 600w, https:\/\/www.dallassymphony.org\/wp-content\/uploads\/2025\/03\/Chris-Crenshaw_credit-Piper-Ferguson-scaled-e1741301735405.jpg 1706w\" sizes=\"auto, (max-width: 262px) 100vw, 262px\" \/>\t\t<div class=\"content__wrapper\">\n\t\t\t<h4>Chris Crenshaw<\/h4>\n\n\t\t\t<p>Tromb\u00f3n, JLCO<\/p>\n\n                            <a class=\"a-hover\" href=\"https:\/\/www.dallassymphony.org\/es\/people\/chris-crenshaw\/\">Leer m\u00e1s<\/a>\n            \t\t<\/div>\n\t<\/div>\n<\/div><div class=\"col-lg-6\">\n\t<div class=\"edp__musician-card\">\n\t\t<img loading=\"lazy\" decoding=\"async\" width=\"262\" height=\"262\" src=\"https:\/\/www.dallassymphony.org\/wp-content\/uploads\/2025\/03\/Elliot-Mason_credit-Piper-Ferguson-scaled-e1741302377543-262x262.jpg\" class=\"attachment-262x262 size-262x262 wp-post-image\" alt=\"\" srcset=\"https:\/\/www.dallassymphony.org\/wp-content\/uploads\/2025\/03\/Elliot-Mason_credit-Piper-Ferguson-scaled-e1741302377543-262x262.jpg 262w, https:\/\/www.dallassymphony.org\/wp-content\/uploads\/2025\/03\/Elliot-Mason_credit-Piper-Ferguson-scaled-e1741302377543-300x300.jpg 300w, https:\/\/www.dallassymphony.org\/wp-content\/uploads\/2025\/03\/Elliot-Mason_credit-Piper-Ferguson-scaled-e1741302377543-1024x1024.jpg 1024w, https:\/\/www.dallassymphony.org\/wp-content\/uploads\/2025\/03\/Elliot-Mason_credit-Piper-Ferguson-scaled-e1741302377543-150x150.jpg 150w, https:\/\/www.dallassymphony.org\/wp-content\/uploads\/2025\/03\/Elliot-Mason_credit-Piper-Ferguson-scaled-e1741302377543-768x768.jpg 768w, https:\/\/www.dallassymphony.org\/wp-content\/uploads\/2025\/03\/Elliot-Mason_credit-Piper-Ferguson-scaled-e1741302377543-1536x1536.jpg 1536w, https:\/\/www.dallassymphony.org\/wp-content\/uploads\/2025\/03\/Elliot-Mason_credit-Piper-Ferguson-scaled-e1741302377543-12x12.jpg 12w, https:\/\/www.dallassymphony.org\/wp-content\/uploads\/2025\/03\/Elliot-Mason_credit-Piper-Ferguson-scaled-e1741302377543-350x350.jpg 350w, https:\/\/www.dallassymphony.org\/wp-content\/uploads\/2025\/03\/Elliot-Mason_credit-Piper-Ferguson-scaled-e1741302377543-445x445.jpg 445w, https:\/\/www.dallassymphony.org\/wp-content\/uploads\/2025\/03\/Elliot-Mason_credit-Piper-Ferguson-scaled-e1741302377543-400x400.jpg 400w, https:\/\/www.dallassymphony.org\/wp-content\/uploads\/2025\/03\/Elliot-Mason_credit-Piper-Ferguson-scaled-e1741302377543-600x600.jpg 600w, https:\/\/www.dallassymphony.org\/wp-content\/uploads\/2025\/03\/Elliot-Mason_credit-Piper-Ferguson-scaled-e1741302377543.jpg 1706w\" sizes=\"auto, (max-width: 262px) 100vw, 262px\" \/>\t\t<div class=\"content__wrapper\">\n\t\t\t<h4>Elliot Mason<\/h4>\n\n\t\t\t<p>Tromb\u00f3n, JLCO<\/p>\n\n                            <a class=\"a-hover\" href=\"https:\/\/www.dallassymphony.org\/es\/people\/elliot-mason\/\">Leer m\u00e1s<\/a>\n            \t\t<\/div>\n\t<\/div>\n<\/div><div class=\"col-lg-6\">\n\t<div class=\"edp__musician-card\">\n\t\t<img loading=\"lazy\" decoding=\"async\" width=\"262\" height=\"262\" src=\"https:\/\/www.dallassymphony.org\/wp-content\/uploads\/2025\/03\/Sherman-Irby_courtesy-of-the-artist-scaled-e1741302213999-262x262.jpg\" class=\"attachment-262x262 size-262x262 wp-post-image\" alt=\"\" srcset=\"https:\/\/www.dallassymphony.org\/wp-content\/uploads\/2025\/03\/Sherman-Irby_courtesy-of-the-artist-scaled-e1741302213999-262x262.jpg 262w, https:\/\/www.dallassymphony.org\/wp-content\/uploads\/2025\/03\/Sherman-Irby_courtesy-of-the-artist-scaled-e1741302213999-300x300.jpg 300w, https:\/\/www.dallassymphony.org\/wp-content\/uploads\/2025\/03\/Sherman-Irby_courtesy-of-the-artist-scaled-e1741302213999-1024x1024.jpg 1024w, https:\/\/www.dallassymphony.org\/wp-content\/uploads\/2025\/03\/Sherman-Irby_courtesy-of-the-artist-scaled-e1741302213999-150x150.jpg 150w, https:\/\/www.dallassymphony.org\/wp-content\/uploads\/2025\/03\/Sherman-Irby_courtesy-of-the-artist-scaled-e1741302213999-768x768.jpg 768w, https:\/\/www.dallassymphony.org\/wp-content\/uploads\/2025\/03\/Sherman-Irby_courtesy-of-the-artist-scaled-e1741302213999-1536x1536.jpg 1536w, https:\/\/www.dallassymphony.org\/wp-content\/uploads\/2025\/03\/Sherman-Irby_courtesy-of-the-artist-scaled-e1741302213999-12x12.jpg 12w, https:\/\/www.dallassymphony.org\/wp-content\/uploads\/2025\/03\/Sherman-Irby_courtesy-of-the-artist-scaled-e1741302213999-350x350.jpg 350w, https:\/\/www.dallassymphony.org\/wp-content\/uploads\/2025\/03\/Sherman-Irby_courtesy-of-the-artist-scaled-e1741302213999-445x445.jpg 445w, https:\/\/www.dallassymphony.org\/wp-content\/uploads\/2025\/03\/Sherman-Irby_courtesy-of-the-artist-scaled-e1741302213999-400x400.jpg 400w, https:\/\/www.dallassymphony.org\/wp-content\/uploads\/2025\/03\/Sherman-Irby_courtesy-of-the-artist-scaled-e1741302213999-600x600.jpg 600w, https:\/\/www.dallassymphony.org\/wp-content\/uploads\/2025\/03\/Sherman-Irby_courtesy-of-the-artist-scaled-e1741302213999.jpg 1706w\" sizes=\"auto, (max-width: 262px) 100vw, 262px\" \/>\t\t<div class=\"content__wrapper\">\n\t\t\t<h4>Sherman Irby<\/h4>\n\n\t\t\t<p>Saxofones alto y soprano, flauta, clarinete, JLCO<\/p>\n\n                            <a class=\"a-hover\" href=\"https:\/\/www.dallassymphony.org\/es\/people\/sherman-irby\/\">Leer m\u00e1s<\/a>\n            \t\t<\/div>\n\t<\/div>\n<\/div><div class=\"col-lg-6\">\n\t<div class=\"edp__musician-card\">\n\t\t<img loading=\"lazy\" decoding=\"async\" width=\"262\" height=\"262\" src=\"https:\/\/www.dallassymphony.org\/wp-content\/uploads\/2025\/03\/Alexa-Tarantino_credit-as-courtesy-of-artist--scaled-e1741303046125-262x262.jpg\" class=\"attachment-262x262 size-262x262 wp-post-image\" alt=\"\" srcset=\"https:\/\/www.dallassymphony.org\/wp-content\/uploads\/2025\/03\/Alexa-Tarantino_credit-as-courtesy-of-artist--scaled-e1741303046125-262x262.jpg 262w, https:\/\/www.dallassymphony.org\/wp-content\/uploads\/2025\/03\/Alexa-Tarantino_credit-as-courtesy-of-artist--scaled-e1741303046125-300x300.jpg 300w, https:\/\/www.dallassymphony.org\/wp-content\/uploads\/2025\/03\/Alexa-Tarantino_credit-as-courtesy-of-artist--scaled-e1741303046125-1024x1024.jpg 1024w, https:\/\/www.dallassymphony.org\/wp-content\/uploads\/2025\/03\/Alexa-Tarantino_credit-as-courtesy-of-artist--scaled-e1741303046125-150x150.jpg 150w, https:\/\/www.dallassymphony.org\/wp-content\/uploads\/2025\/03\/Alexa-Tarantino_credit-as-courtesy-of-artist--scaled-e1741303046125-768x768.jpg 768w, https:\/\/www.dallassymphony.org\/wp-content\/uploads\/2025\/03\/Alexa-Tarantino_credit-as-courtesy-of-artist--scaled-e1741303046125-1536x1536.jpg 1536w, https:\/\/www.dallassymphony.org\/wp-content\/uploads\/2025\/03\/Alexa-Tarantino_credit-as-courtesy-of-artist--scaled-e1741303046125-12x12.jpg 12w, https:\/\/www.dallassymphony.org\/wp-content\/uploads\/2025\/03\/Alexa-Tarantino_credit-as-courtesy-of-artist--scaled-e1741303046125-350x350.jpg 350w, https:\/\/www.dallassymphony.org\/wp-content\/uploads\/2025\/03\/Alexa-Tarantino_credit-as-courtesy-of-artist--scaled-e1741303046125-445x445.jpg 445w, https:\/\/www.dallassymphony.org\/wp-content\/uploads\/2025\/03\/Alexa-Tarantino_credit-as-courtesy-of-artist--scaled-e1741303046125-400x400.jpg 400w, https:\/\/www.dallassymphony.org\/wp-content\/uploads\/2025\/03\/Alexa-Tarantino_credit-as-courtesy-of-artist--scaled-e1741303046125-600x600.jpg 600w, https:\/\/www.dallassymphony.org\/wp-content\/uploads\/2025\/03\/Alexa-Tarantino_credit-as-courtesy-of-artist--scaled-e1741303046125.jpg 1706w\" sizes=\"auto, (max-width: 262px) 100vw, 262px\" \/>\t\t<div class=\"content__wrapper\">\n\t\t\t<h4>Alexa Tarantino<\/h4>\n\n\t\t\t<p>Saxofones Alto y Soprano, Flauta, Clarinete, Piccolo, JLCO)<\/p>\n\n                            <a class=\"a-hover\" href=\"https:\/\/www.dallassymphony.org\/es\/people\/alexa-tarantino\/\">Leer m\u00e1s<\/a>\n            \t\t<\/div>\n\t<\/div>\n<\/div><div class=\"col-lg-6\">\n\t<div class=\"edp__musician-card\">\n\t\t<img loading=\"lazy\" decoding=\"async\" width=\"262\" height=\"262\" src=\"https:\/\/www.dallassymphony.org\/wp-content\/uploads\/2025\/03\/Victor-Goines_credit-Piper-Ferguson-scaled-e1741301988940-262x262.jpg\" class=\"attachment-262x262 size-262x262 wp-post-image\" alt=\"\" srcset=\"https:\/\/www.dallassymphony.org\/wp-content\/uploads\/2025\/03\/Victor-Goines_credit-Piper-Ferguson-scaled-e1741301988940-262x262.jpg 262w, https:\/\/www.dallassymphony.org\/wp-content\/uploads\/2025\/03\/Victor-Goines_credit-Piper-Ferguson-scaled-e1741301988940-300x300.jpg 300w, https:\/\/www.dallassymphony.org\/wp-content\/uploads\/2025\/03\/Victor-Goines_credit-Piper-Ferguson-scaled-e1741301988940-1024x1024.jpg 1024w, https:\/\/www.dallassymphony.org\/wp-content\/uploads\/2025\/03\/Victor-Goines_credit-Piper-Ferguson-scaled-e1741301988940-150x150.jpg 150w, https:\/\/www.dallassymphony.org\/wp-content\/uploads\/2025\/03\/Victor-Goines_credit-Piper-Ferguson-scaled-e1741301988940-768x768.jpg 768w, https:\/\/www.dallassymphony.org\/wp-content\/uploads\/2025\/03\/Victor-Goines_credit-Piper-Ferguson-scaled-e1741301988940-1536x1536.jpg 1536w, https:\/\/www.dallassymphony.org\/wp-content\/uploads\/2025\/03\/Victor-Goines_credit-Piper-Ferguson-scaled-e1741301988940-12x12.jpg 12w, https:\/\/www.dallassymphony.org\/wp-content\/uploads\/2025\/03\/Victor-Goines_credit-Piper-Ferguson-scaled-e1741301988940-350x350.jpg 350w, https:\/\/www.dallassymphony.org\/wp-content\/uploads\/2025\/03\/Victor-Goines_credit-Piper-Ferguson-scaled-e1741301988940-445x445.jpg 445w, https:\/\/www.dallassymphony.org\/wp-content\/uploads\/2025\/03\/Victor-Goines_credit-Piper-Ferguson-scaled-e1741301988940-400x400.jpg 400w, https:\/\/www.dallassymphony.org\/wp-content\/uploads\/2025\/03\/Victor-Goines_credit-Piper-Ferguson-scaled-e1741301988940-600x600.jpg 600w, https:\/\/www.dallassymphony.org\/wp-content\/uploads\/2025\/03\/Victor-Goines_credit-Piper-Ferguson-scaled-e1741301988940.jpg 1706w\" sizes=\"auto, (max-width: 262px) 100vw, 262px\" \/>\t\t<div class=\"content__wrapper\">\n\t\t\t<h4>Victor Goines<\/h4>\n\n\t\t\t<p>Saxofones tenor y soprano, clarinete, clarinete bajo, JLCO<\/p>\n\n                            <a class=\"a-hover\" href=\"https:\/\/www.dallassymphony.org\/es\/people\/victor-goines\/\">Leer m\u00e1s<\/a>\n            \t\t<\/div>\n\t<\/div>\n<\/div><div class=\"col-lg-6\">\n\t<div class=\"edp__musician-card\">\n\t\t<img loading=\"lazy\" decoding=\"async\" width=\"262\" height=\"262\" src=\"https:\/\/www.dallassymphony.org\/wp-content\/uploads\/2025\/03\/Paul-Nedzela_credit-Piper-Ferguson-scaled-e1741302622144-262x262.jpg\" class=\"attachment-262x262 size-262x262 wp-post-image\" alt=\"\" srcset=\"https:\/\/www.dallassymphony.org\/wp-content\/uploads\/2025\/03\/Paul-Nedzela_credit-Piper-Ferguson-scaled-e1741302622144-262x262.jpg 262w, https:\/\/www.dallassymphony.org\/wp-content\/uploads\/2025\/03\/Paul-Nedzela_credit-Piper-Ferguson-scaled-e1741302622144-300x300.jpg 300w, https:\/\/www.dallassymphony.org\/wp-content\/uploads\/2025\/03\/Paul-Nedzela_credit-Piper-Ferguson-scaled-e1741302622144-1024x1024.jpg 1024w, https:\/\/www.dallassymphony.org\/wp-content\/uploads\/2025\/03\/Paul-Nedzela_credit-Piper-Ferguson-scaled-e1741302622144-150x150.jpg 150w, https:\/\/www.dallassymphony.org\/wp-content\/uploads\/2025\/03\/Paul-Nedzela_credit-Piper-Ferguson-scaled-e1741302622144-768x768.jpg 768w, https:\/\/www.dallassymphony.org\/wp-content\/uploads\/2025\/03\/Paul-Nedzela_credit-Piper-Ferguson-scaled-e1741302622144-1536x1536.jpg 1536w, https:\/\/www.dallassymphony.org\/wp-content\/uploads\/2025\/03\/Paul-Nedzela_credit-Piper-Ferguson-scaled-e1741302622144-12x12.jpg 12w, https:\/\/www.dallassymphony.org\/wp-content\/uploads\/2025\/03\/Paul-Nedzela_credit-Piper-Ferguson-scaled-e1741302622144-350x350.jpg 350w, https:\/\/www.dallassymphony.org\/wp-content\/uploads\/2025\/03\/Paul-Nedzela_credit-Piper-Ferguson-scaled-e1741302622144-445x445.jpg 445w, https:\/\/www.dallassymphony.org\/wp-content\/uploads\/2025\/03\/Paul-Nedzela_credit-Piper-Ferguson-scaled-e1741302622144-400x400.jpg 400w, https:\/\/www.dallassymphony.org\/wp-content\/uploads\/2025\/03\/Paul-Nedzela_credit-Piper-Ferguson-scaled-e1741302622144-600x600.jpg 600w, https:\/\/www.dallassymphony.org\/wp-content\/uploads\/2025\/03\/Paul-Nedzela_credit-Piper-Ferguson-scaled-e1741302622144.jpg 1706w\" sizes=\"auto, (max-width: 262px) 100vw, 262px\" \/>\t\t<div class=\"content__wrapper\">\n\t\t\t<h4>Paul Nedezela<\/h4>\n\n\t\t\t<p>Saxofones Bar\u00edtono y Soprano, Clarinete, Clarinete Bajo, JLCO<\/p>\n\n                            <a class=\"a-hover\" href=\"https:\/\/www.dallassymphony.org\/es\/people\/paul-nedezela\/\">Leer m\u00e1s<\/a>\n            \t\t<\/div>\n\t<\/div>\n<\/div><div class=\"col-lg-6\">\n\t<div class=\"edp__musician-card\">\n\t\t<img loading=\"lazy\" decoding=\"async\" width=\"262\" height=\"262\" src=\"https:\/\/www.dallassymphony.org\/wp-content\/uploads\/2025\/03\/Dan-Nimmer_credit-Piper-Ferguson-scaled-e1741302711315-262x262.jpg\" class=\"attachment-262x262 size-262x262 wp-post-image\" alt=\"\" srcset=\"https:\/\/www.dallassymphony.org\/wp-content\/uploads\/2025\/03\/Dan-Nimmer_credit-Piper-Ferguson-scaled-e1741302711315-262x262.jpg 262w, https:\/\/www.dallassymphony.org\/wp-content\/uploads\/2025\/03\/Dan-Nimmer_credit-Piper-Ferguson-scaled-e1741302711315-300x300.jpg 300w, https:\/\/www.dallassymphony.org\/wp-content\/uploads\/2025\/03\/Dan-Nimmer_credit-Piper-Ferguson-scaled-e1741302711315-1024x1024.jpg 1024w, https:\/\/www.dallassymphony.org\/wp-content\/uploads\/2025\/03\/Dan-Nimmer_credit-Piper-Ferguson-scaled-e1741302711315-150x150.jpg 150w, https:\/\/www.dallassymphony.org\/wp-content\/uploads\/2025\/03\/Dan-Nimmer_credit-Piper-Ferguson-scaled-e1741302711315-768x768.jpg 768w, https:\/\/www.dallassymphony.org\/wp-content\/uploads\/2025\/03\/Dan-Nimmer_credit-Piper-Ferguson-scaled-e1741302711315-1536x1536.jpg 1536w, https:\/\/www.dallassymphony.org\/wp-content\/uploads\/2025\/03\/Dan-Nimmer_credit-Piper-Ferguson-scaled-e1741302711315-12x12.jpg 12w, https:\/\/www.dallassymphony.org\/wp-content\/uploads\/2025\/03\/Dan-Nimmer_credit-Piper-Ferguson-scaled-e1741302711315-350x350.jpg 350w, https:\/\/www.dallassymphony.org\/wp-content\/uploads\/2025\/03\/Dan-Nimmer_credit-Piper-Ferguson-scaled-e1741302711315-445x445.jpg 445w, https:\/\/www.dallassymphony.org\/wp-content\/uploads\/2025\/03\/Dan-Nimmer_credit-Piper-Ferguson-scaled-e1741302711315-400x400.jpg 400w, https:\/\/www.dallassymphony.org\/wp-content\/uploads\/2025\/03\/Dan-Nimmer_credit-Piper-Ferguson-scaled-e1741302711315-600x600.jpg 600w, https:\/\/www.dallassymphony.org\/wp-content\/uploads\/2025\/03\/Dan-Nimmer_credit-Piper-Ferguson-scaled-e1741302711315.jpg 1706w\" sizes=\"auto, (max-width: 262px) 100vw, 262px\" \/>\t\t<div class=\"content__wrapper\">\n\t\t\t<h4>Dan Nimmer<\/h4>\n\n\t\t\t<p>Piano, JLCO<\/p>\n\n                            <a class=\"a-hover\" href=\"https:\/\/www.dallassymphony.org\/es\/people\/dan-nimmer\/\">Leer m\u00e1s<\/a>\n            \t\t<\/div>\n\t<\/div>\n<\/div><div class=\"col-lg-6\">\n\t<div class=\"edp__musician-card\">\n\t\t<img loading=\"lazy\" decoding=\"async\" width=\"262\" height=\"262\" src=\"https:\/\/www.dallassymphony.org\/wp-content\/uploads\/2025\/03\/Carlos-Henriquez_credit-Piper-Ferguson-scaled-e1741302126282-262x262.jpg\" class=\"attachment-262x262 size-262x262 wp-post-image\" alt=\"\" srcset=\"https:\/\/www.dallassymphony.org\/wp-content\/uploads\/2025\/03\/Carlos-Henriquez_credit-Piper-Ferguson-scaled-e1741302126282-262x262.jpg 262w, https:\/\/www.dallassymphony.org\/wp-content\/uploads\/2025\/03\/Carlos-Henriquez_credit-Piper-Ferguson-scaled-e1741302126282-300x300.jpg 300w, https:\/\/www.dallassymphony.org\/wp-content\/uploads\/2025\/03\/Carlos-Henriquez_credit-Piper-Ferguson-scaled-e1741302126282-1024x1024.jpg 1024w, https:\/\/www.dallassymphony.org\/wp-content\/uploads\/2025\/03\/Carlos-Henriquez_credit-Piper-Ferguson-scaled-e1741302126282-150x150.jpg 150w, https:\/\/www.dallassymphony.org\/wp-content\/uploads\/2025\/03\/Carlos-Henriquez_credit-Piper-Ferguson-scaled-e1741302126282-768x768.jpg 768w, https:\/\/www.dallassymphony.org\/wp-content\/uploads\/2025\/03\/Carlos-Henriquez_credit-Piper-Ferguson-scaled-e1741302126282-1536x1536.jpg 1536w, https:\/\/www.dallassymphony.org\/wp-content\/uploads\/2025\/03\/Carlos-Henriquez_credit-Piper-Ferguson-scaled-e1741302126282-12x12.jpg 12w, https:\/\/www.dallassymphony.org\/wp-content\/uploads\/2025\/03\/Carlos-Henriquez_credit-Piper-Ferguson-scaled-e1741302126282-350x350.jpg 350w, https:\/\/www.dallassymphony.org\/wp-content\/uploads\/2025\/03\/Carlos-Henriquez_credit-Piper-Ferguson-scaled-e1741302126282-445x445.jpg 445w, https:\/\/www.dallassymphony.org\/wp-content\/uploads\/2025\/03\/Carlos-Henriquez_credit-Piper-Ferguson-scaled-e1741302126282-400x400.jpg 400w, https:\/\/www.dallassymphony.org\/wp-content\/uploads\/2025\/03\/Carlos-Henriquez_credit-Piper-Ferguson-scaled-e1741302126282-600x600.jpg 600w, https:\/\/www.dallassymphony.org\/wp-content\/uploads\/2025\/03\/Carlos-Henriquez_credit-Piper-Ferguson-scaled-e1741302126282.jpg 1706w\" sizes=\"auto, (max-width: 262px) 100vw, 262px\" \/>\t\t<div class=\"content__wrapper\">\n\t\t\t<h4>Carlos Henr\u00edquez<\/h4>\n\n\t\t\t<p>Bajo, JLCO<\/p>\n\n                            <a class=\"a-hover\" href=\"https:\/\/www.dallassymphony.org\/es\/people\/carlos-henriquez\/\">Leer m\u00e1s<\/a>\n            \t\t<\/div>\n\t<\/div>\n<\/div>\t\t<\/div>\n\t<\/div>\n<\/div>\n\n\n    <div class=\"featured-concerts grad-to-left m-spacer\">\n        <div class=\"container-fluid\">\n            <div class=\"row\">\n                <div class=\"col-md-7 col-7 offset-md-1\">\n                    <h1 class=\"serif__elight-58-italic\">Tambi\u00e9n puede interesarle<\/h1>\n                <\/div>\n                <div class=\"col-md-4 col-5\">\n                    <div class=\"controls__wrapper\">\n                        <div class=\"slideshow__controls d-none d-lg-block\">\n                            <button class=\"controls__prev\"  data-button-id=\"a96084c8f32cf8344ba25d16badc5a08\">\n                                <svg xmlns=\"http:\/\/www.w3.org\/2000\/svg\" enable-background=\"new 0 0 24 24\" height=\"24\" viewbox=\"0 0 24 24\" width=\"24\">\n                                    <g><rect fill=\"none\" height=\"24\" width=\"24\"\/><path d=\"M12,4c4.41,0,8,3.59,8,8s-3.59,8-8,8s-8-3.59-8-8S7.59,4,12,4 M12,2C6.48,2,2,6.48,2,12c0,5.52,4.48,10,10,10 c5.52,0,10-4.48,10-10C22,6.48,17.52,2,12,2L12,2z M13,12l0-4h-2l0,4H8l4,4l4-4H13z\"\/><\/g>\n                                <\/svg>\n                            <\/button>\n                            <button class=\"controls__next\" data-button-id=\"a96084c8f32cf8344ba25d16badc5a08\">\n                                <svg xmlns=\"http:\/\/www.w3.org\/2000\/svg\" enable-background=\"new 0 0 24 24\" height=\"24\" viewbox=\"0 0 24 24\" width=\"24\">\n                                    <g><rect fill=\"none\" height=\"24\" width=\"24\"\/><path d=\"M12,4c4.41,0,8,3.59,8,8s-3.59,8-8,8s-8-3.59-8-8S7.59,4,12,4 M12,2C6.48,2,2,6.48,2,12c0,5.52,4.48,10,10,10 c5.52,0,10-4.48,10-10C22,6.48,17.52,2,12,2L12,2z M13,12l0-4h-2l0,4H8l4,4l4-4H13z\"\/><\/g>\n                                <\/svg>\n                            <\/button>\n                        <\/div>\n\n\t                                        <\/div>\n                <\/div>\n            <\/div>\n            <div class=\"row\">\n                <div class=\"col-md-11 offset-md-1\">\n                    <div class=\"slideshow\">\n                        <div class=\"dso__slides\" data-button-id=\"a96084c8f32cf8344ba25d16badc5a08\">\n                            <div class=\"concert__card\" style=\"margin-right: 15px\">\n    <a href=\"https:\/\/www.dallassymphony.org\/es\/productions\/christmas-pops-4\/\">\n        <div class=\"img__wrapper\">\n\t        <img loading=\"lazy\" decoding=\"async\" width=\"388\" height=\"218\" src=\"https:\/\/www.dallassymphony.org\/wp-content\/uploads\/2025\/03\/Christmas-Pops-388x218.jpg\" class=\"attachment-388x218 size-388x218 wp-post-image\" alt=\"\" srcset=\"https:\/\/www.dallassymphony.org\/wp-content\/uploads\/2025\/03\/Christmas-Pops-388x218.jpg 388w, https:\/\/www.dallassymphony.org\/wp-content\/uploads\/2025\/03\/Christmas-Pops-300x169.jpg 300w, https:\/\/www.dallassymphony.org\/wp-content\/uploads\/2025\/03\/Christmas-Pops-1024x576.jpg 1024w, https:\/\/www.dallassymphony.org\/wp-content\/uploads\/2025\/03\/Christmas-Pops-768x432.jpg 768w, https:\/\/www.dallassymphony.org\/wp-content\/uploads\/2025\/03\/Christmas-Pops-1536x864.jpg 1536w, https:\/\/www.dallassymphony.org\/wp-content\/uploads\/2025\/03\/Christmas-Pops-18x10.jpg 18w, https:\/\/www.dallassymphony.org\/wp-content\/uploads\/2025\/03\/Christmas-Pops-540x303.jpg 540w, https:\/\/www.dallassymphony.org\/wp-content\/uploads\/2025\/03\/Christmas-Pops-666x375.jpg 666w, https:\/\/www.dallassymphony.org\/wp-content\/uploads\/2025\/03\/Christmas-Pops-735x413.jpg 735w, https:\/\/www.dallassymphony.org\/wp-content\/uploads\/2025\/03\/Christmas-Pops.jpg 1600w\" sizes=\"auto, (max-width: 388px) 100vw, 388px\" \/>        <\/div>\n        <div class=\"content__wrapper\">\n            <h4 class=\"serif__light-22\">\n                Pops de Navidad            <\/h4>\n            <p class=\"serif__light-16-italic\">12 - 21 diciembre 2025<\/p>\n            <p class=\"sans-cond__med-14\">M\u00e1s informaci\u00f3n y compra de entradas<\/p>\n        <\/div>\n    <\/a>\n<\/div>\n\n<div class=\"concert__card\" style=\"margin-right: 15px\">\n    <a href=\"https:\/\/www.dallassymphony.org\/es\/productions\/brassy-christmas-2\/\">\n        <div class=\"img__wrapper\">\n\t        <img loading=\"lazy\" decoding=\"async\" width=\"388\" height=\"218\" src=\"https:\/\/www.dallassymphony.org\/wp-content\/uploads\/2025\/03\/Brassy-Chrismtas-388x218.jpg\" class=\"attachment-388x218 size-388x218 wp-post-image\" alt=\"\" srcset=\"https:\/\/www.dallassymphony.org\/wp-content\/uploads\/2025\/03\/Brassy-Chrismtas-388x218.jpg 388w, https:\/\/www.dallassymphony.org\/wp-content\/uploads\/2025\/03\/Brassy-Chrismtas-300x169.jpg 300w, https:\/\/www.dallassymphony.org\/wp-content\/uploads\/2025\/03\/Brassy-Chrismtas-1024x576.jpg 1024w, https:\/\/www.dallassymphony.org\/wp-content\/uploads\/2025\/03\/Brassy-Chrismtas-768x432.jpg 768w, https:\/\/www.dallassymphony.org\/wp-content\/uploads\/2025\/03\/Brassy-Chrismtas-1536x864.jpg 1536w, https:\/\/www.dallassymphony.org\/wp-content\/uploads\/2025\/03\/Brassy-Chrismtas-18x10.jpg 18w, https:\/\/www.dallassymphony.org\/wp-content\/uploads\/2025\/03\/Brassy-Chrismtas-540x303.jpg 540w, https:\/\/www.dallassymphony.org\/wp-content\/uploads\/2025\/03\/Brassy-Chrismtas-666x375.jpg 666w, https:\/\/www.dallassymphony.org\/wp-content\/uploads\/2025\/03\/Brassy-Chrismtas-735x413.jpg 735w, https:\/\/www.dallassymphony.org\/wp-content\/uploads\/2025\/03\/Brassy-Chrismtas.jpg 1600w\" sizes=\"auto, (max-width: 388px) 100vw, 388px\" \/>        <\/div>\n        <div class=\"content__wrapper\">\n            <h4 class=\"serif__light-22\">\n                Brassy Christmas            <\/h4>\n            <p class=\"serif__light-16-italic\">16 de diciembre de 2025<\/p>\n            <p class=\"sans-cond__med-14\">M\u00e1s informaci\u00f3n y compra de entradas<\/p>\n        <\/div>\n    <\/a>\n<\/div>\n\n<div class=\"concert__card\" style=\"margin-right: 15px\">\n    <a href=\"https:\/\/www.dallassymphony.org\/es\/productions\/new-years-eve-3\/\">\n        <div class=\"img__wrapper\">\n\t        <img loading=\"lazy\" decoding=\"async\" width=\"388\" height=\"218\" src=\"https:\/\/www.dallassymphony.org\/wp-content\/uploads\/2025\/03\/New-Years-Eve-388x218.jpg\" class=\"attachment-388x218 size-388x218 wp-post-image\" alt=\"\" srcset=\"https:\/\/www.dallassymphony.org\/wp-content\/uploads\/2025\/03\/New-Years-Eve-388x218.jpg 388w, https:\/\/www.dallassymphony.org\/wp-content\/uploads\/2025\/03\/New-Years-Eve-300x169.jpg 300w, https:\/\/www.dallassymphony.org\/wp-content\/uploads\/2025\/03\/New-Years-Eve-1024x576.jpg 1024w, https:\/\/www.dallassymphony.org\/wp-content\/uploads\/2025\/03\/New-Years-Eve-768x432.jpg 768w, https:\/\/www.dallassymphony.org\/wp-content\/uploads\/2025\/03\/New-Years-Eve-1536x864.jpg 1536w, https:\/\/www.dallassymphony.org\/wp-content\/uploads\/2025\/03\/New-Years-Eve-18x10.jpg 18w, https:\/\/www.dallassymphony.org\/wp-content\/uploads\/2025\/03\/New-Years-Eve-540x303.jpg 540w, https:\/\/www.dallassymphony.org\/wp-content\/uploads\/2025\/03\/New-Years-Eve-666x375.jpg 666w, https:\/\/www.dallassymphony.org\/wp-content\/uploads\/2025\/03\/New-Years-Eve-735x413.jpg 735w, https:\/\/www.dallassymphony.org\/wp-content\/uploads\/2025\/03\/New-Years-Eve.jpg 1600w\" sizes=\"auto, (max-width: 388px) 100vw, 388px\" \/>        <\/div>\n        <div class=\"content__wrapper\">\n            <h4 class=\"serif__light-22\">\n                Nochevieja            <\/h4>\n            <p class=\"serif__light-16-italic\">31 de diciembre de 2025<\/p>\n            <p class=\"sans-cond__med-14\">M\u00e1s informaci\u00f3n y compra de entradas<\/p>\n        <\/div>\n    <\/a>\n<\/div>\n\n                        <\/div>\n                    <\/div>\n                <\/div>\n            <\/div>\n            <div class=\"row\">\n                <div class=\"col-11 offset-1\">\n                    <div class=\"slideshow__controls d-lg-none\">\n                        <button class=\"controls__prev\" data-prev=\"#\" data-button-id=\"a96084c8f32cf8344ba25d16badc5a08\">\n                            <svg xmlns=\"http:\/\/www.w3.org\/2000\/svg\" enable-background=\"new 0 0 24 24\" height=\"24\" viewbox=\"0 0 24 24\" width=\"24\">\n                                <g><rect fill=\"none\" height=\"24\" width=\"24\"\/><path d=\"M12,4c4.41,0,8,3.59,8,8s-3.59,8-8,8s-8-3.59-8-8S7.59,4,12,4 M12,2C6.48,2,2,6.48,2,12c0,5.52,4.48,10,10,10 c5.52,0,10-4.48,10-10C22,6.48,17.52,2,12,2L12,2z M13,12l0-4h-2l0,4H8l4,4l4-4H13z\"\/><\/g>\n                            <\/svg>\n                        <\/button>\n                        <button class=\"controls__next\" data-next=\"#\" data-button-id=\"a96084c8f32cf8344ba25d16badc5a08\">\n                            <svg xmlns=\"http:\/\/www.w3.org\/2000\/svg\" enable-background=\"new 0 0 24 24\" height=\"24\" viewbox=\"0 0 24 24\" width=\"24\">\n                                <g><rect fill=\"none\" height=\"24\" width=\"24\"\/><path d=\"M12,4c4.41,0,8,3.59,8,8s-3.59,8-8,8s-8-3.59-8-8S7.59,4,12,4 M12,2C6.48,2,2,6.48,2,12c0,5.52,4.48,10,10,10 c5.52,0,10-4.48,10-10C22,6.48,17.52,2,12,2L12,2z M13,12l0-4h-2l0,4H8l4,4l4-4H13z\"\/><\/g>\n                            <\/svg>\n                        <\/button>\n                    <\/div>\n\n                <\/div>\n\n            <\/div>\n        <\/div>\n    <\/div>","protected":false},"excerpt":{"rendered":"<p>La Jazz at Lincoln Center Orchestra (JLCO), formada por 15 de los mejores solistas y conjuntos de jazz de la actualidad, es la orquesta residente del Jazz at Lincoln Center desde 1988 y pasa m\u00e1s de un tercio del a\u00f1o de gira por todo el mundo.<\/p>","protected":false},"featured_media":25508,"template":"","dso_concert_series":[],"class_list":["post-25505","dso_prod_season","type-dso_prod_season","status-publish","has-post-thumbnail","hentry"],"acf":[],"_links":{"self":[{"href":"https:\/\/www.dallassymphony.org\/es\/wp-json\/wp\/v2\/dso_prod_season\/25505","targetHints":{"allow":["GET"]}}],"collection":[{"href":"https:\/\/www.dallassymphony.org\/es\/wp-json\/wp\/v2\/dso_prod_season"}],"about":[{"href":"https:\/\/www.dallassymphony.org\/es\/wp-json\/wp\/v2\/types\/dso_prod_season"}],"version-history":[{"count":0,"href":"https:\/\/www.dallassymphony.org\/es\/wp-json\/wp\/v2\/dso_prod_season\/25505\/revisions"}],"wp:featuredmedia":[{"embeddable":true,"href":"https:\/\/www.dallassymphony.org\/es\/wp-json\/wp\/v2\/media\/25508"}],"wp:attachment":[{"href":"https:\/\/www.dallassymphony.org\/es\/wp-json\/wp\/v2\/media?parent=25505"}],"wp:term":[{"taxonomy":"dso_concert_series","embeddable":true,"href":"https:\/\/www.dallassymphony.org\/es\/wp-json\/wp\/v2\/dso_concert_series?post=25505"}],"curies":[{"name":"wp","href":"https:\/\/api.w.org\/{rel}","templated":true}]}}