{"id":24839,"date":"2025-03-13T10:00:00","date_gmt":"2025-03-13T15:00:00","guid":{"rendered":"https:\/\/www.dallassymphony.org\/?post_type=dso_prod_season&#038;p=24839"},"modified":"2026-03-31T10:54:58","modified_gmt":"2026-03-31T15:54:58","slug":"organ-recital-amanda-mole","status":"publish","type":"dso_prod_season","link":"https:\/\/www.dallassymphony.org\/es\/productions\/organ-recital-amanda-mole\/","title":{"rendered":"Recital de \u00f3rgano: Amanda Mole"},"content":{"rendered":"<div class=\"richtext m-spacer\">\n\t<div class=\"container\">\n\t\t<div class=\"row\">\n\t\t\t<div class=\"col-10\">\n\t\t\t\t\n\n<p><strong>AMANDA MOLE <\/strong>\u00f3rgano<\/p>\n\n\n\n<p><strong>MENDELSSOHN<\/strong> <em>Obertura de San Pablo <\/em>(arreglo de W.T. Best)<br><strong>HOWELLS <\/strong>De 3 preludios salm\u00f3dicos, serie 1, op. 32<br>                  I. Salmo 34:6: \u201cEste pobre hombre clam\u00f3, y el Se\u00f1or lo escuch\u00f3; lo salv\u00f3 de todas sus angustias\u201d.\u201d<br><strong>SCHUMANN<\/strong> de <em>Bocetos para el piano de cola, <\/em>Op. 58<br>                  III. Lebhaft<br>                  IV. Allegretto<br><strong>J.S. BACH<\/strong> Preludio y fuga en mi bemol mayor, BWV 552<br><strong>VIERNE <\/strong>de la Sinfon\u00eda n.\u00ba 3, op. 28<br>                  IV. Adagio<br><strong>REGER <\/strong>Fantas\u00eda sobre el coral<br>                  \u201cWachet auf, ruft uns die Stimme\u201d, op. 52, n.\u00ba 2<\/p>\n\n\n\n<p>Amanda Mole, aclamada concertista de \u00f3rgano, actuar\u00e1 en el poderoso \u00f3rgano de concierto de la familia Lay en el segundo de los recitales de \u00f3rgano de esta temporada. Ha ganado numerosos concursos internacionales, ha actuado en salas de Estados Unidos, Europa y Jap\u00f3n, y ha ofrecido recitales en convenciones de la American Guild of Organists y la Organ Historical Society. \"La elegante y l\u00facida interpretaci\u00f3n de Mole ... fue verdadera m\u00fasica de c\u00e1mara para \u00f3rgano\". (<em>The American Organist)<\/em>&nbsp;<\/p>\n\n\n\n<p><strong>Este recital dura aproximadamente 90 minutos y no tiene intermedio.<\/strong><\/p>\n\n\n\n<div style=\"height:15px\" aria-hidden=\"true\" class=\"wp-block-spacer\"><\/div>\n\n\n\n<figure class=\"wp-block-image size-large is-resized\"><img loading=\"lazy\" decoding=\"async\" width=\"1024\" height=\"291\" src=\"https:\/\/www.dallassymphony.org\/wp-content\/uploads\/2025\/03\/Gould-Family-Organ-Series_Black-1024x291.png\" alt=\"\" class=\"wp-image-25720\" style=\"width:250px\" srcset=\"https:\/\/www.dallassymphony.org\/wp-content\/uploads\/2025\/03\/Gould-Family-Organ-Series_Black-1024x291.png 1024w, https:\/\/www.dallassymphony.org\/wp-content\/uploads\/2025\/03\/Gould-Family-Organ-Series_Black-300x85.png 300w, https:\/\/www.dallassymphony.org\/wp-content\/uploads\/2025\/03\/Gould-Family-Organ-Series_Black-768x218.png 768w, https:\/\/www.dallassymphony.org\/wp-content\/uploads\/2025\/03\/Gould-Family-Organ-Series_Black-1536x437.png 1536w, https:\/\/www.dallassymphony.org\/wp-content\/uploads\/2025\/03\/Gould-Family-Organ-Series_Black-2048x582.png 2048w, https:\/\/www.dallassymphony.org\/wp-content\/uploads\/2025\/03\/Gould-Family-Organ-Series_Black-18x5.png 18w\" sizes=\"auto, (max-width: 1024px) 100vw, 1024px\" \/><\/figure>\n\n\n\n<div style=\"height:25px\" aria-hidden=\"true\" class=\"wp-block-spacer\"><\/div>\n\n\n<section class=\"bulk-content m-spacer\">\n    <div class=\"container\">\n        <div class=\"row\">\n            <div class=\"col-lg-12\">\n                <!-- wp:columns -->\n<div class=\"wp-block-columns\"><!-- wp:column -->\n<div class=\"wp-block-column\"><!-- wp:quote -->\n<blockquote class=\"wp-block-quote\"><!-- wp:heading {\"level\":3} -->\n<h3 class=\"wp-block-heading\">Combine y ahorre<\/h3>\n<!-- \/wp:heading -->\n\n<!-- wp:paragraph -->\n<p>Combine 3 o m\u00e1s conciertos para recibir 20% de descuento en su compra y otras ventajas.<\/p>\n<!-- \/wp:paragraph --><cite><a href=\"https:\/\/www.dallassymphony.org\/es\/ticket-packages-25-26\/\">M\u00e1s informaci\u00f3n<\/a><\/cite><\/blockquote>\n<!-- \/wp:quote --><\/div>\n<!-- \/wp:column -->\n\n<!-- wp:column -->\n<div class=\"wp-block-column\"><!-- wp:quote -->\n<blockquote class=\"wp-block-quote\"><!-- wp:heading {\"level\":3} -->\n<h3 class=\"wp-block-heading\">\u00bfTienes 10 o m\u00e1s personas?<\/h3>\n<!-- \/wp:heading -->\n\n<!-- wp:paragraph -->\n<p>Re\u00fana a amigos, familiares, compa\u00f1eros de trabajo, cualquier grupo de 10 o m\u00e1s personas, y ahorre con descuentos y ventajas exclusivas.<\/p>\n<!-- \/wp:paragraph --><cite><a href=\"https:\/\/www.dallassymphony.org\/es\/concerts-and-events\/group-sales\/\">M\u00e1s informaci\u00f3n<\/a><\/cite><\/blockquote>\n<!-- \/wp:quote --><\/div>\n<!-- \/wp:column --><\/div>\n<!-- \/wp:columns -->            <\/div>\n        <\/div>\n    <\/div>\n<\/section>\n\n\n\t\t\t<\/div>\n\t\t<\/div>\n\t<\/div>\n\n<\/div>\n\n\n<div class=\"container\">\n    <div class=\"row\">\n        <div class=\"col-10\">\n            <div class=\"share d-flex align-items-center\">\n                <p class=\"mb-0 serif__light-16\">COMPARTIR<\/p><div data-network=\"facebook\" class=\"st-custom-button facebook\" data-title=\"&quot;Organ\" recital: amanda mole&quot; data-description=\"&quot;An\" acclaimed concert organist, mole will perform on the mighty lay family organ in second of this season\u2019s recitals. she has won numerous international competitions, performed at venues across usa, europe and japan, been featured recital conventions american guild organists historical society. &quot; data-message =\"&quot;An\" https:>Facebook<span class=\"count\"><\/span><\/div>            <\/div>\n        <\/div>\n    <\/div>\n\n<\/div>\n\n\n<div class=\"edp-musician-grid m-spacer grad-to-right\">\n\t<div class=\"container\">\n\t\t<div class=\"row\">\n\t\t\t<div class=\"col-12\">\n\t\t\t\t<h1><\/h1>\n\t\t\t\t<h2><\/h2>\n\t\t\t<\/div>\n\t\t<\/div>\n\t\t<div class=\"row\">\n\t\t\t<div class=\"col-lg-6\">\n\t<div class=\"edp__musician-card\">\n\t\t<img loading=\"lazy\" decoding=\"async\" width=\"262\" height=\"262\" src=\"https:\/\/www.dallassymphony.org\/wp-content\/uploads\/2025\/03\/Amanda-Mole-Headshot-5-e1741203331431-262x262.jpg\" class=\"attachment-262x262 size-262x262 wp-post-image\" alt=\"\" srcset=\"https:\/\/www.dallassymphony.org\/wp-content\/uploads\/2025\/03\/Amanda-Mole-Headshot-5-e1741203331431-262x262.jpg 262w, https:\/\/www.dallassymphony.org\/wp-content\/uploads\/2025\/03\/Amanda-Mole-Headshot-5-e1741203331431-300x300.jpg 300w, https:\/\/www.dallassymphony.org\/wp-content\/uploads\/2025\/03\/Amanda-Mole-Headshot-5-e1741203331431-1024x1024.jpg 1024w, https:\/\/www.dallassymphony.org\/wp-content\/uploads\/2025\/03\/Amanda-Mole-Headshot-5-e1741203331431-150x150.jpg 150w, https:\/\/www.dallassymphony.org\/wp-content\/uploads\/2025\/03\/Amanda-Mole-Headshot-5-e1741203331431-768x768.jpg 768w, https:\/\/www.dallassymphony.org\/wp-content\/uploads\/2025\/03\/Amanda-Mole-Headshot-5-e1741203331431-1536x1536.jpg 1536w, https:\/\/www.dallassymphony.org\/wp-content\/uploads\/2025\/03\/Amanda-Mole-Headshot-5-e1741203331431-12x12.jpg 12w, https:\/\/www.dallassymphony.org\/wp-content\/uploads\/2025\/03\/Amanda-Mole-Headshot-5-e1741203331431-350x350.jpg 350w, https:\/\/www.dallassymphony.org\/wp-content\/uploads\/2025\/03\/Amanda-Mole-Headshot-5-e1741203331431-445x445.jpg 445w, https:\/\/www.dallassymphony.org\/wp-content\/uploads\/2025\/03\/Amanda-Mole-Headshot-5-e1741203331431-400x400.jpg 400w, https:\/\/www.dallassymphony.org\/wp-content\/uploads\/2025\/03\/Amanda-Mole-Headshot-5-e1741203331431-600x600.jpg 600w, https:\/\/www.dallassymphony.org\/wp-content\/uploads\/2025\/03\/Amanda-Mole-Headshot-5-e1741203331431.jpg 1706w\" sizes=\"auto, (max-width: 262px) 100vw, 262px\" \/>\t\t<div class=\"content__wrapper\">\n\t\t\t<h4>Amanda Mole<\/h4>\n\n\t\t\t<p>\u00d3rgano<\/p>\n\n                            <a class=\"a-hover\" href=\"https:\/\/www.dallassymphony.org\/es\/people\/amanda-mole\/\">Leer m\u00e1s<\/a>\n            \t\t<\/div>\n\t<\/div>\n<\/div>\t\t<\/div>\n\t<\/div>\n<\/div>\n\n\n    <div class=\"featured-concerts grad-to-left m-spacer\">\n        <div class=\"container-fluid\">\n            <div class=\"row\">\n                <div class=\"col-md-7 col-7 offset-md-1\">\n                    <h1 class=\"serif__elight-58-italic\">Tambi\u00e9n puede interesarle <\/h1>\n                <\/div>\n                <div class=\"col-md-4 col-5\">\n                    <div class=\"controls__wrapper\">\n                        <div class=\"slideshow__controls d-none d-lg-block\">\n                            <button class=\"controls__prev\"  data-button-id=\"e1299e80c74bf11c0cdc0f13ebe5d111\">\n                                <svg xmlns=\"http:\/\/www.w3.org\/2000\/svg\" enable-background=\"new 0 0 24 24\" height=\"24\" viewbox=\"0 0 24 24\" width=\"24\">\n                                    <g><rect fill=\"none\" height=\"24\" width=\"24\"\/><path d=\"M12,4c4.41,0,8,3.59,8,8s-3.59,8-8,8s-8-3.59-8-8S7.59,4,12,4 M12,2C6.48,2,2,6.48,2,12c0,5.52,4.48,10,10,10 c5.52,0,10-4.48,10-10C22,6.48,17.52,2,12,2L12,2z M13,12l0-4h-2l0,4H8l4,4l4-4H13z\"\/><\/g>\n                                <\/svg>\n                            <\/button>\n                            <button class=\"controls__next\" data-button-id=\"e1299e80c74bf11c0cdc0f13ebe5d111\">\n                                <svg xmlns=\"http:\/\/www.w3.org\/2000\/svg\" enable-background=\"new 0 0 24 24\" height=\"24\" viewbox=\"0 0 24 24\" width=\"24\">\n                                    <g><rect fill=\"none\" height=\"24\" width=\"24\"\/><path d=\"M12,4c4.41,0,8,3.59,8,8s-3.59,8-8,8s-8-3.59-8-8S7.59,4,12,4 M12,2C6.48,2,2,6.48,2,12c0,5.52,4.48,10,10,10 c5.52,0,10-4.48,10-10C22,6.48,17.52,2,12,2L12,2z M13,12l0-4h-2l0,4H8l4,4l4-4H13z\"\/><\/g>\n                                <\/svg>\n                            <\/button>\n                        <\/div>\n\n\t                                        <\/div>\n                <\/div>\n            <\/div>\n            <div class=\"row\">\n                <div class=\"col-md-11 offset-md-1\">\n                    <div class=\"slideshow\">\n                        <div class=\"dso__slides\" data-button-id=\"e1299e80c74bf11c0cdc0f13ebe5d111\">\n                            <div class=\"concert__card\" style=\"margin-right: 15px\">\n    <a href=\"https:\/\/www.dallassymphony.org\/es\/productions\/mendelssohns-italian-symphony\/\">\n        <div class=\"img__wrapper\">\n\t        <img loading=\"lazy\" decoding=\"async\" width=\"388\" height=\"218\" src=\"https:\/\/www.dallassymphony.org\/wp-content\/uploads\/2025\/03\/25-26-Web-1600x900_CLA16_-Mendelssohns-Italian-Symphony-388x218.jpg\" class=\"attachment-388x218 size-388x218 wp-post-image\" alt=\"\" srcset=\"https:\/\/www.dallassymphony.org\/wp-content\/uploads\/2025\/03\/25-26-Web-1600x900_CLA16_-Mendelssohns-Italian-Symphony-388x218.jpg 388w, https:\/\/www.dallassymphony.org\/wp-content\/uploads\/2025\/03\/25-26-Web-1600x900_CLA16_-Mendelssohns-Italian-Symphony-300x169.jpg 300w, https:\/\/www.dallassymphony.org\/wp-content\/uploads\/2025\/03\/25-26-Web-1600x900_CLA16_-Mendelssohns-Italian-Symphony-1024x576.jpg 1024w, https:\/\/www.dallassymphony.org\/wp-content\/uploads\/2025\/03\/25-26-Web-1600x900_CLA16_-Mendelssohns-Italian-Symphony-768x432.jpg 768w, https:\/\/www.dallassymphony.org\/wp-content\/uploads\/2025\/03\/25-26-Web-1600x900_CLA16_-Mendelssohns-Italian-Symphony-1536x864.jpg 1536w, https:\/\/www.dallassymphony.org\/wp-content\/uploads\/2025\/03\/25-26-Web-1600x900_CLA16_-Mendelssohns-Italian-Symphony-18x10.jpg 18w, https:\/\/www.dallassymphony.org\/wp-content\/uploads\/2025\/03\/25-26-Web-1600x900_CLA16_-Mendelssohns-Italian-Symphony-540x303.jpg 540w, https:\/\/www.dallassymphony.org\/wp-content\/uploads\/2025\/03\/25-26-Web-1600x900_CLA16_-Mendelssohns-Italian-Symphony-666x375.jpg 666w, https:\/\/www.dallassymphony.org\/wp-content\/uploads\/2025\/03\/25-26-Web-1600x900_CLA16_-Mendelssohns-Italian-Symphony-735x413.jpg 735w, https:\/\/www.dallassymphony.org\/wp-content\/uploads\/2025\/03\/25-26-Web-1600x900_CLA16_-Mendelssohns-Italian-Symphony.jpg 1600w\" sizes=\"auto, (max-width: 388px) 100vw, 388px\" \/>        <\/div>\n        <div class=\"content__wrapper\">\n            <h4 class=\"serif__light-22\">\n                Sinfon\u00eda Italiana de Mendelssohn            <\/h4>\n            <p class=\"serif__light-16-italic\">16 - 19 abril 2026<\/p>\n            <p class=\"sans-cond__med-14\">M\u00e1s informaci\u00f3n y compra de entradas<\/p>\n        <\/div>\n    <\/a>\n<\/div>\n\n<div class=\"concert__card\" style=\"margin-right: 15px\">\n    <a href=\"https:\/\/www.dallassymphony.org\/es\/productions\/beethoven-bach-haydn-mozart\/\">\n        <div class=\"img__wrapper\">\n\t        <img loading=\"lazy\" decoding=\"async\" width=\"388\" height=\"218\" src=\"https:\/\/www.dallassymphony.org\/wp-content\/uploads\/2025\/03\/CLA18_BeethovenBachHaydnMozart-388x218.jpg\" class=\"attachment-388x218 size-388x218 wp-post-image\" alt=\"\" srcset=\"https:\/\/www.dallassymphony.org\/wp-content\/uploads\/2025\/03\/CLA18_BeethovenBachHaydnMozart-388x218.jpg 388w, https:\/\/www.dallassymphony.org\/wp-content\/uploads\/2025\/03\/CLA18_BeethovenBachHaydnMozart-300x169.jpg 300w, https:\/\/www.dallassymphony.org\/wp-content\/uploads\/2025\/03\/CLA18_BeethovenBachHaydnMozart-1024x576.jpg 1024w, https:\/\/www.dallassymphony.org\/wp-content\/uploads\/2025\/03\/CLA18_BeethovenBachHaydnMozart-768x432.jpg 768w, https:\/\/www.dallassymphony.org\/wp-content\/uploads\/2025\/03\/CLA18_BeethovenBachHaydnMozart-1536x864.jpg 1536w, https:\/\/www.dallassymphony.org\/wp-content\/uploads\/2025\/03\/CLA18_BeethovenBachHaydnMozart-18x10.jpg 18w, https:\/\/www.dallassymphony.org\/wp-content\/uploads\/2025\/03\/CLA18_BeethovenBachHaydnMozart-540x303.jpg 540w, https:\/\/www.dallassymphony.org\/wp-content\/uploads\/2025\/03\/CLA18_BeethovenBachHaydnMozart-666x375.jpg 666w, https:\/\/www.dallassymphony.org\/wp-content\/uploads\/2025\/03\/CLA18_BeethovenBachHaydnMozart-735x413.jpg 735w, https:\/\/www.dallassymphony.org\/wp-content\/uploads\/2025\/03\/CLA18_BeethovenBachHaydnMozart.jpg 1600w\" sizes=\"auto, (max-width: 388px) 100vw, 388px\" \/>        <\/div>\n        <div class=\"content__wrapper\">\n            <h4 class=\"serif__light-22\">\n                Beethoven, Bach, Haydn y Mozart            <\/h4>\n            <p class=\"serif__light-16-italic\">7 - 10 de mayo de 2026<\/p>\n            <p class=\"sans-cond__med-14\">M\u00e1s informaci\u00f3n y compra de entradas<\/p>\n        <\/div>\n    <\/a>\n<\/div>\n\n<div class=\"concert__card\" style=\"margin-right: 15px\">\n    <a href=\"https:\/\/www.dallassymphony.org\/es\/productions\/mahlers-symphony-of-a-thousand\/\">\n        <div class=\"img__wrapper\">\n\t        <img loading=\"lazy\" decoding=\"async\" width=\"388\" height=\"218\" src=\"https:\/\/www.dallassymphony.org\/wp-content\/uploads\/2025\/03\/25-26-Web-1600x900_CLA19_Fabio-and-Chorus-1-388x218.jpg\" class=\"attachment-388x218 size-388x218 wp-post-image\" alt=\"\" srcset=\"https:\/\/www.dallassymphony.org\/wp-content\/uploads\/2025\/03\/25-26-Web-1600x900_CLA19_Fabio-and-Chorus-1-388x218.jpg 388w, https:\/\/www.dallassymphony.org\/wp-content\/uploads\/2025\/03\/25-26-Web-1600x900_CLA19_Fabio-and-Chorus-1-300x169.jpg 300w, https:\/\/www.dallassymphony.org\/wp-content\/uploads\/2025\/03\/25-26-Web-1600x900_CLA19_Fabio-and-Chorus-1-1024x576.jpg 1024w, https:\/\/www.dallassymphony.org\/wp-content\/uploads\/2025\/03\/25-26-Web-1600x900_CLA19_Fabio-and-Chorus-1-768x432.jpg 768w, https:\/\/www.dallassymphony.org\/wp-content\/uploads\/2025\/03\/25-26-Web-1600x900_CLA19_Fabio-and-Chorus-1-1536x864.jpg 1536w, https:\/\/www.dallassymphony.org\/wp-content\/uploads\/2025\/03\/25-26-Web-1600x900_CLA19_Fabio-and-Chorus-1-18x10.jpg 18w, https:\/\/www.dallassymphony.org\/wp-content\/uploads\/2025\/03\/25-26-Web-1600x900_CLA19_Fabio-and-Chorus-1-540x303.jpg 540w, https:\/\/www.dallassymphony.org\/wp-content\/uploads\/2025\/03\/25-26-Web-1600x900_CLA19_Fabio-and-Chorus-1-666x375.jpg 666w, https:\/\/www.dallassymphony.org\/wp-content\/uploads\/2025\/03\/25-26-Web-1600x900_CLA19_Fabio-and-Chorus-1-735x413.jpg 735w, https:\/\/www.dallassymphony.org\/wp-content\/uploads\/2025\/03\/25-26-Web-1600x900_CLA19_Fabio-and-Chorus-1.jpg 1600w\" sizes=\"auto, (max-width: 388px) 100vw, 388px\" \/>        <\/div>\n        <div class=\"content__wrapper\">\n            <h4 class=\"serif__light-22\">\n                La Sinfon\u00eda de los Mil de Mahler            <\/h4>\n            <p class=\"serif__light-16-italic\">15 - 17 de mayo de 2026<\/p>\n            <p class=\"sans-cond__med-14\">M\u00e1s informaci\u00f3n y compra de entradas<\/p>\n        <\/div>\n    <\/a>\n<\/div>\n\n                        <\/div>\n                    <\/div>\n                <\/div>\n            <\/div>\n            <div class=\"row\">\n                <div class=\"col-11 offset-1\">\n                    <div class=\"slideshow__controls d-lg-none\">\n                        <button class=\"controls__prev\" data-prev=\"#\" data-button-id=\"e1299e80c74bf11c0cdc0f13ebe5d111\">\n                            <svg xmlns=\"http:\/\/www.w3.org\/2000\/svg\" enable-background=\"new 0 0 24 24\" height=\"24\" viewbox=\"0 0 24 24\" width=\"24\">\n                                <g><rect fill=\"none\" height=\"24\" width=\"24\"\/><path d=\"M12,4c4.41,0,8,3.59,8,8s-3.59,8-8,8s-8-3.59-8-8S7.59,4,12,4 M12,2C6.48,2,2,6.48,2,12c0,5.52,4.48,10,10,10 c5.52,0,10-4.48,10-10C22,6.48,17.52,2,12,2L12,2z M13,12l0-4h-2l0,4H8l4,4l4-4H13z\"\/><\/g>\n                            <\/svg>\n                        <\/button>\n                        <button class=\"controls__next\" data-next=\"#\" data-button-id=\"e1299e80c74bf11c0cdc0f13ebe5d111\">\n                            <svg xmlns=\"http:\/\/www.w3.org\/2000\/svg\" enable-background=\"new 0 0 24 24\" height=\"24\" viewbox=\"0 0 24 24\" width=\"24\">\n                                <g><rect fill=\"none\" height=\"24\" width=\"24\"\/><path d=\"M12,4c4.41,0,8,3.59,8,8s-3.59,8-8,8s-8-3.59-8-8S7.59,4,12,4 M12,2C6.48,2,2,6.48,2,12c0,5.52,4.48,10,10,10 c5.52,0,10-4.48,10-10C22,6.48,17.52,2,12,2L12,2z M13,12l0-4h-2l0,4H8l4,4l4-4H13z\"\/><\/g>\n                            <\/svg>\n                        <\/button>\n                    <\/div>\n\n                <\/div>\n\n            <\/div>\n        <\/div>\n    <\/div>","protected":false},"excerpt":{"rendered":"<p>Amanda Mole, aclamada concertista de \u00f3rgano, actuar\u00e1 en el poderoso \u00f3rgano de concierto de la familia Lay en el segundo de los recitales de \u00f3rgano de esta temporada. Ha ganado numerosos concursos internacionales, ha actuado en salas de Estados Unidos, Europa y Jap\u00f3n, y ha ofrecido recitales en convenciones de la American Guild of Organists y la Organ Historical Society. <\/p>","protected":false},"featured_media":25624,"template":"","dso_concert_series":[],"class_list":["post-24839","dso_prod_season","type-dso_prod_season","status-publish","has-post-thumbnail","hentry"],"acf":[],"_links":{"self":[{"href":"https:\/\/www.dallassymphony.org\/es\/wp-json\/wp\/v2\/dso_prod_season\/24839","targetHints":{"allow":["GET"]}}],"collection":[{"href":"https:\/\/www.dallassymphony.org\/es\/wp-json\/wp\/v2\/dso_prod_season"}],"about":[{"href":"https:\/\/www.dallassymphony.org\/es\/wp-json\/wp\/v2\/types\/dso_prod_season"}],"version-history":[{"count":2,"href":"https:\/\/www.dallassymphony.org\/es\/wp-json\/wp\/v2\/dso_prod_season\/24839\/revisions"}],"predecessor-version":[{"id":31085,"href":"https:\/\/www.dallassymphony.org\/es\/wp-json\/wp\/v2\/dso_prod_season\/24839\/revisions\/31085"}],"wp:featuredmedia":[{"embeddable":true,"href":"https:\/\/www.dallassymphony.org\/es\/wp-json\/wp\/v2\/media\/25624"}],"wp:attachment":[{"href":"https:\/\/www.dallassymphony.org\/es\/wp-json\/wp\/v2\/media?parent=24839"}],"wp:term":[{"taxonomy":"dso_concert_series","embeddable":true,"href":"https:\/\/www.dallassymphony.org\/es\/wp-json\/wp\/v2\/dso_concert_series?post=24839"}],"curies":[{"name":"wp","href":"https:\/\/api.w.org\/{rel}","templated":true}]}}