{"id":24836,"date":"2025-03-13T10:00:00","date_gmt":"2025-03-13T15:00:00","guid":{"rendered":"https:\/\/www.dallassymphony.org\/?post_type=dso_prod_season&#038;p=24836"},"modified":"2025-10-30T17:25:40","modified_gmt":"2025-10-30T22:25:40","slug":"organ-recital-bradley-hunter-welch","status":"publish","type":"dso_prod_season","link":"https:\/\/www.dallassymphony.org\/es\/productions\/organ-recital-bradley-hunter-welch\/","title":{"rendered":"Recital de \u00f3rgano: Bradley Hunter Welch"},"content":{"rendered":"<div class=\"richtext m-spacer\">\n\t<div class=\"container\">\n\t\t<div class=\"row\">\n\t\t\t<div class=\"col-10\">\n\t\t\t\t\n\n<p><strong>BRADLEY HUNTER WELCH<\/strong> \u00f3rgano<\/p>\n\n\n\n<div style=\"height:15px\" aria-hidden=\"true\" class=\"wp-block-spacer\"><\/div>\n\n\n\n<p><strong>DUPR\u00c9<\/strong> Allegro deciso de <em>Evocaci\u00f3n<\/em>Opus 37<br><strong>COLERIDGE-TAYLOR<\/strong> Melod\u00eda de <em>Tres piezas breves<\/em><br><strong>J.S. BACH<\/strong> Tocata, adagio y fuga en do mayor, BWV 564<br><strong>OLIVIA BELLI<\/strong> <em>Lumina Luminis<\/em><br><strong>WIDOR<\/strong> Sinfon\u00eda VI en sol menor, Opus 42, n\u00ba 2<\/p>\n\n\n\n<p>Si nunca ha experimentado la gloria del \u00d3rgano de Conciertos de la Familia Lay, le seducir\u00e1n estas estad\u00edsticas: el \u00f3rgano es un punto focal de la Sala de Conciertos Eugene McDermott, elev\u00e1ndose a toda la altura de la c\u00e1mara detr\u00e1s del escenario. Cuenta con 4.535 tubos, de tama\u00f1os que van desde las 0,75 pulgadas hasta los 32 pies de altura. El \u00f3rgano de concierto de la familia Lay est\u00e1 considerado uno de los m\u00e1s grandes del mundo y ha inspirado instalaciones similares en otras salas de conciertos. \"Siempre el int\u00e9rprete m\u00e1s convincente\" (<em>Noticias de la ma\u00f1ana de Dallas<\/em>) El organista residente de la DSO, Bradley Hunter Welch, dirige este concierto en una interpretaci\u00f3n impresionante.&nbsp;<\/p>\n\n\n\n<p>Tenga en cuenta que este recital se interpretar\u00e1 sin intermedio ni pausa.<\/p>\n\n\n\n<p><strong>Las entradas cuestan a partir de $37 (tasas incluidas).<\/strong><\/p>\n\n\n\n<div style=\"height:25px\" aria-hidden=\"true\" class=\"wp-block-spacer\"><\/div>\n\n\n\n<figure class=\"wp-block-image size-large is-resized\"><img loading=\"lazy\" decoding=\"async\" width=\"1024\" height=\"291\" src=\"https:\/\/www.dallassymphony.org\/wp-content\/uploads\/2025\/03\/Gould-Family-Organ-Series_Black-1024x291.png\" alt=\"\" class=\"wp-image-25720\" style=\"width:250px\" srcset=\"https:\/\/www.dallassymphony.org\/wp-content\/uploads\/2025\/03\/Gould-Family-Organ-Series_Black-1024x291.png 1024w, https:\/\/www.dallassymphony.org\/wp-content\/uploads\/2025\/03\/Gould-Family-Organ-Series_Black-300x85.png 300w, https:\/\/www.dallassymphony.org\/wp-content\/uploads\/2025\/03\/Gould-Family-Organ-Series_Black-768x218.png 768w, https:\/\/www.dallassymphony.org\/wp-content\/uploads\/2025\/03\/Gould-Family-Organ-Series_Black-1536x437.png 1536w, https:\/\/www.dallassymphony.org\/wp-content\/uploads\/2025\/03\/Gould-Family-Organ-Series_Black-2048x582.png 2048w, https:\/\/www.dallassymphony.org\/wp-content\/uploads\/2025\/03\/Gould-Family-Organ-Series_Black-18x5.png 18w\" sizes=\"auto, (max-width: 1024px) 100vw, 1024px\" \/><\/figure>\n\n\n\n<div style=\"height:25px\" aria-hidden=\"true\" class=\"wp-block-spacer\"><\/div>\n\n\n<section class=\"bulk-content m-spacer\">\n    <div class=\"container\">\n        <div class=\"row\">\n            <div class=\"col-lg-12\">\n                <!-- wp:columns -->\n<div class=\"wp-block-columns\"><!-- wp:column -->\n<div class=\"wp-block-column\"><!-- wp:quote -->\n<blockquote class=\"wp-block-quote\"><!-- wp:heading {\"level\":3} -->\n<h3 class=\"wp-block-heading\">Combine y ahorre<\/h3>\n<!-- \/wp:heading -->\n\n<!-- wp:paragraph -->\n<p>Combine 3 o m\u00e1s conciertos para recibir 20% de descuento en su compra y otras ventajas.<\/p>\n<!-- \/wp:paragraph --><cite><a href=\"https:\/\/www.dallassymphony.org\/es\/ticket-packages-25-26\/\">M\u00e1s informaci\u00f3n<\/a><\/cite><\/blockquote>\n<!-- \/wp:quote --><\/div>\n<!-- \/wp:column -->\n\n<!-- wp:column -->\n<div class=\"wp-block-column\"><!-- wp:quote -->\n<blockquote class=\"wp-block-quote\"><!-- wp:heading {\"level\":3} -->\n<h3 class=\"wp-block-heading\">\u00bfTienes 10 o m\u00e1s personas?<\/h3>\n<!-- \/wp:heading -->\n\n<!-- wp:paragraph -->\n<p>Re\u00fana a amigos, familiares, compa\u00f1eros de trabajo, cualquier grupo de 10 o m\u00e1s personas, y ahorre con descuentos y ventajas exclusivas.<\/p>\n<!-- \/wp:paragraph --><cite><a href=\"https:\/\/www.dallassymphony.org\/es\/concerts-and-events\/group-sales\/\">M\u00e1s informaci\u00f3n<\/a><\/cite><\/blockquote>\n<!-- \/wp:quote --><\/div>\n<!-- \/wp:column --><\/div>\n<!-- \/wp:columns -->            <\/div>\n        <\/div>\n    <\/div>\n<\/section>\n\n\n<div class=\"container\">\n    <div class=\"row\">\n        <div class=\"col-10\">\n            <div class=\"share d-flex align-items-center\">\n                <p class=\"mb-0 serif__light-16\">COMPARTIR<\/p><div data-network=\"facebook\" class=\"st-custom-button facebook\" data-title=\"&quot;Organ\" recital: bradley hunter welch&quot; data-description=\"&quot;If\" you\u2019ve never experienced the glory of lay family concert organ, you\u2019ll be enticed by these stats: organ is a focal point eugene mcdermott hall, rising to full height chamber behind stage.&quot; data-message =\"&quot;If\" stage.\r\n\r\nhttps:>Facebook<span class=\"count\"><\/span><\/div>            <\/div>\n        <\/div>\n    <\/div>\n\n<\/div>\n\n\n\t\t\t<\/div>\n\t\t<\/div>\n\t<\/div>\n\n<\/div>\n\n\n<div class=\"edp-musician-grid m-spacer grad-to-right\">\n\t<div class=\"container\">\n\t\t<div class=\"row\">\n\t\t\t<div class=\"col-12\">\n\t\t\t\t<h1><\/h1>\n\t\t\t\t<h2><\/h2>\n\t\t\t<\/div>\n\t\t<\/div>\n\t\t<div class=\"row\">\n\t\t\t<div class=\"col-lg-6\">\n\t<div class=\"edp__musician-card\">\n\t\t<img loading=\"lazy\" decoding=\"async\" width=\"262\" height=\"262\" src=\"https:\/\/www.dallassymphony.org\/wp-content\/uploads\/2020\/11\/Bradley-Hunter-Welch-262x262.jpg\" class=\"attachment-262x262 size-262x262 wp-post-image\" alt=\"Bradley Hunter Welch, organista residente, presidente de la familia Lay, sinfon\u00eda de Dallas.\" srcset=\"https:\/\/www.dallassymphony.org\/wp-content\/uploads\/2020\/11\/Bradley-Hunter-Welch-262x262.jpg 262w, https:\/\/www.dallassymphony.org\/wp-content\/uploads\/2020\/11\/Bradley-Hunter-Welch-300x300.jpg 300w, https:\/\/www.dallassymphony.org\/wp-content\/uploads\/2020\/11\/Bradley-Hunter-Welch-1024x1024.jpg 1024w, https:\/\/www.dallassymphony.org\/wp-content\/uploads\/2020\/11\/Bradley-Hunter-Welch-150x150.jpg 150w, https:\/\/www.dallassymphony.org\/wp-content\/uploads\/2020\/11\/Bradley-Hunter-Welch-768x768.jpg 768w, https:\/\/www.dallassymphony.org\/wp-content\/uploads\/2020\/11\/Bradley-Hunter-Welch-12x12.jpg 12w, https:\/\/www.dallassymphony.org\/wp-content\/uploads\/2020\/11\/Bradley-Hunter-Welch-350x350.jpg 350w, https:\/\/www.dallassymphony.org\/wp-content\/uploads\/2020\/11\/Bradley-Hunter-Welch-445x445.jpg 445w, https:\/\/www.dallassymphony.org\/wp-content\/uploads\/2020\/11\/Bradley-Hunter-Welch.jpg 1200w\" sizes=\"auto, (max-width: 262px) 100vw, 262px\" \/>\t\t<div class=\"content__wrapper\">\n\t\t\t<h4>Bradley Hunter Welch<\/h4>\n\n\t\t\t<p>Organista residente<\/p>\n<p>Silla familiar laica<\/p>\n\n                            <a class=\"a-hover\" href=\"https:\/\/www.dallassymphony.org\/es\/people\/bradley-hunter-welch\/\">Leer m\u00e1s<\/a>\n            \t\t<\/div>\n\t<\/div>\n<\/div>\t\t<\/div>\n\t<\/div>\n<\/div>\n\n\n    <div class=\"featured-concerts grad-to-left m-spacer\">\n        <div class=\"container-fluid\">\n            <div class=\"row\">\n                <div class=\"col-md-7 col-7 offset-md-1\">\n                    <h1 class=\"serif__elight-58-italic\">Tambi\u00e9n puede interesarle <\/h1>\n                <\/div>\n                <div class=\"col-md-4 col-5\">\n                    <div class=\"controls__wrapper\">\n                        <div class=\"slideshow__controls d-none d-lg-block\">\n                            <button class=\"controls__prev\"  data-button-id=\"abfb65fbbc7b4e5393a6976a55a5e21d\">\n                                <svg xmlns=\"http:\/\/www.w3.org\/2000\/svg\" enable-background=\"new 0 0 24 24\" height=\"24\" viewbox=\"0 0 24 24\" width=\"24\">\n                                    <g><rect fill=\"none\" height=\"24\" width=\"24\"\/><path d=\"M12,4c4.41,0,8,3.59,8,8s-3.59,8-8,8s-8-3.59-8-8S7.59,4,12,4 M12,2C6.48,2,2,6.48,2,12c0,5.52,4.48,10,10,10 c5.52,0,10-4.48,10-10C22,6.48,17.52,2,12,2L12,2z M13,12l0-4h-2l0,4H8l4,4l4-4H13z\"\/><\/g>\n                                <\/svg>\n                            <\/button>\n                            <button class=\"controls__next\" data-button-id=\"abfb65fbbc7b4e5393a6976a55a5e21d\">\n                                <svg xmlns=\"http:\/\/www.w3.org\/2000\/svg\" enable-background=\"new 0 0 24 24\" height=\"24\" viewbox=\"0 0 24 24\" width=\"24\">\n                                    <g><rect fill=\"none\" height=\"24\" width=\"24\"\/><path d=\"M12,4c4.41,0,8,3.59,8,8s-3.59,8-8,8s-8-3.59-8-8S7.59,4,12,4 M12,2C6.48,2,2,6.48,2,12c0,5.52,4.48,10,10,10 c5.52,0,10-4.48,10-10C22,6.48,17.52,2,12,2L12,2z M13,12l0-4h-2l0,4H8l4,4l4-4H13z\"\/><\/g>\n                                <\/svg>\n                            <\/button>\n                        <\/div>\n\n\t                                        <\/div>\n                <\/div>\n            <\/div>\n            <div class=\"row\">\n                <div class=\"col-md-11 offset-md-1\">\n                    <div class=\"slideshow\">\n                        <div class=\"dso__slides\" data-button-id=\"abfb65fbbc7b4e5393a6976a55a5e21d\">\n                            <div class=\"concert__card\" style=\"margin-right: 15px\">\n    <a href=\"https:\/\/www.dallassymphony.org\/es\/productions\/family-christmas-pops-3\/\">\n        <div class=\"img__wrapper\">\n\t        <img loading=\"lazy\" decoding=\"async\" width=\"388\" height=\"218\" src=\"https:\/\/www.dallassymphony.org\/wp-content\/uploads\/2025\/03\/Family-Christmas-Pops-388x218.jpg\" class=\"attachment-388x218 size-388x218 wp-post-image\" alt=\"\" srcset=\"https:\/\/www.dallassymphony.org\/wp-content\/uploads\/2025\/03\/Family-Christmas-Pops-388x218.jpg 388w, https:\/\/www.dallassymphony.org\/wp-content\/uploads\/2025\/03\/Family-Christmas-Pops-300x169.jpg 300w, https:\/\/www.dallassymphony.org\/wp-content\/uploads\/2025\/03\/Family-Christmas-Pops-1024x576.jpg 1024w, https:\/\/www.dallassymphony.org\/wp-content\/uploads\/2025\/03\/Family-Christmas-Pops-768x432.jpg 768w, https:\/\/www.dallassymphony.org\/wp-content\/uploads\/2025\/03\/Family-Christmas-Pops-1536x864.jpg 1536w, https:\/\/www.dallassymphony.org\/wp-content\/uploads\/2025\/03\/Family-Christmas-Pops-18x10.jpg 18w, https:\/\/www.dallassymphony.org\/wp-content\/uploads\/2025\/03\/Family-Christmas-Pops-540x303.jpg 540w, https:\/\/www.dallassymphony.org\/wp-content\/uploads\/2025\/03\/Family-Christmas-Pops-666x375.jpg 666w, https:\/\/www.dallassymphony.org\/wp-content\/uploads\/2025\/03\/Family-Christmas-Pops-735x413.jpg 735w, https:\/\/www.dallassymphony.org\/wp-content\/uploads\/2025\/03\/Family-Christmas-Pops.jpg 1600w\" sizes=\"auto, (max-width: 388px) 100vw, 388px\" \/>        <\/div>\n        <div class=\"content__wrapper\">\n            <h4 class=\"serif__light-22\">\n                Pops de Navidad en familia            <\/h4>\n            <p class=\"serif__light-16-italic\">13 de diciembre de 2025<\/p>\n            <p class=\"sans-cond__med-14\">M\u00e1s informaci\u00f3n y compra de entradas<\/p>\n        <\/div>\n    <\/a>\n<\/div>\n\n<div class=\"concert__card\" style=\"margin-right: 15px\">\n    <a href=\"https:\/\/www.dallassymphony.org\/es\/productions\/organ-recital-amanda-mole\/\">\n        <div class=\"img__wrapper\">\n\t        <img loading=\"lazy\" decoding=\"async\" width=\"388\" height=\"218\" src=\"https:\/\/www.dallassymphony.org\/wp-content\/uploads\/2025\/03\/25-26-Web-1600x900_ORG02_Amanda-Mole-1-388x218.jpg\" class=\"attachment-388x218 size-388x218 wp-post-image\" alt=\"\" srcset=\"https:\/\/www.dallassymphony.org\/wp-content\/uploads\/2025\/03\/25-26-Web-1600x900_ORG02_Amanda-Mole-1-388x218.jpg 388w, https:\/\/www.dallassymphony.org\/wp-content\/uploads\/2025\/03\/25-26-Web-1600x900_ORG02_Amanda-Mole-1-300x169.jpg 300w, https:\/\/www.dallassymphony.org\/wp-content\/uploads\/2025\/03\/25-26-Web-1600x900_ORG02_Amanda-Mole-1-1024x576.jpg 1024w, https:\/\/www.dallassymphony.org\/wp-content\/uploads\/2025\/03\/25-26-Web-1600x900_ORG02_Amanda-Mole-1-768x432.jpg 768w, https:\/\/www.dallassymphony.org\/wp-content\/uploads\/2025\/03\/25-26-Web-1600x900_ORG02_Amanda-Mole-1-1536x864.jpg 1536w, https:\/\/www.dallassymphony.org\/wp-content\/uploads\/2025\/03\/25-26-Web-1600x900_ORG02_Amanda-Mole-1-18x10.jpg 18w, https:\/\/www.dallassymphony.org\/wp-content\/uploads\/2025\/03\/25-26-Web-1600x900_ORG02_Amanda-Mole-1-540x303.jpg 540w, https:\/\/www.dallassymphony.org\/wp-content\/uploads\/2025\/03\/25-26-Web-1600x900_ORG02_Amanda-Mole-1-666x375.jpg 666w, https:\/\/www.dallassymphony.org\/wp-content\/uploads\/2025\/03\/25-26-Web-1600x900_ORG02_Amanda-Mole-1-735x413.jpg 735w, https:\/\/www.dallassymphony.org\/wp-content\/uploads\/2025\/03\/25-26-Web-1600x900_ORG02_Amanda-Mole-1.jpg 1600w\" sizes=\"auto, (max-width: 388px) 100vw, 388px\" \/>        <\/div>\n        <div class=\"content__wrapper\">\n            <h4 class=\"serif__light-22\">\n                Recital de \u00f3rgano: Amanda Mole            <\/h4>\n            <p class=\"serif__light-16-italic\">29 de marzo de 2026<\/p>\n            <p class=\"sans-cond__med-14\">M\u00e1s informaci\u00f3n y compra de entradas<\/p>\n        <\/div>\n    <\/a>\n<\/div>\n\n<div class=\"concert__card\" style=\"margin-right: 15px\">\n    <a href=\"https:\/\/www.dallassymphony.org\/es\/productions\/mahlers-symphony-of-a-thousand\/\">\n        <div class=\"img__wrapper\">\n\t        <img loading=\"lazy\" decoding=\"async\" width=\"388\" height=\"218\" src=\"https:\/\/www.dallassymphony.org\/wp-content\/uploads\/2025\/03\/25-26-Web-1600x900_CLA19_Fabio-and-Chorus-1-388x218.jpg\" class=\"attachment-388x218 size-388x218 wp-post-image\" alt=\"\" srcset=\"https:\/\/www.dallassymphony.org\/wp-content\/uploads\/2025\/03\/25-26-Web-1600x900_CLA19_Fabio-and-Chorus-1-388x218.jpg 388w, https:\/\/www.dallassymphony.org\/wp-content\/uploads\/2025\/03\/25-26-Web-1600x900_CLA19_Fabio-and-Chorus-1-300x169.jpg 300w, https:\/\/www.dallassymphony.org\/wp-content\/uploads\/2025\/03\/25-26-Web-1600x900_CLA19_Fabio-and-Chorus-1-1024x576.jpg 1024w, https:\/\/www.dallassymphony.org\/wp-content\/uploads\/2025\/03\/25-26-Web-1600x900_CLA19_Fabio-and-Chorus-1-768x432.jpg 768w, https:\/\/www.dallassymphony.org\/wp-content\/uploads\/2025\/03\/25-26-Web-1600x900_CLA19_Fabio-and-Chorus-1-1536x864.jpg 1536w, https:\/\/www.dallassymphony.org\/wp-content\/uploads\/2025\/03\/25-26-Web-1600x900_CLA19_Fabio-and-Chorus-1-18x10.jpg 18w, https:\/\/www.dallassymphony.org\/wp-content\/uploads\/2025\/03\/25-26-Web-1600x900_CLA19_Fabio-and-Chorus-1-540x303.jpg 540w, https:\/\/www.dallassymphony.org\/wp-content\/uploads\/2025\/03\/25-26-Web-1600x900_CLA19_Fabio-and-Chorus-1-666x375.jpg 666w, https:\/\/www.dallassymphony.org\/wp-content\/uploads\/2025\/03\/25-26-Web-1600x900_CLA19_Fabio-and-Chorus-1-735x413.jpg 735w, https:\/\/www.dallassymphony.org\/wp-content\/uploads\/2025\/03\/25-26-Web-1600x900_CLA19_Fabio-and-Chorus-1.jpg 1600w\" sizes=\"auto, (max-width: 388px) 100vw, 388px\" \/>        <\/div>\n        <div class=\"content__wrapper\">\n            <h4 class=\"serif__light-22\">\n                La Sinfon\u00eda de los Mil de Mahler            <\/h4>\n            <p class=\"serif__light-16-italic\">15 - 17 de mayo de 2026<\/p>\n            <p class=\"sans-cond__med-14\">M\u00e1s informaci\u00f3n y compra de entradas<\/p>\n        <\/div>\n    <\/a>\n<\/div>\n\n                        <\/div>\n                    <\/div>\n                <\/div>\n            <\/div>\n            <div class=\"row\">\n                <div class=\"col-11 offset-1\">\n                    <div class=\"slideshow__controls d-lg-none\">\n                        <button class=\"controls__prev\" data-prev=\"#\" data-button-id=\"abfb65fbbc7b4e5393a6976a55a5e21d\">\n                            <svg xmlns=\"http:\/\/www.w3.org\/2000\/svg\" enable-background=\"new 0 0 24 24\" height=\"24\" viewbox=\"0 0 24 24\" width=\"24\">\n                                <g><rect fill=\"none\" height=\"24\" width=\"24\"\/><path d=\"M12,4c4.41,0,8,3.59,8,8s-3.59,8-8,8s-8-3.59-8-8S7.59,4,12,4 M12,2C6.48,2,2,6.48,2,12c0,5.52,4.48,10,10,10 c5.52,0,10-4.48,10-10C22,6.48,17.52,2,12,2L12,2z M13,12l0-4h-2l0,4H8l4,4l4-4H13z\"\/><\/g>\n                            <\/svg>\n                        <\/button>\n                        <button class=\"controls__next\" data-next=\"#\" data-button-id=\"abfb65fbbc7b4e5393a6976a55a5e21d\">\n                            <svg xmlns=\"http:\/\/www.w3.org\/2000\/svg\" enable-background=\"new 0 0 24 24\" height=\"24\" viewbox=\"0 0 24 24\" width=\"24\">\n                                <g><rect fill=\"none\" height=\"24\" width=\"24\"\/><path d=\"M12,4c4.41,0,8,3.59,8,8s-3.59,8-8,8s-8-3.59-8-8S7.59,4,12,4 M12,2C6.48,2,2,6.48,2,12c0,5.52,4.48,10,10,10 c5.52,0,10-4.48,10-10C22,6.48,17.52,2,12,2L12,2z M13,12l0-4h-2l0,4H8l4,4l4-4H13z\"\/><\/g>\n                            <\/svg>\n                        <\/button>\n                    <\/div>\n\n                <\/div>\n\n            <\/div>\n        <\/div>\n    <\/div>","protected":false},"excerpt":{"rendered":"<p>Si nunca ha experimentado la gloria del \u00d3rgano de Conciertos de la Familia Lay, le seducir\u00e1n estas estad\u00edsticas: el \u00f3rgano es un punto focal de la Sala de Conciertos Eugene McDermott, elev\u00e1ndose a toda la altura de la c\u00e1mara detr\u00e1s del escenario.<\/p>","protected":false},"featured_media":25080,"template":"","dso_concert_series":[],"class_list":["post-24836","dso_prod_season","type-dso_prod_season","status-publish","has-post-thumbnail","hentry"],"acf":[],"_links":{"self":[{"href":"https:\/\/www.dallassymphony.org\/es\/wp-json\/wp\/v2\/dso_prod_season\/24836","targetHints":{"allow":["GET"]}}],"collection":[{"href":"https:\/\/www.dallassymphony.org\/es\/wp-json\/wp\/v2\/dso_prod_season"}],"about":[{"href":"https:\/\/www.dallassymphony.org\/es\/wp-json\/wp\/v2\/types\/dso_prod_season"}],"version-history":[{"count":0,"href":"https:\/\/www.dallassymphony.org\/es\/wp-json\/wp\/v2\/dso_prod_season\/24836\/revisions"}],"wp:featuredmedia":[{"embeddable":true,"href":"https:\/\/www.dallassymphony.org\/es\/wp-json\/wp\/v2\/media\/25080"}],"wp:attachment":[{"href":"https:\/\/www.dallassymphony.org\/es\/wp-json\/wp\/v2\/media?parent=24836"}],"wp:term":[{"taxonomy":"dso_concert_series","embeddable":true,"href":"https:\/\/www.dallassymphony.org\/es\/wp-json\/wp\/v2\/dso_concert_series?post=24836"}],"curies":[{"name":"wp","href":"https:\/\/api.w.org\/{rel}","templated":true}]}}