{"id":24807,"date":"2025-03-13T10:00:00","date_gmt":"2025-03-13T15:00:00","guid":{"rendered":"https:\/\/www.dallassymphony.org\/?post_type=dso_prod_season&#038;p=24807"},"modified":"2026-01-06T15:02:27","modified_gmt":"2026-01-06T21:02:27","slug":"la-vida-loca","status":"publish","type":"dso_prod_season","link":"https:\/\/www.dallassymphony.org\/es\/productions\/la-vida-loca\/","title":{"rendered":"La Vida Loca"},"content":{"rendered":"<div class=\"richtext m-spacer\">\n\t<div class=\"container\">\n\t\t<div class=\"row\">\n\t\t\t<div class=\"col-10\">\n\t\t\t\t\n\n\n\n<p><strong>ENRICO LOPEZ-YA\u00d1EZ<\/strong>&nbsp;lleva a cabo<br><strong>JACKIE MENDEZ<\/strong> voz <br><strong>ENDER THOMAS<\/strong> voz<br><strong>JOS\u00c9 SIBAJA<\/strong> trompeta<br><strong>ANDERSON QUINTERO<\/strong> percusi\u00f3n<\/p>\n\n\n\n<p>\u00a1Lev\u00e1ntate y disfruta al m\u00e1ximo con los grandes \u00e9xitos de la explosi\u00f3n del pop latino de los a\u00f1os 90 y 2000! Comisariada por el director principal de m\u00fasica pop de la DSO, Enrico L\u00f3pez-Ya\u00f1ez, La Vida Loca rinde homenaje a artistas latinos emblem\u00e1ticos como Enrique Iglesias, Gloria Estefan, Santana, Ricky Martin y muchos m\u00e1s.<\/p>\n\n\n\n<p>Esta actuaci\u00f3n cuenta con las voces y la energ\u00eda de los vocalistas de renombre mundial Ender Thomas y Jackie Mendez, que han actuado en giras mundiales con artistas como Jennifer L\u00f3pez, Farruko y Alejandro Sanz, entre muchos otros. A la DSO tambi\u00e9n se unen los ganadores de varios premios GRAMMY\u00ae Jos\u00e9 Sibaja a la trompeta y Anderson Quintero a la percusi\u00f3n. Este programa de alto octanaje presenta nuevos arreglos sinf\u00f3nicos de L\u00f3pez-Ya\u00f1ez y Sibaja de cl\u00e1sicos como \u201cBailamos\u201d, \u201cEl D\u00eda Que Me Quieras\u201d, popurr\u00eds de m\u00fasica de Marc Anthony y Celia Cruz, \u00a1y muchos, muchos m\u00e1s!<\/p>\n\n\n\n<hr class=\"wp-block-separator has-alpha-channel-opacity\"\/>\n\n\n\n<p>\u00a1Sube el volumen y baila con los grandes \u00e9xitos del pop latino de los a\u00f1os 90 y 2000! Comisariada por Enrico L\u00f3pez-Y\u00e1\u00f1ez, director principal de pop de la DSO, La Vida Loca rinde homenaje a artistas latinos ic\u00f3nicos como Enrique Iglesias, Gloria Estefan, Santana, Ricky Martin y muchos m\u00e1s.<\/p>\n\n\n\n<p>Esta presentaci\u00f3n presenta las voces y la energ\u00eda de los vocalistas mundialmente conocidos como Ender Thomas y Jackie M\u00e9ndez, quienes han realizado giras mundiales con artistas como Jennifer L\u00f3pez, Farruko y Alejandro Sanz, entre muchos m\u00e1s. La DSO tambi\u00e9n cuenta con los ganadores de m\u00faltiples premios GRAMMY\u00ae Jos\u00e9 Sibaja en la trompeta y Anderson Quintero en la percusi\u00f3n. Este vibrante programa incluye arreglos sinf\u00f3nicos completamente nuevos de L\u00f3pez-Y\u00e1\u00f1ez y Sibaja de cl\u00e1sicos como \u201cBailamos\u201d, \u201cEl D\u00eda Que Me Quieras\u201d, popurr\u00eds de m\u00fasica de Marc Anthony y Celia Cruz, \u00a1y muchos m\u00e1s!<\/p>\n\n\n\n<div style=\"height:25px\" aria-hidden=\"true\" class=\"wp-block-spacer\"><\/div>\n\n\n\n<figure class=\"wp-block-image size-full is-resized\"><img loading=\"lazy\" decoding=\"async\" width=\"413\" height=\"300\" src=\"https:\/\/www.dallassymphony.org\/wp-content\/uploads\/2025\/03\/CapOne_Pop.Series_Logo.Lockup_BLACK.jpg\" alt=\"\" class=\"wp-image-28495\" style=\"width:200px\" srcset=\"https:\/\/www.dallassymphony.org\/wp-content\/uploads\/2025\/03\/CapOne_Pop.Series_Logo.Lockup_BLACK.jpg 413w, https:\/\/www.dallassymphony.org\/wp-content\/uploads\/2025\/03\/CapOne_Pop.Series_Logo.Lockup_BLACK-300x218.jpg 300w, https:\/\/www.dallassymphony.org\/wp-content\/uploads\/2025\/03\/CapOne_Pop.Series_Logo.Lockup_BLACK-18x12.jpg 18w\" sizes=\"auto, (max-width: 413px) 100vw, 413px\" \/><\/figure>\n\n\n\n<div style=\"height:25px\" aria-hidden=\"true\" id=\"h-spotify-playlist\" class=\"wp-block-spacer\"><\/div>\n\n\n\n<iframe data-testid=\"embed-iframe\" style=\"border-radius:12px\" src=\"https:\/\/open.spotify.com\/embed\/playlist\/32xrPPEniiRbaxKLCVR1EI?utm_source=generator\" width=\"100%\" height=\"352\" frameborder=\"0\" allowfullscreen=\"\" allow=\"autoplay; clipboard-write; encrypted-media; fullscreen; picture-in-picture\" loading=\"lazy\"><\/iframe>\n\n\n<section class=\"bulk-content m-spacer\">\n    <div class=\"container\">\n        <div class=\"row\">\n            <div class=\"col-lg-12\">\n                <!-- wp:columns -->\n<div class=\"wp-block-columns\"><!-- wp:column -->\n<div class=\"wp-block-column\"><!-- wp:quote -->\n<blockquote class=\"wp-block-quote\"><!-- wp:heading {\"level\":3} -->\n<h3 class=\"wp-block-heading\">Combine y ahorre<\/h3>\n<!-- \/wp:heading -->\n\n<!-- wp:paragraph -->\n<p>Combine 3 o m\u00e1s conciertos para recibir 20% de descuento en su compra y otras ventajas.<\/p>\n<!-- \/wp:paragraph --><cite><a href=\"https:\/\/www.dallassymphony.org\/es\/ticket-packages-25-26\/\">M\u00e1s informaci\u00f3n<\/a><\/cite><\/blockquote>\n<!-- \/wp:quote --><\/div>\n<!-- \/wp:column -->\n\n<!-- wp:column -->\n<div class=\"wp-block-column\"><!-- wp:quote -->\n<blockquote class=\"wp-block-quote\"><!-- wp:heading {\"level\":3} -->\n<h3 class=\"wp-block-heading\">\u00bfTienes 10 o m\u00e1s personas?<\/h3>\n<!-- \/wp:heading -->\n\n<!-- wp:paragraph -->\n<p>Re\u00fana a amigos, familiares, compa\u00f1eros de trabajo, cualquier grupo de 10 o m\u00e1s personas, y ahorre con descuentos y ventajas exclusivas.<\/p>\n<!-- \/wp:paragraph --><cite><a href=\"https:\/\/www.dallassymphony.org\/es\/concerts-and-events\/group-sales\/\">M\u00e1s informaci\u00f3n<\/a><\/cite><\/blockquote>\n<!-- \/wp:quote --><\/div>\n<!-- \/wp:column --><\/div>\n<!-- \/wp:columns -->            <\/div>\n        <\/div>\n    <\/div>\n<\/section>\n\n\n\t\t\t<\/div>\n\t\t<\/div>\n\t<\/div>\n\n<\/div>\n\n\n<div class=\"container\">\n    <div class=\"row\">\n        <div class=\"col-10\">\n            <div class=\"share d-flex align-items-center\">\n                <p class=\"mb-0 serif__light-16\">COMPARTIR<\/p><div data-network=\"facebook\" class=\"st-custom-button facebook\" data-title=\"&quot;La\" vida loca&quot; data-description=\"&quot;Get\" on your feet and let&#039;s get loud with the greatest hits of &#039;90s &#039;oos latin pop explosion! la loca celebrates artists including enrique iglesias, gloria estefan, santana, ricky martin more.&quot; data-message =\"&quot;Get\" more.\r\n\r\nhttps:>Facebook<span class=\"count\"><\/span><\/div>            <\/div>\n        <\/div>\n    <\/div>\n\n<\/div>\n\n\n<div class=\"edp-musician-grid m-spacer grad-to-right\">\n\t<div class=\"container\">\n\t\t<div class=\"row\">\n\t\t\t<div class=\"col-12\">\n\t\t\t\t<h1><\/h1>\n\t\t\t\t<h2><\/h2>\n\t\t\t<\/div>\n\t\t<\/div>\n\t\t<div class=\"row\">\n\t\t\t<div class=\"col-lg-6\">\n\t<div class=\"edp__musician-card\">\n\t\t<img loading=\"lazy\" decoding=\"async\" width=\"262\" height=\"262\" src=\"https:\/\/www.dallassymphony.org\/wp-content\/uploads\/2021\/04\/Enrico-Lopez-Yanez-Crop-Canva-edited-262x262.png\" class=\"attachment-262x262 size-262x262 wp-post-image\" alt=\"\" srcset=\"https:\/\/www.dallassymphony.org\/wp-content\/uploads\/2021\/04\/Enrico-Lopez-Yanez-Crop-Canva-edited-262x262.png 262w, https:\/\/www.dallassymphony.org\/wp-content\/uploads\/2021\/04\/Enrico-Lopez-Yanez-Crop-Canva-edited-300x300.png 300w, https:\/\/www.dallassymphony.org\/wp-content\/uploads\/2021\/04\/Enrico-Lopez-Yanez-Crop-Canva-edited-1024x1024.png 1024w, https:\/\/www.dallassymphony.org\/wp-content\/uploads\/2021\/04\/Enrico-Lopez-Yanez-Crop-Canva-edited-150x150.png 150w, https:\/\/www.dallassymphony.org\/wp-content\/uploads\/2021\/04\/Enrico-Lopez-Yanez-Crop-Canva-edited-768x768.png 768w, https:\/\/www.dallassymphony.org\/wp-content\/uploads\/2021\/04\/Enrico-Lopez-Yanez-Crop-Canva-edited-12x12.png 12w, https:\/\/www.dallassymphony.org\/wp-content\/uploads\/2021\/04\/Enrico-Lopez-Yanez-Crop-Canva-edited-350x350.png 350w, https:\/\/www.dallassymphony.org\/wp-content\/uploads\/2021\/04\/Enrico-Lopez-Yanez-Crop-Canva-edited-445x445.png 445w, https:\/\/www.dallassymphony.org\/wp-content\/uploads\/2021\/04\/Enrico-Lopez-Yanez-Crop-Canva-edited.png 1080w\" sizes=\"auto, (max-width: 262px) 100vw, 262px\" \/>\t\t<div class=\"content__wrapper\">\n\t\t\t<h4>Enrico L\u00f3pez-Y\u00e1\u00f1ez<\/h4>\n\n\t\t\t<p>Director principal, Dallas Symphony Presents<\/p>\n<p>C\u00e1tedra Nancy A. Nasher y David J. Haemisegger<\/p>\n\n                            <a class=\"a-hover\" href=\"https:\/\/www.dallassymphony.org\/es\/people\/enrico-lopez-yanez\/\">Leer m\u00e1s<\/a>\n            \t\t<\/div>\n\t<\/div>\n<\/div><div class=\"col-lg-6\">\n\t<div class=\"edp__musician-card\">\n\t\t<img loading=\"lazy\" decoding=\"async\" width=\"262\" height=\"262\" src=\"https:\/\/www.dallassymphony.org\/wp-content\/uploads\/2025\/03\/Jackie-Mendez-2-e1741202463709-262x262.jpg\" class=\"attachment-262x262 size-262x262 wp-post-image\" alt=\"\" srcset=\"https:\/\/www.dallassymphony.org\/wp-content\/uploads\/2025\/03\/Jackie-Mendez-2-e1741202463709-262x262.jpg 262w, https:\/\/www.dallassymphony.org\/wp-content\/uploads\/2025\/03\/Jackie-Mendez-2-e1741202463709-300x300.jpg 300w, https:\/\/www.dallassymphony.org\/wp-content\/uploads\/2025\/03\/Jackie-Mendez-2-e1741202463709-1024x1024.jpg 1024w, https:\/\/www.dallassymphony.org\/wp-content\/uploads\/2025\/03\/Jackie-Mendez-2-e1741202463709-150x150.jpg 150w, https:\/\/www.dallassymphony.org\/wp-content\/uploads\/2025\/03\/Jackie-Mendez-2-e1741202463709-768x769.jpg 768w, https:\/\/www.dallassymphony.org\/wp-content\/uploads\/2025\/03\/Jackie-Mendez-2-e1741202463709-12x12.jpg 12w, https:\/\/www.dallassymphony.org\/wp-content\/uploads\/2025\/03\/Jackie-Mendez-2-e1741202463709-350x350.jpg 350w, https:\/\/www.dallassymphony.org\/wp-content\/uploads\/2025\/03\/Jackie-Mendez-2-e1741202463709-445x445.jpg 445w, https:\/\/www.dallassymphony.org\/wp-content\/uploads\/2025\/03\/Jackie-Mendez-2-e1741202463709-400x400.jpg 400w, https:\/\/www.dallassymphony.org\/wp-content\/uploads\/2025\/03\/Jackie-Mendez-2-e1741202463709-600x600.jpg 600w, https:\/\/www.dallassymphony.org\/wp-content\/uploads\/2025\/03\/Jackie-Mendez-2-e1741202463709.jpg 1125w\" sizes=\"auto, (max-width: 262px) 100vw, 262px\" \/>\t\t<div class=\"content__wrapper\">\n\t\t\t<h4>Jackie M\u00e9ndez<\/h4>\n\n\t\t\t<p>Voces<\/p>\n\n                            <a class=\"a-hover\" href=\"https:\/\/www.dallassymphony.org\/es\/people\/jackie-mendez\/\">Leer m\u00e1s<\/a>\n            \t\t<\/div>\n\t<\/div>\n<\/div><div class=\"col-lg-6\">\n\t<div class=\"edp__musician-card\">\n\t\t<img loading=\"lazy\" decoding=\"async\" width=\"262\" height=\"262\" src=\"https:\/\/www.dallassymphony.org\/wp-content\/uploads\/2025\/03\/Ender-Thomas-scaled-e1741202347620-262x262.jpg\" class=\"attachment-262x262 size-262x262 wp-post-image\" alt=\"\" srcset=\"https:\/\/www.dallassymphony.org\/wp-content\/uploads\/2025\/03\/Ender-Thomas-scaled-e1741202347620-262x262.jpg 262w, https:\/\/www.dallassymphony.org\/wp-content\/uploads\/2025\/03\/Ender-Thomas-scaled-e1741202347620-300x300.jpg 300w, https:\/\/www.dallassymphony.org\/wp-content\/uploads\/2025\/03\/Ender-Thomas-scaled-e1741202347620-1024x1024.jpg 1024w, https:\/\/www.dallassymphony.org\/wp-content\/uploads\/2025\/03\/Ender-Thomas-scaled-e1741202347620-150x150.jpg 150w, https:\/\/www.dallassymphony.org\/wp-content\/uploads\/2025\/03\/Ender-Thomas-scaled-e1741202347620-768x768.jpg 768w, https:\/\/www.dallassymphony.org\/wp-content\/uploads\/2025\/03\/Ender-Thomas-scaled-e1741202347620-1536x1536.jpg 1536w, https:\/\/www.dallassymphony.org\/wp-content\/uploads\/2025\/03\/Ender-Thomas-scaled-e1741202347620-12x12.jpg 12w, https:\/\/www.dallassymphony.org\/wp-content\/uploads\/2025\/03\/Ender-Thomas-scaled-e1741202347620-350x350.jpg 350w, https:\/\/www.dallassymphony.org\/wp-content\/uploads\/2025\/03\/Ender-Thomas-scaled-e1741202347620-445x445.jpg 445w, https:\/\/www.dallassymphony.org\/wp-content\/uploads\/2025\/03\/Ender-Thomas-scaled-e1741202347620-400x400.jpg 400w, https:\/\/www.dallassymphony.org\/wp-content\/uploads\/2025\/03\/Ender-Thomas-scaled-e1741202347620-600x600.jpg 600w, https:\/\/www.dallassymphony.org\/wp-content\/uploads\/2025\/03\/Ender-Thomas-scaled-e1741202347620.jpg 1706w\" sizes=\"auto, (max-width: 262px) 100vw, 262px\" \/>\t\t<div class=\"content__wrapper\">\n\t\t\t<h4>Ender Thomas<\/h4>\n\n\t\t\t<p>Voces<\/p>\n\n                            <a class=\"a-hover\" href=\"https:\/\/www.dallassymphony.org\/es\/people\/ender-thomas\/\">Leer m\u00e1s<\/a>\n            \t\t<\/div>\n\t<\/div>\n<\/div><div class=\"col-lg-6\">\n\t<div class=\"edp__musician-card\">\n\t\t<img loading=\"lazy\" decoding=\"async\" width=\"262\" height=\"262\" src=\"https:\/\/www.dallassymphony.org\/wp-content\/uploads\/2025\/03\/JoseSibaja-341-X3-e1741202674379-262x262.jpg\" class=\"attachment-262x262 size-262x262 wp-post-image\" alt=\"\" srcset=\"https:\/\/www.dallassymphony.org\/wp-content\/uploads\/2025\/03\/JoseSibaja-341-X3-e1741202674379-262x262.jpg 262w, https:\/\/www.dallassymphony.org\/wp-content\/uploads\/2025\/03\/JoseSibaja-341-X3-e1741202674379-300x300.jpg 300w, https:\/\/www.dallassymphony.org\/wp-content\/uploads\/2025\/03\/JoseSibaja-341-X3-e1741202674379-150x150.jpg 150w, https:\/\/www.dallassymphony.org\/wp-content\/uploads\/2025\/03\/JoseSibaja-341-X3-e1741202674379-768x768.jpg 768w, https:\/\/www.dallassymphony.org\/wp-content\/uploads\/2025\/03\/JoseSibaja-341-X3-e1741202674379-12x12.jpg 12w, https:\/\/www.dallassymphony.org\/wp-content\/uploads\/2025\/03\/JoseSibaja-341-X3-e1741202674379-350x350.jpg 350w, https:\/\/www.dallassymphony.org\/wp-content\/uploads\/2025\/03\/JoseSibaja-341-X3-e1741202674379-445x445.jpg 445w, https:\/\/www.dallassymphony.org\/wp-content\/uploads\/2025\/03\/JoseSibaja-341-X3-e1741202674379-400x400.jpg 400w, https:\/\/www.dallassymphony.org\/wp-content\/uploads\/2025\/03\/JoseSibaja-341-X3-e1741202674379-600x600.jpg 600w, https:\/\/www.dallassymphony.org\/wp-content\/uploads\/2025\/03\/JoseSibaja-341-X3-e1741202674379.jpg 997w\" sizes=\"auto, (max-width: 262px) 100vw, 262px\" \/>\t\t<div class=\"content__wrapper\">\n\t\t\t<h4>Jos\u00e9 Sibaja<\/h4>\n\n\t\t\t<p>Trompeta<\/p>\n\n                            <a class=\"a-hover\" href=\"https:\/\/www.dallassymphony.org\/es\/people\/jose-sibaja\/\">Leer m\u00e1s<\/a>\n            \t\t<\/div>\n\t<\/div>\n<\/div>\t\t<\/div>\n\t<\/div>\n<\/div>\n\n\n    <div class=\"featured-concerts grad-to-left m-spacer\">\n        <div class=\"container-fluid\">\n            <div class=\"row\">\n                <div class=\"col-md-7 col-7 offset-md-1\">\n                    <h1 class=\"serif__elight-58-italic\">Tambi\u00e9n puede interesarle<\/h1>\n                <\/div>\n                <div class=\"col-md-4 col-5\">\n                    <div class=\"controls__wrapper\">\n                        <div class=\"slideshow__controls d-none d-lg-block\">\n                            <button class=\"controls__prev\"  data-button-id=\"ac92fb635c8732735c34b57b7f729bf6\">\n                                <svg xmlns=\"http:\/\/www.w3.org\/2000\/svg\" enable-background=\"new 0 0 24 24\" height=\"24\" viewbox=\"0 0 24 24\" width=\"24\">\n                                    <g><rect fill=\"none\" height=\"24\" width=\"24\"\/><path d=\"M12,4c4.41,0,8,3.59,8,8s-3.59,8-8,8s-8-3.59-8-8S7.59,4,12,4 M12,2C6.48,2,2,6.48,2,12c0,5.52,4.48,10,10,10 c5.52,0,10-4.48,10-10C22,6.48,17.52,2,12,2L12,2z M13,12l0-4h-2l0,4H8l4,4l4-4H13z\"\/><\/g>\n                                <\/svg>\n                            <\/button>\n                            <button class=\"controls__next\" data-button-id=\"ac92fb635c8732735c34b57b7f729bf6\">\n                                <svg xmlns=\"http:\/\/www.w3.org\/2000\/svg\" enable-background=\"new 0 0 24 24\" height=\"24\" viewbox=\"0 0 24 24\" width=\"24\">\n                                    <g><rect fill=\"none\" height=\"24\" width=\"24\"\/><path d=\"M12,4c4.41,0,8,3.59,8,8s-3.59,8-8,8s-8-3.59-8-8S7.59,4,12,4 M12,2C6.48,2,2,6.48,2,12c0,5.52,4.48,10,10,10 c5.52,0,10-4.48,10-10C22,6.48,17.52,2,12,2L12,2z M13,12l0-4h-2l0,4H8l4,4l4-4H13z\"\/><\/g>\n                                <\/svg>\n                            <\/button>\n                        <\/div>\n\n\t                                        <\/div>\n                <\/div>\n            <\/div>\n            <div class=\"row\">\n                <div class=\"col-md-11 offset-md-1\">\n                    <div class=\"slideshow\">\n                        <div class=\"dso__slides\" data-button-id=\"ac92fb635c8732735c34b57b7f729bf6\">\n                            <div class=\"concert__card\" style=\"margin-right: 15px\">\n    <a href=\"https:\/\/www.dallassymphony.org\/es\/productions\/mendelssohns-italian-symphony\/\">\n        <div class=\"img__wrapper\">\n\t        <img loading=\"lazy\" decoding=\"async\" width=\"388\" height=\"218\" src=\"https:\/\/www.dallassymphony.org\/wp-content\/uploads\/2025\/03\/25-26-Web-1600x900_CLA16_-Mendelssohns-Italian-Symphony-388x218.jpg\" class=\"attachment-388x218 size-388x218 wp-post-image\" alt=\"\" srcset=\"https:\/\/www.dallassymphony.org\/wp-content\/uploads\/2025\/03\/25-26-Web-1600x900_CLA16_-Mendelssohns-Italian-Symphony-388x218.jpg 388w, https:\/\/www.dallassymphony.org\/wp-content\/uploads\/2025\/03\/25-26-Web-1600x900_CLA16_-Mendelssohns-Italian-Symphony-300x169.jpg 300w, https:\/\/www.dallassymphony.org\/wp-content\/uploads\/2025\/03\/25-26-Web-1600x900_CLA16_-Mendelssohns-Italian-Symphony-1024x576.jpg 1024w, https:\/\/www.dallassymphony.org\/wp-content\/uploads\/2025\/03\/25-26-Web-1600x900_CLA16_-Mendelssohns-Italian-Symphony-768x432.jpg 768w, https:\/\/www.dallassymphony.org\/wp-content\/uploads\/2025\/03\/25-26-Web-1600x900_CLA16_-Mendelssohns-Italian-Symphony-1536x864.jpg 1536w, https:\/\/www.dallassymphony.org\/wp-content\/uploads\/2025\/03\/25-26-Web-1600x900_CLA16_-Mendelssohns-Italian-Symphony-18x10.jpg 18w, https:\/\/www.dallassymphony.org\/wp-content\/uploads\/2025\/03\/25-26-Web-1600x900_CLA16_-Mendelssohns-Italian-Symphony-540x303.jpg 540w, https:\/\/www.dallassymphony.org\/wp-content\/uploads\/2025\/03\/25-26-Web-1600x900_CLA16_-Mendelssohns-Italian-Symphony-666x375.jpg 666w, https:\/\/www.dallassymphony.org\/wp-content\/uploads\/2025\/03\/25-26-Web-1600x900_CLA16_-Mendelssohns-Italian-Symphony-735x413.jpg 735w, https:\/\/www.dallassymphony.org\/wp-content\/uploads\/2025\/03\/25-26-Web-1600x900_CLA16_-Mendelssohns-Italian-Symphony.jpg 1600w\" sizes=\"auto, (max-width: 388px) 100vw, 388px\" \/>        <\/div>\n        <div class=\"content__wrapper\">\n            <h4 class=\"serif__light-22\">\n                Sinfon\u00eda Italiana de Mendelssohn            <\/h4>\n            <p class=\"serif__light-16-italic\">16 - 19 abril 2026<\/p>\n            <p class=\"sans-cond__med-14\">M\u00e1s informaci\u00f3n y compra de entradas<\/p>\n        <\/div>\n    <\/a>\n<\/div>\n\n<div class=\"concert__card\" style=\"margin-right: 15px\">\n    <a href=\"https:\/\/www.dallassymphony.org\/es\/productions\/top-gun-maverick-in-concert\/\">\n        <div class=\"img__wrapper\">\n\t        <img loading=\"lazy\" decoding=\"async\" width=\"388\" height=\"218\" src=\"https:\/\/www.dallassymphony.org\/wp-content\/uploads\/2025\/03\/25-26-Web-1600x900_POPS08_Top-Gun-388x218.jpg\" class=\"attachment-388x218 size-388x218 wp-post-image\" alt=\"\" srcset=\"https:\/\/www.dallassymphony.org\/wp-content\/uploads\/2025\/03\/25-26-Web-1600x900_POPS08_Top-Gun-388x218.jpg 388w, https:\/\/www.dallassymphony.org\/wp-content\/uploads\/2025\/03\/25-26-Web-1600x900_POPS08_Top-Gun-300x169.jpg 300w, https:\/\/www.dallassymphony.org\/wp-content\/uploads\/2025\/03\/25-26-Web-1600x900_POPS08_Top-Gun-1024x576.jpg 1024w, https:\/\/www.dallassymphony.org\/wp-content\/uploads\/2025\/03\/25-26-Web-1600x900_POPS08_Top-Gun-768x432.jpg 768w, https:\/\/www.dallassymphony.org\/wp-content\/uploads\/2025\/03\/25-26-Web-1600x900_POPS08_Top-Gun-1536x864.jpg 1536w, https:\/\/www.dallassymphony.org\/wp-content\/uploads\/2025\/03\/25-26-Web-1600x900_POPS08_Top-Gun-18x10.jpg 18w, https:\/\/www.dallassymphony.org\/wp-content\/uploads\/2025\/03\/25-26-Web-1600x900_POPS08_Top-Gun-540x303.jpg 540w, https:\/\/www.dallassymphony.org\/wp-content\/uploads\/2025\/03\/25-26-Web-1600x900_POPS08_Top-Gun-666x375.jpg 666w, https:\/\/www.dallassymphony.org\/wp-content\/uploads\/2025\/03\/25-26-Web-1600x900_POPS08_Top-Gun-735x413.jpg 735w, https:\/\/www.dallassymphony.org\/wp-content\/uploads\/2025\/03\/25-26-Web-1600x900_POPS08_Top-Gun.jpg 1600w\" sizes=\"auto, (max-width: 388px) 100vw, 388px\" \/>        <\/div>\n        <div class=\"content__wrapper\">\n            <h4 class=\"serif__light-22\">\n                Top Gun: Maverick en concierto            <\/h4>\n            <p class=\"serif__light-16-italic\">22 - 24 de mayo de 2026<\/p>\n            <p class=\"sans-cond__med-14\">M\u00e1s informaci\u00f3n y compra de entradas<\/p>\n        <\/div>\n    <\/a>\n<\/div>\n\n<div class=\"concert__card\" style=\"margin-right: 15px\">\n    <a href=\"https:\/\/www.dallassymphony.org\/es\/productions\/icons-of-the-strip-sinatra-the-rat-pack\/\">\n        <div class=\"img__wrapper\">\n\t        <img loading=\"lazy\" decoding=\"async\" width=\"388\" height=\"218\" src=\"https:\/\/www.dallassymphony.org\/wp-content\/uploads\/2025\/03\/25-26-Web-1600x900_POPS09_Paul-Loren_Icons-of-the-Strip-388x218.jpg\" class=\"attachment-388x218 size-388x218 wp-post-image\" alt=\"\" srcset=\"https:\/\/www.dallassymphony.org\/wp-content\/uploads\/2025\/03\/25-26-Web-1600x900_POPS09_Paul-Loren_Icons-of-the-Strip-388x218.jpg 388w, https:\/\/www.dallassymphony.org\/wp-content\/uploads\/2025\/03\/25-26-Web-1600x900_POPS09_Paul-Loren_Icons-of-the-Strip-300x169.jpg 300w, https:\/\/www.dallassymphony.org\/wp-content\/uploads\/2025\/03\/25-26-Web-1600x900_POPS09_Paul-Loren_Icons-of-the-Strip-1024x576.jpg 1024w, https:\/\/www.dallassymphony.org\/wp-content\/uploads\/2025\/03\/25-26-Web-1600x900_POPS09_Paul-Loren_Icons-of-the-Strip-768x432.jpg 768w, https:\/\/www.dallassymphony.org\/wp-content\/uploads\/2025\/03\/25-26-Web-1600x900_POPS09_Paul-Loren_Icons-of-the-Strip-1536x864.jpg 1536w, https:\/\/www.dallassymphony.org\/wp-content\/uploads\/2025\/03\/25-26-Web-1600x900_POPS09_Paul-Loren_Icons-of-the-Strip-18x10.jpg 18w, https:\/\/www.dallassymphony.org\/wp-content\/uploads\/2025\/03\/25-26-Web-1600x900_POPS09_Paul-Loren_Icons-of-the-Strip-540x303.jpg 540w, https:\/\/www.dallassymphony.org\/wp-content\/uploads\/2025\/03\/25-26-Web-1600x900_POPS09_Paul-Loren_Icons-of-the-Strip-666x375.jpg 666w, https:\/\/www.dallassymphony.org\/wp-content\/uploads\/2025\/03\/25-26-Web-1600x900_POPS09_Paul-Loren_Icons-of-the-Strip-735x413.jpg 735w, https:\/\/www.dallassymphony.org\/wp-content\/uploads\/2025\/03\/25-26-Web-1600x900_POPS09_Paul-Loren_Icons-of-the-Strip.jpg 1600w\" sizes=\"auto, (max-width: 388px) 100vw, 388px\" \/>        <\/div>\n        <div class=\"content__wrapper\">\n            <h4 class=\"serif__light-22\">\n                Iconos del Strip: Sinatra y el Rat Pack            <\/h4>\n            <p class=\"serif__light-16-italic\">19 - 21 junio 2026<\/p>\n            <p class=\"sans-cond__med-14\">M\u00e1s informaci\u00f3n y compra de entradas<\/p>\n        <\/div>\n    <\/a>\n<\/div>\n\n                        <\/div>\n                    <\/div>\n                <\/div>\n            <\/div>\n            <div class=\"row\">\n                <div class=\"col-11 offset-1\">\n                    <div class=\"slideshow__controls d-lg-none\">\n                        <button class=\"controls__prev\" data-prev=\"#\" data-button-id=\"ac92fb635c8732735c34b57b7f729bf6\">\n                            <svg xmlns=\"http:\/\/www.w3.org\/2000\/svg\" enable-background=\"new 0 0 24 24\" height=\"24\" viewbox=\"0 0 24 24\" width=\"24\">\n                                <g><rect fill=\"none\" height=\"24\" width=\"24\"\/><path d=\"M12,4c4.41,0,8,3.59,8,8s-3.59,8-8,8s-8-3.59-8-8S7.59,4,12,4 M12,2C6.48,2,2,6.48,2,12c0,5.52,4.48,10,10,10 c5.52,0,10-4.48,10-10C22,6.48,17.52,2,12,2L12,2z M13,12l0-4h-2l0,4H8l4,4l4-4H13z\"\/><\/g>\n                            <\/svg>\n                        <\/button>\n                        <button class=\"controls__next\" data-next=\"#\" data-button-id=\"ac92fb635c8732735c34b57b7f729bf6\">\n                            <svg xmlns=\"http:\/\/www.w3.org\/2000\/svg\" enable-background=\"new 0 0 24 24\" height=\"24\" viewbox=\"0 0 24 24\" width=\"24\">\n                                <g><rect fill=\"none\" height=\"24\" width=\"24\"\/><path d=\"M12,4c4.41,0,8,3.59,8,8s-3.59,8-8,8s-8-3.59-8-8S7.59,4,12,4 M12,2C6.48,2,2,6.48,2,12c0,5.52,4.48,10,10,10 c5.52,0,10-4.48,10-10C22,6.48,17.52,2,12,2L12,2z M13,12l0-4h-2l0,4H8l4,4l4-4H13z\"\/><\/g>\n                            <\/svg>\n                        <\/button>\n                    <\/div>\n\n                <\/div>\n\n            <\/div>\n        <\/div>\n    <\/div>","protected":false},"excerpt":{"rendered":"<p>P\u00f3ngase en pie y suba el volumen con los grandes \u00e9xitos de la explosi\u00f3n del pop latino de los 90 y los 80. La Vida Loca celebra artistas como Enrique Iglesias, Gloria Estefan, Santana, Ricky Martin y muchos m\u00e1s.<\/p>","protected":false},"featured_media":25028,"template":"","dso_concert_series":[32],"class_list":["post-24807","dso_prod_season","type-dso_prod_season","status-publish","has-post-thumbnail","hentry","dso_concert_series-pops"],"acf":[],"_links":{"self":[{"href":"https:\/\/www.dallassymphony.org\/es\/wp-json\/wp\/v2\/dso_prod_season\/24807","targetHints":{"allow":["GET"]}}],"collection":[{"href":"https:\/\/www.dallassymphony.org\/es\/wp-json\/wp\/v2\/dso_prod_season"}],"about":[{"href":"https:\/\/www.dallassymphony.org\/es\/wp-json\/wp\/v2\/types\/dso_prod_season"}],"version-history":[{"count":0,"href":"https:\/\/www.dallassymphony.org\/es\/wp-json\/wp\/v2\/dso_prod_season\/24807\/revisions"}],"wp:featuredmedia":[{"embeddable":true,"href":"https:\/\/www.dallassymphony.org\/es\/wp-json\/wp\/v2\/media\/25028"}],"wp:attachment":[{"href":"https:\/\/www.dallassymphony.org\/es\/wp-json\/wp\/v2\/media?parent=24807"}],"wp:term":[{"taxonomy":"dso_concert_series","embeddable":true,"href":"https:\/\/www.dallassymphony.org\/es\/wp-json\/wp\/v2\/dso_concert_series?post=24807"}],"curies":[{"name":"wp","href":"https:\/\/api.w.org\/{rel}","templated":true}]}}