{"id":24804,"date":"2025-03-13T10:00:00","date_gmt":"2025-03-13T15:00:00","guid":{"rendered":"https:\/\/www.dallassymphony.org\/?post_type=dso_prod_season&#038;p=24804"},"modified":"2025-11-24T11:37:43","modified_gmt":"2025-11-24T17:37:43","slug":"christmas-pops-4","status":"publish","type":"dso_prod_season","link":"https:\/\/www.dallassymphony.org\/es\/productions\/christmas-pops-4\/","title":{"rendered":"Pops de Navidad"},"content":{"rendered":"<div class=\"richtext m-spacer\">\n\t<div class=\"container\">\n\t\t<div class=\"row\">\n\t\t\t<div class=\"col-10\">\n\t\t\t\t\n\n<p><strong>LAWRENCE LOH<\/strong>&nbsp;lleva a cabo<br><strong>JASMINE HABERSHAM<\/strong>&nbsp;soprano<br><strong>REGINALD SMITH JR.<\/strong>&nbsp;bar\u00edtono<br><strong>BRADLEY HUNTER WELCH<\/strong> \u00f3rgano<br><strong>CORO SINF\u00d3NICO DE DALLAS - ANTHONY BLAKE CLARK<\/strong>&nbsp;director del coro<br><strong>CORO SINF\u00d3NICO INFANTIL DE DALLAS - ELLIE LIN<\/strong>&nbsp;director art\u00edstico<\/p>\n\n\n\n<p>\u00a1Es esa maravillosa \u00e9poca del a\u00f1o! Las familias se re\u00fanen y celebran las fiestas con m\u00fasica cuando el director invitado Lawrence Loh, junto con dos populares vocalistas, la soprano Jasmine Habersham y el bar\u00edtono Reginald Smith, Jr. vuelven para cantar canciones favoritas de las fiestas. El coro de la Sinf\u00f3nica de Dallas y el coro de ni\u00f1os se encargar\u00e1n de amenizar la velada. Y, por supuesto, \u00bfqu\u00e9 ser\u00eda de Christmas Pops sin una actuaci\u00f3n del p\u00fablico y una aparici\u00f3n del viejo elfo, Santa Claus? Es divertido para toda la familia y seguro que crea recuerdos para toda la vida.<\/p>\n\n\n\n<div style=\"height:25px\" aria-hidden=\"true\" class=\"wp-block-spacer\"><\/div>\n\n\n\n<div class=\"wp-block-columns is-layout-flex wp-container-core-columns-is-layout-9d6595d7 wp-block-columns-is-layout-flex\">\n<div class=\"wp-block-column is-layout-flow wp-block-column-is-layout-flow\">\n<figure class=\"wp-block-image size-full is-resized\"><img loading=\"lazy\" decoding=\"async\" width=\"413\" height=\"300\" src=\"https:\/\/www.dallassymphony.org\/wp-content\/uploads\/2025\/03\/CapOne_Pop.Series_Logo.Lockup_BLACK.jpg\" alt=\"\" class=\"wp-image-28495\" style=\"width:auto;height:150px\" srcset=\"https:\/\/www.dallassymphony.org\/wp-content\/uploads\/2025\/03\/CapOne_Pop.Series_Logo.Lockup_BLACK.jpg 413w, https:\/\/www.dallassymphony.org\/wp-content\/uploads\/2025\/03\/CapOne_Pop.Series_Logo.Lockup_BLACK-300x218.jpg 300w, https:\/\/www.dallassymphony.org\/wp-content\/uploads\/2025\/03\/CapOne_Pop.Series_Logo.Lockup_BLACK-18x12.jpg 18w\" sizes=\"auto, (max-width: 413px) 100vw, 413px\" \/><\/figure>\n<\/div>\n\n\n\n<div class=\"wp-block-column is-layout-flow wp-block-column-is-layout-flow\">\n<figure class=\"wp-block-image size-large\"><img decoding=\"async\" src=\"https:\/\/www.dallassymphony.org\/wp-content\/uploads\/2025\/03\/CIBC-Christmas-Pops-Sponsor-Lockup_BLACK_1000px.png\" alt=\"\" style=\"object-fit:cover\"\/><\/figure>\n<\/div>\n\n\n\n<div class=\"wp-block-column is-layout-flow wp-block-column-is-layout-flow\"><\/div>\n<\/div>\n\n\n\n<div style=\"height:20px\" aria-hidden=\"true\" class=\"wp-block-spacer\"><\/div>\n\n\n\n<div class=\"wp-block-columns is-layout-flex wp-container-core-columns-is-layout-9d6595d7 wp-block-columns-is-layout-flex\">\n<div class=\"wp-block-column is-layout-flow wp-block-column-is-layout-flow\">\n<blockquote class=\"wp-block-quote is-layout-flow wp-block-quote-is-layout-flow\">\n<h3 class=\"wp-block-heading\">Combine y ahorre<\/h3>\n\n\n\n<p>Combine 3 o m\u00e1s conciertos para recibir 20% de descuento en su compra y otras ventajas.<\/p>\n<cite><a href=\"https:\/\/www.dallassymphony.org\/es\/ticket-packages-25-26\/\" data-type=\"page\" data-id=\"25680\">M\u00e1s informaci\u00f3n<\/a><\/cite><\/blockquote>\n<\/div>\n\n\n\n<div class=\"wp-block-column is-layout-flow wp-block-column-is-layout-flow\">\n<blockquote class=\"wp-block-quote is-layout-flow wp-block-quote-is-layout-flow\">\n<h3 class=\"wp-block-heading\">\u00bfTienes 10 o m\u00e1s personas?<\/h3>\n\n\n\n<p>Re\u00fana a amigos, familiares, colegas - cualquier grupo de 10 o m\u00e1s - y ahorre con descuentos y ventajas exclusivas.<\/p>\n<cite><a href=\"http:\/\/Learn more!https:\/\/www.dallassymphony.org\/concerts-and-events\/ticket-info-offers\/group-sales\/\">M\u00e1s informaci\u00f3n<\/a><\/cite><\/blockquote>\n<\/div>\n<\/div>\n\n\n<div class=\"container\">\n    <div class=\"row\">\n        <div class=\"col-10\">\n            <div class=\"share d-flex align-items-center\">\n                <p class=\"mb-0 serif__light-16\">COMPARTIR<\/p><div data-network=\"facebook\" class=\"st-custom-button facebook\" data-title=\"&quot;Christmas\" pops&quot; data-description=\"&quot;It\u2019s\" that wonderful time of the year when families gather and celebrate holidays with music \u2014 guest conductor lawrence loh, along two popular vocalists, soprano jasmine habersham baritone reginald smith, jr., return to sing seasonal favorites for holidays.&quot; data-message =\"&quot;It\u2019s\" holidays.\r\n\r\nhttps:>Facebook<span class=\"count\"><\/span><\/div>            <\/div>\n        <\/div>\n    <\/div>\n\n<\/div>\n\n\n\t\t\t<\/div>\n\t\t<\/div>\n\t<\/div>\n\n<\/div>\n\n\n<div class=\"edp-musician-grid m-spacer grad-to-right\">\n\t<div class=\"container\">\n\t\t<div class=\"row\">\n\t\t\t<div class=\"col-12\">\n\t\t\t\t<h1><\/h1>\n\t\t\t\t<h2><\/h2>\n\t\t\t<\/div>\n\t\t<\/div>\n\t\t<div class=\"row\">\n\t\t\t<div class=\"col-lg-6\">\n\t<div class=\"edp__musician-card\">\n\t\t<img loading=\"lazy\" decoding=\"async\" width=\"262\" height=\"262\" src=\"https:\/\/www.dallassymphony.org\/wp-content\/uploads\/2020\/11\/Lawrence-Loh-262x262.jpg\" class=\"attachment-262x262 size-262x262 wp-post-image\" alt=\"Lawrence Loh Conductor\" srcset=\"https:\/\/www.dallassymphony.org\/wp-content\/uploads\/2020\/11\/Lawrence-Loh-262x262.jpg 262w, https:\/\/www.dallassymphony.org\/wp-content\/uploads\/2020\/11\/Lawrence-Loh-300x300.jpg 300w, https:\/\/www.dallassymphony.org\/wp-content\/uploads\/2020\/11\/Lawrence-Loh-1024x1024.jpg 1024w, https:\/\/www.dallassymphony.org\/wp-content\/uploads\/2020\/11\/Lawrence-Loh-150x150.jpg 150w, https:\/\/www.dallassymphony.org\/wp-content\/uploads\/2020\/11\/Lawrence-Loh-768x768.jpg 768w, https:\/\/www.dallassymphony.org\/wp-content\/uploads\/2020\/11\/Lawrence-Loh-12x12.jpg 12w, https:\/\/www.dallassymphony.org\/wp-content\/uploads\/2020\/11\/Lawrence-Loh-350x350.jpg 350w, https:\/\/www.dallassymphony.org\/wp-content\/uploads\/2020\/11\/Lawrence-Loh-445x445.jpg 445w, https:\/\/www.dallassymphony.org\/wp-content\/uploads\/2020\/11\/Lawrence-Loh.jpg 1200w\" sizes=\"auto, (max-width: 262px) 100vw, 262px\" \/>\t\t<div class=\"content__wrapper\">\n\t\t\t<h4>Lawrence Loh<\/h4>\n\n\t\t\t<p>Conductor<\/p>\n\n                            <a class=\"a-hover\" href=\"https:\/\/www.dallassymphony.org\/es\/people\/lawrence-loh\/\">Leer m\u00e1s<\/a>\n            \t\t<\/div>\n\t<\/div>\n<\/div><div class=\"col-lg-6\">\n\t<div class=\"edp__musician-card\">\n\t\t<img loading=\"lazy\" decoding=\"async\" width=\"262\" height=\"262\" src=\"https:\/\/www.dallassymphony.org\/wp-content\/uploads\/2022\/09\/2223-People-1200x1200-8-262x262.jpg\" class=\"attachment-262x262 size-262x262 wp-post-image\" alt=\"Jasmine Habersham\" srcset=\"https:\/\/www.dallassymphony.org\/wp-content\/uploads\/2022\/09\/2223-People-1200x1200-8-262x262.jpg 262w, https:\/\/www.dallassymphony.org\/wp-content\/uploads\/2022\/09\/2223-People-1200x1200-8-300x300.jpg 300w, https:\/\/www.dallassymphony.org\/wp-content\/uploads\/2022\/09\/2223-People-1200x1200-8-1024x1024.jpg 1024w, https:\/\/www.dallassymphony.org\/wp-content\/uploads\/2022\/09\/2223-People-1200x1200-8-150x150.jpg 150w, https:\/\/www.dallassymphony.org\/wp-content\/uploads\/2022\/09\/2223-People-1200x1200-8-768x768.jpg 768w, https:\/\/www.dallassymphony.org\/wp-content\/uploads\/2022\/09\/2223-People-1200x1200-8-12x12.jpg 12w, https:\/\/www.dallassymphony.org\/wp-content\/uploads\/2022\/09\/2223-People-1200x1200-8-350x350.jpg 350w, https:\/\/www.dallassymphony.org\/wp-content\/uploads\/2022\/09\/2223-People-1200x1200-8-445x445.jpg 445w, https:\/\/www.dallassymphony.org\/wp-content\/uploads\/2022\/09\/2223-People-1200x1200-8.jpg 1200w\" sizes=\"auto, (max-width: 262px) 100vw, 262px\" \/>\t\t<div class=\"content__wrapper\">\n\t\t\t<h4>Jasmine Habersham<\/h4>\n\n\t\t\t<p>Soprano<\/p>\n\n                            <a class=\"a-hover\" href=\"https:\/\/www.dallassymphony.org\/es\/people\/jasmine-habersham\/\">Leer m\u00e1s<\/a>\n            \t\t<\/div>\n\t<\/div>\n<\/div><div class=\"col-lg-6\">\n\t<div class=\"edp__musician-card\">\n\t\t<img loading=\"lazy\" decoding=\"async\" width=\"262\" height=\"262\" src=\"https:\/\/www.dallassymphony.org\/wp-content\/uploads\/2021\/04\/Reginald-Smith-Jr.-1200x1200-1-262x262.jpg\" class=\"attachment-262x262 size-262x262 wp-post-image\" alt=\"Reginald Smith, Jr.\" srcset=\"https:\/\/www.dallassymphony.org\/wp-content\/uploads\/2021\/04\/Reginald-Smith-Jr.-1200x1200-1-262x262.jpg 262w, https:\/\/www.dallassymphony.org\/wp-content\/uploads\/2021\/04\/Reginald-Smith-Jr.-1200x1200-1-300x300.jpg 300w, https:\/\/www.dallassymphony.org\/wp-content\/uploads\/2021\/04\/Reginald-Smith-Jr.-1200x1200-1-1024x1024.jpg 1024w, https:\/\/www.dallassymphony.org\/wp-content\/uploads\/2021\/04\/Reginald-Smith-Jr.-1200x1200-1-150x150.jpg 150w, https:\/\/www.dallassymphony.org\/wp-content\/uploads\/2021\/04\/Reginald-Smith-Jr.-1200x1200-1-768x768.jpg 768w, https:\/\/www.dallassymphony.org\/wp-content\/uploads\/2021\/04\/Reginald-Smith-Jr.-1200x1200-1-12x12.jpg 12w, https:\/\/www.dallassymphony.org\/wp-content\/uploads\/2021\/04\/Reginald-Smith-Jr.-1200x1200-1-350x350.jpg 350w, https:\/\/www.dallassymphony.org\/wp-content\/uploads\/2021\/04\/Reginald-Smith-Jr.-1200x1200-1-445x445.jpg 445w, https:\/\/www.dallassymphony.org\/wp-content\/uploads\/2021\/04\/Reginald-Smith-Jr.-1200x1200-1.jpg 1200w\" sizes=\"auto, (max-width: 262px) 100vw, 262px\" \/>\t\t<div class=\"content__wrapper\">\n\t\t\t<h4>Reginald Smith, Jr.<\/h4>\n\n\t\t\t<p>Bajo-Bar\u00edtono<\/p>\n\n                            <a class=\"a-hover\" href=\"https:\/\/www.dallassymphony.org\/es\/people\/reginald-smith-jr\/\">Leer m\u00e1s<\/a>\n            \t\t<\/div>\n\t<\/div>\n<\/div><div class=\"col-lg-6\">\n\t<div class=\"edp__musician-card\">\n\t\t<img loading=\"lazy\" decoding=\"async\" width=\"262\" height=\"262\" src=\"https:\/\/www.dallassymphony.org\/wp-content\/uploads\/2020\/11\/Bradley-Hunter-Welch-262x262.jpg\" class=\"attachment-262x262 size-262x262 wp-post-image\" alt=\"Bradley Hunter Welch, organista residente, presidente de la familia Lay, sinfon\u00eda de Dallas.\" srcset=\"https:\/\/www.dallassymphony.org\/wp-content\/uploads\/2020\/11\/Bradley-Hunter-Welch-262x262.jpg 262w, https:\/\/www.dallassymphony.org\/wp-content\/uploads\/2020\/11\/Bradley-Hunter-Welch-300x300.jpg 300w, https:\/\/www.dallassymphony.org\/wp-content\/uploads\/2020\/11\/Bradley-Hunter-Welch-1024x1024.jpg 1024w, https:\/\/www.dallassymphony.org\/wp-content\/uploads\/2020\/11\/Bradley-Hunter-Welch-150x150.jpg 150w, https:\/\/www.dallassymphony.org\/wp-content\/uploads\/2020\/11\/Bradley-Hunter-Welch-768x768.jpg 768w, https:\/\/www.dallassymphony.org\/wp-content\/uploads\/2020\/11\/Bradley-Hunter-Welch-12x12.jpg 12w, https:\/\/www.dallassymphony.org\/wp-content\/uploads\/2020\/11\/Bradley-Hunter-Welch-350x350.jpg 350w, https:\/\/www.dallassymphony.org\/wp-content\/uploads\/2020\/11\/Bradley-Hunter-Welch-445x445.jpg 445w, https:\/\/www.dallassymphony.org\/wp-content\/uploads\/2020\/11\/Bradley-Hunter-Welch.jpg 1200w\" sizes=\"auto, (max-width: 262px) 100vw, 262px\" \/>\t\t<div class=\"content__wrapper\">\n\t\t\t<h4>Bradley Hunter Welch<\/h4>\n\n\t\t\t<p>Organista residente<\/p>\n<p>Silla familiar laica<\/p>\n\n                            <a class=\"a-hover\" href=\"https:\/\/www.dallassymphony.org\/es\/people\/bradley-hunter-welch\/\">Leer m\u00e1s<\/a>\n            \t\t<\/div>\n\t<\/div>\n<\/div><div class=\"col-lg-6\">\n\t<div class=\"edp__musician-card\">\n\t\t<img loading=\"lazy\" decoding=\"async\" width=\"262\" height=\"262\" src=\"https:\/\/www.dallassymphony.org\/wp-content\/uploads\/2021\/01\/Chorus-262x262.png\" class=\"attachment-262x262 size-262x262 wp-post-image\" alt=\"\" srcset=\"https:\/\/www.dallassymphony.org\/wp-content\/uploads\/2021\/01\/Chorus-262x262.png 262w, https:\/\/www.dallassymphony.org\/wp-content\/uploads\/2021\/01\/Chorus-300x300.png 300w, https:\/\/www.dallassymphony.org\/wp-content\/uploads\/2021\/01\/Chorus-150x150.png 150w, https:\/\/www.dallassymphony.org\/wp-content\/uploads\/2021\/01\/Chorus-768x768.png 768w, https:\/\/www.dallassymphony.org\/wp-content\/uploads\/2021\/01\/Chorus-12x12.png 12w, https:\/\/www.dallassymphony.org\/wp-content\/uploads\/2021\/01\/Chorus-350x350.png 350w, https:\/\/www.dallassymphony.org\/wp-content\/uploads\/2021\/01\/Chorus-445x445.png 445w, https:\/\/www.dallassymphony.org\/wp-content\/uploads\/2021\/01\/Chorus.png 1024w\" sizes=\"auto, (max-width: 262px) 100vw, 262px\" \/>\t\t<div class=\"content__wrapper\">\n\t\t\t<h4>Coro de la Sinf\u00f3nica de Dallas<\/h4>\n\n\t\t\t<p>Coro<\/p>\n\n                            <a class=\"a-hover\" href=\"https:\/\/www.dallassymphony.org\/es\/people\/ds-chorus\/\">Leer m\u00e1s<\/a>\n            \t\t<\/div>\n\t<\/div>\n<\/div><div class=\"col-lg-6\">\n\t<div class=\"edp__musician-card\">\n\t\t<img loading=\"lazy\" decoding=\"async\" width=\"262\" height=\"262\" src=\"https:\/\/www.dallassymphony.org\/wp-content\/uploads\/2020\/11\/Anthony-Blake-Clark-262x262.png\" class=\"attachment-262x262 size-262x262 wp-post-image\" alt=\"\" srcset=\"https:\/\/www.dallassymphony.org\/wp-content\/uploads\/2020\/11\/Anthony-Blake-Clark-262x262.png 262w, https:\/\/www.dallassymphony.org\/wp-content\/uploads\/2020\/11\/Anthony-Blake-Clark-300x300.png 300w, https:\/\/www.dallassymphony.org\/wp-content\/uploads\/2020\/11\/Anthony-Blake-Clark-1024x1024.png 1024w, https:\/\/www.dallassymphony.org\/wp-content\/uploads\/2020\/11\/Anthony-Blake-Clark-150x150.png 150w, https:\/\/www.dallassymphony.org\/wp-content\/uploads\/2020\/11\/Anthony-Blake-Clark-768x768.png 768w, https:\/\/www.dallassymphony.org\/wp-content\/uploads\/2020\/11\/Anthony-Blake-Clark-12x12.png 12w, https:\/\/www.dallassymphony.org\/wp-content\/uploads\/2020\/11\/Anthony-Blake-Clark-350x350.png 350w, https:\/\/www.dallassymphony.org\/wp-content\/uploads\/2020\/11\/Anthony-Blake-Clark-445x445.png 445w, https:\/\/www.dallassymphony.org\/wp-content\/uploads\/2020\/11\/Anthony-Blake-Clark-400x400.png 400w, https:\/\/www.dallassymphony.org\/wp-content\/uploads\/2020\/11\/Anthony-Blake-Clark-600x600.png 600w, https:\/\/www.dallassymphony.org\/wp-content\/uploads\/2020\/11\/Anthony-Blake-Clark.png 1200w\" sizes=\"auto, (max-width: 262px) 100vw, 262px\" \/>\t\t<div class=\"content__wrapper\">\n\t\t\t<h4>Anthony Blake Clark<\/h4>\n\n\t\t\t<p>Director del coro<\/p>\n<p>Jean D. Wilson Chair<\/p>\n\n                            <a class=\"a-hover\" href=\"https:\/\/www.dallassymphony.org\/es\/people\/anthony-blake-clark\/\">Leer m\u00e1s<\/a>\n            \t\t<\/div>\n\t<\/div>\n<\/div><div class=\"col-lg-6\">\n\t<div class=\"edp__musician-card\">\n\t\t<img loading=\"lazy\" decoding=\"async\" width=\"262\" height=\"262\" src=\"https:\/\/www.dallassymphony.org\/wp-content\/uploads\/2022\/02\/dso-childrens-chorus-62-2-262x262.jpg\" class=\"attachment-262x262 size-262x262 wp-post-image\" alt=\"\" srcset=\"https:\/\/www.dallassymphony.org\/wp-content\/uploads\/2022\/02\/dso-childrens-chorus-62-2-262x262.jpg 262w, https:\/\/www.dallassymphony.org\/wp-content\/uploads\/2022\/02\/dso-childrens-chorus-62-2-150x150.jpg 150w, https:\/\/www.dallassymphony.org\/wp-content\/uploads\/2022\/02\/dso-childrens-chorus-62-2-350x350.jpg 350w, https:\/\/www.dallassymphony.org\/wp-content\/uploads\/2022\/02\/dso-childrens-chorus-62-2-445x445.jpg 445w\" sizes=\"auto, (max-width: 262px) 100vw, 262px\" \/>\t\t<div class=\"content__wrapper\">\n\t\t\t<h4>Coro Infantil de la Sinf\u00f3nica de Dallas<\/h4>\n\n\t\t\t<p>Coro<\/p>\n\n                            <a class=\"a-hover\" href=\"https:\/\/www.dallassymphony.org\/es\/people\/dallas-symphony-childrens-chorus\/\">Leer m\u00e1s<\/a>\n            \t\t<\/div>\n\t<\/div>\n<\/div><div class=\"col-lg-6\">\n\t<div class=\"edp__musician-card\">\n\t\t<img loading=\"lazy\" decoding=\"async\" width=\"262\" height=\"262\" src=\"https:\/\/www.dallassymphony.org\/wp-content\/uploads\/2023\/03\/Ellie-Lin-262x262.png\" class=\"attachment-262x262 size-262x262 wp-post-image\" alt=\"\" srcset=\"https:\/\/www.dallassymphony.org\/wp-content\/uploads\/2023\/03\/Ellie-Lin-262x262.png 262w, https:\/\/www.dallassymphony.org\/wp-content\/uploads\/2023\/03\/Ellie-Lin-300x300.png 300w, https:\/\/www.dallassymphony.org\/wp-content\/uploads\/2023\/03\/Ellie-Lin-150x150.png 150w, https:\/\/www.dallassymphony.org\/wp-content\/uploads\/2023\/03\/Ellie-Lin-768x768.png 768w, https:\/\/www.dallassymphony.org\/wp-content\/uploads\/2023\/03\/Ellie-Lin-12x12.png 12w, https:\/\/www.dallassymphony.org\/wp-content\/uploads\/2023\/03\/Ellie-Lin-350x350.png 350w, https:\/\/www.dallassymphony.org\/wp-content\/uploads\/2023\/03\/Ellie-Lin-445x445.png 445w, https:\/\/www.dallassymphony.org\/wp-content\/uploads\/2023\/03\/Ellie-Lin.png 1024w\" sizes=\"auto, (max-width: 262px) 100vw, 262px\" \/>\t\t<div class=\"content__wrapper\">\n\t\t\t<h4>Ellie Lin<\/h4>\n\n\t\t\t<p>Director art\u00edstico del Coro Infantil de la Sinf\u00f3nica de Dallas<\/p>\n\n                            <a class=\"a-hover\" href=\"https:\/\/www.dallassymphony.org\/es\/people\/ellie-lin\/\">Leer m\u00e1s<\/a>\n            \t\t<\/div>\n\t<\/div>\n<\/div>\t\t<\/div>\n\t<\/div>\n<\/div>\n\n\n    <div class=\"featured-concerts grad-to-left m-spacer\">\n        <div class=\"container-fluid\">\n            <div class=\"row\">\n                <div class=\"col-md-7 col-7 offset-md-1\">\n                    <h1 class=\"serif__elight-58-italic\">Tambi\u00e9n puede interesarle<\/h1>\n                <\/div>\n                <div class=\"col-md-4 col-5\">\n                    <div class=\"controls__wrapper\">\n                        <div class=\"slideshow__controls d-none d-lg-block\">\n                            <button class=\"controls__prev\"  data-button-id=\"9c28c44200fcfe4bfaca6e2f03ce0e49\">\n                                <svg xmlns=\"http:\/\/www.w3.org\/2000\/svg\" enable-background=\"new 0 0 24 24\" height=\"24\" viewbox=\"0 0 24 24\" width=\"24\">\n                                    <g><rect fill=\"none\" height=\"24\" width=\"24\"\/><path d=\"M12,4c4.41,0,8,3.59,8,8s-3.59,8-8,8s-8-3.59-8-8S7.59,4,12,4 M12,2C6.48,2,2,6.48,2,12c0,5.52,4.48,10,10,10 c5.52,0,10-4.48,10-10C22,6.48,17.52,2,12,2L12,2z M13,12l0-4h-2l0,4H8l4,4l4-4H13z\"\/><\/g>\n                                <\/svg>\n                            <\/button>\n                            <button class=\"controls__next\" data-button-id=\"9c28c44200fcfe4bfaca6e2f03ce0e49\">\n                                <svg xmlns=\"http:\/\/www.w3.org\/2000\/svg\" enable-background=\"new 0 0 24 24\" height=\"24\" viewbox=\"0 0 24 24\" width=\"24\">\n                                    <g><rect fill=\"none\" height=\"24\" width=\"24\"\/><path d=\"M12,4c4.41,0,8,3.59,8,8s-3.59,8-8,8s-8-3.59-8-8S7.59,4,12,4 M12,2C6.48,2,2,6.48,2,12c0,5.52,4.48,10,10,10 c5.52,0,10-4.48,10-10C22,6.48,17.52,2,12,2L12,2z M13,12l0-4h-2l0,4H8l4,4l4-4H13z\"\/><\/g>\n                                <\/svg>\n                            <\/button>\n                        <\/div>\n\n\t                                        <\/div>\n                <\/div>\n            <\/div>\n            <div class=\"row\">\n                <div class=\"col-md-11 offset-md-1\">\n                    <div class=\"slideshow\">\n                        <div class=\"dso__slides\" data-button-id=\"9c28c44200fcfe4bfaca6e2f03ce0e49\">\n                            <div class=\"concert__card\" style=\"margin-right: 15px\">\n    <a href=\"https:\/\/www.dallassymphony.org\/es\/productions\/holsts-the-planets-2\/\">\n        <div class=\"img__wrapper\">\n\t        <img loading=\"lazy\" decoding=\"async\" width=\"388\" height=\"218\" src=\"https:\/\/www.dallassymphony.org\/wp-content\/uploads\/2025\/03\/DSO-Winds-The-Planets-388x218.png\" class=\"attachment-388x218 size-388x218 wp-post-image\" alt=\"\" srcset=\"https:\/\/www.dallassymphony.org\/wp-content\/uploads\/2025\/03\/DSO-Winds-The-Planets-388x218.png 388w, https:\/\/www.dallassymphony.org\/wp-content\/uploads\/2025\/03\/DSO-Winds-The-Planets-300x169.png 300w, https:\/\/www.dallassymphony.org\/wp-content\/uploads\/2025\/03\/DSO-Winds-The-Planets-1024x576.png 1024w, https:\/\/www.dallassymphony.org\/wp-content\/uploads\/2025\/03\/DSO-Winds-The-Planets-768x432.png 768w, https:\/\/www.dallassymphony.org\/wp-content\/uploads\/2025\/03\/DSO-Winds-The-Planets-1536x864.png 1536w, https:\/\/www.dallassymphony.org\/wp-content\/uploads\/2025\/03\/DSO-Winds-The-Planets-18x10.png 18w, https:\/\/www.dallassymphony.org\/wp-content\/uploads\/2025\/03\/DSO-Winds-The-Planets-540x303.png 540w, https:\/\/www.dallassymphony.org\/wp-content\/uploads\/2025\/03\/DSO-Winds-The-Planets-666x375.png 666w, https:\/\/www.dallassymphony.org\/wp-content\/uploads\/2025\/03\/DSO-Winds-The-Planets-735x413.png 735w, https:\/\/www.dallassymphony.org\/wp-content\/uploads\/2025\/03\/DSO-Winds-The-Planets.png 1600w\" sizes=\"auto, (max-width: 388px) 100vw, 388px\" \/>        <\/div>\n        <div class=\"content__wrapper\">\n            <h4 class=\"serif__light-22\">\n                Los Planetas de Holst            <\/h4>\n            <p class=\"serif__light-16-italic\">22 de enero de 2026<\/p>\n            <p class=\"sans-cond__med-14\">M\u00e1s informaci\u00f3n y compra de entradas<\/p>\n        <\/div>\n    <\/a>\n<\/div>\n\n<div class=\"concert__card\" style=\"margin-right: 15px\">\n    <a href=\"https:\/\/www.dallassymphony.org\/es\/productions\/danny-elfmans-music-from-the-films-of-tim-burton\/\">\n        <div class=\"img__wrapper\">\n\t        <img loading=\"lazy\" decoding=\"async\" width=\"388\" height=\"218\" src=\"https:\/\/www.dallassymphony.org\/wp-content\/uploads\/2025\/03\/25-26-Web-1600x900_POPS06_Danny-Elfman-388x218.jpg\" class=\"attachment-388x218 size-388x218 wp-post-image\" alt=\"\" srcset=\"https:\/\/www.dallassymphony.org\/wp-content\/uploads\/2025\/03\/25-26-Web-1600x900_POPS06_Danny-Elfman-388x218.jpg 388w, https:\/\/www.dallassymphony.org\/wp-content\/uploads\/2025\/03\/25-26-Web-1600x900_POPS06_Danny-Elfman-300x169.jpg 300w, https:\/\/www.dallassymphony.org\/wp-content\/uploads\/2025\/03\/25-26-Web-1600x900_POPS06_Danny-Elfman-1024x576.jpg 1024w, https:\/\/www.dallassymphony.org\/wp-content\/uploads\/2025\/03\/25-26-Web-1600x900_POPS06_Danny-Elfman-768x432.jpg 768w, https:\/\/www.dallassymphony.org\/wp-content\/uploads\/2025\/03\/25-26-Web-1600x900_POPS06_Danny-Elfman-1536x864.jpg 1536w, https:\/\/www.dallassymphony.org\/wp-content\/uploads\/2025\/03\/25-26-Web-1600x900_POPS06_Danny-Elfman-18x10.jpg 18w, https:\/\/www.dallassymphony.org\/wp-content\/uploads\/2025\/03\/25-26-Web-1600x900_POPS06_Danny-Elfman-540x303.jpg 540w, https:\/\/www.dallassymphony.org\/wp-content\/uploads\/2025\/03\/25-26-Web-1600x900_POPS06_Danny-Elfman-666x375.jpg 666w, https:\/\/www.dallassymphony.org\/wp-content\/uploads\/2025\/03\/25-26-Web-1600x900_POPS06_Danny-Elfman-735x413.jpg 735w, https:\/\/www.dallassymphony.org\/wp-content\/uploads\/2025\/03\/25-26-Web-1600x900_POPS06_Danny-Elfman.jpg 1600w\" sizes=\"auto, (max-width: 388px) 100vw, 388px\" \/>        <\/div>\n        <div class=\"content__wrapper\">\n            <h4 class=\"serif__light-22\">\n                La m\u00fasica de Danny Elfman en las pel\u00edculas de Tim Burton\u00a0            <\/h4>\n            <p class=\"serif__light-16-italic\">13 - 15 de marzo de 2026<\/p>\n            <p class=\"sans-cond__med-14\">M\u00e1s informaci\u00f3n y compra de entradas<\/p>\n        <\/div>\n    <\/a>\n<\/div>\n\n<div class=\"concert__card\" style=\"margin-right: 15px\">\n    <a href=\"https:\/\/www.dallassymphony.org\/es\/productions\/top-gun-maverick-in-concert\/\">\n        <div class=\"img__wrapper\">\n\t        <img loading=\"lazy\" decoding=\"async\" width=\"388\" height=\"218\" src=\"https:\/\/www.dallassymphony.org\/wp-content\/uploads\/2025\/03\/25-26-Web-1600x900_POPS08_Top-Gun-388x218.jpg\" class=\"attachment-388x218 size-388x218 wp-post-image\" alt=\"\" srcset=\"https:\/\/www.dallassymphony.org\/wp-content\/uploads\/2025\/03\/25-26-Web-1600x900_POPS08_Top-Gun-388x218.jpg 388w, https:\/\/www.dallassymphony.org\/wp-content\/uploads\/2025\/03\/25-26-Web-1600x900_POPS08_Top-Gun-300x169.jpg 300w, https:\/\/www.dallassymphony.org\/wp-content\/uploads\/2025\/03\/25-26-Web-1600x900_POPS08_Top-Gun-1024x576.jpg 1024w, https:\/\/www.dallassymphony.org\/wp-content\/uploads\/2025\/03\/25-26-Web-1600x900_POPS08_Top-Gun-768x432.jpg 768w, https:\/\/www.dallassymphony.org\/wp-content\/uploads\/2025\/03\/25-26-Web-1600x900_POPS08_Top-Gun-1536x864.jpg 1536w, https:\/\/www.dallassymphony.org\/wp-content\/uploads\/2025\/03\/25-26-Web-1600x900_POPS08_Top-Gun-18x10.jpg 18w, https:\/\/www.dallassymphony.org\/wp-content\/uploads\/2025\/03\/25-26-Web-1600x900_POPS08_Top-Gun-540x303.jpg 540w, https:\/\/www.dallassymphony.org\/wp-content\/uploads\/2025\/03\/25-26-Web-1600x900_POPS08_Top-Gun-666x375.jpg 666w, https:\/\/www.dallassymphony.org\/wp-content\/uploads\/2025\/03\/25-26-Web-1600x900_POPS08_Top-Gun-735x413.jpg 735w, https:\/\/www.dallassymphony.org\/wp-content\/uploads\/2025\/03\/25-26-Web-1600x900_POPS08_Top-Gun.jpg 1600w\" sizes=\"auto, (max-width: 388px) 100vw, 388px\" \/>        <\/div>\n        <div class=\"content__wrapper\">\n            <h4 class=\"serif__light-22\">\n                Top Gun: Maverick en concierto            <\/h4>\n            <p class=\"serif__light-16-italic\">22 - 24 de mayo de 2026<\/p>\n            <p class=\"sans-cond__med-14\">M\u00e1s informaci\u00f3n y compra de entradas<\/p>\n        <\/div>\n    <\/a>\n<\/div>\n\n                        <\/div>\n                    <\/div>\n                <\/div>\n            <\/div>\n            <div class=\"row\">\n                <div class=\"col-11 offset-1\">\n                    <div class=\"slideshow__controls d-lg-none\">\n                        <button class=\"controls__prev\" data-prev=\"#\" data-button-id=\"9c28c44200fcfe4bfaca6e2f03ce0e49\">\n                            <svg xmlns=\"http:\/\/www.w3.org\/2000\/svg\" enable-background=\"new 0 0 24 24\" height=\"24\" viewbox=\"0 0 24 24\" width=\"24\">\n                                <g><rect fill=\"none\" height=\"24\" width=\"24\"\/><path d=\"M12,4c4.41,0,8,3.59,8,8s-3.59,8-8,8s-8-3.59-8-8S7.59,4,12,4 M12,2C6.48,2,2,6.48,2,12c0,5.52,4.48,10,10,10 c5.52,0,10-4.48,10-10C22,6.48,17.52,2,12,2L12,2z M13,12l0-4h-2l0,4H8l4,4l4-4H13z\"\/><\/g>\n                            <\/svg>\n                        <\/button>\n                        <button class=\"controls__next\" data-next=\"#\" data-button-id=\"9c28c44200fcfe4bfaca6e2f03ce0e49\">\n                            <svg xmlns=\"http:\/\/www.w3.org\/2000\/svg\" enable-background=\"new 0 0 24 24\" height=\"24\" viewbox=\"0 0 24 24\" width=\"24\">\n                                <g><rect fill=\"none\" height=\"24\" width=\"24\"\/><path d=\"M12,4c4.41,0,8,3.59,8,8s-3.59,8-8,8s-8-3.59-8-8S7.59,4,12,4 M12,2C6.48,2,2,6.48,2,12c0,5.52,4.48,10,10,10 c5.52,0,10-4.48,10-10C22,6.48,17.52,2,12,2L12,2z M13,12l0-4h-2l0,4H8l4,4l4-4H13z\"\/><\/g>\n                            <\/svg>\n                        <\/button>\n                    <\/div>\n\n                <\/div>\n\n            <\/div>\n        <\/div>\n    <\/div>","protected":false},"excerpt":{"rendered":"<p>Es esa maravillosa \u00e9poca del a\u00f1o en la que las familias se re\u00fanen y celebran las fiestas con m\u00fasica, y en la que el director invitado Lawrence Loh, junto con dos populares vocalistas, la soprano Jasmine Habersham y el bar\u00edtono Reginald Smith, Jr. vuelven para cantar canciones favoritas de las fiestas.<\/p>","protected":false},"featured_media":29202,"template":"","dso_concert_series":[39,32],"class_list":["post-24804","dso_prod_season","type-dso_prod_season","status-publish","has-post-thumbnail","hentry","dso_concert_series-holiday","dso_concert_series-pops"],"acf":[],"_links":{"self":[{"href":"https:\/\/www.dallassymphony.org\/es\/wp-json\/wp\/v2\/dso_prod_season\/24804","targetHints":{"allow":["GET"]}}],"collection":[{"href":"https:\/\/www.dallassymphony.org\/es\/wp-json\/wp\/v2\/dso_prod_season"}],"about":[{"href":"https:\/\/www.dallassymphony.org\/es\/wp-json\/wp\/v2\/types\/dso_prod_season"}],"version-history":[{"count":0,"href":"https:\/\/www.dallassymphony.org\/es\/wp-json\/wp\/v2\/dso_prod_season\/24804\/revisions"}],"wp:featuredmedia":[{"embeddable":true,"href":"https:\/\/www.dallassymphony.org\/es\/wp-json\/wp\/v2\/media\/29202"}],"wp:attachment":[{"href":"https:\/\/www.dallassymphony.org\/es\/wp-json\/wp\/v2\/media?parent=24804"}],"wp:term":[{"taxonomy":"dso_concert_series","embeddable":true,"href":"https:\/\/www.dallassymphony.org\/es\/wp-json\/wp\/v2\/dso_concert_series?post=24804"}],"curies":[{"name":"wp","href":"https:\/\/api.w.org\/{rel}","templated":true}]}}