{"id":24781,"date":"2025-03-13T10:00:00","date_gmt":"2025-03-13T15:00:00","guid":{"rendered":"https:\/\/www.dallassymphony.org\/?post_type=dso_prod_season&#038;p=24781"},"modified":"2026-04-24T11:36:29","modified_gmt":"2026-04-24T16:36:29","slug":"stravinskys-the-firebird","status":"publish","type":"dso_prod_season","link":"https:\/\/www.dallassymphony.org\/es\/productions\/stravinskys-the-firebird\/","title":{"rendered":"El p\u00e1jaro de fuego de Stravinsky"},"content":{"rendered":"<div class=\"buy-tickets\">\n    <div class=\"container\">\n        <div class=\"row\">\n            <div class=\"col-lg-12\">\n                <div class=\"slideshow__controls justify-content-start\">\n                    <button class=\"controls__prev ticket-controls__prev\">\n                        <svg xmlns=\"http:\/\/www.w3.org\/2000\/svg\" enable-background=\"new 0 0 24 24\" height=\"24\" viewbox=\"0 0 24 24\" width=\"24\">\n                            <g><rect fill=\"none\" height=\"24\" width=\"24\"\/><path d=\"M12,4c4.41,0,8,3.59,8,8s-3.59,8-8,8s-8-3.59-8-8S7.59,4,12,4 M12,2C6.48,2,2,6.48,2,12c0,5.52,4.48,10,10,10 c5.52,0,10-4.48,10-10C22,6.48,17.52,2,12,2L12,2z M13,12l0-4h-2l0,4H8l4,4l4-4H13z\"\/><\/g>\n                        <\/svg>\n                    <\/button>\n                    <button class=\"controls__next ticket-controls__next\">\n                        <svg xmlns=\"http:\/\/www.w3.org\/2000\/svg\" enable-background=\"new 0 0 24 24\" height=\"24\" viewbox=\"0 0 24 24\" width=\"24\">\n                            <g><rect fill=\"none\" height=\"24\" width=\"24\"\/><path d=\"M12,4c4.41,0,8,3.59,8,8s-3.59,8-8,8s-8-3.59-8-8S7.59,4,12,4 M12,2C6.48,2,2,6.48,2,12c0,5.52,4.48,10,10,10 c5.52,0,10-4.48,10-10C22,6.48,17.52,2,12,2L12,2z M13,12l0-4h-2l0,4H8l4,4l4-4H13z\"\/><\/g>\n                        <\/svg>\n                    <\/button>\n                <\/div>\n            <\/div>\n        <\/div>\n        <div class=\"row\">\n            <div class=\"col-lg-12\">\n                <div class=\"ticket-slideshow\">\n                    <div class=\"single-ticket\">\n    <p>viernes<br>\n        01 de mayo de 2026        <br>\n        7:30pm<\/p>\n\n    <p class=\"optional-msg\">\n            <\/p>\n        <a href=\"https:\/\/secure.dallassymphony.org\/15704\/15706\">\n\t\t<span class=\"a-hover\">Compra de entradas<\/span>\n\t<\/a>\n    <p class=\"buy-tickets__starting-at\"><\/p>\n    <\/div>\n<div class=\"single-ticket\">\n    <p>s\u00e1bado<br>\n        02 de mayo de 2026        <br>\n        7:30pm<\/p>\n\n    <p class=\"optional-msg\">\n            <\/p>\n        <a href=\"https:\/\/secure.dallassymphony.org\/15704\/15707\">\n\t\t<span class=\"a-hover\">Compra de entradas<\/span>\n\t<\/a>\n    <p class=\"buy-tickets__starting-at\"><\/p>\n    <\/div>\n<div class=\"single-ticket\">\n    <p>domingo<br>\n        03 de mayo de 2026        <br>\n        2:00pm<\/p>\n\n    <p class=\"optional-msg\">\n            <\/p>\n        <a href=\"https:\/\/secure.dallassymphony.org\/15704\/15708\">\n\t\t<span class=\"a-hover\">Compra de entradas<\/span>\n\t<\/a>\n    <p class=\"buy-tickets__starting-at\"><\/p>\n    <\/div>\n                <\/div>\n            <\/div>\n        <\/div>\n    <\/div>\n<\/div>\n\n\n\n<div class=\"richtext m-spacer\">\n\t<div class=\"container\">\n\t\t<div class=\"row\">\n\t\t\t<div class=\"col-10\">\n\t\t\t\t\n\n\n\n<p><strong>FABIO LUISI<\/strong> lleva a cabo<\/p>\n\n\n\n<p><strong>GLINKA <\/strong>Obertura de <em>Ruslan y Ludmila<\/em><br><strong>TCHAIKOVSKY <\/strong>Sinfon\u00eda n\u00ba 2 en do menor, \"Peque\u00f1a rusa\"<br><strong>STRAVINSKY <\/strong><em>El P\u00e1jaro de Fuego<\/em> Suite (1945)<\/p>\n\n\n\n<p>El director musical Fabio Luisi se meter\u00e1 en la piel de Stravinsky para dirigir una r\u00e9plica del concierto de 1946, cuando el gran compositor dirigi\u00f3 la DSO. <em>en estas mismas obras<\/em> - un inspirado programa de m\u00fasica rusa por excelencia. Para ello, tenemos una pista en el sobrenombre de la Segunda Sinfon\u00eda de Chaikovski, con el movimiento final hilando coloridas variaciones sobre \"La grulla\", una animada canci\u00f3n folcl\u00f3rica en boca de todos en aquella \u00e9poca. <em>El p\u00e1jaro de fuego<\/em> El ex\u00f3tico escenario es propio de los cuentos de hadas: un pr\u00edncipe, 13 princesas, la pluma m\u00e1gica del P\u00e1jaro de Fuego y un ogro. Sus atrevidos colores orquestales brillan y palpitan, creando efectos fant\u00e1sticos -de primitivos a luminosos- que conducen a un cl\u00edmax espectacular y resplandeciente.<\/p>\n\n\n\n<p><strong>Las entradas cuestan a partir de $33 (tasas incluidas).<\/strong><\/p>\n\n\n\n<hr class=\"wp-block-separator has-text-color has-cyan-bluish-gray-color has-alpha-channel-opacity has-cyan-bluish-gray-background-color has-background\"\/>\n\n\n\n<p><strong>CONOCE A LOS M\u00daSICOS<\/strong><br>\u00a1Acomp\u00e1\u00f1enos en el vest\u00edbulo despu\u00e9s de la funci\u00f3n del s\u00e1bado, disfrute de una bebida y conozca a algunos de los m\u00fasicos de la DSO que dan vida a la m\u00fasica! Esta reuni\u00f3n informal y divertida tras el concierto es una oportunidad para conocer a la orquesta m\u00e1s all\u00e1 del escenario.<\/p>\n\n\n\n<hr class=\"wp-block-separator has-text-color has-cyan-bluish-gray-color has-alpha-channel-opacity has-cyan-bluish-gray-background-color has-background\"\/>\n\n\n<section class=\"bulk-content m-spacer\">\n    <div class=\"container\">\n        <div class=\"row\">\n            <div class=\"col-lg-12\">\n                <!-- wp:paragraph {\"style\":{\"color\":{\"background\":\"#e5e5e5\"}}} -->\n<p class=\"has-background\" style=\"background-color:#e5e5e5\"><strong>PRELUDIOS DE ACTUACI\u00d3N<\/strong><br>\u00a1Acomp\u00e1\u00f1enos en una charla especial previa al concierto con la directora asistente Shira Samuels-Shragg! Las charlas tendr\u00e1n lugar desde Horchow Hall a partir de las 18:30 cada tarde de concierto y a las 13:00 el domingo.<\/p>\n<!-- \/wp:paragraph -->            <\/div>\n        <\/div>\n    <\/div>\n<\/section>\n\n\n\n<div style=\"height:9px\" aria-hidden=\"true\" class=\"wp-block-spacer\"><\/div>\n\n\n\n<div class=\"wp-block-columns is-layout-flex wp-container-core-columns-is-layout-9d6595d7 wp-block-columns-is-layout-flex\">\n<div class=\"wp-block-column is-layout-flow wp-block-column-is-layout-flow\" style=\"flex-basis:11%\"><div class=\"wp-block-image\">\n<figure class=\"alignleft size-full is-resized\"><img loading=\"lazy\" decoding=\"async\" width=\"939\" height=\"631\" src=\"https:\/\/www.dallassymphony.org\/wp-content\/uploads\/2025\/03\/DSO-125-Logo_MarkYRS-Gradient.png\" alt=\"\" class=\"wp-image-25101\" style=\"aspect-ratio:1.4881141045958794;object-fit:contain;width:125px\" srcset=\"https:\/\/www.dallassymphony.org\/wp-content\/uploads\/2025\/03\/DSO-125-Logo_MarkYRS-Gradient.png 939w, https:\/\/www.dallassymphony.org\/wp-content\/uploads\/2025\/03\/DSO-125-Logo_MarkYRS-Gradient-300x202.png 300w, https:\/\/www.dallassymphony.org\/wp-content\/uploads\/2025\/03\/DSO-125-Logo_MarkYRS-Gradient-768x516.png 768w, https:\/\/www.dallassymphony.org\/wp-content\/uploads\/2025\/03\/DSO-125-Logo_MarkYRS-Gradient-18x12.png 18w, https:\/\/www.dallassymphony.org\/wp-content\/uploads\/2025\/03\/DSO-125-Logo_MarkYRS-Gradient-350x234.png 350w\" sizes=\"auto, (max-width: 939px) 100vw, 939px\" \/><\/figure>\n<\/div><\/div>\n\n\n\n<div class=\"wp-block-column is-layout-flow wp-block-column-is-layout-flow\" style=\"flex-basis:89%\">\n<div style=\"height:8px\" aria-hidden=\"true\" class=\"wp-block-spacer\"><\/div>\n\n\n\n<h4 class=\"wp-block-heading has-text-align-left\">Este concierto celebra los 125 a\u00f1os de la DSO<sup>th<\/sup> Aniversario. En 1946, Igor Stravinsky dirigi\u00f3 a la Sinf\u00f3nica de Dallas en este mismo programa.<\/h4>\n<\/div>\n<\/div>\n\n\n\n<div style=\"height:20px\" aria-hidden=\"true\" class=\"wp-block-spacer\"><\/div>\n\n\n\n<figure class=\"wp-block-image size-full is-resized\"><img loading=\"lazy\" decoding=\"async\" width=\"710\" height=\"216\" src=\"https:\/\/www.dallassymphony.org\/wp-content\/uploads\/2025\/10\/TI-Classical-25-Year-Series_Web_Horz-Black.jpg\" alt=\"\" class=\"wp-image-28503\" style=\"width:299px\" srcset=\"https:\/\/www.dallassymphony.org\/wp-content\/uploads\/2025\/10\/TI-Classical-25-Year-Series_Web_Horz-Black.jpg 710w, https:\/\/www.dallassymphony.org\/wp-content\/uploads\/2025\/10\/TI-Classical-25-Year-Series_Web_Horz-Black-300x91.jpg 300w, https:\/\/www.dallassymphony.org\/wp-content\/uploads\/2025\/10\/TI-Classical-25-Year-Series_Web_Horz-Black-18x5.jpg 18w\" sizes=\"auto, (max-width: 710px) 100vw, 710px\" \/><\/figure>\n\n\n<section class=\"bulk-content m-spacer\">\n    <div class=\"container\">\n        <div class=\"row\">\n            <div class=\"col-lg-12\">\n                <!-- wp:columns -->\n<div class=\"wp-block-columns\"><!-- wp:column -->\n<div class=\"wp-block-column\"><!-- wp:quote -->\n<blockquote class=\"wp-block-quote\"><!-- wp:heading {\"level\":3} -->\n<h3 class=\"wp-block-heading\">Combine y ahorre<\/h3>\n<!-- \/wp:heading -->\n\n<!-- wp:paragraph -->\n<p>Combine 3 o m\u00e1s conciertos para recibir 20% de descuento en su compra y otras ventajas.<\/p>\n<!-- \/wp:paragraph --><cite><a href=\"https:\/\/www.dallassymphony.org\/es\/ticket-packages-25-26\/\">M\u00e1s informaci\u00f3n<\/a><\/cite><\/blockquote>\n<!-- \/wp:quote --><\/div>\n<!-- \/wp:column -->\n\n<!-- wp:column -->\n<div class=\"wp-block-column\"><!-- wp:quote -->\n<blockquote class=\"wp-block-quote\"><!-- wp:heading {\"level\":3} -->\n<h3 class=\"wp-block-heading\">\u00bfTienes 10 o m\u00e1s personas?<\/h3>\n<!-- \/wp:heading -->\n\n<!-- wp:paragraph -->\n<p>Re\u00fana a amigos, familiares, compa\u00f1eros de trabajo, cualquier grupo de 10 o m\u00e1s personas, y ahorre con descuentos y ventajas exclusivas.<\/p>\n<!-- \/wp:paragraph --><cite><a href=\"https:\/\/www.dallassymphony.org\/es\/concerts-and-events\/group-sales\/\">M\u00e1s informaci\u00f3n<\/a><\/cite><\/blockquote>\n<!-- \/wp:quote --><\/div>\n<!-- \/wp:column --><\/div>\n<!-- \/wp:columns -->            <\/div>\n        <\/div>\n    <\/div>\n<\/section>\n\n\n\t\t\t<\/div>\n\t\t<\/div>\n\t<\/div>\n\n<\/div>\n\n\n<div class=\"container\">\n    <div class=\"row\">\n        <div class=\"col-10\">\n            <div class=\"share d-flex align-items-center\">\n                <p class=\"mb-0 serif__light-16\">COMPARTIR<\/p><div data-network=\"facebook\" class=\"st-custom-button facebook\" data-title=\"&quot;Stravinsky&#8217;s\" the firebird&quot; data-description=\"&quot;Music\" director luisi will step into stravinsky\u2019s shoes as he conducts a replica of 1946 concert, when great composer led dso in these very works \u2014 an inspired program quintessentially russian music.&quot; data-message =\"&quot;Music\" music.\r\n\r\nhttps:>Facebook<span class=\"count\"><\/span><\/div>            <\/div>\n        <\/div>\n    <\/div>\n\n<\/div>\n\n\n<div class=\"edp-musician-grid m-spacer grad-to-right\">\n\t<div class=\"container\">\n\t\t<div class=\"row\">\n\t\t\t<div class=\"col-12\">\n\t\t\t\t<h1><\/h1>\n\t\t\t\t<h2><\/h2>\n\t\t\t<\/div>\n\t\t<\/div>\n\t\t<div class=\"row\">\n\t\t\t<div class=\"col-lg-6\">\n\t<div class=\"edp__musician-card\">\n\t\t<img loading=\"lazy\" decoding=\"async\" width=\"262\" height=\"262\" src=\"https:\/\/www.dallassymphony.org\/wp-content\/uploads\/2020\/12\/Fabio-Luisi-1600-x-1600-1-262x262.jpg\" class=\"attachment-262x262 size-262x262 wp-post-image\" alt=\"FABIO LUISI DIRECTOR MUSICAL LOUISE W. &amp; EDMUND J. KAHN DIRECTOR MUSICAL\" srcset=\"https:\/\/www.dallassymphony.org\/wp-content\/uploads\/2020\/12\/Fabio-Luisi-1600-x-1600-1-262x262.jpg 262w, https:\/\/www.dallassymphony.org\/wp-content\/uploads\/2020\/12\/Fabio-Luisi-1600-x-1600-1-300x300.jpg 300w, https:\/\/www.dallassymphony.org\/wp-content\/uploads\/2020\/12\/Fabio-Luisi-1600-x-1600-1-1024x1024.jpg 1024w, https:\/\/www.dallassymphony.org\/wp-content\/uploads\/2020\/12\/Fabio-Luisi-1600-x-1600-1-150x150.jpg 150w, https:\/\/www.dallassymphony.org\/wp-content\/uploads\/2020\/12\/Fabio-Luisi-1600-x-1600-1-768x768.jpg 768w, https:\/\/www.dallassymphony.org\/wp-content\/uploads\/2020\/12\/Fabio-Luisi-1600-x-1600-1-1536x1536.jpg 1536w, https:\/\/www.dallassymphony.org\/wp-content\/uploads\/2020\/12\/Fabio-Luisi-1600-x-1600-1-12x12.jpg 12w, https:\/\/www.dallassymphony.org\/wp-content\/uploads\/2020\/12\/Fabio-Luisi-1600-x-1600-1-350x350.jpg 350w, https:\/\/www.dallassymphony.org\/wp-content\/uploads\/2020\/12\/Fabio-Luisi-1600-x-1600-1-445x445.jpg 445w, https:\/\/www.dallassymphony.org\/wp-content\/uploads\/2020\/12\/Fabio-Luisi-1600-x-1600-1.jpg 1600w\" sizes=\"auto, (max-width: 262px) 100vw, 262px\" \/>\t\t<div class=\"content__wrapper\">\n\t\t\t<h4>Fabio Luisi<\/h4>\n\n\t\t\t<p>Director musical<\/p>\n<p>Louise W. &amp; Edmund J. Kahn Direcci\u00f3n de M\u00fasica<\/p>\n\n                            <a class=\"a-hover\" href=\"https:\/\/www.dallassymphony.org\/es\/people\/fabio-luisi\/\">Leer m\u00e1s<\/a>\n            \t\t<\/div>\n\t<\/div>\n<\/div>\t\t<\/div>\n\t<\/div>\n<\/div>\n\n\n    <div class=\"featured-concerts grad-to-left m-spacer\">\n        <div class=\"container-fluid\">\n            <div class=\"row\">\n                <div class=\"col-md-7 col-7 offset-md-1\">\n                    <h1 class=\"serif__elight-58-italic\">Tambi\u00e9n puede interesarle<\/h1>\n                <\/div>\n                <div class=\"col-md-4 col-5\">\n                    <div class=\"controls__wrapper\">\n                        <div class=\"slideshow__controls d-none d-lg-block\">\n                            <button class=\"controls__prev\"  data-button-id=\"a9ee74a09a47ad1bfaf25e736ecae3a9\">\n                                <svg xmlns=\"http:\/\/www.w3.org\/2000\/svg\" enable-background=\"new 0 0 24 24\" height=\"24\" viewbox=\"0 0 24 24\" width=\"24\">\n                                    <g><rect fill=\"none\" height=\"24\" width=\"24\"\/><path d=\"M12,4c4.41,0,8,3.59,8,8s-3.59,8-8,8s-8-3.59-8-8S7.59,4,12,4 M12,2C6.48,2,2,6.48,2,12c0,5.52,4.48,10,10,10 c5.52,0,10-4.48,10-10C22,6.48,17.52,2,12,2L12,2z M13,12l0-4h-2l0,4H8l4,4l4-4H13z\"\/><\/g>\n                                <\/svg>\n                            <\/button>\n                            <button class=\"controls__next\" data-button-id=\"a9ee74a09a47ad1bfaf25e736ecae3a9\">\n                                <svg xmlns=\"http:\/\/www.w3.org\/2000\/svg\" enable-background=\"new 0 0 24 24\" height=\"24\" viewbox=\"0 0 24 24\" width=\"24\">\n                                    <g><rect fill=\"none\" height=\"24\" width=\"24\"\/><path d=\"M12,4c4.41,0,8,3.59,8,8s-3.59,8-8,8s-8-3.59-8-8S7.59,4,12,4 M12,2C6.48,2,2,6.48,2,12c0,5.52,4.48,10,10,10 c5.52,0,10-4.48,10-10C22,6.48,17.52,2,12,2L12,2z M13,12l0-4h-2l0,4H8l4,4l4-4H13z\"\/><\/g>\n                                <\/svg>\n                            <\/button>\n                        <\/div>\n\n\t                                        <\/div>\n                <\/div>\n            <\/div>\n            <div class=\"row\">\n                <div class=\"col-md-11 offset-md-1\">\n                    <div class=\"slideshow\">\n                        <div class=\"dso__slides\" data-button-id=\"a9ee74a09a47ad1bfaf25e736ecae3a9\">\n                            <div class=\"concert__card\" style=\"margin-right: 15px\">\n    <a href=\"https:\/\/www.dallassymphony.org\/es\/productions\/beethoven-bach-haydn-mozart\/\">\n        <div class=\"img__wrapper\">\n\t        <img loading=\"lazy\" decoding=\"async\" width=\"388\" height=\"218\" src=\"https:\/\/www.dallassymphony.org\/wp-content\/uploads\/2025\/03\/CLA18_BeethovenBachHaydnMozart-388x218.jpg\" class=\"attachment-388x218 size-388x218 wp-post-image\" alt=\"\" srcset=\"https:\/\/www.dallassymphony.org\/wp-content\/uploads\/2025\/03\/CLA18_BeethovenBachHaydnMozart-388x218.jpg 388w, https:\/\/www.dallassymphony.org\/wp-content\/uploads\/2025\/03\/CLA18_BeethovenBachHaydnMozart-300x169.jpg 300w, https:\/\/www.dallassymphony.org\/wp-content\/uploads\/2025\/03\/CLA18_BeethovenBachHaydnMozart-1024x576.jpg 1024w, https:\/\/www.dallassymphony.org\/wp-content\/uploads\/2025\/03\/CLA18_BeethovenBachHaydnMozart-768x432.jpg 768w, https:\/\/www.dallassymphony.org\/wp-content\/uploads\/2025\/03\/CLA18_BeethovenBachHaydnMozart-1536x864.jpg 1536w, https:\/\/www.dallassymphony.org\/wp-content\/uploads\/2025\/03\/CLA18_BeethovenBachHaydnMozart-18x10.jpg 18w, https:\/\/www.dallassymphony.org\/wp-content\/uploads\/2025\/03\/CLA18_BeethovenBachHaydnMozart-540x303.jpg 540w, https:\/\/www.dallassymphony.org\/wp-content\/uploads\/2025\/03\/CLA18_BeethovenBachHaydnMozart-666x375.jpg 666w, https:\/\/www.dallassymphony.org\/wp-content\/uploads\/2025\/03\/CLA18_BeethovenBachHaydnMozart-735x413.jpg 735w, https:\/\/www.dallassymphony.org\/wp-content\/uploads\/2025\/03\/CLA18_BeethovenBachHaydnMozart.jpg 1600w\" sizes=\"auto, (max-width: 388px) 100vw, 388px\" \/>        <\/div>\n        <div class=\"content__wrapper\">\n            <h4 class=\"serif__light-22\">\n                Beethoven, Bach, Haydn y Mozart            <\/h4>\n            <p class=\"serif__light-16-italic\">7 - 10 de mayo de 2026<\/p>\n            <p class=\"sans-cond__med-14\">M\u00e1s informaci\u00f3n y compra de entradas<\/p>\n        <\/div>\n    <\/a>\n<\/div>\n\n<div class=\"concert__card\" style=\"margin-right: 15px\">\n    <a href=\"https:\/\/www.dallassymphony.org\/es\/productions\/mahlers-symphony-of-a-thousand\/\">\n        <div class=\"img__wrapper\">\n\t        <img loading=\"lazy\" decoding=\"async\" width=\"388\" height=\"218\" src=\"https:\/\/www.dallassymphony.org\/wp-content\/uploads\/2025\/03\/25-26-Web-1600x900_CLA19_Fabio-and-Chorus-1-388x218.jpg\" class=\"attachment-388x218 size-388x218 wp-post-image\" alt=\"\" srcset=\"https:\/\/www.dallassymphony.org\/wp-content\/uploads\/2025\/03\/25-26-Web-1600x900_CLA19_Fabio-and-Chorus-1-388x218.jpg 388w, https:\/\/www.dallassymphony.org\/wp-content\/uploads\/2025\/03\/25-26-Web-1600x900_CLA19_Fabio-and-Chorus-1-300x169.jpg 300w, https:\/\/www.dallassymphony.org\/wp-content\/uploads\/2025\/03\/25-26-Web-1600x900_CLA19_Fabio-and-Chorus-1-1024x576.jpg 1024w, https:\/\/www.dallassymphony.org\/wp-content\/uploads\/2025\/03\/25-26-Web-1600x900_CLA19_Fabio-and-Chorus-1-768x432.jpg 768w, https:\/\/www.dallassymphony.org\/wp-content\/uploads\/2025\/03\/25-26-Web-1600x900_CLA19_Fabio-and-Chorus-1-1536x864.jpg 1536w, https:\/\/www.dallassymphony.org\/wp-content\/uploads\/2025\/03\/25-26-Web-1600x900_CLA19_Fabio-and-Chorus-1-18x10.jpg 18w, https:\/\/www.dallassymphony.org\/wp-content\/uploads\/2025\/03\/25-26-Web-1600x900_CLA19_Fabio-and-Chorus-1-540x303.jpg 540w, https:\/\/www.dallassymphony.org\/wp-content\/uploads\/2025\/03\/25-26-Web-1600x900_CLA19_Fabio-and-Chorus-1-666x375.jpg 666w, https:\/\/www.dallassymphony.org\/wp-content\/uploads\/2025\/03\/25-26-Web-1600x900_CLA19_Fabio-and-Chorus-1-735x413.jpg 735w, https:\/\/www.dallassymphony.org\/wp-content\/uploads\/2025\/03\/25-26-Web-1600x900_CLA19_Fabio-and-Chorus-1.jpg 1600w\" sizes=\"auto, (max-width: 388px) 100vw, 388px\" \/>        <\/div>\n        <div class=\"content__wrapper\">\n            <h4 class=\"serif__light-22\">\n                La Sinfon\u00eda de los Mil de Mahler            <\/h4>\n            <p class=\"serif__light-16-italic\">15 - 17 de mayo de 2026<\/p>\n            <p class=\"sans-cond__med-14\">M\u00e1s informaci\u00f3n y compra de entradas<\/p>\n        <\/div>\n    <\/a>\n<\/div>\n\n<div class=\"concert__card\" style=\"margin-right: 15px\">\n    <a href=\"https:\/\/www.dallassymphony.org\/es\/productions\/dvorak-korngold\/\">\n        <div class=\"img__wrapper\">\n\t        <img loading=\"lazy\" decoding=\"async\" width=\"388\" height=\"218\" src=\"https:\/\/www.dallassymphony.org\/wp-content\/uploads\/2025\/03\/CLA20-Web-Banner-388x218.jpg\" class=\"attachment-388x218 size-388x218 wp-post-image\" alt=\"\" srcset=\"https:\/\/www.dallassymphony.org\/wp-content\/uploads\/2025\/03\/CLA20-Web-Banner-388x218.jpg 388w, https:\/\/www.dallassymphony.org\/wp-content\/uploads\/2025\/03\/CLA20-Web-Banner-300x169.jpg 300w, https:\/\/www.dallassymphony.org\/wp-content\/uploads\/2025\/03\/CLA20-Web-Banner-1024x576.jpg 1024w, https:\/\/www.dallassymphony.org\/wp-content\/uploads\/2025\/03\/CLA20-Web-Banner-768x432.jpg 768w, https:\/\/www.dallassymphony.org\/wp-content\/uploads\/2025\/03\/CLA20-Web-Banner-1536x864.jpg 1536w, https:\/\/www.dallassymphony.org\/wp-content\/uploads\/2025\/03\/CLA20-Web-Banner-18x10.jpg 18w, https:\/\/www.dallassymphony.org\/wp-content\/uploads\/2025\/03\/CLA20-Web-Banner-540x303.jpg 540w, https:\/\/www.dallassymphony.org\/wp-content\/uploads\/2025\/03\/CLA20-Web-Banner-666x375.jpg 666w, https:\/\/www.dallassymphony.org\/wp-content\/uploads\/2025\/03\/CLA20-Web-Banner-735x413.jpg 735w, https:\/\/www.dallassymphony.org\/wp-content\/uploads\/2025\/03\/CLA20-Web-Banner.jpg 1600w\" sizes=\"auto, (max-width: 388px) 100vw, 388px\" \/>        <\/div>\n        <div class=\"content__wrapper\">\n            <h4 class=\"serif__light-22\">\n                Dvo\u0159\u00e1k y Korngold            <\/h4>\n            <p class=\"serif__light-16-italic\">29 y 30 de mayo de 2026<\/p>\n            <p class=\"sans-cond__med-14\">M\u00e1s informaci\u00f3n y compra de entradas<\/p>\n        <\/div>\n    <\/a>\n<\/div>\n\n                        <\/div>\n                    <\/div>\n                <\/div>\n            <\/div>\n            <div class=\"row\">\n                <div class=\"col-11 offset-1\">\n                    <div class=\"slideshow__controls d-lg-none\">\n                        <button class=\"controls__prev\" data-prev=\"#\" data-button-id=\"a9ee74a09a47ad1bfaf25e736ecae3a9\">\n                            <svg xmlns=\"http:\/\/www.w3.org\/2000\/svg\" enable-background=\"new 0 0 24 24\" height=\"24\" viewbox=\"0 0 24 24\" width=\"24\">\n                                <g><rect fill=\"none\" height=\"24\" width=\"24\"\/><path d=\"M12,4c4.41,0,8,3.59,8,8s-3.59,8-8,8s-8-3.59-8-8S7.59,4,12,4 M12,2C6.48,2,2,6.48,2,12c0,5.52,4.48,10,10,10 c5.52,0,10-4.48,10-10C22,6.48,17.52,2,12,2L12,2z M13,12l0-4h-2l0,4H8l4,4l4-4H13z\"\/><\/g>\n                            <\/svg>\n                        <\/button>\n                        <button class=\"controls__next\" data-next=\"#\" data-button-id=\"a9ee74a09a47ad1bfaf25e736ecae3a9\">\n                            <svg xmlns=\"http:\/\/www.w3.org\/2000\/svg\" enable-background=\"new 0 0 24 24\" height=\"24\" viewbox=\"0 0 24 24\" width=\"24\">\n                                <g><rect fill=\"none\" height=\"24\" width=\"24\"\/><path d=\"M12,4c4.41,0,8,3.59,8,8s-3.59,8-8,8s-8-3.59-8-8S7.59,4,12,4 M12,2C6.48,2,2,6.48,2,12c0,5.52,4.48,10,10,10 c5.52,0,10-4.48,10-10C22,6.48,17.52,2,12,2L12,2z M13,12l0-4h-2l0,4H8l4,4l4-4H13z\"\/><\/g>\n                            <\/svg>\n                        <\/button>\n                    <\/div>\n\n                <\/div>\n\n            <\/div>\n        <\/div>\n    <\/div>","protected":false},"excerpt":{"rendered":"<p>El director musical Luisi se meter\u00e1 en la piel de Stravinsky para dirigir una r\u00e9plica del concierto de 1946, cuando el gran compositor dirigi\u00f3 a la DSO en estas mismas obras: un inspirado programa de m\u00fasica rusa por excelencia.<\/p>","protected":false},"featured_media":24995,"template":"","dso_concert_series":[31],"class_list":["post-24781","dso_prod_season","type-dso_prod_season","status-publish","has-post-thumbnail","hentry","dso_concert_series-classical"],"acf":[],"_links":{"self":[{"href":"https:\/\/www.dallassymphony.org\/es\/wp-json\/wp\/v2\/dso_prod_season\/24781","targetHints":{"allow":["GET"]}}],"collection":[{"href":"https:\/\/www.dallassymphony.org\/es\/wp-json\/wp\/v2\/dso_prod_season"}],"about":[{"href":"https:\/\/www.dallassymphony.org\/es\/wp-json\/wp\/v2\/types\/dso_prod_season"}],"version-history":[{"count":2,"href":"https:\/\/www.dallassymphony.org\/es\/wp-json\/wp\/v2\/dso_prod_season\/24781\/revisions"}],"predecessor-version":[{"id":31393,"href":"https:\/\/www.dallassymphony.org\/es\/wp-json\/wp\/v2\/dso_prod_season\/24781\/revisions\/31393"}],"wp:featuredmedia":[{"embeddable":true,"href":"https:\/\/www.dallassymphony.org\/es\/wp-json\/wp\/v2\/media\/24995"}],"wp:attachment":[{"href":"https:\/\/www.dallassymphony.org\/es\/wp-json\/wp\/v2\/media?parent=24781"}],"wp:term":[{"taxonomy":"dso_concert_series","embeddable":true,"href":"https:\/\/www.dallassymphony.org\/es\/wp-json\/wp\/v2\/dso_concert_series?post=24781"}],"curies":[{"name":"wp","href":"https:\/\/api.w.org\/{rel}","templated":true}]}}