{"id":24770,"date":"2025-03-13T10:00:00","date_gmt":"2025-03-13T15:00:00","guid":{"rendered":"https:\/\/www.dallassymphony.org\/?post_type=dso_prod_season&#038;p=24770"},"modified":"2026-03-12T18:10:37","modified_gmt":"2026-03-12T23:10:37","slug":"alexi-kenney-plays-barber","status":"publish","type":"dso_prod_season","link":"https:\/\/www.dallassymphony.org\/es\/productions\/alexi-kenney-plays-barber\/","title":{"rendered":"Alexi Kenney juega a ser barbero"},"content":{"rendered":"<div class=\"richtext m-spacer\">\n\t<div class=\"container\">\n\t\t<div class=\"row\">\n\t\t\t<div class=\"col-10\">\n\t\t\t\t\n\n<blockquote class=\"wp-block-quote is-layout-flow wp-block-quote-is-layout-flow\">\n<p><strong>\u00a1Oferta especial!<\/strong> Disfruta de un descuento de 25% en el precio de tu entrada para el concierto. Usa el c\u00f3digo promocional <strong>FLASH25 <\/strong>en la esquina superior derecha de la p\u00e1gina antes de seleccionar tus asientos y consigue los mejores asientos del teatro por menos de $100!<\/p>\n<\/blockquote>\n\n\n\n<p><strong>DANIELE RUSTIONI<\/strong> lleva a cabo<br><strong>ALEXI KENNEY<\/strong> viol\u00edn<\/p>\n\n\n\n<p><strong>BARBERO <\/strong>Concierto para viol\u00edn<br><strong>CASELLA <\/strong>Sinfon\u00eda n\u00ba 2 en do menor (estreno en la DSO)<\/p>\n\n\n\n<p>El violinista Alexi Kenney y el principal director invitado del Metropolitan Opera, Daniele Rustioni, se unen en una de las obras maestras m\u00e1s interpretadas del siglo XX. Desde la primera nota, el viol\u00edn se hace notar con una serenidad l\u00edrica y, atravesando un exuberante movimiento intermedio de tonalidad algo m\u00e1s oscura, se sumerge en un <em>moto perpetua<\/em> (movimiento perpetuo) con un desenfreno que exige todos los recursos virtuosos del solista. Adem\u00e1s, la DSO interpretar\u00e1 por primera vez la Segunda Sinfon\u00eda de Casella, descrita por <em>Gram\u00f3fono <\/em>como \"una efusi\u00f3n turbulenta y deliciosamente opulenta\", que recuerda a Strauss, Mahler y Rimsky-Korsakov.<\/p>\n\n\n\n<p><strong>Las entradas cuestan a partir de $31 (gastos incluidos).<\/strong><\/p>\n\n\n<section class=\"bulk-content m-spacer\">\n    <div class=\"container\">\n        <div class=\"row\">\n            <div class=\"col-lg-12\">\n                <!-- wp:paragraph {\"style\":{\"color\":{\"background\":\"#e5e5e5\"}}} -->\n<p class=\"has-background\" style=\"background-color:#e5e5e5\"><strong>PRELUDIOS DE ACTUACI\u00d3N<\/strong><br>\u00a1Acomp\u00e1\u00f1enos en una charla especial previa al concierto con la directora asistente Shira Samuels-Shragg! Las charlas tendr\u00e1n lugar desde Horchow Hall a partir de las 18:30 cada tarde de concierto y a las 13:00 el domingo.<\/p>\n<!-- \/wp:paragraph -->            <\/div>\n        <\/div>\n    <\/div>\n<\/section>\n\n\n\n<figure class=\"wp-block-image size-full is-resized\"><img loading=\"lazy\" decoding=\"async\" width=\"710\" height=\"216\" src=\"https:\/\/www.dallassymphony.org\/wp-content\/uploads\/2025\/10\/TI-Classical-25-Year-Series_Web_Horz-Black.jpg\" alt=\"\" class=\"wp-image-28503\" style=\"width:300px\" srcset=\"https:\/\/www.dallassymphony.org\/wp-content\/uploads\/2025\/10\/TI-Classical-25-Year-Series_Web_Horz-Black.jpg 710w, https:\/\/www.dallassymphony.org\/wp-content\/uploads\/2025\/10\/TI-Classical-25-Year-Series_Web_Horz-Black-300x91.jpg 300w, https:\/\/www.dallassymphony.org\/wp-content\/uploads\/2025\/10\/TI-Classical-25-Year-Series_Web_Horz-Black-18x5.jpg 18w\" sizes=\"auto, (max-width: 710px) 100vw, 710px\" \/><\/figure>\n\n\n<section class=\"bulk-content m-spacer\">\n    <div class=\"container\">\n        <div class=\"row\">\n            <div class=\"col-lg-12\">\n                <!-- wp:columns -->\n<div class=\"wp-block-columns\"><!-- wp:column -->\n<div class=\"wp-block-column\"><!-- wp:quote -->\n<blockquote class=\"wp-block-quote\"><!-- wp:heading {\"level\":3} -->\n<h3 class=\"wp-block-heading\">Combine y ahorre<\/h3>\n<!-- \/wp:heading -->\n\n<!-- wp:paragraph -->\n<p>Combine 3 o m\u00e1s conciertos para recibir 20% de descuento en su compra y otras ventajas.<\/p>\n<!-- \/wp:paragraph --><cite><a href=\"https:\/\/www.dallassymphony.org\/es\/ticket-packages-25-26\/\">M\u00e1s informaci\u00f3n<\/a><\/cite><\/blockquote>\n<!-- \/wp:quote --><\/div>\n<!-- \/wp:column -->\n\n<!-- wp:column -->\n<div class=\"wp-block-column\"><!-- wp:quote -->\n<blockquote class=\"wp-block-quote\"><!-- wp:heading {\"level\":3} -->\n<h3 class=\"wp-block-heading\">\u00bfTienes 10 o m\u00e1s personas?<\/h3>\n<!-- \/wp:heading -->\n\n<!-- wp:paragraph -->\n<p>Re\u00fana a amigos, familiares, compa\u00f1eros de trabajo, cualquier grupo de 10 o m\u00e1s personas, y ahorre con descuentos y ventajas exclusivas.<\/p>\n<!-- \/wp:paragraph --><cite><a href=\"https:\/\/www.dallassymphony.org\/es\/concerts-and-events\/group-sales\/\">M\u00e1s informaci\u00f3n<\/a><\/cite><\/blockquote>\n<!-- \/wp:quote --><\/div>\n<!-- \/wp:column --><\/div>\n<!-- \/wp:columns -->            <\/div>\n        <\/div>\n    <\/div>\n<\/section>\n\n\n\t\t\t<\/div>\n\t\t<\/div>\n\t<\/div>\n\n<\/div>\n\n\n<div class=\"container\">\n    <div class=\"row\">\n        <div class=\"col-10\">\n            <div class=\"share d-flex align-items-center\">\n                <p class=\"mb-0 serif__light-16\">COMPARTIR<\/p><div data-network=\"facebook\" class=\"st-custom-button facebook\" data-title=\"&quot;Alexi\" kenney plays barber&quot; data-description=\"&quot;Rising\" star violinist alexi and principal guest conductor at the metropolitan opera daniele rustioni join together for one of most-performed 20th century masterpieces.&quot; data-message =\"&quot;Rising\" masterpieces.\r\n\r\nhttps:>Facebook<span class=\"count\"><\/span><\/div>            <\/div>\n        <\/div>\n    <\/div>\n\n<\/div>\n\n\n<div class=\"edp-musician-grid m-spacer grad-to-right\">\n\t<div class=\"container\">\n\t\t<div class=\"row\">\n\t\t\t<div class=\"col-12\">\n\t\t\t\t<h1><\/h1>\n\t\t\t\t<h2><\/h2>\n\t\t\t<\/div>\n\t\t<\/div>\n\t\t<div class=\"row\">\n\t\t\t<div class=\"col-lg-6\">\n\t<div class=\"edp__musician-card\">\n\t\t<img loading=\"lazy\" decoding=\"async\" width=\"262\" height=\"262\" src=\"https:\/\/www.dallassymphony.org\/wp-content\/uploads\/2023\/03\/Daniele-Rustioni-1200x1200-1-262x262.jpg\" class=\"attachment-262x262 size-262x262 wp-post-image\" alt=\"\" srcset=\"https:\/\/www.dallassymphony.org\/wp-content\/uploads\/2023\/03\/Daniele-Rustioni-1200x1200-1-262x262.jpg 262w, https:\/\/www.dallassymphony.org\/wp-content\/uploads\/2023\/03\/Daniele-Rustioni-1200x1200-1-300x300.jpg 300w, https:\/\/www.dallassymphony.org\/wp-content\/uploads\/2023\/03\/Daniele-Rustioni-1200x1200-1-1024x1024.jpg 1024w, https:\/\/www.dallassymphony.org\/wp-content\/uploads\/2023\/03\/Daniele-Rustioni-1200x1200-1-150x150.jpg 150w, https:\/\/www.dallassymphony.org\/wp-content\/uploads\/2023\/03\/Daniele-Rustioni-1200x1200-1-768x768.jpg 768w, https:\/\/www.dallassymphony.org\/wp-content\/uploads\/2023\/03\/Daniele-Rustioni-1200x1200-1-12x12.jpg 12w, https:\/\/www.dallassymphony.org\/wp-content\/uploads\/2023\/03\/Daniele-Rustioni-1200x1200-1-350x350.jpg 350w, https:\/\/www.dallassymphony.org\/wp-content\/uploads\/2023\/03\/Daniele-Rustioni-1200x1200-1-445x445.jpg 445w, https:\/\/www.dallassymphony.org\/wp-content\/uploads\/2023\/03\/Daniele-Rustioni-1200x1200-1.jpg 1200w\" sizes=\"auto, (max-width: 262px) 100vw, 262px\" \/>\t\t<div class=\"content__wrapper\">\n\t\t\t<h4>Daniele Rustioni<\/h4>\n\n\t\t\t<p>Conductor<\/p>\n\n                            <a class=\"a-hover\" href=\"https:\/\/www.dallassymphony.org\/es\/people\/daniele-rustioni\/\">Leer m\u00e1s<\/a>\n            \t\t<\/div>\n\t<\/div>\n<\/div><div class=\"col-lg-6\">\n\t<div class=\"edp__musician-card\">\n\t\t<img loading=\"lazy\" decoding=\"async\" width=\"262\" height=\"262\" src=\"https:\/\/www.dallassymphony.org\/wp-content\/uploads\/2023\/03\/Kenney_2020cMikeGrittani-01-262x262.jpg\" class=\"attachment-262x262 size-262x262 wp-post-image\" alt=\"\" srcset=\"https:\/\/www.dallassymphony.org\/wp-content\/uploads\/2023\/03\/Kenney_2020cMikeGrittani-01-262x262.jpg 262w, https:\/\/www.dallassymphony.org\/wp-content\/uploads\/2023\/03\/Kenney_2020cMikeGrittani-01-300x300.jpg 300w, https:\/\/www.dallassymphony.org\/wp-content\/uploads\/2023\/03\/Kenney_2020cMikeGrittani-01-1024x1024.jpg 1024w, https:\/\/www.dallassymphony.org\/wp-content\/uploads\/2023\/03\/Kenney_2020cMikeGrittani-01-150x150.jpg 150w, https:\/\/www.dallassymphony.org\/wp-content\/uploads\/2023\/03\/Kenney_2020cMikeGrittani-01-768x768.jpg 768w, https:\/\/www.dallassymphony.org\/wp-content\/uploads\/2023\/03\/Kenney_2020cMikeGrittani-01-12x12.jpg 12w, https:\/\/www.dallassymphony.org\/wp-content\/uploads\/2023\/03\/Kenney_2020cMikeGrittani-01-350x350.jpg 350w, https:\/\/www.dallassymphony.org\/wp-content\/uploads\/2023\/03\/Kenney_2020cMikeGrittani-01-445x445.jpg 445w, https:\/\/www.dallassymphony.org\/wp-content\/uploads\/2023\/03\/Kenney_2020cMikeGrittani-01.jpg 1200w\" sizes=\"auto, (max-width: 262px) 100vw, 262px\" \/>\t\t<div class=\"content__wrapper\">\n\t\t\t<h4>Alexi Kenney<\/h4>\n\n\t\t\t<p>Viol\u00edn<\/p>\n\n                            <a class=\"a-hover\" href=\"https:\/\/www.dallassymphony.org\/es\/people\/alexi-kenney\/\">Leer m\u00e1s<\/a>\n            \t\t<\/div>\n\t<\/div>\n<\/div>\t\t<\/div>\n\t<\/div>\n<\/div>\n\n\n    <div class=\"featured-concerts grad-to-left m-spacer\">\n        <div class=\"container-fluid\">\n            <div class=\"row\">\n                <div class=\"col-md-7 col-7 offset-md-1\">\n                    <h1 class=\"serif__elight-58-italic\">Tambi\u00e9n puede interesarle<\/h1>\n                <\/div>\n                <div class=\"col-md-4 col-5\">\n                    <div class=\"controls__wrapper\">\n                        <div class=\"slideshow__controls d-none d-lg-block\">\n                            <button class=\"controls__prev\"  data-button-id=\"ab4ef8faeb518314b874903be27a2fa2\">\n                                <svg xmlns=\"http:\/\/www.w3.org\/2000\/svg\" enable-background=\"new 0 0 24 24\" height=\"24\" viewbox=\"0 0 24 24\" width=\"24\">\n                                    <g><rect fill=\"none\" height=\"24\" width=\"24\"\/><path d=\"M12,4c4.41,0,8,3.59,8,8s-3.59,8-8,8s-8-3.59-8-8S7.59,4,12,4 M12,2C6.48,2,2,6.48,2,12c0,5.52,4.48,10,10,10 c5.52,0,10-4.48,10-10C22,6.48,17.52,2,12,2L12,2z M13,12l0-4h-2l0,4H8l4,4l4-4H13z\"\/><\/g>\n                                <\/svg>\n                            <\/button>\n                            <button class=\"controls__next\" data-button-id=\"ab4ef8faeb518314b874903be27a2fa2\">\n                                <svg xmlns=\"http:\/\/www.w3.org\/2000\/svg\" enable-background=\"new 0 0 24 24\" height=\"24\" viewbox=\"0 0 24 24\" width=\"24\">\n                                    <g><rect fill=\"none\" height=\"24\" width=\"24\"\/><path d=\"M12,4c4.41,0,8,3.59,8,8s-3.59,8-8,8s-8-3.59-8-8S7.59,4,12,4 M12,2C6.48,2,2,6.48,2,12c0,5.52,4.48,10,10,10 c5.52,0,10-4.48,10-10C22,6.48,17.52,2,12,2L12,2z M13,12l0-4h-2l0,4H8l4,4l4-4H13z\"\/><\/g>\n                                <\/svg>\n                            <\/button>\n                        <\/div>\n\n\t                                        <\/div>\n                <\/div>\n            <\/div>\n            <div class=\"row\">\n                <div class=\"col-md-11 offset-md-1\">\n                    <div class=\"slideshow\">\n                        <div class=\"dso__slides\" data-button-id=\"ab4ef8faeb518314b874903be27a2fa2\">\n                            <div class=\"concert__card\" style=\"margin-right: 15px\">\n    <a href=\"https:\/\/www.dallassymphony.org\/es\/productions\/mendelssohns-italian-symphony\/\">\n        <div class=\"img__wrapper\">\n\t        <img loading=\"lazy\" decoding=\"async\" width=\"388\" height=\"218\" src=\"https:\/\/www.dallassymphony.org\/wp-content\/uploads\/2025\/03\/25-26-Web-1600x900_CLA16_-Mendelssohns-Italian-Symphony-388x218.jpg\" class=\"attachment-388x218 size-388x218 wp-post-image\" alt=\"\" srcset=\"https:\/\/www.dallassymphony.org\/wp-content\/uploads\/2025\/03\/25-26-Web-1600x900_CLA16_-Mendelssohns-Italian-Symphony-388x218.jpg 388w, https:\/\/www.dallassymphony.org\/wp-content\/uploads\/2025\/03\/25-26-Web-1600x900_CLA16_-Mendelssohns-Italian-Symphony-300x169.jpg 300w, https:\/\/www.dallassymphony.org\/wp-content\/uploads\/2025\/03\/25-26-Web-1600x900_CLA16_-Mendelssohns-Italian-Symphony-1024x576.jpg 1024w, https:\/\/www.dallassymphony.org\/wp-content\/uploads\/2025\/03\/25-26-Web-1600x900_CLA16_-Mendelssohns-Italian-Symphony-768x432.jpg 768w, https:\/\/www.dallassymphony.org\/wp-content\/uploads\/2025\/03\/25-26-Web-1600x900_CLA16_-Mendelssohns-Italian-Symphony-1536x864.jpg 1536w, https:\/\/www.dallassymphony.org\/wp-content\/uploads\/2025\/03\/25-26-Web-1600x900_CLA16_-Mendelssohns-Italian-Symphony-18x10.jpg 18w, https:\/\/www.dallassymphony.org\/wp-content\/uploads\/2025\/03\/25-26-Web-1600x900_CLA16_-Mendelssohns-Italian-Symphony-540x303.jpg 540w, https:\/\/www.dallassymphony.org\/wp-content\/uploads\/2025\/03\/25-26-Web-1600x900_CLA16_-Mendelssohns-Italian-Symphony-666x375.jpg 666w, https:\/\/www.dallassymphony.org\/wp-content\/uploads\/2025\/03\/25-26-Web-1600x900_CLA16_-Mendelssohns-Italian-Symphony-735x413.jpg 735w, https:\/\/www.dallassymphony.org\/wp-content\/uploads\/2025\/03\/25-26-Web-1600x900_CLA16_-Mendelssohns-Italian-Symphony.jpg 1600w\" sizes=\"auto, (max-width: 388px) 100vw, 388px\" \/>        <\/div>\n        <div class=\"content__wrapper\">\n            <h4 class=\"serif__light-22\">\n                Sinfon\u00eda Italiana de Mendelssohn            <\/h4>\n            <p class=\"serif__light-16-italic\">16 - 19 abril 2026<\/p>\n            <p class=\"sans-cond__med-14\">M\u00e1s informaci\u00f3n y compra de entradas<\/p>\n        <\/div>\n    <\/a>\n<\/div>\n\n<div class=\"concert__card\" style=\"margin-right: 15px\">\n    <a href=\"https:\/\/www.dallassymphony.org\/es\/productions\/beethoven-bach-haydn-mozart\/\">\n        <div class=\"img__wrapper\">\n\t        <img loading=\"lazy\" decoding=\"async\" width=\"388\" height=\"218\" src=\"https:\/\/www.dallassymphony.org\/wp-content\/uploads\/2025\/03\/CLA18_BeethovenBachHaydnMozart-388x218.jpg\" class=\"attachment-388x218 size-388x218 wp-post-image\" alt=\"\" srcset=\"https:\/\/www.dallassymphony.org\/wp-content\/uploads\/2025\/03\/CLA18_BeethovenBachHaydnMozart-388x218.jpg 388w, https:\/\/www.dallassymphony.org\/wp-content\/uploads\/2025\/03\/CLA18_BeethovenBachHaydnMozart-300x169.jpg 300w, https:\/\/www.dallassymphony.org\/wp-content\/uploads\/2025\/03\/CLA18_BeethovenBachHaydnMozart-1024x576.jpg 1024w, https:\/\/www.dallassymphony.org\/wp-content\/uploads\/2025\/03\/CLA18_BeethovenBachHaydnMozart-768x432.jpg 768w, https:\/\/www.dallassymphony.org\/wp-content\/uploads\/2025\/03\/CLA18_BeethovenBachHaydnMozart-1536x864.jpg 1536w, https:\/\/www.dallassymphony.org\/wp-content\/uploads\/2025\/03\/CLA18_BeethovenBachHaydnMozart-18x10.jpg 18w, https:\/\/www.dallassymphony.org\/wp-content\/uploads\/2025\/03\/CLA18_BeethovenBachHaydnMozart-540x303.jpg 540w, https:\/\/www.dallassymphony.org\/wp-content\/uploads\/2025\/03\/CLA18_BeethovenBachHaydnMozart-666x375.jpg 666w, https:\/\/www.dallassymphony.org\/wp-content\/uploads\/2025\/03\/CLA18_BeethovenBachHaydnMozart-735x413.jpg 735w, https:\/\/www.dallassymphony.org\/wp-content\/uploads\/2025\/03\/CLA18_BeethovenBachHaydnMozart.jpg 1600w\" sizes=\"auto, (max-width: 388px) 100vw, 388px\" \/>        <\/div>\n        <div class=\"content__wrapper\">\n            <h4 class=\"serif__light-22\">\n                Beethoven, Bach, Haydn y Mozart            <\/h4>\n            <p class=\"serif__light-16-italic\">7 - 10 de mayo de 2026<\/p>\n            <p class=\"sans-cond__med-14\">M\u00e1s informaci\u00f3n y compra de entradas<\/p>\n        <\/div>\n    <\/a>\n<\/div>\n\n<div class=\"concert__card\" style=\"margin-right: 15px\">\n    <a href=\"https:\/\/www.dallassymphony.org\/es\/productions\/dvorak-korngold\/\">\n        <div class=\"img__wrapper\">\n\t        <img loading=\"lazy\" decoding=\"async\" width=\"388\" height=\"218\" src=\"https:\/\/www.dallassymphony.org\/wp-content\/uploads\/2025\/03\/CLA20-Web-Banner-388x218.jpg\" class=\"attachment-388x218 size-388x218 wp-post-image\" alt=\"\" srcset=\"https:\/\/www.dallassymphony.org\/wp-content\/uploads\/2025\/03\/CLA20-Web-Banner-388x218.jpg 388w, https:\/\/www.dallassymphony.org\/wp-content\/uploads\/2025\/03\/CLA20-Web-Banner-300x169.jpg 300w, https:\/\/www.dallassymphony.org\/wp-content\/uploads\/2025\/03\/CLA20-Web-Banner-1024x576.jpg 1024w, https:\/\/www.dallassymphony.org\/wp-content\/uploads\/2025\/03\/CLA20-Web-Banner-768x432.jpg 768w, https:\/\/www.dallassymphony.org\/wp-content\/uploads\/2025\/03\/CLA20-Web-Banner-1536x864.jpg 1536w, https:\/\/www.dallassymphony.org\/wp-content\/uploads\/2025\/03\/CLA20-Web-Banner-18x10.jpg 18w, https:\/\/www.dallassymphony.org\/wp-content\/uploads\/2025\/03\/CLA20-Web-Banner-540x303.jpg 540w, https:\/\/www.dallassymphony.org\/wp-content\/uploads\/2025\/03\/CLA20-Web-Banner-666x375.jpg 666w, https:\/\/www.dallassymphony.org\/wp-content\/uploads\/2025\/03\/CLA20-Web-Banner-735x413.jpg 735w, https:\/\/www.dallassymphony.org\/wp-content\/uploads\/2025\/03\/CLA20-Web-Banner.jpg 1600w\" sizes=\"auto, (max-width: 388px) 100vw, 388px\" \/>        <\/div>\n        <div class=\"content__wrapper\">\n            <h4 class=\"serif__light-22\">\n                Dvo\u0159\u00e1k y Korngold            <\/h4>\n            <p class=\"serif__light-16-italic\">29 y 30 de mayo de 2026<\/p>\n            <p class=\"sans-cond__med-14\">M\u00e1s informaci\u00f3n y compra de entradas<\/p>\n        <\/div>\n    <\/a>\n<\/div>\n\n                        <\/div>\n                    <\/div>\n                <\/div>\n            <\/div>\n            <div class=\"row\">\n                <div class=\"col-11 offset-1\">\n                    <div class=\"slideshow__controls d-lg-none\">\n                        <button class=\"controls__prev\" data-prev=\"#\" data-button-id=\"ab4ef8faeb518314b874903be27a2fa2\">\n                            <svg xmlns=\"http:\/\/www.w3.org\/2000\/svg\" enable-background=\"new 0 0 24 24\" height=\"24\" viewbox=\"0 0 24 24\" width=\"24\">\n                                <g><rect fill=\"none\" height=\"24\" width=\"24\"\/><path d=\"M12,4c4.41,0,8,3.59,8,8s-3.59,8-8,8s-8-3.59-8-8S7.59,4,12,4 M12,2C6.48,2,2,6.48,2,12c0,5.52,4.48,10,10,10 c5.52,0,10-4.48,10-10C22,6.48,17.52,2,12,2L12,2z M13,12l0-4h-2l0,4H8l4,4l4-4H13z\"\/><\/g>\n                            <\/svg>\n                        <\/button>\n                        <button class=\"controls__next\" data-next=\"#\" data-button-id=\"ab4ef8faeb518314b874903be27a2fa2\">\n                            <svg xmlns=\"http:\/\/www.w3.org\/2000\/svg\" enable-background=\"new 0 0 24 24\" height=\"24\" viewbox=\"0 0 24 24\" width=\"24\">\n                                <g><rect fill=\"none\" height=\"24\" width=\"24\"\/><path d=\"M12,4c4.41,0,8,3.59,8,8s-3.59,8-8,8s-8-3.59-8-8S7.59,4,12,4 M12,2C6.48,2,2,6.48,2,12c0,5.52,4.48,10,10,10 c5.52,0,10-4.48,10-10C22,6.48,17.52,2,12,2L12,2z M13,12l0-4h-2l0,4H8l4,4l4-4H13z\"\/><\/g>\n                            <\/svg>\n                        <\/button>\n                    <\/div>\n\n                <\/div>\n\n            <\/div>\n        <\/div>\n    <\/div>","protected":false},"excerpt":{"rendered":"<p>El violinista Alexi Kenney y el principal director invitado del Metropolitan Opera, Daniele Rustioni, se unen para interpretar una de las obras maestras m\u00e1s interpretadas del siglo XX.<\/p>","protected":false},"featured_media":24981,"template":"","dso_concert_series":[31],"class_list":["post-24770","dso_prod_season","type-dso_prod_season","status-publish","has-post-thumbnail","hentry","dso_concert_series-classical"],"acf":[],"_links":{"self":[{"href":"https:\/\/www.dallassymphony.org\/es\/wp-json\/wp\/v2\/dso_prod_season\/24770","targetHints":{"allow":["GET"]}}],"collection":[{"href":"https:\/\/www.dallassymphony.org\/es\/wp-json\/wp\/v2\/dso_prod_season"}],"about":[{"href":"https:\/\/www.dallassymphony.org\/es\/wp-json\/wp\/v2\/types\/dso_prod_season"}],"version-history":[{"count":3,"href":"https:\/\/www.dallassymphony.org\/es\/wp-json\/wp\/v2\/dso_prod_season\/24770\/revisions"}],"predecessor-version":[{"id":30946,"href":"https:\/\/www.dallassymphony.org\/es\/wp-json\/wp\/v2\/dso_prod_season\/24770\/revisions\/30946"}],"wp:featuredmedia":[{"embeddable":true,"href":"https:\/\/www.dallassymphony.org\/es\/wp-json\/wp\/v2\/media\/24981"}],"wp:attachment":[{"href":"https:\/\/www.dallassymphony.org\/es\/wp-json\/wp\/v2\/media?parent=24770"}],"wp:term":[{"taxonomy":"dso_concert_series","embeddable":true,"href":"https:\/\/www.dallassymphony.org\/es\/wp-json\/wp\/v2\/dso_concert_series?post=24770"}],"curies":[{"name":"wp","href":"https:\/\/api.w.org\/{rel}","templated":true}]}}