{"id":24754,"date":"2025-03-13T10:00:00","date_gmt":"2025-03-13T15:00:00","guid":{"rendered":"https:\/\/www.dallassymphony.org\/?post_type=dso_prod_season&#038;p=24754"},"modified":"2026-01-06T15:01:47","modified_gmt":"2026-01-06T21:01:47","slug":"luisi-conducts-bruckners-ninth","status":"publish","type":"dso_prod_season","link":"https:\/\/www.dallassymphony.org\/es\/productions\/luisi-conducts-bruckners-ninth\/","title":{"rendered":"Luisi dirige la Novena de Bruckner"},"content":{"rendered":"<div class=\"richtext m-spacer\">\n\t<div class=\"container\">\n\t\t<div class=\"row\">\n\t\t\t<div class=\"col-10\">\n\t\t\t\t\n\n\n\n<p><strong>FABIO LUISI<\/strong> lleva a cabo<\/p>\n\n\n\n<p><strong>BRUCKNER <\/strong>Sinfon\u00eda n\u00ba 9 en re menor (1896, inacabada)<\/p>\n\n\n\n<p>Las arrebatadoras sonoridades de la \u00faltima y \u00e9pica obra maestra sinf\u00f3nica de Bruckner se despliegan y elevan sublimemente como las agujas de una gran catedral, inspirando asombro y transport\u00e1ndole a un mundo con su propia concepci\u00f3n del tiempo. Hombre devotamente religioso, la dedicatoria del compositor reza: \"Al Se\u00f1or de los Se\u00f1ores, a mi querido Dios, mi \u00faltima obra, y espero que me conceda tiempo suficiente para completarla y acepte generosamente mi regalo\". Con esta sobrecogedora sinfon\u00eda, se encuentra ya en el umbral de la eternidad.<\/p>\n\n\n<section class=\"bulk-content m-spacer\">\n    <div class=\"container\">\n        <div class=\"row\">\n            <div class=\"col-lg-12\">\n                <!-- wp:paragraph {\"style\":{\"color\":{\"background\":\"#e5e5e5\"}}} -->\n<p class=\"has-background\" style=\"background-color:#e5e5e5\"><strong>PRELUDIOS DE ACTUACI\u00d3N<\/strong><br>Acomp\u00e1\u00f1enos en una charla especial previa al concierto. Las charlas tendr\u00e1n lugar desde Horchow Hall a partir de las 18:30 de cada tarde de concierto.<\/p>\n<!-- \/wp:paragraph -->            <\/div>\n        <\/div>\n    <\/div>\n<\/section>\n\n\n\n<figure class=\"wp-block-image size-full is-resized\"><img loading=\"lazy\" decoding=\"async\" width=\"710\" height=\"216\" src=\"https:\/\/www.dallassymphony.org\/wp-content\/uploads\/2025\/10\/TI-Classical-25-Year-Series_Web_Horz-Black.jpg\" alt=\"\" class=\"wp-image-28503\" style=\"width:300px\" srcset=\"https:\/\/www.dallassymphony.org\/wp-content\/uploads\/2025\/10\/TI-Classical-25-Year-Series_Web_Horz-Black.jpg 710w, https:\/\/www.dallassymphony.org\/wp-content\/uploads\/2025\/10\/TI-Classical-25-Year-Series_Web_Horz-Black-300x91.jpg 300w, https:\/\/www.dallassymphony.org\/wp-content\/uploads\/2025\/10\/TI-Classical-25-Year-Series_Web_Horz-Black-18x5.jpg 18w\" sizes=\"auto, (max-width: 710px) 100vw, 710px\" \/><\/figure>\n\n\n\n<div style=\"height:25px\" aria-hidden=\"true\" class=\"wp-block-spacer\"><\/div>\n\n\n\t\t\t<\/div>\n\t\t<\/div>\n\t<\/div>\n\n<\/div>\n\n\n<section class=\"bulk-content m-spacer\">\n    <div class=\"container\">\n        <div class=\"row\">\n            <div class=\"col-lg-12\">\n                <!-- wp:columns -->\n<div class=\"wp-block-columns\"><!-- wp:column -->\n<div class=\"wp-block-column\"><!-- wp:quote -->\n<blockquote class=\"wp-block-quote\"><!-- wp:heading {\"level\":3} -->\n<h3 class=\"wp-block-heading\">Combine y ahorre<\/h3>\n<!-- \/wp:heading -->\n\n<!-- wp:paragraph -->\n<p>Combine 3 o m\u00e1s conciertos para recibir 20% de descuento en su compra y otras ventajas.<\/p>\n<!-- \/wp:paragraph --><cite><a href=\"https:\/\/www.dallassymphony.org\/es\/ticket-packages-25-26\/\">M\u00e1s informaci\u00f3n<\/a><\/cite><\/blockquote>\n<!-- \/wp:quote --><\/div>\n<!-- \/wp:column -->\n\n<!-- wp:column -->\n<div class=\"wp-block-column\"><!-- wp:quote -->\n<blockquote class=\"wp-block-quote\"><!-- wp:heading {\"level\":3} -->\n<h3 class=\"wp-block-heading\">\u00bfTienes 10 o m\u00e1s personas?<\/h3>\n<!-- \/wp:heading -->\n\n<!-- wp:paragraph -->\n<p>Re\u00fana a amigos, familiares, compa\u00f1eros de trabajo, cualquier grupo de 10 o m\u00e1s personas, y ahorre con descuentos y ventajas exclusivas.<\/p>\n<!-- \/wp:paragraph --><cite><a href=\"https:\/\/www.dallassymphony.org\/es\/concerts-and-events\/group-sales\/\">M\u00e1s informaci\u00f3n<\/a><\/cite><\/blockquote>\n<!-- \/wp:quote --><\/div>\n<!-- \/wp:column --><\/div>\n<!-- \/wp:columns -->            <\/div>\n        <\/div>\n    <\/div>\n<\/section>\n\n\n<div class=\"container\">\n    <div class=\"row\">\n        <div class=\"col-10\">\n            <div class=\"share d-flex align-items-center\">\n                <p class=\"mb-0 serif__light-16\">COMPARTIR<\/p><div data-network=\"facebook\" class=\"st-custom-button facebook\" data-title=\"&quot;Luisi\" conducts bruckner\u2019s ninth&quot; data-description=\"&quot;The\" sweeping sonorities of epic, final symphonic masterpiece unfold and rise sublimely like spires a grand cathedral, inspiring awe transporting you to world with its own conception time.&quot; data-message =\"&quot;The\" time.\r\n\r\nhttps:>Facebook<span class=\"count\"><\/span><\/div>            <\/div>\n        <\/div>\n    <\/div>\n\n<\/div>\n\n\n<div class=\"edp-musician-grid m-spacer grad-to-right\">\n\t<div class=\"container\">\n\t\t<div class=\"row\">\n\t\t\t<div class=\"col-12\">\n\t\t\t\t<h1><\/h1>\n\t\t\t\t<h2><\/h2>\n\t\t\t<\/div>\n\t\t<\/div>\n\t\t<div class=\"row\">\n\t\t\t<div class=\"col-lg-6\">\n\t<div class=\"edp__musician-card\">\n\t\t<img loading=\"lazy\" decoding=\"async\" width=\"262\" height=\"262\" src=\"https:\/\/www.dallassymphony.org\/wp-content\/uploads\/2020\/12\/Fabio-Luisi-1600-x-1600-1-262x262.jpg\" class=\"attachment-262x262 size-262x262 wp-post-image\" alt=\"FABIO LUISI DIRECTOR MUSICAL LOUISE W. &amp; EDMUND J. KAHN DIRECTOR MUSICAL\" srcset=\"https:\/\/www.dallassymphony.org\/wp-content\/uploads\/2020\/12\/Fabio-Luisi-1600-x-1600-1-262x262.jpg 262w, https:\/\/www.dallassymphony.org\/wp-content\/uploads\/2020\/12\/Fabio-Luisi-1600-x-1600-1-300x300.jpg 300w, https:\/\/www.dallassymphony.org\/wp-content\/uploads\/2020\/12\/Fabio-Luisi-1600-x-1600-1-1024x1024.jpg 1024w, https:\/\/www.dallassymphony.org\/wp-content\/uploads\/2020\/12\/Fabio-Luisi-1600-x-1600-1-150x150.jpg 150w, https:\/\/www.dallassymphony.org\/wp-content\/uploads\/2020\/12\/Fabio-Luisi-1600-x-1600-1-768x768.jpg 768w, https:\/\/www.dallassymphony.org\/wp-content\/uploads\/2020\/12\/Fabio-Luisi-1600-x-1600-1-1536x1536.jpg 1536w, https:\/\/www.dallassymphony.org\/wp-content\/uploads\/2020\/12\/Fabio-Luisi-1600-x-1600-1-12x12.jpg 12w, https:\/\/www.dallassymphony.org\/wp-content\/uploads\/2020\/12\/Fabio-Luisi-1600-x-1600-1-350x350.jpg 350w, https:\/\/www.dallassymphony.org\/wp-content\/uploads\/2020\/12\/Fabio-Luisi-1600-x-1600-1-445x445.jpg 445w, https:\/\/www.dallassymphony.org\/wp-content\/uploads\/2020\/12\/Fabio-Luisi-1600-x-1600-1.jpg 1600w\" sizes=\"auto, (max-width: 262px) 100vw, 262px\" \/>\t\t<div class=\"content__wrapper\">\n\t\t\t<h4>Fabio Luisi<\/h4>\n\n\t\t\t<p>Director musical<\/p>\n<p>Louise W. &amp; Edmund J. Kahn Direcci\u00f3n de M\u00fasica<\/p>\n\n                            <a class=\"a-hover\" href=\"https:\/\/www.dallassymphony.org\/es\/people\/fabio-luisi\/\">Leer m\u00e1s<\/a>\n            \t\t<\/div>\n\t<\/div>\n<\/div>\t\t<\/div>\n\t<\/div>\n<\/div>\n\n\n    <div class=\"featured-concerts grad-to-left m-spacer\">\n        <div class=\"container-fluid\">\n            <div class=\"row\">\n                <div class=\"col-md-7 col-7 offset-md-1\">\n                    <h1 class=\"serif__elight-58-italic\">Tambi\u00e9n puede interesarle<\/h1>\n                <\/div>\n                <div class=\"col-md-4 col-5\">\n                    <div class=\"controls__wrapper\">\n                        <div class=\"slideshow__controls d-none d-lg-block\">\n                            <button class=\"controls__prev\"  data-button-id=\"34c263207a203e21c656d43abe665da2\">\n                                <svg xmlns=\"http:\/\/www.w3.org\/2000\/svg\" enable-background=\"new 0 0 24 24\" height=\"24\" viewbox=\"0 0 24 24\" width=\"24\">\n                                    <g><rect fill=\"none\" height=\"24\" width=\"24\"\/><path d=\"M12,4c4.41,0,8,3.59,8,8s-3.59,8-8,8s-8-3.59-8-8S7.59,4,12,4 M12,2C6.48,2,2,6.48,2,12c0,5.52,4.48,10,10,10 c5.52,0,10-4.48,10-10C22,6.48,17.52,2,12,2L12,2z M13,12l0-4h-2l0,4H8l4,4l4-4H13z\"\/><\/g>\n                                <\/svg>\n                            <\/button>\n                            <button class=\"controls__next\" data-button-id=\"34c263207a203e21c656d43abe665da2\">\n                                <svg xmlns=\"http:\/\/www.w3.org\/2000\/svg\" enable-background=\"new 0 0 24 24\" height=\"24\" viewbox=\"0 0 24 24\" width=\"24\">\n                                    <g><rect fill=\"none\" height=\"24\" width=\"24\"\/><path d=\"M12,4c4.41,0,8,3.59,8,8s-3.59,8-8,8s-8-3.59-8-8S7.59,4,12,4 M12,2C6.48,2,2,6.48,2,12c0,5.52,4.48,10,10,10 c5.52,0,10-4.48,10-10C22,6.48,17.52,2,12,2L12,2z M13,12l0-4h-2l0,4H8l4,4l4-4H13z\"\/><\/g>\n                                <\/svg>\n                            <\/button>\n                        <\/div>\n\n\t                                        <\/div>\n                <\/div>\n            <\/div>\n            <div class=\"row\">\n                <div class=\"col-md-11 offset-md-1\">\n                    <div class=\"slideshow\">\n                        <div class=\"dso__slides\" data-button-id=\"34c263207a203e21c656d43abe665da2\">\n                            <div class=\"concert__card\" style=\"margin-right: 15px\">\n    <a href=\"https:\/\/www.dallassymphony.org\/es\/productions\/mussorgskys-pictures-at-an-exhibition\/\">\n        <div class=\"img__wrapper\">\n\t        <img loading=\"lazy\" decoding=\"async\" width=\"388\" height=\"218\" src=\"https:\/\/www.dallassymphony.org\/wp-content\/uploads\/2025\/03\/25-26-Web-1600x900_CLA12_Kovakos-388x218.jpg\" class=\"attachment-388x218 size-388x218 wp-post-image\" alt=\"\" srcset=\"https:\/\/www.dallassymphony.org\/wp-content\/uploads\/2025\/03\/25-26-Web-1600x900_CLA12_Kovakos-388x218.jpg 388w, https:\/\/www.dallassymphony.org\/wp-content\/uploads\/2025\/03\/25-26-Web-1600x900_CLA12_Kovakos-300x169.jpg 300w, https:\/\/www.dallassymphony.org\/wp-content\/uploads\/2025\/03\/25-26-Web-1600x900_CLA12_Kovakos-1024x576.jpg 1024w, https:\/\/www.dallassymphony.org\/wp-content\/uploads\/2025\/03\/25-26-Web-1600x900_CLA12_Kovakos-768x432.jpg 768w, https:\/\/www.dallassymphony.org\/wp-content\/uploads\/2025\/03\/25-26-Web-1600x900_CLA12_Kovakos-1536x864.jpg 1536w, https:\/\/www.dallassymphony.org\/wp-content\/uploads\/2025\/03\/25-26-Web-1600x900_CLA12_Kovakos-18x10.jpg 18w, https:\/\/www.dallassymphony.org\/wp-content\/uploads\/2025\/03\/25-26-Web-1600x900_CLA12_Kovakos-540x303.jpg 540w, https:\/\/www.dallassymphony.org\/wp-content\/uploads\/2025\/03\/25-26-Web-1600x900_CLA12_Kovakos-666x375.jpg 666w, https:\/\/www.dallassymphony.org\/wp-content\/uploads\/2025\/03\/25-26-Web-1600x900_CLA12_Kovakos-735x413.jpg 735w, https:\/\/www.dallassymphony.org\/wp-content\/uploads\/2025\/03\/25-26-Web-1600x900_CLA12_Kovakos.jpg 1600w\" sizes=\"auto, (max-width: 388px) 100vw, 388px\" \/>        <\/div>\n        <div class=\"content__wrapper\">\n            <h4 class=\"serif__light-22\">\n                Cuadros de una exposici\u00f3n de Mussorgsky            <\/h4>\n            <p class=\"serif__light-16-italic\">27 de febrero - 1 de marzo de 2026<\/p>\n            <p class=\"sans-cond__med-14\">M\u00e1s informaci\u00f3n y compra de entradas<\/p>\n        <\/div>\n    <\/a>\n<\/div>\n\n<div class=\"concert__card\" style=\"margin-right: 15px\">\n    <a href=\"https:\/\/www.dallassymphony.org\/es\/productions\/bartok-rozsa-brahms\/\">\n        <div class=\"img__wrapper\">\n\t        <img loading=\"lazy\" decoding=\"async\" width=\"388\" height=\"218\" src=\"https:\/\/www.dallassymphony.org\/wp-content\/uploads\/2025\/03\/25-26-Web-1600x900_CLA15_Bartok-Rozsa-and-Brahms-1-388x218.jpg\" class=\"attachment-388x218 size-388x218 wp-post-image\" alt=\"\" srcset=\"https:\/\/www.dallassymphony.org\/wp-content\/uploads\/2025\/03\/25-26-Web-1600x900_CLA15_Bartok-Rozsa-and-Brahms-1-388x218.jpg 388w, https:\/\/www.dallassymphony.org\/wp-content\/uploads\/2025\/03\/25-26-Web-1600x900_CLA15_Bartok-Rozsa-and-Brahms-1-300x169.jpg 300w, https:\/\/www.dallassymphony.org\/wp-content\/uploads\/2025\/03\/25-26-Web-1600x900_CLA15_Bartok-Rozsa-and-Brahms-1-1024x576.jpg 1024w, https:\/\/www.dallassymphony.org\/wp-content\/uploads\/2025\/03\/25-26-Web-1600x900_CLA15_Bartok-Rozsa-and-Brahms-1-768x432.jpg 768w, https:\/\/www.dallassymphony.org\/wp-content\/uploads\/2025\/03\/25-26-Web-1600x900_CLA15_Bartok-Rozsa-and-Brahms-1-1536x864.jpg 1536w, https:\/\/www.dallassymphony.org\/wp-content\/uploads\/2025\/03\/25-26-Web-1600x900_CLA15_Bartok-Rozsa-and-Brahms-1-18x10.jpg 18w, https:\/\/www.dallassymphony.org\/wp-content\/uploads\/2025\/03\/25-26-Web-1600x900_CLA15_Bartok-Rozsa-and-Brahms-1-540x303.jpg 540w, https:\/\/www.dallassymphony.org\/wp-content\/uploads\/2025\/03\/25-26-Web-1600x900_CLA15_Bartok-Rozsa-and-Brahms-1-666x375.jpg 666w, https:\/\/www.dallassymphony.org\/wp-content\/uploads\/2025\/03\/25-26-Web-1600x900_CLA15_Bartok-Rozsa-and-Brahms-1-735x413.jpg 735w, https:\/\/www.dallassymphony.org\/wp-content\/uploads\/2025\/03\/25-26-Web-1600x900_CLA15_Bartok-Rozsa-and-Brahms-1.jpg 1600w\" sizes=\"auto, (max-width: 388px) 100vw, 388px\" \/>        <\/div>\n        <div class=\"content__wrapper\">\n            <h4 class=\"serif__light-22\">\n                Bart\u00f3k, R\u00f3zsa y Brahms            <\/h4>\n            <p class=\"serif__light-16-italic\">26 - 28 de marzo de 2026<\/p>\n            <p class=\"sans-cond__med-14\">M\u00e1s informaci\u00f3n y compra de entradas<\/p>\n        <\/div>\n    <\/a>\n<\/div>\n\n<div class=\"concert__card\" style=\"margin-right: 15px\">\n    <a href=\"https:\/\/www.dallassymphony.org\/es\/productions\/mahlers-symphony-of-a-thousand\/\">\n        <div class=\"img__wrapper\">\n\t        <img loading=\"lazy\" decoding=\"async\" width=\"388\" height=\"218\" src=\"https:\/\/www.dallassymphony.org\/wp-content\/uploads\/2025\/03\/25-26-Web-1600x900_CLA19_Fabio-and-Chorus-1-388x218.jpg\" class=\"attachment-388x218 size-388x218 wp-post-image\" alt=\"\" srcset=\"https:\/\/www.dallassymphony.org\/wp-content\/uploads\/2025\/03\/25-26-Web-1600x900_CLA19_Fabio-and-Chorus-1-388x218.jpg 388w, https:\/\/www.dallassymphony.org\/wp-content\/uploads\/2025\/03\/25-26-Web-1600x900_CLA19_Fabio-and-Chorus-1-300x169.jpg 300w, https:\/\/www.dallassymphony.org\/wp-content\/uploads\/2025\/03\/25-26-Web-1600x900_CLA19_Fabio-and-Chorus-1-1024x576.jpg 1024w, https:\/\/www.dallassymphony.org\/wp-content\/uploads\/2025\/03\/25-26-Web-1600x900_CLA19_Fabio-and-Chorus-1-768x432.jpg 768w, https:\/\/www.dallassymphony.org\/wp-content\/uploads\/2025\/03\/25-26-Web-1600x900_CLA19_Fabio-and-Chorus-1-1536x864.jpg 1536w, https:\/\/www.dallassymphony.org\/wp-content\/uploads\/2025\/03\/25-26-Web-1600x900_CLA19_Fabio-and-Chorus-1-18x10.jpg 18w, https:\/\/www.dallassymphony.org\/wp-content\/uploads\/2025\/03\/25-26-Web-1600x900_CLA19_Fabio-and-Chorus-1-540x303.jpg 540w, https:\/\/www.dallassymphony.org\/wp-content\/uploads\/2025\/03\/25-26-Web-1600x900_CLA19_Fabio-and-Chorus-1-666x375.jpg 666w, https:\/\/www.dallassymphony.org\/wp-content\/uploads\/2025\/03\/25-26-Web-1600x900_CLA19_Fabio-and-Chorus-1-735x413.jpg 735w, https:\/\/www.dallassymphony.org\/wp-content\/uploads\/2025\/03\/25-26-Web-1600x900_CLA19_Fabio-and-Chorus-1.jpg 1600w\" sizes=\"auto, (max-width: 388px) 100vw, 388px\" \/>        <\/div>\n        <div class=\"content__wrapper\">\n            <h4 class=\"serif__light-22\">\n                La Sinfon\u00eda de los Mil de Mahler            <\/h4>\n            <p class=\"serif__light-16-italic\">15 - 17 de mayo de 2026<\/p>\n            <p class=\"sans-cond__med-14\">M\u00e1s informaci\u00f3n y compra de entradas<\/p>\n        <\/div>\n    <\/a>\n<\/div>\n\n                        <\/div>\n                    <\/div>\n                <\/div>\n            <\/div>\n            <div class=\"row\">\n                <div class=\"col-11 offset-1\">\n                    <div class=\"slideshow__controls d-lg-none\">\n                        <button class=\"controls__prev\" data-prev=\"#\" data-button-id=\"34c263207a203e21c656d43abe665da2\">\n                            <svg xmlns=\"http:\/\/www.w3.org\/2000\/svg\" enable-background=\"new 0 0 24 24\" height=\"24\" viewbox=\"0 0 24 24\" width=\"24\">\n                                <g><rect fill=\"none\" height=\"24\" width=\"24\"\/><path d=\"M12,4c4.41,0,8,3.59,8,8s-3.59,8-8,8s-8-3.59-8-8S7.59,4,12,4 M12,2C6.48,2,2,6.48,2,12c0,5.52,4.48,10,10,10 c5.52,0,10-4.48,10-10C22,6.48,17.52,2,12,2L12,2z M13,12l0-4h-2l0,4H8l4,4l4-4H13z\"\/><\/g>\n                            <\/svg>\n                        <\/button>\n                        <button class=\"controls__next\" data-next=\"#\" data-button-id=\"34c263207a203e21c656d43abe665da2\">\n                            <svg xmlns=\"http:\/\/www.w3.org\/2000\/svg\" enable-background=\"new 0 0 24 24\" height=\"24\" viewbox=\"0 0 24 24\" width=\"24\">\n                                <g><rect fill=\"none\" height=\"24\" width=\"24\"\/><path d=\"M12,4c4.41,0,8,3.59,8,8s-3.59,8-8,8s-8-3.59-8-8S7.59,4,12,4 M12,2C6.48,2,2,6.48,2,12c0,5.52,4.48,10,10,10 c5.52,0,10-4.48,10-10C22,6.48,17.52,2,12,2L12,2z M13,12l0-4h-2l0,4H8l4,4l4-4H13z\"\/><\/g>\n                            <\/svg>\n                        <\/button>\n                    <\/div>\n\n                <\/div>\n\n            <\/div>\n        <\/div>\n    <\/div>","protected":false},"excerpt":{"rendered":"<p>Las arrebatadoras sonoridades de la \u00e9pica y \u00faltima obra maestra sinf\u00f3nica de Bruckner se despliegan y elevan sublimemente como las agujas de una gran catedral, inspirando asombro y transport\u00e1ndole a un mundo con su propia concepci\u00f3n del tiempo.<\/p>","protected":false},"featured_media":25095,"template":"","dso_concert_series":[31],"class_list":["post-24754","dso_prod_season","type-dso_prod_season","status-publish","has-post-thumbnail","hentry","dso_concert_series-classical"],"acf":[],"_links":{"self":[{"href":"https:\/\/www.dallassymphony.org\/es\/wp-json\/wp\/v2\/dso_prod_season\/24754","targetHints":{"allow":["GET"]}}],"collection":[{"href":"https:\/\/www.dallassymphony.org\/es\/wp-json\/wp\/v2\/dso_prod_season"}],"about":[{"href":"https:\/\/www.dallassymphony.org\/es\/wp-json\/wp\/v2\/types\/dso_prod_season"}],"version-history":[{"count":0,"href":"https:\/\/www.dallassymphony.org\/es\/wp-json\/wp\/v2\/dso_prod_season\/24754\/revisions"}],"wp:featuredmedia":[{"embeddable":true,"href":"https:\/\/www.dallassymphony.org\/es\/wp-json\/wp\/v2\/media\/25095"}],"wp:attachment":[{"href":"https:\/\/www.dallassymphony.org\/es\/wp-json\/wp\/v2\/media?parent=24754"}],"wp:term":[{"taxonomy":"dso_concert_series","embeddable":true,"href":"https:\/\/www.dallassymphony.org\/es\/wp-json\/wp\/v2\/dso_concert_series?post=24754"}],"curies":[{"name":"wp","href":"https:\/\/api.w.org\/{rel}","templated":true}]}}