{"id":24741,"date":"2025-03-13T10:00:00","date_gmt":"2025-03-13T15:00:00","guid":{"rendered":"https:\/\/www.dallassymphony.org\/?post_type=dso_prod_season&#038;p=24741"},"modified":"2025-10-20T14:33:27","modified_gmt":"2025-10-20T19:33:27","slug":"gershwinsrhapsodyinblue","status":"publish","type":"dso_prod_season","link":"https:\/\/www.dallassymphony.org\/es\/productions\/gershwinsrhapsodyinblue\/","title":{"rendered":"Rhapsody in Blue de Gershwin"},"content":{"rendered":"<div class=\"richtext m-spacer\">\n\t<div class=\"container\">\n\t\t<div class=\"row\">\n\t\t\t<div class=\"col-10\">\n\t\t\t\t\n\t\t\t<\/div>\n\t\t<\/div>\n\t<\/div>\n\n<\/div>\n\n\n<div class=\"richtext m-spacer\">\n\t<div class=\"container\">\n\t\t<div class=\"row\">\n\t\t\t<div class=\"col-10\">\n\t\t\t\t\n\n<p><strong>FABIO LUISI<\/strong> lleva a cabo<br><strong>INON BARNATAN <\/strong>piano<br><strong>CORO SINF\u00d3NICO DE DALLAS<\/strong>&nbsp;<strong>- ANTHONY BLAKE CLARK&nbsp;<\/strong>director del coro<br><strong>LAUREN SNOUFFER<\/strong> soprano<br><strong>KIMBERLY JAMES<\/strong> mezzo-soprano<br><strong>KEY'MON MURRAH<\/strong> contratenor<br><strong>PAUL APPLEBY<\/strong> tenor<\/p>\n\n\n\n<p><strong>ANG\u00c9LICA NEGR\u00d3N<\/strong> <em>Por todo lo que sigues perdiendo<\/em> (Estreno mundial)<br><strong>GERSHWIN <\/strong><em>Rapsodia en Azul<\/em><br><strong>GOULD <\/strong><em>Sinfon\u00eda Latinoamericana<\/em><\/p>\n\n\n\n<p>Este programa estadounidense est\u00e1 encabezado por <em>Rapsodia en Azul<\/em>que Gershwin describi\u00f3 como una especie de \"caleidoscopio musical de Am\u00e9rica\". Inon Barnatan \"fina creaci\u00f3n musical unida a una t\u00e9cnica asombrosa\" (<em>The Washington Post<\/em>) protagoniza este querido cl\u00e1sico americano, una efervescente mezcla de jazz y m\u00fasica cl\u00e1sica. El propio compositor estuvo al teclado en el estreno, y el p\u00fablico enloqueci\u00f3 de entusiasmo, impulsando este concierto a la categor\u00eda de icono. La apasionante obra de Ang\u00e9lica Negr\u00f3n para orquesta, coro y cuatro solistas es una eleg\u00eda por los sonidos perdidos e incorpora cantos de p\u00e1jaros, cantos de ballenas, sonidos de bosques y oc\u00e9anos.<\/p>\n\n\n\n<hr class=\"wp-block-separator has-alpha-channel-opacity\"\/>\n\n\n\n<p id=\"h-view-program-notes\"><a href=\"https:\/\/www.dallassymphony.org\/wp-content\/uploads\/2025\/10\/for-everything-you-keep-losing_DSO_Program-Notes-and-Performance-Notes_V03.pdf\"><em>por todo lo que sigues perdiendo<\/em> Notas del programa<\/a><\/p>\n\n\n\n<p>Textos de los siguientes poetas:<br>Roque Raquel Salas Rivera<br>Ricardo Alberto Maldonado<br>Nicole Delgado<br>Amanda Hern\u00e1ndez<\/p>\n\n\n\n<hr class=\"wp-block-separator has-alpha-channel-opacity\"\/>\n\n\n<section class=\"bulk-content m-spacer\">\n    <div class=\"container\">\n        <div class=\"row\">\n            <div class=\"col-lg-12\">\n                <!-- wp:paragraph {\"style\":{\"color\":{\"background\":\"#e5e5e5\"}}} -->\n<p class=\"has-background\" style=\"background-color:#e5e5e5\"><strong>PRELUDIOS DE ACTUACI\u00d3N<\/strong><br>Acomp\u00e1\u00f1enos en una charla especial previa al concierto. Las charlas tendr\u00e1n lugar desde Horchow Hall a partir de las 18:30 de cada tarde de concierto.<\/p>\n<!-- \/wp:paragraph -->            <\/div>\n        <\/div>\n    <\/div>\n<\/section>\n\n\n\n<div class=\"wp-block-columns is-layout-flex wp-container-core-columns-is-layout-9d6595d7 wp-block-columns-is-layout-flex\">\n<div class=\"wp-block-column is-layout-flow wp-block-column-is-layout-flow\" style=\"flex-basis:11%\"><div class=\"wp-block-image\">\n<figure class=\"alignleft size-full is-resized\"><img loading=\"lazy\" decoding=\"async\" width=\"939\" height=\"631\" src=\"https:\/\/www.dallassymphony.org\/wp-content\/uploads\/2025\/03\/DSO-125-Logo_MarkYRS-Gradient.png\" alt=\"\" class=\"wp-image-25101\" style=\"aspect-ratio:1.4881141045958794;object-fit:contain;width:125px;height:auto\" srcset=\"https:\/\/www.dallassymphony.org\/wp-content\/uploads\/2025\/03\/DSO-125-Logo_MarkYRS-Gradient.png 939w, https:\/\/www.dallassymphony.org\/wp-content\/uploads\/2025\/03\/DSO-125-Logo_MarkYRS-Gradient-300x202.png 300w, https:\/\/www.dallassymphony.org\/wp-content\/uploads\/2025\/03\/DSO-125-Logo_MarkYRS-Gradient-768x516.png 768w, https:\/\/www.dallassymphony.org\/wp-content\/uploads\/2025\/03\/DSO-125-Logo_MarkYRS-Gradient-18x12.png 18w, https:\/\/www.dallassymphony.org\/wp-content\/uploads\/2025\/03\/DSO-125-Logo_MarkYRS-Gradient-350x234.png 350w\" sizes=\"auto, (max-width: 939px) 100vw, 939px\" \/><\/figure>\n<\/div><\/div>\n\n\n\n<div class=\"wp-block-column is-layout-flow wp-block-column-is-layout-flow\" style=\"flex-basis:89%\">\n<div style=\"height:7px\" aria-hidden=\"true\" class=\"wp-block-spacer\"><\/div>\n\n\n\n<p>La antigua compositora residente Ang\u00e9lica Negr\u00f3n escribir\u00e1 una extensa obra para orquesta, coro y cuatro vocalistas en honor del 125 aniversario de la orquesta.<\/p>\n<\/div>\n<\/div>\n\n\n\n<div style=\"height:23px\" aria-hidden=\"true\" class=\"wp-block-spacer\"><\/div>\n\n\n\n<figure class=\"wp-block-image size-full is-resized\"><img loading=\"lazy\" decoding=\"async\" width=\"710\" height=\"216\" src=\"https:\/\/www.dallassymphony.org\/wp-content\/uploads\/2025\/10\/TI-Classical-25-Year-Series_Web_Horz-Black.jpg\" alt=\"\" class=\"wp-image-28503\" style=\"aspect-ratio:3.287037037037037;object-fit:cover;width:350px\" srcset=\"https:\/\/www.dallassymphony.org\/wp-content\/uploads\/2025\/10\/TI-Classical-25-Year-Series_Web_Horz-Black.jpg 710w, https:\/\/www.dallassymphony.org\/wp-content\/uploads\/2025\/10\/TI-Classical-25-Year-Series_Web_Horz-Black-300x91.jpg 300w, https:\/\/www.dallassymphony.org\/wp-content\/uploads\/2025\/10\/TI-Classical-25-Year-Series_Web_Horz-Black-18x5.jpg 18w\" sizes=\"auto, (max-width: 710px) 100vw, 710px\" \/><\/figure>\n\n\n\n<div style=\"height:23px\" aria-hidden=\"true\" class=\"wp-block-spacer\"><\/div>\n\n\n<section class=\"bulk-content m-spacer\">\n    <div class=\"container\">\n        <div class=\"row\">\n            <div class=\"col-lg-12\">\n                <!-- wp:columns -->\n<div class=\"wp-block-columns\"><!-- wp:column -->\n<div class=\"wp-block-column\"><!-- wp:quote -->\n<blockquote class=\"wp-block-quote\"><!-- wp:heading {\"level\":3} -->\n<h3 class=\"wp-block-heading\">Combine y ahorre<\/h3>\n<!-- \/wp:heading -->\n\n<!-- wp:paragraph -->\n<p>Combine 3 o m\u00e1s conciertos para recibir 20% de descuento en su compra y otras ventajas.<\/p>\n<!-- \/wp:paragraph --><cite><a href=\"https:\/\/www.dallassymphony.org\/es\/ticket-packages-25-26\/\">M\u00e1s informaci\u00f3n<\/a><\/cite><\/blockquote>\n<!-- \/wp:quote --><\/div>\n<!-- \/wp:column -->\n\n<!-- wp:column -->\n<div class=\"wp-block-column\"><!-- wp:quote -->\n<blockquote class=\"wp-block-quote\"><!-- wp:heading {\"level\":3} -->\n<h3 class=\"wp-block-heading\">\u00bfTienes 10 o m\u00e1s personas?<\/h3>\n<!-- \/wp:heading -->\n\n<!-- wp:paragraph -->\n<p>Re\u00fana a amigos, familiares, compa\u00f1eros de trabajo, cualquier grupo de 10 o m\u00e1s personas, y ahorre con descuentos y ventajas exclusivas.<\/p>\n<!-- \/wp:paragraph --><cite><a href=\"https:\/\/www.dallassymphony.org\/es\/concerts-and-events\/group-sales\/\">M\u00e1s informaci\u00f3n<\/a><\/cite><\/blockquote>\n<!-- \/wp:quote --><\/div>\n<!-- \/wp:column --><\/div>\n<!-- \/wp:columns -->            <\/div>\n        <\/div>\n    <\/div>\n<\/section>\n\n\n<div class=\"container\">\n    <div class=\"row\">\n        <div class=\"col-10\">\n            <div class=\"share d-flex align-items-center\">\n                <p class=\"mb-0 serif__light-16\">COMPARTIR<\/p><div data-network=\"facebook\" class=\"st-custom-button facebook\" data-title=\"&quot;Gershwin&#8217;s\" rhapsody in blue&quot; data-description=\"&quot;Headlining\" this all-american program is the red, white, and blue that gershwin described as a sort of \u201cmusical kaleidoscope america.\u201d&quot; data-message =\"&quot;Headlining\" america.\u201d\r\n\r\nhttps:>Facebook<span class=\"count\"><\/span><\/div>            <\/div>\n        <\/div>\n    <\/div>\n\n<\/div>\n\n\n\t\t\t<\/div>\n\t\t<\/div>\n\t<\/div>\n\n<\/div>\n\n\n<div class=\"edp-musician-grid m-spacer grad-to-right\">\n\t<div class=\"container\">\n\t\t<div class=\"row\">\n\t\t\t<div class=\"col-12\">\n\t\t\t\t<h1><\/h1>\n\t\t\t\t<h2><\/h2>\n\t\t\t<\/div>\n\t\t<\/div>\n\t\t<div class=\"row\">\n\t\t\t<div class=\"col-lg-6\">\n\t<div class=\"edp__musician-card\">\n\t\t<img loading=\"lazy\" decoding=\"async\" width=\"262\" height=\"262\" src=\"https:\/\/www.dallassymphony.org\/wp-content\/uploads\/2020\/12\/Fabio-Luisi-1600-x-1600-1-262x262.jpg\" class=\"attachment-262x262 size-262x262 wp-post-image\" alt=\"FABIO LUISI DIRECTOR MUSICAL LOUISE W. &amp; EDMUND J. KAHN DIRECTOR MUSICAL\" srcset=\"https:\/\/www.dallassymphony.org\/wp-content\/uploads\/2020\/12\/Fabio-Luisi-1600-x-1600-1-262x262.jpg 262w, https:\/\/www.dallassymphony.org\/wp-content\/uploads\/2020\/12\/Fabio-Luisi-1600-x-1600-1-300x300.jpg 300w, https:\/\/www.dallassymphony.org\/wp-content\/uploads\/2020\/12\/Fabio-Luisi-1600-x-1600-1-1024x1024.jpg 1024w, https:\/\/www.dallassymphony.org\/wp-content\/uploads\/2020\/12\/Fabio-Luisi-1600-x-1600-1-150x150.jpg 150w, https:\/\/www.dallassymphony.org\/wp-content\/uploads\/2020\/12\/Fabio-Luisi-1600-x-1600-1-768x768.jpg 768w, https:\/\/www.dallassymphony.org\/wp-content\/uploads\/2020\/12\/Fabio-Luisi-1600-x-1600-1-1536x1536.jpg 1536w, https:\/\/www.dallassymphony.org\/wp-content\/uploads\/2020\/12\/Fabio-Luisi-1600-x-1600-1-12x12.jpg 12w, https:\/\/www.dallassymphony.org\/wp-content\/uploads\/2020\/12\/Fabio-Luisi-1600-x-1600-1-350x350.jpg 350w, https:\/\/www.dallassymphony.org\/wp-content\/uploads\/2020\/12\/Fabio-Luisi-1600-x-1600-1-445x445.jpg 445w, https:\/\/www.dallassymphony.org\/wp-content\/uploads\/2020\/12\/Fabio-Luisi-1600-x-1600-1.jpg 1600w\" sizes=\"auto, (max-width: 262px) 100vw, 262px\" \/>\t\t<div class=\"content__wrapper\">\n\t\t\t<h4>Fabio Luisi<\/h4>\n\n\t\t\t<p>Director musical<\/p>\n<p>Louise W. &amp; Edmund J. Kahn Direcci\u00f3n de M\u00fasica<\/p>\n\n                            <a class=\"a-hover\" href=\"https:\/\/www.dallassymphony.org\/es\/people\/fabio-luisi\/\">Leer m\u00e1s<\/a>\n            \t\t<\/div>\n\t<\/div>\n<\/div><div class=\"col-lg-6\">\n\t<div class=\"edp__musician-card\">\n\t\t<img loading=\"lazy\" decoding=\"async\" width=\"262\" height=\"262\" src=\"https:\/\/www.dallassymphony.org\/wp-content\/uploads\/2020\/12\/Angelica-Negron-262x262.jpg\" class=\"attachment-262x262 size-262x262 wp-post-image\" alt=\"Ang\u00e9lica Negr\u00f3n, compositora residente del DSO\" srcset=\"https:\/\/www.dallassymphony.org\/wp-content\/uploads\/2020\/12\/Angelica-Negron-262x262.jpg 262w, https:\/\/www.dallassymphony.org\/wp-content\/uploads\/2020\/12\/Angelica-Negron-300x300.jpg 300w, https:\/\/www.dallassymphony.org\/wp-content\/uploads\/2020\/12\/Angelica-Negron-1024x1024.jpg 1024w, https:\/\/www.dallassymphony.org\/wp-content\/uploads\/2020\/12\/Angelica-Negron-150x150.jpg 150w, https:\/\/www.dallassymphony.org\/wp-content\/uploads\/2020\/12\/Angelica-Negron-768x768.jpg 768w, https:\/\/www.dallassymphony.org\/wp-content\/uploads\/2020\/12\/Angelica-Negron-12x12.jpg 12w, https:\/\/www.dallassymphony.org\/wp-content\/uploads\/2020\/12\/Angelica-Negron-350x350.jpg 350w, https:\/\/www.dallassymphony.org\/wp-content\/uploads\/2020\/12\/Angelica-Negron-445x445.jpg 445w, https:\/\/www.dallassymphony.org\/wp-content\/uploads\/2020\/12\/Angelica-Negron.jpg 1200w\" sizes=\"auto, (max-width: 262px) 100vw, 262px\" \/>\t\t<div class=\"content__wrapper\">\n\t\t\t<h4>Ang\u00e9lica Negr\u00f3n<\/h4>\n\n\t\t\t<p>Compositor<\/p>\n\n                            <a class=\"a-hover\" href=\"https:\/\/www.dallassymphony.org\/es\/people\/3789\/\">Leer m\u00e1s<\/a>\n            \t\t<\/div>\n\t<\/div>\n<\/div><div class=\"col-lg-6\">\n\t<div class=\"edp__musician-card\">\n\t\t<img loading=\"lazy\" decoding=\"async\" width=\"262\" height=\"262\" src=\"https:\/\/www.dallassymphony.org\/wp-content\/uploads\/2020\/11\/Anthony-Blake-Clark-262x262.png\" class=\"attachment-262x262 size-262x262 wp-post-image\" alt=\"\" srcset=\"https:\/\/www.dallassymphony.org\/wp-content\/uploads\/2020\/11\/Anthony-Blake-Clark-262x262.png 262w, https:\/\/www.dallassymphony.org\/wp-content\/uploads\/2020\/11\/Anthony-Blake-Clark-300x300.png 300w, https:\/\/www.dallassymphony.org\/wp-content\/uploads\/2020\/11\/Anthony-Blake-Clark-1024x1024.png 1024w, https:\/\/www.dallassymphony.org\/wp-content\/uploads\/2020\/11\/Anthony-Blake-Clark-150x150.png 150w, https:\/\/www.dallassymphony.org\/wp-content\/uploads\/2020\/11\/Anthony-Blake-Clark-768x768.png 768w, https:\/\/www.dallassymphony.org\/wp-content\/uploads\/2020\/11\/Anthony-Blake-Clark-12x12.png 12w, https:\/\/www.dallassymphony.org\/wp-content\/uploads\/2020\/11\/Anthony-Blake-Clark-350x350.png 350w, https:\/\/www.dallassymphony.org\/wp-content\/uploads\/2020\/11\/Anthony-Blake-Clark-445x445.png 445w, https:\/\/www.dallassymphony.org\/wp-content\/uploads\/2020\/11\/Anthony-Blake-Clark-400x400.png 400w, https:\/\/www.dallassymphony.org\/wp-content\/uploads\/2020\/11\/Anthony-Blake-Clark-600x600.png 600w, https:\/\/www.dallassymphony.org\/wp-content\/uploads\/2020\/11\/Anthony-Blake-Clark.png 1200w\" sizes=\"auto, (max-width: 262px) 100vw, 262px\" \/>\t\t<div class=\"content__wrapper\">\n\t\t\t<h4>Anthony Blake Clark<\/h4>\n\n\t\t\t<p>Director del coro<\/p>\n<p>Jean D. Wilson Chair<\/p>\n\n                            <a class=\"a-hover\" href=\"https:\/\/www.dallassymphony.org\/es\/people\/anthony-blake-clark\/\">Leer m\u00e1s<\/a>\n            \t\t<\/div>\n\t<\/div>\n<\/div><div class=\"col-lg-6\">\n\t<div class=\"edp__musician-card\">\n\t\t<img loading=\"lazy\" decoding=\"async\" width=\"262\" height=\"262\" src=\"https:\/\/www.dallassymphony.org\/wp-content\/uploads\/2025\/02\/Barnatan_2024cMarcoBoreggreve-05-e1740680993787-262x262.jpeg\" class=\"attachment-262x262 size-262x262 wp-post-image\" alt=\"\" srcset=\"https:\/\/www.dallassymphony.org\/wp-content\/uploads\/2025\/02\/Barnatan_2024cMarcoBoreggreve-05-e1740680993787-262x262.jpeg 262w, https:\/\/www.dallassymphony.org\/wp-content\/uploads\/2025\/02\/Barnatan_2024cMarcoBoreggreve-05-e1740680993787-300x300.jpeg 300w, https:\/\/www.dallassymphony.org\/wp-content\/uploads\/2025\/02\/Barnatan_2024cMarcoBoreggreve-05-e1740680993787-1024x1024.jpeg 1024w, https:\/\/www.dallassymphony.org\/wp-content\/uploads\/2025\/02\/Barnatan_2024cMarcoBoreggreve-05-e1740680993787-768x768.jpeg 768w, https:\/\/www.dallassymphony.org\/wp-content\/uploads\/2025\/02\/Barnatan_2024cMarcoBoreggreve-05-e1740680993787-12x12.jpeg 12w, https:\/\/www.dallassymphony.org\/wp-content\/uploads\/2025\/02\/Barnatan_2024cMarcoBoreggreve-05-e1740680993787-150x150.jpeg 150w, https:\/\/www.dallassymphony.org\/wp-content\/uploads\/2025\/02\/Barnatan_2024cMarcoBoreggreve-05-e1740680993787-1536x1536.jpeg 1536w, https:\/\/www.dallassymphony.org\/wp-content\/uploads\/2025\/02\/Barnatan_2024cMarcoBoreggreve-05-e1740680993787-350x350.jpeg 350w, https:\/\/www.dallassymphony.org\/wp-content\/uploads\/2025\/02\/Barnatan_2024cMarcoBoreggreve-05-e1740680993787-445x445.jpeg 445w, https:\/\/www.dallassymphony.org\/wp-content\/uploads\/2025\/02\/Barnatan_2024cMarcoBoreggreve-05-e1740680993787-400x400.jpeg 400w, https:\/\/www.dallassymphony.org\/wp-content\/uploads\/2025\/02\/Barnatan_2024cMarcoBoreggreve-05-e1740680993787-600x600.jpeg 600w\" sizes=\"auto, (max-width: 262px) 100vw, 262px\" \/>\t\t<div class=\"content__wrapper\">\n\t\t\t<h4>Inon Barnatan<\/h4>\n\n\t\t\t<p>Piano<\/p>\n\n                            <a class=\"a-hover\" href=\"https:\/\/www.dallassymphony.org\/es\/people\/inon-barnatan\/\">Leer m\u00e1s<\/a>\n            \t\t<\/div>\n\t<\/div>\n<\/div><div class=\"col-lg-6\">\n\t<div class=\"edp__musician-card\">\n\t\t<img loading=\"lazy\" decoding=\"async\" width=\"262\" height=\"262\" src=\"https:\/\/www.dallassymphony.org\/wp-content\/uploads\/2021\/01\/Chorus-262x262.png\" class=\"attachment-262x262 size-262x262 wp-post-image\" alt=\"\" srcset=\"https:\/\/www.dallassymphony.org\/wp-content\/uploads\/2021\/01\/Chorus-262x262.png 262w, https:\/\/www.dallassymphony.org\/wp-content\/uploads\/2021\/01\/Chorus-300x300.png 300w, https:\/\/www.dallassymphony.org\/wp-content\/uploads\/2021\/01\/Chorus-150x150.png 150w, https:\/\/www.dallassymphony.org\/wp-content\/uploads\/2021\/01\/Chorus-768x768.png 768w, https:\/\/www.dallassymphony.org\/wp-content\/uploads\/2021\/01\/Chorus-12x12.png 12w, https:\/\/www.dallassymphony.org\/wp-content\/uploads\/2021\/01\/Chorus-350x350.png 350w, https:\/\/www.dallassymphony.org\/wp-content\/uploads\/2021\/01\/Chorus-445x445.png 445w, https:\/\/www.dallassymphony.org\/wp-content\/uploads\/2021\/01\/Chorus.png 1024w\" sizes=\"auto, (max-width: 262px) 100vw, 262px\" \/>\t\t<div class=\"content__wrapper\">\n\t\t\t<h4>Coro de la Sinf\u00f3nica de Dallas<\/h4>\n\n\t\t\t<p>Coro<\/p>\n\n                            <a class=\"a-hover\" href=\"https:\/\/www.dallassymphony.org\/es\/people\/ds-chorus\/\">Leer m\u00e1s<\/a>\n            \t\t<\/div>\n\t<\/div>\n<\/div><div class=\"col-lg-6\">\n\t<div class=\"edp__musician-card\">\n\t\t<img loading=\"lazy\" decoding=\"async\" width=\"262\" height=\"262\" src=\"https:\/\/www.dallassymphony.org\/wp-content\/uploads\/2025\/07\/Lauren-Snouffer_5757-Photo-Credit-Anja-Schutz-Copy-262x262.jpg\" class=\"attachment-262x262 size-262x262 wp-post-image\" alt=\"\" srcset=\"https:\/\/www.dallassymphony.org\/wp-content\/uploads\/2025\/07\/Lauren-Snouffer_5757-Photo-Credit-Anja-Schutz-Copy-262x262.jpg 262w, https:\/\/www.dallassymphony.org\/wp-content\/uploads\/2025\/07\/Lauren-Snouffer_5757-Photo-Credit-Anja-Schutz-Copy-300x300.jpg 300w, https:\/\/www.dallassymphony.org\/wp-content\/uploads\/2025\/07\/Lauren-Snouffer_5757-Photo-Credit-Anja-Schutz-Copy-1024x1024.jpg 1024w, https:\/\/www.dallassymphony.org\/wp-content\/uploads\/2025\/07\/Lauren-Snouffer_5757-Photo-Credit-Anja-Schutz-Copy-150x150.jpg 150w, https:\/\/www.dallassymphony.org\/wp-content\/uploads\/2025\/07\/Lauren-Snouffer_5757-Photo-Credit-Anja-Schutz-Copy-768x768.jpg 768w, https:\/\/www.dallassymphony.org\/wp-content\/uploads\/2025\/07\/Lauren-Snouffer_5757-Photo-Credit-Anja-Schutz-Copy-12x12.jpg 12w, https:\/\/www.dallassymphony.org\/wp-content\/uploads\/2025\/07\/Lauren-Snouffer_5757-Photo-Credit-Anja-Schutz-Copy-350x350.jpg 350w, https:\/\/www.dallassymphony.org\/wp-content\/uploads\/2025\/07\/Lauren-Snouffer_5757-Photo-Credit-Anja-Schutz-Copy-445x445.jpg 445w, https:\/\/www.dallassymphony.org\/wp-content\/uploads\/2025\/07\/Lauren-Snouffer_5757-Photo-Credit-Anja-Schutz-Copy-400x400.jpg 400w, https:\/\/www.dallassymphony.org\/wp-content\/uploads\/2025\/07\/Lauren-Snouffer_5757-Photo-Credit-Anja-Schutz-Copy-600x600.jpg 600w, https:\/\/www.dallassymphony.org\/wp-content\/uploads\/2025\/07\/Lauren-Snouffer_5757-Photo-Credit-Anja-Schutz-Copy.jpg 1080w\" sizes=\"auto, (max-width: 262px) 100vw, 262px\" \/>\t\t<div class=\"content__wrapper\">\n\t\t\t<h4>Lauren Snouffer<\/h4>\n\n\t\t\t<p>Soprano<\/p>\n\n                            <a class=\"a-hover\" href=\"https:\/\/www.dallassymphony.org\/es\/people\/lauren-snouffer\/\">Leer m\u00e1s<\/a>\n            \t\t<\/div>\n\t<\/div>\n<\/div><div class=\"col-lg-6\">\n\t<div class=\"edp__musician-card\">\n\t\t<img loading=\"lazy\" decoding=\"async\" width=\"262\" height=\"262\" src=\"https:\/\/www.dallassymphony.org\/wp-content\/uploads\/2024\/04\/James.K.HS2_-e1713913714221-262x262.jpg\" class=\"attachment-262x262 size-262x262 wp-post-image\" alt=\"\" srcset=\"https:\/\/www.dallassymphony.org\/wp-content\/uploads\/2024\/04\/James.K.HS2_-e1713913714221-262x262.jpg 262w, https:\/\/www.dallassymphony.org\/wp-content\/uploads\/2024\/04\/James.K.HS2_-e1713913714221-300x300.jpg 300w, https:\/\/www.dallassymphony.org\/wp-content\/uploads\/2024\/04\/James.K.HS2_-e1713913714221-1024x1024.jpg 1024w, https:\/\/www.dallassymphony.org\/wp-content\/uploads\/2024\/04\/James.K.HS2_-e1713913714221-150x150.jpg 150w, https:\/\/www.dallassymphony.org\/wp-content\/uploads\/2024\/04\/James.K.HS2_-e1713913714221-768x768.jpg 768w, https:\/\/www.dallassymphony.org\/wp-content\/uploads\/2024\/04\/James.K.HS2_-e1713913714221-12x12.jpg 12w, https:\/\/www.dallassymphony.org\/wp-content\/uploads\/2024\/04\/James.K.HS2_-e1713913714221-350x350.jpg 350w, https:\/\/www.dallassymphony.org\/wp-content\/uploads\/2024\/04\/James.K.HS2_-e1713913714221-445x445.jpg 445w, https:\/\/www.dallassymphony.org\/wp-content\/uploads\/2024\/04\/James.K.HS2_-e1713913714221.jpg 1042w\" sizes=\"auto, (max-width: 262px) 100vw, 262px\" \/>\t\t<div class=\"content__wrapper\">\n\t\t\t<h4>Kimberly Gratland James<\/h4>\n\n\t\t\t<p>Mezzo-Soprano<\/p>\n\n                            <a class=\"a-hover\" href=\"https:\/\/www.dallassymphony.org\/es\/people\/kimberly-gratland-james\/\">Leer m\u00e1s<\/a>\n            \t\t<\/div>\n\t<\/div>\n<\/div><div class=\"col-lg-6\">\n\t<div class=\"edp__musician-card\">\n\t\t<img loading=\"lazy\" decoding=\"async\" width=\"262\" height=\"262\" src=\"https:\/\/www.dallassymphony.org\/wp-content\/uploads\/2025\/07\/2022_11_22_Keymon_1424-1-Copy-262x262.jpg\" class=\"attachment-262x262 size-262x262 wp-post-image\" alt=\"\" srcset=\"https:\/\/www.dallassymphony.org\/wp-content\/uploads\/2025\/07\/2022_11_22_Keymon_1424-1-Copy-262x262.jpg 262w, https:\/\/www.dallassymphony.org\/wp-content\/uploads\/2025\/07\/2022_11_22_Keymon_1424-1-Copy-300x300.jpg 300w, https:\/\/www.dallassymphony.org\/wp-content\/uploads\/2025\/07\/2022_11_22_Keymon_1424-1-Copy-1024x1024.jpg 1024w, https:\/\/www.dallassymphony.org\/wp-content\/uploads\/2025\/07\/2022_11_22_Keymon_1424-1-Copy-150x150.jpg 150w, https:\/\/www.dallassymphony.org\/wp-content\/uploads\/2025\/07\/2022_11_22_Keymon_1424-1-Copy-768x768.jpg 768w, https:\/\/www.dallassymphony.org\/wp-content\/uploads\/2025\/07\/2022_11_22_Keymon_1424-1-Copy-12x12.jpg 12w, https:\/\/www.dallassymphony.org\/wp-content\/uploads\/2025\/07\/2022_11_22_Keymon_1424-1-Copy-350x350.jpg 350w, https:\/\/www.dallassymphony.org\/wp-content\/uploads\/2025\/07\/2022_11_22_Keymon_1424-1-Copy-445x445.jpg 445w, https:\/\/www.dallassymphony.org\/wp-content\/uploads\/2025\/07\/2022_11_22_Keymon_1424-1-Copy-400x400.jpg 400w, https:\/\/www.dallassymphony.org\/wp-content\/uploads\/2025\/07\/2022_11_22_Keymon_1424-1-Copy-600x600.jpg 600w, https:\/\/www.dallassymphony.org\/wp-content\/uploads\/2025\/07\/2022_11_22_Keymon_1424-1-Copy.jpg 1080w\" sizes=\"auto, (max-width: 262px) 100vw, 262px\" \/>\t\t<div class=\"content__wrapper\">\n\t\t\t<h4>Key'mon Murrah<\/h4>\n\n\t\t\t<p>Contratacante<\/p>\n\n                            <a class=\"a-hover\" href=\"https:\/\/www.dallassymphony.org\/es\/people\/keymon-murrah\/\">Leer m\u00e1s<\/a>\n            \t\t<\/div>\n\t<\/div>\n<\/div><div class=\"col-lg-6\">\n\t<div class=\"edp__musician-card\">\n\t\t<img loading=\"lazy\" decoding=\"async\" width=\"262\" height=\"262\" src=\"https:\/\/www.dallassymphony.org\/wp-content\/uploads\/2025\/07\/Paul-Appleby-2549b-Photo-Credit-Jonathan-Tichler-Copy-262x262.jpg\" class=\"attachment-262x262 size-262x262 wp-post-image\" alt=\"\" srcset=\"https:\/\/www.dallassymphony.org\/wp-content\/uploads\/2025\/07\/Paul-Appleby-2549b-Photo-Credit-Jonathan-Tichler-Copy-262x262.jpg 262w, https:\/\/www.dallassymphony.org\/wp-content\/uploads\/2025\/07\/Paul-Appleby-2549b-Photo-Credit-Jonathan-Tichler-Copy-300x300.jpg 300w, https:\/\/www.dallassymphony.org\/wp-content\/uploads\/2025\/07\/Paul-Appleby-2549b-Photo-Credit-Jonathan-Tichler-Copy-1024x1024.jpg 1024w, https:\/\/www.dallassymphony.org\/wp-content\/uploads\/2025\/07\/Paul-Appleby-2549b-Photo-Credit-Jonathan-Tichler-Copy-150x150.jpg 150w, https:\/\/www.dallassymphony.org\/wp-content\/uploads\/2025\/07\/Paul-Appleby-2549b-Photo-Credit-Jonathan-Tichler-Copy-768x768.jpg 768w, https:\/\/www.dallassymphony.org\/wp-content\/uploads\/2025\/07\/Paul-Appleby-2549b-Photo-Credit-Jonathan-Tichler-Copy-12x12.jpg 12w, https:\/\/www.dallassymphony.org\/wp-content\/uploads\/2025\/07\/Paul-Appleby-2549b-Photo-Credit-Jonathan-Tichler-Copy-350x350.jpg 350w, https:\/\/www.dallassymphony.org\/wp-content\/uploads\/2025\/07\/Paul-Appleby-2549b-Photo-Credit-Jonathan-Tichler-Copy-445x445.jpg 445w, https:\/\/www.dallassymphony.org\/wp-content\/uploads\/2025\/07\/Paul-Appleby-2549b-Photo-Credit-Jonathan-Tichler-Copy-400x400.jpg 400w, https:\/\/www.dallassymphony.org\/wp-content\/uploads\/2025\/07\/Paul-Appleby-2549b-Photo-Credit-Jonathan-Tichler-Copy-600x600.jpg 600w, https:\/\/www.dallassymphony.org\/wp-content\/uploads\/2025\/07\/Paul-Appleby-2549b-Photo-Credit-Jonathan-Tichler-Copy.jpg 1080w\" sizes=\"auto, (max-width: 262px) 100vw, 262px\" \/>\t\t<div class=\"content__wrapper\">\n\t\t\t<h4>Paul Appleby<\/h4>\n\n\t\t\t<p>Tenor<\/p>\n\n                            <a class=\"a-hover\" href=\"https:\/\/www.dallassymphony.org\/es\/people\/paul-appleby\/\">Leer m\u00e1s<\/a>\n            \t\t<\/div>\n\t<\/div>\n<\/div>\t\t<\/div>\n\t<\/div>\n<\/div>\n\n\n    <div class=\"featured-concerts grad-to-left m-spacer\">\n        <div class=\"container-fluid\">\n            <div class=\"row\">\n                <div class=\"col-md-7 col-7 offset-md-1\">\n                    <h1 class=\"serif__elight-58-italic\">Tambi\u00e9n puede interesarle<\/h1>\n                <\/div>\n                <div class=\"col-md-4 col-5\">\n                    <div class=\"controls__wrapper\">\n                        <div class=\"slideshow__controls d-none d-lg-block\">\n                            <button class=\"controls__prev\"  data-button-id=\"7b7952b192f82c7d4093ad39d0a1d309\">\n                                <svg xmlns=\"http:\/\/www.w3.org\/2000\/svg\" enable-background=\"new 0 0 24 24\" height=\"24\" viewbox=\"0 0 24 24\" width=\"24\">\n                                    <g><rect fill=\"none\" height=\"24\" width=\"24\"\/><path d=\"M12,4c4.41,0,8,3.59,8,8s-3.59,8-8,8s-8-3.59-8-8S7.59,4,12,4 M12,2C6.48,2,2,6.48,2,12c0,5.52,4.48,10,10,10 c5.52,0,10-4.48,10-10C22,6.48,17.52,2,12,2L12,2z M13,12l0-4h-2l0,4H8l4,4l4-4H13z\"\/><\/g>\n                                <\/svg>\n                            <\/button>\n                            <button class=\"controls__next\" data-button-id=\"7b7952b192f82c7d4093ad39d0a1d309\">\n                                <svg xmlns=\"http:\/\/www.w3.org\/2000\/svg\" enable-background=\"new 0 0 24 24\" height=\"24\" viewbox=\"0 0 24 24\" width=\"24\">\n                                    <g><rect fill=\"none\" height=\"24\" width=\"24\"\/><path d=\"M12,4c4.41,0,8,3.59,8,8s-3.59,8-8,8s-8-3.59-8-8S7.59,4,12,4 M12,2C6.48,2,2,6.48,2,12c0,5.52,4.48,10,10,10 c5.52,0,10-4.48,10-10C22,6.48,17.52,2,12,2L12,2z M13,12l0-4h-2l0,4H8l4,4l4-4H13z\"\/><\/g>\n                                <\/svg>\n                            <\/button>\n                        <\/div>\n\n\t                                        <\/div>\n                <\/div>\n            <\/div>\n            <div class=\"row\">\n                <div class=\"col-md-11 offset-md-1\">\n                    <div class=\"slideshow\">\n                        <div class=\"dso__slides\" data-button-id=\"7b7952b192f82c7d4093ad39d0a1d309\">\n                            <div class=\"concert__card\" style=\"margin-right: 15px\">\n    <a href=\"https:\/\/www.dallassymphony.org\/es\/productions\/puccinis-madama-butterfly\/\">\n        <div class=\"img__wrapper\">\n\t        <img loading=\"lazy\" decoding=\"async\" width=\"388\" height=\"218\" src=\"https:\/\/www.dallassymphony.org\/wp-content\/uploads\/2025\/03\/25-26-Web-1600x900_CLA08_Puccinis-Madama-Butterfly-388x218.jpg\" class=\"attachment-388x218 size-388x218 wp-post-image\" alt=\"\" srcset=\"https:\/\/www.dallassymphony.org\/wp-content\/uploads\/2025\/03\/25-26-Web-1600x900_CLA08_Puccinis-Madama-Butterfly-388x218.jpg 388w, https:\/\/www.dallassymphony.org\/wp-content\/uploads\/2025\/03\/25-26-Web-1600x900_CLA08_Puccinis-Madama-Butterfly-300x169.jpg 300w, https:\/\/www.dallassymphony.org\/wp-content\/uploads\/2025\/03\/25-26-Web-1600x900_CLA08_Puccinis-Madama-Butterfly-1024x576.jpg 1024w, https:\/\/www.dallassymphony.org\/wp-content\/uploads\/2025\/03\/25-26-Web-1600x900_CLA08_Puccinis-Madama-Butterfly-768x432.jpg 768w, https:\/\/www.dallassymphony.org\/wp-content\/uploads\/2025\/03\/25-26-Web-1600x900_CLA08_Puccinis-Madama-Butterfly-1536x864.jpg 1536w, https:\/\/www.dallassymphony.org\/wp-content\/uploads\/2025\/03\/25-26-Web-1600x900_CLA08_Puccinis-Madama-Butterfly-18x10.jpg 18w, https:\/\/www.dallassymphony.org\/wp-content\/uploads\/2025\/03\/25-26-Web-1600x900_CLA08_Puccinis-Madama-Butterfly-540x303.jpg 540w, https:\/\/www.dallassymphony.org\/wp-content\/uploads\/2025\/03\/25-26-Web-1600x900_CLA08_Puccinis-Madama-Butterfly-666x375.jpg 666w, https:\/\/www.dallassymphony.org\/wp-content\/uploads\/2025\/03\/25-26-Web-1600x900_CLA08_Puccinis-Madama-Butterfly-735x413.jpg 735w, https:\/\/www.dallassymphony.org\/wp-content\/uploads\/2025\/03\/25-26-Web-1600x900_CLA08_Puccinis-Madama-Butterfly.jpg 1600w\" sizes=\"auto, (max-width: 388px) 100vw, 388px\" \/>        <\/div>\n        <div class=\"content__wrapper\">\n            <h4 class=\"serif__light-22\">\n                Madama Butterfly de Puccini\u00a0\u00a0            <\/h4>\n            <p class=\"serif__light-16-italic\">9 - 11 de enero de 2026<\/p>\n            <p class=\"sans-cond__med-14\">M\u00e1s informaci\u00f3n y compra de entradas<\/p>\n        <\/div>\n    <\/a>\n<\/div>\n\n<div class=\"concert__card\" style=\"margin-right: 15px\">\n    <a href=\"https:\/\/www.dallassymphony.org\/es\/productions\/holsts-the-planets-2\/\">\n        <div class=\"img__wrapper\">\n\t        <img loading=\"lazy\" decoding=\"async\" width=\"388\" height=\"218\" src=\"https:\/\/www.dallassymphony.org\/wp-content\/uploads\/2025\/03\/DSO-Winds-The-Planets-388x218.png\" class=\"attachment-388x218 size-388x218 wp-post-image\" alt=\"\" srcset=\"https:\/\/www.dallassymphony.org\/wp-content\/uploads\/2025\/03\/DSO-Winds-The-Planets-388x218.png 388w, https:\/\/www.dallassymphony.org\/wp-content\/uploads\/2025\/03\/DSO-Winds-The-Planets-300x169.png 300w, https:\/\/www.dallassymphony.org\/wp-content\/uploads\/2025\/03\/DSO-Winds-The-Planets-1024x576.png 1024w, https:\/\/www.dallassymphony.org\/wp-content\/uploads\/2025\/03\/DSO-Winds-The-Planets-768x432.png 768w, https:\/\/www.dallassymphony.org\/wp-content\/uploads\/2025\/03\/DSO-Winds-The-Planets-1536x864.png 1536w, https:\/\/www.dallassymphony.org\/wp-content\/uploads\/2025\/03\/DSO-Winds-The-Planets-18x10.png 18w, https:\/\/www.dallassymphony.org\/wp-content\/uploads\/2025\/03\/DSO-Winds-The-Planets-540x303.png 540w, https:\/\/www.dallassymphony.org\/wp-content\/uploads\/2025\/03\/DSO-Winds-The-Planets-666x375.png 666w, https:\/\/www.dallassymphony.org\/wp-content\/uploads\/2025\/03\/DSO-Winds-The-Planets-735x413.png 735w, https:\/\/www.dallassymphony.org\/wp-content\/uploads\/2025\/03\/DSO-Winds-The-Planets.png 1600w\" sizes=\"auto, (max-width: 388px) 100vw, 388px\" \/>        <\/div>\n        <div class=\"content__wrapper\">\n            <h4 class=\"serif__light-22\">\n                Los Planetas de Holst            <\/h4>\n            <p class=\"serif__light-16-italic\">22 de enero de 2026<\/p>\n            <p class=\"sans-cond__med-14\">M\u00e1s informaci\u00f3n y compra de entradas<\/p>\n        <\/div>\n    <\/a>\n<\/div>\n\n<div class=\"concert__card\" style=\"margin-right: 15px\">\n    <a href=\"https:\/\/www.dallassymphony.org\/es\/productions\/mahlers-symphony-of-a-thousand\/\">\n        <div class=\"img__wrapper\">\n\t        <img loading=\"lazy\" decoding=\"async\" width=\"388\" height=\"218\" src=\"https:\/\/www.dallassymphony.org\/wp-content\/uploads\/2025\/03\/25-26-Web-1600x900_CLA19_Fabio-and-Chorus-1-388x218.jpg\" class=\"attachment-388x218 size-388x218 wp-post-image\" alt=\"\" srcset=\"https:\/\/www.dallassymphony.org\/wp-content\/uploads\/2025\/03\/25-26-Web-1600x900_CLA19_Fabio-and-Chorus-1-388x218.jpg 388w, https:\/\/www.dallassymphony.org\/wp-content\/uploads\/2025\/03\/25-26-Web-1600x900_CLA19_Fabio-and-Chorus-1-300x169.jpg 300w, https:\/\/www.dallassymphony.org\/wp-content\/uploads\/2025\/03\/25-26-Web-1600x900_CLA19_Fabio-and-Chorus-1-1024x576.jpg 1024w, https:\/\/www.dallassymphony.org\/wp-content\/uploads\/2025\/03\/25-26-Web-1600x900_CLA19_Fabio-and-Chorus-1-768x432.jpg 768w, https:\/\/www.dallassymphony.org\/wp-content\/uploads\/2025\/03\/25-26-Web-1600x900_CLA19_Fabio-and-Chorus-1-1536x864.jpg 1536w, https:\/\/www.dallassymphony.org\/wp-content\/uploads\/2025\/03\/25-26-Web-1600x900_CLA19_Fabio-and-Chorus-1-18x10.jpg 18w, https:\/\/www.dallassymphony.org\/wp-content\/uploads\/2025\/03\/25-26-Web-1600x900_CLA19_Fabio-and-Chorus-1-540x303.jpg 540w, https:\/\/www.dallassymphony.org\/wp-content\/uploads\/2025\/03\/25-26-Web-1600x900_CLA19_Fabio-and-Chorus-1-666x375.jpg 666w, https:\/\/www.dallassymphony.org\/wp-content\/uploads\/2025\/03\/25-26-Web-1600x900_CLA19_Fabio-and-Chorus-1-735x413.jpg 735w, https:\/\/www.dallassymphony.org\/wp-content\/uploads\/2025\/03\/25-26-Web-1600x900_CLA19_Fabio-and-Chorus-1.jpg 1600w\" sizes=\"auto, (max-width: 388px) 100vw, 388px\" \/>        <\/div>\n        <div class=\"content__wrapper\">\n            <h4 class=\"serif__light-22\">\n                La Sinfon\u00eda de los Mil de Mahler            <\/h4>\n            <p class=\"serif__light-16-italic\">15 - 17 de mayo de 2026<\/p>\n            <p class=\"sans-cond__med-14\">M\u00e1s informaci\u00f3n y compra de entradas<\/p>\n        <\/div>\n    <\/a>\n<\/div>\n\n                        <\/div>\n                    <\/div>\n                <\/div>\n            <\/div>\n            <div class=\"row\">\n                <div class=\"col-11 offset-1\">\n                    <div class=\"slideshow__controls d-lg-none\">\n                        <button class=\"controls__prev\" data-prev=\"#\" data-button-id=\"7b7952b192f82c7d4093ad39d0a1d309\">\n                            <svg xmlns=\"http:\/\/www.w3.org\/2000\/svg\" enable-background=\"new 0 0 24 24\" height=\"24\" viewbox=\"0 0 24 24\" width=\"24\">\n                                <g><rect fill=\"none\" height=\"24\" width=\"24\"\/><path d=\"M12,4c4.41,0,8,3.59,8,8s-3.59,8-8,8s-8-3.59-8-8S7.59,4,12,4 M12,2C6.48,2,2,6.48,2,12c0,5.52,4.48,10,10,10 c5.52,0,10-4.48,10-10C22,6.48,17.52,2,12,2L12,2z M13,12l0-4h-2l0,4H8l4,4l4-4H13z\"\/><\/g>\n                            <\/svg>\n                        <\/button>\n                        <button class=\"controls__next\" data-next=\"#\" data-button-id=\"7b7952b192f82c7d4093ad39d0a1d309\">\n                            <svg xmlns=\"http:\/\/www.w3.org\/2000\/svg\" enable-background=\"new 0 0 24 24\" height=\"24\" viewbox=\"0 0 24 24\" width=\"24\">\n                                <g><rect fill=\"none\" height=\"24\" width=\"24\"\/><path d=\"M12,4c4.41,0,8,3.59,8,8s-3.59,8-8,8s-8-3.59-8-8S7.59,4,12,4 M12,2C6.48,2,2,6.48,2,12c0,5.52,4.48,10,10,10 c5.52,0,10-4.48,10-10C22,6.48,17.52,2,12,2L12,2z M13,12l0-4h-2l0,4H8l4,4l4-4H13z\"\/><\/g>\n                            <\/svg>\n                        <\/button>\n                    <\/div>\n\n                <\/div>\n\n            <\/div>\n        <\/div>\n    <\/div>\n\n\n\n\n<p><\/p>","protected":false},"excerpt":{"rendered":"<p>Encabezando este programa totalmente americano est\u00e1 la Rapsodia en Azul, roja, blanca y azul, que Gershwin describi\u00f3 como una especie de \"caleidoscopio musical de Am\u00e9rica\".<\/p>","protected":false},"featured_media":24943,"template":"","dso_concert_series":[31],"class_list":["post-24741","dso_prod_season","type-dso_prod_season","status-publish","has-post-thumbnail","hentry","dso_concert_series-classical"],"acf":[],"_links":{"self":[{"href":"https:\/\/www.dallassymphony.org\/es\/wp-json\/wp\/v2\/dso_prod_season\/24741","targetHints":{"allow":["GET"]}}],"collection":[{"href":"https:\/\/www.dallassymphony.org\/es\/wp-json\/wp\/v2\/dso_prod_season"}],"about":[{"href":"https:\/\/www.dallassymphony.org\/es\/wp-json\/wp\/v2\/types\/dso_prod_season"}],"version-history":[{"count":0,"href":"https:\/\/www.dallassymphony.org\/es\/wp-json\/wp\/v2\/dso_prod_season\/24741\/revisions"}],"wp:featuredmedia":[{"embeddable":true,"href":"https:\/\/www.dallassymphony.org\/es\/wp-json\/wp\/v2\/media\/24943"}],"wp:attachment":[{"href":"https:\/\/www.dallassymphony.org\/es\/wp-json\/wp\/v2\/media?parent=24741"}],"wp:term":[{"taxonomy":"dso_concert_series","embeddable":true,"href":"https:\/\/www.dallassymphony.org\/es\/wp-json\/wp\/v2\/dso_concert_series?post=24741"}],"curies":[{"name":"wp","href":"https:\/\/api.w.org\/{rel}","templated":true}]}}