{"id":21303,"date":"2024-07-16T10:47:26","date_gmt":"2024-07-16T15:47:26","guid":{"rendered":"https:\/\/www.dallassymphony.org\/?post_type=dso_prod_season&#038;p=21303"},"modified":"2025-05-15T19:38:15","modified_gmt":"2025-05-16T00:38:15","slug":"beethoven-x-beyonce","status":"publish","type":"dso_prod_season","link":"https:\/\/www.dallassymphony.org\/es\/productions\/beethoven-x-beyonce\/","title":{"rendered":"Beethoven X Beyonc\u00e9"},"content":{"rendered":"<div class=\"richtext m-spacer\">\n\t<div class=\"container\">\n\t\t<div class=\"row\">\n\t\t\t<div class=\"col-10\">\n\t\t\t\t\n\n<blockquote class=\"wp-block-quote is-layout-flow wp-block-quote-is-layout-flow\">\n<p>Las entradas para la YPX After-Party ya est\u00e1n agotadas. Las entradas para el concierto siguen a la venta en l\u00ednea o en el Meyerson antes del concierto.<\/p>\n<\/blockquote>\n\n\n\t\t\t<\/div>\n\t\t<\/div>\n\t<\/div>\n\n<\/div>\n\n\n<div class=\"richtext m-spacer\">\n\t<div class=\"container\">\n\t\t<div class=\"row\">\n\t\t\t<div class=\"col-10\">\n\t\t\t\t\n\n<div class=\"wp-block-columns is-layout-flex wp-container-core-columns-is-layout-9d6595d7 wp-block-columns-is-layout-flex\">\n<div class=\"wp-block-column is-layout-flow wp-block-column-is-layout-flow\">\n<p><strong>STEVE HACKMAN<\/strong>&nbsp;lleva a cabo<br><strong>BRAYLA COOK<\/strong> vocalista<br><strong>MALIA CIVETZ<\/strong> vocalista<br><strong>KAYLAH SHARVE<\/strong> vocalista<\/p>\n<\/div>\n\n\n\n<div class=\"wp-block-column is-layout-flow wp-block-column-is-layout-flow\">\n<p><strong>NICHOLAS CLARK<\/strong> bajo<br><strong>TARON LOCKETT<\/strong> bater\u00eda<br><strong>ANDREW LIPKE<\/strong> guitarra<\/p>\n<\/div>\n<\/div>\n\n\n\n<p>Experimenta la nueva y emocionante mezcla de Steve Hackman de la reina del pop\/R&amp;B y el rey de la m\u00fasica cl\u00e1sica mientras el ic\u00f3nico repertorio de Beyonc\u00e9 se entrelaza a la perfecci\u00f3n con la S\u00e9ptima Sinfon\u00eda de Beethoven. La celebraci\u00f3n de la danza m\u00e1s alegre del mundo sinf\u00f3nico se convierte en el tel\u00f3n de fondo de quince de los \u00e9xitos de Beyonc\u00e9, como \"Girls\", \"Crazy in Love\", \"Single Ladies\", \"Sorry\", \"Halo\", \"Cuff It\" y \"Texas Hold 'Em\", en esta innovative fusi\u00f3n musical. Prep\u00e1rese para quedar hipnotizado mientras tres solistas femeninas de gran potencia -acompa\u00f1adas por un bater\u00eda, un guitarrista\/teclista y un bajista invitados- unen sus fuerzas con la DSO para ofrecer una noche de magia musical.<\/p>\n\n\n\t\t\t<\/div>\n\t\t<\/div>\n\t<\/div>\n\n<\/div>\n\n\n<div class=\"edp-musician-grid m-spacer grad-to-right\">\n\t<div class=\"container\">\n\t\t<div class=\"row\">\n\t\t\t<div class=\"col-12\">\n\t\t\t\t<h1><\/h1>\n\t\t\t\t<h2><\/h2>\n\t\t\t<\/div>\n\t\t<\/div>\n\t\t<div class=\"row\">\n\t\t\t<div class=\"col-lg-6\">\n\t<div class=\"edp__musician-card\">\n\t\t<img loading=\"lazy\" decoding=\"async\" width=\"262\" height=\"262\" src=\"https:\/\/www.dallassymphony.org\/wp-content\/uploads\/2022\/12\/Steve-Hackman-2-262x262.png\" class=\"attachment-262x262 size-262x262 wp-post-image\" alt=\"\" srcset=\"https:\/\/www.dallassymphony.org\/wp-content\/uploads\/2022\/12\/Steve-Hackman-2-262x262.png 262w, https:\/\/www.dallassymphony.org\/wp-content\/uploads\/2022\/12\/Steve-Hackman-2-300x300.png 300w, https:\/\/www.dallassymphony.org\/wp-content\/uploads\/2022\/12\/Steve-Hackman-2-1024x1024.png 1024w, https:\/\/www.dallassymphony.org\/wp-content\/uploads\/2022\/12\/Steve-Hackman-2-150x150.png 150w, https:\/\/www.dallassymphony.org\/wp-content\/uploads\/2022\/12\/Steve-Hackman-2-768x768.png 768w, https:\/\/www.dallassymphony.org\/wp-content\/uploads\/2022\/12\/Steve-Hackman-2-12x12.png 12w, https:\/\/www.dallassymphony.org\/wp-content\/uploads\/2022\/12\/Steve-Hackman-2-350x350.png 350w, https:\/\/www.dallassymphony.org\/wp-content\/uploads\/2022\/12\/Steve-Hackman-2-445x445.png 445w, https:\/\/www.dallassymphony.org\/wp-content\/uploads\/2022\/12\/Steve-Hackman-2.png 1200w\" sizes=\"auto, (max-width: 262px) 100vw, 262px\" \/>\t\t<div class=\"content__wrapper\">\n\t\t\t<h4>Steve Hackman<\/h4>\n\n\t\t\t<p>Compositor\/Conductor\/Productor<\/p>\n\n                            <a class=\"a-hover\" href=\"https:\/\/www.dallassymphony.org\/es\/people\/steve-hackman\/\">Leer m\u00e1s<\/a>\n            \t\t<\/div>\n\t<\/div>\n<\/div><div class=\"col-lg-6\">\n\t<div class=\"edp__musician-card\">\n\t\t<img loading=\"lazy\" decoding=\"async\" width=\"262\" height=\"262\" src=\"https:\/\/www.dallassymphony.org\/wp-content\/uploads\/2025\/05\/Brayla-Cook-e1746718419292-262x262.jpg\" class=\"attachment-262x262 size-262x262 wp-post-image\" alt=\"\" srcset=\"https:\/\/www.dallassymphony.org\/wp-content\/uploads\/2025\/05\/Brayla-Cook-e1746718419292-262x262.jpg 262w, https:\/\/www.dallassymphony.org\/wp-content\/uploads\/2025\/05\/Brayla-Cook-e1746718419292-300x300.jpg 300w, https:\/\/www.dallassymphony.org\/wp-content\/uploads\/2025\/05\/Brayla-Cook-e1746718419292-1024x1024.jpg 1024w, https:\/\/www.dallassymphony.org\/wp-content\/uploads\/2025\/05\/Brayla-Cook-e1746718419292-150x150.jpg 150w, https:\/\/www.dallassymphony.org\/wp-content\/uploads\/2025\/05\/Brayla-Cook-e1746718419292-768x768.jpg 768w, https:\/\/www.dallassymphony.org\/wp-content\/uploads\/2025\/05\/Brayla-Cook-e1746718419292-12x12.jpg 12w, https:\/\/www.dallassymphony.org\/wp-content\/uploads\/2025\/05\/Brayla-Cook-e1746718419292-350x350.jpg 350w, https:\/\/www.dallassymphony.org\/wp-content\/uploads\/2025\/05\/Brayla-Cook-e1746718419292-445x445.jpg 445w, https:\/\/www.dallassymphony.org\/wp-content\/uploads\/2025\/05\/Brayla-Cook-e1746718419292-400x400.jpg 400w, https:\/\/www.dallassymphony.org\/wp-content\/uploads\/2025\/05\/Brayla-Cook-e1746718419292-600x600.jpg 600w, https:\/\/www.dallassymphony.org\/wp-content\/uploads\/2025\/05\/Brayla-Cook-e1746718419292.jpg 1365w\" sizes=\"auto, (max-width: 262px) 100vw, 262px\" \/>\t\t<div class=\"content__wrapper\">\n\t\t\t<h4>Brayla Cook<\/h4>\n\n\t\t\t<p>Vocalista<\/p>\n\n                            <a class=\"a-hover\" href=\"https:\/\/www.dallassymphony.org\/es\/people\/brayla-cook\/\">Leer m\u00e1s<\/a>\n            \t\t<\/div>\n\t<\/div>\n<\/div><div class=\"col-lg-6\">\n\t<div class=\"edp__musician-card\">\n\t\t<img loading=\"lazy\" decoding=\"async\" width=\"262\" height=\"262\" src=\"https:\/\/www.dallassymphony.org\/wp-content\/uploads\/2025\/05\/Malia-Civetz-e1746719089995-262x262.jpg\" class=\"attachment-262x262 size-262x262 wp-post-image\" alt=\"\" srcset=\"https:\/\/www.dallassymphony.org\/wp-content\/uploads\/2025\/05\/Malia-Civetz-e1746719089995-262x262.jpg 262w, https:\/\/www.dallassymphony.org\/wp-content\/uploads\/2025\/05\/Malia-Civetz-e1746719089995-300x300.jpg 300w, https:\/\/www.dallassymphony.org\/wp-content\/uploads\/2025\/05\/Malia-Civetz-e1746719089995-1024x1024.jpg 1024w, https:\/\/www.dallassymphony.org\/wp-content\/uploads\/2025\/05\/Malia-Civetz-e1746719089995-150x150.jpg 150w, https:\/\/www.dallassymphony.org\/wp-content\/uploads\/2025\/05\/Malia-Civetz-e1746719089995-768x768.jpg 768w, https:\/\/www.dallassymphony.org\/wp-content\/uploads\/2025\/05\/Malia-Civetz-e1746719089995-12x12.jpg 12w, https:\/\/www.dallassymphony.org\/wp-content\/uploads\/2025\/05\/Malia-Civetz-e1746719089995-350x350.jpg 350w, https:\/\/www.dallassymphony.org\/wp-content\/uploads\/2025\/05\/Malia-Civetz-e1746719089995-445x445.jpg 445w, https:\/\/www.dallassymphony.org\/wp-content\/uploads\/2025\/05\/Malia-Civetz-e1746719089995-400x400.jpg 400w, https:\/\/www.dallassymphony.org\/wp-content\/uploads\/2025\/05\/Malia-Civetz-e1746719089995-600x600.jpg 600w, https:\/\/www.dallassymphony.org\/wp-content\/uploads\/2025\/05\/Malia-Civetz-e1746719089995.jpg 1332w\" sizes=\"auto, (max-width: 262px) 100vw, 262px\" \/>\t\t<div class=\"content__wrapper\">\n\t\t\t<h4>Malia Civetz<\/h4>\n\n\t\t\t<p>Vocalista<\/p>\n\n                            <a class=\"a-hover\" href=\"https:\/\/www.dallassymphony.org\/es\/people\/malia-civetz\/\">Leer m\u00e1s<\/a>\n            \t\t<\/div>\n\t<\/div>\n<\/div><div class=\"col-lg-6\">\n\t<div class=\"edp__musician-card\">\n\t\t<img loading=\"lazy\" decoding=\"async\" width=\"262\" height=\"262\" src=\"https:\/\/www.dallassymphony.org\/wp-content\/uploads\/2025\/05\/Kaylah-Sharve-262x262.jpg\" class=\"attachment-262x262 size-262x262 wp-post-image\" alt=\"\" srcset=\"https:\/\/www.dallassymphony.org\/wp-content\/uploads\/2025\/05\/Kaylah-Sharve-262x262.jpg 262w, https:\/\/www.dallassymphony.org\/wp-content\/uploads\/2025\/05\/Kaylah-Sharve-150x150.jpg 150w, https:\/\/www.dallassymphony.org\/wp-content\/uploads\/2025\/05\/Kaylah-Sharve-350x350.jpg 350w, https:\/\/www.dallassymphony.org\/wp-content\/uploads\/2025\/05\/Kaylah-Sharve-445x445.jpg 445w, https:\/\/www.dallassymphony.org\/wp-content\/uploads\/2025\/05\/Kaylah-Sharve-300x300.jpg 300w, https:\/\/www.dallassymphony.org\/wp-content\/uploads\/2025\/05\/Kaylah-Sharve-400x400.jpg 400w, https:\/\/www.dallassymphony.org\/wp-content\/uploads\/2025\/05\/Kaylah-Sharve-600x600.jpg 600w\" sizes=\"auto, (max-width: 262px) 100vw, 262px\" \/>\t\t<div class=\"content__wrapper\">\n\t\t\t<h4>Kaylah Sharve<\/h4>\n\n\t\t\t<p>Vocalista<\/p>\n\n                            <a class=\"a-hover\" href=\"https:\/\/www.dallassymphony.org\/es\/people\/kaylah-sharve\/\">Leer m\u00e1s<\/a>\n            \t\t<\/div>\n\t<\/div>\n<\/div><div class=\"col-lg-6\">\n\t<div class=\"edp__musician-card\">\n\t\t<img loading=\"lazy\" decoding=\"async\" width=\"262\" height=\"262\" src=\"https:\/\/www.dallassymphony.org\/wp-content\/uploads\/2025\/05\/Nicholas-Clark-262x262.jpg\" class=\"attachment-262x262 size-262x262 wp-post-image\" alt=\"\" srcset=\"https:\/\/www.dallassymphony.org\/wp-content\/uploads\/2025\/05\/Nicholas-Clark-262x262.jpg 262w, https:\/\/www.dallassymphony.org\/wp-content\/uploads\/2025\/05\/Nicholas-Clark-150x150.jpg 150w, https:\/\/www.dallassymphony.org\/wp-content\/uploads\/2025\/05\/Nicholas-Clark-350x350.jpg 350w, https:\/\/www.dallassymphony.org\/wp-content\/uploads\/2025\/05\/Nicholas-Clark-445x445.jpg 445w, https:\/\/www.dallassymphony.org\/wp-content\/uploads\/2025\/05\/Nicholas-Clark-300x300.jpg 300w, https:\/\/www.dallassymphony.org\/wp-content\/uploads\/2025\/05\/Nicholas-Clark-400x400.jpg 400w, https:\/\/www.dallassymphony.org\/wp-content\/uploads\/2025\/05\/Nicholas-Clark-600x600.jpg 600w\" sizes=\"auto, (max-width: 262px) 100vw, 262px\" \/>\t\t<div class=\"content__wrapper\">\n\t\t\t<h4>Nicholas Clark<\/h4>\n\n\t\t\t<p>Bass<\/p>\n\n                            <a class=\"a-hover\" href=\"https:\/\/www.dallassymphony.org\/es\/people\/nicholas-clark\/\">Leer m\u00e1s<\/a>\n            \t\t<\/div>\n\t<\/div>\n<\/div><div class=\"col-lg-6\">\n\t<div class=\"edp__musician-card\">\n\t\t<img loading=\"lazy\" decoding=\"async\" width=\"262\" height=\"262\" src=\"https:\/\/www.dallassymphony.org\/wp-content\/uploads\/2025\/05\/TaRon-Lockett-e1746720148184-262x262.jpg\" class=\"attachment-262x262 size-262x262 wp-post-image\" alt=\"\" srcset=\"https:\/\/www.dallassymphony.org\/wp-content\/uploads\/2025\/05\/TaRon-Lockett-e1746720148184-262x262.jpg 262w, https:\/\/www.dallassymphony.org\/wp-content\/uploads\/2025\/05\/TaRon-Lockett-e1746720148184-300x300.jpg 300w, https:\/\/www.dallassymphony.org\/wp-content\/uploads\/2025\/05\/TaRon-Lockett-e1746720148184-1024x1024.jpg 1024w, https:\/\/www.dallassymphony.org\/wp-content\/uploads\/2025\/05\/TaRon-Lockett-e1746720148184-150x150.jpg 150w, https:\/\/www.dallassymphony.org\/wp-content\/uploads\/2025\/05\/TaRon-Lockett-e1746720148184-768x768.jpg 768w, https:\/\/www.dallassymphony.org\/wp-content\/uploads\/2025\/05\/TaRon-Lockett-e1746720148184-12x12.jpg 12w, https:\/\/www.dallassymphony.org\/wp-content\/uploads\/2025\/05\/TaRon-Lockett-e1746720148184-350x350.jpg 350w, https:\/\/www.dallassymphony.org\/wp-content\/uploads\/2025\/05\/TaRon-Lockett-e1746720148184-445x445.jpg 445w, https:\/\/www.dallassymphony.org\/wp-content\/uploads\/2025\/05\/TaRon-Lockett-e1746720148184-400x400.jpg 400w, https:\/\/www.dallassymphony.org\/wp-content\/uploads\/2025\/05\/TaRon-Lockett-e1746720148184-600x600.jpg 600w, https:\/\/www.dallassymphony.org\/wp-content\/uploads\/2025\/05\/TaRon-Lockett-e1746720148184.jpg 1536w\" sizes=\"auto, (max-width: 262px) 100vw, 262px\" \/>\t\t<div class=\"content__wrapper\">\n\t\t\t<h4>TaRon Lockett<\/h4>\n\n\t\t\t<p>Bater\u00eda<\/p>\n\n                            <a class=\"a-hover\" href=\"https:\/\/www.dallassymphony.org\/es\/people\/taron-lockett\/\">Leer m\u00e1s<\/a>\n            \t\t<\/div>\n\t<\/div>\n<\/div><div class=\"col-lg-6\">\n\t<div class=\"edp__musician-card\">\n\t\t<img loading=\"lazy\" decoding=\"async\" width=\"262\" height=\"262\" src=\"https:\/\/www.dallassymphony.org\/wp-content\/uploads\/2025\/05\/andrew-lipke-photo-e1746720682306-262x262.png\" class=\"attachment-262x262 size-262x262 wp-post-image\" alt=\"\" srcset=\"https:\/\/www.dallassymphony.org\/wp-content\/uploads\/2025\/05\/andrew-lipke-photo-e1746720682306-262x262.png 262w, https:\/\/www.dallassymphony.org\/wp-content\/uploads\/2025\/05\/andrew-lipke-photo-e1746720682306-300x300.png 300w, https:\/\/www.dallassymphony.org\/wp-content\/uploads\/2025\/05\/andrew-lipke-photo-e1746720682306-150x150.png 150w, https:\/\/www.dallassymphony.org\/wp-content\/uploads\/2025\/05\/andrew-lipke-photo-e1746720682306-12x12.png 12w, https:\/\/www.dallassymphony.org\/wp-content\/uploads\/2025\/05\/andrew-lipke-photo-e1746720682306-350x350.png 350w, https:\/\/www.dallassymphony.org\/wp-content\/uploads\/2025\/05\/andrew-lipke-photo-e1746720682306-445x445.png 445w, https:\/\/www.dallassymphony.org\/wp-content\/uploads\/2025\/05\/andrew-lipke-photo-e1746720682306-400x400.png 400w, https:\/\/www.dallassymphony.org\/wp-content\/uploads\/2025\/05\/andrew-lipke-photo-e1746720682306.png 588w\" sizes=\"auto, (max-width: 262px) 100vw, 262px\" \/>\t\t<div class=\"content__wrapper\">\n\t\t\t<h4>Andrew Lipke<\/h4>\n\n\t\t\t<p>Guitarra<\/p>\n\n                            <a class=\"a-hover\" href=\"https:\/\/www.dallassymphony.org\/es\/people\/andrew-lipke\/\">Leer m\u00e1s<\/a>\n            \t\t<\/div>\n\t<\/div>\n<\/div>\t\t<\/div>\n\t<\/div>\n<\/div>","protected":false},"excerpt":{"rendered":"<p>Experimenta la nueva y emocionante mezcla de Steve Hackman de la reina del pop\/R&amp;B y el rey de la m\u00fasica cl\u00e1sica mientras el repertorio ic\u00f3nico de Beyonc\u00e9 se entrelaza a la perfecci\u00f3n con la S\u00e9ptima Sinfon\u00eda de Beethoven.<\/p>","protected":false},"featured_media":21744,"template":"","dso_concert_series":[],"class_list":["post-21303","dso_prod_season","type-dso_prod_season","status-publish","has-post-thumbnail","hentry"],"acf":[],"_links":{"self":[{"href":"https:\/\/www.dallassymphony.org\/es\/wp-json\/wp\/v2\/dso_prod_season\/21303","targetHints":{"allow":["GET"]}}],"collection":[{"href":"https:\/\/www.dallassymphony.org\/es\/wp-json\/wp\/v2\/dso_prod_season"}],"about":[{"href":"https:\/\/www.dallassymphony.org\/es\/wp-json\/wp\/v2\/types\/dso_prod_season"}],"version-history":[{"count":0,"href":"https:\/\/www.dallassymphony.org\/es\/wp-json\/wp\/v2\/dso_prod_season\/21303\/revisions"}],"wp:featuredmedia":[{"embeddable":true,"href":"https:\/\/www.dallassymphony.org\/es\/wp-json\/wp\/v2\/media\/21744"}],"wp:attachment":[{"href":"https:\/\/www.dallassymphony.org\/es\/wp-json\/wp\/v2\/media?parent=21303"}],"wp:term":[{"taxonomy":"dso_concert_series","embeddable":true,"href":"https:\/\/www.dallassymphony.org\/es\/wp-json\/wp\/v2\/dso_concert_series?post=21303"}],"curies":[{"name":"wp","href":"https:\/\/api.w.org\/{rel}","templated":true}]}}