{"id":9873,"date":"2022-09-08T10:48:16","date_gmt":"2022-09-08T15:48:16","guid":{"rendered":"https:\/\/www.dallassymphony.org\/?post_type=dso_person&#038;p=9873"},"modified":"2022-09-12T12:00:00","modified_gmt":"2022-09-12T17:00:00","slug":"sari-gruber","status":"publish","type":"dso_person","link":"https:\/\/www.dallassymphony.org\/es\/people\/sari-gruber\/","title":{"rendered":"Sari Gruber"},"content":{"rendered":"<div class=\"hero__no-img bg-blue-8\">\n\t<div class=\"container\">\n\t\t<div class=\"row\">\n\t\t\t<div class=\"col-md-10\">\n\n\t\t\t\t<ul class=\"breadcrumbs\">\n    \t<li class=\"breadcrumb__link\">\n\t\t<a class=\"a-hover\" href=\"https:\/\/www.dallassymphony.org\/es\/\">Inicio<\/a>\n\t<\/li>\n    \t<li class=\"breadcrumb__link a-styles\">\n\t\t<a class=\"a-hover\" href=\"https:\/\/www.dallassymphony.org\/es\/about-the-dso\/\">Sobre el DSO<\/a>\n\t<\/li>\n    \t<li class=\"breadcrumb__link a-styles\">\n\t\t<a class=\"a-hover\" href=\"https:\/\/www.dallassymphony.org\/es\/about-the-dso\/people\/\">Gente<\/a>\n\t<\/li>\n    <\/ul>\n\n                \t\t\t\t<h1>\n                    <span >Sari Gruber<\/span>\n                <\/h1>\n                \t\t\t<\/div>\n\t\t<\/div>\n\t<\/div>\n<\/div>\n\n\n<div class=\"bio__block m-spacer\">\n\t<div class=\"container\">\n\t\t<div class=\"row\">\n\t\t\t<div class=\"col-md-5 position-relative\">\n\t\t\t\t\t\t\t\t<img loading=\"lazy\" decoding=\"async\" width=\"445\" height=\"445\" src=\"https:\/\/www.dallassymphony.org\/wp-content\/uploads\/2022\/09\/2223-People-1200x1200-5-445x445.jpg\" class=\"d-md-block img-fluid w-100 wp-post-image\" alt=\"Sari Gruber\" srcset=\"https:\/\/www.dallassymphony.org\/wp-content\/uploads\/2022\/09\/2223-People-1200x1200-5-445x445.jpg 445w, https:\/\/www.dallassymphony.org\/wp-content\/uploads\/2022\/09\/2223-People-1200x1200-5-300x300.jpg 300w, https:\/\/www.dallassymphony.org\/wp-content\/uploads\/2022\/09\/2223-People-1200x1200-5-1024x1024.jpg 1024w, https:\/\/www.dallassymphony.org\/wp-content\/uploads\/2022\/09\/2223-People-1200x1200-5-150x150.jpg 150w, https:\/\/www.dallassymphony.org\/wp-content\/uploads\/2022\/09\/2223-People-1200x1200-5-768x768.jpg 768w, https:\/\/www.dallassymphony.org\/wp-content\/uploads\/2022\/09\/2223-People-1200x1200-5-12x12.jpg 12w, https:\/\/www.dallassymphony.org\/wp-content\/uploads\/2022\/09\/2223-People-1200x1200-5-262x262.jpg 262w, https:\/\/www.dallassymphony.org\/wp-content\/uploads\/2022\/09\/2223-People-1200x1200-5-350x350.jpg 350w, https:\/\/www.dallassymphony.org\/wp-content\/uploads\/2022\/09\/2223-People-1200x1200-5.jpg 1200w\" sizes=\"auto, (max-width: 445px) 100vw, 445px\" \/>\t\t\t<\/div>\n\t\t\t<div class=\"col-md-7\">\n\t\t\t\t<div class=\"bio__content-wrapper\">\n\t\t\t\t\t<h1>Sari Gruber<\/h1>\n\n                    <div class=\"bio__meta\">\n\t\t\t\t\t<p>Soprano<\/p>\n                    <\/div>\n\n\t\t\t\t\t<p>Aclamado como \"nada menos que sensacional\" por <em>Opera<\/em> Sari Gruber ha actuado con la \u00d3pera L\u00edrica de Chicago, la NYCO, la \u00d3pera de Los \u00c1ngeles, la \u00d3pera de los Pa\u00edses Bajos, el Maggio Musicale di Firenze, el Festival Saito Kinen, el Ongaku-Juku de Seiji Ozawa, la \u00d3pera de Filadelfia, la \u00d3pera de Pittsburgh, la Florida Grand, la \u00d3pera del Pac\u00edfico, la OTSL, la \u00d3pera de Boston, la \u00d3pera L\u00edrica de Kansas City, la \u00d3pera de Portland, la \u00d3pera de Connecticut, la \u00d3pera de Austin y la \u00d3pera de Arizona, interpretando sus papeles caracter\u00edsticos de Susanna\/<em>Le nozze di Figaro<\/em>, Despina\/<em>Cos\u00ec fan tutte<\/em>y Musetta\/<em>La Boh\u00e8me<\/em>, adem\u00e1s de Pamina\/<em>Zauberfl\u00f6te<\/em>, Norina\/<em>Don Pasquale<\/em>, Adina\/<em>L'elisir d'amore<\/em>, Gretel\/<em>H\u00e4nsel y Gretel<\/em>, Gilda\/<em>Rigoletto<\/em>, Juliette\/<em>Rom\u00e9o et Juliette<\/em>, Anne\/<em>Rake's Progress<\/em>, Vixen\/<em>Peque\u00f1a zorra astuta<\/em>, Rose\/<em>Escena de la calle<\/em>Alexandra...<em>Regina<\/em>, Nannetta\/<em>Falstaff<\/em>, Aricie\/<em>Hippolyte et Aricie<\/em>, Poppea\/<em>Agripina<\/em>, Carolina\/<em>Matrimonio Segreto<\/em>, Marzelline\/<em>Fidelio<\/em>, Fiordiligi\/<em>Cos\u00ec fan tutte<\/em>, Zerlina\/<em>Don Giovanni<\/em>, Adele\/<em>Fledermaus<\/em>, Beth\/<em>Mujercitas<\/em>, Lisette\/<em>Rondine<\/em>, Miss Hedgehog\/<em>Fantastic Mr. Fox<\/em>(estreno mundial), y Helena\/<em>Sue\u00f1o de una noche de verano<\/em>.<\/p>\n                    \t\t\t\t\t<a href=\"https:\/\/www.dallassymphony.org\/es\/people\/sari-gruber\/\" class=\"a-hover\">Leer m\u00e1s<\/a>\n                                        <div class=\"share d-flex align-items-center\">\n                        \n                                            <\/div>\n\t\t\t\t<\/div>\n\t\t\t<\/div>\n\t\t<\/div>\n\t<\/div>\n<\/div>","protected":false},"excerpt":{"rendered":"<p>Aclamada como \"nada menos que sensacional\" por la revista Opera, Sari Gruber ha actuado con la \u00d3pera L\u00edrica de Chicago, la NYCO, la \u00d3pera de Los \u00c1ngeles, la \u00d3pera de los Pa\u00edses Bajos, el Maggio Musicale di Firenze, el Festival Saito Kinen, el Ongaku-Juku de Seiji Ozawa, la \u00d3pera de Filadelfia, \u00d3pera de Pittsburgh, Florida Grand, \u00d3pera del Pac\u00edfico, OTSL, Boston Lyric, \u00d3pera L\u00edrica de Kansas City, \u00d3pera de Portland, \u00d3pera de Connecticut, Austin Lyric, \u00d3pera de Arizona, interpretando sus papeles emblem\u00e1ticos de Susanna\/Le nozze di Figaro, Despina\/Cos\u00ec fan tutte, y Musetta\/La Boh\u00e8me, adem\u00e1s de Pamina\/Zauberfl\u00f6te, Norina\/Don Pasquale, Adina\/L'elisir d'amore, Gretel\/H\u00e4nsel und Gretel, Gilda\/Rigoletto, Juliette\/Rom\u00e9o et Juliette, Anne\/Rake's Progress, Vixen\/Cunning Little Vixen, Rose\/Street Scene, Alexandra\/Regina, Nannetta\/Falstaff, Aricie\/Hippolyte et Aricie, Poppea\/Agrippina, Carolina\/Matrimonio Segreto, Marzelline\/Fidelio, Fiordiligi\/Cos\u00ec fan tutte, Zerlina\/Don Giovanni, Adele\/Fledermaus, Beth\/Little Women, Lisette\/Rondine, Miss Hedgehog\/Fantastic Mr. Fox (estreno mundial), y Helena\/Sue\u00f1o de una noche de verano.<\/p>","protected":false},"featured_media":9872,"template":"","dso_musician_instrument":[],"dso_person_role":[29],"class_list":["post-9873","dso_person","type-dso_person","status-publish","has-post-thumbnail","hentry","dso_person_role-guest-artist"],"acf":[],"_links":{"self":[{"href":"https:\/\/www.dallassymphony.org\/es\/wp-json\/wp\/v2\/dso_person\/9873","targetHints":{"allow":["GET"]}}],"collection":[{"href":"https:\/\/www.dallassymphony.org\/es\/wp-json\/wp\/v2\/dso_person"}],"about":[{"href":"https:\/\/www.dallassymphony.org\/es\/wp-json\/wp\/v2\/types\/dso_person"}],"version-history":[{"count":0,"href":"https:\/\/www.dallassymphony.org\/es\/wp-json\/wp\/v2\/dso_person\/9873\/revisions"}],"wp:featuredmedia":[{"embeddable":true,"href":"https:\/\/www.dallassymphony.org\/es\/wp-json\/wp\/v2\/media\/9872"}],"wp:attachment":[{"href":"https:\/\/www.dallassymphony.org\/es\/wp-json\/wp\/v2\/media?parent=9873"}],"wp:term":[{"taxonomy":"dso_musician_instrument","embeddable":true,"href":"https:\/\/www.dallassymphony.org\/es\/wp-json\/wp\/v2\/dso_musician_instrument?post=9873"},{"taxonomy":"dso_person_role","embeddable":true,"href":"https:\/\/www.dallassymphony.org\/es\/wp-json\/wp\/v2\/dso_person_role?post=9873"}],"curies":[{"name":"wp","href":"https:\/\/api.w.org\/{rel}","templated":true}]}}