{"id":9802,"date":"2022-08-29T12:42:20","date_gmt":"2022-08-29T17:42:20","guid":{"rendered":"https:\/\/www.dallassymphony.org\/?post_type=dso_person&#038;p=9802"},"modified":"2024-02-27T14:34:24","modified_gmt":"2024-02-27T20:34:24","slug":"victor-johnson","status":"publish","type":"dso_person","link":"https:\/\/www.dallassymphony.org\/es\/people\/victor-johnson\/","title":{"rendered":"Victor Johnson"},"content":{"rendered":"<div class=\"hero__no-img bg-blue-8\">\n\t<div class=\"container\">\n\t\t<div class=\"row\">\n\t\t\t<div class=\"col-md-10\">\n\n\t\t\t\t<ul class=\"breadcrumbs\">\n    \t<li class=\"breadcrumb__link\">\n\t\t<a class=\"a-hover\" href=\"https:\/\/www.dallassymphony.org\/es\/\">Inicio<\/a>\n\t<\/li>\n    \t<li class=\"breadcrumb__link a-styles\">\n\t\t<a class=\"a-hover\" href=\"https:\/\/www.dallassymphony.org\/es\/about-the-dso\/\">Sobre el DSO<\/a>\n\t<\/li>\n    \t<li class=\"breadcrumb__link a-styles\">\n\t\t<a class=\"a-hover\" href=\"https:\/\/www.dallassymphony.org\/es\/about-the-dso\/people\/\">Gente<\/a>\n\t<\/li>\n    <\/ul>\n\n                \t\t\t\t<h1>\n                    <span >Victor Johnson<\/span>\n                <\/h1>\n                \t\t\t<\/div>\n\t\t<\/div>\n\t<\/div>\n<\/div>\n\n\n<div class=\"bio__block m-spacer\">\n\t<div class=\"container\">\n\t\t<div class=\"row\">\n\t\t\t<div class=\"col-md-5 position-relative\">\n\t\t\t\t\t\t\t\t<img loading=\"lazy\" decoding=\"async\" width=\"445\" height=\"445\" src=\"https:\/\/www.dallassymphony.org\/wp-content\/uploads\/2022\/08\/2024-People-1200x1200-29-445x445.png\" class=\"d-md-block img-fluid w-100 wp-post-image\" alt=\"\" srcset=\"https:\/\/www.dallassymphony.org\/wp-content\/uploads\/2022\/08\/2024-People-1200x1200-29-445x445.png 445w, https:\/\/www.dallassymphony.org\/wp-content\/uploads\/2022\/08\/2024-People-1200x1200-29-300x300.png 300w, https:\/\/www.dallassymphony.org\/wp-content\/uploads\/2022\/08\/2024-People-1200x1200-29-1024x1024.png 1024w, https:\/\/www.dallassymphony.org\/wp-content\/uploads\/2022\/08\/2024-People-1200x1200-29-150x150.png 150w, https:\/\/www.dallassymphony.org\/wp-content\/uploads\/2022\/08\/2024-People-1200x1200-29-768x768.png 768w, https:\/\/www.dallassymphony.org\/wp-content\/uploads\/2022\/08\/2024-People-1200x1200-29-12x12.png 12w, https:\/\/www.dallassymphony.org\/wp-content\/uploads\/2022\/08\/2024-People-1200x1200-29-262x262.png 262w, https:\/\/www.dallassymphony.org\/wp-content\/uploads\/2022\/08\/2024-People-1200x1200-29-350x350.png 350w, https:\/\/www.dallassymphony.org\/wp-content\/uploads\/2022\/08\/2024-People-1200x1200-29.png 1200w\" sizes=\"auto, (max-width: 445px) 100vw, 445px\" \/>\t\t\t<\/div>\n\t\t\t<div class=\"col-md-7\">\n\t\t\t\t<div class=\"bio__content-wrapper\">\n\t\t\t\t\t<h1>Victor Johnson<\/h1>\n\n                    <div class=\"bio__meta\">\n\t\t\t\t\t<p>DSCC: Director del Conjunto Mixto<\/p>\n                    <\/div>\n\n\t\t\t\t\t<p>Victor C. Johnson, un native de Dallas, Texas, es el editor de coros escolares de Sing!, la divisi\u00f3n de publicaciones educativas de Choristers Guild. Compositor y arreglista prol\u00edfico, tiene m\u00e1s de 350 obras corales, libros de solistas vocales y colecciones para teclado actualmente en imprenta.<\/p>\n                    \t\t\t\t\t<a href=\"https:\/\/www.dallassymphony.org\/es\/people\/victor-johnson\/\" class=\"a-hover\">Leer m\u00e1s<\/a>\n                                        <div class=\"share d-flex align-items-center\">\n                        \n                                            <\/div>\n\t\t\t\t<\/div>\n\t\t\t<\/div>\n\t\t<\/div>\n\t<\/div>\n<\/div>","protected":false},"excerpt":{"rendered":"<p>Victor C. Johnson, un native de Dallas, Texas, es el editor de coros escolares de \u00a1Canta!, la divisi\u00f3n de publicaciones educativas de Choristers Guild. Compositor y arreglista prol\u00edfico, tiene m\u00e1s de 350 obras corales, libros de solistas vocales y colecciones para teclado actualmente en imprenta.<br \/>\nAntes de su puesto en Choristers Guild, de 2000 a 2018, Victor fue director coral en la Academia de Bellas Artes de Ft. Worth (FWAFA). En la FWAFA, Victor dirigi\u00f3 los Academy Singers, el Academy Men's Choir y fue director art\u00edstico de las Singing Girls of Texas y del Children's Choir of Texas.<br \/>\nVictor es solicitado como director de orquesta invitado, adjudicador y cl\u00ednico para educadores musicales y estudiantes en todo Estados Unidos. Ha dirigido coros estatales y regionales de honor en Estados Unidos y Canad\u00e1. Sus propios coros han actuado en la Convenci\u00f3n de la Asociaci\u00f3n de Educadores de M\u00fasica de Texas en 2011 y 2014, as\u00ed como en la conferencia de la Asociaci\u00f3n Americana de Directores de Coros-Divisi\u00f3n Suroeste en marzo de 2016.<br \/>\nSus afiliaciones profesionales incluyen: Asociaci\u00f3n Americana de Directores de Coros, Asociaci\u00f3n de Educadores de M\u00fasica de Texas, Asociaci\u00f3n Nacional de Educaci\u00f3n Musical, Asociaci\u00f3n de Directores de Coros de Texas, ASCAP y Phi Mu Alpha Sinfonia, Inc.<\/p>","protected":false},"featured_media":18428,"template":"","dso_musician_instrument":[],"dso_person_role":[58],"class_list":["post-9802","dso_person","type-dso_person","status-publish","has-post-thumbnail","hentry","dso_person_role-leadership"],"acf":[],"_links":{"self":[{"href":"https:\/\/www.dallassymphony.org\/es\/wp-json\/wp\/v2\/dso_person\/9802","targetHints":{"allow":["GET"]}}],"collection":[{"href":"https:\/\/www.dallassymphony.org\/es\/wp-json\/wp\/v2\/dso_person"}],"about":[{"href":"https:\/\/www.dallassymphony.org\/es\/wp-json\/wp\/v2\/types\/dso_person"}],"version-history":[{"count":0,"href":"https:\/\/www.dallassymphony.org\/es\/wp-json\/wp\/v2\/dso_person\/9802\/revisions"}],"wp:featuredmedia":[{"embeddable":true,"href":"https:\/\/www.dallassymphony.org\/es\/wp-json\/wp\/v2\/media\/18428"}],"wp:attachment":[{"href":"https:\/\/www.dallassymphony.org\/es\/wp-json\/wp\/v2\/media?parent=9802"}],"wp:term":[{"taxonomy":"dso_musician_instrument","embeddable":true,"href":"https:\/\/www.dallassymphony.org\/es\/wp-json\/wp\/v2\/dso_musician_instrument?post=9802"},{"taxonomy":"dso_person_role","embeddable":true,"href":"https:\/\/www.dallassymphony.org\/es\/wp-json\/wp\/v2\/dso_person_role?post=9802"}],"curies":[{"name":"wp","href":"https:\/\/api.w.org\/{rel}","templated":true}]}}