{"id":9800,"date":"2022-08-29T12:41:55","date_gmt":"2022-08-29T17:41:55","guid":{"rendered":"https:\/\/www.dallassymphony.org\/?post_type=dso_person&#038;p=9800"},"modified":"2025-01-29T09:47:19","modified_gmt":"2025-01-29T15:47:19","slug":"hans-grim","status":"publish","type":"dso_person","link":"https:\/\/www.dallassymphony.org\/es\/people\/hans-grim\/","title":{"rendered":"Hans Grim"},"content":{"rendered":"<div class=\"hero__no-img bg-blue-8\">\n\t<div class=\"container\">\n\t\t<div class=\"row\">\n\t\t\t<div class=\"col-md-10\">\n\n\t\t\t\t<ul class=\"breadcrumbs\">\n    \t<li class=\"breadcrumb__link\">\n\t\t<a class=\"a-hover\" href=\"https:\/\/www.dallassymphony.org\/es\/\">Inicio<\/a>\n\t<\/li>\n    \t<li class=\"breadcrumb__link a-styles\">\n\t\t<a class=\"a-hover\" href=\"https:\/\/www.dallassymphony.org\/es\/about-the-dso\/\">Sobre el DSO<\/a>\n\t<\/li>\n    \t<li class=\"breadcrumb__link a-styles\">\n\t\t<a class=\"a-hover\" href=\"https:\/\/www.dallassymphony.org\/es\/about-the-dso\/people\/\">Gente<\/a>\n\t<\/li>\n    <\/ul>\n\n                \t\t\t\t<h1>\n                    <span >Hans Grim<\/span>\n                <\/h1>\n                \t\t\t<\/div>\n\t\t<\/div>\n\t<\/div>\n<\/div>\n\n\n<div class=\"bio__block m-spacer\">\n\t<div class=\"container\">\n\t\t<div class=\"row\">\n\t\t\t<div class=\"col-md-5 position-relative\">\n\t\t\t\t\t\t\t\t<img loading=\"lazy\" decoding=\"async\" width=\"445\" height=\"445\" src=\"https:\/\/www.dallassymphony.org\/wp-content\/uploads\/2022\/08\/Hans-Grim-Headshot-1.28.25-scaled-e1738165592214-445x445.jpg\" class=\"d-md-block img-fluid w-100 wp-post-image\" alt=\"\" srcset=\"https:\/\/www.dallassymphony.org\/wp-content\/uploads\/2022\/08\/Hans-Grim-Headshot-1.28.25-scaled-e1738165592214-445x445.jpg 445w, https:\/\/www.dallassymphony.org\/wp-content\/uploads\/2022\/08\/Hans-Grim-Headshot-1.28.25-scaled-e1738165592214-300x300.jpg 300w, https:\/\/www.dallassymphony.org\/wp-content\/uploads\/2022\/08\/Hans-Grim-Headshot-1.28.25-scaled-e1738165592214-1024x1024.jpg 1024w, https:\/\/www.dallassymphony.org\/wp-content\/uploads\/2022\/08\/Hans-Grim-Headshot-1.28.25-scaled-e1738165592214-150x150.jpg 150w, https:\/\/www.dallassymphony.org\/wp-content\/uploads\/2022\/08\/Hans-Grim-Headshot-1.28.25-scaled-e1738165592214-768x768.jpg 768w, https:\/\/www.dallassymphony.org\/wp-content\/uploads\/2022\/08\/Hans-Grim-Headshot-1.28.25-scaled-e1738165592214-1536x1536.jpg 1536w, https:\/\/www.dallassymphony.org\/wp-content\/uploads\/2022\/08\/Hans-Grim-Headshot-1.28.25-scaled-e1738165592214-12x12.jpg 12w, https:\/\/www.dallassymphony.org\/wp-content\/uploads\/2022\/08\/Hans-Grim-Headshot-1.28.25-scaled-e1738165592214-262x262.jpg 262w, https:\/\/www.dallassymphony.org\/wp-content\/uploads\/2022\/08\/Hans-Grim-Headshot-1.28.25-scaled-e1738165592214-350x350.jpg 350w, https:\/\/www.dallassymphony.org\/wp-content\/uploads\/2022\/08\/Hans-Grim-Headshot-1.28.25-scaled-e1738165592214-400x400.jpg 400w, https:\/\/www.dallassymphony.org\/wp-content\/uploads\/2022\/08\/Hans-Grim-Headshot-1.28.25-scaled-e1738165592214-600x600.jpg 600w, https:\/\/www.dallassymphony.org\/wp-content\/uploads\/2022\/08\/Hans-Grim-Headshot-1.28.25-scaled-e1738165592214.jpg 1706w\" sizes=\"auto, (max-width: 445px) 100vw, 445px\" \/>\t\t\t<\/div>\n\t\t\t<div class=\"col-md-7\">\n\t\t\t\t<div class=\"bio__content-wrapper\">\n\t\t\t\t\t<h1>Hans Grim<\/h1>\n\n                    <div class=\"bio__meta\">\n\t\t\t\t\t<p>DSCC: Director Asistente de Voces Sinf\u00f3nicas<\/p>\n                    <\/div>\n\n\t\t\t\t\t<p>Hans Patrick Grim es un m\u00fasico vers\u00e1til y educador afincado en el \u00e1rea de DFW. Posee un m\u00e1ster en Educaci\u00f3n Musical por la Tarleton State University y una licenciatura en M\u00fasica Vocal por la Texas Wesleyan University. Con una amplia experiencia como director coral, vocalista y pianista colaborative, Hans tiene una amplia experiencia en la ense\u00f1anza y la direcci\u00f3n en diversos entornos educativos y profesionales.<\/p>\n                    \t\t\t\t\t<a href=\"https:\/\/www.dallassymphony.org\/es\/people\/hans-grim\/\" class=\"a-hover\">Leer m\u00e1s<\/a>\n                                        <div class=\"share d-flex align-items-center\">\n                        \n                                            <\/div>\n\t\t\t\t<\/div>\n\t\t\t<\/div>\n\t\t<\/div>\n\t<\/div>\n<\/div>","protected":false},"excerpt":{"rendered":"<p>Hans Patrick Grim es un m\u00fasico vers\u00e1til y educador afincado en el \u00e1rea de DFW. Posee un m\u00e1ster en Educaci\u00f3n Musical por la Tarleton State University y una licenciatura en M\u00fasica Vocal por la Texas Wesleyan University. Con una amplia experiencia como director coral, vocalista y pianista colaborative, Hans tiene una amplia experiencia en la ense\u00f1anza y la direcci\u00f3n en diversos entornos educativos y profesionales.<\/p>","protected":false},"featured_media":24045,"template":"","dso_musician_instrument":[],"dso_person_role":[58],"class_list":["post-9800","dso_person","type-dso_person","status-publish","has-post-thumbnail","hentry","dso_person_role-leadership"],"acf":[],"_links":{"self":[{"href":"https:\/\/www.dallassymphony.org\/es\/wp-json\/wp\/v2\/dso_person\/9800","targetHints":{"allow":["GET"]}}],"collection":[{"href":"https:\/\/www.dallassymphony.org\/es\/wp-json\/wp\/v2\/dso_person"}],"about":[{"href":"https:\/\/www.dallassymphony.org\/es\/wp-json\/wp\/v2\/types\/dso_person"}],"version-history":[{"count":0,"href":"https:\/\/www.dallassymphony.org\/es\/wp-json\/wp\/v2\/dso_person\/9800\/revisions"}],"wp:featuredmedia":[{"embeddable":true,"href":"https:\/\/www.dallassymphony.org\/es\/wp-json\/wp\/v2\/media\/24045"}],"wp:attachment":[{"href":"https:\/\/www.dallassymphony.org\/es\/wp-json\/wp\/v2\/media?parent=9800"}],"wp:term":[{"taxonomy":"dso_musician_instrument","embeddable":true,"href":"https:\/\/www.dallassymphony.org\/es\/wp-json\/wp\/v2\/dso_musician_instrument?post=9800"},{"taxonomy":"dso_person_role","embeddable":true,"href":"https:\/\/www.dallassymphony.org\/es\/wp-json\/wp\/v2\/dso_person_role?post=9800"}],"curies":[{"name":"wp","href":"https:\/\/api.w.org\/{rel}","templated":true}]}}