{"id":9342,"date":"2022-06-29T11:09:23","date_gmt":"2022-06-29T16:09:23","guid":{"rendered":"https:\/\/www.dallassymphony.org\/?post_type=dso_person&#038;p=9342"},"modified":"2022-06-29T11:09:24","modified_gmt":"2022-06-29T16:09:24","slug":"paula-olsen","status":"publish","type":"dso_person","link":"https:\/\/www.dallassymphony.org\/es\/people\/paula-olsen\/","title":{"rendered":"Paula Olsen"},"content":{"rendered":"<div class=\"hero__no-img bg-blue-8\">\n\t<div class=\"container\">\n\t\t<div class=\"row\">\n\t\t\t<div class=\"col-md-10\">\n\n\t\t\t\t<ul class=\"breadcrumbs\">\n    \t<li class=\"breadcrumb__link\">\n\t\t<a class=\"a-hover\" href=\"https:\/\/www.dallassymphony.org\/es\/\">Inicio<\/a>\n\t<\/li>\n    \t<li class=\"breadcrumb__link a-styles\">\n\t\t<a class=\"a-hover\" href=\"https:\/\/www.dallassymphony.org\/es\/about-the-dso\/\">Sobre el DSO<\/a>\n\t<\/li>\n    \t<li class=\"breadcrumb__link a-styles\">\n\t\t<a class=\"a-hover\" href=\"https:\/\/www.dallassymphony.org\/es\/about-the-dso\/people\/\">Gente<\/a>\n\t<\/li>\n    <\/ul>\n\n                \t\t\t\t<h1>\n                    <span >Paula Olsen<\/span>\n                <\/h1>\n                \t\t\t<\/div>\n\t\t<\/div>\n\t<\/div>\n<\/div>\n\n\n<div class=\"bio__block m-spacer\">\n\t<div class=\"container\">\n\t\t<div class=\"row\">\n\t\t\t<div class=\"col-md-5 position-relative\">\n\t\t\t\t\t\t\t\t<img loading=\"lazy\" decoding=\"async\" width=\"445\" height=\"445\" src=\"https:\/\/www.dallassymphony.org\/wp-content\/uploads\/2022\/06\/Paula-Olsen-445x445.jpg\" class=\"d-md-block img-fluid w-100 wp-post-image\" alt=\"Paula Olsen\" srcset=\"https:\/\/www.dallassymphony.org\/wp-content\/uploads\/2022\/06\/Paula-Olsen-445x445.jpg 445w, https:\/\/www.dallassymphony.org\/wp-content\/uploads\/2022\/06\/Paula-Olsen-300x300.jpg 300w, https:\/\/www.dallassymphony.org\/wp-content\/uploads\/2022\/06\/Paula-Olsen-1024x1024.jpg 1024w, https:\/\/www.dallassymphony.org\/wp-content\/uploads\/2022\/06\/Paula-Olsen-150x150.jpg 150w, https:\/\/www.dallassymphony.org\/wp-content\/uploads\/2022\/06\/Paula-Olsen-768x768.jpg 768w, https:\/\/www.dallassymphony.org\/wp-content\/uploads\/2022\/06\/Paula-Olsen-12x12.jpg 12w, https:\/\/www.dallassymphony.org\/wp-content\/uploads\/2022\/06\/Paula-Olsen-262x262.jpg 262w, https:\/\/www.dallassymphony.org\/wp-content\/uploads\/2022\/06\/Paula-Olsen-350x350.jpg 350w, https:\/\/www.dallassymphony.org\/wp-content\/uploads\/2022\/06\/Paula-Olsen.jpg 1200w\" sizes=\"auto, (max-width: 445px) 100vw, 445px\" \/>\t\t\t<\/div>\n\t\t\t<div class=\"col-md-7\">\n\t\t\t\t<div class=\"bio__content-wrapper\">\n\t\t\t\t\t<h1>Paula Olsen<\/h1>\n\n                    <div class=\"bio__meta\">\n\t\t\t\t\t<p>DSCC: Director art\u00edstico<\/p>\n                    <\/div>\n\n\t\t\t\t\t<p>Paula Olsen creci\u00f3 en Texas y obtuvo su licenciatura en educaci\u00f3n musical y su maestr\u00eda en m\u00fasica con \u00e9nfasis en direcci\u00f3n coral en la Texas Tech University. Tiene m\u00e1s de veinte a\u00f1os de experiencia como directora coral y sus coros ganan constantemente los m\u00e1ximos honores en concursos y festivales. Paula ha disfrutado de ser miembro del Conjunto de Artes Vocales de San Antonio, la Sociedad de Artes Corales de Filadelfia y la Coral Ken Davis, as\u00ed como de actuar como solista.<\/p>\n                    \t\t\t\t\t<a href=\"https:\/\/www.dallassymphony.org\/es\/people\/paula-olsen\/\" class=\"a-hover\">Leer m\u00e1s<\/a>\n                                        <div class=\"share d-flex align-items-center\">\n                        \n                                            <\/div>\n\t\t\t\t<\/div>\n\t\t\t<\/div>\n\t\t<\/div>\n\t<\/div>\n<\/div>","protected":false},"excerpt":{"rendered":"<p>Paula Olsen creci\u00f3 en Texas y obtuvo su licenciatura en educaci\u00f3n musical y su maestr\u00eda en m\u00fasica con \u00e9nfasis en direcci\u00f3n coral en la Texas Tech University. Tiene m\u00e1s de veinte a\u00f1os de experiencia como directora coral y sus coros ganan constantemente los m\u00e1ximos honores en concursos y festivales.<\/p>","protected":false},"featured_media":9341,"template":"","dso_musician_instrument":[],"dso_person_role":[58],"class_list":["post-9342","dso_person","type-dso_person","status-publish","has-post-thumbnail","hentry","dso_person_role-leadership"],"acf":[],"_links":{"self":[{"href":"https:\/\/www.dallassymphony.org\/es\/wp-json\/wp\/v2\/dso_person\/9342","targetHints":{"allow":["GET"]}}],"collection":[{"href":"https:\/\/www.dallassymphony.org\/es\/wp-json\/wp\/v2\/dso_person"}],"about":[{"href":"https:\/\/www.dallassymphony.org\/es\/wp-json\/wp\/v2\/types\/dso_person"}],"version-history":[{"count":0,"href":"https:\/\/www.dallassymphony.org\/es\/wp-json\/wp\/v2\/dso_person\/9342\/revisions"}],"wp:featuredmedia":[{"embeddable":true,"href":"https:\/\/www.dallassymphony.org\/es\/wp-json\/wp\/v2\/media\/9341"}],"wp:attachment":[{"href":"https:\/\/www.dallassymphony.org\/es\/wp-json\/wp\/v2\/media?parent=9342"}],"wp:term":[{"taxonomy":"dso_musician_instrument","embeddable":true,"href":"https:\/\/www.dallassymphony.org\/es\/wp-json\/wp\/v2\/dso_musician_instrument?post=9342"},{"taxonomy":"dso_person_role","embeddable":true,"href":"https:\/\/www.dallassymphony.org\/es\/wp-json\/wp\/v2\/dso_person_role?post=9342"}],"curies":[{"name":"wp","href":"https:\/\/api.w.org\/{rel}","templated":true}]}}