{"id":8677,"date":"2022-04-14T15:53:38","date_gmt":"2022-04-14T20:53:38","guid":{"rendered":"https:\/\/www.dallassymphony.org\/?post_type=dso_person&#038;p=8677"},"modified":"2022-04-14T15:53:39","modified_gmt":"2022-04-14T20:53:39","slug":"lucia-micarelli","status":"publish","type":"dso_person","link":"https:\/\/www.dallassymphony.org\/es\/people\/lucia-micarelli\/","title":{"rendered":"Lucia Micarelli"},"content":{"rendered":"<div class=\"hero__no-img bg-blue-8\">\n\t<div class=\"container\">\n\t\t<div class=\"row\">\n\t\t\t<div class=\"col-md-10\">\n\n\t\t\t\t<ul class=\"breadcrumbs\">\n    \t<li class=\"breadcrumb__link\">\n\t\t<a class=\"a-hover\" href=\"https:\/\/www.dallassymphony.org\/es\/\">Inicio<\/a>\n\t<\/li>\n    \t<li class=\"breadcrumb__link a-styles\">\n\t\t<a class=\"a-hover\" href=\"https:\/\/www.dallassymphony.org\/es\/about-the-dso\/\">Sobre el DSO<\/a>\n\t<\/li>\n    \t<li class=\"breadcrumb__link a-styles\">\n\t\t<a class=\"a-hover\" href=\"https:\/\/www.dallassymphony.org\/es\/about-the-dso\/people\/\">Gente<\/a>\n\t<\/li>\n    <\/ul>\n\n                \t\t\t\t<h1>\n                    <span >Lucia Micarelli<\/span>\n                <\/h1>\n                \t\t\t<\/div>\n\t\t<\/div>\n\t<\/div>\n<\/div>\n\n\n<div class=\"bio__block m-spacer\">\n\t<div class=\"container\">\n\t\t<div class=\"row\">\n\t\t\t<div class=\"col-md-5 position-relative\">\n\t\t\t\t\t\t\t\t<img loading=\"lazy\" decoding=\"async\" width=\"445\" height=\"445\" src=\"https:\/\/www.dallassymphony.org\/wp-content\/uploads\/2022\/04\/Lucia-Micarelli-1200x1200-1-445x445.jpg\" class=\"d-md-block img-fluid w-100 wp-post-image\" alt=\"Lucia Micarelli\" srcset=\"https:\/\/www.dallassymphony.org\/wp-content\/uploads\/2022\/04\/Lucia-Micarelli-1200x1200-1-445x445.jpg 445w, https:\/\/www.dallassymphony.org\/wp-content\/uploads\/2022\/04\/Lucia-Micarelli-1200x1200-1-300x300.jpg 300w, https:\/\/www.dallassymphony.org\/wp-content\/uploads\/2022\/04\/Lucia-Micarelli-1200x1200-1-1024x1024.jpg 1024w, https:\/\/www.dallassymphony.org\/wp-content\/uploads\/2022\/04\/Lucia-Micarelli-1200x1200-1-150x150.jpg 150w, https:\/\/www.dallassymphony.org\/wp-content\/uploads\/2022\/04\/Lucia-Micarelli-1200x1200-1-768x768.jpg 768w, https:\/\/www.dallassymphony.org\/wp-content\/uploads\/2022\/04\/Lucia-Micarelli-1200x1200-1-12x12.jpg 12w, https:\/\/www.dallassymphony.org\/wp-content\/uploads\/2022\/04\/Lucia-Micarelli-1200x1200-1-262x262.jpg 262w, https:\/\/www.dallassymphony.org\/wp-content\/uploads\/2022\/04\/Lucia-Micarelli-1200x1200-1-350x350.jpg 350w, https:\/\/www.dallassymphony.org\/wp-content\/uploads\/2022\/04\/Lucia-Micarelli-1200x1200-1.jpg 1200w\" sizes=\"auto, (max-width: 445px) 100vw, 445px\" \/>\t\t\t<\/div>\n\t\t\t<div class=\"col-md-7\">\n\t\t\t\t<div class=\"bio__content-wrapper\">\n\t\t\t\t\t<h1>Lucia Micarelli<\/h1>\n\n                    <div class=\"bio__meta\">\n\t\t\t\t\t<p>Viol\u00edn<\/p>\n                    <\/div>\n\n\t\t\t\t\t<p>Nacida en Queens, Nueva York, Luc\u00eda estaba inmersa en las artes a la edad de tres a\u00f1os, practicando diligentemente la danza, el piano y el viol\u00edn.  No tard\u00f3 en descubrir que su pasi\u00f3n y su mayor talento era el viol\u00edn, que se convirti\u00f3 r\u00e1pidamente en su principal objetivo.  Tras mudarse a Hawai a los cinco a\u00f1os, continu\u00f3 perfeccionando sus habilidades con el viol\u00edn con las profesoras Kathryn Lucktenberg y Sheryl Shohet, y s\u00f3lo un a\u00f1o despu\u00e9s, a la edad de seis a\u00f1os, Luc\u00eda debut\u00f3 como solista con la Orquesta Sinf\u00f3nica de Honolulu.  Poco despu\u00e9s, empez\u00f3 a aparecer con frecuencia en programas de televisi\u00f3n locales y a dar conciertos por todas las islas.<\/p>\n                    \t\t\t\t\t<a href=\"https:\/\/www.dallassymphony.org\/es\/people\/lucia-micarelli\/\" class=\"a-hover\">Leer m\u00e1s<\/a>\n                                        <div class=\"share d-flex align-items-center\">\n                        \n                                            <\/div>\n\t\t\t\t<\/div>\n\t\t\t<\/div>\n\t\t<\/div>\n\t<\/div>\n<\/div>","protected":false},"excerpt":{"rendered":"<p>Nacida en Queens, Nueva York, Luc\u00eda estaba inmersa en las artes a la edad de tres a\u00f1os, practicando diligentemente la danza, el piano y el viol\u00edn.  No tard\u00f3 mucho en descubrir que su pasi\u00f3n y su mayor talento era el viol\u00edn, que r\u00e1pidamente se convirti\u00f3 en su principal objetivo.<\/p>","protected":false},"featured_media":8678,"template":"","dso_musician_instrument":[],"dso_person_role":[29],"class_list":["post-8677","dso_person","type-dso_person","status-publish","has-post-thumbnail","hentry","dso_person_role-guest-artist"],"acf":[],"_links":{"self":[{"href":"https:\/\/www.dallassymphony.org\/es\/wp-json\/wp\/v2\/dso_person\/8677","targetHints":{"allow":["GET"]}}],"collection":[{"href":"https:\/\/www.dallassymphony.org\/es\/wp-json\/wp\/v2\/dso_person"}],"about":[{"href":"https:\/\/www.dallassymphony.org\/es\/wp-json\/wp\/v2\/types\/dso_person"}],"version-history":[{"count":0,"href":"https:\/\/www.dallassymphony.org\/es\/wp-json\/wp\/v2\/dso_person\/8677\/revisions"}],"wp:featuredmedia":[{"embeddable":true,"href":"https:\/\/www.dallassymphony.org\/es\/wp-json\/wp\/v2\/media\/8678"}],"wp:attachment":[{"href":"https:\/\/www.dallassymphony.org\/es\/wp-json\/wp\/v2\/media?parent=8677"}],"wp:term":[{"taxonomy":"dso_musician_instrument","embeddable":true,"href":"https:\/\/www.dallassymphony.org\/es\/wp-json\/wp\/v2\/dso_musician_instrument?post=8677"},{"taxonomy":"dso_person_role","embeddable":true,"href":"https:\/\/www.dallassymphony.org\/es\/wp-json\/wp\/v2\/dso_person_role?post=8677"}],"curies":[{"name":"wp","href":"https:\/\/api.w.org\/{rel}","templated":true}]}}