{"id":8552,"date":"2022-03-30T10:47:56","date_gmt":"2022-03-30T15:47:56","guid":{"rendered":"https:\/\/www.dallassymphony.org\/?post_type=dso_person&#038;p=8552"},"modified":"2022-03-30T10:47:57","modified_gmt":"2022-03-30T15:47:57","slug":"alberto-triola","status":"publish","type":"dso_person","link":"https:\/\/www.dallassymphony.org\/es\/people\/alberto-triola\/","title":{"rendered":"Alberto Triola"},"content":{"rendered":"<div class=\"hero__no-img bg-blue-8\">\n\t<div class=\"container\">\n\t\t<div class=\"row\">\n\t\t\t<div class=\"col-md-10\">\n\n\t\t\t\t<ul class=\"breadcrumbs\">\n    \t<li class=\"breadcrumb__link\">\n\t\t<a class=\"a-hover\" href=\"https:\/\/www.dallassymphony.org\/es\/\">Inicio<\/a>\n\t<\/li>\n    \t<li class=\"breadcrumb__link a-styles\">\n\t\t<a class=\"a-hover\" href=\"https:\/\/www.dallassymphony.org\/es\/about-the-dso\/\">Sobre el DSO<\/a>\n\t<\/li>\n    \t<li class=\"breadcrumb__link a-styles\">\n\t\t<a class=\"a-hover\" href=\"https:\/\/www.dallassymphony.org\/es\/about-the-dso\/people\/\">Gente<\/a>\n\t<\/li>\n    <\/ul>\n\n                \t\t\t\t<h1>\n                    <span >Alberto Triola<\/span>\n                <\/h1>\n                \t\t\t<\/div>\n\t\t<\/div>\n\t<\/div>\n<\/div>\n\n\n<div class=\"bio__block m-spacer\">\n\t<div class=\"container\">\n\t\t<div class=\"row\">\n\t\t\t<div class=\"col-md-5 position-relative\">\n\t\t\t\t\t\t\t\t<img loading=\"lazy\" decoding=\"async\" width=\"445\" height=\"445\" src=\"https:\/\/www.dallassymphony.org\/wp-content\/uploads\/2022\/03\/Alberto-Triola-445x445.jpg\" class=\"d-md-block img-fluid w-100 wp-post-image\" alt=\"Alberto Triola\" srcset=\"https:\/\/www.dallassymphony.org\/wp-content\/uploads\/2022\/03\/Alberto-Triola-445x445.jpg 445w, https:\/\/www.dallassymphony.org\/wp-content\/uploads\/2022\/03\/Alberto-Triola-300x300.jpg 300w, https:\/\/www.dallassymphony.org\/wp-content\/uploads\/2022\/03\/Alberto-Triola-1024x1024.jpg 1024w, https:\/\/www.dallassymphony.org\/wp-content\/uploads\/2022\/03\/Alberto-Triola-150x150.jpg 150w, https:\/\/www.dallassymphony.org\/wp-content\/uploads\/2022\/03\/Alberto-Triola-768x768.jpg 768w, https:\/\/www.dallassymphony.org\/wp-content\/uploads\/2022\/03\/Alberto-Triola-12x12.jpg 12w, https:\/\/www.dallassymphony.org\/wp-content\/uploads\/2022\/03\/Alberto-Triola-262x262.jpg 262w, https:\/\/www.dallassymphony.org\/wp-content\/uploads\/2022\/03\/Alberto-Triola-350x350.jpg 350w, https:\/\/www.dallassymphony.org\/wp-content\/uploads\/2022\/03\/Alberto-Triola.jpg 1200w\" sizes=\"auto, (max-width: 445px) 100vw, 445px\" \/>\t\t\t<\/div>\n\t\t\t<div class=\"col-md-7\">\n\t\t\t\t<div class=\"bio__content-wrapper\">\n\t\t\t\t\t<h1>Alberto Triola<\/h1>\n\n                    <div class=\"bio__meta\">\n\t\t\t\t\t<p>Director de escena<\/p>\n                    <\/div>\n\n\t\t\t\t\t<p>Superintendente y director art\u00edstico de la Fundaci\u00f3n Arturo Toscanini de Parma desde noviembre de 2018, fue director art\u00edstico del Festival della Valle d'Itria de 2010 a 2021. De 2013 a 2017 fue director general del Teatro Maggio Musicale Fiorentino. Comprometido permanentemente en el \u00e1mbito teatral y musical desde hace m\u00e1s de treinta a\u00f1os, desde 2002 se ha distinguido por significativas experiencias de direcci\u00f3n en los principales teatros y festivales italianos, como el Festival dei Due Mondi de Spoleto, Festival Monteverdi y Teatro Ponchielli de Cremona, Carlo Felice de G\u00e9nova, Teatro Comunale de Bolonia, Teatro Lirico de Cagliari, con temporadas de reconocidos \u00e9xitos y programas art\u00edsticos de apreciada vivacidad cultural, que a menudo marcan la consagraci\u00f3n de nuevos talentos vocales, directoriales y de direcci\u00f3n.<\/p>\n                    \t\t\t\t\t<a href=\"https:\/\/www.dallassymphony.org\/es\/people\/alberto-triola\/\" class=\"a-hover\">Leer m\u00e1s<\/a>\n                                        <div class=\"share d-flex align-items-center\">\n                        \n                                            <\/div>\n\t\t\t\t<\/div>\n\t\t\t<\/div>\n\t\t<\/div>\n\t<\/div>\n<\/div>","protected":false},"excerpt":{"rendered":"<p>Superintendente y director art\u00edstico de la Fundaci\u00f3n Arturo Toscanini de Parma desde noviembre de 2018, fue director art\u00edstico del Festival della Valle d'Itria de 2010 a 2021. De 2013 a 2017 fue director general del Teatro Maggio Musicale Fiorentino.<\/p>","protected":false},"featured_media":8553,"template":"","dso_musician_instrument":[],"dso_person_role":[29],"class_list":["post-8552","dso_person","type-dso_person","status-publish","has-post-thumbnail","hentry","dso_person_role-guest-artist"],"acf":[],"_links":{"self":[{"href":"https:\/\/www.dallassymphony.org\/es\/wp-json\/wp\/v2\/dso_person\/8552","targetHints":{"allow":["GET"]}}],"collection":[{"href":"https:\/\/www.dallassymphony.org\/es\/wp-json\/wp\/v2\/dso_person"}],"about":[{"href":"https:\/\/www.dallassymphony.org\/es\/wp-json\/wp\/v2\/types\/dso_person"}],"version-history":[{"count":0,"href":"https:\/\/www.dallassymphony.org\/es\/wp-json\/wp\/v2\/dso_person\/8552\/revisions"}],"wp:featuredmedia":[{"embeddable":true,"href":"https:\/\/www.dallassymphony.org\/es\/wp-json\/wp\/v2\/media\/8553"}],"wp:attachment":[{"href":"https:\/\/www.dallassymphony.org\/es\/wp-json\/wp\/v2\/media?parent=8552"}],"wp:term":[{"taxonomy":"dso_musician_instrument","embeddable":true,"href":"https:\/\/www.dallassymphony.org\/es\/wp-json\/wp\/v2\/dso_musician_instrument?post=8552"},{"taxonomy":"dso_person_role","embeddable":true,"href":"https:\/\/www.dallassymphony.org\/es\/wp-json\/wp\/v2\/dso_person_role?post=8552"}],"curies":[{"name":"wp","href":"https:\/\/api.w.org\/{rel}","templated":true}]}}