{"id":8330,"date":"2022-03-03T18:49:39","date_gmt":"2022-03-04T00:49:39","guid":{"rendered":"https:\/\/www.dallassymphony.org\/?post_type=dso_person&#038;p=8330"},"modified":"2026-02-24T15:28:10","modified_gmt":"2026-02-24T21:28:10","slug":"lise-de-la-salle","status":"publish","type":"dso_person","link":"https:\/\/www.dallassymphony.org\/es\/people\/lise-de-la-salle\/","title":{"rendered":"Lise de la Salle"},"content":{"rendered":"<div class=\"hero__no-img bg-blue-8\">\n\t<div class=\"container\">\n\t\t<div class=\"row\">\n\t\t\t<div class=\"col-md-10\">\n\n\t\t\t\t<ul class=\"breadcrumbs\">\n    \t<li class=\"breadcrumb__link\">\n\t\t<a class=\"a-hover\" href=\"https:\/\/www.dallassymphony.org\/es\/\">Inicio<\/a>\n\t<\/li>\n    \t<li class=\"breadcrumb__link a-styles\">\n\t\t<a class=\"a-hover\" href=\"https:\/\/www.dallassymphony.org\/es\/about-the-dso\/\">Sobre el DSO<\/a>\n\t<\/li>\n    \t<li class=\"breadcrumb__link a-styles\">\n\t\t<a class=\"a-hover\" href=\"https:\/\/www.dallassymphony.org\/es\/about-the-dso\/people\/\">Gente<\/a>\n\t<\/li>\n    <\/ul>\n\n                \t\t\t\t<h1>\n                    <span >Lise de la Salle<\/span>\n                <\/h1>\n                \t\t\t<\/div>\n\t\t<\/div>\n\t<\/div>\n<\/div>\n\n\n<div class=\"bio__block m-spacer\">\n\t<div class=\"container\">\n\t\t<div class=\"row\">\n\t\t\t<div class=\"col-md-5 position-relative\">\n\t\t\t\t\t\t\t\t<img loading=\"lazy\" decoding=\"async\" width=\"445\" height=\"445\" src=\"https:\/\/www.dallassymphony.org\/wp-content\/uploads\/2026\/02\/Lise-de-la-Salle-445x445.png\" class=\"d-md-block img-fluid w-100 wp-post-image\" alt=\"\" srcset=\"https:\/\/www.dallassymphony.org\/wp-content\/uploads\/2026\/02\/Lise-de-la-Salle-445x445.png 445w, https:\/\/www.dallassymphony.org\/wp-content\/uploads\/2026\/02\/Lise-de-la-Salle-300x300.png 300w, https:\/\/www.dallassymphony.org\/wp-content\/uploads\/2026\/02\/Lise-de-la-Salle-1024x1024.png 1024w, https:\/\/www.dallassymphony.org\/wp-content\/uploads\/2026\/02\/Lise-de-la-Salle-150x150.png 150w, https:\/\/www.dallassymphony.org\/wp-content\/uploads\/2026\/02\/Lise-de-la-Salle-768x768.png 768w, https:\/\/www.dallassymphony.org\/wp-content\/uploads\/2026\/02\/Lise-de-la-Salle-12x12.png 12w, https:\/\/www.dallassymphony.org\/wp-content\/uploads\/2026\/02\/Lise-de-la-Salle-262x262.png 262w, https:\/\/www.dallassymphony.org\/wp-content\/uploads\/2026\/02\/Lise-de-la-Salle-350x350.png 350w, https:\/\/www.dallassymphony.org\/wp-content\/uploads\/2026\/02\/Lise-de-la-Salle.png 1200w\" sizes=\"auto, (max-width: 445px) 100vw, 445px\" \/>\t\t\t<\/div>\n\t\t\t<div class=\"col-md-7\">\n\t\t\t\t<div class=\"bio__content-wrapper\">\n\t\t\t\t\t<h1>Lise de la Salle<\/h1>\n\n                    <div class=\"bio__meta\">\n\t\t\t\t\t<p>Piano<\/p>\n                    <\/div>\n\n\t\t\t\t\t<p>Lise de la Salle es una pianista reconocida internacionalmente con una carrera de m\u00e1s de veinte a\u00f1os. Sus grabaciones galardonadas y sus actuaciones internacionales la han convertido en una figura destacada entre los pianistas contempor\u00e1neos. Un cr\u00edtico del Washington Post coment\u00f3 en una ocasi\u00f3n: \u201cDurante gran parte del concierto, el p\u00fablico tuvo que recordar respirar... la emoci\u00f3n no decay\u00f3 ni un segundo hasta que sus manos se separaron del teclado\u201d.\u201d<\/p>\n                    \t\t\t\t\t<a href=\"https:\/\/www.dallassymphony.org\/es\/people\/lise-de-la-salle\/\" class=\"a-hover\">Leer m\u00e1s<\/a>\n                                        <div class=\"share d-flex align-items-center\">\n                        \n                                            <\/div>\n\t\t\t\t<\/div>\n\t\t\t<\/div>\n\t\t<\/div>\n\t<\/div>\n<\/div>","protected":false},"excerpt":{"rendered":"<p>Gracias a sus aclamadas apariciones en conciertos internacionales y a sus premiadas grabaciones de Na\u00efve, Lise de la Salle se ha ganado la reputaci\u00f3n de ser una de las artistas j\u00f3venes m\u00e1s interesantes de la actualidad y de ser una m\u00fasica de una sensibilidad y madurez poco comunes. Su forma de tocar inspir\u00f3 a un cr\u00edtico del Washington Post a escribir: \"Durante gran parte del concierto, el p\u00fablico tuvo que acordarse de respirar... la euforia no ces\u00f3 ni un segundo hasta que sus manos salieron del teclado\".<\/p>","protected":false},"featured_media":30362,"template":"","dso_musician_instrument":[],"dso_person_role":[29],"class_list":["post-8330","dso_person","type-dso_person","status-publish","has-post-thumbnail","hentry","dso_person_role-guest-artist"],"acf":[],"_links":{"self":[{"href":"https:\/\/www.dallassymphony.org\/es\/wp-json\/wp\/v2\/dso_person\/8330","targetHints":{"allow":["GET"]}}],"collection":[{"href":"https:\/\/www.dallassymphony.org\/es\/wp-json\/wp\/v2\/dso_person"}],"about":[{"href":"https:\/\/www.dallassymphony.org\/es\/wp-json\/wp\/v2\/types\/dso_person"}],"version-history":[{"count":0,"href":"https:\/\/www.dallassymphony.org\/es\/wp-json\/wp\/v2\/dso_person\/8330\/revisions"}],"wp:featuredmedia":[{"embeddable":true,"href":"https:\/\/www.dallassymphony.org\/es\/wp-json\/wp\/v2\/media\/30362"}],"wp:attachment":[{"href":"https:\/\/www.dallassymphony.org\/es\/wp-json\/wp\/v2\/media?parent=8330"}],"wp:term":[{"taxonomy":"dso_musician_instrument","embeddable":true,"href":"https:\/\/www.dallassymphony.org\/es\/wp-json\/wp\/v2\/dso_musician_instrument?post=8330"},{"taxonomy":"dso_person_role","embeddable":true,"href":"https:\/\/www.dallassymphony.org\/es\/wp-json\/wp\/v2\/dso_person_role?post=8330"}],"curies":[{"name":"wp","href":"https:\/\/api.w.org\/{rel}","templated":true}]}}