{"id":5602,"date":"2021-03-19T13:17:03","date_gmt":"2021-03-19T18:17:03","guid":{"rendered":"https:\/\/www.dallassymphony.org\/?post_type=dso_person&#038;p=5602"},"modified":"2025-02-27T12:38:57","modified_gmt":"2025-02-27T18:38:57","slug":"marin-alsop","status":"publish","type":"dso_person","link":"https:\/\/www.dallassymphony.org\/es\/people\/marin-alsop\/","title":{"rendered":"Marin Alsop"},"content":{"rendered":"<div class=\"bio__block m-spacer\">\n\t<div class=\"container\">\n\t\t<div class=\"row\">\n\t\t\t<div class=\"col-md-5 position-relative\">\n\t\t\t\t\t\t\t\t<img loading=\"lazy\" decoding=\"async\" width=\"445\" height=\"445\" src=\"https:\/\/www.dallassymphony.org\/wp-content\/uploads\/2021\/03\/Alsop_2024cAndrejGrilc-03-e1740681350918-445x445.jpg\" class=\"d-md-block img-fluid w-100 wp-post-image\" alt=\"\" srcset=\"https:\/\/www.dallassymphony.org\/wp-content\/uploads\/2021\/03\/Alsop_2024cAndrejGrilc-03-e1740681350918-445x445.jpg 445w, https:\/\/www.dallassymphony.org\/wp-content\/uploads\/2021\/03\/Alsop_2024cAndrejGrilc-03-e1740681350918-300x300.jpg 300w, https:\/\/www.dallassymphony.org\/wp-content\/uploads\/2021\/03\/Alsop_2024cAndrejGrilc-03-e1740681350918-1024x1024.jpg 1024w, https:\/\/www.dallassymphony.org\/wp-content\/uploads\/2021\/03\/Alsop_2024cAndrejGrilc-03-e1740681350918-768x768.jpg 768w, https:\/\/www.dallassymphony.org\/wp-content\/uploads\/2021\/03\/Alsop_2024cAndrejGrilc-03-e1740681350918-12x12.jpg 12w, https:\/\/www.dallassymphony.org\/wp-content\/uploads\/2021\/03\/Alsop_2024cAndrejGrilc-03-e1740681350918-150x150.jpg 150w, https:\/\/www.dallassymphony.org\/wp-content\/uploads\/2021\/03\/Alsop_2024cAndrejGrilc-03-e1740681350918-1536x1536.jpg 1536w, https:\/\/www.dallassymphony.org\/wp-content\/uploads\/2021\/03\/Alsop_2024cAndrejGrilc-03-e1740681350918-2048x2048.jpg 2048w, https:\/\/www.dallassymphony.org\/wp-content\/uploads\/2021\/03\/Alsop_2024cAndrejGrilc-03-e1740681350918-262x262.jpg 262w, https:\/\/www.dallassymphony.org\/wp-content\/uploads\/2021\/03\/Alsop_2024cAndrejGrilc-03-e1740681350918-350x350.jpg 350w, https:\/\/www.dallassymphony.org\/wp-content\/uploads\/2021\/03\/Alsop_2024cAndrejGrilc-03-e1740681350918-400x400.jpg 400w, https:\/\/www.dallassymphony.org\/wp-content\/uploads\/2021\/03\/Alsop_2024cAndrejGrilc-03-e1740681350918-600x600.jpg 600w\" sizes=\"auto, (max-width: 445px) 100vw, 445px\" \/>\t\t\t<\/div>\n\t\t\t<div class=\"col-md-7\">\n\t\t\t\t<div class=\"bio__content-wrapper\">\n\t\t\t\t\t<h1>Marin Alsop<\/h1>\n\n                    <div class=\"bio__meta\">\n\t\t\t\t\t<p>Conductor<\/p>\n                    <\/div>\n\n\t\t\t\t\t<p>Marin Alsop, una de las directoras de orquesta m\u00e1s destacadas de nuestro tiempo, es una voz poderosa e inspiradora. Convencida de que la m\u00fasica tiene el poder de cambiar vidas, es reconocida internacionalmente por su innovative enfoque de la programaci\u00f3n y el desarrollo de audiencias, su profundo compromiso con la educaci\u00f3n y su defensa de la importancia de la m\u00fasica en el mundo. Es la primera mujer al frente de grandes orquestas en Estados Unidos, Sudam\u00e9rica, Austria y Gran Breta\u00f1a. <em>New York Times<\/em> no s\u00f3lo \"un m\u00fasico formidable y un poderoso comunicador\", sino tambi\u00e9n \"un director con visi\u00f3n de futuro\".<\/p>\n                    \t\t\t\t\t<a href=\"https:\/\/www.dallassymphony.org\/es\/people\/marin-alsop\/\" class=\"a-hover\">Leer m\u00e1s<\/a>\n                                        <div class=\"share d-flex align-items-center\">\n                        \n                                            <\/div>\n\t\t\t\t<\/div>\n\t\t\t<\/div>\n\t\t<\/div>\n\t<\/div>\n<\/div>","protected":false},"excerpt":{"rendered":"<p>Marin Alsop, una directora de orquesta con visi\u00f3n y distinci\u00f3n, representa una voz poderosa e inspiradora. Convencida de que la m\u00fasica tiene el poder de cambiar vidas, es reconocida internacionalmente por su enfoque innovadorative de la programaci\u00f3n y el desarrollo de la audiencia, su profundo compromiso con la educaci\u00f3n y su defensa de la importancia de la m\u00fasica en el mundo.<\/p>","protected":false},"featured_media":24445,"template":"","dso_musician_instrument":[],"dso_person_role":[55],"class_list":["post-5602","dso_person","type-dso_person","status-publish","has-post-thumbnail","hentry","dso_person_role-conductor"],"acf":[],"_links":{"self":[{"href":"https:\/\/www.dallassymphony.org\/es\/wp-json\/wp\/v2\/dso_person\/5602","targetHints":{"allow":["GET"]}}],"collection":[{"href":"https:\/\/www.dallassymphony.org\/es\/wp-json\/wp\/v2\/dso_person"}],"about":[{"href":"https:\/\/www.dallassymphony.org\/es\/wp-json\/wp\/v2\/types\/dso_person"}],"version-history":[{"count":0,"href":"https:\/\/www.dallassymphony.org\/es\/wp-json\/wp\/v2\/dso_person\/5602\/revisions"}],"wp:featuredmedia":[{"embeddable":true,"href":"https:\/\/www.dallassymphony.org\/es\/wp-json\/wp\/v2\/media\/24445"}],"wp:attachment":[{"href":"https:\/\/www.dallassymphony.org\/es\/wp-json\/wp\/v2\/media?parent=5602"}],"wp:term":[{"taxonomy":"dso_musician_instrument","embeddable":true,"href":"https:\/\/www.dallassymphony.org\/es\/wp-json\/wp\/v2\/dso_musician_instrument?post=5602"},{"taxonomy":"dso_person_role","embeddable":true,"href":"https:\/\/www.dallassymphony.org\/es\/wp-json\/wp\/v2\/dso_person_role?post=5602"}],"curies":[{"name":"wp","href":"https:\/\/api.w.org\/{rel}","templated":true}]}}