{"id":477,"date":"2020-11-05T13:26:09","date_gmt":"2020-11-05T18:26:09","guid":{"rendered":"https:\/\/www.dallassymphony.org\/?post_type=dso_person&#038;p=477"},"modified":"2023-08-29T18:04:45","modified_gmt":"2023-08-29T23:04:45","slug":"david-heyde","status":"publish","type":"dso_person","link":"https:\/\/www.dallassymphony.org\/es\/people\/david-heyde\/","title":{"rendered":"David Heyde"},"content":{"rendered":"<div class=\"hero__no-img bg-blue-8\">\n\t<div class=\"container\">\n\t\t<div class=\"row\">\n\t\t\t<div class=\"col-md-10\">\n\n\t\t\t\t<ul class=\"breadcrumbs\">\n    \t<li class=\"breadcrumb__link\">\n\t\t<a class=\"a-hover\" href=\"https:\/\/www.dallassymphony.org\/es\/\">Inicio<\/a>\n\t<\/li>\n    \t<li class=\"breadcrumb__link a-styles\">\n\t\t<a class=\"a-hover\" href=\"https:\/\/www.dallassymphony.org\/es\/about-the-dso\/\">Sobre el DSO<\/a>\n\t<\/li>\n    \t<li class=\"breadcrumb__link a-styles\">\n\t\t<a class=\"a-hover\" href=\"https:\/\/www.dallassymphony.org\/es\/about-the-dso\/people\/\">Gente<\/a>\n\t<\/li>\n    <\/ul>\n\n                \t\t\t\t<h1>\n                    <span >David Heyde<\/span>\n                <\/h1>\n                \t\t\t<\/div>\n\t\t<\/div>\n\t<\/div>\n<\/div>\n\n\n<div class=\"bio__block m-spacer\">\n\t<div class=\"container\">\n\t\t<div class=\"row\">\n\t\t\t<div class=\"col-md-5 position-relative\">\n\t\t\t\t\t\t\t\t<img loading=\"lazy\" decoding=\"async\" width=\"445\" height=\"445\" src=\"https:\/\/www.dallassymphony.org\/wp-content\/uploads\/2020\/11\/David-Heyde-1-445x445.jpg\" class=\"d-md-block img-fluid w-100 wp-post-image\" alt=\"Director Asociado + Director Interino Horn_Linda VanSickle Chair_Dallas Symphony\" srcset=\"https:\/\/www.dallassymphony.org\/wp-content\/uploads\/2020\/11\/David-Heyde-1-445x445.jpg 445w, https:\/\/www.dallassymphony.org\/wp-content\/uploads\/2020\/11\/David-Heyde-1-300x300.jpg 300w, https:\/\/www.dallassymphony.org\/wp-content\/uploads\/2020\/11\/David-Heyde-1-1024x1024.jpg 1024w, https:\/\/www.dallassymphony.org\/wp-content\/uploads\/2020\/11\/David-Heyde-1-150x150.jpg 150w, https:\/\/www.dallassymphony.org\/wp-content\/uploads\/2020\/11\/David-Heyde-1-768x768.jpg 768w, https:\/\/www.dallassymphony.org\/wp-content\/uploads\/2020\/11\/David-Heyde-1-12x12.jpg 12w, https:\/\/www.dallassymphony.org\/wp-content\/uploads\/2020\/11\/David-Heyde-1-262x262.jpg 262w, https:\/\/www.dallassymphony.org\/wp-content\/uploads\/2020\/11\/David-Heyde-1-350x350.jpg 350w, https:\/\/www.dallassymphony.org\/wp-content\/uploads\/2020\/11\/David-Heyde-1.jpg 1200w\" sizes=\"auto, (max-width: 445px) 100vw, 445px\" \/>\t\t\t<\/div>\n\t\t\t<div class=\"col-md-7\">\n\t\t\t\t<div class=\"bio__content-wrapper\">\n\t\t\t\t\t<h1>David Heyde<\/h1>\n\n                    <div class=\"bio__meta\">\n\t\t\t\t\t<p>Trompa principal asociada<\/p>\n<p>Linda VanSickle Presidente<\/p>\n                    <\/div>\n\n\t\t\t\t\t<p>David Heyde trabaja como trompa principal asociada en la c\u00e1tedra de trompa principal asociada Linda VanSickle de la Orquesta Sinf\u00f3nica de Dallas. Antes de llegar a Dallas en 2003, Heyde trabaj\u00f3 durante dos temporadas como trompa principal de la Orquesta Sinf\u00f3nica de Omaha. Se licenci\u00f3 en m\u00fasica por la Universidad de Baylor y obtuvo un m\u00e1ster en m\u00fasica por la Universidad Metodista del Sur. Heyde ha actuado como solista con las Sinfon\u00edas de Omaha y Waco. Ha asistido a numerosos festivales de m\u00fasica, como los de Aspen, Sarasota, Music Academy of the West, National Repertory Orchestra y Tanglewood.<\/p>\n                    \t\t\t\t\t<a href=\"https:\/\/www.dallassymphony.org\/es\/people\/david-heyde\/\" class=\"a-hover\">Leer m\u00e1s<\/a>\n                                        <div class=\"share d-flex align-items-center\">\n                        \n                                            <\/div>\n\t\t\t\t<\/div>\n\t\t\t<\/div>\n\t\t<\/div>\n\t<\/div>\n<\/div>","protected":false},"excerpt":{"rendered":"<p>David Heyde es el director asociado de trompa en la silla de trompa de Linda VanSickle con la Orquesta Sinf\u00f3nica de Dallas. Antes de venir a Dallas en 2003, Heyde sirvi\u00f3 durante dos temporadas como trompa principal de la Orquesta Sinf\u00f3nica de Omaha.<\/p>","protected":false},"featured_media":1394,"template":"","dso_musician_instrument":[24,25],"dso_person_role":[17],"class_list":["post-477","dso_person","type-dso_person","status-publish","has-post-thumbnail","hentry","dso_musician_instrument-brass","dso_musician_instrument-horn","dso_person_role-musician"],"acf":[],"_links":{"self":[{"href":"https:\/\/www.dallassymphony.org\/es\/wp-json\/wp\/v2\/dso_person\/477","targetHints":{"allow":["GET"]}}],"collection":[{"href":"https:\/\/www.dallassymphony.org\/es\/wp-json\/wp\/v2\/dso_person"}],"about":[{"href":"https:\/\/www.dallassymphony.org\/es\/wp-json\/wp\/v2\/types\/dso_person"}],"version-history":[{"count":0,"href":"https:\/\/www.dallassymphony.org\/es\/wp-json\/wp\/v2\/dso_person\/477\/revisions"}],"wp:featuredmedia":[{"embeddable":true,"href":"https:\/\/www.dallassymphony.org\/es\/wp-json\/wp\/v2\/media\/1394"}],"wp:attachment":[{"href":"https:\/\/www.dallassymphony.org\/es\/wp-json\/wp\/v2\/media?parent=477"}],"wp:term":[{"taxonomy":"dso_musician_instrument","embeddable":true,"href":"https:\/\/www.dallassymphony.org\/es\/wp-json\/wp\/v2\/dso_musician_instrument?post=477"},{"taxonomy":"dso_person_role","embeddable":true,"href":"https:\/\/www.dallassymphony.org\/es\/wp-json\/wp\/v2\/dso_person_role?post=477"}],"curies":[{"name":"wp","href":"https:\/\/api.w.org\/{rel}","templated":true}]}}