{"id":464,"date":"2020-11-05T13:17:17","date_gmt":"2020-11-05T18:17:17","guid":{"rendered":"https:\/\/www.dallassymphony.org\/?post_type=dso_person&#038;p=464"},"modified":"2020-12-31T12:52:54","modified_gmt":"2020-12-31T18:52:54","slug":"ted-soluri","status":"publish","type":"dso_person","link":"https:\/\/www.dallassymphony.org\/es\/people\/ted-soluri\/","title":{"rendered":"Ted Soluri"},"content":{"rendered":"<div class=\"hero__no-img bg-blue-8\">\n\t<div class=\"container\">\n\t\t<div class=\"row\">\n\t\t\t<div class=\"col-md-10\">\n\n\t\t\t\t<ul class=\"breadcrumbs\">\n    \t<li class=\"breadcrumb__link\">\n\t\t<a class=\"a-hover\" href=\"https:\/\/www.dallassymphony.org\/es\/\">Inicio<\/a>\n\t<\/li>\n    \t<li class=\"breadcrumb__link a-styles\">\n\t\t<a class=\"a-hover\" href=\"https:\/\/www.dallassymphony.org\/es\/about-the-dso\/\">Sobre el DSO<\/a>\n\t<\/li>\n    \t<li class=\"breadcrumb__link a-styles\">\n\t\t<a class=\"a-hover\" href=\"https:\/\/www.dallassymphony.org\/es\/about-the-dso\/people\/\">Gente<\/a>\n\t<\/li>\n    <\/ul>\n\n                \t\t\t\t<h1>\n                    <span >Ted Soluri<\/span>\n                <\/h1>\n                \t\t\t<\/div>\n\t\t<\/div>\n\t<\/div>\n<\/div>\n\n\n<div class=\"bio__block m-spacer\">\n\t<div class=\"container\">\n\t\t<div class=\"row\">\n\t\t\t<div class=\"col-md-5 position-relative\">\n\t\t\t\t\t\t\t\t<img loading=\"lazy\" decoding=\"async\" width=\"445\" height=\"445\" src=\"https:\/\/www.dallassymphony.org\/wp-content\/uploads\/2020\/11\/Ted-Soluri-2-445x445.jpg\" class=\"d-md-block img-fluid w-100 wp-post-image\" alt=\"Ted Soluri_Fagot Principal_Irena H Wadel &amp; Robert I Atha Jr Chair_Dallas Symphony\" srcset=\"https:\/\/www.dallassymphony.org\/wp-content\/uploads\/2020\/11\/Ted-Soluri-2-445x445.jpg 445w, https:\/\/www.dallassymphony.org\/wp-content\/uploads\/2020\/11\/Ted-Soluri-2-300x300.jpg 300w, https:\/\/www.dallassymphony.org\/wp-content\/uploads\/2020\/11\/Ted-Soluri-2-1024x1024.jpg 1024w, https:\/\/www.dallassymphony.org\/wp-content\/uploads\/2020\/11\/Ted-Soluri-2-150x150.jpg 150w, https:\/\/www.dallassymphony.org\/wp-content\/uploads\/2020\/11\/Ted-Soluri-2-768x768.jpg 768w, https:\/\/www.dallassymphony.org\/wp-content\/uploads\/2020\/11\/Ted-Soluri-2-12x12.jpg 12w, https:\/\/www.dallassymphony.org\/wp-content\/uploads\/2020\/11\/Ted-Soluri-2-262x262.jpg 262w, https:\/\/www.dallassymphony.org\/wp-content\/uploads\/2020\/11\/Ted-Soluri-2-350x350.jpg 350w, https:\/\/www.dallassymphony.org\/wp-content\/uploads\/2020\/11\/Ted-Soluri-2.jpg 1200w\" sizes=\"auto, (max-width: 445px) 100vw, 445px\" \/>\t\t\t<\/div>\n\t\t\t<div class=\"col-md-7\">\n\t\t\t\t<div class=\"bio__content-wrapper\">\n\t\t\t\t\t<h1>Ted Soluri<\/h1>\n\n                    <div class=\"bio__meta\">\n\t\t\t\t\t<p>Fagot Principal<\/p>\n<p>Irene H. Wadel y Robert I. Atha, Jr. Presidente<\/p>\n                    <\/div>\n\n\t\t\t\t\t<p>Ted Soluri se convirti\u00f3 en fagot principal de la Orquesta Sinf\u00f3nica de Dallas en 2015, en el grupo de Irene H. Wadel y Robert I. Atha, Jr. Chair. Antes de su nombramiento, ocup\u00f3 el mismo puesto en la Orquesta Sinf\u00f3nica de Milwaukee durante 11 a\u00f1os y en la \u00d3pera de Santa Fe durante nueve.<\/p>\n                    \t\t\t\t\t<a href=\"https:\/\/www.dallassymphony.org\/es\/people\/ted-soluri\/\" class=\"a-hover\">Leer m\u00e1s<\/a>\n                                        <div class=\"share d-flex align-items-center\">\n                        \n                                            <\/div>\n\t\t\t\t<\/div>\n\t\t\t<\/div>\n\t\t<\/div>\n\t<\/div>\n<\/div>","protected":false},"excerpt":{"rendered":"<p>Ted Soluri se convirti\u00f3 en el fagot principal de la Orquesta Sinf\u00f3nica de Dallas en 2015, en la c\u00e1tedra Irene H. Wadel &amp; Robert I. Atha, Jr. Chair. Antes de su nombramiento, ocup\u00f3 el mismo cargo en la Orquesta Sinf\u00f3nica de Milwaukee durante 11 a\u00f1os y en la \u00d3pera de Santa Fe durante nueve.<\/p>","protected":false},"featured_media":1344,"template":"","dso_musician_instrument":[20,23],"dso_person_role":[17],"class_list":["post-464","dso_person","type-dso_person","status-publish","has-post-thumbnail","hentry","dso_musician_instrument-woodwind","dso_musician_instrument-bassoon","dso_person_role-musician"],"acf":[],"_links":{"self":[{"href":"https:\/\/www.dallassymphony.org\/es\/wp-json\/wp\/v2\/dso_person\/464","targetHints":{"allow":["GET"]}}],"collection":[{"href":"https:\/\/www.dallassymphony.org\/es\/wp-json\/wp\/v2\/dso_person"}],"about":[{"href":"https:\/\/www.dallassymphony.org\/es\/wp-json\/wp\/v2\/types\/dso_person"}],"version-history":[{"count":0,"href":"https:\/\/www.dallassymphony.org\/es\/wp-json\/wp\/v2\/dso_person\/464\/revisions"}],"wp:featuredmedia":[{"embeddable":true,"href":"https:\/\/www.dallassymphony.org\/es\/wp-json\/wp\/v2\/media\/1344"}],"wp:attachment":[{"href":"https:\/\/www.dallassymphony.org\/es\/wp-json\/wp\/v2\/media?parent=464"}],"wp:term":[{"taxonomy":"dso_musician_instrument","embeddable":true,"href":"https:\/\/www.dallassymphony.org\/es\/wp-json\/wp\/v2\/dso_musician_instrument?post=464"},{"taxonomy":"dso_person_role","embeddable":true,"href":"https:\/\/www.dallassymphony.org\/es\/wp-json\/wp\/v2\/dso_person_role?post=464"}],"curies":[{"name":"wp","href":"https:\/\/api.w.org\/{rel}","templated":true}]}}