{"id":30404,"date":"2026-02-26T10:00:00","date_gmt":"2026-02-26T16:00:00","guid":{"rendered":"https:\/\/www.dallassymphony.org\/?post_type=dso_person&#038;p=30404"},"modified":"2026-02-24T16:38:25","modified_gmt":"2026-02-24T22:38:25","slug":"elim-chan","status":"publish","type":"dso_person","link":"https:\/\/www.dallassymphony.org\/es\/people\/elim-chan\/","title":{"rendered":"Elim Chan"},"content":{"rendered":"<div class=\"bio__block m-spacer\">\n\t<div class=\"container\">\n\t\t<div class=\"row\">\n\t\t\t<div class=\"col-md-5 position-relative\">\n\t\t\t\t\t\t\t\t<img loading=\"lazy\" decoding=\"async\" width=\"445\" height=\"445\" src=\"https:\/\/www.dallassymphony.org\/wp-content\/uploads\/2026\/02\/Elim-Chan-445x445.png\" class=\"d-md-block img-fluid w-100 wp-post-image\" alt=\"\" srcset=\"https:\/\/www.dallassymphony.org\/wp-content\/uploads\/2026\/02\/Elim-Chan-445x445.png 445w, https:\/\/www.dallassymphony.org\/wp-content\/uploads\/2026\/02\/Elim-Chan-300x300.png 300w, https:\/\/www.dallassymphony.org\/wp-content\/uploads\/2026\/02\/Elim-Chan-1024x1024.png 1024w, https:\/\/www.dallassymphony.org\/wp-content\/uploads\/2026\/02\/Elim-Chan-150x150.png 150w, https:\/\/www.dallassymphony.org\/wp-content\/uploads\/2026\/02\/Elim-Chan-768x768.png 768w, https:\/\/www.dallassymphony.org\/wp-content\/uploads\/2026\/02\/Elim-Chan-12x12.png 12w, https:\/\/www.dallassymphony.org\/wp-content\/uploads\/2026\/02\/Elim-Chan-262x262.png 262w, https:\/\/www.dallassymphony.org\/wp-content\/uploads\/2026\/02\/Elim-Chan-350x350.png 350w, https:\/\/www.dallassymphony.org\/wp-content\/uploads\/2026\/02\/Elim-Chan.png 1200w\" sizes=\"auto, (max-width: 445px) 100vw, 445px\" \/>\t\t\t<\/div>\n\t\t\t<div class=\"col-md-7\">\n\t\t\t\t<div class=\"bio__content-wrapper\">\n\t\t\t\t\t<h1>Elim Chan<\/h1>\n\n                    <div class=\"bio__meta\">\n\t\t\t\t\t<p>Conductor<\/p>\n                    <\/div>\n\n\t\t\t\t\t<p>La directora Elim Chan, una de las artistas m\u00e1s solicitadas de su generaci\u00f3n, encarna el esp\u00edritu del liderazgo orquestal contempor\u00e1neo con su precisi\u00f3n cristalina y su entusiasmo expresivo. Fue directora principal de la Orquesta Sinf\u00f3nica de Amberes entre 2019 y 2024 y directora invitada principal de la Orquesta Nacional Real de Escocia entre 2018 y 2023.<\/p>\n                    \t\t\t\t\t<a href=\"https:\/\/www.dallassymphony.org\/es\/people\/elim-chan\/\" class=\"a-hover\">Leer m\u00e1s<\/a>\n                                        <div class=\"share d-flex align-items-center\">\n                        \n                                            <\/div>\n\t\t\t\t<\/div>\n\t\t\t<\/div>\n\t\t<\/div>\n\t<\/div>\n<\/div>","protected":false},"excerpt":{"rendered":"<p>La directora Elim Chan, una de las artistas m\u00e1s solicitadas de su generaci\u00f3n, encarna<br \/>\nel esp\u00edritu del liderazgo orquestal contempor\u00e1neo con su precisi\u00f3n cristalina y su entusiasmo expresivo. Fue directora principal de la Sinf\u00f3nica de Amberes.<br \/>\nOrquesta entre 2019 y 2024 y director invitado principal de la Royal Scottish National Orchestra entre 2018 y 2023.<\/p>","protected":false},"featured_media":30405,"template":"","dso_musician_instrument":[],"dso_person_role":[55],"class_list":["post-30404","dso_person","type-dso_person","status-publish","has-post-thumbnail","hentry","dso_person_role-conductor"],"acf":[],"_links":{"self":[{"href":"https:\/\/www.dallassymphony.org\/es\/wp-json\/wp\/v2\/dso_person\/30404","targetHints":{"allow":["GET"]}}],"collection":[{"href":"https:\/\/www.dallassymphony.org\/es\/wp-json\/wp\/v2\/dso_person"}],"about":[{"href":"https:\/\/www.dallassymphony.org\/es\/wp-json\/wp\/v2\/types\/dso_person"}],"version-history":[{"count":0,"href":"https:\/\/www.dallassymphony.org\/es\/wp-json\/wp\/v2\/dso_person\/30404\/revisions"}],"wp:featuredmedia":[{"embeddable":true,"href":"https:\/\/www.dallassymphony.org\/es\/wp-json\/wp\/v2\/media\/30405"}],"wp:attachment":[{"href":"https:\/\/www.dallassymphony.org\/es\/wp-json\/wp\/v2\/media?parent=30404"}],"wp:term":[{"taxonomy":"dso_musician_instrument","embeddable":true,"href":"https:\/\/www.dallassymphony.org\/es\/wp-json\/wp\/v2\/dso_musician_instrument?post=30404"},{"taxonomy":"dso_person_role","embeddable":true,"href":"https:\/\/www.dallassymphony.org\/es\/wp-json\/wp\/v2\/dso_person_role?post=30404"}],"curies":[{"name":"wp","href":"https:\/\/api.w.org\/{rel}","templated":true}]}}