{"id":25218,"date":"2025-03-07T14:08:43","date_gmt":"2025-03-07T20:08:43","guid":{"rendered":"https:\/\/www.dallassymphony.org\/?post_type=dso_person&#038;p=25218"},"modified":"2025-03-07T14:08:45","modified_gmt":"2025-03-07T20:08:45","slug":"sebastian-weigle","status":"publish","type":"dso_person","link":"https:\/\/www.dallassymphony.org\/es\/people\/sebastian-weigle\/","title":{"rendered":"Sebastian Weigle"},"content":{"rendered":"<div class=\"bio__block m-spacer\">\n\t<div class=\"container\">\n\t\t<div class=\"row\">\n\t\t\t<div class=\"col-md-5 position-relative\">\n\t\t\t\t\t\t\t\t<img loading=\"lazy\" decoding=\"async\" width=\"445\" height=\"445\" src=\"https:\/\/www.dallassymphony.org\/wp-content\/uploads\/2025\/03\/weigle_sebastian_kirsten_bucher_01-e1741378081998-445x445.jpg\" class=\"d-md-block img-fluid w-100 wp-post-image\" alt=\"\" srcset=\"https:\/\/www.dallassymphony.org\/wp-content\/uploads\/2025\/03\/weigle_sebastian_kirsten_bucher_01-e1741378081998-445x445.jpg 445w, https:\/\/www.dallassymphony.org\/wp-content\/uploads\/2025\/03\/weigle_sebastian_kirsten_bucher_01-e1741378081998-300x300.jpg 300w, https:\/\/www.dallassymphony.org\/wp-content\/uploads\/2025\/03\/weigle_sebastian_kirsten_bucher_01-e1741378081998-150x150.jpg 150w, https:\/\/www.dallassymphony.org\/wp-content\/uploads\/2025\/03\/weigle_sebastian_kirsten_bucher_01-e1741378081998-768x768.jpg 768w, https:\/\/www.dallassymphony.org\/wp-content\/uploads\/2025\/03\/weigle_sebastian_kirsten_bucher_01-e1741378081998-12x12.jpg 12w, https:\/\/www.dallassymphony.org\/wp-content\/uploads\/2025\/03\/weigle_sebastian_kirsten_bucher_01-e1741378081998-262x262.jpg 262w, https:\/\/www.dallassymphony.org\/wp-content\/uploads\/2025\/03\/weigle_sebastian_kirsten_bucher_01-e1741378081998-350x350.jpg 350w, https:\/\/www.dallassymphony.org\/wp-content\/uploads\/2025\/03\/weigle_sebastian_kirsten_bucher_01-e1741378081998-400x400.jpg 400w, https:\/\/www.dallassymphony.org\/wp-content\/uploads\/2025\/03\/weigle_sebastian_kirsten_bucher_01-e1741378081998-600x600.jpg 600w, https:\/\/www.dallassymphony.org\/wp-content\/uploads\/2025\/03\/weigle_sebastian_kirsten_bucher_01-e1741378081998.jpg 800w\" sizes=\"auto, (max-width: 445px) 100vw, 445px\" \/>\t\t\t<\/div>\n\t\t\t<div class=\"col-md-7\">\n\t\t\t\t<div class=\"bio__content-wrapper\">\n\t\t\t\t\t<h1>Sebastian Weigle<\/h1>\n\n                    <div class=\"bio__meta\">\n\t\t\t\t\t<p>Conductor<\/p>\n                    <\/div>\n\n\t\t\t\t\t<p>Desde la temporada 2019, Sebastian Weigle es el director principal de la Orquesta Sinf\u00f3nica Yomiuri Nippon de Tokio. En la temporada 2024\/25, dirigir\u00e1 una versi\u00f3n de concierto de \"Wozzeck\" y encabezar\u00e1 una gira europea con obras de Rachmaninoff, Tchaikovsky y Beethoven. Otros conciertos le llevar\u00e1n a la Filarm\u00f3nica de Copenhague, la Staatskapelle Weimar y la Filarm\u00f3nica de Graz. En el mundo de la \u00f3pera, volver\u00e1 a la \u00d3pera Estatal de Baviera para dirigir una nueva producci\u00f3n de \"Die Liebe der Danae\" de Strauss, as\u00ed como las reposiciones de \"Pique Dame\" y \"Lohengrin\".<\/p>\n                    \t\t\t\t\t<a href=\"https:\/\/www.dallassymphony.org\/es\/people\/sebastian-weigle\/\" class=\"a-hover\">Leer m\u00e1s<\/a>\n                                        <div class=\"share d-flex align-items-center\">\n                        \n                                            <\/div>\n\t\t\t\t<\/div>\n\t\t\t<\/div>\n\t\t<\/div>\n\t<\/div>\n<\/div>","protected":false},"excerpt":{"rendered":"<p>Desde la temporada 2019, Sebastian Weigle es el director principal de la Orquesta Sinf\u00f3nica Yomiuri Nippon de Tokio. En la temporada 2024\/25, dirigir\u00e1 una versi\u00f3n de concierto de \"Wozzeck\" y encabezar\u00e1 una gira europea con obras de Rachmaninoff, Chaikovski y Beethoven.<\/p>","protected":false},"featured_media":25220,"template":"","dso_musician_instrument":[],"dso_person_role":[],"class_list":["post-25218","dso_person","type-dso_person","status-publish","has-post-thumbnail","hentry"],"acf":[],"_links":{"self":[{"href":"https:\/\/www.dallassymphony.org\/es\/wp-json\/wp\/v2\/dso_person\/25218","targetHints":{"allow":["GET"]}}],"collection":[{"href":"https:\/\/www.dallassymphony.org\/es\/wp-json\/wp\/v2\/dso_person"}],"about":[{"href":"https:\/\/www.dallassymphony.org\/es\/wp-json\/wp\/v2\/types\/dso_person"}],"version-history":[{"count":0,"href":"https:\/\/www.dallassymphony.org\/es\/wp-json\/wp\/v2\/dso_person\/25218\/revisions"}],"wp:featuredmedia":[{"embeddable":true,"href":"https:\/\/www.dallassymphony.org\/es\/wp-json\/wp\/v2\/media\/25220"}],"wp:attachment":[{"href":"https:\/\/www.dallassymphony.org\/es\/wp-json\/wp\/v2\/media?parent=25218"}],"wp:term":[{"taxonomy":"dso_musician_instrument","embeddable":true,"href":"https:\/\/www.dallassymphony.org\/es\/wp-json\/wp\/v2\/dso_musician_instrument?post=25218"},{"taxonomy":"dso_person_role","embeddable":true,"href":"https:\/\/www.dallassymphony.org\/es\/wp-json\/wp\/v2\/dso_person_role?post=25218"}],"curies":[{"name":"wp","href":"https:\/\/api.w.org\/{rel}","templated":true}]}}