{"id":24894,"date":"2025-03-05T13:19:52","date_gmt":"2025-03-05T19:19:52","guid":{"rendered":"https:\/\/www.dallassymphony.org\/?post_type=dso_person&#038;p=24894"},"modified":"2026-01-05T14:38:23","modified_gmt":"2026-01-05T20:38:23","slug":"ender-thomas","status":"publish","type":"dso_person","link":"https:\/\/www.dallassymphony.org\/es\/people\/ender-thomas\/","title":{"rendered":"Ender Thomas"},"content":{"rendered":"<p><\/p>\n\n\n<div class=\"bio__block m-spacer\">\n\t<div class=\"container\">\n\t\t<div class=\"row\">\n\t\t\t<div class=\"col-md-5 position-relative\">\n\t\t\t\t\t\t\t\t<img loading=\"lazy\" decoding=\"async\" width=\"445\" height=\"445\" src=\"https:\/\/www.dallassymphony.org\/wp-content\/uploads\/2025\/03\/Ender-Thomas-scaled-e1741202347620-445x445.jpg\" class=\"d-md-block img-fluid w-100 wp-post-image\" alt=\"\" srcset=\"https:\/\/www.dallassymphony.org\/wp-content\/uploads\/2025\/03\/Ender-Thomas-scaled-e1741202347620-445x445.jpg 445w, https:\/\/www.dallassymphony.org\/wp-content\/uploads\/2025\/03\/Ender-Thomas-scaled-e1741202347620-300x300.jpg 300w, https:\/\/www.dallassymphony.org\/wp-content\/uploads\/2025\/03\/Ender-Thomas-scaled-e1741202347620-1024x1024.jpg 1024w, https:\/\/www.dallassymphony.org\/wp-content\/uploads\/2025\/03\/Ender-Thomas-scaled-e1741202347620-150x150.jpg 150w, https:\/\/www.dallassymphony.org\/wp-content\/uploads\/2025\/03\/Ender-Thomas-scaled-e1741202347620-768x768.jpg 768w, https:\/\/www.dallassymphony.org\/wp-content\/uploads\/2025\/03\/Ender-Thomas-scaled-e1741202347620-1536x1536.jpg 1536w, https:\/\/www.dallassymphony.org\/wp-content\/uploads\/2025\/03\/Ender-Thomas-scaled-e1741202347620-12x12.jpg 12w, https:\/\/www.dallassymphony.org\/wp-content\/uploads\/2025\/03\/Ender-Thomas-scaled-e1741202347620-262x262.jpg 262w, https:\/\/www.dallassymphony.org\/wp-content\/uploads\/2025\/03\/Ender-Thomas-scaled-e1741202347620-350x350.jpg 350w, https:\/\/www.dallassymphony.org\/wp-content\/uploads\/2025\/03\/Ender-Thomas-scaled-e1741202347620-400x400.jpg 400w, https:\/\/www.dallassymphony.org\/wp-content\/uploads\/2025\/03\/Ender-Thomas-scaled-e1741202347620-600x600.jpg 600w, https:\/\/www.dallassymphony.org\/wp-content\/uploads\/2025\/03\/Ender-Thomas-scaled-e1741202347620.jpg 1706w\" sizes=\"auto, (max-width: 445px) 100vw, 445px\" \/>\t\t\t<\/div>\n\t\t\t<div class=\"col-md-7\">\n\t\t\t\t<div class=\"bio__content-wrapper\">\n\t\t\t\t\t<h1>Ender Thomas<\/h1>\n\n                    <div class=\"bio__meta\">\n\t\t\t\t\t<p>Voces<\/p>\n                    <\/div>\n\n\t\t\t\t\t<p>Nacido en Venezuela, la carrera de Ender como cantante alcanz\u00f3 el estrellato internacional cuando en 2009 fue invitado por el propio Yanni a formar parte de la gira Yanni Voices. Desde entonces Thomas ha compartido escenario, as\u00ed como producido y co-escrito canciones con algunos de los artistas m\u00e1s importantes de Am\u00e9rica Latina como Enrique Iglesias, Ricky Martin, Farruko, Pedro Cap\u00f3 y muchos otros.<\/p>\n                    \t\t\t\t\t<a href=\"https:\/\/www.dallassymphony.org\/es\/people\/ender-thomas\/\" class=\"a-hover\">Leer m\u00e1s<\/a>\n                                        <div class=\"share d-flex align-items-center\">\n                        \n                                            <\/div>\n\t\t\t\t<\/div>\n\t\t\t<\/div>\n\t\t<\/div>\n\t<\/div>\n<\/div>","protected":false},"excerpt":{"rendered":"<p>Nacido en Venezuela, la carrera de Ender como cantante alcanz\u00f3 el estrellato internacional cuando en 2009 fue invitado por el propio Yanni a formar parte de la gira Yanni Voices. Desde entonces Thomas ha compartido escenario, as\u00ed como producido y co-escrito canciones con algunos de los artistas m\u00e1s importantes de Am\u00e9rica Latina como Enrique Iglesias, Ricky Martin, Farruko, Pedro Cap\u00f3 y muchos otros.<\/p>","protected":false},"featured_media":24895,"template":"","dso_musician_instrument":[],"dso_person_role":[],"class_list":["post-24894","dso_person","type-dso_person","status-publish","has-post-thumbnail","hentry"],"acf":[],"_links":{"self":[{"href":"https:\/\/www.dallassymphony.org\/es\/wp-json\/wp\/v2\/dso_person\/24894","targetHints":{"allow":["GET"]}}],"collection":[{"href":"https:\/\/www.dallassymphony.org\/es\/wp-json\/wp\/v2\/dso_person"}],"about":[{"href":"https:\/\/www.dallassymphony.org\/es\/wp-json\/wp\/v2\/types\/dso_person"}],"version-history":[{"count":0,"href":"https:\/\/www.dallassymphony.org\/es\/wp-json\/wp\/v2\/dso_person\/24894\/revisions"}],"wp:featuredmedia":[{"embeddable":true,"href":"https:\/\/www.dallassymphony.org\/es\/wp-json\/wp\/v2\/media\/24895"}],"wp:attachment":[{"href":"https:\/\/www.dallassymphony.org\/es\/wp-json\/wp\/v2\/media?parent=24894"}],"wp:term":[{"taxonomy":"dso_musician_instrument","embeddable":true,"href":"https:\/\/www.dallassymphony.org\/es\/wp-json\/wp\/v2\/dso_musician_instrument?post=24894"},{"taxonomy":"dso_person_role","embeddable":true,"href":"https:\/\/www.dallassymphony.org\/es\/wp-json\/wp\/v2\/dso_person_role?post=24894"}],"curies":[{"name":"wp","href":"https:\/\/api.w.org\/{rel}","templated":true}]}}