{"id":1633,"date":"2020-11-20T13:53:33","date_gmt":"2020-11-20T18:53:33","guid":{"rendered":"https:\/\/www.dallassymphony.org\/?post_type=dso_person&#038;p=1633"},"modified":"2020-12-31T12:28:07","modified_gmt":"2020-12-31T18:28:07","slug":"meredith-kufchak","status":"publish","type":"dso_person","link":"https:\/\/www.dallassymphony.org\/es\/people\/meredith-kufchak\/","title":{"rendered":"Meredith Kufchak"},"content":{"rendered":"<div class=\"hero__no-img bg-blue-8\">\n\t<div class=\"container\">\n\t\t<div class=\"row\">\n\t\t\t<div class=\"col-md-10\">\n\n\t\t\t\t<ul class=\"breadcrumbs\">\n    \t<li class=\"breadcrumb__link\">\n\t\t<a class=\"a-hover\" href=\"https:\/\/www.dallassymphony.org\/es\/\">Inicio<\/a>\n\t<\/li>\n    \t<li class=\"breadcrumb__link a-styles\">\n\t\t<a class=\"a-hover\" href=\"https:\/\/www.dallassymphony.org\/es\/about-the-dso\/\">Sobre el DSO<\/a>\n\t<\/li>\n    \t<li class=\"breadcrumb__link a-styles\">\n\t\t<a class=\"a-hover\" href=\"https:\/\/www.dallassymphony.org\/es\/about-the-dso\/people\/\">Gente<\/a>\n\t<\/li>\n    <\/ul>\n\n                \t\t\t\t<h1>\n                    <span >Meredith Kufchak<\/span>\n                <\/h1>\n                \t\t\t<\/div>\n\t\t<\/div>\n\t<\/div>\n<\/div>\n\n\n<div class=\"bio__block m-spacer\">\n\t<div class=\"container\">\n\t\t<div class=\"row\">\n\t\t\t<div class=\"col-md-5 position-relative\">\n\t\t\t\t\t\t\t\t<img loading=\"lazy\" decoding=\"async\" width=\"445\" height=\"445\" src=\"https:\/\/www.dallassymphony.org\/wp-content\/uploads\/2020\/11\/Meredith-Kufchak-445x445.jpg\" class=\"d-md-block img-fluid w-100 wp-post-image\" alt=\"Meredith Kufchak, Directora de Viola, Hortense y Lawrence S. Pollock, Presidente de la Sinf\u00f3nica de Dallas.\" srcset=\"https:\/\/www.dallassymphony.org\/wp-content\/uploads\/2020\/11\/Meredith-Kufchak-445x445.jpg 445w, https:\/\/www.dallassymphony.org\/wp-content\/uploads\/2020\/11\/Meredith-Kufchak-300x300.jpg 300w, https:\/\/www.dallassymphony.org\/wp-content\/uploads\/2020\/11\/Meredith-Kufchak-1024x1024.jpg 1024w, https:\/\/www.dallassymphony.org\/wp-content\/uploads\/2020\/11\/Meredith-Kufchak-150x150.jpg 150w, https:\/\/www.dallassymphony.org\/wp-content\/uploads\/2020\/11\/Meredith-Kufchak-768x768.jpg 768w, https:\/\/www.dallassymphony.org\/wp-content\/uploads\/2020\/11\/Meredith-Kufchak-12x12.jpg 12w, https:\/\/www.dallassymphony.org\/wp-content\/uploads\/2020\/11\/Meredith-Kufchak-262x262.jpg 262w, https:\/\/www.dallassymphony.org\/wp-content\/uploads\/2020\/11\/Meredith-Kufchak-350x350.jpg 350w, https:\/\/www.dallassymphony.org\/wp-content\/uploads\/2020\/11\/Meredith-Kufchak.jpg 1200w\" sizes=\"auto, (max-width: 445px) 100vw, 445px\" \/>\t\t\t<\/div>\n\t\t\t<div class=\"col-md-7\">\n\t\t\t\t<div class=\"bio__content-wrapper\">\n\t\t\t\t\t<h1>Meredith Kufchak<\/h1>\n\n                    <div class=\"bio__meta\">\n\t\t\t\t\t<p>Directora Viola<\/p>\n<p>Hortense &amp; Lawrence S. Pollock Chair<\/p>\n                    <\/div>\n\n\t\t\t\t\t<p>Meredith Kufchak se uni\u00f3 a la Orquesta Sinf\u00f3nica de Dallas como viola principal en 2019. Antes de su traslado a Dallas, pas\u00f3 una temporada como miembro de la Orquesta Sinf\u00f3nica de Pittsburgh. Nacida en el seno de una familia de m\u00fasicos de gran talento, la Sra. Kufchak creci\u00f3 en Columbus, Ohio, como la m\u00e1s joven de seis m\u00fasicos. Complet\u00f3 sus estudios de interpretaci\u00f3n de viola en la Universidad de Rice, donde estudi\u00f3 con Ivo-Jan van der Werff en la Escuela de M\u00fasica Shepherd. La Sra. Kufchak obtuvo un m\u00e1ster en interpretaci\u00f3n de m\u00fasica de c\u00e1mara en el Conservatorio de M\u00fasica de San Francisco, donde estudi\u00f3 con Jodi Levitz. Kufchak tambi\u00e9n tiene un diploma de artista de la Orquesta de la Academia de San Francisco, donde estudi\u00f3 con el violista de la Sinf\u00f3nica de San Francisco Matthew Young. Mientras viv\u00eda en la zona de la bah\u00eda, ocup\u00f3 puestos en la Filarm\u00f3nica de Fresno como viola principal, en la Sinf\u00f3nica de Santa Rosa y actu\u00f3 frecuentemente con la Sinf\u00f3nica de San Francisco. La Sra. Kufchak ha actuado en festivales como Yellow Barn, Sun Valley Music Festival, Olympic Music Festival y Tanglewood Music Center.<\/p>\n                    \t\t\t\t\t<a href=\"https:\/\/www.dallassymphony.org\/es\/people\/meredith-kufchak\/\" class=\"a-hover\">Leer m\u00e1s<\/a>\n                                        <div class=\"share d-flex align-items-center\">\n                        \n                                            <\/div>\n\t\t\t\t<\/div>\n\t\t\t<\/div>\n\t\t<\/div>\n\t<\/div>\n<\/div>","protected":false},"excerpt":{"rendered":"<p>Meredith Kufchak se uni\u00f3 a la Orquesta Sinf\u00f3nica de Dallas como viola principal en 2019. Antes de mudarse a Dallas, pas\u00f3 una temporada como miembro de la Orquesta Sinf\u00f3nica de Pittsburgh.<\/p>","protected":false},"featured_media":1456,"template":"","dso_musician_instrument":[26,15],"dso_person_role":[17],"class_list":["post-1633","dso_person","type-dso_person","status-publish","has-post-thumbnail","hentry","dso_musician_instrument-viola","dso_musician_instrument-strings","dso_person_role-musician"],"acf":[],"_links":{"self":[{"href":"https:\/\/www.dallassymphony.org\/es\/wp-json\/wp\/v2\/dso_person\/1633","targetHints":{"allow":["GET"]}}],"collection":[{"href":"https:\/\/www.dallassymphony.org\/es\/wp-json\/wp\/v2\/dso_person"}],"about":[{"href":"https:\/\/www.dallassymphony.org\/es\/wp-json\/wp\/v2\/types\/dso_person"}],"version-history":[{"count":0,"href":"https:\/\/www.dallassymphony.org\/es\/wp-json\/wp\/v2\/dso_person\/1633\/revisions"}],"wp:featuredmedia":[{"embeddable":true,"href":"https:\/\/www.dallassymphony.org\/es\/wp-json\/wp\/v2\/media\/1456"}],"wp:attachment":[{"href":"https:\/\/www.dallassymphony.org\/es\/wp-json\/wp\/v2\/media?parent=1633"}],"wp:term":[{"taxonomy":"dso_musician_instrument","embeddable":true,"href":"https:\/\/www.dallassymphony.org\/es\/wp-json\/wp\/v2\/dso_musician_instrument?post=1633"},{"taxonomy":"dso_person_role","embeddable":true,"href":"https:\/\/www.dallassymphony.org\/es\/wp-json\/wp\/v2\/dso_person_role?post=1633"}],"curies":[{"name":"wp","href":"https:\/\/api.w.org\/{rel}","templated":true}]}}