{"id":13745,"date":"2023-08-14T12:37:48","date_gmt":"2023-08-14T17:37:48","guid":{"rendered":"https:\/\/www.dallassymphony.org\/?post_type=dso_person&#038;p=13745"},"modified":"2025-01-27T13:34:54","modified_gmt":"2025-01-27T19:34:54","slug":"sarah-sung","status":"publish","type":"dso_person","link":"https:\/\/www.dallassymphony.org\/es\/people\/sarah-sung\/","title":{"rendered":"Sarah Sung"},"content":{"rendered":"<div class=\"hero__no-img bg-blue-8\">\n\t<div class=\"container\">\n\t\t<div class=\"row\">\n\t\t\t<div class=\"col-md-10\">\n\n\t\t\t\t<ul class=\"breadcrumbs\">\n    \t<li class=\"breadcrumb__link\">\n\t\t<a class=\"a-hover\" href=\"https:\/\/www.dallassymphony.org\/es\/\">Inicio<\/a>\n\t<\/li>\n    \t<li class=\"breadcrumb__link a-styles\">\n\t\t<a class=\"a-hover\" href=\"https:\/\/www.dallassymphony.org\/es\/about-the-dso\/\">Sobre el DSO<\/a>\n\t<\/li>\n    \t<li class=\"breadcrumb__link a-styles\">\n\t\t<a class=\"a-hover\" href=\"https:\/\/www.dallassymphony.org\/es\/about-the-dso\/people\/\">Gente<\/a>\n\t<\/li>\n    <\/ul>\n\n                \t\t\t\t<h1>\n                    <span >Sarah Sung<\/span>\n                <\/h1>\n                \t\t\t<\/div>\n\t\t<\/div>\n\t<\/div>\n<\/div>\n\n\n<div class=\"bio__block m-spacer\">\n\t<div class=\"container\">\n\t\t<div class=\"row\">\n\t\t\t<div class=\"col-md-5 position-relative\">\n\t\t\t\t\t\t\t\t<img loading=\"lazy\" decoding=\"async\" width=\"445\" height=\"445\" src=\"https:\/\/www.dallassymphony.org\/wp-content\/uploads\/2023\/08\/Sarah-Sung-Canva-edited-445x445.png\" class=\"d-md-block img-fluid w-100 wp-post-image\" alt=\"\" srcset=\"https:\/\/www.dallassymphony.org\/wp-content\/uploads\/2023\/08\/Sarah-Sung-Canva-edited-445x445.png 445w, https:\/\/www.dallassymphony.org\/wp-content\/uploads\/2023\/08\/Sarah-Sung-Canva-edited-300x300.png 300w, https:\/\/www.dallassymphony.org\/wp-content\/uploads\/2023\/08\/Sarah-Sung-Canva-edited-1024x1024.png 1024w, https:\/\/www.dallassymphony.org\/wp-content\/uploads\/2023\/08\/Sarah-Sung-Canva-edited-150x150.png 150w, https:\/\/www.dallassymphony.org\/wp-content\/uploads\/2023\/08\/Sarah-Sung-Canva-edited-768x768.png 768w, https:\/\/www.dallassymphony.org\/wp-content\/uploads\/2023\/08\/Sarah-Sung-Canva-edited-12x12.png 12w, https:\/\/www.dallassymphony.org\/wp-content\/uploads\/2023\/08\/Sarah-Sung-Canva-edited-262x262.png 262w, https:\/\/www.dallassymphony.org\/wp-content\/uploads\/2023\/08\/Sarah-Sung-Canva-edited-350x350.png 350w, https:\/\/www.dallassymphony.org\/wp-content\/uploads\/2023\/08\/Sarah-Sung-Canva-edited.png 1080w\" sizes=\"auto, (max-width: 445px) 100vw, 445px\" \/>\t\t\t<\/div>\n\t\t\t<div class=\"col-md-7\">\n\t\t\t\t<div class=\"bio__content-wrapper\">\n\t\t\t\t\t<h1>Sarah Sung<\/h1>\n\n                    <div class=\"bio__meta\">\n\t\t\t\t\t<p>La directora asociada Viola<\/p>\n                    <\/div>\n\n\t\t\t\t\t<p>La violista australiano-coreana Sarah Sung se incorpor\u00f3 a la DSO como viola principal asociada en septiembre de 2023.<\/p>\n                    \t\t\t\t\t<a href=\"https:\/\/www.dallassymphony.org\/es\/people\/sarah-sung\/\" class=\"a-hover\">Leer m\u00e1s<\/a>\n                                        <div class=\"share d-flex align-items-center\">\n                        \n                                            <\/div>\n\t\t\t\t<\/div>\n\t\t\t<\/div>\n\t\t<\/div>\n\t<\/div>\n<\/div>","protected":false},"excerpt":{"rendered":"<p>La violista australiano-coreana Sarah Sung es la ganadora del Primer Premio del Concurso del Club de Mujeres M\u00fasicas 2023 de Chicago, y ganadora del Concurso de Conciertos NSW de Australia haciendo su debut de doble concierto a los 12 a\u00f1os, con su hermana violista, Lisa. Sarah lleva la m\u00fasica m\u00e1s all\u00e1 de los escenarios del Carnegie Hall y la \u00d3pera de S\u00eddney, viajando por todo el mundo a comunidades diversas y marginadas desde los ocho a\u00f1os.<\/p>","protected":false},"featured_media":14741,"template":"","dso_musician_instrument":[],"dso_person_role":[17],"class_list":["post-13745","dso_person","type-dso_person","status-publish","has-post-thumbnail","hentry","dso_person_role-musician"],"acf":[],"_links":{"self":[{"href":"https:\/\/www.dallassymphony.org\/es\/wp-json\/wp\/v2\/dso_person\/13745","targetHints":{"allow":["GET"]}}],"collection":[{"href":"https:\/\/www.dallassymphony.org\/es\/wp-json\/wp\/v2\/dso_person"}],"about":[{"href":"https:\/\/www.dallassymphony.org\/es\/wp-json\/wp\/v2\/types\/dso_person"}],"version-history":[{"count":0,"href":"https:\/\/www.dallassymphony.org\/es\/wp-json\/wp\/v2\/dso_person\/13745\/revisions"}],"wp:featuredmedia":[{"embeddable":true,"href":"https:\/\/www.dallassymphony.org\/es\/wp-json\/wp\/v2\/media\/14741"}],"wp:attachment":[{"href":"https:\/\/www.dallassymphony.org\/es\/wp-json\/wp\/v2\/media?parent=13745"}],"wp:term":[{"taxonomy":"dso_musician_instrument","embeddable":true,"href":"https:\/\/www.dallassymphony.org\/es\/wp-json\/wp\/v2\/dso_musician_instrument?post=13745"},{"taxonomy":"dso_person_role","embeddable":true,"href":"https:\/\/www.dallassymphony.org\/es\/wp-json\/wp\/v2\/dso_person_role?post=13745"}],"curies":[{"name":"wp","href":"https:\/\/api.w.org\/{rel}","templated":true}]}}