{"id":10173,"date":"2022-10-31T10:27:04","date_gmt":"2022-10-31T15:27:04","guid":{"rendered":"https:\/\/www.dallassymphony.org\/?post_type=dso_person&#038;p=10173"},"modified":"2022-10-31T10:28:12","modified_gmt":"2022-10-31T15:28:12","slug":"ferdinando-sulla","status":"publish","type":"dso_person","link":"https:\/\/www.dallassymphony.org\/es\/people\/ferdinando-sulla\/","title":{"rendered":"Ferdinando Sulla"},"content":{"rendered":"<div class=\"hero__no-img bg-blue-8\">\n\t<div class=\"container\">\n\t\t<div class=\"row\">\n\t\t\t<div class=\"col-md-10\">\n\n\t\t\t\t<ul class=\"breadcrumbs\">\n    \t<li class=\"breadcrumb__link\">\n\t\t<a class=\"a-hover\" href=\"https:\/\/www.dallassymphony.org\/es\/\">Inicio<\/a>\n\t<\/li>\n    \t<li class=\"breadcrumb__link a-styles\">\n\t\t<a class=\"a-hover\" href=\"https:\/\/www.dallassymphony.org\/es\/about-the-dso\/\">Sobre el DSO<\/a>\n\t<\/li>\n    \t<li class=\"breadcrumb__link a-styles\">\n\t\t<a class=\"a-hover\" href=\"https:\/\/www.dallassymphony.org\/es\/about-the-dso\/people\/\">Gente<\/a>\n\t<\/li>\n    <\/ul>\n\n                \t\t\t\t<h1>\n                    <span >Ferdinando Sulla<\/span>\n                <\/h1>\n                \t\t\t<\/div>\n\t\t<\/div>\n\t<\/div>\n<\/div>\n\n\n<div class=\"bio__block m-spacer\">\n\t<div class=\"container\">\n\t\t<div class=\"row\">\n\t\t\t<div class=\"col-md-5 position-relative\">\n\t\t\t\t\t\t\t\t<img loading=\"lazy\" decoding=\"async\" width=\"445\" height=\"445\" src=\"https:\/\/www.dallassymphony.org\/wp-content\/uploads\/2022\/10\/2223-People-1200x1200-11-445x445.jpg\" class=\"d-md-block img-fluid w-100 wp-post-image\" alt=\"\" srcset=\"https:\/\/www.dallassymphony.org\/wp-content\/uploads\/2022\/10\/2223-People-1200x1200-11-445x445.jpg 445w, https:\/\/www.dallassymphony.org\/wp-content\/uploads\/2022\/10\/2223-People-1200x1200-11-300x300.jpg 300w, https:\/\/www.dallassymphony.org\/wp-content\/uploads\/2022\/10\/2223-People-1200x1200-11-1024x1024.jpg 1024w, https:\/\/www.dallassymphony.org\/wp-content\/uploads\/2022\/10\/2223-People-1200x1200-11-150x150.jpg 150w, https:\/\/www.dallassymphony.org\/wp-content\/uploads\/2022\/10\/2223-People-1200x1200-11-768x768.jpg 768w, https:\/\/www.dallassymphony.org\/wp-content\/uploads\/2022\/10\/2223-People-1200x1200-11-12x12.jpg 12w, https:\/\/www.dallassymphony.org\/wp-content\/uploads\/2022\/10\/2223-People-1200x1200-11-262x262.jpg 262w, https:\/\/www.dallassymphony.org\/wp-content\/uploads\/2022\/10\/2223-People-1200x1200-11-350x350.jpg 350w, https:\/\/www.dallassymphony.org\/wp-content\/uploads\/2022\/10\/2223-People-1200x1200-11.jpg 1200w\" sizes=\"auto, (max-width: 445px) 100vw, 445px\" \/>\t\t\t<\/div>\n\t\t\t<div class=\"col-md-7\">\n\t\t\t\t<div class=\"bio__content-wrapper\">\n\t\t\t\t\t<h1>Ferdinando Sulla<\/h1>\n\n                    <div class=\"bio__meta\">\n\t\t\t\t\t<p>Director de coro invitado<\/p>\n                    <\/div>\n\n\t\t\t\t\t<p>Ferdinando Sulla estudi\u00f3 \u00f3rgano y composici\u00f3n en el Conservatorio \"S. Giacomantonio\" de Cosenza (Italia) y profundiza sus estudios de composici\u00f3n y orquestaci\u00f3n en Mil\u00e1n con el compositor Giampaolo Testoni. Se grad\u00faa con matr\u00edcula de honor en m\u00fasica coral y direcci\u00f3n coral, en el Conservatorio \"S. Giacomantonio\" de Cosenza y en direcci\u00f3n orquestal en la \"Civica Scuola di Musica Claudio Abbado\" de Mil\u00e1n. Posteriormente, profundiza sus estudios de direcci\u00f3n con Gilberto Serembe en la Academia Italiana de Direcci\u00f3n.<\/p>\n                    \t\t\t\t\t<a href=\"https:\/\/www.dallassymphony.org\/es\/people\/ferdinando-sulla\/\" class=\"a-hover\">Leer m\u00e1s<\/a>\n                                        <div class=\"share d-flex align-items-center\">\n                        \n                                            <\/div>\n\t\t\t\t<\/div>\n\t\t\t<\/div>\n\t\t<\/div>\n\t<\/div>\n<\/div>","protected":false},"excerpt":{"rendered":"<p>Ferdinando Sulla estudi\u00f3 \u00f3rgano y composici\u00f3n en el Conservatorio \"S. Giacomantonio\" de Cosenza (Italia) y profundiza sus estudios de composici\u00f3n y orquestaci\u00f3n en Mil\u00e1n con el compositor Giampaolo Testoni.<\/p>","protected":false},"featured_media":10172,"template":"","dso_musician_instrument":[],"dso_person_role":[55,29],"class_list":["post-10173","dso_person","type-dso_person","status-publish","has-post-thumbnail","hentry","dso_person_role-conductor","dso_person_role-guest-artist"],"acf":[],"_links":{"self":[{"href":"https:\/\/www.dallassymphony.org\/es\/wp-json\/wp\/v2\/dso_person\/10173","targetHints":{"allow":["GET"]}}],"collection":[{"href":"https:\/\/www.dallassymphony.org\/es\/wp-json\/wp\/v2\/dso_person"}],"about":[{"href":"https:\/\/www.dallassymphony.org\/es\/wp-json\/wp\/v2\/types\/dso_person"}],"version-history":[{"count":0,"href":"https:\/\/www.dallassymphony.org\/es\/wp-json\/wp\/v2\/dso_person\/10173\/revisions"}],"wp:featuredmedia":[{"embeddable":true,"href":"https:\/\/www.dallassymphony.org\/es\/wp-json\/wp\/v2\/media\/10172"}],"wp:attachment":[{"href":"https:\/\/www.dallassymphony.org\/es\/wp-json\/wp\/v2\/media?parent=10173"}],"wp:term":[{"taxonomy":"dso_musician_instrument","embeddable":true,"href":"https:\/\/www.dallassymphony.org\/es\/wp-json\/wp\/v2\/dso_musician_instrument?post=10173"},{"taxonomy":"dso_person_role","embeddable":true,"href":"https:\/\/www.dallassymphony.org\/es\/wp-json\/wp\/v2\/dso_person_role?post=10173"}],"curies":[{"name":"wp","href":"https:\/\/api.w.org\/{rel}","templated":true}]}}